{"id":4740,"date":"2026-04-22T14:13:52","date_gmt":"2026-04-22T12:13:52","guid":{"rendered":"https:\/\/stadtm.de\/Bad_Belzig\/?page_id=4740"},"modified":"2026-04-22T14:29:50","modified_gmt":"2026-04-22T12:29:50","slug":"kommunal","status":"publish","type":"page","link":"https:\/\/stadtm.de\/Bad_Belzig\/kommunal\/","title":{"rendered":"Stadtplan und Stadtmagazin &#8211; Kommunal"},"content":{"rendered":"\t\t<div data-elementor-type=\"wp-page\" data-elementor-id=\"4740\" class=\"elementor elementor-4740\">\n\t\t\t\t\t\t<section class=\"elementor-section elementor-top-section elementor-element elementor-element-2woam06 elementor-section-content-middle elementor-section-boxed elementor-section-height-default elementor-section-height-default\" data-id=\"2woam06\" data-element_type=\"section\" data-e-type=\"section\" data-settings=\"{&quot;background_background&quot;:&quot;classic&quot;}\">\n\t\t\t\t\t\t\t<div class=\"elementor-background-overlay\"><\/div>\n\t\t\t\t\t\t\t<div class=\"elementor-container elementor-column-gap-no\">\n\t\t\t\t\t<div class=\"elementor-column elementor-col-100 elementor-top-column elementor-element elementor-element-9b1306f\" data-id=\"9b1306f\" data-element_type=\"column\" data-e-type=\"column\">\n\t\t\t<div class=\"elementor-widget-wrap elementor-element-populated\">\n\t\t\t\t\t\t<div class=\"elementor-element elementor-element-cc73ae3 elementor-widget elementor-widget-heading\" data-id=\"cc73ae3\" data-element_type=\"widget\" data-e-type=\"widget\" data-widget_type=\"heading.default\">\n\t\t\t\t<div class=\"elementor-widget-container\">\n\t\t\t\t\t<h2 class=\"elementor-heading-title elementor-size-default\">Bad Belzig<\/h2>\t\t\t\t<\/div>\n\t\t\t\t<\/div>\n\t\t\t\t<div class=\"elementor-element elementor-element-83b0b8f elementor-widget elementor-widget-text-editor\" data-id=\"83b0b8f\" data-element_type=\"widget\" data-e-type=\"widget\" data-widget_type=\"text-editor.default\">\n\t\t\t\t<div class=\"elementor-widget-container\">\n\t\t\t\t\t\t\t\t\t<p style=\"text-align: center;\"><span style=\"color: #ffffff; font-size: 24pt;\"><strong>Stadt<em>M<\/em> \u2013 Stadtplan und Stadtmagazin<\/strong><\/span><\/p>\t\t\t\t\t\t\t\t<\/div>\n\t\t\t\t<\/div>\n\t\t\t\t<div class=\"elementor-element elementor-element-b39a53b elementor-widget elementor-widget-text-editor\" data-id=\"b39a53b\" data-element_type=\"widget\" data-e-type=\"widget\" data-widget_type=\"text-editor.default\">\n\t\t\t\t<div class=\"elementor-widget-container\">\n\t\t\t\t\t\t\t\t\t<p style=\"text-align: center;\"><span style=\"font-size: 18pt;\"><strong><span style=\"color: #ffffff;\">HANDWERK &#8211; MENSCHEN &#8211; REGION &#8211; KULTUR<\/span><\/strong><\/span><\/p>\t\t\t\t\t\t\t\t<\/div>\n\t\t\t\t<\/div>\n\t\t\t\t<div class=\"elementor-element elementor-element-b178051 elementor-align-center elementor-widget elementor-widget-button\" data-id=\"b178051\" data-element_type=\"widget\" data-e-type=\"widget\" data-widget_type=\"button.default\">\n\t\t\t\t<div class=\"elementor-widget-container\">\n\t\t\t\t\t\t\t\t\t<div class=\"elementor-button-wrapper\">\n\t\t\t\t\t<a class=\"elementor-button elementor-button-link elementor-size-sm\" href=\"https:\/\/stadtm.de\/Bad_Belzig\/\">\n\t\t\t\t\t\t<span class=\"elementor-button-content-wrapper\">\n\t\t\t\t\t\t\t\t\t<span class=\"elementor-button-text\">Zur \u00dcbersicht<\/span>\n\t\t\t\t\t<\/span>\n\t\t\t\t\t<\/a>\n\t\t\t\t<\/div>\n\t\t\t\t\t\t\t\t<\/div>\n\t\t\t\t<\/div>\n\t\t\t\t<div class=\"elementor-element elementor-element-1ad38d2 elementor-widget elementor-widget-shortcode\" data-id=\"1ad38d2\" data-element_type=\"widget\" data-e-type=\"widget\" data-widget_type=\"shortcode.default\">\n\t\t\t\t<div class=\"elementor-widget-container\">\n\t\t\t\t\t\t\t<div class=\"elementor-shortcode\">\r\n<div class=\"mylisting-basic-form text-center\" :class=\"tabMode==='dark'?'featured-light':tabMode\"\r\n\tdata-listing-types=\"{&quot;place-2&quot;:{&quot;id&quot;:3385,&quot;name&quot;:&quot;Kommunales&quot;,&quot;icon&quot;:&quot;\\t\\t\\t&lt;i class=\\&quot;mi location_city\\&quot;&gt;&lt;\\\/i&gt;\\r\\n\\t\\t&quot;,&quot;slug&quot;:&quot;place-2&quot;,&quot;filters&quot;:{&quot;search_keywords&quot;:&quot;&quot;,&quot;category&quot;:&quot;&quot;},&quot;submit_to&quot;:&quot;&quot;}}\"\r\n\tdata-config=\"{&quot;form_id&quot;:&quot;sform-mAkKq&quot;,&quot;tabs_mode&quot;:&quot;light&quot;,&quot;types_display&quot;:&quot;tabs&quot;,&quot;box_shadow&quot;:true,&quot;target_url&quot;:&quot;https:\\\/\\\/stadtm.de\\\/Bad_Belzig\\\/explore\\\/&quot;}\"\r\n\tv-cloak>\r\n\t<div class=\"featured-search wide\">\r\n\t\t<div class=\"fs-tabs\">\r\n\t\t\t\t\t\t\t<ul class=\"nav nav-tabs cts-carousel no-list-style\" role=\"tablist\">\r\n\t\t\t\t\t<li v-for=\"listingType, key in types\" role=\"presentation\" :class=\"activeType.id===listingType.id?'active':''\">\r\n\t\t\t\t\t\t<a role=\"tab\" @click=\"activeType=listingType\">\r\n\t\t\t\t\t\t\t<div class=\"lt-icon\" v-html=\"listingType.icon\"><\/div>\r\n\t\t\t\t\t\t\t{{ listingType.name }}\r\n\t\t\t\t\t\t<\/a>\r\n\t\t\t\t\t<\/li>\r\n\t\t\t\t\t<li role=\"presentation\" class=\"cts-prev\">prev<\/li>\r\n\t\t\t\t\t<li role=\"presentation\" class=\"cts-next\">next<\/li>\r\n\t\t\t\t<\/ul>\r\n\t\t\t\r\n\t\t\t<div class=\"tab-content\" :class=\"boxShadow?'add-box-shadow':''\">\r\n\t\t\t\t\t\t\t\t\t<div role=\"tabpanel\" class=\"tab-pane fade in filter-count-3\"\r\n\t\t\t\t\t\t:class=\"activeType.id===3385?'active':''\">\r\n\r\n\t\t\t\t\t\t<form method=\"GET\">\r\n\t\t\t\t\t\t\t\r\n\t\t\t\t\t\t\t\t\t\t\t\t\t\t\t\t\t\t\t\t\t\t\t\r\n<wp-search-filter\r\n    listing-type=\"place-2\"\r\n    filter-key=\"search_keywords\"\r\n    location=\"basic-form\"\r\n    label=\"Suchen\"\r\n    @input=\"filterChanged\"\r\n    inline-template\r\n>\r\n    <div v-if=\"location === 'primary-filter'\" class=\"explore-head-search\">\r\n        <i class=\"mi search\"><\/i>\r\n        <input required ref=\"input\" type=\"text\" :placeholder=\"label\"\r\n            :value=\"filters[filterKey]\" @input=\"updateInput\">\r\n    <\/div>\r\n    <div v-else class=\"form-group explore-filter wp-search-filter md-group\">\r\n        <input :aria-label=\"label\" required ref=\"input\" type=\"text\"\r\n            :value=\"filters[filterKey]\" @input=\"updateInput\">\r\n        <label>{{label}}<\/label>\r\n    <\/div>\r\n<\/wp-search-filter>\r\n\t\t\t\t\t\t\t\t\t\t\t\t\t\t\t\t\t\t\t\t\t\t\t\r\n<dropdown-hierarchy-filter\r\n    listing-type=\"place-2\"\r\n    filter-key=\"category\"\r\n    location=\"basic-form\"\r\n    label=\"Kategorie\"\r\n    pre-selected=\"[]\"\r\n    ajax-params=\"{&quot;taxonomy&quot;:&quot;job_listing_category&quot;,&quot;listing-type-id&quot;:3385,&quot;orderby&quot;:&quot;count&quot;,&quot;order&quot;:&quot;DESC&quot;,&quot;hide_empty&quot;:&quot;yes&quot;,&quot;term-value&quot;:&quot;slug&quot;,&quot;parent&quot;:0}\"\r\n    @input=\"filterChanged\"\r\n    inline-template\r\n>\r\n    <div class=\"cts-term-hierarchy form-group md-group\">\r\n        <input type=\"text\" required ref=\"input\" data-placeholder=\" \"\r\n            class=\"hide\"\r\n            :data-template=\"location==='advanced-form'?'default':'alternate'\"\r\n            :data-selected=\"preSelected\"\r\n            :data-mylisting-ajax-params=\"ajaxParams\"\r\n            @termhierarchy:change=\"handleChange\"\r\n        >\r\n        <label>{{label}}<\/label>\r\n    <\/div>\r\n<\/dropdown-hierarchy-filter>\t\t\t\t\t\t\t\r\n\t\t\t\t\t\t\t<div class=\"form-group\">\r\n\t\t\t\t\t\t\t\t<button class=\"buttons button-2 search\" @click.prevent=\"submit\">\r\n\t\t\t\t\t\t\t\t\t<i class=\"mi search\"><\/i>\r\n\t\t\t\t\t\t\t\t\tSuchen\t\t\t\t\t\t\t\t<\/button>\r\n\t\t\t\t\t\t\t<\/div>\r\n\t\t\t\t\t\t<\/form>\r\n\t\t\t\t\t<\/div>\r\n\t\t\t\t\t\t\t<\/div>\r\n\t\t<\/div>\r\n\t<\/div>\r\n<\/div>\r\n\r\n<\/div>\n\t\t\t\t\t\t<\/div>\n\t\t\t\t<\/div>\n\t\t\t\t\t<\/div>\n\t\t<\/div>\n\t\t\t\t\t<\/div>\n\t\t<\/section>\n\t\t<div class=\"elementor-element elementor-element-73a7a28 e-con-full e-flex e-con e-parent\" data-id=\"73a7a28\" data-element_type=\"container\" data-e-type=\"container\">\n\t\t\t\t<div class=\"elementor-element elementor-element-b285c4e elementor-widget__width-inherit elementor-widget elementor-widget-case27-map-widget\" data-id=\"b285c4e\" data-element_type=\"widget\" data-e-type=\"widget\" data-widget_type=\"case27-map-widget.default\">\n\t\t\t\t<div class=\"elementor-widget-container\">\n\t\t\t\t\t\r\n\t<section class=\"contact-map\" id=\"section__69f2279cd1425\">\r\n\t\t<div class=\"c27-map map\" data-options=\"{&quot;items_type&quot;:&quot;listings&quot;,&quot;zoom&quot;:8,&quot;skin&quot;:&quot;skin&quot;,&quot;marker_type&quot;:&quot;basic&quot;,&quot;locations&quot;:[{&quot;_id&quot;:&quot;bf9e5d5&quot;,&quot;marker_lat&quot;:52.5492554,&quot;marker_lng&quot;:10.1880121,&quot;marker_image&quot;:{&quot;url&quot;:&quot;&quot;,&quot;id&quot;:&quot;&quot;,&quot;size&quot;:&quot;&quot;,&quot;alt&quot;:&quot;&quot;,&quot;source&quot;:&quot;library&quot;}}],&quot;listings_query&quot;:{&quot;lat&quot;:52.14481,&quot;lng&quot;:12.59388,&quot;radius&quot;:100,&quot;listing_type&quot;:&quot;place&quot;,&quot;count&quot;:50},&quot;cluster_markers&quot;:&quot;&quot;,&quot;draggable&quot;:true,&quot;_section_id&quot;:&quot;section__69f2279cd1425&quot;,&quot;maxZoom&quot;:20}\"><\/div>\r\n\t\t<div class=\"c27-map-listings hide\"><\/div>\r\n\t<\/section>\r\n\r\n\r\n\r\n\t\t\t\t<\/div>\n\t\t\t\t<\/div>\n\t\t\t\t<\/div>\n\t\t\t\t<section class=\"elementor-section elementor-top-section elementor-element elementor-element-jgthffa elementor-section-boxed elementor-section-height-default elementor-section-height-default\" data-id=\"jgthffa\" data-element_type=\"section\" data-e-type=\"section\" data-settings=\"{&quot;background_background&quot;:&quot;classic&quot;}\">\n\t\t\t\t\t\t\t<div class=\"elementor-background-overlay\"><\/div>\n\t\t\t\t\t\t\t<div class=\"elementor-container elementor-column-gap-default\">\n\t\t\t\t\t<div class=\"elementor-column elementor-col-100 elementor-top-column elementor-element elementor-element-9o19ub4\" data-id=\"9o19ub4\" data-element_type=\"column\" data-e-type=\"column\">\n\t\t\t<div class=\"elementor-widget-wrap elementor-element-populated\">\n\t\t\t\t\t\t<div class=\"elementor-element elementor-element-cc9d226 elementor-widget elementor-widget-heading\" data-id=\"cc9d226\" data-element_type=\"widget\" data-e-type=\"widget\" data-widget_type=\"heading.default\">\n\t\t\t\t<div class=\"elementor-widget-container\">\n\t\t\t\t\t<h2 class=\"elementor-heading-title elementor-size-default\">Entdecken Sie die Stadt Bad Belzig<\/h2>\t\t\t\t<\/div>\n\t\t\t\t<\/div>\n\t\t\t\t<div class=\"elementor-element elementor-element-7a267c9 elementor-widget elementor-widget-heading\" data-id=\"7a267c9\" data-element_type=\"widget\" data-e-type=\"widget\" data-widget_type=\"heading.default\">\n\t\t\t\t<div class=\"elementor-widget-container\">\n\t\t\t\t\t<h2 class=\"elementor-heading-title elementor-size-default\">Nach Kategorien filtern<\/h2>\t\t\t\t<\/div>\n\t\t\t\t<\/div>\n\t\t\t\t<section class=\"elementor-section elementor-inner-section elementor-element elementor-element-4eb841a elementor-section-height-min-height elementor-section-boxed elementor-section-height-default\" data-id=\"4eb841a\" data-element_type=\"section\" data-e-type=\"section\">\n\t\t\t\t\t\t<div class=\"elementor-container elementor-column-gap-no\">\n\t\t\t\t\t<div class=\"elementor-column elementor-col-50 elementor-inner-column elementor-element elementor-element-2a2b376\" data-id=\"2a2b376\" data-element_type=\"column\" data-e-type=\"column\" data-settings=\"{&quot;background_background&quot;:&quot;classic&quot;}\" data-mylisting-link-to=\"{&quot;url&quot;:&quot;https:\\\/\\\/stadtm.de\\\/Bad_Belzig\\\/category\\\/stadt\\\/&quot;,&quot;is_external&quot;:&quot;&quot;,&quot;nofollow&quot;:&quot;&quot;,&quot;custom_attributes&quot;:&quot;&quot;}\">\n\t\t\t<div class=\"elementor-widget-wrap elementor-element-populated\">\n\t\t\t\t\t<div class=\"elementor-background-overlay\"><\/div>\n\t\t\t\t\t\t<div class=\"elementor-element elementor-element-c6ffc39 elementor-view-default elementor-widget elementor-widget-icon\" data-id=\"c6ffc39\" data-element_type=\"widget\" data-e-type=\"widget\" data-widget_type=\"icon.default\">\n\t\t\t\t<div class=\"elementor-widget-container\">\n\t\t\t\t\t\t\t<div class=\"elementor-icon-wrapper\">\n\t\t\t<div class=\"elementor-icon\">\n\t\t\t<svg aria-hidden=\"true\" class=\"e-font-icon-svg e-fas-city\" viewBox=\"0 0 640 512\" xmlns=\"http:\/\/www.w3.org\/2000\/svg\"><path d=\"M616 192H480V24c0-13.26-10.74-24-24-24H312c-13.26 0-24 10.74-24 24v72h-64V16c0-8.84-7.16-16-16-16h-16c-8.84 0-16 7.16-16 16v80h-64V16c0-8.84-7.16-16-16-16H80c-8.84 0-16 7.16-16 16v80H24c-13.26 0-24 10.74-24 24v360c0 17.67 14.33 32 32 32h576c17.67 0 32-14.33 32-32V216c0-13.26-10.75-24-24-24zM128 404c0 6.63-5.37 12-12 12H76c-6.63 0-12-5.37-12-12v-40c0-6.63 5.37-12 12-12h40c6.63 0 12 5.37 12 12v40zm0-96c0 6.63-5.37 12-12 12H76c-6.63 0-12-5.37-12-12v-40c0-6.63 5.37-12 12-12h40c6.63 0 12 5.37 12 12v40zm0-96c0 6.63-5.37 12-12 12H76c-6.63 0-12-5.37-12-12v-40c0-6.63 5.37-12 12-12h40c6.63 0 12 5.37 12 12v40zm128 192c0 6.63-5.37 12-12 12h-40c-6.63 0-12-5.37-12-12v-40c0-6.63 5.37-12 12-12h40c6.63 0 12 5.37 12 12v40zm0-96c0 6.63-5.37 12-12 12h-40c-6.63 0-12-5.37-12-12v-40c0-6.63 5.37-12 12-12h40c6.63 0 12 5.37 12 12v40zm0-96c0 6.63-5.37 12-12 12h-40c-6.63 0-12-5.37-12-12v-40c0-6.63 5.37-12 12-12h40c6.63 0 12 5.37 12 12v40zm160 96c0 6.63-5.37 12-12 12h-40c-6.63 0-12-5.37-12-12v-40c0-6.63 5.37-12 12-12h40c6.63 0 12 5.37 12 12v40zm0-96c0 6.63-5.37 12-12 12h-40c-6.63 0-12-5.37-12-12v-40c0-6.63 5.37-12 12-12h40c6.63 0 12 5.37 12 12v40zm0-96c0 6.63-5.37 12-12 12h-40c-6.63 0-12-5.37-12-12V76c0-6.63 5.37-12 12-12h40c6.63 0 12 5.37 12 12v40zm160 288c0 6.63-5.37 12-12 12h-40c-6.63 0-12-5.37-12-12v-40c0-6.63 5.37-12 12-12h40c6.63 0 12 5.37 12 12v40zm0-96c0 6.63-5.37 12-12 12h-40c-6.63 0-12-5.37-12-12v-40c0-6.63 5.37-12 12-12h40c6.63 0 12 5.37 12 12v40z\"><\/path><\/svg>\t\t\t<\/div>\n\t\t<\/div>\n\t\t\t\t\t\t<\/div>\n\t\t\t\t<\/div>\n\t\t\t\t<div class=\"elementor-element elementor-element-149a305 elementor-widget elementor-widget-heading\" data-id=\"149a305\" data-element_type=\"widget\" data-e-type=\"widget\" data-widget_type=\"heading.default\">\n\t\t\t\t<div class=\"elementor-widget-container\">\n\t\t\t\t\t<h2 class=\"elementor-heading-title elementor-size-default\">Stadt<\/h2>\t\t\t\t<\/div>\n\t\t\t\t<\/div>\n\t\t\t\t\t<\/div>\n\t\t<\/div>\n\t\t\t\t<div class=\"elementor-column elementor-col-50 elementor-inner-column elementor-element elementor-element-0a28a0e\" data-id=\"0a28a0e\" data-element_type=\"column\" data-e-type=\"column\" data-settings=\"{&quot;background_background&quot;:&quot;classic&quot;}\" data-mylisting-link-to=\"{&quot;url&quot;:&quot;https:\\\/\\\/stadtm.de\\\/Bad_Belzig\\\/category\\\/sehenswuerdigkeiten\\\/&quot;,&quot;is_external&quot;:&quot;&quot;,&quot;nofollow&quot;:&quot;&quot;,&quot;custom_attributes&quot;:&quot;&quot;}\">\n\t\t\t<div class=\"elementor-widget-wrap elementor-element-populated\">\n\t\t\t\t\t<div class=\"elementor-background-overlay\"><\/div>\n\t\t\t\t\t\t<div class=\"elementor-element elementor-element-d952cfb elementor-view-default elementor-widget elementor-widget-icon\" data-id=\"d952cfb\" data-element_type=\"widget\" data-e-type=\"widget\" data-widget_type=\"icon.default\">\n\t\t\t\t<div class=\"elementor-widget-container\">\n\t\t\t\t\t\t\t<div class=\"elementor-icon-wrapper\">\n\t\t\t<div class=\"elementor-icon\">\n\t\t\t<svg aria-hidden=\"true\" class=\"e-font-icon-svg e-fas-binoculars\" viewBox=\"0 0 512 512\" xmlns=\"http:\/\/www.w3.org\/2000\/svg\"><path d=\"M416 48c0-8.84-7.16-16-16-16h-64c-8.84 0-16 7.16-16 16v48h96V48zM63.91 159.99C61.4 253.84 3.46 274.22 0 404v44c0 17.67 14.33 32 32 32h96c17.67 0 32-14.33 32-32V288h32V128H95.84c-17.63 0-31.45 14.37-31.93 31.99zm384.18 0c-.48-17.62-14.3-31.99-31.93-31.99H320v160h32v160c0 17.67 14.33 32 32 32h96c17.67 0 32-14.33 32-32v-44c-3.46-129.78-61.4-150.16-63.91-244.01zM176 32h-64c-8.84 0-16 7.16-16 16v48h96V48c0-8.84-7.16-16-16-16zm48 256h64V128h-64v160z\"><\/path><\/svg>\t\t\t<\/div>\n\t\t<\/div>\n\t\t\t\t\t\t<\/div>\n\t\t\t\t<\/div>\n\t\t\t\t<div class=\"elementor-element elementor-element-90ee118 elementor-widget elementor-widget-heading\" data-id=\"90ee118\" data-element_type=\"widget\" data-e-type=\"widget\" data-widget_type=\"heading.default\">\n\t\t\t\t<div class=\"elementor-widget-container\">\n\t\t\t\t\t<h2 class=\"elementor-heading-title elementor-size-default\">Sehensw\u00fcrdigkeiten<\/h2>\t\t\t\t<\/div>\n\t\t\t\t<\/div>\n\t\t\t\t\t<\/div>\n\t\t<\/div>\n\t\t\t\t\t<\/div>\n\t\t<\/section>\n\t\t\t\t<section class=\"elementor-section elementor-inner-section elementor-element elementor-element-c4f0c75 elementor-section-height-min-height elementor-section-boxed elementor-section-height-default\" data-id=\"c4f0c75\" data-element_type=\"section\" data-e-type=\"section\">\n\t\t\t\t\t\t<div class=\"elementor-container elementor-column-gap-no\">\n\t\t\t\t\t<div class=\"elementor-column elementor-col-25 elementor-inner-column elementor-element elementor-element-d2e2d3f\" data-id=\"d2e2d3f\" data-element_type=\"column\" data-e-type=\"column\" data-settings=\"{&quot;background_background&quot;:&quot;classic&quot;}\" data-mylisting-link-to=\"{&quot;url&quot;:&quot;https:\\\/\\\/stadtm.de\\\/Bad_Belzig\\\/category\\\/oeffentliche-einrichtungen\\\/&quot;,&quot;is_external&quot;:&quot;&quot;,&quot;nofollow&quot;:&quot;&quot;,&quot;custom_attributes&quot;:&quot;&quot;}\">\n\t\t\t<div class=\"elementor-widget-wrap elementor-element-populated\">\n\t\t\t\t\t<div class=\"elementor-background-overlay\"><\/div>\n\t\t\t\t\t\t<div class=\"elementor-element elementor-element-ebe715d elementor-view-default elementor-widget elementor-widget-icon\" data-id=\"ebe715d\" data-element_type=\"widget\" data-e-type=\"widget\" data-widget_type=\"icon.default\">\n\t\t\t\t<div class=\"elementor-widget-container\">\n\t\t\t\t\t\t\t<div class=\"elementor-icon-wrapper\">\n\t\t\t<div class=\"elementor-icon\">\n\t\t\t<svg aria-hidden=\"true\" class=\"e-font-icon-svg e-fas-home\" viewBox=\"0 0 576 512\" xmlns=\"http:\/\/www.w3.org\/2000\/svg\"><path d=\"M280.37 148.26L96 300.11V464a16 16 0 0 0 16 16l112.06-.29a16 16 0 0 0 15.92-16V368a16 16 0 0 1 16-16h64a16 16 0 0 1 16 16v95.64a16 16 0 0 0 16 16.05L464 480a16 16 0 0 0 16-16V300L295.67 148.26a12.19 12.19 0 0 0-15.3 0zM571.6 251.47L488 182.56V44.05a12 12 0 0 0-12-12h-56a12 12 0 0 0-12 12v72.61L318.47 43a48 48 0 0 0-61 0L4.34 251.47a12 12 0 0 0-1.6 16.9l25.5 31A12 12 0 0 0 45.15 301l235.22-193.74a12.19 12.19 0 0 1 15.3 0L530.9 301a12 12 0 0 0 16.9-1.6l25.5-31a12 12 0 0 0-1.7-16.93z\"><\/path><\/svg>\t\t\t<\/div>\n\t\t<\/div>\n\t\t\t\t\t\t<\/div>\n\t\t\t\t<\/div>\n\t\t\t\t<div class=\"elementor-element elementor-element-16d43dd elementor-widget elementor-widget-heading\" data-id=\"16d43dd\" data-element_type=\"widget\" data-e-type=\"widget\" data-widget_type=\"heading.default\">\n\t\t\t\t<div class=\"elementor-widget-container\">\n\t\t\t\t\t<h2 class=\"elementor-heading-title elementor-size-default\">\u00d6ffentliche Einrichtungen<\/h2>\t\t\t\t<\/div>\n\t\t\t\t<\/div>\n\t\t\t\t\t<\/div>\n\t\t<\/div>\n\t\t\t\t<div class=\"elementor-column elementor-col-25 elementor-inner-column elementor-element elementor-element-23b5392\" data-id=\"23b5392\" data-element_type=\"column\" data-e-type=\"column\" data-settings=\"{&quot;background_background&quot;:&quot;classic&quot;}\" data-mylisting-link-to=\"{&quot;url&quot;:&quot;https:\\\/\\\/stadtm.de\\\/Bad_Belzig\\\/category\\\/kinderbetreuung\\\/&quot;,&quot;is_external&quot;:&quot;&quot;,&quot;nofollow&quot;:&quot;&quot;,&quot;custom_attributes&quot;:&quot;&quot;}\">\n\t\t\t<div class=\"elementor-widget-wrap elementor-element-populated\">\n\t\t\t\t\t<div class=\"elementor-background-overlay\"><\/div>\n\t\t\t\t\t\t<div class=\"elementor-element elementor-element-c62eba6 elementor-view-default elementor-widget elementor-widget-icon\" data-id=\"c62eba6\" data-element_type=\"widget\" data-e-type=\"widget\" data-widget_type=\"icon.default\">\n\t\t\t\t<div class=\"elementor-widget-container\">\n\t\t\t\t\t\t\t<div class=\"elementor-icon-wrapper\">\n\t\t\t<div class=\"elementor-icon\">\n\t\t\t<svg aria-hidden=\"true\" class=\"e-font-icon-svg e-fas-child\" viewBox=\"0 0 384 512\" xmlns=\"http:\/\/www.w3.org\/2000\/svg\"><path d=\"M120 72c0-39.765 32.235-72 72-72s72 32.235 72 72c0 39.764-32.235 72-72 72s-72-32.236-72-72zm254.627 1.373c-12.496-12.497-32.758-12.497-45.254 0L242.745 160H141.254L54.627 73.373c-12.496-12.497-32.758-12.497-45.254 0-12.497 12.497-12.497 32.758 0 45.255L104 213.254V480c0 17.673 14.327 32 32 32h16c17.673 0 32-14.327 32-32V368h16v112c0 17.673 14.327 32 32 32h16c17.673 0 32-14.327 32-32V213.254l94.627-94.627c12.497-12.497 12.497-32.757 0-45.254z\"><\/path><\/svg>\t\t\t<\/div>\n\t\t<\/div>\n\t\t\t\t\t\t<\/div>\n\t\t\t\t<\/div>\n\t\t\t\t<div class=\"elementor-element elementor-element-d18061a elementor-widget elementor-widget-heading\" data-id=\"d18061a\" data-element_type=\"widget\" data-e-type=\"widget\" data-widget_type=\"heading.default\">\n\t\t\t\t<div class=\"elementor-widget-container\">\n\t\t\t\t\t<h2 class=\"elementor-heading-title elementor-size-default\">Kinderbetreuung<\/h2>\t\t\t\t<\/div>\n\t\t\t\t<\/div>\n\t\t\t\t\t<\/div>\n\t\t<\/div>\n\t\t\t\t<div class=\"elementor-column elementor-col-25 elementor-inner-column elementor-element elementor-element-c604ab0\" data-id=\"c604ab0\" data-element_type=\"column\" data-e-type=\"column\" data-settings=\"{&quot;background_background&quot;:&quot;classic&quot;}\" data-mylisting-link-to=\"{&quot;url&quot;:&quot;https:\\\/\\\/stadtm.de\\\/Bad_Belzig\\\/category\\\/schule\\\/&quot;,&quot;is_external&quot;:&quot;&quot;,&quot;nofollow&quot;:&quot;&quot;,&quot;custom_attributes&quot;:&quot;&quot;}\">\n\t\t\t<div class=\"elementor-widget-wrap elementor-element-populated\">\n\t\t\t\t\t<div class=\"elementor-background-overlay\"><\/div>\n\t\t\t\t\t\t<div class=\"elementor-element elementor-element-6550b7b elementor-view-default elementor-widget elementor-widget-icon\" data-id=\"6550b7b\" data-element_type=\"widget\" data-e-type=\"widget\" data-widget_type=\"icon.default\">\n\t\t\t\t<div class=\"elementor-widget-container\">\n\t\t\t\t\t\t\t<div class=\"elementor-icon-wrapper\">\n\t\t\t<div class=\"elementor-icon\">\n\t\t\t<svg aria-hidden=\"true\" class=\"e-font-icon-svg e-fas-graduation-cap\" viewBox=\"0 0 640 512\" xmlns=\"http:\/\/www.w3.org\/2000\/svg\"><path d=\"M622.34 153.2L343.4 67.5c-15.2-4.67-31.6-4.67-46.79 0L17.66 153.2c-23.54 7.23-23.54 38.36 0 45.59l48.63 14.94c-10.67 13.19-17.23 29.28-17.88 46.9C38.78 266.15 32 276.11 32 288c0 10.78 5.68 19.85 13.86 25.65L20.33 428.53C18.11 438.52 25.71 448 35.94 448h56.11c10.24 0 17.84-9.48 15.62-19.47L82.14 313.65C90.32 307.85 96 298.78 96 288c0-11.57-6.47-21.25-15.66-26.87.76-15.02 8.44-28.3 20.69-36.72L296.6 284.5c9.06 2.78 26.44 6.25 46.79 0l278.95-85.7c23.55-7.24 23.55-38.36 0-45.6zM352.79 315.09c-28.53 8.76-52.84 3.92-65.59 0l-145.02-44.55L128 384c0 35.35 85.96 64 192 64s192-28.65 192-64l-14.18-113.47-145.03 44.56z\"><\/path><\/svg>\t\t\t<\/div>\n\t\t<\/div>\n\t\t\t\t\t\t<\/div>\n\t\t\t\t<\/div>\n\t\t\t\t<div class=\"elementor-element elementor-element-3dae295 elementor-widget elementor-widget-heading\" data-id=\"3dae295\" data-element_type=\"widget\" data-e-type=\"widget\" data-widget_type=\"heading.default\">\n\t\t\t\t<div class=\"elementor-widget-container\">\n\t\t\t\t\t<h2 class=\"elementor-heading-title elementor-size-default\">Schule<\/h2>\t\t\t\t<\/div>\n\t\t\t\t<\/div>\n\t\t\t\t\t<\/div>\n\t\t<\/div>\n\t\t\t\t<div class=\"elementor-column elementor-col-25 elementor-inner-column elementor-element elementor-element-2da4103\" data-id=\"2da4103\" data-element_type=\"column\" data-e-type=\"column\" data-settings=\"{&quot;background_background&quot;:&quot;classic&quot;}\" data-mylisting-link-to=\"{&quot;url&quot;:&quot;https:\\\/\\\/stadtm.de\\\/Bad_Belzig\\\/category\\\/spielplatz\\\/&quot;,&quot;is_external&quot;:&quot;&quot;,&quot;nofollow&quot;:&quot;&quot;,&quot;custom_attributes&quot;:&quot;&quot;}\">\n\t\t\t<div class=\"elementor-widget-wrap elementor-element-populated\">\n\t\t\t\t\t<div class=\"elementor-background-overlay\"><\/div>\n\t\t\t\t\t\t<div class=\"elementor-element elementor-element-0ef5829 elementor-view-default elementor-widget elementor-widget-icon\" data-id=\"0ef5829\" data-element_type=\"widget\" data-e-type=\"widget\" data-widget_type=\"icon.default\">\n\t\t\t\t<div class=\"elementor-widget-container\">\n\t\t\t\t\t\t\t<div class=\"elementor-icon-wrapper\">\n\t\t\t<div class=\"elementor-icon\">\n\t\t\t<svg aria-hidden=\"true\" class=\"e-font-icon-svg e-fas-baseball-ball\" viewBox=\"0 0 496 512\" xmlns=\"http:\/\/www.w3.org\/2000\/svg\"><path d=\"M368.5 363.9l28.8-13.9c11.1 22.9 26 43.2 44.1 60.9 34-42.5 54.5-96.3 54.5-154.9 0-58.5-20.4-112.2-54.2-154.6-17.8 17.3-32.6 37.1-43.6 59.5l-28.7-14.1c12.8-26 30-49 50.8-69C375.6 34.7 315 8 248 8 181.1 8 120.5 34.6 75.9 77.7c20.7 19.9 37.9 42.9 50.7 68.8l-28.7 14.1c-11-22.3-25.7-42.1-43.5-59.4C20.4 143.7 0 197.4 0 256c0 58.6 20.4 112.3 54.4 154.7 18.2-17.7 33.2-38 44.3-61l28.8 13.9c-12.9 26.7-30.3 50.3-51.5 70.7 44.5 43.1 105.1 69.7 172 69.7 66.8 0 127.3-26.5 171.9-69.5-21.1-20.4-38.5-43.9-51.4-70.6zm-228.3-32l-30.5-9.8c14.9-46.4 12.7-93.8-.6-134l30.4-10c15 45.6 18 99.9.7 153.8zm216.3-153.4l30.4 10c-13.2 40.1-15.5 87.5-.6 134l-30.5 9.8c-17.3-54-14.3-108.3.7-153.8z\"><\/path><\/svg>\t\t\t<\/div>\n\t\t<\/div>\n\t\t\t\t\t\t<\/div>\n\t\t\t\t<\/div>\n\t\t\t\t<div class=\"elementor-element elementor-element-98f1ab8 elementor-widget elementor-widget-heading\" data-id=\"98f1ab8\" data-element_type=\"widget\" data-e-type=\"widget\" data-widget_type=\"heading.default\">\n\t\t\t\t<div class=\"elementor-widget-container\">\n\t\t\t\t\t<h2 class=\"elementor-heading-title elementor-size-default\">Spielpl\u00e4tze<\/h2>\t\t\t\t<\/div>\n\t\t\t\t<\/div>\n\t\t\t\t\t<\/div>\n\t\t<\/div>\n\t\t\t\t\t<\/div>\n\t\t<\/section>\n\t\t\t\t<section class=\"elementor-section elementor-inner-section elementor-element elementor-element-ac8cc57 elementor-section-height-min-height elementor-section-boxed elementor-section-height-default\" data-id=\"ac8cc57\" data-element_type=\"section\" data-e-type=\"section\">\n\t\t\t\t\t\t<div class=\"elementor-container elementor-column-gap-no\">\n\t\t\t\t\t<div class=\"elementor-column elementor-col-50 elementor-inner-column elementor-element elementor-element-02bb552\" data-id=\"02bb552\" data-element_type=\"column\" data-e-type=\"column\" data-settings=\"{&quot;background_background&quot;:&quot;classic&quot;}\" data-mylisting-link-to=\"{&quot;url&quot;:&quot;https:\\\/\\\/stadtm.de\\\/Bad_Belzig\\\/category\\\/sportstaette\\\/&quot;,&quot;is_external&quot;:&quot;&quot;,&quot;nofollow&quot;:&quot;&quot;,&quot;custom_attributes&quot;:&quot;&quot;}\">\n\t\t\t<div class=\"elementor-widget-wrap elementor-element-populated\">\n\t\t\t\t\t<div class=\"elementor-background-overlay\"><\/div>\n\t\t\t\t\t\t<div class=\"elementor-element elementor-element-3a12302 elementor-view-default elementor-widget elementor-widget-icon\" data-id=\"3a12302\" data-element_type=\"widget\" data-e-type=\"widget\" data-widget_type=\"icon.default\">\n\t\t\t\t<div class=\"elementor-widget-container\">\n\t\t\t\t\t\t\t<div class=\"elementor-icon-wrapper\">\n\t\t\t<div class=\"elementor-icon\">\n\t\t\t<svg aria-hidden=\"true\" class=\"e-font-icon-svg e-fas-dumbbell\" viewBox=\"0 0 640 512\" xmlns=\"http:\/\/www.w3.org\/2000\/svg\"><path d=\"M104 96H56c-13.3 0-24 10.7-24 24v104H8c-4.4 0-8 3.6-8 8v48c0 4.4 3.6 8 8 8h24v104c0 13.3 10.7 24 24 24h48c13.3 0 24-10.7 24-24V120c0-13.3-10.7-24-24-24zm528 128h-24V120c0-13.3-10.7-24-24-24h-48c-13.3 0-24 10.7-24 24v272c0 13.3 10.7 24 24 24h48c13.3 0 24-10.7 24-24V288h24c4.4 0 8-3.6 8-8v-48c0-4.4-3.6-8-8-8zM456 32h-48c-13.3 0-24 10.7-24 24v168H256V56c0-13.3-10.7-24-24-24h-48c-13.3 0-24 10.7-24 24v400c0 13.3 10.7 24 24 24h48c13.3 0 24-10.7 24-24V288h128v168c0 13.3 10.7 24 24 24h48c13.3 0 24-10.7 24-24V56c0-13.3-10.7-24-24-24z\"><\/path><\/svg>\t\t\t<\/div>\n\t\t<\/div>\n\t\t\t\t\t\t<\/div>\n\t\t\t\t<\/div>\n\t\t\t\t<div class=\"elementor-element elementor-element-2b86c4f elementor-widget elementor-widget-heading\" data-id=\"2b86c4f\" data-element_type=\"widget\" data-e-type=\"widget\" data-widget_type=\"heading.default\">\n\t\t\t\t<div class=\"elementor-widget-container\">\n\t\t\t\t\t<h2 class=\"elementor-heading-title elementor-size-default\">Sportst\u00e4tte<\/h2>\t\t\t\t<\/div>\n\t\t\t\t<\/div>\n\t\t\t\t\t<\/div>\n\t\t<\/div>\n\t\t\t\t<div class=\"elementor-column elementor-col-50 elementor-inner-column elementor-element elementor-element-7a9a234\" data-id=\"7a9a234\" data-element_type=\"column\" data-e-type=\"column\" data-settings=\"{&quot;background_background&quot;:&quot;classic&quot;}\" data-mylisting-link-to=\"{&quot;url&quot;:&quot;https:\\\/\\\/stadtm.de\\\/Bad_Belzig\\\/category\\\/freizeiteinrichtungen\\\/&quot;,&quot;is_external&quot;:&quot;&quot;,&quot;nofollow&quot;:&quot;&quot;,&quot;custom_attributes&quot;:&quot;&quot;}\">\n\t\t\t<div class=\"elementor-widget-wrap elementor-element-populated\">\n\t\t\t\t\t<div class=\"elementor-background-overlay\"><\/div>\n\t\t\t\t\t\t<div class=\"elementor-element elementor-element-2979ec0 elementor-view-default elementor-widget elementor-widget-icon\" data-id=\"2979ec0\" data-element_type=\"widget\" data-e-type=\"widget\" data-widget_type=\"icon.default\">\n\t\t\t\t<div class=\"elementor-widget-container\">\n\t\t\t\t\t\t\t<div class=\"elementor-icon-wrapper\">\n\t\t\t<div class=\"elementor-icon\">\n\t\t\t<svg aria-hidden=\"true\" class=\"e-font-icon-svg e-fas-sun\" viewBox=\"0 0 512 512\" xmlns=\"http:\/\/www.w3.org\/2000\/svg\"><path d=\"M256 160c-52.9 0-96 43.1-96 96s43.1 96 96 96 96-43.1 96-96-43.1-96-96-96zm246.4 80.5l-94.7-47.3 33.5-100.4c4.5-13.6-8.4-26.5-21.9-21.9l-100.4 33.5-47.4-94.8c-6.4-12.8-24.6-12.8-31 0l-47.3 94.7L92.7 70.8c-13.6-4.5-26.5 8.4-21.9 21.9l33.5 100.4-94.7 47.4c-12.8 6.4-12.8 24.6 0 31l94.7 47.3-33.5 100.5c-4.5 13.6 8.4 26.5 21.9 21.9l100.4-33.5 47.3 94.7c6.4 12.8 24.6 12.8 31 0l47.3-94.7 100.4 33.5c13.6 4.5 26.5-8.4 21.9-21.9l-33.5-100.4 94.7-47.3c13-6.5 13-24.7.2-31.1zm-155.9 106c-49.9 49.9-131.1 49.9-181 0-49.9-49.9-49.9-131.1 0-181 49.9-49.9 131.1-49.9 181 0 49.9 49.9 49.9 131.1 0 181z\"><\/path><\/svg>\t\t\t<\/div>\n\t\t<\/div>\n\t\t\t\t\t\t<\/div>\n\t\t\t\t<\/div>\n\t\t\t\t<div class=\"elementor-element elementor-element-ad4be9f elementor-widget elementor-widget-heading\" data-id=\"ad4be9f\" data-element_type=\"widget\" data-e-type=\"widget\" data-widget_type=\"heading.default\">\n\t\t\t\t<div class=\"elementor-widget-container\">\n\t\t\t\t\t<h2 class=\"elementor-heading-title elementor-size-default\">Freizeiteinrichtungen<\/h2>\t\t\t\t<\/div>\n\t\t\t\t<\/div>\n\t\t\t\t\t<\/div>\n\t\t<\/div>\n\t\t\t\t\t<\/div>\n\t\t<\/section>\n\t\t\t\t\t<\/div>\n\t\t<\/div>\n\t\t\t\t\t<\/div>\n\t\t<\/section>\n\t\t\t\t<section class=\"elementor-section elementor-top-section elementor-element elementor-element-21b6486 elementor-section-full_width elementor-section-height-default elementor-section-height-default\" data-id=\"21b6486\" data-element_type=\"section\" data-e-type=\"section\" data-settings=\"{&quot;background_background&quot;:&quot;classic&quot;}\">\n\t\t\t\t\t\t<div class=\"elementor-container elementor-column-gap-default\">\n\t\t\t\t\t<div class=\"elementor-column elementor-col-100 elementor-top-column elementor-element elementor-element-9f168f9\" data-id=\"9f168f9\" data-element_type=\"column\" data-e-type=\"column\">\n\t\t\t<div class=\"elementor-widget-wrap elementor-element-populated\">\n\t\t\t\t\t\t<div class=\"elementor-element elementor-element-1abbf35 elementor-widget-divider--view-line elementor-widget elementor-widget-divider\" data-id=\"1abbf35\" data-element_type=\"widget\" data-e-type=\"widget\" data-widget_type=\"divider.default\">\n\t\t\t\t<div class=\"elementor-widget-container\">\n\t\t\t\t\t\t\t<div class=\"elementor-divider\">\n\t\t\t<span class=\"elementor-divider-separator\">\n\t\t\t\t\t\t<\/span>\n\t\t<\/div>\n\t\t\t\t\t\t<\/div>\n\t\t\t\t<\/div>\n\t\t\t\t\t<\/div>\n\t\t<\/div>\n\t\t\t\t\t<\/div>\n\t\t<\/section>\n\t\t\t\t<section class=\"elementor-section elementor-top-section elementor-element elementor-element-d1b35fa elementor-section-boxed elementor-section-height-default elementor-section-height-default\" data-id=\"d1b35fa\" data-element_type=\"section\" data-e-type=\"section\" data-settings=\"{&quot;background_background&quot;:&quot;classic&quot;}\">\n\t\t\t\t\t\t<div class=\"elementor-container elementor-column-gap-default\">\n\t\t\t\t\t<div class=\"elementor-column elementor-col-100 elementor-top-column elementor-element elementor-element-1870c31\" data-id=\"1870c31\" data-element_type=\"column\" data-e-type=\"column\">\n\t\t\t<div class=\"elementor-widget-wrap elementor-element-populated\">\n\t\t\t\t\t\t<div class=\"elementor-element elementor-element-2a8dc9b elementor-widget elementor-widget-heading\" data-id=\"2a8dc9b\" data-element_type=\"widget\" data-e-type=\"widget\" data-widget_type=\"heading.default\">\n\t\t\t\t<div class=\"elementor-widget-container\">\n\t\t\t\t\t<h2 class=\"elementor-heading-title elementor-size-default\">Branchen\/Firmen, die wir Ihnen besonders empfehlen\n<\/h2>\t\t\t\t<\/div>\n\t\t\t\t<\/div>\n\t\t\t\t<div class=\"elementor-element elementor-element-58d2f89 elementor-widget elementor-widget-heading\" data-id=\"58d2f89\" data-element_type=\"widget\" data-e-type=\"widget\" data-widget_type=\"heading.default\">\n\t\t\t\t<div class=\"elementor-widget-container\">\n\t\t\t\t\t<h2 class=\"elementor-heading-title elementor-size-default\">Handverlesene Orte von unserem Team<\/h2>\t\t\t\t<\/div>\n\t\t\t\t<\/div>\n\t\t\t\t\t<\/div>\n\t\t<\/div>\n\t\t\t\t\t<\/div>\n\t\t<\/section>\n\t\t\t\t<section class=\"elementor-section elementor-top-section elementor-element elementor-element-96dabee elementor-section-full_width elementor-section-height-default elementor-section-height-default\" data-id=\"96dabee\" data-element_type=\"section\" data-e-type=\"section\" data-settings=\"{&quot;background_background&quot;:&quot;classic&quot;}\">\n\t\t\t\t\t\t<div class=\"elementor-container elementor-column-gap-default\">\n\t\t\t\t\t<div class=\"elementor-column elementor-col-100 elementor-top-column elementor-element elementor-element-5017527\" data-id=\"5017527\" data-element_type=\"column\" data-e-type=\"column\">\n\t\t\t<div class=\"elementor-widget-wrap elementor-element-populated\">\n\t\t\t\t\t\t<div class=\"elementor-element elementor-element-f30d547 elementor-widget-divider--view-line elementor-widget elementor-widget-divider\" data-id=\"f30d547\" data-element_type=\"widget\" data-e-type=\"widget\" data-widget_type=\"divider.default\">\n\t\t\t\t<div class=\"elementor-widget-container\">\n\t\t\t\t\t\t\t<div class=\"elementor-divider\">\n\t\t\t<span class=\"elementor-divider-separator\">\n\t\t\t\t\t\t<\/span>\n\t\t<\/div>\n\t\t\t\t\t\t<\/div>\n\t\t\t\t<\/div>\n\t\t\t\t<div class=\"elementor-element elementor-element-h9lbeab elementor-widget elementor-widget-case27-listing-feed-widget\" data-id=\"h9lbeab\" data-element_type=\"widget\" data-e-type=\"widget\" data-widget_type=\"case27-listing-feed-widget.default\">\n\t\t\t\t<div class=\"elementor-widget-container\">\n\t\t\t\t\t\r\n<section class=\"i-section listing-feed-2 \">\r\n\t<div class=\"container\">\r\n\t\t<div class=\"row section-body\">\r\n\t\t\t<div class=\"owl-carousel listing-feed-carousel c27-owl-nav\" owl-mobile=\"1\" owl-tablet=\"2\" owl-desktop=\"3\" owl-speed=\"4\" owl-loop=\"1\" owl-autoplay=\"1\" nav-style=\"\" nav-mode=\"nav\">\r\n\t\t\t\t<div class=\"\"><div\r\n    class=\"lf-item-container listing-preview type-place-2 lf-type-2 has-logo has-tagline has-info-fields level-normal priority-0\"\r\n    data-id=\"listing-id-4159\"\r\n        data-category-icon=\"\t\t\t&lt;i class=&quot;fa fa-city&quot; style=&quot;color: #fff; background: #6c1cff; &quot;&gt;&lt;\/i&gt;\r\n\t\t\"\r\n    data-category-color=\"#6c1cff\"\r\n    data-category-text-color=\"#fff\"\r\n        data-thumbnail=\"https:\/\/stadtm.de\/Bad_Belzig\/wp-content\/uploads\/2025\/08\/Spielplatz-Neschholz1-150x150.jpg\"\r\n    data-marker=\"https:\/\/stadtm.de\/Bad_Belzig\/wp-content\/uploads\/2025\/08\/Spielplatz-Neschholz1-150x150.jpg\"\r\n    data-template=\"alternate\"\r\n    data-locations=\"[{&quot;address&quot;:&quot;Neschholz, 14816 Bad Belzig \\\/ Neschholz&quot;,&quot;lat&quot;:&quot;52.15236&quot;,&quot;lng&quot;:&quot;12.69518&quot;}]\"\r\n>\r\n<div class=\"lf-item lf-item-alternate\" data-template=\"alternate\">\r\n    <a href=\"https:\/\/stadtm.de\/Bad_Belzig\/listing\/spielplatz-neschholz\/\">\r\n\r\n        <div class=\"overlay\" style=\"\r\n    background-color: #242429;\r\n    opacity: 0.4;\r\n\"><\/div>\r\n        \r\n                    <div class=\"lf-background\" style=\"background-image: url('https:\/\/stadtm.de\/Bad_Belzig\/wp-content\/uploads\/2025\/08\/Spielplatz-Neschholz-768x512.jpg');\"><\/div>\r\n        \r\n        <div class=\"lf-item-info-2\">\r\n                            <div class=\"lf-avatar\" style=\"background-image: url('https:\/\/stadtm.de\/Bad_Belzig\/wp-content\/uploads\/2025\/08\/Spielplatz-Neschholz1-150x150.jpg')\"><\/div>\r\n            \r\n            <h4 class=\"case27-primary-text listing-preview-title\">\r\n                Spielplatz Neschholz                            <\/h4>\r\n\r\n                            <h6>Spielplatz in Neschholz \u2013 Spielen in der Natur von Bad Belzig\r\nEin Ort voller Kinderlachen und Bewegung\r\nDer&hellip;<\/h6>\r\n            \r\n            \r\n<ul class=\"lf-contact no-list-style\">\r\n\t            <li >\r\n            \t                \t<i class=\"icon-location-pin-add-2 sm-icon\"><\/i>\r\n            \t                Neschholz            <\/li>\r\n        <\/ul>\r\n        <\/div>\r\n\r\n    <\/a>\r\n        <div class=\"lf-head level-normal\">\r\n    \r\n    <\/div><\/div>\r\n\r\n        <div class=\"listing-details c27-footer-section\">\r\n            <ul class=\"c27-listing-preview-category-list no-list-style\">\r\n                <li>\r\n                    <a href=\"https:\/\/stadtm.de\/Bad_Belzig\/category\/stadt\/\">\r\n                        <span class=\"cat-icon\" style=\"background-color: #6c1cff;\">\r\n                            \t\t\t<i class=\"fa fa-city\" style=\"color: #fff; \"><\/i>\r\n\t\t                        <\/span>\r\n                        <span class=\"category-name\">Stadt<\/span>\r\n                    <\/a>\r\n                <\/li>\r\n\r\n                                    <li>\r\n                        <div class=\"categories-dropdown dropdown c27-more-categories\">\r\n                            <span class=\"tooltip-element\">\r\n                                <a href=\"#other-categories\">\r\n                                    <span class=\"cat-icon cat-more\">+1<\/span>\r\n                                <\/a>\r\n                                <span class=\"tooltip-container\">Spielplatz<\/span>\r\n                            <\/span>\r\n                        <\/div>\r\n                    <\/li>\r\n                            <\/ul>\r\n\r\n            <div class=\"ld-info\">\r\n                <ul class=\"no-list-style\">\r\n                                            <li class=\"item-preview tooltip-element\">\r\n    <a aria-label=\"Quick view button\" href=\"#\" type=\"button\" class=\"c27-toggle-quick-view-modal\" data-id=\"4159\">\r\n    \t<i class=\"mi zoom_in\"><\/i>\r\n    <\/a>\r\n    <span class=\"tooltip-container\">Quick view<\/span>\r\n<\/li>                                                                <li class=\"tooltip-element\">\r\n    <a aria-label=\"Bookmark button\" href=\"#\" class=\"c27-bookmark-button \"\r\n       data-listing-id=\"4159\" onclick=\"MyListing.Handlers.Bookmark_Button(event, this)\">\r\n       <i class=\"mi favorite_border\"><\/i>\r\n    <\/a>\r\n    <span class=\"tooltip-container\">Bookmark<\/span>\r\n<\/li>                                                        <\/ul>\r\n            <\/div>\r\n        <\/div>\r\n    <\/div>\r\n<\/div><div class=\"\"><div\r\n    class=\"lf-item-container listing-preview type-place-2 lf-type-2 has-logo has-tagline has-info-fields level-normal priority-0\"\r\n    data-id=\"listing-id-3909\"\r\n        data-category-icon=\"\t\t\t&lt;i class=&quot;fa fa-city&quot; style=&quot;color: #fff; background: #6c1cff; &quot;&gt;&lt;\/i&gt;\r\n\t\t\"\r\n    data-category-color=\"#6c1cff\"\r\n    data-category-text-color=\"#fff\"\r\n        data-thumbnail=\"https:\/\/stadtm.de\/Bad_Belzig\/wp-content\/uploads\/2025\/08\/Reissigerhaus1-150x150.jpg\"\r\n    data-marker=\"https:\/\/stadtm.de\/Bad_Belzig\/wp-content\/uploads\/2025\/08\/Reissigerhaus1-150x150.jpg\"\r\n    data-template=\"alternate\"\r\n    data-locations=\"[{&quot;address&quot;:&quot;Kirchplatz 3, 14806 Bad Belzig&quot;,&quot;lat&quot;:&quot;52.14179&quot;,&quot;lng&quot;:&quot;12.58680&quot;}]\"\r\n>\r\n<div class=\"lf-item lf-item-alternate\" data-template=\"alternate\">\r\n    <a href=\"https:\/\/stadtm.de\/Bad_Belzig\/listing\/reissigerhaus\/\">\r\n\r\n        <div class=\"overlay\" style=\"\r\n    background-color: #242429;\r\n    opacity: 0.4;\r\n\"><\/div>\r\n        \r\n                    <div class=\"lf-background\" style=\"background-image: url('https:\/\/stadtm.de\/Bad_Belzig\/wp-content\/uploads\/2025\/08\/Reissigerhaus-768x515.jpg');\"><\/div>\r\n        \r\n        <div class=\"lf-item-info-2\">\r\n                            <div class=\"lf-avatar\" style=\"background-image: url('https:\/\/stadtm.de\/Bad_Belzig\/wp-content\/uploads\/2025\/08\/Reissigerhaus1-150x150.jpg')\"><\/div>\r\n            \r\n            <h4 class=\"case27-primary-text listing-preview-title\">\r\n                Rei\u00dfigerhaus                            <\/h4>\r\n\r\n                            <h6>Das Rei\u00dfigerhaus in Bad Belzig \u2013 Eine geschichtstr\u00e4chtige Sehensw\u00fcrdigkeit im Herzen der Stadt\r\nMitten in der&hellip;<\/h6>\r\n            \r\n            \r\n<ul class=\"lf-contact no-list-style\">\r\n\t            <li >\r\n            \t                \t<i class=\"icon-location-pin-add-2 sm-icon\"><\/i>\r\n            \t                Kirchplatz 3            <\/li>\r\n        <\/ul>\r\n        <\/div>\r\n\r\n    <\/a>\r\n        <div class=\"lf-head level-normal\">\r\n    \r\n    <\/div><\/div>\r\n\r\n        <div class=\"listing-details c27-footer-section\">\r\n            <ul class=\"c27-listing-preview-category-list no-list-style\">\r\n                <li>\r\n                    <a href=\"https:\/\/stadtm.de\/Bad_Belzig\/category\/stadt\/\">\r\n                        <span class=\"cat-icon\" style=\"background-color: #6c1cff;\">\r\n                            \t\t\t<i class=\"fa fa-city\" style=\"color: #fff; \"><\/i>\r\n\t\t                        <\/span>\r\n                        <span class=\"category-name\">Stadt<\/span>\r\n                    <\/a>\r\n                <\/li>\r\n\r\n                                    <li>\r\n                        <div class=\"categories-dropdown dropdown c27-more-categories\">\r\n                            <span class=\"tooltip-element\">\r\n                                <a href=\"#other-categories\">\r\n                                    <span class=\"cat-icon cat-more\">+1<\/span>\r\n                                <\/a>\r\n                                <span class=\"tooltip-container\">Sehensw\u00fcrdigkeiten<\/span>\r\n                            <\/span>\r\n                        <\/div>\r\n                    <\/li>\r\n                            <\/ul>\r\n\r\n            <div class=\"ld-info\">\r\n                <ul class=\"no-list-style\">\r\n                                            <li class=\"item-preview tooltip-element\">\r\n    <a aria-label=\"Quick view button\" href=\"#\" type=\"button\" class=\"c27-toggle-quick-view-modal\" data-id=\"3909\">\r\n    \t<i class=\"mi zoom_in\"><\/i>\r\n    <\/a>\r\n    <span class=\"tooltip-container\">Quick view<\/span>\r\n<\/li>                                                                <li class=\"tooltip-element\">\r\n    <a aria-label=\"Bookmark button\" href=\"#\" class=\"c27-bookmark-button \"\r\n       data-listing-id=\"3909\" onclick=\"MyListing.Handlers.Bookmark_Button(event, this)\">\r\n       <i class=\"mi favorite_border\"><\/i>\r\n    <\/a>\r\n    <span class=\"tooltip-container\">Bookmark<\/span>\r\n<\/li>                                                        <\/ul>\r\n            <\/div>\r\n        <\/div>\r\n    <\/div>\r\n<\/div><div class=\"\"><div\r\n    class=\"lf-item-container listing-preview type-place-2 lf-type-2 has-logo has-tagline has-info-fields level-normal priority-0\"\r\n    data-id=\"listing-id-4114\"\r\n        data-category-icon=\"\t\t\t&lt;i class=&quot;fa fa-city&quot; style=&quot;color: #fff; background: #6c1cff; &quot;&gt;&lt;\/i&gt;\r\n\t\t\"\r\n    data-category-color=\"#6c1cff\"\r\n    data-category-text-color=\"#fff\"\r\n        data-thumbnail=\"https:\/\/stadtm.de\/Bad_Belzig\/wp-content\/uploads\/2025\/08\/Flaeming-Bahnhof-Bad-Belzig-150x150.jpg\"\r\n    data-marker=\"https:\/\/stadtm.de\/Bad_Belzig\/wp-content\/uploads\/2025\/08\/Flaeming-Bahnhof-Bad-Belzig-150x150.jpg\"\r\n    data-template=\"alternate\"\r\n    data-locations=\"[{&quot;address&quot;:&quot;Am Bahnhof, 14806 Bad Belzig&quot;,&quot;lat&quot;:&quot;52.13617&quot;,&quot;lng&quot;:&quot;12.59516&quot;}]\"\r\n>\r\n<div class=\"lf-item lf-item-alternate\" data-template=\"alternate\">\r\n    <a href=\"https:\/\/stadtm.de\/Bad_Belzig\/listing\/flaeming-bahnhof-bad-belzig\/\">\r\n\r\n        <div class=\"overlay\" style=\"\r\n    background-color: #242429;\r\n    opacity: 0.4;\r\n\"><\/div>\r\n        \r\n                    <div class=\"lf-background\" style=\"background-image: url('https:\/\/stadtm.de\/Bad_Belzig\/wp-content\/uploads\/2025\/08\/Flaeming-Bahnhof-Bad-Belzig-768x511.jpg');\"><\/div>\r\n        \r\n        <div class=\"lf-item-info-2\">\r\n                            <div class=\"lf-avatar\" style=\"background-image: url('https:\/\/stadtm.de\/Bad_Belzig\/wp-content\/uploads\/2025\/08\/Flaeming-Bahnhof-Bad-Belzig-150x150.jpg')\"><\/div>\r\n            \r\n            <h4 class=\"case27-primary-text listing-preview-title\">\r\n                Fl\u00e4ming-Bahnhof Bad Belzig                            <\/h4>\r\n\r\n                            <h6>Der Fl\u00e4ming-Bahnhof in Bad Belzig \u2013 Eine historische Sehensw\u00fcrdigkeit mit neuem Leben\r\nBahnhof mit Geschichte&hellip;<\/h6>\r\n            \r\n            \r\n<ul class=\"lf-contact no-list-style\">\r\n\t            <li >\r\n            \t                \t<i class=\"icon-location-pin-add-2 sm-icon\"><\/i>\r\n            \t                Am Bahnhof            <\/li>\r\n        <\/ul>\r\n        <\/div>\r\n\r\n    <\/a>\r\n        <div class=\"lf-head level-normal\">\r\n    \r\n    <\/div><\/div>\r\n\r\n        <div class=\"listing-details c27-footer-section\">\r\n            <ul class=\"c27-listing-preview-category-list no-list-style\">\r\n                <li>\r\n                    <a href=\"https:\/\/stadtm.de\/Bad_Belzig\/category\/stadt\/\">\r\n                        <span class=\"cat-icon\" style=\"background-color: #6c1cff;\">\r\n                            \t\t\t<i class=\"fa fa-city\" style=\"color: #fff; \"><\/i>\r\n\t\t                        <\/span>\r\n                        <span class=\"category-name\">Stadt<\/span>\r\n                    <\/a>\r\n                <\/li>\r\n\r\n                                    <li>\r\n                        <div class=\"categories-dropdown dropdown c27-more-categories\">\r\n                            <span class=\"tooltip-element\">\r\n                                <a href=\"#other-categories\">\r\n                                    <span class=\"cat-icon cat-more\">+1<\/span>\r\n                                <\/a>\r\n                                <span class=\"tooltip-container\">Sehensw\u00fcrdigkeiten<\/span>\r\n                            <\/span>\r\n                        <\/div>\r\n                    <\/li>\r\n                            <\/ul>\r\n\r\n            <div class=\"ld-info\">\r\n                <ul class=\"no-list-style\">\r\n                                            <li class=\"item-preview tooltip-element\">\r\n    <a aria-label=\"Quick view button\" href=\"#\" type=\"button\" class=\"c27-toggle-quick-view-modal\" data-id=\"4114\">\r\n    \t<i class=\"mi zoom_in\"><\/i>\r\n    <\/a>\r\n    <span class=\"tooltip-container\">Quick view<\/span>\r\n<\/li>                                                                <li class=\"tooltip-element\">\r\n    <a aria-label=\"Bookmark button\" href=\"#\" class=\"c27-bookmark-button \"\r\n       data-listing-id=\"4114\" onclick=\"MyListing.Handlers.Bookmark_Button(event, this)\">\r\n       <i class=\"mi favorite_border\"><\/i>\r\n    <\/a>\r\n    <span class=\"tooltip-container\">Bookmark<\/span>\r\n<\/li>                                                        <\/ul>\r\n            <\/div>\r\n        <\/div>\r\n    <\/div>\r\n<\/div><div class=\"\"><div\r\n    class=\"lf-item-container listing-preview type-place-2 lf-type-2 has-logo has-tagline has-info-fields level-normal priority-0\"\r\n    data-id=\"listing-id-4187\"\r\n        data-category-icon=\"\t\t\t&lt;i class=&quot;fa fa-city&quot; style=&quot;color: #fff; background: #6c1cff; &quot;&gt;&lt;\/i&gt;\r\n\t\t\"\r\n    data-category-color=\"#6c1cff\"\r\n    data-category-text-color=\"#fff\"\r\n        data-thumbnail=\"https:\/\/stadtm.de\/Bad_Belzig\/wp-content\/uploads\/2025\/08\/Spielplatz-Bad-Belzig-Weizgrunder-Weg1-150x150.jpg\"\r\n    data-marker=\"https:\/\/stadtm.de\/Bad_Belzig\/wp-content\/uploads\/2025\/08\/Spielplatz-Bad-Belzig-Weizgrunder-Weg1-150x150.jpg\"\r\n    data-template=\"alternate\"\r\n    data-locations=\"[{&quot;address&quot;:&quot;Weizgrunder Weg, 14806 Bad Belzig&quot;,&quot;lat&quot;:&quot;52.15179&quot;,&quot;lng&quot;:&quot;12.58469&quot;}]\"\r\n>\r\n<div class=\"lf-item lf-item-alternate\" data-template=\"alternate\">\r\n    <a href=\"https:\/\/stadtm.de\/Bad_Belzig\/listing\/spielplatz-bad-belzig-weizgrunder-weg\/\">\r\n\r\n        <div class=\"overlay\" style=\"\r\n    background-color: #242429;\r\n    opacity: 0.4;\r\n\"><\/div>\r\n        \r\n                    <div class=\"lf-background\" style=\"background-image: url('https:\/\/stadtm.de\/Bad_Belzig\/wp-content\/uploads\/2025\/08\/Spielplatz-Bad-Belzig-Weizgrunder-Weg-768x512.jpg');\"><\/div>\r\n        \r\n        <div class=\"lf-item-info-2\">\r\n                            <div class=\"lf-avatar\" style=\"background-image: url('https:\/\/stadtm.de\/Bad_Belzig\/wp-content\/uploads\/2025\/08\/Spielplatz-Bad-Belzig-Weizgrunder-Weg1-150x150.jpg')\"><\/div>\r\n            \r\n            <h4 class=\"case27-primary-text listing-preview-title\">\r\n                Spielplatz Bad Belzig - Weizgrunder Weg                            <\/h4>\r\n\r\n                            <h6>Spielplatz am Weizgrunder Weg in Bad Belzig\r\nEin lebendiger Spielplatz f\u00fcr Kinder aus Bad Belzig und&hellip;<\/h6>\r\n            \r\n            \r\n<ul class=\"lf-contact no-list-style\">\r\n\t            <li >\r\n            \t                \t<i class=\"icon-location-pin-add-2 sm-icon\"><\/i>\r\n            \t                Weizgrunder Weg            <\/li>\r\n        <\/ul>\r\n        <\/div>\r\n\r\n    <\/a>\r\n        <div class=\"lf-head level-normal\">\r\n    \r\n    <\/div><\/div>\r\n\r\n        <div class=\"listing-details c27-footer-section\">\r\n            <ul class=\"c27-listing-preview-category-list no-list-style\">\r\n                <li>\r\n                    <a href=\"https:\/\/stadtm.de\/Bad_Belzig\/category\/stadt\/\">\r\n                        <span class=\"cat-icon\" style=\"background-color: #6c1cff;\">\r\n                            \t\t\t<i class=\"fa fa-city\" style=\"color: #fff; \"><\/i>\r\n\t\t                        <\/span>\r\n                        <span class=\"category-name\">Stadt<\/span>\r\n                    <\/a>\r\n                <\/li>\r\n\r\n                                    <li>\r\n                        <div class=\"categories-dropdown dropdown c27-more-categories\">\r\n                            <span class=\"tooltip-element\">\r\n                                <a href=\"#other-categories\">\r\n                                    <span class=\"cat-icon cat-more\">+1<\/span>\r\n                                <\/a>\r\n                                <span class=\"tooltip-container\">Spielplatz<\/span>\r\n                            <\/span>\r\n                        <\/div>\r\n                    <\/li>\r\n                            <\/ul>\r\n\r\n            <div class=\"ld-info\">\r\n                <ul class=\"no-list-style\">\r\n                                            <li class=\"item-preview tooltip-element\">\r\n    <a aria-label=\"Quick view button\" href=\"#\" type=\"button\" class=\"c27-toggle-quick-view-modal\" data-id=\"4187\">\r\n    \t<i class=\"mi zoom_in\"><\/i>\r\n    <\/a>\r\n    <span class=\"tooltip-container\">Quick view<\/span>\r\n<\/li>                                                                <li class=\"tooltip-element\">\r\n    <a aria-label=\"Bookmark button\" href=\"#\" class=\"c27-bookmark-button \"\r\n       data-listing-id=\"4187\" onclick=\"MyListing.Handlers.Bookmark_Button(event, this)\">\r\n       <i class=\"mi favorite_border\"><\/i>\r\n    <\/a>\r\n    <span class=\"tooltip-container\">Bookmark<\/span>\r\n<\/li>                                                        <\/ul>\r\n            <\/div>\r\n        <\/div>\r\n    <\/div>\r\n<\/div><div class=\"\"><div\r\n    class=\"lf-item-container listing-preview type-place-2 lf-type-2 has-logo has-tagline has-info-fields level-normal priority-0\"\r\n    data-id=\"listing-id-4120\"\r\n        data-category-icon=\"\t\t\t&lt;i class=&quot;fa fa-city&quot; style=&quot;color: #fff; background: #6c1cff; &quot;&gt;&lt;\/i&gt;\r\n\t\t\"\r\n    data-category-color=\"#6c1cff\"\r\n    data-category-text-color=\"#fff\"\r\n        data-thumbnail=\"https:\/\/stadtm.de\/Bad_Belzig\/wp-content\/uploads\/2025\/08\/Gertraudtenkapelle1-150x150.jpg\"\r\n    data-marker=\"https:\/\/stadtm.de\/Bad_Belzig\/wp-content\/uploads\/2025\/08\/Gertraudtenkapelle1-150x150.jpg\"\r\n    data-template=\"alternate\"\r\n    data-locations=\"[{&quot;address&quot;:&quot;Brandenburger Stra\\u00dfe, 14806 Bad Belzig&quot;,&quot;lat&quot;:&quot;52.14334&quot;,&quot;lng&quot;:&quot;12.58985&quot;}]\"\r\n>\r\n<div class=\"lf-item lf-item-alternate\" data-template=\"alternate\">\r\n    <a href=\"https:\/\/stadtm.de\/Bad_Belzig\/listing\/gertraudtenkapelle\/\">\r\n\r\n        <div class=\"overlay\" style=\"\r\n    background-color: #242429;\r\n    opacity: 0.4;\r\n\"><\/div>\r\n        \r\n                    <div class=\"lf-background\" style=\"background-image: url('https:\/\/stadtm.de\/Bad_Belzig\/wp-content\/uploads\/2025\/08\/Gertraudtenkapelle-768x512.jpg');\"><\/div>\r\n        \r\n        <div class=\"lf-item-info-2\">\r\n                            <div class=\"lf-avatar\" style=\"background-image: url('https:\/\/stadtm.de\/Bad_Belzig\/wp-content\/uploads\/2025\/08\/Gertraudtenkapelle1-150x150.jpg')\"><\/div>\r\n            \r\n            <h4 class=\"case27-primary-text listing-preview-title\">\r\n                Gertraudtenkapelle                            <\/h4>\r\n\r\n                            <h6>Gertraudtenkapelle in Bad Belzig \u2013 Eine stille Sehensw\u00fcrdigkeit mit Geschichte\r\nEine sp\u00e4tgotische&hellip;<\/h6>\r\n            \r\n            \r\n<ul class=\"lf-contact no-list-style\">\r\n\t            <li >\r\n            \t                \t<i class=\"icon-location-pin-add-2 sm-icon\"><\/i>\r\n            \t                Brandenburger Stra\u00dfe            <\/li>\r\n        <\/ul>\r\n        <\/div>\r\n\r\n    <\/a>\r\n        <div class=\"lf-head level-normal\">\r\n    \r\n    <\/div><\/div>\r\n\r\n        <div class=\"listing-details c27-footer-section\">\r\n            <ul class=\"c27-listing-preview-category-list no-list-style\">\r\n                <li>\r\n                    <a href=\"https:\/\/stadtm.de\/Bad_Belzig\/category\/stadt\/\">\r\n                        <span class=\"cat-icon\" style=\"background-color: #6c1cff;\">\r\n                            \t\t\t<i class=\"fa fa-city\" style=\"color: #fff; \"><\/i>\r\n\t\t                        <\/span>\r\n                        <span class=\"category-name\">Stadt<\/span>\r\n                    <\/a>\r\n                <\/li>\r\n\r\n                                    <li>\r\n                        <div class=\"categories-dropdown dropdown c27-more-categories\">\r\n                            <span class=\"tooltip-element\">\r\n                                <a href=\"#other-categories\">\r\n                                    <span class=\"cat-icon cat-more\">+2<\/span>\r\n                                <\/a>\r\n                                <span class=\"tooltip-container\">Sehensw\u00fcrdigkeiten, Kirche<\/span>\r\n                            <\/span>\r\n                        <\/div>\r\n                    <\/li>\r\n                            <\/ul>\r\n\r\n            <div class=\"ld-info\">\r\n                <ul class=\"no-list-style\">\r\n                                            <li class=\"item-preview tooltip-element\">\r\n    <a aria-label=\"Quick view button\" href=\"#\" type=\"button\" class=\"c27-toggle-quick-view-modal\" data-id=\"4120\">\r\n    \t<i class=\"mi zoom_in\"><\/i>\r\n    <\/a>\r\n    <span class=\"tooltip-container\">Quick view<\/span>\r\n<\/li>                                                                <li class=\"tooltip-element\">\r\n    <a aria-label=\"Bookmark button\" href=\"#\" class=\"c27-bookmark-button \"\r\n       data-listing-id=\"4120\" onclick=\"MyListing.Handlers.Bookmark_Button(event, this)\">\r\n       <i class=\"mi favorite_border\"><\/i>\r\n    <\/a>\r\n    <span class=\"tooltip-container\">Bookmark<\/span>\r\n<\/li>                                                        <\/ul>\r\n            <\/div>\r\n        <\/div>\r\n    <\/div>\r\n<\/div><div class=\"\"><div\r\n    class=\"lf-item-container listing-preview type-place-2 lf-type-2 has-logo has-tagline has-info-fields level-normal priority-0\"\r\n    data-id=\"listing-id-4032\"\r\n        data-category-icon=\"\t\t\t&lt;i class=&quot;fa fa-city&quot; style=&quot;color: #fff; background: #6c1cff; &quot;&gt;&lt;\/i&gt;\r\n\t\t\"\r\n    data-category-color=\"#6c1cff\"\r\n    data-category-text-color=\"#fff\"\r\n        data-thumbnail=\"https:\/\/stadtm.de\/Bad_Belzig\/wp-content\/uploads\/2025\/08\/Rathaus1-150x150.jpg\"\r\n    data-marker=\"https:\/\/stadtm.de\/Bad_Belzig\/wp-content\/uploads\/2025\/08\/Rathaus1-150x150.jpg\"\r\n    data-template=\"alternate\"\r\n    data-locations=\"[{&quot;address&quot;:&quot;Wiesenburger Str. 6, 14806 Bad Belzig&quot;,&quot;lat&quot;:&quot;52.14043&quot;,&quot;lng&quot;:&quot;12.58651&quot;}]\"\r\n>\r\n<div class=\"lf-item lf-item-alternate\" data-template=\"alternate\">\r\n    <a href=\"https:\/\/stadtm.de\/Bad_Belzig\/listing\/rathaus\/\">\r\n\r\n        <div class=\"overlay\" style=\"\r\n    background-color: #242429;\r\n    opacity: 0.4;\r\n\"><\/div>\r\n        \r\n                    <div class=\"lf-background\" style=\"background-image: url('https:\/\/stadtm.de\/Bad_Belzig\/wp-content\/uploads\/2025\/08\/Rathaus-768x511.jpg');\"><\/div>\r\n        \r\n        <div class=\"lf-item-info-2\">\r\n                            <div class=\"lf-avatar\" style=\"background-image: url('https:\/\/stadtm.de\/Bad_Belzig\/wp-content\/uploads\/2025\/08\/Rathaus1-150x150.jpg')\"><\/div>\r\n            \r\n            <h4 class=\"case27-primary-text listing-preview-title\">\r\n                Rathaus                            <\/h4>\r\n\r\n                            <h6>Das Rathaus in Bad Belzig \u2013 Historisches Wahrzeichen im Herzen der Stadt\r\nEin Renaissancebau mit&hellip;<\/h6>\r\n            \r\n            \r\n<ul class=\"lf-contact no-list-style\">\r\n\t            <li >\r\n            \t                \t<i class=\"icon-location-pin-add-2 sm-icon\"><\/i>\r\n            \t                Wiesenburger Str. 6            <\/li>\r\n        <\/ul>\r\n        <\/div>\r\n\r\n    <\/a>\r\n        <div class=\"lf-head level-normal\">\r\n    \r\n    <\/div><\/div>\r\n\r\n        <div class=\"listing-details c27-footer-section\">\r\n            <ul class=\"c27-listing-preview-category-list no-list-style\">\r\n                <li>\r\n                    <a href=\"https:\/\/stadtm.de\/Bad_Belzig\/category\/stadt\/\">\r\n                        <span class=\"cat-icon\" style=\"background-color: #6c1cff;\">\r\n                            \t\t\t<i class=\"fa fa-city\" style=\"color: #fff; \"><\/i>\r\n\t\t                        <\/span>\r\n                        <span class=\"category-name\">Stadt<\/span>\r\n                    <\/a>\r\n                <\/li>\r\n\r\n                                    <li>\r\n                        <div class=\"categories-dropdown dropdown c27-more-categories\">\r\n                            <span class=\"tooltip-element\">\r\n                                <a href=\"#other-categories\">\r\n                                    <span class=\"cat-icon cat-more\">+1<\/span>\r\n                                <\/a>\r\n                                <span class=\"tooltip-container\">Sehensw\u00fcrdigkeiten<\/span>\r\n                            <\/span>\r\n                        <\/div>\r\n                    <\/li>\r\n                            <\/ul>\r\n\r\n            <div class=\"ld-info\">\r\n                <ul class=\"no-list-style\">\r\n                                            <li class=\"item-preview tooltip-element\">\r\n    <a aria-label=\"Quick view button\" href=\"#\" type=\"button\" class=\"c27-toggle-quick-view-modal\" data-id=\"4032\">\r\n    \t<i class=\"mi zoom_in\"><\/i>\r\n    <\/a>\r\n    <span class=\"tooltip-container\">Quick view<\/span>\r\n<\/li>                                                                <li class=\"tooltip-element\">\r\n    <a aria-label=\"Bookmark button\" href=\"#\" class=\"c27-bookmark-button \"\r\n       data-listing-id=\"4032\" onclick=\"MyListing.Handlers.Bookmark_Button(event, this)\">\r\n       <i class=\"mi favorite_border\"><\/i>\r\n    <\/a>\r\n    <span class=\"tooltip-container\">Bookmark<\/span>\r\n<\/li>                                                        <\/ul>\r\n            <\/div>\r\n        <\/div>\r\n    <\/div>\r\n<\/div><div class=\"\"><div\r\n    class=\"lf-item-container listing-preview type-place-2 lf-type-2 has-logo has-tagline has-info-fields level-normal priority-0\"\r\n    data-id=\"listing-id-3638\"\r\n        data-category-icon=\"\t\t\t&lt;i class=&quot;fa fa-city&quot; style=&quot;color: #fff; background: #6c1cff; &quot;&gt;&lt;\/i&gt;\r\n\t\t\"\r\n    data-category-color=\"#6c1cff\"\r\n    data-category-text-color=\"#fff\"\r\n        data-thumbnail=\"https:\/\/stadtm.de\/Bad_Belzig\/wp-content\/uploads\/2025\/07\/Burg-Eisenhardt-Bad-Belzig-150x150.jpg\"\r\n    data-marker=\"https:\/\/stadtm.de\/Bad_Belzig\/wp-content\/uploads\/2025\/07\/Burg-Eisenhardt-Bad-Belzig-150x150.jpg\"\r\n    data-template=\"alternate\"\r\n    data-locations=\"[{&quot;address&quot;:&quot;Wittenberger Str. 14, 14806 Bad Belzig&quot;,&quot;lat&quot;:&quot;52.13726&quot;,&quot;lng&quot;:&quot;12.58475&quot;}]\"\r\n>\r\n<div class=\"lf-item lf-item-alternate\" data-template=\"alternate\">\r\n    <a href=\"https:\/\/stadtm.de\/Bad_Belzig\/listing\/burg-eisenhardt\/\">\r\n\r\n        <div class=\"overlay\" style=\"\r\n    background-color: #242429;\r\n    opacity: 0.4;\r\n\"><\/div>\r\n        \r\n                    <div class=\"lf-background\" style=\"background-image: url('https:\/\/stadtm.de\/Bad_Belzig\/wp-content\/uploads\/2025\/07\/Burg-Eisenhardt-Bad-Belzig2-768x512.jpg');\"><\/div>\r\n        \r\n        <div class=\"lf-item-info-2\">\r\n                            <div class=\"lf-avatar\" style=\"background-image: url('https:\/\/stadtm.de\/Bad_Belzig\/wp-content\/uploads\/2025\/07\/Burg-Eisenhardt-Bad-Belzig-150x150.jpg')\"><\/div>\r\n            \r\n            <h4 class=\"case27-primary-text listing-preview-title\">\r\n                Burg Eisenhardt                            <\/h4>\r\n\r\n                            <h6>Burg Eisenhardt in Bad Belzig \u2013 Eine faszinierende Sehensw\u00fcrdigkeit vor der Haust\u00fcr\r\nDie Burg Eisenhardt ist&hellip;<\/h6>\r\n            \r\n            \r\n<ul class=\"lf-contact no-list-style\">\r\n\t            <li >\r\n            \t                \t<i class=\"icon-location-pin-add-2 sm-icon\"><\/i>\r\n            \t                Wittenberger Str. 14            <\/li>\r\n        <\/ul>\r\n        <\/div>\r\n\r\n    <\/a>\r\n        <div class=\"lf-head level-normal\">\r\n    \r\n    <\/div><\/div>\r\n\r\n        <div class=\"listing-details c27-footer-section\">\r\n            <ul class=\"c27-listing-preview-category-list no-list-style\">\r\n                <li>\r\n                    <a href=\"https:\/\/stadtm.de\/Bad_Belzig\/category\/stadt\/\">\r\n                        <span class=\"cat-icon\" style=\"background-color: #6c1cff;\">\r\n                            \t\t\t<i class=\"fa fa-city\" style=\"color: #fff; \"><\/i>\r\n\t\t                        <\/span>\r\n                        <span class=\"category-name\">Stadt<\/span>\r\n                    <\/a>\r\n                <\/li>\r\n\r\n                                    <li>\r\n                        <div class=\"categories-dropdown dropdown c27-more-categories\">\r\n                            <span class=\"tooltip-element\">\r\n                                <a href=\"#other-categories\">\r\n                                    <span class=\"cat-icon cat-more\">+1<\/span>\r\n                                <\/a>\r\n                                <span class=\"tooltip-container\">Sehensw\u00fcrdigkeiten<\/span>\r\n                            <\/span>\r\n                        <\/div>\r\n                    <\/li>\r\n                            <\/ul>\r\n\r\n            <div class=\"ld-info\">\r\n                <ul class=\"no-list-style\">\r\n                                            <li class=\"item-preview tooltip-element\">\r\n    <a aria-label=\"Quick view button\" href=\"#\" type=\"button\" class=\"c27-toggle-quick-view-modal\" data-id=\"3638\">\r\n    \t<i class=\"mi zoom_in\"><\/i>\r\n    <\/a>\r\n    <span class=\"tooltip-container\">Quick view<\/span>\r\n<\/li>                                                                <li class=\"tooltip-element\">\r\n    <a aria-label=\"Bookmark button\" href=\"#\" class=\"c27-bookmark-button \"\r\n       data-listing-id=\"3638\" onclick=\"MyListing.Handlers.Bookmark_Button(event, this)\">\r\n       <i class=\"mi favorite_border\"><\/i>\r\n    <\/a>\r\n    <span class=\"tooltip-container\">Bookmark<\/span>\r\n<\/li>                                                        <\/ul>\r\n            <\/div>\r\n        <\/div>\r\n    <\/div>\r\n<\/div><div class=\"\"><div\r\n    class=\"lf-item-container listing-preview type-place-2 lf-type-2 has-logo has-tagline has-info-fields level-normal priority-0\"\r\n    data-id=\"listing-id-3929\"\r\n        data-category-icon=\"\t\t\t&lt;i class=&quot;fa fa-city&quot; style=&quot;color: #fff; background: #6c1cff; &quot;&gt;&lt;\/i&gt;\r\n\t\t\"\r\n    data-category-color=\"#6c1cff\"\r\n    data-category-text-color=\"#fff\"\r\n        data-thumbnail=\"https:\/\/stadtm.de\/Bad_Belzig\/wp-content\/uploads\/2025\/08\/Familienzentrum-Klinkengrund-150x150.jpg\"\r\n    data-marker=\"https:\/\/stadtm.de\/Bad_Belzig\/wp-content\/uploads\/2025\/08\/Familienzentrum-Klinkengrund-150x150.jpg\"\r\n    data-template=\"alternate\"\r\n    data-locations=\"[{&quot;address&quot;:&quot;Heinrich-Heine-Str. 3a, 14806 Bad Belzig&quot;,&quot;lat&quot;:&quot;52.14039&quot;,&quot;lng&quot;:&quot;12.60461&quot;}]\"\r\n>\r\n<div class=\"lf-item lf-item-alternate\" data-template=\"alternate\">\r\n    <a href=\"https:\/\/stadtm.de\/Bad_Belzig\/listing\/familienzentrum-klinkengrund\/\">\r\n\r\n        <div class=\"overlay\" style=\"\r\n    background-color: #242429;\r\n    opacity: 0.4;\r\n\"><\/div>\r\n        \r\n                    <div class=\"lf-background\" style=\"background-image: url('https:\/\/stadtm.de\/Bad_Belzig\/wp-content\/uploads\/2025\/08\/Familienzentrum-Klinkengrund1-768x512.jpg');\"><\/div>\r\n        \r\n        <div class=\"lf-item-info-2\">\r\n                            <div class=\"lf-avatar\" style=\"background-image: url('https:\/\/stadtm.de\/Bad_Belzig\/wp-content\/uploads\/2025\/08\/Familienzentrum-Klinkengrund-150x150.jpg')\"><\/div>\r\n            \r\n            <h4 class=\"case27-primary-text listing-preview-title\">\r\n                Familienzentrum Klinkengrund                            <\/h4>\r\n\r\n                            <h6>Familienzentrum Klinkengrund in Bad Belzig \u2013 Treffpunkt f\u00fcr Familien\r\nDas Familienzentrum Klinkengrund in Bad&hellip;<\/h6>\r\n            \r\n            \r\n<ul class=\"lf-contact no-list-style\">\r\n\t            <li >\r\n            \t                \t<i class=\"icon-phone-outgoing sm-icon\"><\/i>\r\n            \t                +49 (33841) 455686            <\/li>\r\n                    <li >\r\n            \t                \t<i class=\"icon-location-pin-add-2 sm-icon\"><\/i>\r\n            \t                Heinrich-Heine-Str. 3a            <\/li>\r\n        <\/ul>\r\n        <\/div>\r\n\r\n    <\/a>\r\n        <div class=\"lf-head level-normal\">\r\n    \r\n    <\/div><\/div>\r\n\r\n        <div class=\"listing-details c27-footer-section\">\r\n            <ul class=\"c27-listing-preview-category-list no-list-style\">\r\n                <li>\r\n                    <a href=\"https:\/\/stadtm.de\/Bad_Belzig\/category\/stadt\/\">\r\n                        <span class=\"cat-icon\" style=\"background-color: #6c1cff;\">\r\n                            \t\t\t<i class=\"fa fa-city\" style=\"color: #fff; \"><\/i>\r\n\t\t                        <\/span>\r\n                        <span class=\"category-name\">Stadt<\/span>\r\n                    <\/a>\r\n                <\/li>\r\n\r\n                                    <li>\r\n                        <div class=\"categories-dropdown dropdown c27-more-categories\">\r\n                            <span class=\"tooltip-element\">\r\n                                <a href=\"#other-categories\">\r\n                                    <span class=\"cat-icon cat-more\">+2<\/span>\r\n                                <\/a>\r\n                                <span class=\"tooltip-container\">Sozialeinrichtung, Freizeiteinrichtungen<\/span>\r\n                            <\/span>\r\n                        <\/div>\r\n                    <\/li>\r\n                            <\/ul>\r\n\r\n            <div class=\"ld-info\">\r\n                <ul class=\"no-list-style\">\r\n                                            <li class=\"item-preview tooltip-element\">\r\n    <a aria-label=\"Quick view button\" href=\"#\" type=\"button\" class=\"c27-toggle-quick-view-modal\" data-id=\"3929\">\r\n    \t<i class=\"mi zoom_in\"><\/i>\r\n    <\/a>\r\n    <span class=\"tooltip-container\">Quick view<\/span>\r\n<\/li>                                                                <li class=\"tooltip-element\">\r\n    <a aria-label=\"Bookmark button\" href=\"#\" class=\"c27-bookmark-button \"\r\n       data-listing-id=\"3929\" onclick=\"MyListing.Handlers.Bookmark_Button(event, this)\">\r\n       <i class=\"mi favorite_border\"><\/i>\r\n    <\/a>\r\n    <span class=\"tooltip-container\">Bookmark<\/span>\r\n<\/li>                                                        <\/ul>\r\n            <\/div>\r\n        <\/div>\r\n    <\/div>\r\n<\/div><div class=\"\"><div\r\n    class=\"lf-item-container listing-preview type-place-2 lf-type-2 has-logo has-tagline has-info-fields level-normal priority-0\"\r\n    data-id=\"listing-id-3866\"\r\n        data-category-icon=\"\t\t\t&lt;i class=&quot;fa fa-city&quot; style=&quot;color: #fff; background: #6c1cff; &quot;&gt;&lt;\/i&gt;\r\n\t\t\"\r\n    data-category-color=\"#6c1cff\"\r\n    data-category-text-color=\"#fff\"\r\n        data-thumbnail=\"https:\/\/stadtm.de\/Bad_Belzig\/wp-content\/uploads\/2025\/08\/Feuerwehr-Werbig1-150x150.jpg\"\r\n    data-marker=\"https:\/\/stadtm.de\/Bad_Belzig\/wp-content\/uploads\/2025\/08\/Feuerwehr-Werbig1-150x150.jpg\"\r\n    data-template=\"alternate\"\r\n    data-locations=\"[{&quot;address&quot;:&quot;Benkener Weg 5, 14806 Bad Belzig \\\/ Werbig&quot;,&quot;lat&quot;:&quot;52.18269&quot;,&quot;lng&quot;:&quot;12.46346&quot;}]\"\r\n>\r\n<div class=\"lf-item lf-item-alternate\" data-template=\"alternate\">\r\n    <a href=\"https:\/\/stadtm.de\/Bad_Belzig\/listing\/feuerwehr-werbig\/\">\r\n\r\n        <div class=\"overlay\" style=\"\r\n    background-color: #242429;\r\n    opacity: 0.4;\r\n\"><\/div>\r\n        \r\n                    <div class=\"lf-background\" style=\"background-image: url('https:\/\/stadtm.de\/Bad_Belzig\/wp-content\/uploads\/2025\/08\/Feuerwehr-Werbig-768x384.jpg');\"><\/div>\r\n        \r\n        <div class=\"lf-item-info-2\">\r\n                            <div class=\"lf-avatar\" style=\"background-image: url('https:\/\/stadtm.de\/Bad_Belzig\/wp-content\/uploads\/2025\/08\/Feuerwehr-Werbig1-150x150.jpg')\"><\/div>\r\n            \r\n            <h4 class=\"case27-primary-text listing-preview-title\">\r\n                Feuerwehr Werbig                            <\/h4>\r\n\r\n                            <h6>Feuerwehr Werbig in Bad Belzig \u2013 Ehrenamtlicher Einsatz f\u00fcr Ihre Sicherheit\r\nEinsatzbereit in jedem Moment:&hellip;<\/h6>\r\n            \r\n            \r\n<ul class=\"lf-contact no-list-style\">\r\n\t            <li >\r\n            \t                \t<i class=\"icon-location-pin-add-2 sm-icon\"><\/i>\r\n            \t                Benkener Weg 5            <\/li>\r\n        <\/ul>\r\n        <\/div>\r\n\r\n    <\/a>\r\n        <div class=\"lf-head level-normal\">\r\n    \r\n    <\/div><\/div>\r\n\r\n        <div class=\"listing-details c27-footer-section\">\r\n            <ul class=\"c27-listing-preview-category-list no-list-style\">\r\n                <li>\r\n                    <a href=\"https:\/\/stadtm.de\/Bad_Belzig\/category\/stadt\/\">\r\n                        <span class=\"cat-icon\" style=\"background-color: #6c1cff;\">\r\n                            \t\t\t<i class=\"fa fa-city\" style=\"color: #fff; \"><\/i>\r\n\t\t                        <\/span>\r\n                        <span class=\"category-name\">Stadt<\/span>\r\n                    <\/a>\r\n                <\/li>\r\n\r\n                                    <li>\r\n                        <div class=\"categories-dropdown dropdown c27-more-categories\">\r\n                            <span class=\"tooltip-element\">\r\n                                <a href=\"#other-categories\">\r\n                                    <span class=\"cat-icon cat-more\">+2<\/span>\r\n                                <\/a>\r\n                                <span class=\"tooltip-container\">Feuerwehr, \u00d6ffentliche Einrichtungen<\/span>\r\n                            <\/span>\r\n                        <\/div>\r\n                    <\/li>\r\n                            <\/ul>\r\n\r\n            <div class=\"ld-info\">\r\n                <ul class=\"no-list-style\">\r\n                                            <li class=\"item-preview tooltip-element\">\r\n    <a aria-label=\"Quick view button\" href=\"#\" type=\"button\" class=\"c27-toggle-quick-view-modal\" data-id=\"3866\">\r\n    \t<i class=\"mi zoom_in\"><\/i>\r\n    <\/a>\r\n    <span class=\"tooltip-container\">Quick view<\/span>\r\n<\/li>                                                                <li class=\"tooltip-element\">\r\n    <a aria-label=\"Bookmark button\" href=\"#\" class=\"c27-bookmark-button \"\r\n       data-listing-id=\"3866\" onclick=\"MyListing.Handlers.Bookmark_Button(event, this)\">\r\n       <i class=\"mi favorite_border\"><\/i>\r\n    <\/a>\r\n    <span class=\"tooltip-container\">Bookmark<\/span>\r\n<\/li>                                                        <\/ul>\r\n            <\/div>\r\n        <\/div>\r\n    <\/div>\r\n<\/div><div class=\"\"><div\r\n    class=\"lf-item-container listing-preview type-place-2 lf-type-2 has-logo has-tagline has-info-fields level-normal priority-0\"\r\n    data-id=\"listing-id-3779\"\r\n        data-category-icon=\"\t\t\t&lt;i class=&quot;fa fa-city&quot; style=&quot;color: #fff; background: #6c1cff; &quot;&gt;&lt;\/i&gt;\r\n\t\t\"\r\n    data-category-color=\"#6c1cff\"\r\n    data-category-text-color=\"#fff\"\r\n        data-thumbnail=\"https:\/\/stadtm.de\/Bad_Belzig\/wp-content\/uploads\/2025\/08\/Waldvilla-Bad-Belzig-150x150.jpg\"\r\n    data-marker=\"https:\/\/stadtm.de\/Bad_Belzig\/wp-content\/uploads\/2025\/08\/Waldvilla-Bad-Belzig-150x150.jpg\"\r\n    data-template=\"alternate\"\r\n    data-locations=\"[{&quot;address&quot;:&quot;Weitzgrunder Weg 23\\\/25, 14806 Bad Belzig&quot;,&quot;lat&quot;:&quot;52.15324&quot;,&quot;lng&quot;:&quot;12.58340&quot;}]\"\r\n>\r\n<div class=\"lf-item lf-item-alternate\" data-template=\"alternate\">\r\n    <a href=\"https:\/\/stadtm.de\/Bad_Belzig\/listing\/waldvilla-bad-belzig\/\">\r\n\r\n        <div class=\"overlay\" style=\"\r\n    background-color: #242429;\r\n    opacity: 0.4;\r\n\"><\/div>\r\n        \r\n                    <div class=\"lf-background\" style=\"background-image: url('https:\/\/stadtm.de\/Bad_Belzig\/wp-content\/uploads\/2025\/08\/Waldvilla-Bad-Belzig-1-768x501.jpg');\"><\/div>\r\n        \r\n        <div class=\"lf-item-info-2\">\r\n                            <div class=\"lf-avatar\" style=\"background-image: url('https:\/\/stadtm.de\/Bad_Belzig\/wp-content\/uploads\/2025\/08\/Waldvilla-Bad-Belzig-150x150.jpg')\"><\/div>\r\n            \r\n            <h4 class=\"case27-primary-text listing-preview-title\">\r\n                Waldvilla Bad Belzig                            <\/h4>\r\n\r\n                            <h6>Die Waldvilla in Bad Belzig \u2013 Ein besonderer Kindergarten am Waldrand\r\nDer Kindergarten Waldvilla in Bad&hellip;<\/h6>\r\n            \r\n            \r\n<ul class=\"lf-contact no-list-style\">\r\n\t            <li >\r\n            \t                \t<i class=\"icon-phone-outgoing sm-icon\"><\/i>\r\n            \t                +49 (33841) 441304            <\/li>\r\n                    <li >\r\n            \t                \t<i class=\"icon-location-pin-add-2 sm-icon\"><\/i>\r\n            \t                Weitzgrunder Weg 23\/25            <\/li>\r\n        <\/ul>\r\n        <\/div>\r\n\r\n    <\/a>\r\n        <div class=\"lf-head level-normal\">\r\n    \r\n                    <div class=\"lf-head-btn  open-status listing-status-open\" >\r\n                    OPEN                <\/div>\r\n            <\/div><\/div>\r\n\r\n        <div class=\"listing-details c27-footer-section\">\r\n            <ul class=\"c27-listing-preview-category-list no-list-style\">\r\n                <li>\r\n                    <a href=\"https:\/\/stadtm.de\/Bad_Belzig\/category\/stadt\/\">\r\n                        <span class=\"cat-icon\" style=\"background-color: #6c1cff;\">\r\n                            \t\t\t<i class=\"fa fa-city\" style=\"color: #fff; \"><\/i>\r\n\t\t                        <\/span>\r\n                        <span class=\"category-name\">Stadt<\/span>\r\n                    <\/a>\r\n                <\/li>\r\n\r\n                                    <li>\r\n                        <div class=\"categories-dropdown dropdown c27-more-categories\">\r\n                            <span class=\"tooltip-element\">\r\n                                <a href=\"#other-categories\">\r\n                                    <span class=\"cat-icon cat-more\">+1<\/span>\r\n                                <\/a>\r\n                                <span class=\"tooltip-container\">Kinderbetreuung<\/span>\r\n                            <\/span>\r\n                        <\/div>\r\n                    <\/li>\r\n                            <\/ul>\r\n\r\n            <div class=\"ld-info\">\r\n                <ul class=\"no-list-style\">\r\n                                            <li class=\"item-preview tooltip-element\">\r\n    <a aria-label=\"Quick view button\" href=\"#\" type=\"button\" class=\"c27-toggle-quick-view-modal\" data-id=\"3779\">\r\n    \t<i class=\"mi zoom_in\"><\/i>\r\n    <\/a>\r\n    <span class=\"tooltip-container\">Quick view<\/span>\r\n<\/li>                                                                <li class=\"tooltip-element\">\r\n    <a aria-label=\"Bookmark button\" href=\"#\" class=\"c27-bookmark-button \"\r\n       data-listing-id=\"3779\" onclick=\"MyListing.Handlers.Bookmark_Button(event, this)\">\r\n       <i class=\"mi favorite_border\"><\/i>\r\n    <\/a>\r\n    <span class=\"tooltip-container\">Bookmark<\/span>\r\n<\/li>                                                        <\/ul>\r\n            <\/div>\r\n        <\/div>\r\n    <\/div>\r\n<\/div><div class=\"\"><div\r\n    class=\"lf-item-container listing-preview type-place-2 lf-type-2 has-logo has-tagline has-info-fields level-normal priority-0\"\r\n    data-id=\"listing-id-4218\"\r\n        data-category-icon=\"\t\t\t&lt;i class=&quot;fa fa-city&quot; style=&quot;color: #fff; background: #6c1cff; &quot;&gt;&lt;\/i&gt;\r\n\t\t\"\r\n    data-category-color=\"#6c1cff\"\r\n    data-category-text-color=\"#fff\"\r\n        data-thumbnail=\"https:\/\/stadtm.de\/Bad_Belzig\/wp-content\/uploads\/2025\/08\/Spielplatz-Bad-Belzig-Goethestrasse1-150x150.jpg\"\r\n    data-marker=\"https:\/\/stadtm.de\/Bad_Belzig\/wp-content\/uploads\/2025\/08\/Spielplatz-Bad-Belzig-Goethestrasse1-150x150.jpg\"\r\n    data-template=\"alternate\"\r\n    data-locations=\"[{&quot;address&quot;:&quot;Goethestra\\u00dfe, 14806 Bad Belzig&quot;,&quot;lat&quot;:&quot;52.14128&quot;,&quot;lng&quot;:&quot;12.60324&quot;}]\"\r\n>\r\n<div class=\"lf-item lf-item-alternate\" data-template=\"alternate\">\r\n    <a href=\"https:\/\/stadtm.de\/Bad_Belzig\/listing\/spielplatz-bad-belzig-goethestrasse\/\">\r\n\r\n        <div class=\"overlay\" style=\"\r\n    background-color: #242429;\r\n    opacity: 0.4;\r\n\"><\/div>\r\n        \r\n                    <div class=\"lf-background\" style=\"background-image: url('https:\/\/stadtm.de\/Bad_Belzig\/wp-content\/uploads\/2025\/08\/Spielplatz-Bad-Belzig-Goethestrasse-768x512.jpg');\"><\/div>\r\n        \r\n        <div class=\"lf-item-info-2\">\r\n                            <div class=\"lf-avatar\" style=\"background-image: url('https:\/\/stadtm.de\/Bad_Belzig\/wp-content\/uploads\/2025\/08\/Spielplatz-Bad-Belzig-Goethestrasse1-150x150.jpg')\"><\/div>\r\n            \r\n            <h4 class=\"case27-primary-text listing-preview-title\">\r\n                Spielplatz Bad Belzig - Goethestra\u00dfe                            <\/h4>\r\n\r\n                            <h6>Spielplatz in der Goethestra\u00dfe in Bad Belzig\r\nEin Ort f\u00fcr lebendiges Spielen im Herzen von Bad Belzig\r\nDer&hellip;<\/h6>\r\n            \r\n            \r\n<ul class=\"lf-contact no-list-style\">\r\n\t            <li >\r\n            \t                \t<i class=\"icon-location-pin-add-2 sm-icon\"><\/i>\r\n            \t                Goethestra\u00dfe            <\/li>\r\n        <\/ul>\r\n        <\/div>\r\n\r\n    <\/a>\r\n        <div class=\"lf-head level-normal\">\r\n    \r\n    <\/div><\/div>\r\n\r\n        <div class=\"listing-details c27-footer-section\">\r\n            <ul class=\"c27-listing-preview-category-list no-list-style\">\r\n                <li>\r\n                    <a href=\"https:\/\/stadtm.de\/Bad_Belzig\/category\/stadt\/\">\r\n                        <span class=\"cat-icon\" style=\"background-color: #6c1cff;\">\r\n                            \t\t\t<i class=\"fa fa-city\" style=\"color: #fff; \"><\/i>\r\n\t\t                        <\/span>\r\n                        <span class=\"category-name\">Stadt<\/span>\r\n                    <\/a>\r\n                <\/li>\r\n\r\n                                    <li>\r\n                        <div class=\"categories-dropdown dropdown c27-more-categories\">\r\n                            <span class=\"tooltip-element\">\r\n                                <a href=\"#other-categories\">\r\n                                    <span class=\"cat-icon cat-more\">+1<\/span>\r\n                                <\/a>\r\n                                <span class=\"tooltip-container\">Spielplatz<\/span>\r\n                            <\/span>\r\n                        <\/div>\r\n                    <\/li>\r\n                            <\/ul>\r\n\r\n            <div class=\"ld-info\">\r\n                <ul class=\"no-list-style\">\r\n                                            <li class=\"item-preview tooltip-element\">\r\n    <a aria-label=\"Quick view button\" href=\"#\" type=\"button\" class=\"c27-toggle-quick-view-modal\" data-id=\"4218\">\r\n    \t<i class=\"mi zoom_in\"><\/i>\r\n    <\/a>\r\n    <span class=\"tooltip-container\">Quick view<\/span>\r\n<\/li>                                                                <li class=\"tooltip-element\">\r\n    <a aria-label=\"Bookmark button\" href=\"#\" class=\"c27-bookmark-button \"\r\n       data-listing-id=\"4218\" onclick=\"MyListing.Handlers.Bookmark_Button(event, this)\">\r\n       <i class=\"mi favorite_border\"><\/i>\r\n    <\/a>\r\n    <span class=\"tooltip-container\">Bookmark<\/span>\r\n<\/li>                                                        <\/ul>\r\n            <\/div>\r\n        <\/div>\r\n    <\/div>\r\n<\/div><div class=\"\"><div\r\n    class=\"lf-item-container listing-preview type-place-2 lf-type-2 has-logo has-tagline has-info-fields level-normal priority-0\"\r\n    data-id=\"listing-id-4139\"\r\n        data-category-icon=\"\t\t\t&lt;i class=&quot;fa fa-city&quot; style=&quot;color: #fff; background: #6c1cff; &quot;&gt;&lt;\/i&gt;\r\n\t\t\"\r\n    data-category-color=\"#6c1cff\"\r\n    data-category-text-color=\"#fff\"\r\n        data-thumbnail=\"https:\/\/stadtm.de\/Bad_Belzig\/wp-content\/uploads\/2025\/08\/Spielplatz-Gross-Briesen1-150x150.jpg\"\r\n    data-marker=\"https:\/\/stadtm.de\/Bad_Belzig\/wp-content\/uploads\/2025\/08\/Spielplatz-Gross-Briesen1-150x150.jpg\"\r\n    data-template=\"alternate\"\r\n    data-locations=\"[{&quot;address&quot;:&quot;Blumenstra\\u00dfe, 14806 Bad Belzig \\\/ Gro\\u00df Briesen&quot;,&quot;lat&quot;:&quot;52.24883&quot;,&quot;lng&quot;:&quot;12.48468&quot;}]\"\r\n>\r\n<div class=\"lf-item lf-item-alternate\" data-template=\"alternate\">\r\n    <a href=\"https:\/\/stadtm.de\/Bad_Belzig\/listing\/spielplatz-gross-briesen\/\">\r\n\r\n        <div class=\"overlay\" style=\"\r\n    background-color: #242429;\r\n    opacity: 0.4;\r\n\"><\/div>\r\n        \r\n                    <div class=\"lf-background\" style=\"background-image: url('https:\/\/stadtm.de\/Bad_Belzig\/wp-content\/uploads\/2025\/08\/Spielplatz-Gross-Briesen-768x512.jpg');\"><\/div>\r\n        \r\n        <div class=\"lf-item-info-2\">\r\n                            <div class=\"lf-avatar\" style=\"background-image: url('https:\/\/stadtm.de\/Bad_Belzig\/wp-content\/uploads\/2025\/08\/Spielplatz-Gross-Briesen1-150x150.jpg')\"><\/div>\r\n            \r\n            <h4 class=\"case27-primary-text listing-preview-title\">\r\n                Spielplatz Gro\u00df Briesen                            <\/h4>\r\n\r\n                            <h6>Spielplatz in Gro\u00df Briesen \u2013 Treffpunkt f\u00fcr Kinder in Bad Belzig\r\nEin Ort f\u00fcr Bewegung, Begegnung und&hellip;<\/h6>\r\n            \r\n            \r\n<ul class=\"lf-contact no-list-style\">\r\n\t            <li >\r\n            \t                \t<i class=\"icon-location-pin-add-2 sm-icon\"><\/i>\r\n            \t                Blumenstra\u00dfe            <\/li>\r\n        <\/ul>\r\n        <\/div>\r\n\r\n    <\/a>\r\n        <div class=\"lf-head level-normal\">\r\n    \r\n    <\/div><\/div>\r\n\r\n        <div class=\"listing-details c27-footer-section\">\r\n            <ul class=\"c27-listing-preview-category-list no-list-style\">\r\n                <li>\r\n                    <a href=\"https:\/\/stadtm.de\/Bad_Belzig\/category\/stadt\/\">\r\n                        <span class=\"cat-icon\" style=\"background-color: #6c1cff;\">\r\n                            \t\t\t<i class=\"fa fa-city\" style=\"color: #fff; \"><\/i>\r\n\t\t                        <\/span>\r\n                        <span class=\"category-name\">Stadt<\/span>\r\n                    <\/a>\r\n                <\/li>\r\n\r\n                                    <li>\r\n                        <div class=\"categories-dropdown dropdown c27-more-categories\">\r\n                            <span class=\"tooltip-element\">\r\n                                <a href=\"#other-categories\">\r\n                                    <span class=\"cat-icon cat-more\">+1<\/span>\r\n                                <\/a>\r\n                                <span class=\"tooltip-container\">Spielplatz<\/span>\r\n                            <\/span>\r\n                        <\/div>\r\n                    <\/li>\r\n                            <\/ul>\r\n\r\n            <div class=\"ld-info\">\r\n                <ul class=\"no-list-style\">\r\n                                            <li class=\"item-preview tooltip-element\">\r\n    <a aria-label=\"Quick view button\" href=\"#\" type=\"button\" class=\"c27-toggle-quick-view-modal\" data-id=\"4139\">\r\n    \t<i class=\"mi zoom_in\"><\/i>\r\n    <\/a>\r\n    <span class=\"tooltip-container\">Quick view<\/span>\r\n<\/li>                                                                <li class=\"tooltip-element\">\r\n    <a aria-label=\"Bookmark button\" href=\"#\" class=\"c27-bookmark-button \"\r\n       data-listing-id=\"4139\" onclick=\"MyListing.Handlers.Bookmark_Button(event, this)\">\r\n       <i class=\"mi favorite_border\"><\/i>\r\n    <\/a>\r\n    <span class=\"tooltip-container\">Bookmark<\/span>\r\n<\/li>                                                        <\/ul>\r\n            <\/div>\r\n        <\/div>\r\n    <\/div>\r\n<\/div><div class=\"\"><div\r\n    class=\"lf-item-container listing-preview type-place-2 lf-type-2 has-logo has-tagline has-info-fields level-normal priority-0\"\r\n    data-id=\"listing-id-3882\"\r\n        data-category-icon=\"\t\t\t&lt;i class=&quot;fa fa-city&quot; style=&quot;color: #fff; background: #6c1cff; &quot;&gt;&lt;\/i&gt;\r\n\t\t\"\r\n    data-category-color=\"#6c1cff\"\r\n    data-category-text-color=\"#fff\"\r\n        data-thumbnail=\"https:\/\/stadtm.de\/Bad_Belzig\/wp-content\/uploads\/2025\/08\/Freizeit-und-Erlebnisbad-Bad-Belzig-150x150.jpg\"\r\n    data-marker=\"https:\/\/stadtm.de\/Bad_Belzig\/wp-content\/uploads\/2025\/08\/Freizeit-und-Erlebnisbad-Bad-Belzig-150x150.jpg\"\r\n    data-template=\"alternate\"\r\n    data-locations=\"[{&quot;address&quot;:&quot;Weitzgrunder Str. 8, 14806 Bad Belzig&quot;,&quot;lat&quot;:&quot;52.14635&quot;,&quot;lng&quot;:&quot;12.59088&quot;}]\"\r\n>\r\n<div class=\"lf-item lf-item-alternate\" data-template=\"alternate\">\r\n    <a href=\"https:\/\/stadtm.de\/Bad_Belzig\/listing\/freizeit-und-erlebnisbad-bad-belzig\/\">\r\n\r\n        <div class=\"overlay\" style=\"\r\n    background-color: #242429;\r\n    opacity: 0.4;\r\n\"><\/div>\r\n        \r\n                    <div class=\"lf-background\" style=\"background-image: url('https:\/\/stadtm.de\/Bad_Belzig\/wp-content\/uploads\/2025\/08\/Freizeit-und-Erlebnisbad-Bad-Belzig1-768x512.jpg');\"><\/div>\r\n        \r\n        <div class=\"lf-item-info-2\">\r\n                            <div class=\"lf-avatar\" style=\"background-image: url('https:\/\/stadtm.de\/Bad_Belzig\/wp-content\/uploads\/2025\/08\/Freizeit-und-Erlebnisbad-Bad-Belzig-150x150.jpg')\"><\/div>\r\n            \r\n            <h4 class=\"case27-primary-text listing-preview-title\">\r\n                Freizeit- und Erlebnisbad Bad Belzig                            <\/h4>\r\n\r\n                            <h6>Freibad Bad Belzig \u2013 Das Freizeit- und Erlebnisbad f\u00fcr die ganze Familie\r\nErfrischung, Spa\u00df und Bewegung im&hellip;<\/h6>\r\n            \r\n            \r\n<ul class=\"lf-contact no-list-style\">\r\n\t            <li >\r\n            \t                \t<i class=\"icon-phone-outgoing sm-icon\"><\/i>\r\n            \t                +49 (33841) 31011            <\/li>\r\n                    <li >\r\n            \t                \t<i class=\"icon-location-pin-add-2 sm-icon\"><\/i>\r\n            \t                Weitzgrunder Str. 8            <\/li>\r\n        <\/ul>\r\n        <\/div>\r\n\r\n    <\/a>\r\n        <div class=\"lf-head level-normal\">\r\n    \r\n    <\/div><\/div>\r\n\r\n        <div class=\"listing-details c27-footer-section\">\r\n            <ul class=\"c27-listing-preview-category-list no-list-style\">\r\n                <li>\r\n                    <a href=\"https:\/\/stadtm.de\/Bad_Belzig\/category\/stadt\/\">\r\n                        <span class=\"cat-icon\" style=\"background-color: #6c1cff;\">\r\n                            \t\t\t<i class=\"fa fa-city\" style=\"color: #fff; \"><\/i>\r\n\t\t                        <\/span>\r\n                        <span class=\"category-name\">Stadt<\/span>\r\n                    <\/a>\r\n                <\/li>\r\n\r\n                                    <li>\r\n                        <div class=\"categories-dropdown dropdown c27-more-categories\">\r\n                            <span class=\"tooltip-element\">\r\n                                <a href=\"#other-categories\">\r\n                                    <span class=\"cat-icon cat-more\">+2<\/span>\r\n                                <\/a>\r\n                                <span class=\"tooltip-container\">Sportst\u00e4tte, Freizeiteinrichtungen<\/span>\r\n                            <\/span>\r\n                        <\/div>\r\n                    <\/li>\r\n                            <\/ul>\r\n\r\n            <div class=\"ld-info\">\r\n                <ul class=\"no-list-style\">\r\n                                            <li class=\"item-preview tooltip-element\">\r\n    <a aria-label=\"Quick view button\" href=\"#\" type=\"button\" class=\"c27-toggle-quick-view-modal\" data-id=\"3882\">\r\n    \t<i class=\"mi zoom_in\"><\/i>\r\n    <\/a>\r\n    <span class=\"tooltip-container\">Quick view<\/span>\r\n<\/li>                                                                <li class=\"tooltip-element\">\r\n    <a aria-label=\"Bookmark button\" href=\"#\" class=\"c27-bookmark-button \"\r\n       data-listing-id=\"3882\" onclick=\"MyListing.Handlers.Bookmark_Button(event, this)\">\r\n       <i class=\"mi favorite_border\"><\/i>\r\n    <\/a>\r\n    <span class=\"tooltip-container\">Bookmark<\/span>\r\n<\/li>                                                        <\/ul>\r\n            <\/div>\r\n        <\/div>\r\n    <\/div>\r\n<\/div><div class=\"\"><div\r\n    class=\"lf-item-container listing-preview type-place-2 lf-type-2 has-logo has-tagline has-info-fields level-normal priority-0\"\r\n    data-id=\"listing-id-4191\"\r\n        data-category-icon=\"\t\t\t&lt;i class=&quot;fa fa-city&quot; style=&quot;color: #fff; background: #6c1cff; &quot;&gt;&lt;\/i&gt;\r\n\t\t\"\r\n    data-category-color=\"#6c1cff\"\r\n    data-category-text-color=\"#fff\"\r\n        data-thumbnail=\"https:\/\/stadtm.de\/Bad_Belzig\/wp-content\/uploads\/2025\/08\/Spielplatz-Bad-Belzig-Am-Kurpark1-150x150.jpg\"\r\n    data-marker=\"https:\/\/stadtm.de\/Bad_Belzig\/wp-content\/uploads\/2025\/08\/Spielplatz-Bad-Belzig-Am-Kurpark1-150x150.jpg\"\r\n    data-template=\"alternate\"\r\n    data-locations=\"[{&quot;address&quot;:&quot;Am Kurpark, 14806 Bad Belzig&quot;,&quot;lat&quot;:&quot;52.15170&quot;,&quot;lng&quot;:&quot;12.59501&quot;}]\"\r\n>\r\n<div class=\"lf-item lf-item-alternate\" data-template=\"alternate\">\r\n    <a href=\"https:\/\/stadtm.de\/Bad_Belzig\/listing\/spielplatz-bad-belzig-am-kurpark\/\">\r\n\r\n        <div class=\"overlay\" style=\"\r\n    background-color: #242429;\r\n    opacity: 0.4;\r\n\"><\/div>\r\n        \r\n                    <div class=\"lf-background\" style=\"background-image: url('https:\/\/stadtm.de\/Bad_Belzig\/wp-content\/uploads\/2025\/08\/Spielplatz-Bad-Belzig-Am-Kurpark-768x512.jpg');\"><\/div>\r\n        \r\n        <div class=\"lf-item-info-2\">\r\n                            <div class=\"lf-avatar\" style=\"background-image: url('https:\/\/stadtm.de\/Bad_Belzig\/wp-content\/uploads\/2025\/08\/Spielplatz-Bad-Belzig-Am-Kurpark1-150x150.jpg')\"><\/div>\r\n            \r\n            <h4 class=\"case27-primary-text listing-preview-title\">\r\n                Spielplatz Bad Belzig - Am Kurpark                            <\/h4>\r\n\r\n                            <h6>Spielplatz am Kurpark in Bad Belzig\r\nEin gr\u00fcner R\u00fcckzugsort f\u00fcr spielende Kinder in Bad Belzig\r\nDer&hellip;<\/h6>\r\n            \r\n            \r\n<ul class=\"lf-contact no-list-style\">\r\n\t            <li >\r\n            \t                \t<i class=\"icon-location-pin-add-2 sm-icon\"><\/i>\r\n            \t                Am Kurpark            <\/li>\r\n        <\/ul>\r\n        <\/div>\r\n\r\n    <\/a>\r\n        <div class=\"lf-head level-normal\">\r\n    \r\n    <\/div><\/div>\r\n\r\n        <div class=\"listing-details c27-footer-section\">\r\n            <ul class=\"c27-listing-preview-category-list no-list-style\">\r\n                <li>\r\n                    <a href=\"https:\/\/stadtm.de\/Bad_Belzig\/category\/stadt\/\">\r\n                        <span class=\"cat-icon\" style=\"background-color: #6c1cff;\">\r\n                            \t\t\t<i class=\"fa fa-city\" style=\"color: #fff; \"><\/i>\r\n\t\t                        <\/span>\r\n                        <span class=\"category-name\">Stadt<\/span>\r\n                    <\/a>\r\n                <\/li>\r\n\r\n                                    <li>\r\n                        <div class=\"categories-dropdown dropdown c27-more-categories\">\r\n                            <span class=\"tooltip-element\">\r\n                                <a href=\"#other-categories\">\r\n                                    <span class=\"cat-icon cat-more\">+1<\/span>\r\n                                <\/a>\r\n                                <span class=\"tooltip-container\">Spielplatz<\/span>\r\n                            <\/span>\r\n                        <\/div>\r\n                    <\/li>\r\n                            <\/ul>\r\n\r\n            <div class=\"ld-info\">\r\n                <ul class=\"no-list-style\">\r\n                                            <li class=\"item-preview tooltip-element\">\r\n    <a aria-label=\"Quick view button\" href=\"#\" type=\"button\" class=\"c27-toggle-quick-view-modal\" data-id=\"4191\">\r\n    \t<i class=\"mi zoom_in\"><\/i>\r\n    <\/a>\r\n    <span class=\"tooltip-container\">Quick view<\/span>\r\n<\/li>                                                                <li class=\"tooltip-element\">\r\n    <a aria-label=\"Bookmark button\" href=\"#\" class=\"c27-bookmark-button \"\r\n       data-listing-id=\"4191\" onclick=\"MyListing.Handlers.Bookmark_Button(event, this)\">\r\n       <i class=\"mi favorite_border\"><\/i>\r\n    <\/a>\r\n    <span class=\"tooltip-container\">Bookmark<\/span>\r\n<\/li>                                                        <\/ul>\r\n            <\/div>\r\n        <\/div>\r\n    <\/div>\r\n<\/div><div class=\"\"><div\r\n    class=\"lf-item-container listing-preview type-place-2 lf-type-2 has-logo has-tagline has-info-fields level-normal priority-0\"\r\n    data-id=\"listing-id-4012\"\r\n        data-category-icon=\"\t\t\t&lt;i class=&quot;fa fa-city&quot; style=&quot;color: #fff; background: #6c1cff; &quot;&gt;&lt;\/i&gt;\r\n\t\t\"\r\n    data-category-color=\"#6c1cff\"\r\n    data-category-text-color=\"#fff\"\r\n        data-thumbnail=\"https:\/\/stadtm.de\/Bad_Belzig\/wp-content\/uploads\/2025\/08\/Fredersdorfer-Wassermuehle-150x150.jpg\"\r\n    data-marker=\"https:\/\/stadtm.de\/Bad_Belzig\/wp-content\/uploads\/2025\/08\/Fredersdorfer-Wassermuehle-150x150.jpg\"\r\n    data-template=\"alternate\"\r\n    data-locations=\"[{&quot;address&quot;:&quot;Baitzer Str. 22, 14806 Bad Belzig&quot;,&quot;lat&quot;:&quot;52.18837&quot;,&quot;lng&quot;:&quot;12.63715&quot;}]\"\r\n>\r\n<div class=\"lf-item lf-item-alternate\" data-template=\"alternate\">\r\n    <a href=\"https:\/\/stadtm.de\/Bad_Belzig\/listing\/fredersdorfer-wassermuehle\/\">\r\n\r\n        <div class=\"overlay\" style=\"\r\n    background-color: #242429;\r\n    opacity: 0.4;\r\n\"><\/div>\r\n        \r\n                    <div class=\"lf-background\" style=\"background-image: url('https:\/\/stadtm.de\/Bad_Belzig\/wp-content\/uploads\/2025\/08\/Fredersdorfer-Wassermuehle-768x478.jpg');\"><\/div>\r\n        \r\n        <div class=\"lf-item-info-2\">\r\n                            <div class=\"lf-avatar\" style=\"background-image: url('https:\/\/stadtm.de\/Bad_Belzig\/wp-content\/uploads\/2025\/08\/Fredersdorfer-Wassermuehle-150x150.jpg')\"><\/div>\r\n            \r\n            <h4 class=\"case27-primary-text listing-preview-title\">\r\n                Fredersdorfer Wasserm\u00fchle                            <\/h4>\r\n\r\n                            <h6>Fredersdorfer Wasserm\u00fchle in Bad Belzig \u2013 Historische Sehensw\u00fcrdigkeit mit l\u00e4ndlichem Charme\r\nEine&hellip;<\/h6>\r\n            \r\n            \r\n<ul class=\"lf-contact no-list-style\">\r\n\t            <li >\r\n            \t                \t<i class=\"icon-location-pin-add-2 sm-icon\"><\/i>\r\n            \t                Baitzer Str. 22            <\/li>\r\n        <\/ul>\r\n        <\/div>\r\n\r\n    <\/a>\r\n        <div class=\"lf-head level-normal\">\r\n    \r\n    <\/div><\/div>\r\n\r\n        <div class=\"listing-details c27-footer-section\">\r\n            <ul class=\"c27-listing-preview-category-list no-list-style\">\r\n                <li>\r\n                    <a href=\"https:\/\/stadtm.de\/Bad_Belzig\/category\/stadt\/\">\r\n                        <span class=\"cat-icon\" style=\"background-color: #6c1cff;\">\r\n                            \t\t\t<i class=\"fa fa-city\" style=\"color: #fff; \"><\/i>\r\n\t\t                        <\/span>\r\n                        <span class=\"category-name\">Stadt<\/span>\r\n                    <\/a>\r\n                <\/li>\r\n\r\n                                    <li>\r\n                        <div class=\"categories-dropdown dropdown c27-more-categories\">\r\n                            <span class=\"tooltip-element\">\r\n                                <a href=\"#other-categories\">\r\n                                    <span class=\"cat-icon cat-more\">+1<\/span>\r\n                                <\/a>\r\n                                <span class=\"tooltip-container\">Sehensw\u00fcrdigkeiten<\/span>\r\n                            <\/span>\r\n                        <\/div>\r\n                    <\/li>\r\n                            <\/ul>\r\n\r\n            <div class=\"ld-info\">\r\n                <ul class=\"no-list-style\">\r\n                                            <li class=\"item-preview tooltip-element\">\r\n    <a aria-label=\"Quick view button\" href=\"#\" type=\"button\" class=\"c27-toggle-quick-view-modal\" data-id=\"4012\">\r\n    \t<i class=\"mi zoom_in\"><\/i>\r\n    <\/a>\r\n    <span class=\"tooltip-container\">Quick view<\/span>\r\n<\/li>                                                                <li class=\"tooltip-element\">\r\n    <a aria-label=\"Bookmark button\" href=\"#\" class=\"c27-bookmark-button \"\r\n       data-listing-id=\"4012\" onclick=\"MyListing.Handlers.Bookmark_Button(event, this)\">\r\n       <i class=\"mi favorite_border\"><\/i>\r\n    <\/a>\r\n    <span class=\"tooltip-container\">Bookmark<\/span>\r\n<\/li>                                                        <\/ul>\r\n            <\/div>\r\n        <\/div>\r\n    <\/div>\r\n<\/div><div class=\"\"><div\r\n    class=\"lf-item-container listing-preview type-place-2 lf-type-2 has-logo has-tagline has-info-fields level-normal priority-0\"\r\n    data-id=\"listing-id-3896\"\r\n        data-category-icon=\"\t\t\t&lt;i class=&quot;fa fa-city&quot; style=&quot;color: #fff; background: #6c1cff; &quot;&gt;&lt;\/i&gt;\r\n\t\t\"\r\n    data-category-color=\"#6c1cff\"\r\n    data-category-text-color=\"#fff\"\r\n        data-thumbnail=\"https:\/\/stadtm.de\/Bad_Belzig\/wp-content\/uploads\/2025\/08\/Kulturzentrum-Bad-Belzig-150x150.jpg\"\r\n    data-marker=\"https:\/\/stadtm.de\/Bad_Belzig\/wp-content\/uploads\/2025\/08\/Kulturzentrum-Bad-Belzig-150x150.jpg\"\r\n    data-template=\"alternate\"\r\n    data-locations=\"[{&quot;address&quot;:&quot;Weitzgrunder Str. 4, 14806 Bad Belzig&quot;,&quot;lat&quot;:&quot;52.14562&quot;,&quot;lng&quot;:&quot;12.59144&quot;}]\"\r\n>\r\n<div class=\"lf-item lf-item-alternate\" data-template=\"alternate\">\r\n    <a href=\"https:\/\/stadtm.de\/Bad_Belzig\/listing\/kulturzentrum-bad-belzig\/\">\r\n\r\n        <div class=\"overlay\" style=\"\r\n    background-color: #242429;\r\n    opacity: 0.4;\r\n\"><\/div>\r\n        \r\n                    <div class=\"lf-background\" style=\"background-image: url('https:\/\/stadtm.de\/Bad_Belzig\/wp-content\/uploads\/2025\/08\/Kulturzentrum-Bad-Belzig-768x576.jpg');\"><\/div>\r\n        \r\n        <div class=\"lf-item-info-2\">\r\n                            <div class=\"lf-avatar\" style=\"background-image: url('https:\/\/stadtm.de\/Bad_Belzig\/wp-content\/uploads\/2025\/08\/Kulturzentrum-Bad-Belzig-150x150.jpg')\"><\/div>\r\n            \r\n            <h4 class=\"case27-primary-text listing-preview-title\">\r\n                Kulturzentrum Bad Belzig                            <\/h4>\r\n\r\n                            <h6>Kulturzentrum Bad Belzig \u2013 Der kulturelle Treffpunkt f\u00fcr die Region Hoher Fl\u00e4ming\r\nDas Kulturzentrum in Bad&hellip;<\/h6>\r\n            \r\n            \r\n<ul class=\"lf-contact no-list-style\">\r\n\t            <li >\r\n            \t                \t<i class=\"icon-location-pin-add-2 sm-icon\"><\/i>\r\n            \t                Weitzgrunder Str. 4            <\/li>\r\n        <\/ul>\r\n        <\/div>\r\n\r\n    <\/a>\r\n        <div class=\"lf-head level-normal\">\r\n    \r\n    <\/div><\/div>\r\n\r\n        <div class=\"listing-details c27-footer-section\">\r\n            <ul class=\"c27-listing-preview-category-list no-list-style\">\r\n                <li>\r\n                    <a href=\"https:\/\/stadtm.de\/Bad_Belzig\/category\/stadt\/\">\r\n                        <span class=\"cat-icon\" style=\"background-color: #6c1cff;\">\r\n                            \t\t\t<i class=\"fa fa-city\" style=\"color: #fff; \"><\/i>\r\n\t\t                        <\/span>\r\n                        <span class=\"category-name\">Stadt<\/span>\r\n                    <\/a>\r\n                <\/li>\r\n\r\n                                    <li>\r\n                        <div class=\"categories-dropdown dropdown c27-more-categories\">\r\n                            <span class=\"tooltip-element\">\r\n                                <a href=\"#other-categories\">\r\n                                    <span class=\"cat-icon cat-more\">+1<\/span>\r\n                                <\/a>\r\n                                <span class=\"tooltip-container\">Freizeiteinrichtungen<\/span>\r\n                            <\/span>\r\n                        <\/div>\r\n                    <\/li>\r\n                            <\/ul>\r\n\r\n            <div class=\"ld-info\">\r\n                <ul class=\"no-list-style\">\r\n                                            <li class=\"item-preview tooltip-element\">\r\n    <a aria-label=\"Quick view button\" href=\"#\" type=\"button\" class=\"c27-toggle-quick-view-modal\" data-id=\"3896\">\r\n    \t<i class=\"mi zoom_in\"><\/i>\r\n    <\/a>\r\n    <span class=\"tooltip-container\">Quick view<\/span>\r\n<\/li>                                                                <li class=\"tooltip-element\">\r\n    <a aria-label=\"Bookmark button\" href=\"#\" class=\"c27-bookmark-button \"\r\n       data-listing-id=\"3896\" onclick=\"MyListing.Handlers.Bookmark_Button(event, this)\">\r\n       <i class=\"mi favorite_border\"><\/i>\r\n    <\/a>\r\n    <span class=\"tooltip-container\">Bookmark<\/span>\r\n<\/li>                                                        <\/ul>\r\n            <\/div>\r\n        <\/div>\r\n    <\/div>\r\n<\/div><div class=\"\"><div\r\n    class=\"lf-item-container listing-preview type-place-2 lf-type-2 has-logo has-tagline has-info-fields level-normal priority-0\"\r\n    data-id=\"listing-id-3917\"\r\n        data-category-icon=\"\t\t\t&lt;i class=&quot;fa fa-city&quot; style=&quot;color: #fff; background: #6c1cff; &quot;&gt;&lt;\/i&gt;\r\n\t\t\"\r\n    data-category-color=\"#6c1cff\"\r\n    data-category-text-color=\"#fff\"\r\n        data-thumbnail=\"https:\/\/stadtm.de\/Bad_Belzig\/wp-content\/uploads\/2025\/08\/Jugendhaus-Jubel-150x150.jpg\"\r\n    data-marker=\"https:\/\/stadtm.de\/Bad_Belzig\/wp-content\/uploads\/2025\/08\/Jugendhaus-Jubel-150x150.jpg\"\r\n    data-template=\"alternate\"\r\n    data-locations=\"[{&quot;address&quot;:&quot;Puschkinstr. 1a, 14806 Bad Belzig&quot;,&quot;lat&quot;:&quot;52.14355&quot;,&quot;lng&quot;:&quot;12.58814&quot;}]\"\r\n>\r\n<div class=\"lf-item lf-item-alternate\" data-template=\"alternate\">\r\n    <a href=\"https:\/\/stadtm.de\/Bad_Belzig\/listing\/jugendhaus-jubel\/\">\r\n\r\n        <div class=\"overlay\" style=\"\r\n    background-color: #242429;\r\n    opacity: 0.4;\r\n\"><\/div>\r\n        \r\n                    <div class=\"lf-background\" style=\"background-image: url('https:\/\/stadtm.de\/Bad_Belzig\/wp-content\/uploads\/2025\/08\/Jugendhaus-Jubel1-768x576.jpg');\"><\/div>\r\n        \r\n        <div class=\"lf-item-info-2\">\r\n                            <div class=\"lf-avatar\" style=\"background-image: url('https:\/\/stadtm.de\/Bad_Belzig\/wp-content\/uploads\/2025\/08\/Jugendhaus-Jubel-150x150.jpg')\"><\/div>\r\n            \r\n            <h4 class=\"case27-primary-text listing-preview-title\">\r\n                Jugendhaus JuBel                            <\/h4>\r\n\r\n                            <h6>Jugendhaus JuBel in Bad Belzig \u2013 Der Treffpunkt f\u00fcr Jugendliche aus der Region\r\nEin Ort f\u00fcr Begegnung,&hellip;<\/h6>\r\n            \r\n            \r\n<ul class=\"lf-contact no-list-style\">\r\n\t            <li >\r\n            \t                \t<i class=\"icon-location-pin-add-2 sm-icon\"><\/i>\r\n            \t                Puschkinstr. 1a            <\/li>\r\n        <\/ul>\r\n        <\/div>\r\n\r\n    <\/a>\r\n        <div class=\"lf-head level-normal\">\r\n    \r\n    <\/div><\/div>\r\n\r\n        <div class=\"listing-details c27-footer-section\">\r\n            <ul class=\"c27-listing-preview-category-list no-list-style\">\r\n                <li>\r\n                    <a href=\"https:\/\/stadtm.de\/Bad_Belzig\/category\/stadt\/\">\r\n                        <span class=\"cat-icon\" style=\"background-color: #6c1cff;\">\r\n                            \t\t\t<i class=\"fa fa-city\" style=\"color: #fff; \"><\/i>\r\n\t\t                        <\/span>\r\n                        <span class=\"category-name\">Stadt<\/span>\r\n                    <\/a>\r\n                <\/li>\r\n\r\n                                    <li>\r\n                        <div class=\"categories-dropdown dropdown c27-more-categories\">\r\n                            <span class=\"tooltip-element\">\r\n                                <a href=\"#other-categories\">\r\n                                    <span class=\"cat-icon cat-more\">+1<\/span>\r\n                                <\/a>\r\n                                <span class=\"tooltip-container\">Freizeiteinrichtungen<\/span>\r\n                            <\/span>\r\n                        <\/div>\r\n                    <\/li>\r\n                            <\/ul>\r\n\r\n            <div class=\"ld-info\">\r\n                <ul class=\"no-list-style\">\r\n                                            <li class=\"item-preview tooltip-element\">\r\n    <a aria-label=\"Quick view button\" href=\"#\" type=\"button\" class=\"c27-toggle-quick-view-modal\" data-id=\"3917\">\r\n    \t<i class=\"mi zoom_in\"><\/i>\r\n    <\/a>\r\n    <span class=\"tooltip-container\">Quick view<\/span>\r\n<\/li>                                                                <li class=\"tooltip-element\">\r\n    <a aria-label=\"Bookmark button\" href=\"#\" class=\"c27-bookmark-button \"\r\n       data-listing-id=\"3917\" onclick=\"MyListing.Handlers.Bookmark_Button(event, this)\">\r\n       <i class=\"mi favorite_border\"><\/i>\r\n    <\/a>\r\n    <span class=\"tooltip-container\">Bookmark<\/span>\r\n<\/li>                                                        <\/ul>\r\n            <\/div>\r\n        <\/div>\r\n    <\/div>\r\n<\/div><div class=\"\"><div\r\n    class=\"lf-item-container listing-preview type-place-2 lf-type-2 has-logo has-tagline has-info-fields level-normal priority-0\"\r\n    data-id=\"listing-id-3902\"\r\n        data-category-icon=\"\t\t\t&lt;i class=&quot;fa fa-city&quot; style=&quot;color: #fff; background: #6c1cff; &quot;&gt;&lt;\/i&gt;\r\n\t\t\"\r\n    data-category-color=\"#6c1cff\"\r\n    data-category-text-color=\"#fff\"\r\n        data-thumbnail=\"https:\/\/stadtm.de\/Bad_Belzig\/wp-content\/uploads\/2025\/08\/Heimatmuseum-Burg-Eisenhardt1-150x150.jpg\"\r\n    data-marker=\"https:\/\/stadtm.de\/Bad_Belzig\/wp-content\/uploads\/2025\/08\/Heimatmuseum-Burg-Eisenhardt1-150x150.jpg\"\r\n    data-template=\"alternate\"\r\n    data-locations=\"[{&quot;address&quot;:&quot;Wittenberger Str. 14, 14806 Bad Belzig&quot;,&quot;lat&quot;:&quot;52.13718&quot;,&quot;lng&quot;:&quot;12.58446&quot;}]\"\r\n>\r\n<div class=\"lf-item lf-item-alternate\" data-template=\"alternate\">\r\n    <a href=\"https:\/\/stadtm.de\/Bad_Belzig\/listing\/heimatmuseum-burg-eisenhardt\/\">\r\n\r\n        <div class=\"overlay\" style=\"\r\n    background-color: #242429;\r\n    opacity: 0.4;\r\n\"><\/div>\r\n        \r\n                    <div class=\"lf-background\" style=\"background-image: url('https:\/\/stadtm.de\/Bad_Belzig\/wp-content\/uploads\/2025\/08\/Heimatmuseum-Burg-Eisenhardt-768x576.jpg');\"><\/div>\r\n        \r\n        <div class=\"lf-item-info-2\">\r\n                            <div class=\"lf-avatar\" style=\"background-image: url('https:\/\/stadtm.de\/Bad_Belzig\/wp-content\/uploads\/2025\/08\/Heimatmuseum-Burg-Eisenhardt1-150x150.jpg')\"><\/div>\r\n            \r\n            <h4 class=\"case27-primary-text listing-preview-title\">\r\n                Heimatmuseum Burg Eisenhardt                            <\/h4>\r\n\r\n                            <h6>Museum auf Burg Eisenhardt \u2013 Heimatgeschichte erleben in Bad Belzig\r\nIm Herzen von Bad Belzig, eingebettet in&hellip;<\/h6>\r\n            \r\n            \r\n<ul class=\"lf-contact no-list-style\">\r\n\t            <li >\r\n            \t                \t<i class=\"icon-phone-outgoing sm-icon\"><\/i>\r\n            \t                +49 (33841) 42461            <\/li>\r\n                    <li >\r\n            \t                \t<i class=\"icon-location-pin-add-2 sm-icon\"><\/i>\r\n            \t                Wittenberger Str. 14            <\/li>\r\n        <\/ul>\r\n        <\/div>\r\n\r\n    <\/a>\r\n        <div class=\"lf-head level-normal\">\r\n    \r\n                    <div class=\"lf-head-btn  open-status listing-status-open\" >\r\n                    OPEN                <\/div>\r\n            <\/div><\/div>\r\n\r\n        <div class=\"listing-details c27-footer-section\">\r\n            <ul class=\"c27-listing-preview-category-list no-list-style\">\r\n                <li>\r\n                    <a href=\"https:\/\/stadtm.de\/Bad_Belzig\/category\/stadt\/\">\r\n                        <span class=\"cat-icon\" style=\"background-color: #6c1cff;\">\r\n                            \t\t\t<i class=\"fa fa-city\" style=\"color: #fff; \"><\/i>\r\n\t\t                        <\/span>\r\n                        <span class=\"category-name\">Stadt<\/span>\r\n                    <\/a>\r\n                <\/li>\r\n\r\n                                    <li>\r\n                        <div class=\"categories-dropdown dropdown c27-more-categories\">\r\n                            <span class=\"tooltip-element\">\r\n                                <a href=\"#other-categories\">\r\n                                    <span class=\"cat-icon cat-more\">+2<\/span>\r\n                                <\/a>\r\n                                <span class=\"tooltip-container\">Sehensw\u00fcrdigkeiten, Museum<\/span>\r\n                            <\/span>\r\n                        <\/div>\r\n                    <\/li>\r\n                            <\/ul>\r\n\r\n            <div class=\"ld-info\">\r\n                <ul class=\"no-list-style\">\r\n                                            <li class=\"item-preview tooltip-element\">\r\n    <a aria-label=\"Quick view button\" href=\"#\" type=\"button\" class=\"c27-toggle-quick-view-modal\" data-id=\"3902\">\r\n    \t<i class=\"mi zoom_in\"><\/i>\r\n    <\/a>\r\n    <span class=\"tooltip-container\">Quick view<\/span>\r\n<\/li>                                                                <li class=\"tooltip-element\">\r\n    <a aria-label=\"Bookmark button\" href=\"#\" class=\"c27-bookmark-button \"\r\n       data-listing-id=\"3902\" onclick=\"MyListing.Handlers.Bookmark_Button(event, this)\">\r\n       <i class=\"mi favorite_border\"><\/i>\r\n    <\/a>\r\n    <span class=\"tooltip-container\">Bookmark<\/span>\r\n<\/li>                                                        <\/ul>\r\n            <\/div>\r\n        <\/div>\r\n    <\/div>\r\n<\/div><div class=\"\"><div\r\n    class=\"lf-item-container listing-preview type-place-2 lf-type-2 has-logo has-tagline has-info-fields level-normal priority-0\"\r\n    data-id=\"listing-id-3822\"\r\n        data-category-icon=\"\t\t\t&lt;i class=&quot;fa fa-city&quot; style=&quot;color: #fff; background: #6c1cff; &quot;&gt;&lt;\/i&gt;\r\n\t\t\"\r\n    data-category-color=\"#6c1cff\"\r\n    data-category-text-color=\"#fff\"\r\n        data-thumbnail=\"https:\/\/stadtm.de\/Bad_Belzig\/wp-content\/uploads\/2025\/08\/Foerderschule-Am-Gruenen-Grund-Bad-Belzig1-150x150.jpg\"\r\n    data-marker=\"https:\/\/stadtm.de\/Bad_Belzig\/wp-content\/uploads\/2025\/08\/Foerderschule-Am-Gruenen-Grund-Bad-Belzig1-150x150.jpg\"\r\n    data-template=\"alternate\"\r\n    data-locations=\"[{&quot;address&quot;:&quot;Puschkinstr. 24, 14806 Bad Belzig&quot;,&quot;lat&quot;:&quot;52.14581&quot;,&quot;lng&quot;:&quot;12.58560&quot;}]\"\r\n>\r\n<div class=\"lf-item lf-item-alternate\" data-template=\"alternate\">\r\n    <a href=\"https:\/\/stadtm.de\/Bad_Belzig\/listing\/foerderschule-am-gruenen-grund-bad-belzig\/\">\r\n\r\n        <div class=\"overlay\" style=\"\r\n    background-color: #242429;\r\n    opacity: 0.4;\r\n\"><\/div>\r\n        \r\n                    <div class=\"lf-background\" style=\"background-image: url('https:\/\/stadtm.de\/Bad_Belzig\/wp-content\/uploads\/2025\/08\/Foerderschule-Am-Gruenen-Grund-Bad-Belzig-768x468.jpg');\"><\/div>\r\n        \r\n        <div class=\"lf-item-info-2\">\r\n                            <div class=\"lf-avatar\" style=\"background-image: url('https:\/\/stadtm.de\/Bad_Belzig\/wp-content\/uploads\/2025\/08\/Foerderschule-Am-Gruenen-Grund-Bad-Belzig1-150x150.jpg')\"><\/div>\r\n            \r\n            <h4 class=\"case27-primary-text listing-preview-title\">\r\n                F\u00f6rderschule \"Am Gr\u00fcnen Grund\" Bad Belzig                            <\/h4>\r\n\r\n                            <h6>F\u00f6rderschule &quot;Am Gr\u00fcnen Grund&quot; in Bad Belzig \u2013 Schule mit Herz, Verstand und Perspektive\r\nEine besondere&hellip;<\/h6>\r\n            \r\n            \r\n<ul class=\"lf-contact no-list-style\">\r\n\t            <li >\r\n            \t                \t<i class=\"icon-phone-outgoing sm-icon\"><\/i>\r\n            \t                +49 (33841) 32422            <\/li>\r\n                    <li >\r\n            \t                \t<i class=\"icon-location-pin-add-2 sm-icon\"><\/i>\r\n            \t                Puschkinstr. 24            <\/li>\r\n        <\/ul>\r\n        <\/div>\r\n\r\n    <\/a>\r\n        <div class=\"lf-head level-normal\">\r\n    \r\n    <\/div><\/div>\r\n\r\n        <div class=\"listing-details c27-footer-section\">\r\n            <ul class=\"c27-listing-preview-category-list no-list-style\">\r\n                <li>\r\n                    <a href=\"https:\/\/stadtm.de\/Bad_Belzig\/category\/stadt\/\">\r\n                        <span class=\"cat-icon\" style=\"background-color: #6c1cff;\">\r\n                            \t\t\t<i class=\"fa fa-city\" style=\"color: #fff; \"><\/i>\r\n\t\t                        <\/span>\r\n                        <span class=\"category-name\">Stadt<\/span>\r\n                    <\/a>\r\n                <\/li>\r\n\r\n                                    <li>\r\n                        <div class=\"categories-dropdown dropdown c27-more-categories\">\r\n                            <span class=\"tooltip-element\">\r\n                                <a href=\"#other-categories\">\r\n                                    <span class=\"cat-icon cat-more\">+1<\/span>\r\n                                <\/a>\r\n                                <span class=\"tooltip-container\">Schule<\/span>\r\n                            <\/span>\r\n                        <\/div>\r\n                    <\/li>\r\n                            <\/ul>\r\n\r\n            <div class=\"ld-info\">\r\n                <ul class=\"no-list-style\">\r\n                                            <li class=\"item-preview tooltip-element\">\r\n    <a aria-label=\"Quick view button\" href=\"#\" type=\"button\" class=\"c27-toggle-quick-view-modal\" data-id=\"3822\">\r\n    \t<i class=\"mi zoom_in\"><\/i>\r\n    <\/a>\r\n    <span class=\"tooltip-container\">Quick view<\/span>\r\n<\/li>                                                                <li class=\"tooltip-element\">\r\n    <a aria-label=\"Bookmark button\" href=\"#\" class=\"c27-bookmark-button \"\r\n       data-listing-id=\"3822\" onclick=\"MyListing.Handlers.Bookmark_Button(event, this)\">\r\n       <i class=\"mi favorite_border\"><\/i>\r\n    <\/a>\r\n    <span class=\"tooltip-container\">Bookmark<\/span>\r\n<\/li>                                                        <\/ul>\r\n            <\/div>\r\n        <\/div>\r\n    <\/div>\r\n<\/div><div class=\"\"><div\r\n    class=\"lf-item-container listing-preview type-place-2 lf-type-2 has-logo has-tagline has-info-fields level-normal priority-0\"\r\n    data-id=\"listing-id-3894\"\r\n        data-category-icon=\"\t\t\t&lt;i class=&quot;fa fa-city&quot; style=&quot;color: #fff; background: #6c1cff; &quot;&gt;&lt;\/i&gt;\r\n\t\t\"\r\n    data-category-color=\"#6c1cff\"\r\n    data-category-text-color=\"#fff\"\r\n        data-thumbnail=\"https:\/\/stadtm.de\/Bad_Belzig\/wp-content\/uploads\/2025\/08\/Turnhalle-Dippmannsdorf-150x150.jpg\"\r\n    data-marker=\"https:\/\/stadtm.de\/Bad_Belzig\/wp-content\/uploads\/2025\/08\/Turnhalle-Dippmannsdorf-150x150.jpg\"\r\n    data-template=\"alternate\"\r\n    data-locations=\"[{&quot;address&quot;:&quot;Freibadstr. 54a, 14806 Bad Belzig \\\/ Dippmannsdorf&quot;,&quot;lat&quot;:&quot;52.22716&quot;,&quot;lng&quot;:&quot;12.58873&quot;}]\"\r\n>\r\n<div class=\"lf-item lf-item-alternate\" data-template=\"alternate\">\r\n    <a href=\"https:\/\/stadtm.de\/Bad_Belzig\/listing\/turnhalle-dippmannsdorf\/\">\r\n\r\n        <div class=\"overlay\" style=\"\r\n    background-color: #242429;\r\n    opacity: 0.4;\r\n\"><\/div>\r\n        \r\n                    <div class=\"lf-background\" style=\"background-image: url('https:\/\/stadtm.de\/Bad_Belzig\/wp-content\/uploads\/2025\/08\/Turnhalle-Dippmannsdorf-768x511.jpg');\"><\/div>\r\n        \r\n        <div class=\"lf-item-info-2\">\r\n                            <div class=\"lf-avatar\" style=\"background-image: url('https:\/\/stadtm.de\/Bad_Belzig\/wp-content\/uploads\/2025\/08\/Turnhalle-Dippmannsdorf-150x150.jpg')\"><\/div>\r\n            \r\n            <h4 class=\"case27-primary-text listing-preview-title\">\r\n                Turnhalle Dippmannsdorf                            <\/h4>\r\n\r\n                            <h6>Turnhalle Dippmannsdorf\r\nDie Nutzung erfolgt momentan durch die Kleine Grundschule Dippmannsdorf, Hort WIR&hellip;<\/h6>\r\n            \r\n            \r\n<ul class=\"lf-contact no-list-style\">\r\n\t            <li >\r\n            \t                \t<i class=\"icon-location-pin-add-2 sm-icon\"><\/i>\r\n            \t                Freibadstr. 54a            <\/li>\r\n        <\/ul>\r\n        <\/div>\r\n\r\n    <\/a>\r\n        <div class=\"lf-head level-normal\">\r\n    \r\n    <\/div><\/div>\r\n\r\n        <div class=\"listing-details c27-footer-section\">\r\n            <ul class=\"c27-listing-preview-category-list no-list-style\">\r\n                <li>\r\n                    <a href=\"https:\/\/stadtm.de\/Bad_Belzig\/category\/stadt\/\">\r\n                        <span class=\"cat-icon\" style=\"background-color: #6c1cff;\">\r\n                            \t\t\t<i class=\"fa fa-city\" style=\"color: #fff; \"><\/i>\r\n\t\t                        <\/span>\r\n                        <span class=\"category-name\">Stadt<\/span>\r\n                    <\/a>\r\n                <\/li>\r\n\r\n                                    <li>\r\n                        <div class=\"categories-dropdown dropdown c27-more-categories\">\r\n                            <span class=\"tooltip-element\">\r\n                                <a href=\"#other-categories\">\r\n                                    <span class=\"cat-icon cat-more\">+1<\/span>\r\n                                <\/a>\r\n                                <span class=\"tooltip-container\">Sportst\u00e4tte<\/span>\r\n                            <\/span>\r\n                        <\/div>\r\n                    <\/li>\r\n                            <\/ul>\r\n\r\n            <div class=\"ld-info\">\r\n                <ul class=\"no-list-style\">\r\n                                            <li class=\"item-preview tooltip-element\">\r\n    <a aria-label=\"Quick view button\" href=\"#\" type=\"button\" class=\"c27-toggle-quick-view-modal\" data-id=\"3894\">\r\n    \t<i class=\"mi zoom_in\"><\/i>\r\n    <\/a>\r\n    <span class=\"tooltip-container\">Quick view<\/span>\r\n<\/li>                                                                <li class=\"tooltip-element\">\r\n    <a aria-label=\"Bookmark button\" href=\"#\" class=\"c27-bookmark-button \"\r\n       data-listing-id=\"3894\" onclick=\"MyListing.Handlers.Bookmark_Button(event, this)\">\r\n       <i class=\"mi favorite_border\"><\/i>\r\n    <\/a>\r\n    <span class=\"tooltip-container\">Bookmark<\/span>\r\n<\/li>                                                        <\/ul>\r\n            <\/div>\r\n        <\/div>\r\n    <\/div>\r\n<\/div><div class=\"\"><div\r\n    class=\"lf-item-container listing-preview type-place-2 lf-type-2 has-logo has-tagline has-info-fields level-normal priority-0\"\r\n    data-id=\"listing-id-4110\"\r\n        data-category-icon=\"\t\t\t&lt;i class=&quot;fa fa-city&quot; style=&quot;color: #fff; background: #6c1cff; &quot;&gt;&lt;\/i&gt;\r\n\t\t\"\r\n    data-category-color=\"#6c1cff\"\r\n    data-category-text-color=\"#fff\"\r\n        data-thumbnail=\"https:\/\/stadtm.de\/Bad_Belzig\/wp-content\/uploads\/2025\/08\/Belziger-Tafel-150x150.jpg\"\r\n    data-marker=\"https:\/\/stadtm.de\/Bad_Belzig\/wp-content\/uploads\/2025\/08\/Belziger-Tafel-150x150.jpg\"\r\n    data-template=\"alternate\"\r\n    data-locations=\"[{&quot;address&quot;:&quot;Hans-Marchwitza-Str. 1, 14806 Bad Belzig&quot;,&quot;lat&quot;:&quot;52.14019&quot;,&quot;lng&quot;:&quot;12.60422&quot;}]\"\r\n>\r\n<div class=\"lf-item lf-item-alternate\" data-template=\"alternate\">\r\n    <a href=\"https:\/\/stadtm.de\/Bad_Belzig\/listing\/belziger-tafel\/\">\r\n\r\n        <div class=\"overlay\" style=\"\r\n    background-color: #242429;\r\n    opacity: 0.4;\r\n\"><\/div>\r\n        \r\n                    <div class=\"lf-background\" style=\"background-image: url('https:\/\/stadtm.de\/Bad_Belzig\/wp-content\/uploads\/2025\/08\/Belziger-Tafel1-768x512.jpg');\"><\/div>\r\n        \r\n        <div class=\"lf-item-info-2\">\r\n                            <div class=\"lf-avatar\" style=\"background-image: url('https:\/\/stadtm.de\/Bad_Belzig\/wp-content\/uploads\/2025\/08\/Belziger-Tafel-150x150.jpg')\"><\/div>\r\n            \r\n            <h4 class=\"case27-primary-text listing-preview-title\">\r\n                Belziger Tafel                            <\/h4>\r\n\r\n                            <h6>Die Belziger Tafel in Bad Belzig \u2013 Unterst\u00fctzung mit Herz f\u00fcr die Region\r\nEine wichtige Tafel f\u00fcr Bad Belzig&hellip;<\/h6>\r\n            \r\n            \r\n<ul class=\"lf-contact no-list-style\">\r\n\t            <li >\r\n            \t                \t<i class=\"icon-phone-outgoing sm-icon\"><\/i>\r\n            \t                +49 (33841) 34046            <\/li>\r\n                    <li >\r\n            \t                \t<i class=\"icon-location-pin-add-2 sm-icon\"><\/i>\r\n            \t                Hans-Marchwitza-Str. 1            <\/li>\r\n        <\/ul>\r\n        <\/div>\r\n\r\n    <\/a>\r\n        <div class=\"lf-head level-normal\">\r\n    \r\n                    <div class=\"lf-head-btn  open-status listing-status-closed\" >\r\n                    CLOSED                <\/div>\r\n            <\/div><\/div>\r\n\r\n        <div class=\"listing-details c27-footer-section\">\r\n            <ul class=\"c27-listing-preview-category-list no-list-style\">\r\n                <li>\r\n                    <a href=\"https:\/\/stadtm.de\/Bad_Belzig\/category\/stadt\/\">\r\n                        <span class=\"cat-icon\" style=\"background-color: #6c1cff;\">\r\n                            \t\t\t<i class=\"fa fa-city\" style=\"color: #fff; \"><\/i>\r\n\t\t                        <\/span>\r\n                        <span class=\"category-name\">Stadt<\/span>\r\n                    <\/a>\r\n                <\/li>\r\n\r\n                                    <li>\r\n                        <div class=\"categories-dropdown dropdown c27-more-categories\">\r\n                            <span class=\"tooltip-element\">\r\n                                <a href=\"#other-categories\">\r\n                                    <span class=\"cat-icon cat-more\">+2<\/span>\r\n                                <\/a>\r\n                                <span class=\"tooltip-container\">Sozialeinrichtung, \u00d6ffentliche Einrichtungen<\/span>\r\n                            <\/span>\r\n                        <\/div>\r\n                    <\/li>\r\n                            <\/ul>\r\n\r\n            <div class=\"ld-info\">\r\n                <ul class=\"no-list-style\">\r\n                                            <li class=\"item-preview tooltip-element\">\r\n    <a aria-label=\"Quick view button\" href=\"#\" type=\"button\" class=\"c27-toggle-quick-view-modal\" data-id=\"4110\">\r\n    \t<i class=\"mi zoom_in\"><\/i>\r\n    <\/a>\r\n    <span class=\"tooltip-container\">Quick view<\/span>\r\n<\/li>                                                                <li class=\"tooltip-element\">\r\n    <a aria-label=\"Bookmark button\" href=\"#\" class=\"c27-bookmark-button \"\r\n       data-listing-id=\"4110\" onclick=\"MyListing.Handlers.Bookmark_Button(event, this)\">\r\n       <i class=\"mi favorite_border\"><\/i>\r\n    <\/a>\r\n    <span class=\"tooltip-container\">Bookmark<\/span>\r\n<\/li>                                                        <\/ul>\r\n            <\/div>\r\n        <\/div>\r\n    <\/div>\r\n<\/div><div class=\"\"><div\r\n    class=\"lf-item-container listing-preview type-place-2 lf-type-2 has-logo has-tagline has-info-fields level-normal priority-0\"\r\n    data-id=\"listing-id-3798\"\r\n        data-category-icon=\"\t\t\t&lt;i class=&quot;fa fa-city&quot; style=&quot;color: #fff; background: #6c1cff; &quot;&gt;&lt;\/i&gt;\r\n\t\t\"\r\n    data-category-color=\"#6c1cff\"\r\n    data-category-text-color=\"#fff\"\r\n        data-thumbnail=\"https:\/\/stadtm.de\/Bad_Belzig\/wp-content\/uploads\/2025\/08\/Freie-HeilOrt-KiTa-Bad-Belzig-150x150.jpg\"\r\n    data-marker=\"https:\/\/stadtm.de\/Bad_Belzig\/wp-content\/uploads\/2025\/08\/Freie-HeilOrt-KiTa-Bad-Belzig-150x150.jpg\"\r\n    data-template=\"alternate\"\r\n    data-locations=\"[{&quot;address&quot;:&quot;Rosa-Luxemburg-Str. 89, 14806 Bad Belzig&quot;,&quot;lat&quot;:&quot;52.15672&quot;,&quot;lng&quot;:&quot;12.59058&quot;}]\"\r\n>\r\n<div class=\"lf-item lf-item-alternate\" data-template=\"alternate\">\r\n    <a href=\"https:\/\/stadtm.de\/Bad_Belzig\/listing\/freie-heilort-kita-bad-belzig\/\">\r\n\r\n        <div class=\"overlay\" style=\"\r\n    background-color: #242429;\r\n    opacity: 0.4;\r\n\"><\/div>\r\n        \r\n                    <div class=\"lf-background\" style=\"background-image: url('https:\/\/stadtm.de\/Bad_Belzig\/wp-content\/uploads\/2025\/08\/Freie-HeilOrt-KiTa-Bad-Belzig-1-768x501.jpg');\"><\/div>\r\n        \r\n        <div class=\"lf-item-info-2\">\r\n                            <div class=\"lf-avatar\" style=\"background-image: url('https:\/\/stadtm.de\/Bad_Belzig\/wp-content\/uploads\/2025\/08\/Freie-HeilOrt-KiTa-Bad-Belzig-150x150.jpg')\"><\/div>\r\n            \r\n            <h4 class=\"case27-primary-text listing-preview-title\">\r\n                Freie HeilOrt-KiTa Bad Belzig                            <\/h4>\r\n\r\n                            <h6>Freie HeilOrt-KiTa in Bad Belzig \u2013 Eine naturnahe Kindertagesst\u00e4tte zum Wachsen &amp; Staunen\r\nDie Freie&hellip;<\/h6>\r\n            \r\n            \r\n<ul class=\"lf-contact no-list-style\">\r\n\t            <li >\r\n            \t                \t<i class=\"icon-location-pin-add-2 sm-icon\"><\/i>\r\n            \t                Rosa-Luxemburg-Str. 89            <\/li>\r\n        <\/ul>\r\n        <\/div>\r\n\r\n    <\/a>\r\n        <div class=\"lf-head level-normal\">\r\n    \r\n                    <div class=\"lf-head-btn  open-status listing-status-closed\" >\r\n                    CLOSED                <\/div>\r\n            <\/div><\/div>\r\n\r\n        <div class=\"listing-details c27-footer-section\">\r\n            <ul class=\"c27-listing-preview-category-list no-list-style\">\r\n                <li>\r\n                    <a href=\"https:\/\/stadtm.de\/Bad_Belzig\/category\/stadt\/\">\r\n                        <span class=\"cat-icon\" style=\"background-color: #6c1cff;\">\r\n                            \t\t\t<i class=\"fa fa-city\" style=\"color: #fff; \"><\/i>\r\n\t\t                        <\/span>\r\n                        <span class=\"category-name\">Stadt<\/span>\r\n                    <\/a>\r\n                <\/li>\r\n\r\n                                    <li>\r\n                        <div class=\"categories-dropdown dropdown c27-more-categories\">\r\n                            <span class=\"tooltip-element\">\r\n                                <a href=\"#other-categories\">\r\n                                    <span class=\"cat-icon cat-more\">+1<\/span>\r\n                                <\/a>\r\n                                <span class=\"tooltip-container\">Kinderbetreuung<\/span>\r\n                            <\/span>\r\n                        <\/div>\r\n                    <\/li>\r\n                            <\/ul>\r\n\r\n            <div class=\"ld-info\">\r\n                <ul class=\"no-list-style\">\r\n                                            <li class=\"item-preview tooltip-element\">\r\n    <a aria-label=\"Quick view button\" href=\"#\" type=\"button\" class=\"c27-toggle-quick-view-modal\" data-id=\"3798\">\r\n    \t<i class=\"mi zoom_in\"><\/i>\r\n    <\/a>\r\n    <span class=\"tooltip-container\">Quick view<\/span>\r\n<\/li>                                                                <li class=\"tooltip-element\">\r\n    <a aria-label=\"Bookmark button\" href=\"#\" class=\"c27-bookmark-button \"\r\n       data-listing-id=\"3798\" onclick=\"MyListing.Handlers.Bookmark_Button(event, this)\">\r\n       <i class=\"mi favorite_border\"><\/i>\r\n    <\/a>\r\n    <span class=\"tooltip-container\">Bookmark<\/span>\r\n<\/li>                                                        <\/ul>\r\n            <\/div>\r\n        <\/div>\r\n    <\/div>\r\n<\/div><div class=\"\"><div\r\n    class=\"lf-item-container listing-preview type-place-2 lf-type-2 has-logo has-tagline has-info-fields level-normal priority-0\"\r\n    data-id=\"listing-id-3795\"\r\n        data-category-icon=\"\t\t\t&lt;i class=&quot;fa fa-city&quot; style=&quot;color: #fff; background: #6c1cff; &quot;&gt;&lt;\/i&gt;\r\n\t\t\"\r\n    data-category-color=\"#6c1cff\"\r\n    data-category-text-color=\"#fff\"\r\n        data-thumbnail=\"https:\/\/stadtm.de\/Bad_Belzig\/wp-content\/uploads\/2025\/08\/Oberlinhaus-Kita-Bad-Belzig-150x150.jpg\"\r\n    data-marker=\"https:\/\/stadtm.de\/Bad_Belzig\/wp-content\/uploads\/2025\/08\/Oberlinhaus-Kita-Bad-Belzig-150x150.jpg\"\r\n    data-template=\"alternate\"\r\n    data-locations=\"[{&quot;address&quot;:&quot;Martin-Luther-Str. 12a, 14806 Bad Belzig&quot;,&quot;lat&quot;:&quot;52.14654&quot;,&quot;lng&quot;:&quot;12.59233&quot;}]\"\r\n>\r\n<div class=\"lf-item lf-item-alternate\" data-template=\"alternate\">\r\n    <a href=\"https:\/\/stadtm.de\/Bad_Belzig\/listing\/oberlinhaus-kita-bad-belzig\/\">\r\n\r\n        <div class=\"overlay\" style=\"\r\n    background-color: #242429;\r\n    opacity: 0.4;\r\n\"><\/div>\r\n        \r\n                    <div class=\"lf-background\" style=\"background-image: url('https:\/\/stadtm.de\/Bad_Belzig\/wp-content\/uploads\/2025\/08\/Oberlinhaus-Kita-Bad-Belzig-768x501.jpg');\"><\/div>\r\n        \r\n        <div class=\"lf-item-info-2\">\r\n                            <div class=\"lf-avatar\" style=\"background-image: url('https:\/\/stadtm.de\/Bad_Belzig\/wp-content\/uploads\/2025\/08\/Oberlinhaus-Kita-Bad-Belzig-150x150.jpg')\"><\/div>\r\n            \r\n            <h4 class=\"case27-primary-text listing-preview-title\">\r\n                Oberlinhaus Kita Bad Belzig                            <\/h4>\r\n\r\n                            <h6>Kindertagesst\u00e4tte Oberlinhaus in Bad Belzig \u2013 Bewegung, Inklusion &amp; Bildung unter einem Dach\r\nWenn Sie in&hellip;<\/h6>\r\n            \r\n            \r\n<ul class=\"lf-contact no-list-style\">\r\n\t            <li >\r\n            \t                \t<i class=\"icon-phone-outgoing sm-icon\"><\/i>\r\n            \t                +49 (33841) 489910            <\/li>\r\n                    <li >\r\n            \t                \t<i class=\"icon-location-pin-add-2 sm-icon\"><\/i>\r\n            \t                Martin-Luther-Str. 12a            <\/li>\r\n        <\/ul>\r\n        <\/div>\r\n\r\n    <\/a>\r\n        <div class=\"lf-head level-normal\">\r\n    \r\n                    <div class=\"lf-head-btn  open-status listing-status-closing\" >\r\n                    OPEN                <\/div>\r\n            <\/div><\/div>\r\n\r\n        <div class=\"listing-details c27-footer-section\">\r\n            <ul class=\"c27-listing-preview-category-list no-list-style\">\r\n                <li>\r\n                    <a href=\"https:\/\/stadtm.de\/Bad_Belzig\/category\/stadt\/\">\r\n                        <span class=\"cat-icon\" style=\"background-color: #6c1cff;\">\r\n                            \t\t\t<i class=\"fa fa-city\" style=\"color: #fff; \"><\/i>\r\n\t\t                        <\/span>\r\n                        <span class=\"category-name\">Stadt<\/span>\r\n                    <\/a>\r\n                <\/li>\r\n\r\n                                    <li>\r\n                        <div class=\"categories-dropdown dropdown c27-more-categories\">\r\n                            <span class=\"tooltip-element\">\r\n                                <a href=\"#other-categories\">\r\n                                    <span class=\"cat-icon cat-more\">+1<\/span>\r\n                                <\/a>\r\n                                <span class=\"tooltip-container\">Kinderbetreuung<\/span>\r\n                            <\/span>\r\n                        <\/div>\r\n                    <\/li>\r\n                            <\/ul>\r\n\r\n            <div class=\"ld-info\">\r\n                <ul class=\"no-list-style\">\r\n                                            <li class=\"item-preview tooltip-element\">\r\n    <a aria-label=\"Quick view button\" href=\"#\" type=\"button\" class=\"c27-toggle-quick-view-modal\" data-id=\"3795\">\r\n    \t<i class=\"mi zoom_in\"><\/i>\r\n    <\/a>\r\n    <span class=\"tooltip-container\">Quick view<\/span>\r\n<\/li>                                                                <li class=\"tooltip-element\">\r\n    <a aria-label=\"Bookmark button\" href=\"#\" class=\"c27-bookmark-button \"\r\n       data-listing-id=\"3795\" onclick=\"MyListing.Handlers.Bookmark_Button(event, this)\">\r\n       <i class=\"mi favorite_border\"><\/i>\r\n    <\/a>\r\n    <span class=\"tooltip-container\">Bookmark<\/span>\r\n<\/li>                                                        <\/ul>\r\n            <\/div>\r\n        <\/div>\r\n    <\/div>\r\n<\/div><div class=\"\"><div\r\n    class=\"lf-item-container listing-preview type-place-2 lf-type-2 has-logo has-tagline has-info-fields level-normal priority-0\"\r\n    data-id=\"listing-id-4254\"\r\n        data-category-icon=\"\t\t\t&lt;i class=&quot;fa fa-city&quot; style=&quot;color: #fff; background: #6c1cff; &quot;&gt;&lt;\/i&gt;\r\n\t\t\"\r\n    data-category-color=\"#6c1cff\"\r\n    data-category-text-color=\"#fff\"\r\n        data-thumbnail=\"https:\/\/stadtm.de\/Bad_Belzig\/wp-content\/uploads\/2025\/08\/Sportplatz-Werbig1-150x150.jpg\"\r\n    data-marker=\"https:\/\/stadtm.de\/Bad_Belzig\/wp-content\/uploads\/2025\/08\/Sportplatz-Werbig1-150x150.jpg\"\r\n    data-template=\"alternate\"\r\n    data-locations=\"[{&quot;address&quot;:&quot;Am Berg 5, 14806 Bad Belzig \\\/ Werbig&quot;,&quot;lat&quot;:&quot;52.18134&quot;,&quot;lng&quot;:&quot;12.46634&quot;}]\"\r\n>\r\n<div class=\"lf-item lf-item-alternate\" data-template=\"alternate\">\r\n    <a href=\"https:\/\/stadtm.de\/Bad_Belzig\/listing\/sportplatz-werbig\/\">\r\n\r\n        <div class=\"overlay\" style=\"\r\n    background-color: #242429;\r\n    opacity: 0.4;\r\n\"><\/div>\r\n        \r\n                    <div class=\"lf-background\" style=\"background-image: url('https:\/\/stadtm.de\/Bad_Belzig\/wp-content\/uploads\/2025\/08\/Sportplatz-Werbig-768x481.jpg');\"><\/div>\r\n        \r\n        <div class=\"lf-item-info-2\">\r\n                            <div class=\"lf-avatar\" style=\"background-image: url('https:\/\/stadtm.de\/Bad_Belzig\/wp-content\/uploads\/2025\/08\/Sportplatz-Werbig1-150x150.jpg')\"><\/div>\r\n            \r\n            <h4 class=\"case27-primary-text listing-preview-title\">\r\n                Sportplatz Werbig                            <\/h4>\r\n\r\n                            <h6>Sportplatz Werbig in Bad Belzig \u2013 Sport, Gemeinschaft und Bewegung auf dem Land\r\nDer Sportplatz Werbig \u2013 Ein&hellip;<\/h6>\r\n            \r\n            \r\n<ul class=\"lf-contact no-list-style\">\r\n\t            <li >\r\n            \t                \t<i class=\"icon-location-pin-add-2 sm-icon\"><\/i>\r\n            \t                Am Berg 5            <\/li>\r\n        <\/ul>\r\n        <\/div>\r\n\r\n    <\/a>\r\n        <div class=\"lf-head level-normal\">\r\n    \r\n    <\/div><\/div>\r\n\r\n        <div class=\"listing-details c27-footer-section\">\r\n            <ul class=\"c27-listing-preview-category-list no-list-style\">\r\n                <li>\r\n                    <a href=\"https:\/\/stadtm.de\/Bad_Belzig\/category\/stadt\/\">\r\n                        <span class=\"cat-icon\" style=\"background-color: #6c1cff;\">\r\n                            \t\t\t<i class=\"fa fa-city\" style=\"color: #fff; \"><\/i>\r\n\t\t                        <\/span>\r\n                        <span class=\"category-name\">Stadt<\/span>\r\n                    <\/a>\r\n                <\/li>\r\n\r\n                                    <li>\r\n                        <div class=\"categories-dropdown dropdown c27-more-categories\">\r\n                            <span class=\"tooltip-element\">\r\n                                <a href=\"#other-categories\">\r\n                                    <span class=\"cat-icon cat-more\">+1<\/span>\r\n                                <\/a>\r\n                                <span class=\"tooltip-container\">Sportst\u00e4tte<\/span>\r\n                            <\/span>\r\n                        <\/div>\r\n                    <\/li>\r\n                            <\/ul>\r\n\r\n            <div class=\"ld-info\">\r\n                <ul class=\"no-list-style\">\r\n                                            <li class=\"item-preview tooltip-element\">\r\n    <a aria-label=\"Quick view button\" href=\"#\" type=\"button\" class=\"c27-toggle-quick-view-modal\" data-id=\"4254\">\r\n    \t<i class=\"mi zoom_in\"><\/i>\r\n    <\/a>\r\n    <span class=\"tooltip-container\">Quick view<\/span>\r\n<\/li>                                                                <li class=\"tooltip-element\">\r\n    <a aria-label=\"Bookmark button\" href=\"#\" class=\"c27-bookmark-button \"\r\n       data-listing-id=\"4254\" onclick=\"MyListing.Handlers.Bookmark_Button(event, this)\">\r\n       <i class=\"mi favorite_border\"><\/i>\r\n    <\/a>\r\n    <span class=\"tooltip-container\">Bookmark<\/span>\r\n<\/li>                                                        <\/ul>\r\n            <\/div>\r\n        <\/div>\r\n    <\/div>\r\n<\/div><div class=\"\"><div\r\n    class=\"lf-item-container listing-preview type-place-2 lf-type-2 has-logo has-tagline has-info-fields level-normal priority-0\"\r\n    data-id=\"listing-id-4214\"\r\n        data-category-icon=\"\t\t\t&lt;i class=&quot;fa fa-city&quot; style=&quot;color: #fff; background: #6c1cff; &quot;&gt;&lt;\/i&gt;\r\n\t\t\"\r\n    data-category-color=\"#6c1cff\"\r\n    data-category-text-color=\"#fff\"\r\n        data-thumbnail=\"https:\/\/stadtm.de\/Bad_Belzig\/wp-content\/uploads\/2025\/08\/Spielplatz-Bad-Belzig-Hagelberger-Strasse1-150x150.jpg\"\r\n    data-marker=\"https:\/\/stadtm.de\/Bad_Belzig\/wp-content\/uploads\/2025\/08\/Spielplatz-Bad-Belzig-Hagelberger-Strasse1-150x150.jpg\"\r\n    data-template=\"alternate\"\r\n    data-locations=\"[{&quot;address&quot;:&quot;Hagelberger Stra\\u00dfe, 14806 Bad Belzig&quot;,&quot;lat&quot;:&quot;52.14140&quot;,&quot;lng&quot;:&quot;12.57791&quot;}]\"\r\n>\r\n<div class=\"lf-item lf-item-alternate\" data-template=\"alternate\">\r\n    <a href=\"https:\/\/stadtm.de\/Bad_Belzig\/listing\/spielplatz-bad-belzig-hagelberger-strasse\/\">\r\n\r\n        <div class=\"overlay\" style=\"\r\n    background-color: #242429;\r\n    opacity: 0.4;\r\n\"><\/div>\r\n        \r\n                    <div class=\"lf-background\" style=\"background-image: url('https:\/\/stadtm.de\/Bad_Belzig\/wp-content\/uploads\/2025\/08\/Spielplatz-Bad-Belzig-Hagelberger-Strasse-768x512.jpg');\"><\/div>\r\n        \r\n        <div class=\"lf-item-info-2\">\r\n                            <div class=\"lf-avatar\" style=\"background-image: url('https:\/\/stadtm.de\/Bad_Belzig\/wp-content\/uploads\/2025\/08\/Spielplatz-Bad-Belzig-Hagelberger-Strasse1-150x150.jpg')\"><\/div>\r\n            \r\n            <h4 class=\"case27-primary-text listing-preview-title\">\r\n                Spielplatz Bad Belzig - Hagelberger Stra\u00dfe                            <\/h4>\r\n\r\n                            <h6>Spielplatz in der Hagelberger Stra\u00dfe in Bad Belzig\r\nEin lebendiger Spielplatz mitten in Bad Belzig\r\nDer&hellip;<\/h6>\r\n            \r\n            \r\n<ul class=\"lf-contact no-list-style\">\r\n\t            <li >\r\n            \t                \t<i class=\"icon-location-pin-add-2 sm-icon\"><\/i>\r\n            \t                Hagelberger Stra\u00dfe            <\/li>\r\n        <\/ul>\r\n        <\/div>\r\n\r\n    <\/a>\r\n        <div class=\"lf-head level-normal\">\r\n    \r\n    <\/div><\/div>\r\n\r\n        <div class=\"listing-details c27-footer-section\">\r\n            <ul class=\"c27-listing-preview-category-list no-list-style\">\r\n                <li>\r\n                    <a href=\"https:\/\/stadtm.de\/Bad_Belzig\/category\/stadt\/\">\r\n                        <span class=\"cat-icon\" style=\"background-color: #6c1cff;\">\r\n                            \t\t\t<i class=\"fa fa-city\" style=\"color: #fff; \"><\/i>\r\n\t\t                        <\/span>\r\n                        <span class=\"category-name\">Stadt<\/span>\r\n                    <\/a>\r\n                <\/li>\r\n\r\n                                    <li>\r\n                        <div class=\"categories-dropdown dropdown c27-more-categories\">\r\n                            <span class=\"tooltip-element\">\r\n                                <a href=\"#other-categories\">\r\n                                    <span class=\"cat-icon cat-more\">+1<\/span>\r\n                                <\/a>\r\n                                <span class=\"tooltip-container\">Spielplatz<\/span>\r\n                            <\/span>\r\n                        <\/div>\r\n                    <\/li>\r\n                            <\/ul>\r\n\r\n            <div class=\"ld-info\">\r\n                <ul class=\"no-list-style\">\r\n                                            <li class=\"item-preview tooltip-element\">\r\n    <a aria-label=\"Quick view button\" href=\"#\" type=\"button\" class=\"c27-toggle-quick-view-modal\" data-id=\"4214\">\r\n    \t<i class=\"mi zoom_in\"><\/i>\r\n    <\/a>\r\n    <span class=\"tooltip-container\">Quick view<\/span>\r\n<\/li>                                                                <li class=\"tooltip-element\">\r\n    <a aria-label=\"Bookmark button\" href=\"#\" class=\"c27-bookmark-button \"\r\n       data-listing-id=\"4214\" onclick=\"MyListing.Handlers.Bookmark_Button(event, this)\">\r\n       <i class=\"mi favorite_border\"><\/i>\r\n    <\/a>\r\n    <span class=\"tooltip-container\">Bookmark<\/span>\r\n<\/li>                                                        <\/ul>\r\n            <\/div>\r\n        <\/div>\r\n    <\/div>\r\n<\/div><div class=\"\"><div\r\n    class=\"lf-item-container listing-preview type-place-2 lf-type-2 has-logo has-tagline has-info-fields level-normal priority-0\"\r\n    data-id=\"listing-id-4167\"\r\n        data-category-icon=\"\t\t\t&lt;i class=&quot;fa fa-city&quot; style=&quot;color: #fff; background: #6c1cff; &quot;&gt;&lt;\/i&gt;\r\n\t\t\"\r\n    data-category-color=\"#6c1cff\"\r\n    data-category-text-color=\"#fff\"\r\n        data-thumbnail=\"https:\/\/stadtm.de\/Bad_Belzig\/wp-content\/uploads\/2025\/08\/Spielplatz-Ragoesen1-150x150.jpg\"\r\n    data-marker=\"https:\/\/stadtm.de\/Bad_Belzig\/wp-content\/uploads\/2025\/08\/Spielplatz-Ragoesen1-150x150.jpg\"\r\n    data-template=\"alternate\"\r\n    data-locations=\"[{&quot;address&quot;:&quot;B\\u00e4ckerstra\\u00dfe, 14806 Bad Belzig \\\/ Rag\\u00f6sen&quot;,&quot;lat&quot;:&quot;52.24343&quot;,&quot;lng&quot;:&quot;12.57736&quot;}]\"\r\n>\r\n<div class=\"lf-item lf-item-alternate\" data-template=\"alternate\">\r\n    <a href=\"https:\/\/stadtm.de\/Bad_Belzig\/listing\/spielplatz-ragoesen\/\">\r\n\r\n        <div class=\"overlay\" style=\"\r\n    background-color: #242429;\r\n    opacity: 0.4;\r\n\"><\/div>\r\n        \r\n                    <div class=\"lf-background\" style=\"background-image: url('https:\/\/stadtm.de\/Bad_Belzig\/wp-content\/uploads\/2025\/08\/Spielplatz-Ragoesen-768x512.jpg');\"><\/div>\r\n        \r\n        <div class=\"lf-item-info-2\">\r\n                            <div class=\"lf-avatar\" style=\"background-image: url('https:\/\/stadtm.de\/Bad_Belzig\/wp-content\/uploads\/2025\/08\/Spielplatz-Ragoesen1-150x150.jpg')\"><\/div>\r\n            \r\n            <h4 class=\"case27-primary-text listing-preview-title\">\r\n                Spielplatz Rag\u00f6sen                            <\/h4>\r\n\r\n                            <h6>Spielplatz in Rag\u00f6sen \u2013 Ein Ort voller Lebensfreude in Bad Belzig\r\nSpielende Kinder und lebendige&hellip;<\/h6>\r\n            \r\n            \r\n<ul class=\"lf-contact no-list-style\">\r\n\t            <li >\r\n            \t                \t<i class=\"icon-location-pin-add-2 sm-icon\"><\/i>\r\n            \t                B\u00e4ckerstra\u00dfe            <\/li>\r\n        <\/ul>\r\n        <\/div>\r\n\r\n    <\/a>\r\n        <div class=\"lf-head level-normal\">\r\n    \r\n    <\/div><\/div>\r\n\r\n        <div class=\"listing-details c27-footer-section\">\r\n            <ul class=\"c27-listing-preview-category-list no-list-style\">\r\n                <li>\r\n                    <a href=\"https:\/\/stadtm.de\/Bad_Belzig\/category\/stadt\/\">\r\n                        <span class=\"cat-icon\" style=\"background-color: #6c1cff;\">\r\n                            \t\t\t<i class=\"fa fa-city\" style=\"color: #fff; \"><\/i>\r\n\t\t                        <\/span>\r\n                        <span class=\"category-name\">Stadt<\/span>\r\n                    <\/a>\r\n                <\/li>\r\n\r\n                                    <li>\r\n                        <div class=\"categories-dropdown dropdown c27-more-categories\">\r\n                            <span class=\"tooltip-element\">\r\n                                <a href=\"#other-categories\">\r\n                                    <span class=\"cat-icon cat-more\">+1<\/span>\r\n                                <\/a>\r\n                                <span class=\"tooltip-container\">Spielplatz<\/span>\r\n                            <\/span>\r\n                        <\/div>\r\n                    <\/li>\r\n                            <\/ul>\r\n\r\n            <div class=\"ld-info\">\r\n                <ul class=\"no-list-style\">\r\n                                            <li class=\"item-preview tooltip-element\">\r\n    <a aria-label=\"Quick view button\" href=\"#\" type=\"button\" class=\"c27-toggle-quick-view-modal\" data-id=\"4167\">\r\n    \t<i class=\"mi zoom_in\"><\/i>\r\n    <\/a>\r\n    <span class=\"tooltip-container\">Quick view<\/span>\r\n<\/li>                                                                <li class=\"tooltip-element\">\r\n    <a aria-label=\"Bookmark button\" href=\"#\" class=\"c27-bookmark-button \"\r\n       data-listing-id=\"4167\" onclick=\"MyListing.Handlers.Bookmark_Button(event, this)\">\r\n       <i class=\"mi favorite_border\"><\/i>\r\n    <\/a>\r\n    <span class=\"tooltip-container\">Bookmark<\/span>\r\n<\/li>                                                        <\/ul>\r\n            <\/div>\r\n        <\/div>\r\n    <\/div>\r\n<\/div><div class=\"\"><div\r\n    class=\"lf-item-container listing-preview type-place-2 lf-type-2 has-logo has-tagline has-info-fields level-normal priority-0\"\r\n    data-id=\"listing-id-3874\"\r\n        data-category-icon=\"\t\t\t&lt;i class=&quot;fa fa-city&quot; style=&quot;color: #fff; background: #6c1cff; &quot;&gt;&lt;\/i&gt;\r\n\t\t\"\r\n    data-category-color=\"#6c1cff\"\r\n    data-category-text-color=\"#fff\"\r\n        data-thumbnail=\"https:\/\/stadtm.de\/Bad_Belzig\/wp-content\/uploads\/2025\/08\/Karl-Liebknecht-Halle-150x150.jpg\"\r\n    data-marker=\"https:\/\/stadtm.de\/Bad_Belzig\/wp-content\/uploads\/2025\/08\/Karl-Liebknecht-Halle-150x150.jpg\"\r\n    data-template=\"alternate\"\r\n    data-locations=\"[{&quot;address&quot;:&quot;Karl-Liebknecht-Str. 19, 14806 Bad Belzig&quot;,&quot;lat&quot;:&quot;52.13844&quot;,&quot;lng&quot;:&quot;12.59371&quot;}]\"\r\n>\r\n<div class=\"lf-item lf-item-alternate\" data-template=\"alternate\">\r\n    <a href=\"https:\/\/stadtm.de\/Bad_Belzig\/listing\/karl-liebknecht-halle\/\">\r\n\r\n        <div class=\"overlay\" style=\"\r\n    background-color: #242429;\r\n    opacity: 0.4;\r\n\"><\/div>\r\n        \r\n                    <div class=\"lf-background\" style=\"background-image: url('https:\/\/stadtm.de\/Bad_Belzig\/wp-content\/uploads\/2025\/08\/Karl-Liebknecht-Halle-768x511.jpg');\"><\/div>\r\n        \r\n        <div class=\"lf-item-info-2\">\r\n                            <div class=\"lf-avatar\" style=\"background-image: url('https:\/\/stadtm.de\/Bad_Belzig\/wp-content\/uploads\/2025\/08\/Karl-Liebknecht-Halle-150x150.jpg')\"><\/div>\r\n            \r\n            <h4 class=\"case27-primary-text listing-preview-title\">\r\n                Karl-Liebknecht Halle                            <\/h4>\r\n\r\n                            <h6>Turnhalle &quot;Karl-Liebknecht\r\nDie Nutzung erfolgt momentan durch den Landkreis PM und durch die Vereine.\r\nDie&hellip;<\/h6>\r\n            \r\n            \r\n<ul class=\"lf-contact no-list-style\">\r\n\t            <li >\r\n            \t                \t<i class=\"icon-location-pin-add-2 sm-icon\"><\/i>\r\n            \t                Karl-Liebknecht-Str. 19            <\/li>\r\n        <\/ul>\r\n        <\/div>\r\n\r\n    <\/a>\r\n        <div class=\"lf-head level-normal\">\r\n    \r\n    <\/div><\/div>\r\n\r\n        <div class=\"listing-details c27-footer-section\">\r\n            <ul class=\"c27-listing-preview-category-list no-list-style\">\r\n                <li>\r\n                    <a href=\"https:\/\/stadtm.de\/Bad_Belzig\/category\/stadt\/\">\r\n                        <span class=\"cat-icon\" style=\"background-color: #6c1cff;\">\r\n                            \t\t\t<i class=\"fa fa-city\" style=\"color: #fff; \"><\/i>\r\n\t\t                        <\/span>\r\n                        <span class=\"category-name\">Stadt<\/span>\r\n                    <\/a>\r\n                <\/li>\r\n\r\n                                    <li>\r\n                        <div class=\"categories-dropdown dropdown c27-more-categories\">\r\n                            <span class=\"tooltip-element\">\r\n                                <a href=\"#other-categories\">\r\n                                    <span class=\"cat-icon cat-more\">+1<\/span>\r\n                                <\/a>\r\n                                <span class=\"tooltip-container\">Sportst\u00e4tte<\/span>\r\n                            <\/span>\r\n                        <\/div>\r\n                    <\/li>\r\n                            <\/ul>\r\n\r\n            <div class=\"ld-info\">\r\n                <ul class=\"no-list-style\">\r\n                                            <li class=\"item-preview tooltip-element\">\r\n    <a aria-label=\"Quick view button\" href=\"#\" type=\"button\" class=\"c27-toggle-quick-view-modal\" data-id=\"3874\">\r\n    \t<i class=\"mi zoom_in\"><\/i>\r\n    <\/a>\r\n    <span class=\"tooltip-container\">Quick view<\/span>\r\n<\/li>                                                                <li class=\"tooltip-element\">\r\n    <a aria-label=\"Bookmark button\" href=\"#\" class=\"c27-bookmark-button \"\r\n       data-listing-id=\"3874\" onclick=\"MyListing.Handlers.Bookmark_Button(event, this)\">\r\n       <i class=\"mi favorite_border\"><\/i>\r\n    <\/a>\r\n    <span class=\"tooltip-container\">Bookmark<\/span>\r\n<\/li>                                                        <\/ul>\r\n            <\/div>\r\n        <\/div>\r\n    <\/div>\r\n<\/div><div class=\"\"><div\r\n    class=\"lf-item-container listing-preview type-place-2 lf-type-2 has-logo has-tagline has-info-fields level-normal priority-0\"\r\n    data-id=\"listing-id-3848\"\r\n        data-category-icon=\"\t\t\t&lt;i class=&quot;fa fa-city&quot; style=&quot;color: #fff; background: #6c1cff; &quot;&gt;&lt;\/i&gt;\r\n\t\t\"\r\n    data-category-color=\"#6c1cff\"\r\n    data-category-text-color=\"#fff\"\r\n        data-thumbnail=\"https:\/\/stadtm.de\/Bad_Belzig\/wp-content\/uploads\/2025\/08\/Feuerwehr-Luesse1-150x150.jpg\"\r\n    data-marker=\"https:\/\/stadtm.de\/Bad_Belzig\/wp-content\/uploads\/2025\/08\/Feuerwehr-Luesse1-150x150.jpg\"\r\n    data-template=\"alternate\"\r\n    data-locations=\"[{&quot;address&quot;:&quot;Im Winkel, 14806 Bad Belzig \\\/ L\\u00fcsse&quot;,&quot;lat&quot;:&quot;52.14934&quot;,&quot;lng&quot;:&quot;12.65514&quot;}]\"\r\n>\r\n<div class=\"lf-item lf-item-alternate\" data-template=\"alternate\">\r\n    <a href=\"https:\/\/stadtm.de\/Bad_Belzig\/listing\/feuerwehr-luesse\/\">\r\n\r\n        <div class=\"overlay\" style=\"\r\n    background-color: #242429;\r\n    opacity: 0.4;\r\n\"><\/div>\r\n        \r\n                    <div class=\"lf-background\" style=\"background-image: url('https:\/\/stadtm.de\/Bad_Belzig\/wp-content\/uploads\/2025\/08\/Feuerwehr-Luesse-768x384.jpg');\"><\/div>\r\n        \r\n        <div class=\"lf-item-info-2\">\r\n                            <div class=\"lf-avatar\" style=\"background-image: url('https:\/\/stadtm.de\/Bad_Belzig\/wp-content\/uploads\/2025\/08\/Feuerwehr-Luesse1-150x150.jpg')\"><\/div>\r\n            \r\n            <h4 class=\"case27-primary-text listing-preview-title\">\r\n                Feuerwehr L\u00fcsse                            <\/h4>\r\n\r\n                            <h6>Feuerwehr L\u00fcsse in Bad Belzig \u2013 Ehrenamtlich. Engagiert. Einsatzbereit.\r\nDie Feuerwehr L\u00fcsse \u2013 eine starke&hellip;<\/h6>\r\n            \r\n            \r\n<ul class=\"lf-contact no-list-style\">\r\n\t            <li >\r\n            \t                \t<i class=\"icon-location-pin-add-2 sm-icon\"><\/i>\r\n            \t                Im Winkel            <\/li>\r\n        <\/ul>\r\n        <\/div>\r\n\r\n    <\/a>\r\n        <div class=\"lf-head level-normal\">\r\n    \r\n    <\/div><\/div>\r\n\r\n        <div class=\"listing-details c27-footer-section\">\r\n            <ul class=\"c27-listing-preview-category-list no-list-style\">\r\n                <li>\r\n                    <a href=\"https:\/\/stadtm.de\/Bad_Belzig\/category\/stadt\/\">\r\n                        <span class=\"cat-icon\" style=\"background-color: #6c1cff;\">\r\n                            \t\t\t<i class=\"fa fa-city\" style=\"color: #fff; \"><\/i>\r\n\t\t                        <\/span>\r\n                        <span class=\"category-name\">Stadt<\/span>\r\n                    <\/a>\r\n                <\/li>\r\n\r\n                                    <li>\r\n                        <div class=\"categories-dropdown dropdown c27-more-categories\">\r\n                            <span class=\"tooltip-element\">\r\n                                <a href=\"#other-categories\">\r\n                                    <span class=\"cat-icon cat-more\">+2<\/span>\r\n                                <\/a>\r\n                                <span class=\"tooltip-container\">Feuerwehr, \u00d6ffentliche Einrichtungen<\/span>\r\n                            <\/span>\r\n                        <\/div>\r\n                    <\/li>\r\n                            <\/ul>\r\n\r\n            <div class=\"ld-info\">\r\n                <ul class=\"no-list-style\">\r\n                                            <li class=\"item-preview tooltip-element\">\r\n    <a aria-label=\"Quick view button\" href=\"#\" type=\"button\" class=\"c27-toggle-quick-view-modal\" data-id=\"3848\">\r\n    \t<i class=\"mi zoom_in\"><\/i>\r\n    <\/a>\r\n    <span class=\"tooltip-container\">Quick view<\/span>\r\n<\/li>                                                                <li class=\"tooltip-element\">\r\n    <a aria-label=\"Bookmark button\" href=\"#\" class=\"c27-bookmark-button \"\r\n       data-listing-id=\"3848\" onclick=\"MyListing.Handlers.Bookmark_Button(event, this)\">\r\n       <i class=\"mi favorite_border\"><\/i>\r\n    <\/a>\r\n    <span class=\"tooltip-container\">Bookmark<\/span>\r\n<\/li>                                                        <\/ul>\r\n            <\/div>\r\n        <\/div>\r\n    <\/div>\r\n<\/div><div class=\"\"><div\r\n    class=\"lf-item-container listing-preview type-place-2 lf-type-2 has-logo has-tagline has-info-fields level-normal priority-0\"\r\n    data-id=\"listing-id-3890\"\r\n        data-category-icon=\"\t\t\t&lt;i class=&quot;fa fa-city&quot; style=&quot;color: #fff; background: #6c1cff; &quot;&gt;&lt;\/i&gt;\r\n\t\t\"\r\n    data-category-color=\"#6c1cff\"\r\n    data-category-text-color=\"#fff\"\r\n        data-thumbnail=\"https:\/\/stadtm.de\/Bad_Belzig\/wp-content\/uploads\/2025\/08\/Freibad-Fredersdorf1-150x150.jpg\"\r\n    data-marker=\"https:\/\/stadtm.de\/Bad_Belzig\/wp-content\/uploads\/2025\/08\/Freibad-Fredersdorf1-150x150.jpg\"\r\n    data-template=\"alternate\"\r\n    data-locations=\"[{&quot;address&quot;:&quot;Schulstr. 3, 14806 Bad Belzig \\\/ Fredersdorf&quot;,&quot;lat&quot;:&quot;52.18923&quot;,&quot;lng&quot;:&quot;12.63845&quot;}]\"\r\n>\r\n<div class=\"lf-item lf-item-alternate\" data-template=\"alternate\">\r\n    <a href=\"https:\/\/stadtm.de\/Bad_Belzig\/listing\/freibad-fredersdorf\/\">\r\n\r\n        <div class=\"overlay\" style=\"\r\n    background-color: #242429;\r\n    opacity: 0.4;\r\n\"><\/div>\r\n        \r\n                    <div class=\"lf-background\" style=\"background-image: url('https:\/\/stadtm.de\/Bad_Belzig\/wp-content\/uploads\/2025\/08\/Freibad-Fredersdorf-768x432.jpg');\"><\/div>\r\n        \r\n        <div class=\"lf-item-info-2\">\r\n                            <div class=\"lf-avatar\" style=\"background-image: url('https:\/\/stadtm.de\/Bad_Belzig\/wp-content\/uploads\/2025\/08\/Freibad-Fredersdorf1-150x150.jpg')\"><\/div>\r\n            \r\n            <h4 class=\"case27-primary-text listing-preview-title\">\r\n                Freibad Fredersdorf                            <\/h4>\r\n\r\n                            <h6>Freibad Fredersdorf in Bad Belzig \u2013 Sommer, Sonne und Badespa\u00df im Gr\u00fcnen\r\nDas Freibad Fredersdorf: Ein&hellip;<\/h6>\r\n            \r\n            \r\n<ul class=\"lf-contact no-list-style\">\r\n\t            <li >\r\n            \t                \t<i class=\"icon-phone-outgoing sm-icon\"><\/i>\r\n            \t                +49 (33841) 31011            <\/li>\r\n                    <li >\r\n            \t                \t<i class=\"icon-location-pin-add-2 sm-icon\"><\/i>\r\n            \t                Schulstr. 3            <\/li>\r\n        <\/ul>\r\n        <\/div>\r\n\r\n    <\/a>\r\n        <div class=\"lf-head level-normal\">\r\n    \r\n                    <div class=\"lf-head-btn  open-status listing-status-open\" >\r\n                    OPEN                <\/div>\r\n            <\/div><\/div>\r\n\r\n        <div class=\"listing-details c27-footer-section\">\r\n            <ul class=\"c27-listing-preview-category-list no-list-style\">\r\n                <li>\r\n                    <a href=\"https:\/\/stadtm.de\/Bad_Belzig\/category\/stadt\/\">\r\n                        <span class=\"cat-icon\" style=\"background-color: #6c1cff;\">\r\n                            \t\t\t<i class=\"fa fa-city\" style=\"color: #fff; \"><\/i>\r\n\t\t                        <\/span>\r\n                        <span class=\"category-name\">Stadt<\/span>\r\n                    <\/a>\r\n                <\/li>\r\n\r\n                                    <li>\r\n                        <div class=\"categories-dropdown dropdown c27-more-categories\">\r\n                            <span class=\"tooltip-element\">\r\n                                <a href=\"#other-categories\">\r\n                                    <span class=\"cat-icon cat-more\">+2<\/span>\r\n                                <\/a>\r\n                                <span class=\"tooltip-container\">Sportst\u00e4tte, Freizeiteinrichtungen<\/span>\r\n                            <\/span>\r\n                        <\/div>\r\n                    <\/li>\r\n                            <\/ul>\r\n\r\n            <div class=\"ld-info\">\r\n                <ul class=\"no-list-style\">\r\n                                            <li class=\"item-preview tooltip-element\">\r\n    <a aria-label=\"Quick view button\" href=\"#\" type=\"button\" class=\"c27-toggle-quick-view-modal\" data-id=\"3890\">\r\n    \t<i class=\"mi zoom_in\"><\/i>\r\n    <\/a>\r\n    <span class=\"tooltip-container\">Quick view<\/span>\r\n<\/li>                                                                <li class=\"tooltip-element\">\r\n    <a aria-label=\"Bookmark button\" href=\"#\" class=\"c27-bookmark-button \"\r\n       data-listing-id=\"3890\" onclick=\"MyListing.Handlers.Bookmark_Button(event, this)\">\r\n       <i class=\"mi favorite_border\"><\/i>\r\n    <\/a>\r\n    <span class=\"tooltip-container\">Bookmark<\/span>\r\n<\/li>                                                        <\/ul>\r\n            <\/div>\r\n        <\/div>\r\n    <\/div>\r\n<\/div><div class=\"\"><div\r\n    class=\"lf-item-container listing-preview type-place-2 lf-type-2 has-logo has-tagline has-info-fields level-normal priority-0\"\r\n    data-id=\"listing-id-4179\"\r\n        data-category-icon=\"\t\t\t&lt;i class=&quot;fa fa-city&quot; style=&quot;color: #fff; background: #6c1cff; &quot;&gt;&lt;\/i&gt;\r\n\t\t\"\r\n    data-category-color=\"#6c1cff\"\r\n    data-category-text-color=\"#fff\"\r\n        data-thumbnail=\"https:\/\/stadtm.de\/Bad_Belzig\/wp-content\/uploads\/2025\/08\/Spielplatz-Werbig-Auf-dem-Sportplatz1-150x150.jpg\"\r\n    data-marker=\"https:\/\/stadtm.de\/Bad_Belzig\/wp-content\/uploads\/2025\/08\/Spielplatz-Werbig-Auf-dem-Sportplatz1-150x150.jpg\"\r\n    data-template=\"alternate\"\r\n    data-locations=\"[{&quot;address&quot;:&quot;Am Berg 5, 14806 Bad Belzig \\\/ Werbig&quot;,&quot;lat&quot;:&quot;52.18170&quot;,&quot;lng&quot;:&quot;12.46600&quot;}]\"\r\n>\r\n<div class=\"lf-item lf-item-alternate\" data-template=\"alternate\">\r\n    <a href=\"https:\/\/stadtm.de\/Bad_Belzig\/listing\/spielplatz-werbig-auf-dem-sportplatz\/\">\r\n\r\n        <div class=\"overlay\" style=\"\r\n    background-color: #242429;\r\n    opacity: 0.4;\r\n\"><\/div>\r\n        \r\n                    <div class=\"lf-background\" style=\"background-image: url('https:\/\/stadtm.de\/Bad_Belzig\/wp-content\/uploads\/2025\/08\/Spielplatz-Werbig-Auf-dem-Sportplatz-768x512.jpg');\"><\/div>\r\n        \r\n        <div class=\"lf-item-info-2\">\r\n                            <div class=\"lf-avatar\" style=\"background-image: url('https:\/\/stadtm.de\/Bad_Belzig\/wp-content\/uploads\/2025\/08\/Spielplatz-Werbig-Auf-dem-Sportplatz1-150x150.jpg')\"><\/div>\r\n            \r\n            <h4 class=\"case27-primary-text listing-preview-title\">\r\n                Spielplatz Werbig - Auf dem Sportplatz                            <\/h4>\r\n\r\n                            <h6>Spielplatz in Werbig \u2013 Auf dem Sportplatz in Bad Belzig\r\nEin lebendiger Ort f\u00fcr Kinder in Werbig\r\nDer&hellip;<\/h6>\r\n            \r\n            \r\n<ul class=\"lf-contact no-list-style\">\r\n\t            <li >\r\n            \t                \t<i class=\"icon-location-pin-add-2 sm-icon\"><\/i>\r\n            \t                Am Berg 5            <\/li>\r\n        <\/ul>\r\n        <\/div>\r\n\r\n    <\/a>\r\n        <div class=\"lf-head level-normal\">\r\n    \r\n    <\/div><\/div>\r\n\r\n        <div class=\"listing-details c27-footer-section\">\r\n            <ul class=\"c27-listing-preview-category-list no-list-style\">\r\n                <li>\r\n                    <a href=\"https:\/\/stadtm.de\/Bad_Belzig\/category\/stadt\/\">\r\n                        <span class=\"cat-icon\" style=\"background-color: #6c1cff;\">\r\n                            \t\t\t<i class=\"fa fa-city\" style=\"color: #fff; \"><\/i>\r\n\t\t                        <\/span>\r\n                        <span class=\"category-name\">Stadt<\/span>\r\n                    <\/a>\r\n                <\/li>\r\n\r\n                                    <li>\r\n                        <div class=\"categories-dropdown dropdown c27-more-categories\">\r\n                            <span class=\"tooltip-element\">\r\n                                <a href=\"#other-categories\">\r\n                                    <span class=\"cat-icon cat-more\">+1<\/span>\r\n                                <\/a>\r\n                                <span class=\"tooltip-container\">Spielplatz<\/span>\r\n                            <\/span>\r\n                        <\/div>\r\n                    <\/li>\r\n                            <\/ul>\r\n\r\n            <div class=\"ld-info\">\r\n                <ul class=\"no-list-style\">\r\n                                            <li class=\"item-preview tooltip-element\">\r\n    <a aria-label=\"Quick view button\" href=\"#\" type=\"button\" class=\"c27-toggle-quick-view-modal\" data-id=\"4179\">\r\n    \t<i class=\"mi zoom_in\"><\/i>\r\n    <\/a>\r\n    <span class=\"tooltip-container\">Quick view<\/span>\r\n<\/li>                                                                <li class=\"tooltip-element\">\r\n    <a aria-label=\"Bookmark button\" href=\"#\" class=\"c27-bookmark-button \"\r\n       data-listing-id=\"4179\" onclick=\"MyListing.Handlers.Bookmark_Button(event, this)\">\r\n       <i class=\"mi favorite_border\"><\/i>\r\n    <\/a>\r\n    <span class=\"tooltip-container\">Bookmark<\/span>\r\n<\/li>                                                        <\/ul>\r\n            <\/div>\r\n        <\/div>\r\n    <\/div>\r\n<\/div><div class=\"\"><div\r\n    class=\"lf-item-container listing-preview type-place-2 lf-type-2 has-logo has-tagline has-info-fields level-normal priority-0\"\r\n    data-id=\"listing-id-3773\"\r\n        data-category-icon=\"\t\t\t&lt;i class=&quot;fa fa-city&quot; style=&quot;color: #fff; background: #6c1cff; &quot;&gt;&lt;\/i&gt;\r\n\t\t\"\r\n    data-category-color=\"#6c1cff\"\r\n    data-category-text-color=\"#fff\"\r\n        data-thumbnail=\"https:\/\/stadtm.de\/Bad_Belzig\/wp-content\/uploads\/2025\/08\/Hort-Geschwister-Scholl-150x150.jpg\"\r\n    data-marker=\"https:\/\/stadtm.de\/Bad_Belzig\/wp-content\/uploads\/2025\/08\/Hort-Geschwister-Scholl-150x150.jpg\"\r\n    data-template=\"alternate\"\r\n    data-locations=\"[{&quot;address&quot;:&quot;Weitzgrunder Weg 3, 14806 Bad Belzig&quot;,&quot;lat&quot;:&quot;52.14928&quot;,&quot;lng&quot;:&quot;12.58756&quot;}]\"\r\n>\r\n<div class=\"lf-item lf-item-alternate\" data-template=\"alternate\">\r\n    <a href=\"https:\/\/stadtm.de\/Bad_Belzig\/listing\/hort-geschwister-scholl\/\">\r\n\r\n        <div class=\"overlay\" style=\"\r\n    background-color: #242429;\r\n    opacity: 0.4;\r\n\"><\/div>\r\n        \r\n                    <div class=\"lf-background\" style=\"background-image: url('https:\/\/stadtm.de\/Bad_Belzig\/wp-content\/uploads\/2025\/08\/Hort-Geschwister-Scholl-768x545.jpg');\"><\/div>\r\n        \r\n        <div class=\"lf-item-info-2\">\r\n                            <div class=\"lf-avatar\" style=\"background-image: url('https:\/\/stadtm.de\/Bad_Belzig\/wp-content\/uploads\/2025\/08\/Hort-Geschwister-Scholl-150x150.jpg')\"><\/div>\r\n            \r\n            <h4 class=\"case27-primary-text listing-preview-title\">\r\n                Hort \u201eGeschwister Scholl\u201c                            <\/h4>\r\n\r\n                            <h6>Hort \u201eGeschwister Scholl\u201c in Bad Belzig \u2013 Betreuung mit Herz, Raum und Konzept\r\nDer Hort \u201eGeschwister Scholl\u201c&hellip;<\/h6>\r\n            \r\n            \r\n<ul class=\"lf-contact no-list-style\">\r\n\t            <li >\r\n            \t                \t<i class=\"icon-phone-outgoing sm-icon\"><\/i>\r\n            \t                +49 (33841) 30122            <\/li>\r\n                    <li >\r\n            \t                \t<i class=\"icon-location-pin-add-2 sm-icon\"><\/i>\r\n            \t                Weitzgrunder Weg 3            <\/li>\r\n        <\/ul>\r\n        <\/div>\r\n\r\n    <\/a>\r\n        <div class=\"lf-head level-normal\">\r\n    \r\n                    <div class=\"lf-head-btn  open-status listing-status-open\" >\r\n                    OPEN                <\/div>\r\n            <\/div><\/div>\r\n\r\n        <div class=\"listing-details c27-footer-section\">\r\n            <ul class=\"c27-listing-preview-category-list no-list-style\">\r\n                <li>\r\n                    <a href=\"https:\/\/stadtm.de\/Bad_Belzig\/category\/stadt\/\">\r\n                        <span class=\"cat-icon\" style=\"background-color: #6c1cff;\">\r\n                            \t\t\t<i class=\"fa fa-city\" style=\"color: #fff; \"><\/i>\r\n\t\t                        <\/span>\r\n                        <span class=\"category-name\">Stadt<\/span>\r\n                    <\/a>\r\n                <\/li>\r\n\r\n                                    <li>\r\n                        <div class=\"categories-dropdown dropdown c27-more-categories\">\r\n                            <span class=\"tooltip-element\">\r\n                                <a href=\"#other-categories\">\r\n                                    <span class=\"cat-icon cat-more\">+1<\/span>\r\n                                <\/a>\r\n                                <span class=\"tooltip-container\">Kinderbetreuung<\/span>\r\n                            <\/span>\r\n                        <\/div>\r\n                    <\/li>\r\n                            <\/ul>\r\n\r\n            <div class=\"ld-info\">\r\n                <ul class=\"no-list-style\">\r\n                                            <li class=\"item-preview tooltip-element\">\r\n    <a aria-label=\"Quick view button\" href=\"#\" type=\"button\" class=\"c27-toggle-quick-view-modal\" data-id=\"3773\">\r\n    \t<i class=\"mi zoom_in\"><\/i>\r\n    <\/a>\r\n    <span class=\"tooltip-container\">Quick view<\/span>\r\n<\/li>                                                                <li class=\"tooltip-element\">\r\n    <a aria-label=\"Bookmark button\" href=\"#\" class=\"c27-bookmark-button \"\r\n       data-listing-id=\"3773\" onclick=\"MyListing.Handlers.Bookmark_Button(event, this)\">\r\n       <i class=\"mi favorite_border\"><\/i>\r\n    <\/a>\r\n    <span class=\"tooltip-container\">Bookmark<\/span>\r\n<\/li>                                                        <\/ul>\r\n            <\/div>\r\n        <\/div>\r\n    <\/div>\r\n<\/div><div class=\"\"><div\r\n    class=\"lf-item-container listing-preview type-place-2 lf-type-2 has-logo has-tagline has-info-fields level-normal priority-0\"\r\n    data-id=\"listing-id-3913\"\r\n        data-category-icon=\"\t\t\t&lt;i class=&quot;fa fa-city&quot; style=&quot;color: #fff; background: #6c1cff; &quot;&gt;&lt;\/i&gt;\r\n\t\t\"\r\n    data-category-color=\"#6c1cff\"\r\n    data-category-text-color=\"#fff\"\r\n        data-thumbnail=\"https:\/\/stadtm.de\/Bad_Belzig\/wp-content\/uploads\/2025\/08\/Stadt-und-Burgtheater-Bad-Belzig-150x150.jpg\"\r\n    data-marker=\"https:\/\/stadtm.de\/Bad_Belzig\/wp-content\/uploads\/2025\/08\/Stadt-und-Burgtheater-Bad-Belzig-150x150.jpg\"\r\n    data-template=\"alternate\"\r\n    data-locations=\"[{&quot;address&quot;:&quot;Wiesenburger Str. 6, 14806 Bad Belzig&quot;,&quot;lat&quot;:&quot;52.14051&quot;,&quot;lng&quot;:&quot;12.58669&quot;}]\"\r\n>\r\n<div class=\"lf-item lf-item-alternate\" data-template=\"alternate\">\r\n    <a href=\"https:\/\/stadtm.de\/Bad_Belzig\/listing\/stadt-und-burgtheater-bad-belzig\/\">\r\n\r\n        <div class=\"overlay\" style=\"\r\n    background-color: #242429;\r\n    opacity: 0.4;\r\n\"><\/div>\r\n        \r\n                    <div class=\"lf-background\" style=\"background-image: url('https:\/\/stadtm.de\/Bad_Belzig\/wp-content\/uploads\/2025\/08\/Stadt-und-Burgtheater-Bad-Belzig1-768x512.jpg');\"><\/div>\r\n        \r\n        <div class=\"lf-item-info-2\">\r\n                            <div class=\"lf-avatar\" style=\"background-image: url('https:\/\/stadtm.de\/Bad_Belzig\/wp-content\/uploads\/2025\/08\/Stadt-und-Burgtheater-Bad-Belzig-150x150.jpg')\"><\/div>\r\n            \r\n            <h4 class=\"case27-primary-text listing-preview-title\">\r\n                Stadt- und Burgtheater Bad Belzig                            <\/h4>\r\n\r\n                            <h6>Stadt- und Burgtheater Bad Belzig \u2013 Theaterkunst mitten in Brandenburg\r\nDas Stadt- und Burgtheater Bad Belzig&hellip;<\/h6>\r\n            \r\n            \r\n<ul class=\"lf-contact no-list-style\">\r\n\t            <li >\r\n            \t                \t<i class=\"icon-location-pin-add-2 sm-icon\"><\/i>\r\n            \t                Wiesenburger Str. 6            <\/li>\r\n        <\/ul>\r\n        <\/div>\r\n\r\n    <\/a>\r\n        <div class=\"lf-head level-normal\">\r\n    \r\n    <\/div><\/div>\r\n\r\n        <div class=\"listing-details c27-footer-section\">\r\n            <ul class=\"c27-listing-preview-category-list no-list-style\">\r\n                <li>\r\n                    <a href=\"https:\/\/stadtm.de\/Bad_Belzig\/category\/stadt\/\">\r\n                        <span class=\"cat-icon\" style=\"background-color: #6c1cff;\">\r\n                            \t\t\t<i class=\"fa fa-city\" style=\"color: #fff; \"><\/i>\r\n\t\t                        <\/span>\r\n                        <span class=\"category-name\">Stadt<\/span>\r\n                    <\/a>\r\n                <\/li>\r\n\r\n                                    <li>\r\n                        <div class=\"categories-dropdown dropdown c27-more-categories\">\r\n                            <span class=\"tooltip-element\">\r\n                                <a href=\"#other-categories\">\r\n                                    <span class=\"cat-icon cat-more\">+1<\/span>\r\n                                <\/a>\r\n                                <span class=\"tooltip-container\">Freizeiteinrichtungen<\/span>\r\n                            <\/span>\r\n                        <\/div>\r\n                    <\/li>\r\n                            <\/ul>\r\n\r\n            <div class=\"ld-info\">\r\n                <ul class=\"no-list-style\">\r\n                                            <li class=\"item-preview tooltip-element\">\r\n    <a aria-label=\"Quick view button\" href=\"#\" type=\"button\" class=\"c27-toggle-quick-view-modal\" data-id=\"3913\">\r\n    \t<i class=\"mi zoom_in\"><\/i>\r\n    <\/a>\r\n    <span class=\"tooltip-container\">Quick view<\/span>\r\n<\/li>                                                                <li class=\"tooltip-element\">\r\n    <a aria-label=\"Bookmark button\" href=\"#\" class=\"c27-bookmark-button \"\r\n       data-listing-id=\"3913\" onclick=\"MyListing.Handlers.Bookmark_Button(event, this)\">\r\n       <i class=\"mi favorite_border\"><\/i>\r\n    <\/a>\r\n    <span class=\"tooltip-container\">Bookmark<\/span>\r\n<\/li>                                                        <\/ul>\r\n            <\/div>\r\n        <\/div>\r\n    <\/div>\r\n<\/div><div class=\"\"><div\r\n    class=\"lf-item-container listing-preview type-place-2 lf-type-2 has-logo has-tagline has-info-fields level-normal priority-0\"\r\n    data-id=\"listing-id-3989\"\r\n        data-category-icon=\"\t\t\t&lt;i class=&quot;fa fa-city&quot; style=&quot;color: #fff; background: #6c1cff; &quot;&gt;&lt;\/i&gt;\r\n\t\t\"\r\n    data-category-color=\"#6c1cff\"\r\n    data-category-text-color=\"#fff\"\r\n        data-thumbnail=\"https:\/\/stadtm.de\/Bad_Belzig\/wp-content\/uploads\/2025\/08\/Fachwerkkirche-Dippmannsdorf3-150x150.jpg\"\r\n    data-marker=\"https:\/\/stadtm.de\/Bad_Belzig\/wp-content\/uploads\/2025\/08\/Fachwerkkirche-Dippmannsdorf3-150x150.jpg\"\r\n    data-template=\"alternate\"\r\n    data-locations=\"[{&quot;address&quot;:&quot;Waldfrieden, 14806 Bad Belzig \\\/ Dippmannsdorf&quot;,&quot;lat&quot;:&quot;52.21948&quot;,&quot;lng&quot;:&quot;12.59605&quot;}]\"\r\n>\r\n<div class=\"lf-item lf-item-alternate\" data-template=\"alternate\">\r\n    <a href=\"https:\/\/stadtm.de\/Bad_Belzig\/listing\/fachwerkkirche-dippmannsdorf\/\">\r\n\r\n        <div class=\"overlay\" style=\"\r\n    background-color: #242429;\r\n    opacity: 0.4;\r\n\"><\/div>\r\n        \r\n                    <div class=\"lf-background\" style=\"background-image: url('https:\/\/stadtm.de\/Bad_Belzig\/wp-content\/uploads\/2025\/08\/Fachwerkkirche-Dippmannsdorf1-768x512.jpg');\"><\/div>\r\n        \r\n        <div class=\"lf-item-info-2\">\r\n                            <div class=\"lf-avatar\" style=\"background-image: url('https:\/\/stadtm.de\/Bad_Belzig\/wp-content\/uploads\/2025\/08\/Fachwerkkirche-Dippmannsdorf3-150x150.jpg')\"><\/div>\r\n            \r\n            <h4 class=\"case27-primary-text listing-preview-title\">\r\n                Fachwerkkirche Dippmannsdorf                            <\/h4>\r\n\r\n                            <h6>Fachwerkkirche Dippmannsdorf \u2013 Historische Sehensw\u00fcrdigkeit in Bad Belzig\r\nEine besondere Sehensw\u00fcrdigkeit im&hellip;<\/h6>\r\n            \r\n            \r\n<ul class=\"lf-contact no-list-style\">\r\n\t            <li >\r\n            \t                \t<i class=\"icon-location-pin-add-2 sm-icon\"><\/i>\r\n            \t                Waldfrieden            <\/li>\r\n        <\/ul>\r\n        <\/div>\r\n\r\n    <\/a>\r\n        <div class=\"lf-head level-normal\">\r\n    \r\n    <\/div><\/div>\r\n\r\n        <div class=\"listing-details c27-footer-section\">\r\n            <ul class=\"c27-listing-preview-category-list no-list-style\">\r\n                <li>\r\n                    <a href=\"https:\/\/stadtm.de\/Bad_Belzig\/category\/stadt\/\">\r\n                        <span class=\"cat-icon\" style=\"background-color: #6c1cff;\">\r\n                            \t\t\t<i class=\"fa fa-city\" style=\"color: #fff; \"><\/i>\r\n\t\t                        <\/span>\r\n                        <span class=\"category-name\">Stadt<\/span>\r\n                    <\/a>\r\n                <\/li>\r\n\r\n                                    <li>\r\n                        <div class=\"categories-dropdown dropdown c27-more-categories\">\r\n                            <span class=\"tooltip-element\">\r\n                                <a href=\"#other-categories\">\r\n                                    <span class=\"cat-icon cat-more\">+2<\/span>\r\n                                <\/a>\r\n                                <span class=\"tooltip-container\">Sehensw\u00fcrdigkeiten, Kirche<\/span>\r\n                            <\/span>\r\n                        <\/div>\r\n                    <\/li>\r\n                            <\/ul>\r\n\r\n            <div class=\"ld-info\">\r\n                <ul class=\"no-list-style\">\r\n                                            <li class=\"item-preview tooltip-element\">\r\n    <a aria-label=\"Quick view button\" href=\"#\" type=\"button\" class=\"c27-toggle-quick-view-modal\" data-id=\"3989\">\r\n    \t<i class=\"mi zoom_in\"><\/i>\r\n    <\/a>\r\n    <span class=\"tooltip-container\">Quick view<\/span>\r\n<\/li>                                                                <li class=\"tooltip-element\">\r\n    <a aria-label=\"Bookmark button\" href=\"#\" class=\"c27-bookmark-button \"\r\n       data-listing-id=\"3989\" onclick=\"MyListing.Handlers.Bookmark_Button(event, this)\">\r\n       <i class=\"mi favorite_border\"><\/i>\r\n    <\/a>\r\n    <span class=\"tooltip-container\">Bookmark<\/span>\r\n<\/li>                                                        <\/ul>\r\n            <\/div>\r\n        <\/div>\r\n    <\/div>\r\n<\/div><div class=\"\"><div\r\n    class=\"lf-item-container listing-preview type-place-2 lf-type-2 has-logo has-tagline has-info-fields level-normal priority-0\"\r\n    data-id=\"listing-id-4171\"\r\n        data-category-icon=\"\t\t\t&lt;i class=&quot;fa fa-city&quot; style=&quot;color: #fff; background: #6c1cff; &quot;&gt;&lt;\/i&gt;\r\n\t\t\"\r\n    data-category-color=\"#6c1cff\"\r\n    data-category-text-color=\"#fff\"\r\n        data-thumbnail=\"https:\/\/stadtm.de\/Bad_Belzig\/wp-content\/uploads\/2025\/08\/Spielplatz-Schwanebeck1-150x150.jpg\"\r\n    data-marker=\"https:\/\/stadtm.de\/Bad_Belzig\/wp-content\/uploads\/2025\/08\/Spielplatz-Schwanebeck1-150x150.jpg\"\r\n    data-template=\"alternate\"\r\n    data-locations=\"[{&quot;address&quot;:&quot;Am Bach, 14806 Bad Belzig \\\/ Schwanebeck&quot;,&quot;lat&quot;:&quot;52.17507&quot;,&quot;lng&quot;:&quot;12.62666&quot;}]\"\r\n>\r\n<div class=\"lf-item lf-item-alternate\" data-template=\"alternate\">\r\n    <a href=\"https:\/\/stadtm.de\/Bad_Belzig\/listing\/spielplatz-schwanebeck\/\">\r\n\r\n        <div class=\"overlay\" style=\"\r\n    background-color: #242429;\r\n    opacity: 0.4;\r\n\"><\/div>\r\n        \r\n                    <div class=\"lf-background\" style=\"background-image: url('https:\/\/stadtm.de\/Bad_Belzig\/wp-content\/uploads\/2025\/08\/Spielplatz-Schwanebeck-768x512.jpg');\"><\/div>\r\n        \r\n        <div class=\"lf-item-info-2\">\r\n                            <div class=\"lf-avatar\" style=\"background-image: url('https:\/\/stadtm.de\/Bad_Belzig\/wp-content\/uploads\/2025\/08\/Spielplatz-Schwanebeck1-150x150.jpg')\"><\/div>\r\n            \r\n            <h4 class=\"case27-primary-text listing-preview-title\">\r\n                Spielplatz Schwanebeck                            <\/h4>\r\n\r\n                            <h6>Spielplatz in Schwanebeck \u2013 Treffpunkt f\u00fcr Familien in Bad Belzig\r\nLebendige Kindheit auf dem Spielplatz\r\nDer&hellip;<\/h6>\r\n            \r\n            \r\n<ul class=\"lf-contact no-list-style\">\r\n\t            <li >\r\n            \t                \t<i class=\"icon-location-pin-add-2 sm-icon\"><\/i>\r\n            \t                Am Bach            <\/li>\r\n        <\/ul>\r\n        <\/div>\r\n\r\n    <\/a>\r\n        <div class=\"lf-head level-normal\">\r\n    \r\n    <\/div><\/div>\r\n\r\n        <div class=\"listing-details c27-footer-section\">\r\n            <ul class=\"c27-listing-preview-category-list no-list-style\">\r\n                <li>\r\n                    <a href=\"https:\/\/stadtm.de\/Bad_Belzig\/category\/stadt\/\">\r\n                        <span class=\"cat-icon\" style=\"background-color: #6c1cff;\">\r\n                            \t\t\t<i class=\"fa fa-city\" style=\"color: #fff; \"><\/i>\r\n\t\t                        <\/span>\r\n                        <span class=\"category-name\">Stadt<\/span>\r\n                    <\/a>\r\n                <\/li>\r\n\r\n                                    <li>\r\n                        <div class=\"categories-dropdown dropdown c27-more-categories\">\r\n                            <span class=\"tooltip-element\">\r\n                                <a href=\"#other-categories\">\r\n                                    <span class=\"cat-icon cat-more\">+1<\/span>\r\n                                <\/a>\r\n                                <span class=\"tooltip-container\">Spielplatz<\/span>\r\n                            <\/span>\r\n                        <\/div>\r\n                    <\/li>\r\n                            <\/ul>\r\n\r\n            <div class=\"ld-info\">\r\n                <ul class=\"no-list-style\">\r\n                                            <li class=\"item-preview tooltip-element\">\r\n    <a aria-label=\"Quick view button\" href=\"#\" type=\"button\" class=\"c27-toggle-quick-view-modal\" data-id=\"4171\">\r\n    \t<i class=\"mi zoom_in\"><\/i>\r\n    <\/a>\r\n    <span class=\"tooltip-container\">Quick view<\/span>\r\n<\/li>                                                                <li class=\"tooltip-element\">\r\n    <a aria-label=\"Bookmark button\" href=\"#\" class=\"c27-bookmark-button \"\r\n       data-listing-id=\"4171\" onclick=\"MyListing.Handlers.Bookmark_Button(event, this)\">\r\n       <i class=\"mi favorite_border\"><\/i>\r\n    <\/a>\r\n    <span class=\"tooltip-container\">Bookmark<\/span>\r\n<\/li>                                                        <\/ul>\r\n            <\/div>\r\n        <\/div>\r\n    <\/div>\r\n<\/div><div class=\"\"><div\r\n    class=\"lf-item-container listing-preview type-place-2 lf-type-2 has-logo has-tagline has-info-fields level-normal priority-0\"\r\n    data-id=\"listing-id-3818\"\r\n        data-category-icon=\"\t\t\t&lt;i class=&quot;fa fa-city&quot; style=&quot;color: #fff; background: #6c1cff; &quot;&gt;&lt;\/i&gt;\r\n\t\t\"\r\n    data-category-color=\"#6c1cff\"\r\n    data-category-text-color=\"#fff\"\r\n        data-thumbnail=\"https:\/\/stadtm.de\/Bad_Belzig\/wp-content\/uploads\/2025\/08\/Freie-Schule-Flaeming-Bad-Belzig-1-150x150.jpg\"\r\n    data-marker=\"https:\/\/stadtm.de\/Bad_Belzig\/wp-content\/uploads\/2025\/08\/Freie-Schule-Flaeming-Bad-Belzig-1-150x150.jpg\"\r\n    data-template=\"alternate\"\r\n    data-locations=\"[{&quot;address&quot;:&quot;Ernst-Th\\u00e4lmann-Str. 10, 14806 Bad Belzig&quot;,&quot;lat&quot;:&quot;52.14380&quot;,&quot;lng&quot;:&quot;12.58360&quot;}]\"\r\n>\r\n<div class=\"lf-item lf-item-alternate\" data-template=\"alternate\">\r\n    <a href=\"https:\/\/stadtm.de\/Bad_Belzig\/listing\/freie-schule-flaeming-bad-belzig\/\">\r\n\r\n        <div class=\"overlay\" style=\"\r\n    background-color: #242429;\r\n    opacity: 0.4;\r\n\"><\/div>\r\n        \r\n                    <div class=\"lf-background\" style=\"background-image: url('https:\/\/stadtm.de\/Bad_Belzig\/wp-content\/uploads\/2025\/08\/Freie-Schule-Flaeming-Bad-Belzig-768x468.jpg');\"><\/div>\r\n        \r\n        <div class=\"lf-item-info-2\">\r\n                            <div class=\"lf-avatar\" style=\"background-image: url('https:\/\/stadtm.de\/Bad_Belzig\/wp-content\/uploads\/2025\/08\/Freie-Schule-Flaeming-Bad-Belzig-1-150x150.jpg')\"><\/div>\r\n            \r\n            <h4 class=\"case27-primary-text listing-preview-title\">\r\n                Freie Schule Fl\u00e4ming Bad Belzig                            <\/h4>\r\n\r\n                            <h6>Freie Schule Fl\u00e4ming in Bad Belzig \u2013 Schule f\u00fcrs Leben\r\nEine alternative Schule mit p\u00e4dagogischem Herz in Bad&hellip;<\/h6>\r\n            \r\n            \r\n<ul class=\"lf-contact no-list-style\">\r\n\t            <li >\r\n            \t                \t<i class=\"icon-phone-outgoing sm-icon\"><\/i>\r\n            \t                +49 (33841) 441143            <\/li>\r\n                    <li >\r\n            \t                \t<i class=\"icon-location-pin-add-2 sm-icon\"><\/i>\r\n            \t                Ernst-Th\u00e4lmann-Str. 10            <\/li>\r\n        <\/ul>\r\n        <\/div>\r\n\r\n    <\/a>\r\n        <div class=\"lf-head level-normal\">\r\n    \r\n    <\/div><\/div>\r\n\r\n        <div class=\"listing-details c27-footer-section\">\r\n            <ul class=\"c27-listing-preview-category-list no-list-style\">\r\n                <li>\r\n                    <a href=\"https:\/\/stadtm.de\/Bad_Belzig\/category\/stadt\/\">\r\n                        <span class=\"cat-icon\" style=\"background-color: #6c1cff;\">\r\n                            \t\t\t<i class=\"fa fa-city\" style=\"color: #fff; \"><\/i>\r\n\t\t                        <\/span>\r\n                        <span class=\"category-name\">Stadt<\/span>\r\n                    <\/a>\r\n                <\/li>\r\n\r\n                                    <li>\r\n                        <div class=\"categories-dropdown dropdown c27-more-categories\">\r\n                            <span class=\"tooltip-element\">\r\n                                <a href=\"#other-categories\">\r\n                                    <span class=\"cat-icon cat-more\">+1<\/span>\r\n                                <\/a>\r\n                                <span class=\"tooltip-container\">Schule<\/span>\r\n                            <\/span>\r\n                        <\/div>\r\n                    <\/li>\r\n                            <\/ul>\r\n\r\n            <div class=\"ld-info\">\r\n                <ul class=\"no-list-style\">\r\n                                            <li class=\"item-preview tooltip-element\">\r\n    <a aria-label=\"Quick view button\" href=\"#\" type=\"button\" class=\"c27-toggle-quick-view-modal\" data-id=\"3818\">\r\n    \t<i class=\"mi zoom_in\"><\/i>\r\n    <\/a>\r\n    <span class=\"tooltip-container\">Quick view<\/span>\r\n<\/li>                                                                <li class=\"tooltip-element\">\r\n    <a aria-label=\"Bookmark button\" href=\"#\" class=\"c27-bookmark-button \"\r\n       data-listing-id=\"3818\" onclick=\"MyListing.Handlers.Bookmark_Button(event, this)\">\r\n       <i class=\"mi favorite_border\"><\/i>\r\n    <\/a>\r\n    <span class=\"tooltip-container\">Bookmark<\/span>\r\n<\/li>                                                        <\/ul>\r\n            <\/div>\r\n        <\/div>\r\n    <\/div>\r\n<\/div><div class=\"\"><div\r\n    class=\"lf-item-container listing-preview type-place-2 lf-type-2 has-logo has-tagline has-info-fields level-normal priority-0\"\r\n    data-id=\"listing-id-4163\"\r\n        data-category-icon=\"\t\t\t&lt;i class=&quot;fa fa-city&quot; style=&quot;color: #fff; background: #6c1cff; &quot;&gt;&lt;\/i&gt;\r\n\t\t\"\r\n    data-category-color=\"#6c1cff\"\r\n    data-category-text-color=\"#fff\"\r\n        data-thumbnail=\"https:\/\/stadtm.de\/Bad_Belzig\/wp-content\/uploads\/2025\/08\/Spielplatz-Preussnitz1-150x150.jpg\"\r\n    data-marker=\"https:\/\/stadtm.de\/Bad_Belzig\/wp-content\/uploads\/2025\/08\/Spielplatz-Preussnitz1-150x150.jpg\"\r\n    data-template=\"alternate\"\r\n    data-locations=\"[{&quot;address&quot;:&quot;Preu\\u00dfnitz, 14806 Bad Belzig \\\/ Preu\\u00dfnitz&quot;,&quot;lat&quot;:&quot;52.13196&quot;,&quot;lng&quot;:&quot;12.63084&quot;}]\"\r\n>\r\n<div class=\"lf-item lf-item-alternate\" data-template=\"alternate\">\r\n    <a href=\"https:\/\/stadtm.de\/Bad_Belzig\/listing\/spielplatz-preussnitz\/\">\r\n\r\n        <div class=\"overlay\" style=\"\r\n    background-color: #242429;\r\n    opacity: 0.4;\r\n\"><\/div>\r\n        \r\n                    <div class=\"lf-background\" style=\"background-image: url('https:\/\/stadtm.de\/Bad_Belzig\/wp-content\/uploads\/2025\/08\/Spielplatz-Preussnitz-768x512.jpg');\"><\/div>\r\n        \r\n        <div class=\"lf-item-info-2\">\r\n                            <div class=\"lf-avatar\" style=\"background-image: url('https:\/\/stadtm.de\/Bad_Belzig\/wp-content\/uploads\/2025\/08\/Spielplatz-Preussnitz1-150x150.jpg')\"><\/div>\r\n            \r\n            <h4 class=\"case27-primary-text listing-preview-title\">\r\n                Spielplatz Preu\u00dfnitz                            <\/h4>\r\n\r\n                            <h6>Spielplatz in Preu\u00dfnitz \u2013 Spielen im Herzen von Bad Belzig\r\nEin lebendiger Treffpunkt f\u00fcr Kinder und&hellip;<\/h6>\r\n            \r\n            \r\n<ul class=\"lf-contact no-list-style\">\r\n\t            <li >\r\n            \t                \t<i class=\"icon-location-pin-add-2 sm-icon\"><\/i>\r\n            \t                Preu\u00dfnitz            <\/li>\r\n        <\/ul>\r\n        <\/div>\r\n\r\n    <\/a>\r\n        <div class=\"lf-head level-normal\">\r\n    \r\n    <\/div><\/div>\r\n\r\n        <div class=\"listing-details c27-footer-section\">\r\n            <ul class=\"c27-listing-preview-category-list no-list-style\">\r\n                <li>\r\n                    <a href=\"https:\/\/stadtm.de\/Bad_Belzig\/category\/stadt\/\">\r\n                        <span class=\"cat-icon\" style=\"background-color: #6c1cff;\">\r\n                            \t\t\t<i class=\"fa fa-city\" style=\"color: #fff; \"><\/i>\r\n\t\t                        <\/span>\r\n                        <span class=\"category-name\">Stadt<\/span>\r\n                    <\/a>\r\n                <\/li>\r\n\r\n                                    <li>\r\n                        <div class=\"categories-dropdown dropdown c27-more-categories\">\r\n                            <span class=\"tooltip-element\">\r\n                                <a href=\"#other-categories\">\r\n                                    <span class=\"cat-icon cat-more\">+1<\/span>\r\n                                <\/a>\r\n                                <span class=\"tooltip-container\">Spielplatz<\/span>\r\n                            <\/span>\r\n                        <\/div>\r\n                    <\/li>\r\n                            <\/ul>\r\n\r\n            <div class=\"ld-info\">\r\n                <ul class=\"no-list-style\">\r\n                                            <li class=\"item-preview tooltip-element\">\r\n    <a aria-label=\"Quick view button\" href=\"#\" type=\"button\" class=\"c27-toggle-quick-view-modal\" data-id=\"4163\">\r\n    \t<i class=\"mi zoom_in\"><\/i>\r\n    <\/a>\r\n    <span class=\"tooltip-container\">Quick view<\/span>\r\n<\/li>                                                                <li class=\"tooltip-element\">\r\n    <a aria-label=\"Bookmark button\" href=\"#\" class=\"c27-bookmark-button \"\r\n       data-listing-id=\"4163\" onclick=\"MyListing.Handlers.Bookmark_Button(event, this)\">\r\n       <i class=\"mi favorite_border\"><\/i>\r\n    <\/a>\r\n    <span class=\"tooltip-container\">Bookmark<\/span>\r\n<\/li>                                                        <\/ul>\r\n            <\/div>\r\n        <\/div>\r\n    <\/div>\r\n<\/div><div class=\"\"><div\r\n    class=\"lf-item-container listing-preview type-place-2 lf-type-2 has-logo has-tagline has-info-fields level-normal priority-0\"\r\n    data-id=\"listing-id-4048\"\r\n        data-category-icon=\"\t\t\t&lt;i class=&quot;fa fa-city&quot; style=&quot;color: #fff; background: #6c1cff; &quot;&gt;&lt;\/i&gt;\r\n\t\t\"\r\n    data-category-color=\"#6c1cff\"\r\n    data-category-text-color=\"#fff\"\r\n        data-thumbnail=\"https:\/\/stadtm.de\/Bad_Belzig\/wp-content\/uploads\/2025\/08\/Evang-Freikirchl-Gemeinde-Bad-Belzig-150x150.jpg\"\r\n    data-marker=\"https:\/\/stadtm.de\/Bad_Belzig\/wp-content\/uploads\/2025\/08\/Evang-Freikirchl-Gemeinde-Bad-Belzig-150x150.jpg\"\r\n    data-template=\"alternate\"\r\n    data-locations=\"[{&quot;address&quot;:&quot;Stra\\u00dfe der Einheit 58, 14806 Bad Belzig&quot;,&quot;lat&quot;:&quot;52.14263&quot;,&quot;lng&quot;:&quot;12.58908&quot;}]\"\r\n>\r\n<div class=\"lf-item lf-item-alternate\" data-template=\"alternate\">\r\n    <a href=\"https:\/\/stadtm.de\/Bad_Belzig\/listing\/evang-freikirchl-gemeinde-bad-belzig\/\">\r\n\r\n        <div class=\"overlay\" style=\"\r\n    background-color: #242429;\r\n    opacity: 0.4;\r\n\"><\/div>\r\n        \r\n                    <div class=\"lf-background\" style=\"background-image: url('https:\/\/stadtm.de\/Bad_Belzig\/wp-content\/uploads\/2025\/08\/Evang-Freikirchl-Gemeinde-Bad-Belzig-768x509.jpg');\"><\/div>\r\n        \r\n        <div class=\"lf-item-info-2\">\r\n                            <div class=\"lf-avatar\" style=\"background-image: url('https:\/\/stadtm.de\/Bad_Belzig\/wp-content\/uploads\/2025\/08\/Evang-Freikirchl-Gemeinde-Bad-Belzig-150x150.jpg')\"><\/div>\r\n            \r\n            <h4 class=\"case27-primary-text listing-preview-title\">\r\n                Evang.-Freikirchl. Gemeinde Bad Belzig                            <\/h4>\r\n\r\n                            <h6>Evang.-Freikirchliche Gemeinde Bad Belzig \u2013 Mehr als nur eine Kirchengemeinde\r\nEine Kirchengemeinde f\u00fcr&hellip;<\/h6>\r\n            \r\n            \r\n<ul class=\"lf-contact no-list-style\">\r\n\t            <li >\r\n            \t                \t<i class=\"icon-phone-outgoing sm-icon\"><\/i>\r\n            \t                +49 (33841) 32115            <\/li>\r\n                    <li >\r\n            \t                \t<i class=\"icon-location-pin-add-2 sm-icon\"><\/i>\r\n            \t                Stra\u00dfe der Einheit 58            <\/li>\r\n        <\/ul>\r\n        <\/div>\r\n\r\n    <\/a>\r\n        <div class=\"lf-head level-normal\">\r\n    \r\n    <\/div><\/div>\r\n\r\n        <div class=\"listing-details c27-footer-section\">\r\n            <ul class=\"c27-listing-preview-category-list no-list-style\">\r\n                <li>\r\n                    <a href=\"https:\/\/stadtm.de\/Bad_Belzig\/category\/stadt\/\">\r\n                        <span class=\"cat-icon\" style=\"background-color: #6c1cff;\">\r\n                            \t\t\t<i class=\"fa fa-city\" style=\"color: #fff; \"><\/i>\r\n\t\t                        <\/span>\r\n                        <span class=\"category-name\">Stadt<\/span>\r\n                    <\/a>\r\n                <\/li>\r\n\r\n                                    <li>\r\n                        <div class=\"categories-dropdown dropdown c27-more-categories\">\r\n                            <span class=\"tooltip-element\">\r\n                                <a href=\"#other-categories\">\r\n                                    <span class=\"cat-icon cat-more\">+1<\/span>\r\n                                <\/a>\r\n                                <span class=\"tooltip-container\">Kirche<\/span>\r\n                            <\/span>\r\n                        <\/div>\r\n                    <\/li>\r\n                            <\/ul>\r\n\r\n            <div class=\"ld-info\">\r\n                <ul class=\"no-list-style\">\r\n                                            <li class=\"item-preview tooltip-element\">\r\n    <a aria-label=\"Quick view button\" href=\"#\" type=\"button\" class=\"c27-toggle-quick-view-modal\" data-id=\"4048\">\r\n    \t<i class=\"mi zoom_in\"><\/i>\r\n    <\/a>\r\n    <span class=\"tooltip-container\">Quick view<\/span>\r\n<\/li>                                                                <li class=\"tooltip-element\">\r\n    <a aria-label=\"Bookmark button\" href=\"#\" class=\"c27-bookmark-button \"\r\n       data-listing-id=\"4048\" onclick=\"MyListing.Handlers.Bookmark_Button(event, this)\">\r\n       <i class=\"mi favorite_border\"><\/i>\r\n    <\/a>\r\n    <span class=\"tooltip-container\">Bookmark<\/span>\r\n<\/li>                                                        <\/ul>\r\n            <\/div>\r\n        <\/div>\r\n    <\/div>\r\n<\/div><div class=\"\"><div\r\n    class=\"lf-item-container listing-preview type-place-2 lf-type-2 has-logo has-tagline has-info-fields level-normal priority-0\"\r\n    data-id=\"listing-id-3860\"\r\n        data-category-icon=\"\t\t\t&lt;i class=&quot;fa fa-city&quot; style=&quot;color: #fff; background: #6c1cff; &quot;&gt;&lt;\/i&gt;\r\n\t\t\"\r\n    data-category-color=\"#6c1cff\"\r\n    data-category-text-color=\"#fff\"\r\n        data-thumbnail=\"https:\/\/stadtm.de\/Bad_Belzig\/wp-content\/uploads\/2025\/08\/Feuerwehr-Schwanebeck1-150x150.jpg\"\r\n    data-marker=\"https:\/\/stadtm.de\/Bad_Belzig\/wp-content\/uploads\/2025\/08\/Feuerwehr-Schwanebeck1-150x150.jpg\"\r\n    data-template=\"alternate\"\r\n    data-locations=\"[{&quot;address&quot;:&quot;Am Bach, 14806 Bad Belzig \\\/ Schwanebeck&quot;,&quot;lat&quot;:&quot;52.17549&quot;,&quot;lng&quot;:&quot;12.62651&quot;}]\"\r\n>\r\n<div class=\"lf-item lf-item-alternate\" data-template=\"alternate\">\r\n    <a href=\"https:\/\/stadtm.de\/Bad_Belzig\/listing\/feuerwehr-schwanebeck\/\">\r\n\r\n        <div class=\"overlay\" style=\"\r\n    background-color: #242429;\r\n    opacity: 0.4;\r\n\"><\/div>\r\n        \r\n                    <div class=\"lf-background\" style=\"background-image: url('https:\/\/stadtm.de\/Bad_Belzig\/wp-content\/uploads\/2025\/08\/Feuerwehr-Schwanebeck-768x384.jpg');\"><\/div>\r\n        \r\n        <div class=\"lf-item-info-2\">\r\n                            <div class=\"lf-avatar\" style=\"background-image: url('https:\/\/stadtm.de\/Bad_Belzig\/wp-content\/uploads\/2025\/08\/Feuerwehr-Schwanebeck1-150x150.jpg')\"><\/div>\r\n            \r\n            <h4 class=\"case27-primary-text listing-preview-title\">\r\n                Feuerwehr Schwanebeck                            <\/h4>\r\n\r\n                            <h6>Feuerwehr Schwanebeck in Bad Belzig \u2013 Einsatzbereit f\u00fcr unsere Region\r\nFeuerwehr Schwanebeck \u2013 Ein&hellip;<\/h6>\r\n            \r\n            \r\n<ul class=\"lf-contact no-list-style\">\r\n\t            <li >\r\n            \t                \t<i class=\"icon-location-pin-add-2 sm-icon\"><\/i>\r\n            \t                Am Bach            <\/li>\r\n        <\/ul>\r\n        <\/div>\r\n\r\n    <\/a>\r\n        <div class=\"lf-head level-normal\">\r\n    \r\n    <\/div><\/div>\r\n\r\n        <div class=\"listing-details c27-footer-section\">\r\n            <ul class=\"c27-listing-preview-category-list no-list-style\">\r\n                <li>\r\n                    <a href=\"https:\/\/stadtm.de\/Bad_Belzig\/category\/stadt\/\">\r\n                        <span class=\"cat-icon\" style=\"background-color: #6c1cff;\">\r\n                            \t\t\t<i class=\"fa fa-city\" style=\"color: #fff; \"><\/i>\r\n\t\t                        <\/span>\r\n                        <span class=\"category-name\">Stadt<\/span>\r\n                    <\/a>\r\n                <\/li>\r\n\r\n                                    <li>\r\n                        <div class=\"categories-dropdown dropdown c27-more-categories\">\r\n                            <span class=\"tooltip-element\">\r\n                                <a href=\"#other-categories\">\r\n                                    <span class=\"cat-icon cat-more\">+2<\/span>\r\n                                <\/a>\r\n                                <span class=\"tooltip-container\">Feuerwehr, \u00d6ffentliche Einrichtungen<\/span>\r\n                            <\/span>\r\n                        <\/div>\r\n                    <\/li>\r\n                            <\/ul>\r\n\r\n            <div class=\"ld-info\">\r\n                <ul class=\"no-list-style\">\r\n                                            <li class=\"item-preview tooltip-element\">\r\n    <a aria-label=\"Quick view button\" href=\"#\" type=\"button\" class=\"c27-toggle-quick-view-modal\" data-id=\"3860\">\r\n    \t<i class=\"mi zoom_in\"><\/i>\r\n    <\/a>\r\n    <span class=\"tooltip-container\">Quick view<\/span>\r\n<\/li>                                                                <li class=\"tooltip-element\">\r\n    <a aria-label=\"Bookmark button\" href=\"#\" class=\"c27-bookmark-button \"\r\n       data-listing-id=\"3860\" onclick=\"MyListing.Handlers.Bookmark_Button(event, this)\">\r\n       <i class=\"mi favorite_border\"><\/i>\r\n    <\/a>\r\n    <span class=\"tooltip-container\">Bookmark<\/span>\r\n<\/li>                                                        <\/ul>\r\n            <\/div>\r\n        <\/div>\r\n    <\/div>\r\n<\/div><div class=\"\"><div\r\n    class=\"lf-item-container listing-preview type-place-2 lf-type-2 has-logo has-tagline has-info-fields level-normal priority-0\"\r\n    data-id=\"listing-id-4155\"\r\n        data-category-icon=\"\t\t\t&lt;i class=&quot;fa fa-city&quot; style=&quot;color: #fff; background: #6c1cff; &quot;&gt;&lt;\/i&gt;\r\n\t\t\"\r\n    data-category-color=\"#6c1cff\"\r\n    data-category-text-color=\"#fff\"\r\n        data-thumbnail=\"https:\/\/stadtm.de\/Bad_Belzig\/wp-content\/uploads\/2025\/08\/Spielplatz-Luette1-150x150.jpg\"\r\n    data-marker=\"https:\/\/stadtm.de\/Bad_Belzig\/wp-content\/uploads\/2025\/08\/Spielplatz-Luette1-150x150.jpg\"\r\n    data-template=\"alternate\"\r\n    data-locations=\"[{&quot;address&quot;:&quot;Am Martinsberg, 14806 Bad Belzig \\\/ L\\u00fctte&quot;,&quot;lat&quot;:&quot;52.20020&quot;,&quot;lng&quot;:&quot;12.60348&quot;}]\"\r\n>\r\n<div class=\"lf-item lf-item-alternate\" data-template=\"alternate\">\r\n    <a href=\"https:\/\/stadtm.de\/Bad_Belzig\/listing\/spielplatz-luette\/\">\r\n\r\n        <div class=\"overlay\" style=\"\r\n    background-color: #242429;\r\n    opacity: 0.4;\r\n\"><\/div>\r\n        \r\n                    <div class=\"lf-background\" style=\"background-image: url('https:\/\/stadtm.de\/Bad_Belzig\/wp-content\/uploads\/2025\/08\/Spielplatz-Luette-768x512.jpg');\"><\/div>\r\n        \r\n        <div class=\"lf-item-info-2\">\r\n                            <div class=\"lf-avatar\" style=\"background-image: url('https:\/\/stadtm.de\/Bad_Belzig\/wp-content\/uploads\/2025\/08\/Spielplatz-Luette1-150x150.jpg')\"><\/div>\r\n            \r\n            <h4 class=\"case27-primary-text listing-preview-title\">\r\n                Spielplatz L\u00fctte                            <\/h4>\r\n\r\n                            <h6>Spielplatz in L\u00fctte \u2013 Spielvergn\u00fcgen mitten in Bad Belzig\r\nEin lebendiger Treffpunkt f\u00fcr Familien\r\nDer&hellip;<\/h6>\r\n            \r\n            \r\n<ul class=\"lf-contact no-list-style\">\r\n\t            <li >\r\n            \t                \t<i class=\"icon-location-pin-add-2 sm-icon\"><\/i>\r\n            \t                Am Martinsberg            <\/li>\r\n        <\/ul>\r\n        <\/div>\r\n\r\n    <\/a>\r\n        <div class=\"lf-head level-normal\">\r\n    \r\n    <\/div><\/div>\r\n\r\n        <div class=\"listing-details c27-footer-section\">\r\n            <ul class=\"c27-listing-preview-category-list no-list-style\">\r\n                <li>\r\n                    <a href=\"https:\/\/stadtm.de\/Bad_Belzig\/category\/stadt\/\">\r\n                        <span class=\"cat-icon\" style=\"background-color: #6c1cff;\">\r\n                            \t\t\t<i class=\"fa fa-city\" style=\"color: #fff; \"><\/i>\r\n\t\t                        <\/span>\r\n                        <span class=\"category-name\">Stadt<\/span>\r\n                    <\/a>\r\n                <\/li>\r\n\r\n                                    <li>\r\n                        <div class=\"categories-dropdown dropdown c27-more-categories\">\r\n                            <span class=\"tooltip-element\">\r\n                                <a href=\"#other-categories\">\r\n                                    <span class=\"cat-icon cat-more\">+1<\/span>\r\n                                <\/a>\r\n                                <span class=\"tooltip-container\">Spielplatz<\/span>\r\n                            <\/span>\r\n                        <\/div>\r\n                    <\/li>\r\n                            <\/ul>\r\n\r\n            <div class=\"ld-info\">\r\n                <ul class=\"no-list-style\">\r\n                                            <li class=\"item-preview tooltip-element\">\r\n    <a aria-label=\"Quick view button\" href=\"#\" type=\"button\" class=\"c27-toggle-quick-view-modal\" data-id=\"4155\">\r\n    \t<i class=\"mi zoom_in\"><\/i>\r\n    <\/a>\r\n    <span class=\"tooltip-container\">Quick view<\/span>\r\n<\/li>                                                                <li class=\"tooltip-element\">\r\n    <a aria-label=\"Bookmark button\" href=\"#\" class=\"c27-bookmark-button \"\r\n       data-listing-id=\"4155\" onclick=\"MyListing.Handlers.Bookmark_Button(event, this)\">\r\n       <i class=\"mi favorite_border\"><\/i>\r\n    <\/a>\r\n    <span class=\"tooltip-container\">Bookmark<\/span>\r\n<\/li>                                                        <\/ul>\r\n            <\/div>\r\n        <\/div>\r\n    <\/div>\r\n<\/div><div class=\"\"><div\r\n    class=\"lf-item-container listing-preview type-place-2 lf-type-2 has-logo has-tagline has-info-fields level-normal priority-0\"\r\n    data-id=\"listing-id-4230\"\r\n        data-category-icon=\"\t\t\t&lt;i class=&quot;fa fa-city&quot; style=&quot;color: #fff; background: #6c1cff; &quot;&gt;&lt;\/i&gt;\r\n\t\t\"\r\n    data-category-color=\"#6c1cff\"\r\n    data-category-text-color=\"#fff\"\r\n        data-thumbnail=\"https:\/\/stadtm.de\/Bad_Belzig\/wp-content\/uploads\/2025\/08\/Kegelbahn-Bad-Belzig1-150x150.jpg\"\r\n    data-marker=\"https:\/\/stadtm.de\/Bad_Belzig\/wp-content\/uploads\/2025\/08\/Kegelbahn-Bad-Belzig1-150x150.jpg\"\r\n    data-template=\"alternate\"\r\n    data-locations=\"[{&quot;address&quot;:&quot;Scheunenweg, 14806 Bad Belzig&quot;,&quot;lat&quot;:&quot;52.14543&quot;,&quot;lng&quot;:&quot;12.58801&quot;}]\"\r\n>\r\n<div class=\"lf-item lf-item-alternate\" data-template=\"alternate\">\r\n    <a href=\"https:\/\/stadtm.de\/Bad_Belzig\/listing\/kegelbahn\/\">\r\n\r\n        <div class=\"overlay\" style=\"\r\n    background-color: #242429;\r\n    opacity: 0.4;\r\n\"><\/div>\r\n        \r\n                    <div class=\"lf-background\" style=\"background-image: url('https:\/\/stadtm.de\/Bad_Belzig\/wp-content\/uploads\/2025\/08\/Kegelbahn-Bad-Belzig-768x513.jpg');\"><\/div>\r\n        \r\n        <div class=\"lf-item-info-2\">\r\n                            <div class=\"lf-avatar\" style=\"background-image: url('https:\/\/stadtm.de\/Bad_Belzig\/wp-content\/uploads\/2025\/08\/Kegelbahn-Bad-Belzig1-150x150.jpg')\"><\/div>\r\n            \r\n            <h4 class=\"case27-primary-text listing-preview-title\">\r\n                Kegelbahn                            <\/h4>\r\n\r\n                            <h6>Die Kegelbahn in Bad Belzig \u2013 Freizeitspa\u00df und Sport unter einem Dach\r\nDie Kegelbahn in Bad Belzig ist ein&hellip;<\/h6>\r\n            \r\n            \r\n<ul class=\"lf-contact no-list-style\">\r\n\t            <li >\r\n            \t                \t<i class=\"icon-location-pin-add-2 sm-icon\"><\/i>\r\n            \t                Scheunenweg            <\/li>\r\n        <\/ul>\r\n        <\/div>\r\n\r\n    <\/a>\r\n        <div class=\"lf-head level-normal\">\r\n    \r\n    <\/div><\/div>\r\n\r\n        <div class=\"listing-details c27-footer-section\">\r\n            <ul class=\"c27-listing-preview-category-list no-list-style\">\r\n                <li>\r\n                    <a href=\"https:\/\/stadtm.de\/Bad_Belzig\/category\/stadt\/\">\r\n                        <span class=\"cat-icon\" style=\"background-color: #6c1cff;\">\r\n                            \t\t\t<i class=\"fa fa-city\" style=\"color: #fff; \"><\/i>\r\n\t\t                        <\/span>\r\n                        <span class=\"category-name\">Stadt<\/span>\r\n                    <\/a>\r\n                <\/li>\r\n\r\n                                    <li>\r\n                        <div class=\"categories-dropdown dropdown c27-more-categories\">\r\n                            <span class=\"tooltip-element\">\r\n                                <a href=\"#other-categories\">\r\n                                    <span class=\"cat-icon cat-more\">+1<\/span>\r\n                                <\/a>\r\n                                <span class=\"tooltip-container\">Sportst\u00e4tte<\/span>\r\n                            <\/span>\r\n                        <\/div>\r\n                    <\/li>\r\n                            <\/ul>\r\n\r\n            <div class=\"ld-info\">\r\n                <ul class=\"no-list-style\">\r\n                                            <li class=\"item-preview tooltip-element\">\r\n    <a aria-label=\"Quick view button\" href=\"#\" type=\"button\" class=\"c27-toggle-quick-view-modal\" data-id=\"4230\">\r\n    \t<i class=\"mi zoom_in\"><\/i>\r\n    <\/a>\r\n    <span class=\"tooltip-container\">Quick view<\/span>\r\n<\/li>                                                                <li class=\"tooltip-element\">\r\n    <a aria-label=\"Bookmark button\" href=\"#\" class=\"c27-bookmark-button \"\r\n       data-listing-id=\"4230\" onclick=\"MyListing.Handlers.Bookmark_Button(event, this)\">\r\n       <i class=\"mi favorite_border\"><\/i>\r\n    <\/a>\r\n    <span class=\"tooltip-container\">Bookmark<\/span>\r\n<\/li>                                                        <\/ul>\r\n            <\/div>\r\n        <\/div>\r\n    <\/div>\r\n<\/div><div class=\"\"><div\r\n    class=\"lf-item-container listing-preview type-place-2 lf-type-2 has-logo has-tagline has-info-fields level-normal priority-0\"\r\n    data-id=\"listing-id-4084\"\r\n        data-category-icon=\"\t\t\t&lt;i class=&quot;fa fa-city&quot; style=&quot;color: #fff; background: #6c1cff; &quot;&gt;&lt;\/i&gt;\r\n\t\t\"\r\n    data-category-color=\"#6c1cff\"\r\n    data-category-text-color=\"#fff\"\r\n        data-thumbnail=\"https:\/\/stadtm.de\/Bad_Belzig\/wp-content\/uploads\/2025\/08\/Fachwerkkirche-Klein-Briesen1-150x150.jpg\"\r\n    data-marker=\"https:\/\/stadtm.de\/Bad_Belzig\/wp-content\/uploads\/2025\/08\/Fachwerkkirche-Klein-Briesen1-150x150.jpg\"\r\n    data-template=\"alternate\"\r\n    data-locations=\"[{&quot;address&quot;:&quot;Klein-Briesen 2, Bad Belzig \\\/ Klein Briesen&quot;,&quot;lat&quot;:&quot;52.23841&quot;,&quot;lng&quot;:&quot;12.51280&quot;}]\"\r\n>\r\n<div class=\"lf-item lf-item-alternate\" data-template=\"alternate\">\r\n    <a href=\"https:\/\/stadtm.de\/Bad_Belzig\/listing\/fachwerkkirche-klein-briesen\/\">\r\n\r\n        <div class=\"overlay\" style=\"\r\n    background-color: #242429;\r\n    opacity: 0.4;\r\n\"><\/div>\r\n        \r\n                    <div class=\"lf-background\" style=\"background-image: url('https:\/\/stadtm.de\/Bad_Belzig\/wp-content\/uploads\/2025\/08\/Fachwerkkirche-Klein-Briesen-768x512.jpg');\"><\/div>\r\n        \r\n        <div class=\"lf-item-info-2\">\r\n                            <div class=\"lf-avatar\" style=\"background-image: url('https:\/\/stadtm.de\/Bad_Belzig\/wp-content\/uploads\/2025\/08\/Fachwerkkirche-Klein-Briesen1-150x150.jpg')\"><\/div>\r\n            \r\n            <h4 class=\"case27-primary-text listing-preview-title\">\r\n                Fachwerkkirche Klein Briesen                            <\/h4>\r\n\r\n                            <h6>Fachwerkkirche Klein Briesen in Bad Belzig \u2013 Eine besondere Sehensw\u00fcrdigkeit mit historischem Charme\r\nEine&hellip;<\/h6>\r\n            \r\n            \r\n<ul class=\"lf-contact no-list-style\">\r\n\t            <li >\r\n            \t                \t<i class=\"icon-location-pin-add-2 sm-icon\"><\/i>\r\n            \t                Klein-Briesen 2            <\/li>\r\n        <\/ul>\r\n        <\/div>\r\n\r\n    <\/a>\r\n        <div class=\"lf-head level-normal\">\r\n    \r\n    <\/div><\/div>\r\n\r\n        <div class=\"listing-details c27-footer-section\">\r\n            <ul class=\"c27-listing-preview-category-list no-list-style\">\r\n                <li>\r\n                    <a href=\"https:\/\/stadtm.de\/Bad_Belzig\/category\/stadt\/\">\r\n                        <span class=\"cat-icon\" style=\"background-color: #6c1cff;\">\r\n                            \t\t\t<i class=\"fa fa-city\" style=\"color: #fff; \"><\/i>\r\n\t\t                        <\/span>\r\n                        <span class=\"category-name\">Stadt<\/span>\r\n                    <\/a>\r\n                <\/li>\r\n\r\n                                    <li>\r\n                        <div class=\"categories-dropdown dropdown c27-more-categories\">\r\n                            <span class=\"tooltip-element\">\r\n                                <a href=\"#other-categories\">\r\n                                    <span class=\"cat-icon cat-more\">+2<\/span>\r\n                                <\/a>\r\n                                <span class=\"tooltip-container\">Sehensw\u00fcrdigkeiten, Kirche<\/span>\r\n                            <\/span>\r\n                        <\/div>\r\n                    <\/li>\r\n                            <\/ul>\r\n\r\n            <div class=\"ld-info\">\r\n                <ul class=\"no-list-style\">\r\n                                            <li class=\"item-preview tooltip-element\">\r\n    <a aria-label=\"Quick view button\" href=\"#\" type=\"button\" class=\"c27-toggle-quick-view-modal\" data-id=\"4084\">\r\n    \t<i class=\"mi zoom_in\"><\/i>\r\n    <\/a>\r\n    <span class=\"tooltip-container\">Quick view<\/span>\r\n<\/li>                                                                <li class=\"tooltip-element\">\r\n    <a aria-label=\"Bookmark button\" href=\"#\" class=\"c27-bookmark-button \"\r\n       data-listing-id=\"4084\" onclick=\"MyListing.Handlers.Bookmark_Button(event, this)\">\r\n       <i class=\"mi favorite_border\"><\/i>\r\n    <\/a>\r\n    <span class=\"tooltip-container\">Bookmark<\/span>\r\n<\/li>                                                        <\/ul>\r\n            <\/div>\r\n        <\/div>\r\n    <\/div>\r\n<\/div><div class=\"\"><div\r\n    class=\"lf-item-container listing-preview type-place-2 lf-type-2 has-logo has-tagline has-info-fields level-normal priority-0\"\r\n    data-id=\"listing-id-4094\"\r\n        data-category-icon=\"\t\t\t&lt;i class=&quot;fa fa-city&quot; style=&quot;color: #fff; background: #6c1cff; &quot;&gt;&lt;\/i&gt;\r\n\t\t\"\r\n    data-category-color=\"#6c1cff\"\r\n    data-category-text-color=\"#fff\"\r\n        data-thumbnail=\"https:\/\/stadtm.de\/Bad_Belzig\/wp-content\/uploads\/2025\/08\/Kath-Kirche-St-Bonifatius1-150x150.jpg\"\r\n    data-marker=\"https:\/\/stadtm.de\/Bad_Belzig\/wp-content\/uploads\/2025\/08\/Kath-Kirche-St-Bonifatius1-150x150.jpg\"\r\n    data-template=\"alternate\"\r\n    data-locations=\"[{&quot;address&quot;:&quot;Br\\u00fccker Landstr. 1, 14806 Bad Belzig&quot;,&quot;lat&quot;:&quot;52.14168&quot;,&quot;lng&quot;:&quot;12.59440&quot;}]\"\r\n>\r\n<div class=\"lf-item lf-item-alternate\" data-template=\"alternate\">\r\n    <a href=\"https:\/\/stadtm.de\/Bad_Belzig\/listing\/kath-kirche-st-bonifatius\/\">\r\n\r\n        <div class=\"overlay\" style=\"\r\n    background-color: #242429;\r\n    opacity: 0.4;\r\n\"><\/div>\r\n        \r\n                    <div class=\"lf-background\" style=\"background-image: url('https:\/\/stadtm.de\/Bad_Belzig\/wp-content\/uploads\/2025\/08\/Kath-Kirche-St-Bonifatius-768x512.jpg');\"><\/div>\r\n        \r\n        <div class=\"lf-item-info-2\">\r\n                            <div class=\"lf-avatar\" style=\"background-image: url('https:\/\/stadtm.de\/Bad_Belzig\/wp-content\/uploads\/2025\/08\/Kath-Kirche-St-Bonifatius1-150x150.jpg')\"><\/div>\r\n            \r\n            <h4 class=\"case27-primary-text listing-preview-title\">\r\n                Kath. Kirche St. Bonifatius                            <\/h4>\r\n\r\n                            <h6>Katholische Kirche St. Bonifatius in Bad Belzig \u2013 Ein Ort des Glaubens und der Stille\r\nEine besondere Kirche&hellip;<\/h6>\r\n            \r\n            \r\n<ul class=\"lf-contact no-list-style\">\r\n\t            <li >\r\n            \t                \t<i class=\"icon-location-pin-add-2 sm-icon\"><\/i>\r\n            \t                Br\u00fccker Landstr. 1            <\/li>\r\n        <\/ul>\r\n        <\/div>\r\n\r\n    <\/a>\r\n        <div class=\"lf-head level-normal\">\r\n    \r\n    <\/div><\/div>\r\n\r\n        <div class=\"listing-details c27-footer-section\">\r\n            <ul class=\"c27-listing-preview-category-list no-list-style\">\r\n                <li>\r\n                    <a href=\"https:\/\/stadtm.de\/Bad_Belzig\/category\/stadt\/\">\r\n                        <span class=\"cat-icon\" style=\"background-color: #6c1cff;\">\r\n                            \t\t\t<i class=\"fa fa-city\" style=\"color: #fff; \"><\/i>\r\n\t\t                        <\/span>\r\n                        <span class=\"category-name\">Stadt<\/span>\r\n                    <\/a>\r\n                <\/li>\r\n\r\n                                    <li>\r\n                        <div class=\"categories-dropdown dropdown c27-more-categories\">\r\n                            <span class=\"tooltip-element\">\r\n                                <a href=\"#other-categories\">\r\n                                    <span class=\"cat-icon cat-more\">+1<\/span>\r\n                                <\/a>\r\n                                <span class=\"tooltip-container\">Kirche<\/span>\r\n                            <\/span>\r\n                        <\/div>\r\n                    <\/li>\r\n                            <\/ul>\r\n\r\n            <div class=\"ld-info\">\r\n                <ul class=\"no-list-style\">\r\n                                            <li class=\"item-preview tooltip-element\">\r\n    <a aria-label=\"Quick view button\" href=\"#\" type=\"button\" class=\"c27-toggle-quick-view-modal\" data-id=\"4094\">\r\n    \t<i class=\"mi zoom_in\"><\/i>\r\n    <\/a>\r\n    <span class=\"tooltip-container\">Quick view<\/span>\r\n<\/li>                                                                <li class=\"tooltip-element\">\r\n    <a aria-label=\"Bookmark button\" href=\"#\" class=\"c27-bookmark-button \"\r\n       data-listing-id=\"4094\" onclick=\"MyListing.Handlers.Bookmark_Button(event, this)\">\r\n       <i class=\"mi favorite_border\"><\/i>\r\n    <\/a>\r\n    <span class=\"tooltip-container\">Bookmark<\/span>\r\n<\/li>                                                        <\/ul>\r\n            <\/div>\r\n        <\/div>\r\n    <\/div>\r\n<\/div><div class=\"\"><div\r\n    class=\"lf-item-container listing-preview type-place-2 lf-type-2 has-logo has-tagline has-info-fields level-normal priority-0\"\r\n    data-id=\"listing-id-3906\"\r\n        data-category-icon=\"\t\t\t&lt;i class=&quot;fa fa-city&quot; style=&quot;color: #fff; background: #6c1cff; &quot;&gt;&lt;\/i&gt;\r\n\t\t\"\r\n    data-category-color=\"#6c1cff\"\r\n    data-category-text-color=\"#fff\"\r\n        data-thumbnail=\"https:\/\/stadtm.de\/Bad_Belzig\/wp-content\/uploads\/2025\/08\/Museum-Roger-Loewig-Haus-150x150.jpg\"\r\n    data-marker=\"https:\/\/stadtm.de\/Bad_Belzig\/wp-content\/uploads\/2025\/08\/Museum-Roger-Loewig-Haus-150x150.jpg\"\r\n    data-template=\"alternate\"\r\n    data-locations=\"[{&quot;address&quot;:&quot;Fl\\u00e4mingweg 6, 14806 Bad Belzig&quot;,&quot;lat&quot;:&quot;52.13620&quot;,&quot;lng&quot;:&quot;12.59013&quot;}]\"\r\n>\r\n<div class=\"lf-item lf-item-alternate\" data-template=\"alternate\">\r\n    <a href=\"https:\/\/stadtm.de\/Bad_Belzig\/listing\/museum-roger-loewig-haus\/\">\r\n\r\n        <div class=\"overlay\" style=\"\r\n    background-color: #242429;\r\n    opacity: 0.4;\r\n\"><\/div>\r\n        \r\n                    <div class=\"lf-background\" style=\"background-image: url('https:\/\/stadtm.de\/Bad_Belzig\/wp-content\/uploads\/2025\/08\/Museum-Roger-Loewig-Haus-768x516.jpg');\"><\/div>\r\n        \r\n        <div class=\"lf-item-info-2\">\r\n                            <div class=\"lf-avatar\" style=\"background-image: url('https:\/\/stadtm.de\/Bad_Belzig\/wp-content\/uploads\/2025\/08\/Museum-Roger-Loewig-Haus-150x150.jpg')\"><\/div>\r\n            \r\n            <h4 class=\"case27-primary-text listing-preview-title\">\r\n                Museum Roger Loewig Haus                            <\/h4>\r\n\r\n                            <h6>Museum Roger Loewig Haus in Bad Belzig \u2013 Kunst, Geschichte und Erinnerung\r\nDas Museum Roger Loewig Haus in&hellip;<\/h6>\r\n            \r\n            \r\n<ul class=\"lf-contact no-list-style\">\r\n\t            <li >\r\n            \t                \t<i class=\"icon-phone-outgoing sm-icon\"><\/i>\r\n            \t                +49 (33841) 42167            <\/li>\r\n                    <li >\r\n            \t                \t<i class=\"icon-location-pin-add-2 sm-icon\"><\/i>\r\n            \t                Fl\u00e4mingweg 6            <\/li>\r\n        <\/ul>\r\n        <\/div>\r\n\r\n    <\/a>\r\n        <div class=\"lf-head level-normal\">\r\n    \r\n    <\/div><\/div>\r\n\r\n        <div class=\"listing-details c27-footer-section\">\r\n            <ul class=\"c27-listing-preview-category-list no-list-style\">\r\n                <li>\r\n                    <a href=\"https:\/\/stadtm.de\/Bad_Belzig\/category\/stadt\/\">\r\n                        <span class=\"cat-icon\" style=\"background-color: #6c1cff;\">\r\n                            \t\t\t<i class=\"fa fa-city\" style=\"color: #fff; \"><\/i>\r\n\t\t                        <\/span>\r\n                        <span class=\"category-name\">Stadt<\/span>\r\n                    <\/a>\r\n                <\/li>\r\n\r\n                                    <li>\r\n                        <div class=\"categories-dropdown dropdown c27-more-categories\">\r\n                            <span class=\"tooltip-element\">\r\n                                <a href=\"#other-categories\">\r\n                                    <span class=\"cat-icon cat-more\">+2<\/span>\r\n                                <\/a>\r\n                                <span class=\"tooltip-container\">Sehensw\u00fcrdigkeiten, Museum<\/span>\r\n                            <\/span>\r\n                        <\/div>\r\n                    <\/li>\r\n                            <\/ul>\r\n\r\n            <div class=\"ld-info\">\r\n                <ul class=\"no-list-style\">\r\n                                            <li class=\"item-preview tooltip-element\">\r\n    <a aria-label=\"Quick view button\" href=\"#\" type=\"button\" class=\"c27-toggle-quick-view-modal\" data-id=\"3906\">\r\n    \t<i class=\"mi zoom_in\"><\/i>\r\n    <\/a>\r\n    <span class=\"tooltip-container\">Quick view<\/span>\r\n<\/li>                                                                <li class=\"tooltip-element\">\r\n    <a aria-label=\"Bookmark button\" href=\"#\" class=\"c27-bookmark-button \"\r\n       data-listing-id=\"3906\" onclick=\"MyListing.Handlers.Bookmark_Button(event, this)\">\r\n       <i class=\"mi favorite_border\"><\/i>\r\n    <\/a>\r\n    <span class=\"tooltip-container\">Bookmark<\/span>\r\n<\/li>                                                        <\/ul>\r\n            <\/div>\r\n        <\/div>\r\n    <\/div>\r\n<\/div><div class=\"\"><div\r\n    class=\"lf-item-container listing-preview type-place-2 lf-type-2 has-logo has-tagline has-info-fields level-normal priority-0\"\r\n    data-id=\"listing-id-3802\"\r\n        data-category-icon=\"\t\t\t&lt;i class=&quot;fa fa-city&quot; style=&quot;color: #fff; background: #6c1cff; &quot;&gt;&lt;\/i&gt;\r\n\t\t\"\r\n    data-category-color=\"#6c1cff\"\r\n    data-category-text-color=\"#fff\"\r\n        data-thumbnail=\"https:\/\/stadtm.de\/Bad_Belzig\/wp-content\/uploads\/2025\/08\/Grundschule-Geschwister-Scholl-Bad-Belzig1-150x150.jpg\"\r\n    data-marker=\"https:\/\/stadtm.de\/Bad_Belzig\/wp-content\/uploads\/2025\/08\/Grundschule-Geschwister-Scholl-Bad-Belzig1-150x150.jpg\"\r\n    data-template=\"alternate\"\r\n    data-locations=\"[{&quot;address&quot;:&quot;Weitzgrunder Weg 3, 14806 Bad Belzig&quot;,&quot;lat&quot;:&quot;52.14927&quot;,&quot;lng&quot;:&quot;12.58754&quot;}]\"\r\n>\r\n<div class=\"lf-item lf-item-alternate\" data-template=\"alternate\">\r\n    <a href=\"https:\/\/stadtm.de\/Bad_Belzig\/listing\/grundschule-geschwister-scholl-bad-belzig\/\">\r\n\r\n        <div class=\"overlay\" style=\"\r\n    background-color: #242429;\r\n    opacity: 0.4;\r\n\"><\/div>\r\n        \r\n                    <div class=\"lf-background\" style=\"background-image: url('https:\/\/stadtm.de\/Bad_Belzig\/wp-content\/uploads\/2025\/08\/Grundschule-Geschwister-Scholl-Bad-Belzig-768x468.jpg');\"><\/div>\r\n        \r\n        <div class=\"lf-item-info-2\">\r\n                            <div class=\"lf-avatar\" style=\"background-image: url('https:\/\/stadtm.de\/Bad_Belzig\/wp-content\/uploads\/2025\/08\/Grundschule-Geschwister-Scholl-Bad-Belzig1-150x150.jpg')\"><\/div>\r\n            \r\n            <h4 class=\"case27-primary-text listing-preview-title\">\r\n                Grundschule \"Geschwister Scholl\" Bad Belzig                            <\/h4>\r\n\r\n                            <h6>Grundschule \u201eGeschwister Scholl\u201c Bad Belzig \u2013 Eine Schule, die Werte lebt und Vielfalt f\u00f6rdert\r\nDie Schule im&hellip;<\/h6>\r\n            \r\n            \r\n<ul class=\"lf-contact no-list-style\">\r\n\t            <li >\r\n            \t                \t<i class=\"icon-phone-outgoing sm-icon\"><\/i>\r\n            \t                +49 (33841) 42155            <\/li>\r\n                    <li >\r\n            \t                \t<i class=\"icon-location-pin-add-2 sm-icon\"><\/i>\r\n            \t                Weitzgrunder Weg 3            <\/li>\r\n        <\/ul>\r\n        <\/div>\r\n\r\n    <\/a>\r\n        <div class=\"lf-head level-normal\">\r\n    \r\n    <\/div><\/div>\r\n\r\n        <div class=\"listing-details c27-footer-section\">\r\n            <ul class=\"c27-listing-preview-category-list no-list-style\">\r\n                <li>\r\n                    <a href=\"https:\/\/stadtm.de\/Bad_Belzig\/category\/stadt\/\">\r\n                        <span class=\"cat-icon\" style=\"background-color: #6c1cff;\">\r\n                            \t\t\t<i class=\"fa fa-city\" style=\"color: #fff; \"><\/i>\r\n\t\t                        <\/span>\r\n                        <span class=\"category-name\">Stadt<\/span>\r\n                    <\/a>\r\n                <\/li>\r\n\r\n                                    <li>\r\n                        <div class=\"categories-dropdown dropdown c27-more-categories\">\r\n                            <span class=\"tooltip-element\">\r\n                                <a href=\"#other-categories\">\r\n                                    <span class=\"cat-icon cat-more\">+1<\/span>\r\n                                <\/a>\r\n                                <span class=\"tooltip-container\">Schule<\/span>\r\n                            <\/span>\r\n                        <\/div>\r\n                    <\/li>\r\n                            <\/ul>\r\n\r\n            <div class=\"ld-info\">\r\n                <ul class=\"no-list-style\">\r\n                                            <li class=\"item-preview tooltip-element\">\r\n    <a aria-label=\"Quick view button\" href=\"#\" type=\"button\" class=\"c27-toggle-quick-view-modal\" data-id=\"3802\">\r\n    \t<i class=\"mi zoom_in\"><\/i>\r\n    <\/a>\r\n    <span class=\"tooltip-container\">Quick view<\/span>\r\n<\/li>                                                                <li class=\"tooltip-element\">\r\n    <a aria-label=\"Bookmark button\" href=\"#\" class=\"c27-bookmark-button \"\r\n       data-listing-id=\"3802\" onclick=\"MyListing.Handlers.Bookmark_Button(event, this)\">\r\n       <i class=\"mi favorite_border\"><\/i>\r\n    <\/a>\r\n    <span class=\"tooltip-container\">Bookmark<\/span>\r\n<\/li>                                                        <\/ul>\r\n            <\/div>\r\n        <\/div>\r\n    <\/div>\r\n<\/div><div class=\"\"><div\r\n    class=\"lf-item-container listing-preview type-place-2 lf-type-2 has-logo has-tagline has-info-fields level-normal priority-0\"\r\n    data-id=\"listing-id-4124\"\r\n        data-category-icon=\"\t\t\t&lt;i class=&quot;fa fa-city&quot; style=&quot;color: #fff; background: #6c1cff; &quot;&gt;&lt;\/i&gt;\r\n\t\t\"\r\n    data-category-color=\"#6c1cff\"\r\n    data-category-text-color=\"#fff\"\r\n        data-thumbnail=\"https:\/\/stadtm.de\/Bad_Belzig\/wp-content\/uploads\/2025\/08\/Bockwindmuehle-Borne-150x150.jpg\"\r\n    data-marker=\"https:\/\/stadtm.de\/Bad_Belzig\/wp-content\/uploads\/2025\/08\/Bockwindmuehle-Borne-150x150.jpg\"\r\n    data-template=\"alternate\"\r\n    data-locations=\"[{&quot;address&quot;:&quot;14806 Bad Belzig \\\/ Borne&quot;,&quot;lat&quot;:&quot;52.10692&quot;,&quot;lng&quot;:&quot;12.53903&quot;}]\"\r\n>\r\n<div class=\"lf-item lf-item-alternate\" data-template=\"alternate\">\r\n    <a href=\"https:\/\/stadtm.de\/Bad_Belzig\/listing\/bockwindmuehle-borne\/\">\r\n\r\n        <div class=\"overlay\" style=\"\r\n    background-color: #242429;\r\n    opacity: 0.4;\r\n\"><\/div>\r\n        \r\n                    <div class=\"lf-background\" style=\"background-image: url('https:\/\/stadtm.de\/Bad_Belzig\/wp-content\/uploads\/2025\/08\/Bockwindmuehle-Borne1-768x512.jpg');\"><\/div>\r\n        \r\n        <div class=\"lf-item-info-2\">\r\n                            <div class=\"lf-avatar\" style=\"background-image: url('https:\/\/stadtm.de\/Bad_Belzig\/wp-content\/uploads\/2025\/08\/Bockwindmuehle-Borne-150x150.jpg')\"><\/div>\r\n            \r\n            <h4 class=\"case27-primary-text listing-preview-title\">\r\n                Bockwindm\u00fchle Borne                            <\/h4>\r\n\r\n                            <h6>Die Bockwindm\u00fchle Borne in Bad Belzig \u2013 Eine historische Sehensw\u00fcrdigkeit im Fl\u00e4ming\r\nEine Sehensw\u00fcrdigkeit&hellip;<\/h6>\r\n            \r\n            \r\n<ul class=\"lf-contact no-list-style\">\r\n\t            <li >\r\n            \t                \t<i class=\"icon-location-pin-add-2 sm-icon\"><\/i>\r\n            \t                14806 Bad Belzig \/ Borne            <\/li>\r\n        <\/ul>\r\n        <\/div>\r\n\r\n    <\/a>\r\n        <div class=\"lf-head level-normal\">\r\n    \r\n    <\/div><\/div>\r\n\r\n        <div class=\"listing-details c27-footer-section\">\r\n            <ul class=\"c27-listing-preview-category-list no-list-style\">\r\n                <li>\r\n                    <a href=\"https:\/\/stadtm.de\/Bad_Belzig\/category\/stadt\/\">\r\n                        <span class=\"cat-icon\" style=\"background-color: #6c1cff;\">\r\n                            \t\t\t<i class=\"fa fa-city\" style=\"color: #fff; \"><\/i>\r\n\t\t                        <\/span>\r\n                        <span class=\"category-name\">Stadt<\/span>\r\n                    <\/a>\r\n                <\/li>\r\n\r\n                                    <li>\r\n                        <div class=\"categories-dropdown dropdown c27-more-categories\">\r\n                            <span class=\"tooltip-element\">\r\n                                <a href=\"#other-categories\">\r\n                                    <span class=\"cat-icon cat-more\">+1<\/span>\r\n                                <\/a>\r\n                                <span class=\"tooltip-container\">Sehensw\u00fcrdigkeiten<\/span>\r\n                            <\/span>\r\n                        <\/div>\r\n                    <\/li>\r\n                            <\/ul>\r\n\r\n            <div class=\"ld-info\">\r\n                <ul class=\"no-list-style\">\r\n                                            <li class=\"item-preview tooltip-element\">\r\n    <a aria-label=\"Quick view button\" href=\"#\" type=\"button\" class=\"c27-toggle-quick-view-modal\" data-id=\"4124\">\r\n    \t<i class=\"mi zoom_in\"><\/i>\r\n    <\/a>\r\n    <span class=\"tooltip-container\">Quick view<\/span>\r\n<\/li>                                                                <li class=\"tooltip-element\">\r\n    <a aria-label=\"Bookmark button\" href=\"#\" class=\"c27-bookmark-button \"\r\n       data-listing-id=\"4124\" onclick=\"MyListing.Handlers.Bookmark_Button(event, this)\">\r\n       <i class=\"mi favorite_border\"><\/i>\r\n    <\/a>\r\n    <span class=\"tooltip-container\">Bookmark<\/span>\r\n<\/li>                                                        <\/ul>\r\n            <\/div>\r\n        <\/div>\r\n    <\/div>\r\n<\/div><div class=\"\"><div\r\n    class=\"lf-item-container listing-preview type-place-2 lf-type-2 has-logo has-tagline has-info-fields level-normal priority-0\"\r\n    data-id=\"listing-id-3886\"\r\n        data-category-icon=\"\t\t\t&lt;i class=&quot;fa fa-city&quot; style=&quot;color: #fff; background: #6c1cff; &quot;&gt;&lt;\/i&gt;\r\n\t\t\"\r\n    data-category-color=\"#6c1cff\"\r\n    data-category-text-color=\"#fff\"\r\n        data-thumbnail=\"https:\/\/stadtm.de\/Bad_Belzig\/wp-content\/uploads\/2025\/08\/Naturbad-Dippmannsdorf1-150x150.jpg\"\r\n    data-marker=\"https:\/\/stadtm.de\/Bad_Belzig\/wp-content\/uploads\/2025\/08\/Naturbad-Dippmannsdorf1-150x150.jpg\"\r\n    data-template=\"alternate\"\r\n    data-locations=\"[{&quot;address&quot;:&quot;Freibadstr. 6a, 14806 Bad Belzig \\\/ Dippmannsdorf&quot;,&quot;lat&quot;:&quot;52.21915&quot;,&quot;lng&quot;:&quot;12.59665&quot;}]\"\r\n>\r\n<div class=\"lf-item lf-item-alternate\" data-template=\"alternate\">\r\n    <a href=\"https:\/\/stadtm.de\/Bad_Belzig\/listing\/naturbad-dippmannsdorf\/\">\r\n\r\n        <div class=\"overlay\" style=\"\r\n    background-color: #242429;\r\n    opacity: 0.4;\r\n\"><\/div>\r\n        \r\n                    <div class=\"lf-background\" style=\"background-image: url('https:\/\/stadtm.de\/Bad_Belzig\/wp-content\/uploads\/2025\/08\/Naturbad-Dippmannsdorf-768x511.jpg');\"><\/div>\r\n        \r\n        <div class=\"lf-item-info-2\">\r\n                            <div class=\"lf-avatar\" style=\"background-image: url('https:\/\/stadtm.de\/Bad_Belzig\/wp-content\/uploads\/2025\/08\/Naturbad-Dippmannsdorf1-150x150.jpg')\"><\/div>\r\n            \r\n            <h4 class=\"case27-primary-text listing-preview-title\">\r\n                Naturbad Dippmannsdorf                            <\/h4>\r\n\r\n                            <h6>Naturbad Dippmannsdorf in Bad Belzig \u2013 Baden inmitten der Natur\r\nNat\u00fcrliches Badevergn\u00fcgen im Herzen von Bad&hellip;<\/h6>\r\n            \r\n            \r\n<ul class=\"lf-contact no-list-style\">\r\n\t            <li >\r\n            \t                \t<i class=\"icon-phone-outgoing sm-icon\"><\/i>\r\n            \t                +49 (33841) 31011            <\/li>\r\n                    <li >\r\n            \t                \t<i class=\"icon-location-pin-add-2 sm-icon\"><\/i>\r\n            \t                Freibadstr. 6a            <\/li>\r\n        <\/ul>\r\n        <\/div>\r\n\r\n    <\/a>\r\n        <div class=\"lf-head level-normal\">\r\n    \r\n                    <div class=\"lf-head-btn  open-status listing-status-open\" >\r\n                    OPEN                <\/div>\r\n            <\/div><\/div>\r\n\r\n        <div class=\"listing-details c27-footer-section\">\r\n            <ul class=\"c27-listing-preview-category-list no-list-style\">\r\n                <li>\r\n                    <a href=\"https:\/\/stadtm.de\/Bad_Belzig\/category\/stadt\/\">\r\n                        <span class=\"cat-icon\" style=\"background-color: #6c1cff;\">\r\n                            \t\t\t<i class=\"fa fa-city\" style=\"color: #fff; \"><\/i>\r\n\t\t                        <\/span>\r\n                        <span class=\"category-name\">Stadt<\/span>\r\n                    <\/a>\r\n                <\/li>\r\n\r\n                                    <li>\r\n                        <div class=\"categories-dropdown dropdown c27-more-categories\">\r\n                            <span class=\"tooltip-element\">\r\n                                <a href=\"#other-categories\">\r\n                                    <span class=\"cat-icon cat-more\">+2<\/span>\r\n                                <\/a>\r\n                                <span class=\"tooltip-container\">Sportst\u00e4tte, Freizeiteinrichtungen<\/span>\r\n                            <\/span>\r\n                        <\/div>\r\n                    <\/li>\r\n                            <\/ul>\r\n\r\n            <div class=\"ld-info\">\r\n                <ul class=\"no-list-style\">\r\n                                            <li class=\"item-preview tooltip-element\">\r\n    <a aria-label=\"Quick view button\" href=\"#\" type=\"button\" class=\"c27-toggle-quick-view-modal\" data-id=\"3886\">\r\n    \t<i class=\"mi zoom_in\"><\/i>\r\n    <\/a>\r\n    <span class=\"tooltip-container\">Quick view<\/span>\r\n<\/li>                                                                <li class=\"tooltip-element\">\r\n    <a aria-label=\"Bookmark button\" href=\"#\" class=\"c27-bookmark-button \"\r\n       data-listing-id=\"3886\" onclick=\"MyListing.Handlers.Bookmark_Button(event, this)\">\r\n       <i class=\"mi favorite_border\"><\/i>\r\n    <\/a>\r\n    <span class=\"tooltip-container\">Bookmark<\/span>\r\n<\/li>                                                        <\/ul>\r\n            <\/div>\r\n        <\/div>\r\n    <\/div>\r\n<\/div><div class=\"\"><div\r\n    class=\"lf-item-container listing-preview type-place-2 lf-type-2 has-logo has-tagline has-info-fields level-normal priority-0\"\r\n    data-id=\"listing-id-3976\"\r\n        data-category-icon=\"\t\t\t&lt;i class=&quot;fa fa-city&quot; style=&quot;color: #fff; background: #6c1cff; &quot;&gt;&lt;\/i&gt;\r\n\t\t\"\r\n    data-category-color=\"#6c1cff\"\r\n    data-category-text-color=\"#fff\"\r\n        data-thumbnail=\"https:\/\/stadtm.de\/Bad_Belzig\/wp-content\/uploads\/2025\/08\/Friedhof-Schwanebeck-150x150.jpg\"\r\n    data-marker=\"https:\/\/stadtm.de\/Bad_Belzig\/wp-content\/uploads\/2025\/08\/Friedhof-Schwanebeck-150x150.jpg\"\r\n    data-template=\"alternate\"\r\n    data-locations=\"[{&quot;address&quot;:&quot;Am Bach 31, 14806 Bad Belzig \\\/ Schwanebeck&quot;,&quot;lat&quot;:&quot;52.17618&quot;,&quot;lng&quot;:&quot;12.62682&quot;}]\"\r\n>\r\n<div class=\"lf-item lf-item-alternate\" data-template=\"alternate\">\r\n    <a href=\"https:\/\/stadtm.de\/Bad_Belzig\/listing\/friedhof-schwanebeck\/\">\r\n\r\n        <div class=\"overlay\" style=\"\r\n    background-color: #242429;\r\n    opacity: 0.4;\r\n\"><\/div>\r\n        \r\n                    <div class=\"lf-background\" style=\"background-image: url('https:\/\/stadtm.de\/Bad_Belzig\/wp-content\/uploads\/2025\/08\/Friedhof-Schwanebeck-768x550.jpg');\"><\/div>\r\n        \r\n        <div class=\"lf-item-info-2\">\r\n                            <div class=\"lf-avatar\" style=\"background-image: url('https:\/\/stadtm.de\/Bad_Belzig\/wp-content\/uploads\/2025\/08\/Friedhof-Schwanebeck-150x150.jpg')\"><\/div>\r\n            \r\n            <h4 class=\"case27-primary-text listing-preview-title\">\r\n                Friedhof Schwanebeck                            <\/h4>\r\n\r\n                            <h6>Friedhof Schwanebeck in Bad Belzig \u2013 Ein w\u00fcrdevoller Ort der Ruhe\r\nFriedhof Schwanebeck \u2013 Tradition und&hellip;<\/h6>\r\n            \r\n            \r\n<ul class=\"lf-contact no-list-style\">\r\n\t            <li >\r\n            \t                \t<i class=\"icon-location-pin-add-2 sm-icon\"><\/i>\r\n            \t                Am Bach 31            <\/li>\r\n        <\/ul>\r\n        <\/div>\r\n\r\n    <\/a>\r\n        <div class=\"lf-head level-normal\">\r\n    \r\n    <\/div><\/div>\r\n\r\n        <div class=\"listing-details c27-footer-section\">\r\n            <ul class=\"c27-listing-preview-category-list no-list-style\">\r\n                <li>\r\n                    <a href=\"https:\/\/stadtm.de\/Bad_Belzig\/category\/stadt\/\">\r\n                        <span class=\"cat-icon\" style=\"background-color: #6c1cff;\">\r\n                            \t\t\t<i class=\"fa fa-city\" style=\"color: #fff; \"><\/i>\r\n\t\t                        <\/span>\r\n                        <span class=\"category-name\">Stadt<\/span>\r\n                    <\/a>\r\n                <\/li>\r\n\r\n                                    <li>\r\n                        <div class=\"categories-dropdown dropdown c27-more-categories\">\r\n                            <span class=\"tooltip-element\">\r\n                                <a href=\"#other-categories\">\r\n                                    <span class=\"cat-icon cat-more\">+1<\/span>\r\n                                <\/a>\r\n                                <span class=\"tooltip-container\">Friedhof<\/span>\r\n                            <\/span>\r\n                        <\/div>\r\n                    <\/li>\r\n                            <\/ul>\r\n\r\n            <div class=\"ld-info\">\r\n                <ul class=\"no-list-style\">\r\n                                            <li class=\"item-preview tooltip-element\">\r\n    <a aria-label=\"Quick view button\" href=\"#\" type=\"button\" class=\"c27-toggle-quick-view-modal\" data-id=\"3976\">\r\n    \t<i class=\"mi zoom_in\"><\/i>\r\n    <\/a>\r\n    <span class=\"tooltip-container\">Quick view<\/span>\r\n<\/li>                                                                <li class=\"tooltip-element\">\r\n    <a aria-label=\"Bookmark button\" href=\"#\" class=\"c27-bookmark-button \"\r\n       data-listing-id=\"3976\" onclick=\"MyListing.Handlers.Bookmark_Button(event, this)\">\r\n       <i class=\"mi favorite_border\"><\/i>\r\n    <\/a>\r\n    <span class=\"tooltip-container\">Bookmark<\/span>\r\n<\/li>                                                        <\/ul>\r\n            <\/div>\r\n        <\/div>\r\n    <\/div>\r\n<\/div><div class=\"\"><div\r\n    class=\"lf-item-container listing-preview type-place-2 lf-type-2 has-logo has-tagline has-info-fields level-normal priority-0\"\r\n    data-id=\"listing-id-4206\"\r\n        data-category-icon=\"\t\t\t&lt;i class=&quot;fa fa-city&quot; style=&quot;color: #fff; background: #6c1cff; &quot;&gt;&lt;\/i&gt;\r\n\t\t\"\r\n    data-category-color=\"#6c1cff\"\r\n    data-category-text-color=\"#fff\"\r\n        data-thumbnail=\"https:\/\/stadtm.de\/Bad_Belzig\/wp-content\/uploads\/2025\/08\/Spielplatz-Bad-Belzig-Schlossstrasse1-150x150.jpg\"\r\n    data-marker=\"https:\/\/stadtm.de\/Bad_Belzig\/wp-content\/uploads\/2025\/08\/Spielplatz-Bad-Belzig-Schlossstrasse1-150x150.jpg\"\r\n    data-template=\"alternate\"\r\n    data-locations=\"[{&quot;address&quot;:&quot;Schlo\\u00dfstra\\u00dfe, 14806 Bad Belzig&quot;,&quot;lat&quot;:&quot;52.13812&quot;,&quot;lng&quot;:&quot;12.58771&quot;}]\"\r\n>\r\n<div class=\"lf-item lf-item-alternate\" data-template=\"alternate\">\r\n    <a href=\"https:\/\/stadtm.de\/Bad_Belzig\/listing\/spielplatz-bad-belzig-schlossstrasse\/\">\r\n\r\n        <div class=\"overlay\" style=\"\r\n    background-color: #242429;\r\n    opacity: 0.4;\r\n\"><\/div>\r\n        \r\n                    <div class=\"lf-background\" style=\"background-image: url('https:\/\/stadtm.de\/Bad_Belzig\/wp-content\/uploads\/2025\/08\/Spielplatz-Bad-Belzig-Schlossstrasse-768x512.jpg');\"><\/div>\r\n        \r\n        <div class=\"lf-item-info-2\">\r\n                            <div class=\"lf-avatar\" style=\"background-image: url('https:\/\/stadtm.de\/Bad_Belzig\/wp-content\/uploads\/2025\/08\/Spielplatz-Bad-Belzig-Schlossstrasse1-150x150.jpg')\"><\/div>\r\n            \r\n            <h4 class=\"case27-primary-text listing-preview-title\">\r\n                Spielplatz Bad Belzig - Schlo\u00dfstra\u00dfe                            <\/h4>\r\n\r\n                            <h6>Spielplatz an der Schlo\u00dfstra\u00dfe in Bad Belzig\r\nEin beliebter Treffpunkt f\u00fcr spielende Kinder in Bad&hellip;<\/h6>\r\n            \r\n            \r\n<ul class=\"lf-contact no-list-style\">\r\n\t            <li >\r\n            \t                \t<i class=\"icon-location-pin-add-2 sm-icon\"><\/i>\r\n            \t                Schlo\u00dfstra\u00dfe            <\/li>\r\n        <\/ul>\r\n        <\/div>\r\n\r\n    <\/a>\r\n        <div class=\"lf-head level-normal\">\r\n    \r\n    <\/div><\/div>\r\n\r\n        <div class=\"listing-details c27-footer-section\">\r\n            <ul class=\"c27-listing-preview-category-list no-list-style\">\r\n                <li>\r\n                    <a href=\"https:\/\/stadtm.de\/Bad_Belzig\/category\/stadt\/\">\r\n                        <span class=\"cat-icon\" style=\"background-color: #6c1cff;\">\r\n                            \t\t\t<i class=\"fa fa-city\" style=\"color: #fff; \"><\/i>\r\n\t\t                        <\/span>\r\n                        <span class=\"category-name\">Stadt<\/span>\r\n                    <\/a>\r\n                <\/li>\r\n\r\n                                    <li>\r\n                        <div class=\"categories-dropdown dropdown c27-more-categories\">\r\n                            <span class=\"tooltip-element\">\r\n                                <a href=\"#other-categories\">\r\n                                    <span class=\"cat-icon cat-more\">+1<\/span>\r\n                                <\/a>\r\n                                <span class=\"tooltip-container\">Spielplatz<\/span>\r\n                            <\/span>\r\n                        <\/div>\r\n                    <\/li>\r\n                            <\/ul>\r\n\r\n            <div class=\"ld-info\">\r\n                <ul class=\"no-list-style\">\r\n                                            <li class=\"item-preview tooltip-element\">\r\n    <a aria-label=\"Quick view button\" href=\"#\" type=\"button\" class=\"c27-toggle-quick-view-modal\" data-id=\"4206\">\r\n    \t<i class=\"mi zoom_in\"><\/i>\r\n    <\/a>\r\n    <span class=\"tooltip-container\">Quick view<\/span>\r\n<\/li>                                                                <li class=\"tooltip-element\">\r\n    <a aria-label=\"Bookmark button\" href=\"#\" class=\"c27-bookmark-button \"\r\n       data-listing-id=\"4206\" onclick=\"MyListing.Handlers.Bookmark_Button(event, this)\">\r\n       <i class=\"mi favorite_border\"><\/i>\r\n    <\/a>\r\n    <span class=\"tooltip-container\">Bookmark<\/span>\r\n<\/li>                                                        <\/ul>\r\n            <\/div>\r\n        <\/div>\r\n    <\/div>\r\n<\/div><div class=\"\"><div\r\n    class=\"lf-item-container listing-preview type-place-2 lf-type-2 has-logo has-tagline has-info-fields level-normal priority-0\"\r\n    data-id=\"listing-id-4128\"\r\n        data-category-icon=\"\t\t\t&lt;i class=&quot;fa fa-city&quot; style=&quot;color: #fff; background: #6c1cff; &quot;&gt;&lt;\/i&gt;\r\n\t\t\"\r\n    data-category-color=\"#6c1cff\"\r\n    data-category-text-color=\"#fff\"\r\n        data-thumbnail=\"https:\/\/stadtm.de\/Bad_Belzig\/wp-content\/uploads\/2025\/08\/Spielplatz-Bergholz1-150x150.jpg\"\r\n    data-marker=\"https:\/\/stadtm.de\/Bad_Belzig\/wp-content\/uploads\/2025\/08\/Spielplatz-Bergholz1-150x150.jpg\"\r\n    data-template=\"alternate\"\r\n    data-locations=\"[{&quot;address&quot;:&quot;Dorfanger 20, 14806 Bad Belzig \\\/ Bergholz&quot;,&quot;lat&quot;:&quot;52.10263&quot;,&quot;lng&quot;:&quot;12.55480&quot;}]\"\r\n>\r\n<div class=\"lf-item lf-item-alternate\" data-template=\"alternate\">\r\n    <a href=\"https:\/\/stadtm.de\/Bad_Belzig\/listing\/spielplatz-bergholz\/\">\r\n\r\n        <div class=\"overlay\" style=\"\r\n    background-color: #242429;\r\n    opacity: 0.4;\r\n\"><\/div>\r\n        \r\n                    <div class=\"lf-background\" style=\"background-image: url('https:\/\/stadtm.de\/Bad_Belzig\/wp-content\/uploads\/2025\/08\/Spielplatz-Bergholz-768x512.jpg');\"><\/div>\r\n        \r\n        <div class=\"lf-item-info-2\">\r\n                            <div class=\"lf-avatar\" style=\"background-image: url('https:\/\/stadtm.de\/Bad_Belzig\/wp-content\/uploads\/2025\/08\/Spielplatz-Bergholz1-150x150.jpg')\"><\/div>\r\n            \r\n            <h4 class=\"case27-primary-text listing-preview-title\">\r\n                Spielplatz Bergholz                            <\/h4>\r\n\r\n                            <h6>Spielplatz Bergholz in Bad Belzig \u2013 Ein Ort zum Spielen und Begegnen\r\nEin lebendiger Treffpunkt f\u00fcr Familien&hellip;<\/h6>\r\n            \r\n            \r\n<ul class=\"lf-contact no-list-style\">\r\n\t            <li >\r\n            \t                \t<i class=\"icon-location-pin-add-2 sm-icon\"><\/i>\r\n            \t                Dorfanger 20            <\/li>\r\n        <\/ul>\r\n        <\/div>\r\n\r\n    <\/a>\r\n        <div class=\"lf-head level-normal\">\r\n    \r\n    <\/div><\/div>\r\n\r\n        <div class=\"listing-details c27-footer-section\">\r\n            <ul class=\"c27-listing-preview-category-list no-list-style\">\r\n                <li>\r\n                    <a href=\"https:\/\/stadtm.de\/Bad_Belzig\/category\/stadt\/\">\r\n                        <span class=\"cat-icon\" style=\"background-color: #6c1cff;\">\r\n                            \t\t\t<i class=\"fa fa-city\" style=\"color: #fff; \"><\/i>\r\n\t\t                        <\/span>\r\n                        <span class=\"category-name\">Stadt<\/span>\r\n                    <\/a>\r\n                <\/li>\r\n\r\n                                    <li>\r\n                        <div class=\"categories-dropdown dropdown c27-more-categories\">\r\n                            <span class=\"tooltip-element\">\r\n                                <a href=\"#other-categories\">\r\n                                    <span class=\"cat-icon cat-more\">+1<\/span>\r\n                                <\/a>\r\n                                <span class=\"tooltip-container\">Spielplatz<\/span>\r\n                            <\/span>\r\n                        <\/div>\r\n                    <\/li>\r\n                            <\/ul>\r\n\r\n            <div class=\"ld-info\">\r\n                <ul class=\"no-list-style\">\r\n                                            <li class=\"item-preview tooltip-element\">\r\n    <a aria-label=\"Quick view button\" href=\"#\" type=\"button\" class=\"c27-toggle-quick-view-modal\" data-id=\"4128\">\r\n    \t<i class=\"mi zoom_in\"><\/i>\r\n    <\/a>\r\n    <span class=\"tooltip-container\">Quick view<\/span>\r\n<\/li>                                                                <li class=\"tooltip-element\">\r\n    <a aria-label=\"Bookmark button\" href=\"#\" class=\"c27-bookmark-button \"\r\n       data-listing-id=\"4128\" onclick=\"MyListing.Handlers.Bookmark_Button(event, this)\">\r\n       <i class=\"mi favorite_border\"><\/i>\r\n    <\/a>\r\n    <span class=\"tooltip-container\">Bookmark<\/span>\r\n<\/li>                                                        <\/ul>\r\n            <\/div>\r\n        <\/div>\r\n    <\/div>\r\n<\/div><div class=\"\"><div\r\n    class=\"lf-item-container listing-preview type-place-2 lf-type-2 has-logo has-tagline has-info-fields level-normal priority-0\"\r\n    data-id=\"listing-id-4183\"\r\n        data-category-icon=\"\t\t\t&lt;i class=&quot;fa fa-city&quot; style=&quot;color: #fff; background: #6c1cff; &quot;&gt;&lt;\/i&gt;\r\n\t\t\"\r\n    data-category-color=\"#6c1cff\"\r\n    data-category-text-color=\"#fff\"\r\n        data-thumbnail=\"https:\/\/stadtm.de\/Bad_Belzig\/wp-content\/uploads\/2025\/08\/Spielplatz-Bad-Belzig-Laerchenweg1-150x150.jpg\"\r\n    data-marker=\"https:\/\/stadtm.de\/Bad_Belzig\/wp-content\/uploads\/2025\/08\/Spielplatz-Bad-Belzig-Laerchenweg1-150x150.jpg\"\r\n    data-template=\"alternate\"\r\n    data-locations=\"[{&quot;address&quot;:&quot;L\\u00e4rchenweg, 14806 Bad Belzigd&quot;,&quot;lat&quot;:&quot;52.15270&quot;,&quot;lng&quot;:&quot;12.58922&quot;}]\"\r\n>\r\n<div class=\"lf-item lf-item-alternate\" data-template=\"alternate\">\r\n    <a href=\"https:\/\/stadtm.de\/Bad_Belzig\/listing\/spielplatz-bad-belzig-laerchenweg\/\">\r\n\r\n        <div class=\"overlay\" style=\"\r\n    background-color: #242429;\r\n    opacity: 0.4;\r\n\"><\/div>\r\n        \r\n                    <div class=\"lf-background\" style=\"background-image: url('https:\/\/stadtm.de\/Bad_Belzig\/wp-content\/uploads\/2025\/08\/Spielplatz-Bad-Belzig-Laerchenweg-768x512.jpg');\"><\/div>\r\n        \r\n        <div class=\"lf-item-info-2\">\r\n                            <div class=\"lf-avatar\" style=\"background-image: url('https:\/\/stadtm.de\/Bad_Belzig\/wp-content\/uploads\/2025\/08\/Spielplatz-Bad-Belzig-Laerchenweg1-150x150.jpg')\"><\/div>\r\n            \r\n            <h4 class=\"case27-primary-text listing-preview-title\">\r\n                Spielplatz Bad Belzig - L\u00e4rchenweg                            <\/h4>\r\n\r\n                            <h6>Spielplatz am L\u00e4rchenweg in Bad Belzig\r\nEin beliebter Treffpunkt f\u00fcr Kinder in Bad Belzig\r\nDer Spielplatz am&hellip;<\/h6>\r\n            \r\n            \r\n<ul class=\"lf-contact no-list-style\">\r\n\t            <li >\r\n            \t                \t<i class=\"icon-location-pin-add-2 sm-icon\"><\/i>\r\n            \t                L\u00e4rchenweg            <\/li>\r\n        <\/ul>\r\n        <\/div>\r\n\r\n    <\/a>\r\n        <div class=\"lf-head level-normal\">\r\n    \r\n    <\/div><\/div>\r\n\r\n        <div class=\"listing-details c27-footer-section\">\r\n            <ul class=\"c27-listing-preview-category-list no-list-style\">\r\n                <li>\r\n                    <a href=\"https:\/\/stadtm.de\/Bad_Belzig\/category\/stadt\/\">\r\n                        <span class=\"cat-icon\" style=\"background-color: #6c1cff;\">\r\n                            \t\t\t<i class=\"fa fa-city\" style=\"color: #fff; \"><\/i>\r\n\t\t                        <\/span>\r\n                        <span class=\"category-name\">Stadt<\/span>\r\n                    <\/a>\r\n                <\/li>\r\n\r\n                                    <li>\r\n                        <div class=\"categories-dropdown dropdown c27-more-categories\">\r\n                            <span class=\"tooltip-element\">\r\n                                <a href=\"#other-categories\">\r\n                                    <span class=\"cat-icon cat-more\">+1<\/span>\r\n                                <\/a>\r\n                                <span class=\"tooltip-container\">Spielplatz<\/span>\r\n                            <\/span>\r\n                        <\/div>\r\n                    <\/li>\r\n                            <\/ul>\r\n\r\n            <div class=\"ld-info\">\r\n                <ul class=\"no-list-style\">\r\n                                            <li class=\"item-preview tooltip-element\">\r\n    <a aria-label=\"Quick view button\" href=\"#\" type=\"button\" class=\"c27-toggle-quick-view-modal\" data-id=\"4183\">\r\n    \t<i class=\"mi zoom_in\"><\/i>\r\n    <\/a>\r\n    <span class=\"tooltip-container\">Quick view<\/span>\r\n<\/li>                                                                <li class=\"tooltip-element\">\r\n    <a aria-label=\"Bookmark button\" href=\"#\" class=\"c27-bookmark-button \"\r\n       data-listing-id=\"4183\" onclick=\"MyListing.Handlers.Bookmark_Button(event, this)\">\r\n       <i class=\"mi favorite_border\"><\/i>\r\n    <\/a>\r\n    <span class=\"tooltip-container\">Bookmark<\/span>\r\n<\/li>                                                        <\/ul>\r\n            <\/div>\r\n        <\/div>\r\n    <\/div>\r\n<\/div><div class=\"\"><div\r\n    class=\"lf-item-container listing-preview type-place-2 lf-type-2 has-logo has-tagline has-info-fields level-normal priority-0\"\r\n    data-id=\"listing-id-4064\"\r\n        data-category-icon=\"\t\t\t&lt;i class=&quot;fa fa-city&quot; style=&quot;color: #fff; background: #6c1cff; &quot;&gt;&lt;\/i&gt;\r\n\t\t\"\r\n    data-category-color=\"#6c1cff\"\r\n    data-category-text-color=\"#fff\"\r\n        data-thumbnail=\"https:\/\/stadtm.de\/Bad_Belzig\/wp-content\/uploads\/2025\/08\/Dorfkirche-Gross-Briesen1-150x150.jpg\"\r\n    data-marker=\"https:\/\/stadtm.de\/Bad_Belzig\/wp-content\/uploads\/2025\/08\/Dorfkirche-Gross-Briesen1-150x150.jpg\"\r\n    data-template=\"alternate\"\r\n    data-locations=\"[{&quot;address&quot;:&quot;Gro\\u00df Briesener Hauptstr. 33, 14806 Bad Belzig \\\/ Gro\\u00df Briesen&quot;,&quot;lat&quot;:&quot;52.24863&quot;,&quot;lng&quot;:&quot;12.48496&quot;}]\"\r\n>\r\n<div class=\"lf-item lf-item-alternate\" data-template=\"alternate\">\r\n    <a href=\"https:\/\/stadtm.de\/Bad_Belzig\/listing\/dorfkirche-gross-briesen\/\">\r\n\r\n        <div class=\"overlay\" style=\"\r\n    background-color: #242429;\r\n    opacity: 0.4;\r\n\"><\/div>\r\n        \r\n                    <div class=\"lf-background\" style=\"background-image: url('https:\/\/stadtm.de\/Bad_Belzig\/wp-content\/uploads\/2025\/08\/Dorfkirche-Gross-Briesen-768x512.jpg');\"><\/div>\r\n        \r\n        <div class=\"lf-item-info-2\">\r\n                            <div class=\"lf-avatar\" style=\"background-image: url('https:\/\/stadtm.de\/Bad_Belzig\/wp-content\/uploads\/2025\/08\/Dorfkirche-Gross-Briesen1-150x150.jpg')\"><\/div>\r\n            \r\n            <h4 class=\"case27-primary-text listing-preview-title\">\r\n                Dorfkirche Gro\u00df Briesen                            <\/h4>\r\n\r\n                            <h6>Dorfkirche Gro\u00df Briesen in Bad Belzig \u2013 Eine stille Sehensw\u00fcrdigkeit mit Geschichte\r\nEine Sehensw\u00fcrdigkeit im&hellip;<\/h6>\r\n            \r\n            \r\n<ul class=\"lf-contact no-list-style\">\r\n\t            <li >\r\n            \t                \t<i class=\"icon-location-pin-add-2 sm-icon\"><\/i>\r\n            \t                Gro\u00df Briesener Hauptstr. 33            <\/li>\r\n        <\/ul>\r\n        <\/div>\r\n\r\n    <\/a>\r\n        <div class=\"lf-head level-normal\">\r\n    \r\n    <\/div><\/div>\r\n\r\n        <div class=\"listing-details c27-footer-section\">\r\n            <ul class=\"c27-listing-preview-category-list no-list-style\">\r\n                <li>\r\n                    <a href=\"https:\/\/stadtm.de\/Bad_Belzig\/category\/stadt\/\">\r\n                        <span class=\"cat-icon\" style=\"background-color: #6c1cff;\">\r\n                            \t\t\t<i class=\"fa fa-city\" style=\"color: #fff; \"><\/i>\r\n\t\t                        <\/span>\r\n                        <span class=\"category-name\">Stadt<\/span>\r\n                    <\/a>\r\n                <\/li>\r\n\r\n                                    <li>\r\n                        <div class=\"categories-dropdown dropdown c27-more-categories\">\r\n                            <span class=\"tooltip-element\">\r\n                                <a href=\"#other-categories\">\r\n                                    <span class=\"cat-icon cat-more\">+2<\/span>\r\n                                <\/a>\r\n                                <span class=\"tooltip-container\">Sehensw\u00fcrdigkeiten, Kirche<\/span>\r\n                            <\/span>\r\n                        <\/div>\r\n                    <\/li>\r\n                            <\/ul>\r\n\r\n            <div class=\"ld-info\">\r\n                <ul class=\"no-list-style\">\r\n                                            <li class=\"item-preview tooltip-element\">\r\n    <a aria-label=\"Quick view button\" href=\"#\" type=\"button\" class=\"c27-toggle-quick-view-modal\" data-id=\"4064\">\r\n    \t<i class=\"mi zoom_in\"><\/i>\r\n    <\/a>\r\n    <span class=\"tooltip-container\">Quick view<\/span>\r\n<\/li>                                                                <li class=\"tooltip-element\">\r\n    <a aria-label=\"Bookmark button\" href=\"#\" class=\"c27-bookmark-button \"\r\n       data-listing-id=\"4064\" onclick=\"MyListing.Handlers.Bookmark_Button(event, this)\">\r\n       <i class=\"mi favorite_border\"><\/i>\r\n    <\/a>\r\n    <span class=\"tooltip-container\">Bookmark<\/span>\r\n<\/li>                                                        <\/ul>\r\n            <\/div>\r\n        <\/div>\r\n    <\/div>\r\n<\/div><div class=\"\"><div\r\n    class=\"lf-item-container listing-preview type-place-2 lf-type-2 has-logo has-tagline has-info-fields level-normal priority-0\"\r\n    data-id=\"listing-id-3814\"\r\n        data-category-icon=\"\t\t\t&lt;i class=&quot;fa fa-city&quot; style=&quot;color: #fff; background: #6c1cff; &quot;&gt;&lt;\/i&gt;\r\n\t\t\"\r\n    data-category-color=\"#6c1cff\"\r\n    data-category-text-color=\"#fff\"\r\n        data-thumbnail=\"https:\/\/stadtm.de\/Bad_Belzig\/wp-content\/uploads\/2025\/08\/Flaeming-Gymnasium-Bad-Belzig1-150x150.jpg\"\r\n    data-marker=\"https:\/\/stadtm.de\/Bad_Belzig\/wp-content\/uploads\/2025\/08\/Flaeming-Gymnasium-Bad-Belzig1-150x150.jpg\"\r\n    data-template=\"alternate\"\r\n    data-locations=\"[{&quot;address&quot;:&quot;Ernst-Th\\u00e4lmann-Str. 2, 14806 Bad Belzig&quot;,&quot;lat&quot;:&quot;52.14236&quot;,&quot;lng&quot;:&quot;12.58836&quot;}]\"\r\n>\r\n<div class=\"lf-item lf-item-alternate\" data-template=\"alternate\">\r\n    <a href=\"https:\/\/stadtm.de\/Bad_Belzig\/listing\/flaeming-gymnasium-bad-belzig\/\">\r\n\r\n        <div class=\"overlay\" style=\"\r\n    background-color: #242429;\r\n    opacity: 0.4;\r\n\"><\/div>\r\n        \r\n                    <div class=\"lf-background\" style=\"background-image: url('https:\/\/stadtm.de\/Bad_Belzig\/wp-content\/uploads\/2025\/08\/Flaeming-Gymnasium-Bad-Belzig-768x501.jpg');\"><\/div>\r\n        \r\n        <div class=\"lf-item-info-2\">\r\n                            <div class=\"lf-avatar\" style=\"background-image: url('https:\/\/stadtm.de\/Bad_Belzig\/wp-content\/uploads\/2025\/08\/Flaeming-Gymnasium-Bad-Belzig1-150x150.jpg')\"><\/div>\r\n            \r\n            <h4 class=\"case27-primary-text listing-preview-title\">\r\n                Fl\u00e4ming-Gymnasium Bad Belzig                            <\/h4>\r\n\r\n                            <h6>Fl\u00e4ming-Gymnasium Bad Belzig \u2013 Schule mit Tradition, Leistung und Perspektive\r\nSchule im Herzen von Bad&hellip;<\/h6>\r\n            \r\n            \r\n<ul class=\"lf-contact no-list-style\">\r\n\t            <li >\r\n            \t                \t<i class=\"icon-phone-outgoing sm-icon\"><\/i>\r\n            \t                +49 (33841) 42474            <\/li>\r\n                    <li >\r\n            \t                \t<i class=\"icon-location-pin-add-2 sm-icon\"><\/i>\r\n            \t                Ernst-Th\u00e4lmann-Str. 2            <\/li>\r\n        <\/ul>\r\n        <\/div>\r\n\r\n    <\/a>\r\n        <div class=\"lf-head level-normal\">\r\n    \r\n    <\/div><\/div>\r\n\r\n        <div class=\"listing-details c27-footer-section\">\r\n            <ul class=\"c27-listing-preview-category-list no-list-style\">\r\n                <li>\r\n                    <a href=\"https:\/\/stadtm.de\/Bad_Belzig\/category\/stadt\/\">\r\n                        <span class=\"cat-icon\" style=\"background-color: #6c1cff;\">\r\n                            \t\t\t<i class=\"fa fa-city\" style=\"color: #fff; \"><\/i>\r\n\t\t                        <\/span>\r\n                        <span class=\"category-name\">Stadt<\/span>\r\n                    <\/a>\r\n                <\/li>\r\n\r\n                                    <li>\r\n                        <div class=\"categories-dropdown dropdown c27-more-categories\">\r\n                            <span class=\"tooltip-element\">\r\n                                <a href=\"#other-categories\">\r\n                                    <span class=\"cat-icon cat-more\">+1<\/span>\r\n                                <\/a>\r\n                                <span class=\"tooltip-container\">Schule<\/span>\r\n                            <\/span>\r\n                        <\/div>\r\n                    <\/li>\r\n                            <\/ul>\r\n\r\n            <div class=\"ld-info\">\r\n                <ul class=\"no-list-style\">\r\n                                            <li class=\"item-preview tooltip-element\">\r\n    <a aria-label=\"Quick view button\" href=\"#\" type=\"button\" class=\"c27-toggle-quick-view-modal\" data-id=\"3814\">\r\n    \t<i class=\"mi zoom_in\"><\/i>\r\n    <\/a>\r\n    <span class=\"tooltip-container\">Quick view<\/span>\r\n<\/li>                                                                <li class=\"tooltip-element\">\r\n    <a aria-label=\"Bookmark button\" href=\"#\" class=\"c27-bookmark-button \"\r\n       data-listing-id=\"3814\" onclick=\"MyListing.Handlers.Bookmark_Button(event, this)\">\r\n       <i class=\"mi favorite_border\"><\/i>\r\n    <\/a>\r\n    <span class=\"tooltip-container\">Bookmark<\/span>\r\n<\/li>                                                        <\/ul>\r\n            <\/div>\r\n        <\/div>\r\n    <\/div>\r\n<\/div><div class=\"\"><div\r\n    class=\"lf-item-container listing-preview type-place-2 lf-type-2 has-logo has-tagline has-info-fields level-normal priority-0\"\r\n    data-id=\"listing-id-3770\"\r\n        data-category-icon=\"\t\t\t&lt;i class=&quot;fa fa-city&quot; style=&quot;color: #fff; background: #6c1cff; &quot;&gt;&lt;\/i&gt;\r\n\t\t\"\r\n    data-category-color=\"#6c1cff\"\r\n    data-category-text-color=\"#fff\"\r\n        data-thumbnail=\"https:\/\/stadtm.de\/Bad_Belzig\/wp-content\/uploads\/2025\/08\/Kindertagesstaette-Waldwichtel-150x150.jpg\"\r\n    data-marker=\"https:\/\/stadtm.de\/Bad_Belzig\/wp-content\/uploads\/2025\/08\/Kindertagesstaette-Waldwichtel-150x150.jpg\"\r\n    data-template=\"alternate\"\r\n    data-locations=\"[{&quot;address&quot;:&quot;Freibadstr. 54b, 14806 Bad Belzig \\\/ Dippmannsdorf&quot;,&quot;lat&quot;:&quot;52.22650&quot;,&quot;lng&quot;:&quot;12.58905&quot;}]\"\r\n>\r\n<div class=\"lf-item lf-item-alternate\" data-template=\"alternate\">\r\n    <a href=\"https:\/\/stadtm.de\/Bad_Belzig\/listing\/kindertagesstaette-waldwichtel\/\">\r\n\r\n        <div class=\"overlay\" style=\"\r\n    background-color: #242429;\r\n    opacity: 0.4;\r\n\"><\/div>\r\n        \r\n                    <div class=\"lf-background\" style=\"background-image: url('https:\/\/stadtm.de\/Bad_Belzig\/wp-content\/uploads\/2025\/08\/Kindertagesstaette-Waldwichtel-768x501.jpg');\"><\/div>\r\n        \r\n        <div class=\"lf-item-info-2\">\r\n                            <div class=\"lf-avatar\" style=\"background-image: url('https:\/\/stadtm.de\/Bad_Belzig\/wp-content\/uploads\/2025\/08\/Kindertagesstaette-Waldwichtel-150x150.jpg')\"><\/div>\r\n            \r\n            <h4 class=\"case27-primary-text listing-preview-title\">\r\n                Kindertagesst\u00e4tte \u201cWaldwichtel\u201d                            <\/h4>\r\n\r\n                            <h6>Kindergarten Waldwichtel in Dippmannsdorf \u2013 Ihr Kindergarten in Bad Belzig\r\nWenn Sie auf der Suche nach einem&hellip;<\/h6>\r\n            \r\n            \r\n<ul class=\"lf-contact no-list-style\">\r\n\t            <li >\r\n            \t                \t<i class=\"icon-phone-outgoing sm-icon\"><\/i>\r\n            \t                +49 (33846) 90740            <\/li>\r\n                    <li >\r\n            \t                \t<i class=\"icon-location-pin-add-2 sm-icon\"><\/i>\r\n            \t                Freibadstr. 54b            <\/li>\r\n        <\/ul>\r\n        <\/div>\r\n\r\n    <\/a>\r\n        <div class=\"lf-head level-normal\">\r\n    \r\n                    <div class=\"lf-head-btn  open-status listing-status-open\" >\r\n                    OPEN                <\/div>\r\n            <\/div><\/div>\r\n\r\n        <div class=\"listing-details c27-footer-section\">\r\n            <ul class=\"c27-listing-preview-category-list no-list-style\">\r\n                <li>\r\n                    <a href=\"https:\/\/stadtm.de\/Bad_Belzig\/category\/stadt\/\">\r\n                        <span class=\"cat-icon\" style=\"background-color: #6c1cff;\">\r\n                            \t\t\t<i class=\"fa fa-city\" style=\"color: #fff; \"><\/i>\r\n\t\t                        <\/span>\r\n                        <span class=\"category-name\">Stadt<\/span>\r\n                    <\/a>\r\n                <\/li>\r\n\r\n                                    <li>\r\n                        <div class=\"categories-dropdown dropdown c27-more-categories\">\r\n                            <span class=\"tooltip-element\">\r\n                                <a href=\"#other-categories\">\r\n                                    <span class=\"cat-icon cat-more\">+1<\/span>\r\n                                <\/a>\r\n                                <span class=\"tooltip-container\">Kinderbetreuung<\/span>\r\n                            <\/span>\r\n                        <\/div>\r\n                    <\/li>\r\n                            <\/ul>\r\n\r\n            <div class=\"ld-info\">\r\n                <ul class=\"no-list-style\">\r\n                                            <li class=\"item-preview tooltip-element\">\r\n    <a aria-label=\"Quick view button\" href=\"#\" type=\"button\" class=\"c27-toggle-quick-view-modal\" data-id=\"3770\">\r\n    \t<i class=\"mi zoom_in\"><\/i>\r\n    <\/a>\r\n    <span class=\"tooltip-container\">Quick view<\/span>\r\n<\/li>                                                                <li class=\"tooltip-element\">\r\n    <a aria-label=\"Bookmark button\" href=\"#\" class=\"c27-bookmark-button \"\r\n       data-listing-id=\"3770\" onclick=\"MyListing.Handlers.Bookmark_Button(event, this)\">\r\n       <i class=\"mi favorite_border\"><\/i>\r\n    <\/a>\r\n    <span class=\"tooltip-container\">Bookmark<\/span>\r\n<\/li>                                                        <\/ul>\r\n            <\/div>\r\n        <\/div>\r\n    <\/div>\r\n<\/div><div class=\"\"><div\r\n    class=\"lf-item-container listing-preview type-place-2 lf-type-2 has-logo has-tagline has-info-fields level-normal priority-0\"\r\n    data-id=\"listing-id-4098\"\r\n        data-category-icon=\"\t\t\t&lt;i class=&quot;fa fa-city&quot; style=&quot;color: #fff; background: #6c1cff; &quot;&gt;&lt;\/i&gt;\r\n\t\t\"\r\n    data-category-color=\"#6c1cff\"\r\n    data-category-text-color=\"#fff\"\r\n        data-thumbnail=\"https:\/\/stadtm.de\/Bad_Belzig\/wp-content\/uploads\/2025\/08\/Dorfkirche-Klein-Glien1-150x150.jpg\"\r\n    data-marker=\"https:\/\/stadtm.de\/Bad_Belzig\/wp-content\/uploads\/2025\/08\/Dorfkirche-Klein-Glien1-150x150.jpg\"\r\n    data-template=\"alternate\"\r\n    data-locations=\"[{&quot;address&quot;:&quot;Hauptstra\\u00dfe, 14806 Bad Belzig \\\/ Klein Glien&quot;,&quot;lat&quot;:&quot;52.13161&quot;,&quot;lng&quot;:&quot;12.51572&quot;}]\"\r\n>\r\n<div class=\"lf-item lf-item-alternate\" data-template=\"alternate\">\r\n    <a href=\"https:\/\/stadtm.de\/Bad_Belzig\/listing\/dorfkirche-klein-glien\/\">\r\n\r\n        <div class=\"overlay\" style=\"\r\n    background-color: #242429;\r\n    opacity: 0.4;\r\n\"><\/div>\r\n        \r\n                    <div class=\"lf-background\" style=\"background-image: url('https:\/\/stadtm.de\/Bad_Belzig\/wp-content\/uploads\/2025\/08\/Dorfkirche-Klein-Glien-768x512.jpg');\"><\/div>\r\n        \r\n        <div class=\"lf-item-info-2\">\r\n                            <div class=\"lf-avatar\" style=\"background-image: url('https:\/\/stadtm.de\/Bad_Belzig\/wp-content\/uploads\/2025\/08\/Dorfkirche-Klein-Glien1-150x150.jpg')\"><\/div>\r\n            \r\n            <h4 class=\"case27-primary-text listing-preview-title\">\r\n                Dorfkirche Klein Glien                            <\/h4>\r\n\r\n                            <h6>Dorfkirche Klein Glien in Bad Belzig \u2013 Eine historische Sehensw\u00fcrdigkeit mit Charme\r\nEine kleine Dorfkirche&hellip;<\/h6>\r\n            \r\n            \r\n<ul class=\"lf-contact no-list-style\">\r\n\t            <li >\r\n            \t                \t<i class=\"icon-location-pin-add-2 sm-icon\"><\/i>\r\n            \t                Hauptstra\u00dfe            <\/li>\r\n        <\/ul>\r\n        <\/div>\r\n\r\n    <\/a>\r\n        <div class=\"lf-head level-normal\">\r\n    \r\n    <\/div><\/div>\r\n\r\n        <div class=\"listing-details c27-footer-section\">\r\n            <ul class=\"c27-listing-preview-category-list no-list-style\">\r\n                <li>\r\n                    <a href=\"https:\/\/stadtm.de\/Bad_Belzig\/category\/stadt\/\">\r\n                        <span class=\"cat-icon\" style=\"background-color: #6c1cff;\">\r\n                            \t\t\t<i class=\"fa fa-city\" style=\"color: #fff; \"><\/i>\r\n\t\t                        <\/span>\r\n                        <span class=\"category-name\">Stadt<\/span>\r\n                    <\/a>\r\n                <\/li>\r\n\r\n                                    <li>\r\n                        <div class=\"categories-dropdown dropdown c27-more-categories\">\r\n                            <span class=\"tooltip-element\">\r\n                                <a href=\"#other-categories\">\r\n                                    <span class=\"cat-icon cat-more\">+2<\/span>\r\n                                <\/a>\r\n                                <span class=\"tooltip-container\">Sehensw\u00fcrdigkeiten, Kirche<\/span>\r\n                            <\/span>\r\n                        <\/div>\r\n                    <\/li>\r\n                            <\/ul>\r\n\r\n            <div class=\"ld-info\">\r\n                <ul class=\"no-list-style\">\r\n                                            <li class=\"item-preview tooltip-element\">\r\n    <a aria-label=\"Quick view button\" href=\"#\" type=\"button\" class=\"c27-toggle-quick-view-modal\" data-id=\"4098\">\r\n    \t<i class=\"mi zoom_in\"><\/i>\r\n    <\/a>\r\n    <span class=\"tooltip-container\">Quick view<\/span>\r\n<\/li>                                                                <li class=\"tooltip-element\">\r\n    <a aria-label=\"Bookmark button\" href=\"#\" class=\"c27-bookmark-button \"\r\n       data-listing-id=\"4098\" onclick=\"MyListing.Handlers.Bookmark_Button(event, this)\">\r\n       <i class=\"mi favorite_border\"><\/i>\r\n    <\/a>\r\n    <span class=\"tooltip-container\">Bookmark<\/span>\r\n<\/li>                                                        <\/ul>\r\n            <\/div>\r\n        <\/div>\r\n    <\/div>\r\n<\/div><div class=\"\"><div\r\n    class=\"lf-item-container listing-preview type-place-2 lf-type-2 has-logo has-tagline has-info-fields level-normal priority-0\"\r\n    data-id=\"listing-id-3880\"\r\n        data-category-icon=\"\t\t\t&lt;i class=&quot;fa fa-city&quot; style=&quot;color: #fff; background: #6c1cff; &quot;&gt;&lt;\/i&gt;\r\n\t\t\"\r\n    data-category-color=\"#6c1cff\"\r\n    data-category-text-color=\"#fff\"\r\n        data-thumbnail=\"https:\/\/stadtm.de\/Bad_Belzig\/wp-content\/uploads\/2025\/08\/Mehrzweckhalle-Albert-Baur-150x150.jpg\"\r\n    data-marker=\"https:\/\/stadtm.de\/Bad_Belzig\/wp-content\/uploads\/2025\/08\/Mehrzweckhalle-Albert-Baur-150x150.jpg\"\r\n    data-template=\"alternate\"\r\n    data-locations=\"[{&quot;address&quot;:&quot;Weitzgrunder Weg 1a, 14806 Bad Belzig&quot;,&quot;lat&quot;:&quot;52.14817&quot;,&quot;lng&quot;:&quot;12.58680&quot;}]\"\r\n>\r\n<div class=\"lf-item lf-item-alternate\" data-template=\"alternate\">\r\n    <a href=\"https:\/\/stadtm.de\/Bad_Belzig\/listing\/mehrzweckhalle-albert-baur\/\">\r\n\r\n        <div class=\"overlay\" style=\"\r\n    background-color: #242429;\r\n    opacity: 0.4;\r\n\"><\/div>\r\n        \r\n                    <div class=\"lf-background\" style=\"background-image: url('https:\/\/stadtm.de\/Bad_Belzig\/wp-content\/uploads\/2025\/08\/Mehrzweckhalle-Albert-Baur-768x511.jpg');\"><\/div>\r\n        \r\n        <div class=\"lf-item-info-2\">\r\n                            <div class=\"lf-avatar\" style=\"background-image: url('https:\/\/stadtm.de\/Bad_Belzig\/wp-content\/uploads\/2025\/08\/Mehrzweckhalle-Albert-Baur-150x150.jpg')\"><\/div>\r\n            \r\n            <h4 class=\"case27-primary-text listing-preview-title\">\r\n                Mehrzweckhalle Albert Baur                            <\/h4>\r\n\r\n                            <h6>Mehrzweckhalle Albert Baur\r\nDie Nutzung erfolgt durch den Landkreis PM, die Krause-Tschetschog Oberschule Bad&hellip;<\/h6>\r\n            \r\n            \r\n<ul class=\"lf-contact no-list-style\">\r\n\t            <li >\r\n            \t                \t<i class=\"icon-location-pin-add-2 sm-icon\"><\/i>\r\n            \t                Weitzgrunder Weg 1a            <\/li>\r\n        <\/ul>\r\n        <\/div>\r\n\r\n    <\/a>\r\n        <div class=\"lf-head level-normal\">\r\n    \r\n    <\/div><\/div>\r\n\r\n        <div class=\"listing-details c27-footer-section\">\r\n            <ul class=\"c27-listing-preview-category-list no-list-style\">\r\n                <li>\r\n                    <a href=\"https:\/\/stadtm.de\/Bad_Belzig\/category\/stadt\/\">\r\n                        <span class=\"cat-icon\" style=\"background-color: #6c1cff;\">\r\n                            \t\t\t<i class=\"fa fa-city\" style=\"color: #fff; \"><\/i>\r\n\t\t                        <\/span>\r\n                        <span class=\"category-name\">Stadt<\/span>\r\n                    <\/a>\r\n                <\/li>\r\n\r\n                                    <li>\r\n                        <div class=\"categories-dropdown dropdown c27-more-categories\">\r\n                            <span class=\"tooltip-element\">\r\n                                <a href=\"#other-categories\">\r\n                                    <span class=\"cat-icon cat-more\">+1<\/span>\r\n                                <\/a>\r\n                                <span class=\"tooltip-container\">Sportst\u00e4tte<\/span>\r\n                            <\/span>\r\n                        <\/div>\r\n                    <\/li>\r\n                            <\/ul>\r\n\r\n            <div class=\"ld-info\">\r\n                <ul class=\"no-list-style\">\r\n                                            <li class=\"item-preview tooltip-element\">\r\n    <a aria-label=\"Quick view button\" href=\"#\" type=\"button\" class=\"c27-toggle-quick-view-modal\" data-id=\"3880\">\r\n    \t<i class=\"mi zoom_in\"><\/i>\r\n    <\/a>\r\n    <span class=\"tooltip-container\">Quick view<\/span>\r\n<\/li>                                                                <li class=\"tooltip-element\">\r\n    <a aria-label=\"Bookmark button\" href=\"#\" class=\"c27-bookmark-button \"\r\n       data-listing-id=\"3880\" onclick=\"MyListing.Handlers.Bookmark_Button(event, this)\">\r\n       <i class=\"mi favorite_border\"><\/i>\r\n    <\/a>\r\n    <span class=\"tooltip-container\">Bookmark<\/span>\r\n<\/li>                                                        <\/ul>\r\n            <\/div>\r\n        <\/div>\r\n    <\/div>\r\n<\/div><div class=\"\"><div\r\n    class=\"lf-item-container listing-preview type-place-2 lf-type-2 has-logo has-tagline has-info-fields level-normal priority-0\"\r\n    data-id=\"listing-id-3838\"\r\n        data-category-icon=\"\t\t\t&lt;i class=&quot;fa fa-city&quot; style=&quot;color: #fff; background: #6c1cff; &quot;&gt;&lt;\/i&gt;\r\n\t\t\"\r\n    data-category-color=\"#6c1cff\"\r\n    data-category-text-color=\"#fff\"\r\n        data-thumbnail=\"https:\/\/stadtm.de\/Bad_Belzig\/wp-content\/uploads\/2025\/08\/Feuerwehr-Dippmannsdorf-150x150.jpg\"\r\n    data-marker=\"https:\/\/stadtm.de\/Bad_Belzig\/wp-content\/uploads\/2025\/08\/Feuerwehr-Dippmannsdorf-150x150.jpg\"\r\n    data-template=\"alternate\"\r\n    data-locations=\"[{&quot;address&quot;:&quot;Freibadstr. 12a, 14806 Bad Belzig \\\/ Dippmannsdorf&quot;,&quot;lat&quot;:&quot;52.22076&quot;,&quot;lng&quot;:&quot;12.59854&quot;}]\"\r\n>\r\n<div class=\"lf-item lf-item-alternate\" data-template=\"alternate\">\r\n    <a href=\"https:\/\/stadtm.de\/Bad_Belzig\/listing\/feuerwehr-dippmannsdorf\/\">\r\n\r\n        <div class=\"overlay\" style=\"\r\n    background-color: #242429;\r\n    opacity: 0.4;\r\n\"><\/div>\r\n        \r\n                    <div class=\"lf-background\" style=\"background-image: url('https:\/\/stadtm.de\/Bad_Belzig\/wp-content\/uploads\/2025\/08\/Feuerwehr-Dippmannsdorf1-768x512.jpg');\"><\/div>\r\n        \r\n        <div class=\"lf-item-info-2\">\r\n                            <div class=\"lf-avatar\" style=\"background-image: url('https:\/\/stadtm.de\/Bad_Belzig\/wp-content\/uploads\/2025\/08\/Feuerwehr-Dippmannsdorf-150x150.jpg')\"><\/div>\r\n            \r\n            <h4 class=\"case27-primary-text listing-preview-title\">\r\n                Feuerwehr Dippmannsdorf                            <\/h4>\r\n\r\n                            <h6>Feuerwehr Dippmannsdorf in Bad Belzig \u2013 Einsatzbereit, engagiert, unverzichtbar\r\nDie Feuerwehr Dippmannsdorf&hellip;<\/h6>\r\n            \r\n            \r\n<ul class=\"lf-contact no-list-style\">\r\n\t            <li >\r\n            \t                \t<i class=\"icon-location-pin-add-2 sm-icon\"><\/i>\r\n            \t                Freibadstr. 12a            <\/li>\r\n        <\/ul>\r\n        <\/div>\r\n\r\n    <\/a>\r\n        <div class=\"lf-head level-normal\">\r\n    \r\n    <\/div><\/div>\r\n\r\n        <div class=\"listing-details c27-footer-section\">\r\n            <ul class=\"c27-listing-preview-category-list no-list-style\">\r\n                <li>\r\n                    <a href=\"https:\/\/stadtm.de\/Bad_Belzig\/category\/stadt\/\">\r\n                        <span class=\"cat-icon\" style=\"background-color: #6c1cff;\">\r\n                            \t\t\t<i class=\"fa fa-city\" style=\"color: #fff; \"><\/i>\r\n\t\t                        <\/span>\r\n                        <span class=\"category-name\">Stadt<\/span>\r\n                    <\/a>\r\n                <\/li>\r\n\r\n                                    <li>\r\n                        <div class=\"categories-dropdown dropdown c27-more-categories\">\r\n                            <span class=\"tooltip-element\">\r\n                                <a href=\"#other-categories\">\r\n                                    <span class=\"cat-icon cat-more\">+2<\/span>\r\n                                <\/a>\r\n                                <span class=\"tooltip-container\">Feuerwehr, \u00d6ffentliche Einrichtungen<\/span>\r\n                            <\/span>\r\n                        <\/div>\r\n                    <\/li>\r\n                            <\/ul>\r\n\r\n            <div class=\"ld-info\">\r\n                <ul class=\"no-list-style\">\r\n                                            <li class=\"item-preview tooltip-element\">\r\n    <a aria-label=\"Quick view button\" href=\"#\" type=\"button\" class=\"c27-toggle-quick-view-modal\" data-id=\"3838\">\r\n    \t<i class=\"mi zoom_in\"><\/i>\r\n    <\/a>\r\n    <span class=\"tooltip-container\">Quick view<\/span>\r\n<\/li>                                                                <li class=\"tooltip-element\">\r\n    <a aria-label=\"Bookmark button\" href=\"#\" class=\"c27-bookmark-button \"\r\n       data-listing-id=\"3838\" onclick=\"MyListing.Handlers.Bookmark_Button(event, this)\">\r\n       <i class=\"mi favorite_border\"><\/i>\r\n    <\/a>\r\n    <span class=\"tooltip-container\">Bookmark<\/span>\r\n<\/li>                                                        <\/ul>\r\n            <\/div>\r\n        <\/div>\r\n    <\/div>\r\n<\/div><div class=\"\"><div\r\n    class=\"lf-item-container listing-preview type-place-2 lf-type-2 has-logo has-tagline has-info-fields level-normal priority-0\"\r\n    data-id=\"listing-id-3956\"\r\n        data-category-icon=\"\t\t\t&lt;i class=&quot;fa fa-city&quot; style=&quot;color: #fff; background: #6c1cff; &quot;&gt;&lt;\/i&gt;\r\n\t\t\"\r\n    data-category-color=\"#6c1cff\"\r\n    data-category-text-color=\"#fff\"\r\n        data-thumbnail=\"https:\/\/stadtm.de\/Bad_Belzig\/wp-content\/uploads\/2025\/08\/Friedhof-Kuhlowitz-150x150.jpg\"\r\n    data-marker=\"https:\/\/stadtm.de\/Bad_Belzig\/wp-content\/uploads\/2025\/08\/Friedhof-Kuhlowitz-150x150.jpg\"\r\n    data-template=\"alternate\"\r\n    data-locations=\"[{&quot;address&quot;:&quot;Kuhlowitzer Dorfstra\\u00dfe, 14806 Bad Belzig \\\/ Kuhlowitz&quot;,&quot;lat&quot;:&quot;52.13770&quot;,&quot;lng&quot;:&quot;12.64321&quot;}]\"\r\n>\r\n<div class=\"lf-item lf-item-alternate\" data-template=\"alternate\">\r\n    <a href=\"https:\/\/stadtm.de\/Bad_Belzig\/listing\/friedhof-kuhlowitz\/\">\r\n\r\n        <div class=\"overlay\" style=\"\r\n    background-color: #242429;\r\n    opacity: 0.4;\r\n\"><\/div>\r\n        \r\n                    <div class=\"lf-background\" style=\"background-image: url('https:\/\/stadtm.de\/Bad_Belzig\/wp-content\/uploads\/2025\/08\/Friedhof-Kuhlowitz-768x550.jpg');\"><\/div>\r\n        \r\n        <div class=\"lf-item-info-2\">\r\n                            <div class=\"lf-avatar\" style=\"background-image: url('https:\/\/stadtm.de\/Bad_Belzig\/wp-content\/uploads\/2025\/08\/Friedhof-Kuhlowitz-150x150.jpg')\"><\/div>\r\n            \r\n            <h4 class=\"case27-primary-text listing-preview-title\">\r\n                Friedhof Kuhlowitz                            <\/h4>\r\n\r\n                            <h6>Friedhof Kuhlowitz in Bad Belzig \u2013 Ruhiger Ort der Erinnerung im Gr\u00fcnen\r\nFriedhof Kuhlowitz \u2013 Ein w\u00fcrdevoller&hellip;<\/h6>\r\n            \r\n            \r\n<ul class=\"lf-contact no-list-style\">\r\n\t            <li >\r\n            \t                \t<i class=\"icon-location-pin-add-2 sm-icon\"><\/i>\r\n            \t                Kuhlowitzer Dorfstra\u00dfe            <\/li>\r\n        <\/ul>\r\n        <\/div>\r\n\r\n    <\/a>\r\n        <div class=\"lf-head level-normal\">\r\n    \r\n    <\/div><\/div>\r\n\r\n        <div class=\"listing-details c27-footer-section\">\r\n            <ul class=\"c27-listing-preview-category-list no-list-style\">\r\n                <li>\r\n                    <a href=\"https:\/\/stadtm.de\/Bad_Belzig\/category\/stadt\/\">\r\n                        <span class=\"cat-icon\" style=\"background-color: #6c1cff;\">\r\n                            \t\t\t<i class=\"fa fa-city\" style=\"color: #fff; \"><\/i>\r\n\t\t                        <\/span>\r\n                        <span class=\"category-name\">Stadt<\/span>\r\n                    <\/a>\r\n                <\/li>\r\n\r\n                                    <li>\r\n                        <div class=\"categories-dropdown dropdown c27-more-categories\">\r\n                            <span class=\"tooltip-element\">\r\n                                <a href=\"#other-categories\">\r\n                                    <span class=\"cat-icon cat-more\">+1<\/span>\r\n                                <\/a>\r\n                                <span class=\"tooltip-container\">Friedhof<\/span>\r\n                            <\/span>\r\n                        <\/div>\r\n                    <\/li>\r\n                            <\/ul>\r\n\r\n            <div class=\"ld-info\">\r\n                <ul class=\"no-list-style\">\r\n                                            <li class=\"item-preview tooltip-element\">\r\n    <a aria-label=\"Quick view button\" href=\"#\" type=\"button\" class=\"c27-toggle-quick-view-modal\" data-id=\"3956\">\r\n    \t<i class=\"mi zoom_in\"><\/i>\r\n    <\/a>\r\n    <span class=\"tooltip-container\">Quick view<\/span>\r\n<\/li>                                                                <li class=\"tooltip-element\">\r\n    <a aria-label=\"Bookmark button\" href=\"#\" class=\"c27-bookmark-button \"\r\n       data-listing-id=\"3956\" onclick=\"MyListing.Handlers.Bookmark_Button(event, this)\">\r\n       <i class=\"mi favorite_border\"><\/i>\r\n    <\/a>\r\n    <span class=\"tooltip-container\">Bookmark<\/span>\r\n<\/li>                                                        <\/ul>\r\n            <\/div>\r\n        <\/div>\r\n    <\/div>\r\n<\/div><div class=\"\"><div\r\n    class=\"lf-item-container listing-preview type-place-2 lf-type-2 has-logo has-tagline has-info-fields level-normal priority-0\"\r\n    data-id=\"listing-id-3959\"\r\n        data-category-icon=\"\t\t\t&lt;i class=&quot;fa fa-city&quot; style=&quot;color: #fff; background: #6c1cff; &quot;&gt;&lt;\/i&gt;\r\n\t\t\"\r\n    data-category-color=\"#6c1cff\"\r\n    data-category-text-color=\"#fff\"\r\n        data-thumbnail=\"https:\/\/stadtm.de\/Bad_Belzig\/wp-content\/uploads\/2025\/08\/Friedhof-Luebnitz-150x150.jpg\"\r\n    data-marker=\"https:\/\/stadtm.de\/Bad_Belzig\/wp-content\/uploads\/2025\/08\/Friedhof-Luebnitz-150x150.jpg\"\r\n    data-template=\"alternate\"\r\n    data-locations=\"[{&quot;address&quot;:&quot;Weitzgrunder Allee 2a, 14806 Bad Belzig \\\/ L\\u00fcbnitz&quot;,&quot;lat&quot;:&quot;52.15824&quot;,&quot;lng&quot;:&quot;12.52924&quot;}]\"\r\n>\r\n<div class=\"lf-item lf-item-alternate\" data-template=\"alternate\">\r\n    <a href=\"https:\/\/stadtm.de\/Bad_Belzig\/listing\/friedhof-luebnitz\/\">\r\n\r\n        <div class=\"overlay\" style=\"\r\n    background-color: #242429;\r\n    opacity: 0.4;\r\n\"><\/div>\r\n        \r\n                    <div class=\"lf-background\" style=\"background-image: url('https:\/\/stadtm.de\/Bad_Belzig\/wp-content\/uploads\/2025\/08\/Friedhof-Luebnitz-768x550.jpg');\"><\/div>\r\n        \r\n        <div class=\"lf-item-info-2\">\r\n                            <div class=\"lf-avatar\" style=\"background-image: url('https:\/\/stadtm.de\/Bad_Belzig\/wp-content\/uploads\/2025\/08\/Friedhof-Luebnitz-150x150.jpg')\"><\/div>\r\n            \r\n            <h4 class=\"case27-primary-text listing-preview-title\">\r\n                Friedhof L\u00fcbnitz                            <\/h4>\r\n\r\n                            <h6>Friedhof L\u00fcbnitz in Bad Belzig \u2013 Ein Ort des Gedenkens und der Ruhe\r\nFriedhof L\u00fcbnitz \u2013 Ruhiger Abschiedsort&hellip;<\/h6>\r\n            \r\n            \r\n<ul class=\"lf-contact no-list-style\">\r\n\t            <li >\r\n            \t                \t<i class=\"icon-location-pin-add-2 sm-icon\"><\/i>\r\n            \t                Weitzgrunder Allee 2a            <\/li>\r\n        <\/ul>\r\n        <\/div>\r\n\r\n    <\/a>\r\n        <div class=\"lf-head level-normal\">\r\n    \r\n    <\/div><\/div>\r\n\r\n        <div class=\"listing-details c27-footer-section\">\r\n            <ul class=\"c27-listing-preview-category-list no-list-style\">\r\n                <li>\r\n                    <a href=\"https:\/\/stadtm.de\/Bad_Belzig\/category\/stadt\/\">\r\n                        <span class=\"cat-icon\" style=\"background-color: #6c1cff;\">\r\n                            \t\t\t<i class=\"fa fa-city\" style=\"color: #fff; \"><\/i>\r\n\t\t                        <\/span>\r\n                        <span class=\"category-name\">Stadt<\/span>\r\n                    <\/a>\r\n                <\/li>\r\n\r\n                                    <li>\r\n                        <div class=\"categories-dropdown dropdown c27-more-categories\">\r\n                            <span class=\"tooltip-element\">\r\n                                <a href=\"#other-categories\">\r\n                                    <span class=\"cat-icon cat-more\">+1<\/span>\r\n                                <\/a>\r\n                                <span class=\"tooltip-container\">Friedhof<\/span>\r\n                            <\/span>\r\n                        <\/div>\r\n                    <\/li>\r\n                            <\/ul>\r\n\r\n            <div class=\"ld-info\">\r\n                <ul class=\"no-list-style\">\r\n                                            <li class=\"item-preview tooltip-element\">\r\n    <a aria-label=\"Quick view button\" href=\"#\" type=\"button\" class=\"c27-toggle-quick-view-modal\" data-id=\"3959\">\r\n    \t<i class=\"mi zoom_in\"><\/i>\r\n    <\/a>\r\n    <span class=\"tooltip-container\">Quick view<\/span>\r\n<\/li>                                                                <li class=\"tooltip-element\">\r\n    <a aria-label=\"Bookmark button\" href=\"#\" class=\"c27-bookmark-button \"\r\n       data-listing-id=\"3959\" onclick=\"MyListing.Handlers.Bookmark_Button(event, this)\">\r\n       <i class=\"mi favorite_border\"><\/i>\r\n    <\/a>\r\n    <span class=\"tooltip-container\">Bookmark<\/span>\r\n<\/li>                                                        <\/ul>\r\n            <\/div>\r\n        <\/div>\r\n    <\/div>\r\n<\/div><div class=\"\"><div\r\n    class=\"lf-item-container listing-preview type-place-2 lf-type-2 has-logo has-tagline has-info-fields level-normal priority-0\"\r\n    data-id=\"listing-id-3950\"\r\n        data-category-icon=\"\t\t\t&lt;i class=&quot;fa fa-city&quot; style=&quot;color: #fff; background: #6c1cff; &quot;&gt;&lt;\/i&gt;\r\n\t\t\"\r\n    data-category-color=\"#6c1cff\"\r\n    data-category-text-color=\"#fff\"\r\n        data-thumbnail=\"https:\/\/stadtm.de\/Bad_Belzig\/wp-content\/uploads\/2025\/08\/Friedhof-Gross-Briesen-150x150.jpg\"\r\n    data-marker=\"https:\/\/stadtm.de\/Bad_Belzig\/wp-content\/uploads\/2025\/08\/Friedhof-Gross-Briesen-150x150.jpg\"\r\n    data-template=\"alternate\"\r\n    data-locations=\"[{&quot;address&quot;:&quot;Blumenstra\\u00dfe, 14806 Bad Belzig \\\/ Gro\\u00df Briesen&quot;,&quot;lat&quot;:&quot;52.24921&quot;,&quot;lng&quot;:&quot;12.48608&quot;}]\"\r\n>\r\n<div class=\"lf-item lf-item-alternate\" data-template=\"alternate\">\r\n    <a href=\"https:\/\/stadtm.de\/Bad_Belzig\/listing\/friedhof-gross-briesen\/\">\r\n\r\n        <div class=\"overlay\" style=\"\r\n    background-color: #242429;\r\n    opacity: 0.4;\r\n\"><\/div>\r\n        \r\n                    <div class=\"lf-background\" style=\"background-image: url('https:\/\/stadtm.de\/Bad_Belzig\/wp-content\/uploads\/2025\/08\/Friedhof-Gross-Briesen-768x550.jpg');\"><\/div>\r\n        \r\n        <div class=\"lf-item-info-2\">\r\n                            <div class=\"lf-avatar\" style=\"background-image: url('https:\/\/stadtm.de\/Bad_Belzig\/wp-content\/uploads\/2025\/08\/Friedhof-Gross-Briesen-150x150.jpg')\"><\/div>\r\n            \r\n            <h4 class=\"case27-primary-text listing-preview-title\">\r\n                Friedhof Gro\u00df Briesen                            <\/h4>\r\n\r\n                            <h6>Friedhof Gro\u00df Briesen in Bad Belzig \u2013 Ein Ort der W\u00fcrde und Erinnerung\r\nFriedhof Gro\u00df Briesen \u2013 Ruhiger&hellip;<\/h6>\r\n            \r\n            \r\n<ul class=\"lf-contact no-list-style\">\r\n\t            <li >\r\n            \t                \t<i class=\"icon-location-pin-add-2 sm-icon\"><\/i>\r\n            \t                Blumenstra\u00dfe            <\/li>\r\n        <\/ul>\r\n        <\/div>\r\n\r\n    <\/a>\r\n        <div class=\"lf-head level-normal\">\r\n    \r\n    <\/div><\/div>\r\n\r\n        <div class=\"listing-details c27-footer-section\">\r\n            <ul class=\"c27-listing-preview-category-list no-list-style\">\r\n                <li>\r\n                    <a href=\"https:\/\/stadtm.de\/Bad_Belzig\/category\/stadt\/\">\r\n                        <span class=\"cat-icon\" style=\"background-color: #6c1cff;\">\r\n                            \t\t\t<i class=\"fa fa-city\" style=\"color: #fff; \"><\/i>\r\n\t\t                        <\/span>\r\n                        <span class=\"category-name\">Stadt<\/span>\r\n                    <\/a>\r\n                <\/li>\r\n\r\n                                    <li>\r\n                        <div class=\"categories-dropdown dropdown c27-more-categories\">\r\n                            <span class=\"tooltip-element\">\r\n                                <a href=\"#other-categories\">\r\n                                    <span class=\"cat-icon cat-more\">+1<\/span>\r\n                                <\/a>\r\n                                <span class=\"tooltip-container\">Friedhof<\/span>\r\n                            <\/span>\r\n                        <\/div>\r\n                    <\/li>\r\n                            <\/ul>\r\n\r\n            <div class=\"ld-info\">\r\n                <ul class=\"no-list-style\">\r\n                                            <li class=\"item-preview tooltip-element\">\r\n    <a aria-label=\"Quick view button\" href=\"#\" type=\"button\" class=\"c27-toggle-quick-view-modal\" data-id=\"3950\">\r\n    \t<i class=\"mi zoom_in\"><\/i>\r\n    <\/a>\r\n    <span class=\"tooltip-container\">Quick view<\/span>\r\n<\/li>                                                                <li class=\"tooltip-element\">\r\n    <a aria-label=\"Bookmark button\" href=\"#\" class=\"c27-bookmark-button \"\r\n       data-listing-id=\"3950\" onclick=\"MyListing.Handlers.Bookmark_Button(event, this)\">\r\n       <i class=\"mi favorite_border\"><\/i>\r\n    <\/a>\r\n    <span class=\"tooltip-container\">Bookmark<\/span>\r\n<\/li>                                                        <\/ul>\r\n            <\/div>\r\n        <\/div>\r\n    <\/div>\r\n<\/div><div class=\"\"><div\r\n    class=\"lf-item-container listing-preview type-place-2 lf-type-2 has-logo has-tagline has-info-fields level-normal priority-0\"\r\n    data-id=\"listing-id-3856\"\r\n        data-category-icon=\"\t\t\t&lt;i class=&quot;fa fa-city&quot; style=&quot;color: #fff; background: #6c1cff; &quot;&gt;&lt;\/i&gt;\r\n\t\t\"\r\n    data-category-color=\"#6c1cff\"\r\n    data-category-text-color=\"#fff\"\r\n        data-thumbnail=\"https:\/\/stadtm.de\/Bad_Belzig\/wp-content\/uploads\/2025\/08\/Feuerwehr-Neschholz1-150x150.jpg\"\r\n    data-marker=\"https:\/\/stadtm.de\/Bad_Belzig\/wp-content\/uploads\/2025\/08\/Feuerwehr-Neschholz1-150x150.jpg\"\r\n    data-template=\"alternate\"\r\n    data-locations=\"[{&quot;address&quot;:&quot;Neschholz, 14806 Bad Belzig \\\/ Neschholz&quot;,&quot;lat&quot;:&quot;52.15284&quot;,&quot;lng&quot;:&quot;12.69545&quot;}]\"\r\n>\r\n<div class=\"lf-item lf-item-alternate\" data-template=\"alternate\">\r\n    <a href=\"https:\/\/stadtm.de\/Bad_Belzig\/listing\/feuerwehr-neschholz\/\">\r\n\r\n        <div class=\"overlay\" style=\"\r\n    background-color: #242429;\r\n    opacity: 0.4;\r\n\"><\/div>\r\n        \r\n                    <div class=\"lf-background\" style=\"background-image: url('https:\/\/stadtm.de\/Bad_Belzig\/wp-content\/uploads\/2025\/08\/Feuerwehr-Neschholz-768x384.jpg');\"><\/div>\r\n        \r\n        <div class=\"lf-item-info-2\">\r\n                            <div class=\"lf-avatar\" style=\"background-image: url('https:\/\/stadtm.de\/Bad_Belzig\/wp-content\/uploads\/2025\/08\/Feuerwehr-Neschholz1-150x150.jpg')\"><\/div>\r\n            \r\n            <h4 class=\"case27-primary-text listing-preview-title\">\r\n                Feuerwehr Neschholz                            <\/h4>\r\n\r\n                            <h6>Feuerwehr Neschholz in Bad Belzig \u2013 Ehrenamtlicher Einsatz f\u00fcr Ihre Sicherheit\r\nEine starke Ortsfeuerwehr im&hellip;<\/h6>\r\n            \r\n            \r\n<ul class=\"lf-contact no-list-style\">\r\n\t            <li >\r\n            \t                \t<i class=\"icon-location-pin-add-2 sm-icon\"><\/i>\r\n            \t                Neschholz            <\/li>\r\n        <\/ul>\r\n        <\/div>\r\n\r\n    <\/a>\r\n        <div class=\"lf-head level-normal\">\r\n    \r\n    <\/div><\/div>\r\n\r\n        <div class=\"listing-details c27-footer-section\">\r\n            <ul class=\"c27-listing-preview-category-list no-list-style\">\r\n                <li>\r\n                    <a href=\"https:\/\/stadtm.de\/Bad_Belzig\/category\/stadt\/\">\r\n                        <span class=\"cat-icon\" style=\"background-color: #6c1cff;\">\r\n                            \t\t\t<i class=\"fa fa-city\" style=\"color: #fff; \"><\/i>\r\n\t\t                        <\/span>\r\n                        <span class=\"category-name\">Stadt<\/span>\r\n                    <\/a>\r\n                <\/li>\r\n\r\n                                    <li>\r\n                        <div class=\"categories-dropdown dropdown c27-more-categories\">\r\n                            <span class=\"tooltip-element\">\r\n                                <a href=\"#other-categories\">\r\n                                    <span class=\"cat-icon cat-more\">+2<\/span>\r\n                                <\/a>\r\n                                <span class=\"tooltip-container\">Feuerwehr, \u00d6ffentliche Einrichtungen<\/span>\r\n                            <\/span>\r\n                        <\/div>\r\n                    <\/li>\r\n                            <\/ul>\r\n\r\n            <div class=\"ld-info\">\r\n                <ul class=\"no-list-style\">\r\n                                            <li class=\"item-preview tooltip-element\">\r\n    <a aria-label=\"Quick view button\" href=\"#\" type=\"button\" class=\"c27-toggle-quick-view-modal\" data-id=\"3856\">\r\n    \t<i class=\"mi zoom_in\"><\/i>\r\n    <\/a>\r\n    <span class=\"tooltip-container\">Quick view<\/span>\r\n<\/li>                                                                <li class=\"tooltip-element\">\r\n    <a aria-label=\"Bookmark button\" href=\"#\" class=\"c27-bookmark-button \"\r\n       data-listing-id=\"3856\" onclick=\"MyListing.Handlers.Bookmark_Button(event, this)\">\r\n       <i class=\"mi favorite_border\"><\/i>\r\n    <\/a>\r\n    <span class=\"tooltip-container\">Bookmark<\/span>\r\n<\/li>                                                        <\/ul>\r\n            <\/div>\r\n        <\/div>\r\n    <\/div>\r\n<\/div><div class=\"\"><div\r\n    class=\"lf-item-container listing-preview type-place-2 lf-type-2 has-logo has-tagline has-info-fields level-normal priority-0\"\r\n    data-id=\"listing-id-4195\"\r\n        data-category-icon=\"\t\t\t&lt;i class=&quot;fa fa-city&quot; style=&quot;color: #fff; background: #6c1cff; &quot;&gt;&lt;\/i&gt;\r\n\t\t\"\r\n    data-category-color=\"#6c1cff\"\r\n    data-category-text-color=\"#fff\"\r\n        data-thumbnail=\"https:\/\/stadtm.de\/Bad_Belzig\/wp-content\/uploads\/2025\/08\/Spielplatz-Bad-Belzig-Ahornweg1-150x150.jpg\"\r\n    data-marker=\"https:\/\/stadtm.de\/Bad_Belzig\/wp-content\/uploads\/2025\/08\/Spielplatz-Bad-Belzig-Ahornweg1-150x150.jpg\"\r\n    data-template=\"alternate\"\r\n    data-locations=\"[{&quot;address&quot;:&quot;Ahornweg, 14806 Bad Belzig&quot;,&quot;lat&quot;:&quot;52.15050&quot;,&quot;lng&quot;:&quot;12.59254&quot;}]\"\r\n>\r\n<div class=\"lf-item lf-item-alternate\" data-template=\"alternate\">\r\n    <a href=\"https:\/\/stadtm.de\/Bad_Belzig\/listing\/spielplatz-bad-belzig-ahornweg\/\">\r\n\r\n        <div class=\"overlay\" style=\"\r\n    background-color: #242429;\r\n    opacity: 0.4;\r\n\"><\/div>\r\n        \r\n                    <div class=\"lf-background\" style=\"background-image: url('https:\/\/stadtm.de\/Bad_Belzig\/wp-content\/uploads\/2025\/08\/Spielplatz-Bad-Belzig-Ahornweg-768x512.jpg');\"><\/div>\r\n        \r\n        <div class=\"lf-item-info-2\">\r\n                            <div class=\"lf-avatar\" style=\"background-image: url('https:\/\/stadtm.de\/Bad_Belzig\/wp-content\/uploads\/2025\/08\/Spielplatz-Bad-Belzig-Ahornweg1-150x150.jpg')\"><\/div>\r\n            \r\n            <h4 class=\"case27-primary-text listing-preview-title\">\r\n                Spielplatz Bad Belzig - Ahornweg                            <\/h4>\r\n\r\n                            <h6>Spielplatz am Ahornweg in Bad Belzig\r\nEin lebendiger Treffpunkt f\u00fcr Kinder in Bad Belzig\r\nDer Spielplatz am&hellip;<\/h6>\r\n            \r\n            \r\n<ul class=\"lf-contact no-list-style\">\r\n\t            <li >\r\n            \t                \t<i class=\"icon-location-pin-add-2 sm-icon\"><\/i>\r\n            \t                Ahornweg            <\/li>\r\n        <\/ul>\r\n        <\/div>\r\n\r\n    <\/a>\r\n        <div class=\"lf-head level-normal\">\r\n    \r\n    <\/div><\/div>\r\n\r\n        <div class=\"listing-details c27-footer-section\">\r\n            <ul class=\"c27-listing-preview-category-list no-list-style\">\r\n                <li>\r\n                    <a href=\"https:\/\/stadtm.de\/Bad_Belzig\/category\/stadt\/\">\r\n                        <span class=\"cat-icon\" style=\"background-color: #6c1cff;\">\r\n                            \t\t\t<i class=\"fa fa-city\" style=\"color: #fff; \"><\/i>\r\n\t\t                        <\/span>\r\n                        <span class=\"category-name\">Stadt<\/span>\r\n                    <\/a>\r\n                <\/li>\r\n\r\n                                    <li>\r\n                        <div class=\"categories-dropdown dropdown c27-more-categories\">\r\n                            <span class=\"tooltip-element\">\r\n                                <a href=\"#other-categories\">\r\n                                    <span class=\"cat-icon cat-more\">+1<\/span>\r\n                                <\/a>\r\n                                <span class=\"tooltip-container\">Spielplatz<\/span>\r\n                            <\/span>\r\n                        <\/div>\r\n                    <\/li>\r\n                            <\/ul>\r\n\r\n            <div class=\"ld-info\">\r\n                <ul class=\"no-list-style\">\r\n                                            <li class=\"item-preview tooltip-element\">\r\n    <a aria-label=\"Quick view button\" href=\"#\" type=\"button\" class=\"c27-toggle-quick-view-modal\" data-id=\"4195\">\r\n    \t<i class=\"mi zoom_in\"><\/i>\r\n    <\/a>\r\n    <span class=\"tooltip-container\">Quick view<\/span>\r\n<\/li>                                                                <li class=\"tooltip-element\">\r\n    <a aria-label=\"Bookmark button\" href=\"#\" class=\"c27-bookmark-button \"\r\n       data-listing-id=\"4195\" onclick=\"MyListing.Handlers.Bookmark_Button(event, this)\">\r\n       <i class=\"mi favorite_border\"><\/i>\r\n    <\/a>\r\n    <span class=\"tooltip-container\">Bookmark<\/span>\r\n<\/li>                                                        <\/ul>\r\n            <\/div>\r\n        <\/div>\r\n    <\/div>\r\n<\/div><div class=\"\"><div\r\n    class=\"lf-item-container listing-preview type-place-2 lf-type-2 has-logo has-tagline has-info-fields level-normal priority-0\"\r\n    data-id=\"listing-id-4026\"\r\n        data-category-icon=\"\t\t\t&lt;i class=&quot;fa fa-city&quot; style=&quot;color: #fff; background: #6c1cff; &quot;&gt;&lt;\/i&gt;\r\n\t\t\"\r\n    data-category-color=\"#6c1cff\"\r\n    data-category-text-color=\"#fff\"\r\n        data-thumbnail=\"https:\/\/stadtm.de\/Bad_Belzig\/wp-content\/uploads\/2025\/08\/Stadtkirche-St-Marien-150x150.jpg\"\r\n    data-marker=\"https:\/\/stadtm.de\/Bad_Belzig\/wp-content\/uploads\/2025\/08\/Stadtkirche-St-Marien-150x150.jpg\"\r\n    data-template=\"alternate\"\r\n    data-locations=\"[{&quot;address&quot;:&quot;Kirchplatz 1, 14806 Bad Belzig&quot;,&quot;lat&quot;:&quot;52.14162&quot;,&quot;lng&quot;:&quot;12.58731&quot;}]\"\r\n>\r\n<div class=\"lf-item lf-item-alternate\" data-template=\"alternate\">\r\n    <a href=\"https:\/\/stadtm.de\/Bad_Belzig\/listing\/stadtkirche-sankt-marien\/\">\r\n\r\n        <div class=\"overlay\" style=\"\r\n    background-color: #242429;\r\n    opacity: 0.4;\r\n\"><\/div>\r\n        \r\n                    <div class=\"lf-background\" style=\"background-image: url('https:\/\/stadtm.de\/Bad_Belzig\/wp-content\/uploads\/2025\/08\/Stadtkirche-St-Marien-768x512.jpg');\"><\/div>\r\n        \r\n        <div class=\"lf-item-info-2\">\r\n                            <div class=\"lf-avatar\" style=\"background-image: url('https:\/\/stadtm.de\/Bad_Belzig\/wp-content\/uploads\/2025\/08\/Stadtkirche-St-Marien-150x150.jpg')\"><\/div>\r\n            \r\n            <h4 class=\"case27-primary-text listing-preview-title\">\r\n                Stadtkirche Sankt Marien                            <\/h4>\r\n\r\n                            <h6>Stadtkirche Sankt Marien in Bad\u202fBelzig \u2013 Eine kulturelle Sehensw\u00fcrdigkeit mit Geschichte und Klang\r\nDie&hellip;<\/h6>\r\n            \r\n            \r\n<ul class=\"lf-contact no-list-style\">\r\n\t            <li >\r\n            \t                \t<i class=\"icon-location-pin-add-2 sm-icon\"><\/i>\r\n            \t                Kirchplatz 1            <\/li>\r\n        <\/ul>\r\n        <\/div>\r\n\r\n    <\/a>\r\n        <div class=\"lf-head level-normal\">\r\n    \r\n    <\/div><\/div>\r\n\r\n        <div class=\"listing-details c27-footer-section\">\r\n            <ul class=\"c27-listing-preview-category-list no-list-style\">\r\n                <li>\r\n                    <a href=\"https:\/\/stadtm.de\/Bad_Belzig\/category\/stadt\/\">\r\n                        <span class=\"cat-icon\" style=\"background-color: #6c1cff;\">\r\n                            \t\t\t<i class=\"fa fa-city\" style=\"color: #fff; \"><\/i>\r\n\t\t                        <\/span>\r\n                        <span class=\"category-name\">Stadt<\/span>\r\n                    <\/a>\r\n                <\/li>\r\n\r\n                                    <li>\r\n                        <div class=\"categories-dropdown dropdown c27-more-categories\">\r\n                            <span class=\"tooltip-element\">\r\n                                <a href=\"#other-categories\">\r\n                                    <span class=\"cat-icon cat-more\">+2<\/span>\r\n                                <\/a>\r\n                                <span class=\"tooltip-container\">Sehensw\u00fcrdigkeiten, Kirche<\/span>\r\n                            <\/span>\r\n                        <\/div>\r\n                    <\/li>\r\n                            <\/ul>\r\n\r\n            <div class=\"ld-info\">\r\n                <ul class=\"no-list-style\">\r\n                                            <li class=\"item-preview tooltip-element\">\r\n    <a aria-label=\"Quick view button\" href=\"#\" type=\"button\" class=\"c27-toggle-quick-view-modal\" data-id=\"4026\">\r\n    \t<i class=\"mi zoom_in\"><\/i>\r\n    <\/a>\r\n    <span class=\"tooltip-container\">Quick view<\/span>\r\n<\/li>                                                                <li class=\"tooltip-element\">\r\n    <a aria-label=\"Bookmark button\" href=\"#\" class=\"c27-bookmark-button \"\r\n       data-listing-id=\"4026\" onclick=\"MyListing.Handlers.Bookmark_Button(event, this)\">\r\n       <i class=\"mi favorite_border\"><\/i>\r\n    <\/a>\r\n    <span class=\"tooltip-container\">Bookmark<\/span>\r\n<\/li>                                                        <\/ul>\r\n            <\/div>\r\n        <\/div>\r\n    <\/div>\r\n<\/div><div class=\"\"><div\r\n    class=\"lf-item-container listing-preview type-place-2 lf-type-2 has-logo has-tagline has-info-fields level-normal priority-0\"\r\n    data-id=\"listing-id-4039\"\r\n        data-category-icon=\"\t\t\t&lt;i class=&quot;fa fa-city&quot; style=&quot;color: #fff; background: #6c1cff; &quot;&gt;&lt;\/i&gt;\r\n\t\t\"\r\n    data-category-color=\"#6c1cff\"\r\n    data-category-text-color=\"#fff\"\r\n        data-thumbnail=\"https:\/\/stadtm.de\/Bad_Belzig\/wp-content\/uploads\/2025\/08\/Fahrradboxen-150x150.jpg\"\r\n    data-marker=\"https:\/\/stadtm.de\/Bad_Belzig\/wp-content\/uploads\/2025\/08\/Fahrradboxen-150x150.jpg\"\r\n    data-template=\"alternate\"\r\n    data-locations=\"[{&quot;address&quot;:&quot;Am Bahnhof 11, 14806 Bad Belzig&quot;,&quot;lat&quot;:&quot;52.13632&quot;,&quot;lng&quot;:&quot;12.59451&quot;}]\"\r\n>\r\n<div class=\"lf-item lf-item-alternate\" data-template=\"alternate\">\r\n    <a href=\"https:\/\/stadtm.de\/Bad_Belzig\/listing\/fahrradboxen\/\">\r\n\r\n        <div class=\"overlay\" style=\"\r\n    background-color: #242429;\r\n    opacity: 0.4;\r\n\"><\/div>\r\n        \r\n                    <div class=\"lf-background\" style=\"background-image: url('https:\/\/stadtm.de\/Bad_Belzig\/wp-content\/uploads\/2025\/08\/Fahrradboxen-768x513.jpg');\"><\/div>\r\n        \r\n        <div class=\"lf-item-info-2\">\r\n                            <div class=\"lf-avatar\" style=\"background-image: url('https:\/\/stadtm.de\/Bad_Belzig\/wp-content\/uploads\/2025\/08\/Fahrradboxen-150x150.jpg')\"><\/div>\r\n            \r\n            <h4 class=\"case27-primary-text listing-preview-title\">\r\n                Fahrradboxen                            <\/h4>\r\n\r\n                            <h6>Fahrradboxen in Bad Belzig \u2013 Sicheres Abstellen f\u00fcr Radtouristen und Einheimische\r\nKomfortabel und sicher:&hellip;<\/h6>\r\n            \r\n            \r\n<ul class=\"lf-contact no-list-style\">\r\n\t            <li >\r\n            \t                \t<i class=\"icon-location-pin-add-2 sm-icon\"><\/i>\r\n            \t                Am Bahnhof 11            <\/li>\r\n        <\/ul>\r\n        <\/div>\r\n\r\n    <\/a>\r\n        <div class=\"lf-head level-normal\">\r\n    \r\n    <\/div><\/div>\r\n\r\n        <div class=\"listing-details c27-footer-section\">\r\n            <ul class=\"c27-listing-preview-category-list no-list-style\">\r\n                <li>\r\n                    <a href=\"https:\/\/stadtm.de\/Bad_Belzig\/category\/stadt\/\">\r\n                        <span class=\"cat-icon\" style=\"background-color: #6c1cff;\">\r\n                            \t\t\t<i class=\"fa fa-city\" style=\"color: #fff; \"><\/i>\r\n\t\t                        <\/span>\r\n                        <span class=\"category-name\">Stadt<\/span>\r\n                    <\/a>\r\n                <\/li>\r\n\r\n                                    <li>\r\n                        <div class=\"categories-dropdown dropdown c27-more-categories\">\r\n                            <span class=\"tooltip-element\">\r\n                                <a href=\"#other-categories\">\r\n                                    <span class=\"cat-icon cat-more\">+2<\/span>\r\n                                <\/a>\r\n                                <span class=\"tooltip-container\">Freizeiteinrichtungen, \u00d6ffentliche Einrichtungen<\/span>\r\n                            <\/span>\r\n                        <\/div>\r\n                    <\/li>\r\n                            <\/ul>\r\n\r\n            <div class=\"ld-info\">\r\n                <ul class=\"no-list-style\">\r\n                                            <li class=\"item-preview tooltip-element\">\r\n    <a aria-label=\"Quick view button\" href=\"#\" type=\"button\" class=\"c27-toggle-quick-view-modal\" data-id=\"4039\">\r\n    \t<i class=\"mi zoom_in\"><\/i>\r\n    <\/a>\r\n    <span class=\"tooltip-container\">Quick view<\/span>\r\n<\/li>                                                                <li class=\"tooltip-element\">\r\n    <a aria-label=\"Bookmark button\" href=\"#\" class=\"c27-bookmark-button \"\r\n       data-listing-id=\"4039\" onclick=\"MyListing.Handlers.Bookmark_Button(event, this)\">\r\n       <i class=\"mi favorite_border\"><\/i>\r\n    <\/a>\r\n    <span class=\"tooltip-container\">Bookmark<\/span>\r\n<\/li>                                                        <\/ul>\r\n            <\/div>\r\n        <\/div>\r\n    <\/div>\r\n<\/div><div class=\"\"><div\r\n    class=\"lf-item-container listing-preview type-place-2 lf-type-2 has-logo has-tagline has-info-fields level-normal priority-0\"\r\n    data-id=\"listing-id-3843\"\r\n        data-category-icon=\"\t\t\t&lt;i class=&quot;fa fa-city&quot; style=&quot;color: #fff; background: #6c1cff; &quot;&gt;&lt;\/i&gt;\r\n\t\t\"\r\n    data-category-color=\"#6c1cff\"\r\n    data-category-text-color=\"#fff\"\r\n        data-thumbnail=\"https:\/\/stadtm.de\/Bad_Belzig\/wp-content\/uploads\/2025\/08\/Feuerwehr-Gross-Briesen1-150x150.jpg\"\r\n    data-marker=\"https:\/\/stadtm.de\/Bad_Belzig\/wp-content\/uploads\/2025\/08\/Feuerwehr-Gross-Briesen1-150x150.jpg\"\r\n    data-template=\"alternate\"\r\n    data-locations=\"[{&quot;address&quot;:&quot;Gro\\u00df Briesener Hauptstr. 19, 14806 Bad Belzig \\\/ Gro\\u00df Briesen&quot;,&quot;lat&quot;:&quot;52.24861&quot;,&quot;lng&quot;:&quot;12.48406&quot;}]\"\r\n>\r\n<div class=\"lf-item lf-item-alternate\" data-template=\"alternate\">\r\n    <a href=\"https:\/\/stadtm.de\/Bad_Belzig\/listing\/feuerwehr-gross-briesen\/\">\r\n\r\n        <div class=\"overlay\" style=\"\r\n    background-color: #242429;\r\n    opacity: 0.4;\r\n\"><\/div>\r\n        \r\n                    <div class=\"lf-background\" style=\"background-image: url('https:\/\/stadtm.de\/Bad_Belzig\/wp-content\/uploads\/2025\/08\/Feuerwehr-Gross-Briesen-768x384.jpg');\"><\/div>\r\n        \r\n        <div class=\"lf-item-info-2\">\r\n                            <div class=\"lf-avatar\" style=\"background-image: url('https:\/\/stadtm.de\/Bad_Belzig\/wp-content\/uploads\/2025\/08\/Feuerwehr-Gross-Briesen1-150x150.jpg')\"><\/div>\r\n            \r\n            <h4 class=\"case27-primary-text listing-preview-title\">\r\n                Feuerwehr Gro\u00df Briesen                            <\/h4>\r\n\r\n                            <h6>Feuerwehr Gro\u00df Briesen in Bad Belzig \u2013 Gemeinsam f\u00fcr Sicherheit und Engagement\r\nDie Feuerwehr Gro\u00df Briesen \u2013&hellip;<\/h6>\r\n            \r\n            \r\n<ul class=\"lf-contact no-list-style\">\r\n\t            <li >\r\n            \t                \t<i class=\"icon-location-pin-add-2 sm-icon\"><\/i>\r\n            \t                Gro\u00df Briesener Hauptstr. 19            <\/li>\r\n        <\/ul>\r\n        <\/div>\r\n\r\n    <\/a>\r\n        <div class=\"lf-head level-normal\">\r\n    \r\n    <\/div><\/div>\r\n\r\n        <div class=\"listing-details c27-footer-section\">\r\n            <ul class=\"c27-listing-preview-category-list no-list-style\">\r\n                <li>\r\n                    <a href=\"https:\/\/stadtm.de\/Bad_Belzig\/category\/stadt\/\">\r\n                        <span class=\"cat-icon\" style=\"background-color: #6c1cff;\">\r\n                            \t\t\t<i class=\"fa fa-city\" style=\"color: #fff; \"><\/i>\r\n\t\t                        <\/span>\r\n                        <span class=\"category-name\">Stadt<\/span>\r\n                    <\/a>\r\n                <\/li>\r\n\r\n                                    <li>\r\n                        <div class=\"categories-dropdown dropdown c27-more-categories\">\r\n                            <span class=\"tooltip-element\">\r\n                                <a href=\"#other-categories\">\r\n                                    <span class=\"cat-icon cat-more\">+2<\/span>\r\n                                <\/a>\r\n                                <span class=\"tooltip-container\">Feuerwehr, \u00d6ffentliche Einrichtungen<\/span>\r\n                            <\/span>\r\n                        <\/div>\r\n                    <\/li>\r\n                            <\/ul>\r\n\r\n            <div class=\"ld-info\">\r\n                <ul class=\"no-list-style\">\r\n                                            <li class=\"item-preview tooltip-element\">\r\n    <a aria-label=\"Quick view button\" href=\"#\" type=\"button\" class=\"c27-toggle-quick-view-modal\" data-id=\"3843\">\r\n    \t<i class=\"mi zoom_in\"><\/i>\r\n    <\/a>\r\n    <span class=\"tooltip-container\">Quick view<\/span>\r\n<\/li>                                                                <li class=\"tooltip-element\">\r\n    <a aria-label=\"Bookmark button\" href=\"#\" class=\"c27-bookmark-button \"\r\n       data-listing-id=\"3843\" onclick=\"MyListing.Handlers.Bookmark_Button(event, this)\">\r\n       <i class=\"mi favorite_border\"><\/i>\r\n    <\/a>\r\n    <span class=\"tooltip-container\">Bookmark<\/span>\r\n<\/li>                                                        <\/ul>\r\n            <\/div>\r\n        <\/div>\r\n    <\/div>\r\n<\/div><div class=\"\"><div\r\n    class=\"lf-item-container listing-preview type-place-2 lf-type-2 has-logo has-tagline has-info-fields level-normal priority-0\"\r\n    data-id=\"listing-id-3870\"\r\n        data-category-icon=\"\t\t\t&lt;i class=&quot;fa fa-city&quot; style=&quot;color: #fff; background: #6c1cff; &quot;&gt;&lt;\/i&gt;\r\n\t\t\"\r\n    data-category-color=\"#6c1cff\"\r\n    data-category-text-color=\"#fff\"\r\n        data-thumbnail=\"https:\/\/stadtm.de\/Bad_Belzig\/wp-content\/uploads\/2025\/08\/Mitmach-Werkstatt-150x150.jpg\"\r\n    data-marker=\"https:\/\/stadtm.de\/Bad_Belzig\/wp-content\/uploads\/2025\/08\/Mitmach-Werkstatt-150x150.jpg\"\r\n    data-template=\"alternate\"\r\n    data-locations=\"[{&quot;address&quot;:&quot;Weitzgrunder Str. 4, 14806 Bad Belzig&quot;,&quot;lat&quot;:&quot;52.14562&quot;,&quot;lng&quot;:&quot;12.59142&quot;}]\"\r\n>\r\n<div class=\"lf-item lf-item-alternate\" data-template=\"alternate\">\r\n    <a href=\"https:\/\/stadtm.de\/Bad_Belzig\/listing\/mitmach-werkstatt\/\">\r\n\r\n        <div class=\"overlay\" style=\"\r\n    background-color: #242429;\r\n    opacity: 0.4;\r\n\"><\/div>\r\n        \r\n                    <div class=\"lf-background\" style=\"background-image: url('https:\/\/stadtm.de\/Bad_Belzig\/wp-content\/uploads\/2025\/08\/Mitmach-Werkstatt1-768x432.jpg');\"><\/div>\r\n        \r\n        <div class=\"lf-item-info-2\">\r\n                            <div class=\"lf-avatar\" style=\"background-image: url('https:\/\/stadtm.de\/Bad_Belzig\/wp-content\/uploads\/2025\/08\/Mitmach-Werkstatt-150x150.jpg')\"><\/div>\r\n            \r\n            <h4 class=\"case27-primary-text listing-preview-title\">\r\n                Mitmach-Werkstatt                            <\/h4>\r\n\r\n                            <h6>Offene Werkstatt in Bad Belzig - Die Mitmach-Werkstatt f\u00fcr kreative K\u00f6pfe\r\nMitmach-Werkstatt Bad Belzig \u2013 Die&hellip;<\/h6>\r\n            \r\n            \r\n<ul class=\"lf-contact no-list-style\">\r\n\t            <li >\r\n            \t                \t<i class=\"icon-phone-outgoing sm-icon\"><\/i>\r\n            \t                +49 (176) 78770983            <\/li>\r\n                    <li >\r\n            \t                \t<i class=\"icon-location-pin-add-2 sm-icon\"><\/i>\r\n            \t                Weitzgrunder Str. 4            <\/li>\r\n        <\/ul>\r\n        <\/div>\r\n\r\n    <\/a>\r\n        <div class=\"lf-head level-normal\">\r\n    \r\n    <\/div><\/div>\r\n\r\n        <div class=\"listing-details c27-footer-section\">\r\n            <ul class=\"c27-listing-preview-category-list no-list-style\">\r\n                <li>\r\n                    <a href=\"https:\/\/stadtm.de\/Bad_Belzig\/category\/stadt\/\">\r\n                        <span class=\"cat-icon\" style=\"background-color: #6c1cff;\">\r\n                            \t\t\t<i class=\"fa fa-city\" style=\"color: #fff; \"><\/i>\r\n\t\t                        <\/span>\r\n                        <span class=\"category-name\">Stadt<\/span>\r\n                    <\/a>\r\n                <\/li>\r\n\r\n                                    <li>\r\n                        <div class=\"categories-dropdown dropdown c27-more-categories\">\r\n                            <span class=\"tooltip-element\">\r\n                                <a href=\"#other-categories\">\r\n                                    <span class=\"cat-icon cat-more\">+1<\/span>\r\n                                <\/a>\r\n                                <span class=\"tooltip-container\">Freizeiteinrichtungen<\/span>\r\n                            <\/span>\r\n                        <\/div>\r\n                    <\/li>\r\n                            <\/ul>\r\n\r\n            <div class=\"ld-info\">\r\n                <ul class=\"no-list-style\">\r\n                                            <li class=\"item-preview tooltip-element\">\r\n    <a aria-label=\"Quick view button\" href=\"#\" type=\"button\" class=\"c27-toggle-quick-view-modal\" data-id=\"3870\">\r\n    \t<i class=\"mi zoom_in\"><\/i>\r\n    <\/a>\r\n    <span class=\"tooltip-container\">Quick view<\/span>\r\n<\/li>                                                                <li class=\"tooltip-element\">\r\n    <a aria-label=\"Bookmark button\" href=\"#\" class=\"c27-bookmark-button \"\r\n       data-listing-id=\"3870\" onclick=\"MyListing.Handlers.Bookmark_Button(event, this)\">\r\n       <i class=\"mi favorite_border\"><\/i>\r\n    <\/a>\r\n    <span class=\"tooltip-container\">Bookmark<\/span>\r\n<\/li>                                                        <\/ul>\r\n            <\/div>\r\n        <\/div>\r\n    <\/div>\r\n<\/div><div class=\"\"><div\r\n    class=\"lf-item-container listing-preview type-place-2 lf-type-2 has-logo has-tagline has-info-fields level-normal priority-0\"\r\n    data-id=\"listing-id-3985\"\r\n        data-category-icon=\"\t\t\t&lt;i class=&quot;fa fa-city&quot; style=&quot;color: #fff; background: #6c1cff; &quot;&gt;&lt;\/i&gt;\r\n\t\t\"\r\n    data-category-color=\"#6c1cff\"\r\n    data-category-text-color=\"#fff\"\r\n        data-thumbnail=\"https:\/\/stadtm.de\/Bad_Belzig\/wp-content\/uploads\/2025\/08\/Waldfriedhof-Bad-Belzig-150x150.jpg\"\r\n    data-marker=\"https:\/\/stadtm.de\/Bad_Belzig\/wp-content\/uploads\/2025\/08\/Waldfriedhof-Bad-Belzig-150x150.jpg\"\r\n    data-template=\"alternate\"\r\n    data-locations=\"[{&quot;address&quot;:&quot;L\\u00fcbnitzer Str. 79, 14806 Bad Belzig&quot;,&quot;lat&quot;:&quot;52.14677&quot;,&quot;lng&quot;:&quot;12.57113&quot;}]\"\r\n>\r\n<div class=\"lf-item lf-item-alternate\" data-template=\"alternate\">\r\n    <a href=\"https:\/\/stadtm.de\/Bad_Belzig\/listing\/waldfriedhof-bad-belzig\/\">\r\n\r\n        <div class=\"overlay\" style=\"\r\n    background-color: #242429;\r\n    opacity: 0.4;\r\n\"><\/div>\r\n        \r\n                    <div class=\"lf-background\" style=\"background-image: url('https:\/\/stadtm.de\/Bad_Belzig\/wp-content\/uploads\/2025\/08\/Waldfriedhof-Bad-Belzig-768x550.jpg');\"><\/div>\r\n        \r\n        <div class=\"lf-item-info-2\">\r\n                            <div class=\"lf-avatar\" style=\"background-image: url('https:\/\/stadtm.de\/Bad_Belzig\/wp-content\/uploads\/2025\/08\/Waldfriedhof-Bad-Belzig-150x150.jpg')\"><\/div>\r\n            \r\n            <h4 class=\"case27-primary-text listing-preview-title\">\r\n                Waldfriedhof Bad Belzig                            <\/h4>\r\n\r\n                            <h6>Waldfriedhof Bad Belzig \u2013 Naturnahe Ruhest\u00e4tte f\u00fcr alle Generationen\r\nDer Waldfriedhof in Bad Belzig \u2013 Ein&hellip;<\/h6>\r\n            \r\n            \r\n<ul class=\"lf-contact no-list-style\">\r\n\t            <li >\r\n            \t                \t<i class=\"icon-location-pin-add-2 sm-icon\"><\/i>\r\n            \t                L\u00fcbnitzer Str. 79            <\/li>\r\n        <\/ul>\r\n        <\/div>\r\n\r\n    <\/a>\r\n        <div class=\"lf-head level-normal\">\r\n    \r\n    <\/div><\/div>\r\n\r\n        <div class=\"listing-details c27-footer-section\">\r\n            <ul class=\"c27-listing-preview-category-list no-list-style\">\r\n                <li>\r\n                    <a href=\"https:\/\/stadtm.de\/Bad_Belzig\/category\/stadt\/\">\r\n                        <span class=\"cat-icon\" style=\"background-color: #6c1cff;\">\r\n                            \t\t\t<i class=\"fa fa-city\" style=\"color: #fff; \"><\/i>\r\n\t\t                        <\/span>\r\n                        <span class=\"category-name\">Stadt<\/span>\r\n                    <\/a>\r\n                <\/li>\r\n\r\n                                    <li>\r\n                        <div class=\"categories-dropdown dropdown c27-more-categories\">\r\n                            <span class=\"tooltip-element\">\r\n                                <a href=\"#other-categories\">\r\n                                    <span class=\"cat-icon cat-more\">+1<\/span>\r\n                                <\/a>\r\n                                <span class=\"tooltip-container\">Friedhof<\/span>\r\n                            <\/span>\r\n                        <\/div>\r\n                    <\/li>\r\n                            <\/ul>\r\n\r\n            <div class=\"ld-info\">\r\n                <ul class=\"no-list-style\">\r\n                                            <li class=\"item-preview tooltip-element\">\r\n    <a aria-label=\"Quick view button\" href=\"#\" type=\"button\" class=\"c27-toggle-quick-view-modal\" data-id=\"3985\">\r\n    \t<i class=\"mi zoom_in\"><\/i>\r\n    <\/a>\r\n    <span class=\"tooltip-container\">Quick view<\/span>\r\n<\/li>                                                                <li class=\"tooltip-element\">\r\n    <a aria-label=\"Bookmark button\" href=\"#\" class=\"c27-bookmark-button \"\r\n       data-listing-id=\"3985\" onclick=\"MyListing.Handlers.Bookmark_Button(event, this)\">\r\n       <i class=\"mi favorite_border\"><\/i>\r\n    <\/a>\r\n    <span class=\"tooltip-container\">Bookmark<\/span>\r\n<\/li>                                                        <\/ul>\r\n            <\/div>\r\n        <\/div>\r\n    <\/div>\r\n<\/div><div class=\"\"><div\r\n    class=\"lf-item-container listing-preview type-place-2 lf-type-2 has-logo has-tagline has-info-fields level-normal priority-0\"\r\n    data-id=\"listing-id-4238\"\r\n        data-category-icon=\"\t\t\t&lt;i class=&quot;fa fa-city&quot; style=&quot;color: #fff; background: #6c1cff; &quot;&gt;&lt;\/i&gt;\r\n\t\t\"\r\n    data-category-color=\"#6c1cff\"\r\n    data-category-text-color=\"#fff\"\r\n        data-thumbnail=\"https:\/\/stadtm.de\/Bad_Belzig\/wp-content\/uploads\/2025\/08\/Sportplatz-Luette1-150x150.jpg\"\r\n    data-marker=\"https:\/\/stadtm.de\/Bad_Belzig\/wp-content\/uploads\/2025\/08\/Sportplatz-Luette1-150x150.jpg\"\r\n    data-template=\"alternate\"\r\n    data-locations=\"[{&quot;address&quot;:&quot;Rothebacher Weg, 14806 Bad Belzig \\\/ L\\u00fctte&quot;,&quot;lat&quot;:&quot;52.19600&quot;,&quot;lng&quot;:&quot;12.60599&quot;}]\"\r\n>\r\n<div class=\"lf-item lf-item-alternate\" data-template=\"alternate\">\r\n    <a href=\"https:\/\/stadtm.de\/Bad_Belzig\/listing\/sportplatz-luette\/\">\r\n\r\n        <div class=\"overlay\" style=\"\r\n    background-color: #242429;\r\n    opacity: 0.4;\r\n\"><\/div>\r\n        \r\n                    <div class=\"lf-background\" style=\"background-image: url('https:\/\/stadtm.de\/Bad_Belzig\/wp-content\/uploads\/2025\/08\/Sportplatz-Luette-768x481.jpg');\"><\/div>\r\n        \r\n        <div class=\"lf-item-info-2\">\r\n                            <div class=\"lf-avatar\" style=\"background-image: url('https:\/\/stadtm.de\/Bad_Belzig\/wp-content\/uploads\/2025\/08\/Sportplatz-Luette1-150x150.jpg')\"><\/div>\r\n            \r\n            <h4 class=\"case27-primary-text listing-preview-title\">\r\n                Sportplatz L\u00fctte                            <\/h4>\r\n\r\n                            <h6>Der Sportplatz L\u00fctte in Bad Belzig \u2013 Bewegung und Begegnung im Gr\u00fcnen\r\nDer Sportplatz L\u00fctte \u2013 Ihr Ort f\u00fcr&hellip;<\/h6>\r\n            \r\n            \r\n<ul class=\"lf-contact no-list-style\">\r\n\t            <li >\r\n            \t                \t<i class=\"icon-location-pin-add-2 sm-icon\"><\/i>\r\n            \t                Rothebacher Weg            <\/li>\r\n        <\/ul>\r\n        <\/div>\r\n\r\n    <\/a>\r\n        <div class=\"lf-head level-normal\">\r\n    \r\n    <\/div><\/div>\r\n\r\n        <div class=\"listing-details c27-footer-section\">\r\n            <ul class=\"c27-listing-preview-category-list no-list-style\">\r\n                <li>\r\n                    <a href=\"https:\/\/stadtm.de\/Bad_Belzig\/category\/stadt\/\">\r\n                        <span class=\"cat-icon\" style=\"background-color: #6c1cff;\">\r\n                            \t\t\t<i class=\"fa fa-city\" style=\"color: #fff; \"><\/i>\r\n\t\t                        <\/span>\r\n                        <span class=\"category-name\">Stadt<\/span>\r\n                    <\/a>\r\n                <\/li>\r\n\r\n                                    <li>\r\n                        <div class=\"categories-dropdown dropdown c27-more-categories\">\r\n                            <span class=\"tooltip-element\">\r\n                                <a href=\"#other-categories\">\r\n                                    <span class=\"cat-icon cat-more\">+1<\/span>\r\n                                <\/a>\r\n                                <span class=\"tooltip-container\">Sportst\u00e4tte<\/span>\r\n                            <\/span>\r\n                        <\/div>\r\n                    <\/li>\r\n                            <\/ul>\r\n\r\n            <div class=\"ld-info\">\r\n                <ul class=\"no-list-style\">\r\n                                            <li class=\"item-preview tooltip-element\">\r\n    <a aria-label=\"Quick view button\" href=\"#\" type=\"button\" class=\"c27-toggle-quick-view-modal\" data-id=\"4238\">\r\n    \t<i class=\"mi zoom_in\"><\/i>\r\n    <\/a>\r\n    <span class=\"tooltip-container\">Quick view<\/span>\r\n<\/li>                                                                <li class=\"tooltip-element\">\r\n    <a aria-label=\"Bookmark button\" href=\"#\" class=\"c27-bookmark-button \"\r\n       data-listing-id=\"4238\" onclick=\"MyListing.Handlers.Bookmark_Button(event, this)\">\r\n       <i class=\"mi favorite_border\"><\/i>\r\n    <\/a>\r\n    <span class=\"tooltip-container\">Bookmark<\/span>\r\n<\/li>                                                        <\/ul>\r\n            <\/div>\r\n        <\/div>\r\n    <\/div>\r\n<\/div><div class=\"\"><div\r\n    class=\"lf-item-container listing-preview type-place-2 lf-type-2 has-logo has-tagline has-info-fields level-normal priority-0\"\r\n    data-id=\"listing-id-4226\"\r\n        data-category-icon=\"\t\t\t&lt;i class=&quot;fa fa-city&quot; style=&quot;color: #fff; background: #6c1cff; &quot;&gt;&lt;\/i&gt;\r\n\t\t\"\r\n    data-category-color=\"#6c1cff\"\r\n    data-category-text-color=\"#fff\"\r\n        data-thumbnail=\"https:\/\/stadtm.de\/Bad_Belzig\/wp-content\/uploads\/2025\/08\/Heinrich-Rau-Stadion-150x150.jpg\"\r\n    data-marker=\"https:\/\/stadtm.de\/Bad_Belzig\/wp-content\/uploads\/2025\/08\/Heinrich-Rau-Stadion-150x150.jpg\"\r\n    data-template=\"alternate\"\r\n    data-locations=\"[{&quot;address&quot;:&quot;Borussiaweg 1, 14806 Bad Belzig&quot;,&quot;lat&quot;:&quot;52.14847&quot;,&quot;lng&quot;:&quot;12.58237&quot;}]\"\r\n>\r\n<div class=\"lf-item lf-item-alternate\" data-template=\"alternate\">\r\n    <a href=\"https:\/\/stadtm.de\/Bad_Belzig\/listing\/heinrich-rau-stadion\/\">\r\n\r\n        <div class=\"overlay\" style=\"\r\n    background-color: #242429;\r\n    opacity: 0.4;\r\n\"><\/div>\r\n        \r\n                    <div class=\"lf-background\" style=\"background-image: url('https:\/\/stadtm.de\/Bad_Belzig\/wp-content\/uploads\/2025\/08\/Heinrich-Rau-Stadion-1-768x481.jpg');\"><\/div>\r\n        \r\n        <div class=\"lf-item-info-2\">\r\n                            <div class=\"lf-avatar\" style=\"background-image: url('https:\/\/stadtm.de\/Bad_Belzig\/wp-content\/uploads\/2025\/08\/Heinrich-Rau-Stadion-150x150.jpg')\"><\/div>\r\n            \r\n            <h4 class=\"case27-primary-text listing-preview-title\">\r\n                Heinrich-Rau-Stadion                            <\/h4>\r\n\r\n                            <h6>Das Heinrich-Rau-Stadion in Bad Belzig \u2013 Ihr vielseitiges Sportstadion vor Ort\r\nDas Heinrich-Rau-Stadion in&hellip;<\/h6>\r\n            \r\n            \r\n<ul class=\"lf-contact no-list-style\">\r\n\t            <li >\r\n            \t                \t<i class=\"icon-phone-outgoing sm-icon\"><\/i>\r\n            \t                +49 (33841) 44861            <\/li>\r\n                    <li >\r\n            \t                \t<i class=\"icon-location-pin-add-2 sm-icon\"><\/i>\r\n            \t                Borussiaweg 1            <\/li>\r\n        <\/ul>\r\n        <\/div>\r\n\r\n    <\/a>\r\n        <div class=\"lf-head level-normal\">\r\n    \r\n    <\/div><\/div>\r\n\r\n        <div class=\"listing-details c27-footer-section\">\r\n            <ul class=\"c27-listing-preview-category-list no-list-style\">\r\n                <li>\r\n                    <a href=\"https:\/\/stadtm.de\/Bad_Belzig\/category\/stadt\/\">\r\n                        <span class=\"cat-icon\" style=\"background-color: #6c1cff;\">\r\n                            \t\t\t<i class=\"fa fa-city\" style=\"color: #fff; \"><\/i>\r\n\t\t                        <\/span>\r\n                        <span class=\"category-name\">Stadt<\/span>\r\n                    <\/a>\r\n                <\/li>\r\n\r\n                                    <li>\r\n                        <div class=\"categories-dropdown dropdown c27-more-categories\">\r\n                            <span class=\"tooltip-element\">\r\n                                <a href=\"#other-categories\">\r\n                                    <span class=\"cat-icon cat-more\">+1<\/span>\r\n                                <\/a>\r\n                                <span class=\"tooltip-container\">Sportst\u00e4tte<\/span>\r\n                            <\/span>\r\n                        <\/div>\r\n                    <\/li>\r\n                            <\/ul>\r\n\r\n            <div class=\"ld-info\">\r\n                <ul class=\"no-list-style\">\r\n                                            <li class=\"item-preview tooltip-element\">\r\n    <a aria-label=\"Quick view button\" href=\"#\" type=\"button\" class=\"c27-toggle-quick-view-modal\" data-id=\"4226\">\r\n    \t<i class=\"mi zoom_in\"><\/i>\r\n    <\/a>\r\n    <span class=\"tooltip-container\">Quick view<\/span>\r\n<\/li>                                                                <li class=\"tooltip-element\">\r\n    <a aria-label=\"Bookmark button\" href=\"#\" class=\"c27-bookmark-button \"\r\n       data-listing-id=\"4226\" onclick=\"MyListing.Handlers.Bookmark_Button(event, this)\">\r\n       <i class=\"mi favorite_border\"><\/i>\r\n    <\/a>\r\n    <span class=\"tooltip-container\">Bookmark<\/span>\r\n<\/li>                                                        <\/ul>\r\n            <\/div>\r\n        <\/div>\r\n    <\/div>\r\n<\/div><div class=\"\"><div\r\n    class=\"lf-item-container listing-preview type-place-2 lf-type-2 has-logo has-tagline has-info-fields level-normal priority-0\"\r\n    data-id=\"listing-id-4076\"\r\n        data-category-icon=\"\t\t\t&lt;i class=&quot;fa fa-city&quot; style=&quot;color: #fff; background: #6c1cff; &quot;&gt;&lt;\/i&gt;\r\n\t\t\"\r\n    data-category-color=\"#6c1cff\"\r\n    data-category-text-color=\"#fff\"\r\n        data-thumbnail=\"https:\/\/stadtm.de\/Bad_Belzig\/wp-content\/uploads\/2025\/08\/Feldsteinkirche-Neschholz1-150x150.jpg\"\r\n    data-marker=\"https:\/\/stadtm.de\/Bad_Belzig\/wp-content\/uploads\/2025\/08\/Feldsteinkirche-Neschholz1-150x150.jpg\"\r\n    data-template=\"alternate\"\r\n    data-locations=\"[{&quot;address&quot;:&quot;Neschholz, 14806 Bad Belzig \\\/ Neschholz&quot;,&quot;lat&quot;:&quot;52.15147&quot;,&quot;lng&quot;:&quot;12.69503&quot;}]\"\r\n>\r\n<div class=\"lf-item lf-item-alternate\" data-template=\"alternate\">\r\n    <a href=\"https:\/\/stadtm.de\/Bad_Belzig\/listing\/feldsteinkirche-neschholz\/\">\r\n\r\n        <div class=\"overlay\" style=\"\r\n    background-color: #242429;\r\n    opacity: 0.4;\r\n\"><\/div>\r\n        \r\n                    <div class=\"lf-background\" style=\"background-image: url('https:\/\/stadtm.de\/Bad_Belzig\/wp-content\/uploads\/2025\/08\/Feldsteinkirche-Neschholz-768x512.jpg');\"><\/div>\r\n        \r\n        <div class=\"lf-item-info-2\">\r\n                            <div class=\"lf-avatar\" style=\"background-image: url('https:\/\/stadtm.de\/Bad_Belzig\/wp-content\/uploads\/2025\/08\/Feldsteinkirche-Neschholz1-150x150.jpg')\"><\/div>\r\n            \r\n            <h4 class=\"case27-primary-text listing-preview-title\">\r\n                Feldsteinkirche Neschholz                            <\/h4>\r\n\r\n                            <h6>Feldsteinkirche Neschholz in Bad Belzig \u2013 Eine ruhige, historische Sehensw\u00fcrdigkeit im Fl\u00e4ming\r\nEine&hellip;<\/h6>\r\n            \r\n            \r\n<ul class=\"lf-contact no-list-style\">\r\n\t            <li >\r\n            \t                \t<i class=\"icon-location-pin-add-2 sm-icon\"><\/i>\r\n            \t                Neschholz            <\/li>\r\n        <\/ul>\r\n        <\/div>\r\n\r\n    <\/a>\r\n        <div class=\"lf-head level-normal\">\r\n    \r\n    <\/div><\/div>\r\n\r\n        <div class=\"listing-details c27-footer-section\">\r\n            <ul class=\"c27-listing-preview-category-list no-list-style\">\r\n                <li>\r\n                    <a href=\"https:\/\/stadtm.de\/Bad_Belzig\/category\/stadt\/\">\r\n                        <span class=\"cat-icon\" style=\"background-color: #6c1cff;\">\r\n                            \t\t\t<i class=\"fa fa-city\" style=\"color: #fff; \"><\/i>\r\n\t\t                        <\/span>\r\n                        <span class=\"category-name\">Stadt<\/span>\r\n                    <\/a>\r\n                <\/li>\r\n\r\n                                    <li>\r\n                        <div class=\"categories-dropdown dropdown c27-more-categories\">\r\n                            <span class=\"tooltip-element\">\r\n                                <a href=\"#other-categories\">\r\n                                    <span class=\"cat-icon cat-more\">+2<\/span>\r\n                                <\/a>\r\n                                <span class=\"tooltip-container\">Sehensw\u00fcrdigkeiten, Kirche<\/span>\r\n                            <\/span>\r\n                        <\/div>\r\n                    <\/li>\r\n                            <\/ul>\r\n\r\n            <div class=\"ld-info\">\r\n                <ul class=\"no-list-style\">\r\n                                            <li class=\"item-preview tooltip-element\">\r\n    <a aria-label=\"Quick view button\" href=\"#\" type=\"button\" class=\"c27-toggle-quick-view-modal\" data-id=\"4076\">\r\n    \t<i class=\"mi zoom_in\"><\/i>\r\n    <\/a>\r\n    <span class=\"tooltip-container\">Quick view<\/span>\r\n<\/li>                                                                <li class=\"tooltip-element\">\r\n    <a aria-label=\"Bookmark button\" href=\"#\" class=\"c27-bookmark-button \"\r\n       data-listing-id=\"4076\" onclick=\"MyListing.Handlers.Bookmark_Button(event, this)\">\r\n       <i class=\"mi favorite_border\"><\/i>\r\n    <\/a>\r\n    <span class=\"tooltip-container\">Bookmark<\/span>\r\n<\/li>                                                        <\/ul>\r\n            <\/div>\r\n        <\/div>\r\n    <\/div>\r\n<\/div><div class=\"\"><div\r\n    class=\"lf-item-container listing-preview type-place-2 lf-type-2 has-logo has-tagline has-info-fields level-normal priority-0\"\r\n    data-id=\"listing-id-3705\"\r\n        data-category-icon=\"\t\t\t&lt;i class=&quot;fa fa-city&quot; style=&quot;color: #fff; background: #6c1cff; &quot;&gt;&lt;\/i&gt;\r\n\t\t\"\r\n    data-category-color=\"#6c1cff\"\r\n    data-category-text-color=\"#fff\"\r\n        data-thumbnail=\"https:\/\/stadtm.de\/Bad_Belzig\/wp-content\/uploads\/2025\/08\/Kindertagesstaette-Tausendfuessler-Bad-Belzig1-150x150.jpg\"\r\n    data-marker=\"https:\/\/stadtm.de\/Bad_Belzig\/wp-content\/uploads\/2025\/08\/Kindertagesstaette-Tausendfuessler-Bad-Belzig1-150x150.jpg\"\r\n    data-template=\"alternate\"\r\n    data-locations=\"[{&quot;address&quot;:&quot;Heinrich-Heine-Str. 3a, 14806 Bad Belzig&quot;,&quot;lat&quot;:&quot;52.14041&quot;,&quot;lng&quot;:&quot;12.60451&quot;}]\"\r\n>\r\n<div class=\"lf-item lf-item-alternate\" data-template=\"alternate\">\r\n    <a href=\"https:\/\/stadtm.de\/Bad_Belzig\/listing\/kindertagesstaette-tausendfuessler\/\">\r\n\r\n        <div class=\"overlay\" style=\"\r\n    background-color: #242429;\r\n    opacity: 0.4;\r\n\"><\/div>\r\n        \r\n                    <div class=\"lf-background\" style=\"background-image: url('https:\/\/stadtm.de\/Bad_Belzig\/wp-content\/uploads\/2025\/08\/Kindertagesstaette-Tausendfuessler-Bad-Belzig-768x512.jpg');\"><\/div>\r\n        \r\n        <div class=\"lf-item-info-2\">\r\n                            <div class=\"lf-avatar\" style=\"background-image: url('https:\/\/stadtm.de\/Bad_Belzig\/wp-content\/uploads\/2025\/08\/Kindertagesstaette-Tausendfuessler-Bad-Belzig1-150x150.jpg')\"><\/div>\r\n            \r\n            <h4 class=\"case27-primary-text listing-preview-title\">\r\n                Kindertagesst\u00e4tte \"Tausendf\u00fc\u00dfler\"                            <\/h4>\r\n\r\n                            <h6>Kindertagesst\u00e4tte \u201eTausendf\u00fc\u00dfler\u201c Bad Belzig \u2013 Ein Ort zum Wachsen, Spielen und Lernen\r\nDie Kindertagesst\u00e4tte&hellip;<\/h6>\r\n            \r\n            \r\n<ul class=\"lf-contact no-list-style\">\r\n\t            <li >\r\n            \t                \t<i class=\"icon-phone-outgoing sm-icon\"><\/i>\r\n            \t                +49 (33841) 8103            <\/li>\r\n                    <li >\r\n            \t                \t<i class=\"icon-location-pin-add-2 sm-icon\"><\/i>\r\n            \t                Heinrich-Heine-Str. 3a            <\/li>\r\n        <\/ul>\r\n        <\/div>\r\n\r\n    <\/a>\r\n        <div class=\"lf-head level-normal\">\r\n    \r\n                    <div class=\"lf-head-btn  open-status listing-status-open\" >\r\n                    OPEN                <\/div>\r\n            <\/div><\/div>\r\n\r\n        <div class=\"listing-details c27-footer-section\">\r\n            <ul class=\"c27-listing-preview-category-list no-list-style\">\r\n                <li>\r\n                    <a href=\"https:\/\/stadtm.de\/Bad_Belzig\/category\/stadt\/\">\r\n                        <span class=\"cat-icon\" style=\"background-color: #6c1cff;\">\r\n                            \t\t\t<i class=\"fa fa-city\" style=\"color: #fff; \"><\/i>\r\n\t\t                        <\/span>\r\n                        <span class=\"category-name\">Stadt<\/span>\r\n                    <\/a>\r\n                <\/li>\r\n\r\n                                    <li>\r\n                        <div class=\"categories-dropdown dropdown c27-more-categories\">\r\n                            <span class=\"tooltip-element\">\r\n                                <a href=\"#other-categories\">\r\n                                    <span class=\"cat-icon cat-more\">+1<\/span>\r\n                                <\/a>\r\n                                <span class=\"tooltip-container\">Kinderbetreuung<\/span>\r\n                            <\/span>\r\n                        <\/div>\r\n                    <\/li>\r\n                            <\/ul>\r\n\r\n            <div class=\"ld-info\">\r\n                <ul class=\"no-list-style\">\r\n                                            <li class=\"item-preview tooltip-element\">\r\n    <a aria-label=\"Quick view button\" href=\"#\" type=\"button\" class=\"c27-toggle-quick-view-modal\" data-id=\"3705\">\r\n    \t<i class=\"mi zoom_in\"><\/i>\r\n    <\/a>\r\n    <span class=\"tooltip-container\">Quick view<\/span>\r\n<\/li>                                                                <li class=\"tooltip-element\">\r\n    <a aria-label=\"Bookmark button\" href=\"#\" class=\"c27-bookmark-button \"\r\n       data-listing-id=\"3705\" onclick=\"MyListing.Handlers.Bookmark_Button(event, this)\">\r\n       <i class=\"mi favorite_border\"><\/i>\r\n    <\/a>\r\n    <span class=\"tooltip-container\">Bookmark<\/span>\r\n<\/li>                                                        <\/ul>\r\n            <\/div>\r\n        <\/div>\r\n    <\/div>\r\n<\/div><div class=\"\"><div\r\n    class=\"lf-item-container listing-preview type-place-2 lf-type-2 has-logo has-tagline has-info-fields level-normal priority-0\"\r\n    data-id=\"listing-id-3947\"\r\n        data-category-icon=\"\t\t\t&lt;i class=&quot;fa fa-city&quot; style=&quot;color: #fff; background: #6c1cff; &quot;&gt;&lt;\/i&gt;\r\n\t\t\"\r\n    data-category-color=\"#6c1cff\"\r\n    data-category-text-color=\"#fff\"\r\n        data-thumbnail=\"https:\/\/stadtm.de\/Bad_Belzig\/wp-content\/uploads\/2025\/08\/Friedhof-Fredersdorf-150x150.jpg\"\r\n    data-marker=\"https:\/\/stadtm.de\/Bad_Belzig\/wp-content\/uploads\/2025\/08\/Friedhof-Fredersdorf-150x150.jpg\"\r\n    data-template=\"alternate\"\r\n    data-locations=\"[{&quot;address&quot;:&quot;Am Sandberg, 14806 Bad Belzig \\\/ Fredersdorf&quot;,&quot;lat&quot;:&quot;52.18537&quot;,&quot;lng&quot;:&quot;12.63781&quot;}]\"\r\n>\r\n<div class=\"lf-item lf-item-alternate\" data-template=\"alternate\">\r\n    <a href=\"https:\/\/stadtm.de\/Bad_Belzig\/listing\/friedhof-fredersdorf\/\">\r\n\r\n        <div class=\"overlay\" style=\"\r\n    background-color: #242429;\r\n    opacity: 0.4;\r\n\"><\/div>\r\n        \r\n                    <div class=\"lf-background\" style=\"background-image: url('https:\/\/stadtm.de\/Bad_Belzig\/wp-content\/uploads\/2025\/08\/Friedhof-Fredersdorf-768x550.jpg');\"><\/div>\r\n        \r\n        <div class=\"lf-item-info-2\">\r\n                            <div class=\"lf-avatar\" style=\"background-image: url('https:\/\/stadtm.de\/Bad_Belzig\/wp-content\/uploads\/2025\/08\/Friedhof-Fredersdorf-150x150.jpg')\"><\/div>\r\n            \r\n            <h4 class=\"case27-primary-text listing-preview-title\">\r\n                Friedhof Fredersdorf                            <\/h4>\r\n\r\n                            <h6>Friedhof Fredersdorf in Bad Belzig \u2013 Ein Ort f\u00fcr stille Erinnerungen\r\nDer Friedhof Fredersdorf \u2013 Ruhige Lage&hellip;<\/h6>\r\n            \r\n            \r\n<ul class=\"lf-contact no-list-style\">\r\n\t            <li >\r\n            \t                \t<i class=\"icon-location-pin-add-2 sm-icon\"><\/i>\r\n            \t                Am Sandberg            <\/li>\r\n        <\/ul>\r\n        <\/div>\r\n\r\n    <\/a>\r\n        <div class=\"lf-head level-normal\">\r\n    \r\n    <\/div><\/div>\r\n\r\n        <div class=\"listing-details c27-footer-section\">\r\n            <ul class=\"c27-listing-preview-category-list no-list-style\">\r\n                <li>\r\n                    <a href=\"https:\/\/stadtm.de\/Bad_Belzig\/category\/stadt\/\">\r\n                        <span class=\"cat-icon\" style=\"background-color: #6c1cff;\">\r\n                            \t\t\t<i class=\"fa fa-city\" style=\"color: #fff; \"><\/i>\r\n\t\t                        <\/span>\r\n                        <span class=\"category-name\">Stadt<\/span>\r\n                    <\/a>\r\n                <\/li>\r\n\r\n                                    <li>\r\n                        <div class=\"categories-dropdown dropdown c27-more-categories\">\r\n                            <span class=\"tooltip-element\">\r\n                                <a href=\"#other-categories\">\r\n                                    <span class=\"cat-icon cat-more\">+1<\/span>\r\n                                <\/a>\r\n                                <span class=\"tooltip-container\">Friedhof<\/span>\r\n                            <\/span>\r\n                        <\/div>\r\n                    <\/li>\r\n                            <\/ul>\r\n\r\n            <div class=\"ld-info\">\r\n                <ul class=\"no-list-style\">\r\n                                            <li class=\"item-preview tooltip-element\">\r\n    <a aria-label=\"Quick view button\" href=\"#\" type=\"button\" class=\"c27-toggle-quick-view-modal\" data-id=\"3947\">\r\n    \t<i class=\"mi zoom_in\"><\/i>\r\n    <\/a>\r\n    <span class=\"tooltip-container\">Quick view<\/span>\r\n<\/li>                                                                <li class=\"tooltip-element\">\r\n    <a aria-label=\"Bookmark button\" href=\"#\" class=\"c27-bookmark-button \"\r\n       data-listing-id=\"3947\" onclick=\"MyListing.Handlers.Bookmark_Button(event, this)\">\r\n       <i class=\"mi favorite_border\"><\/i>\r\n    <\/a>\r\n    <span class=\"tooltip-container\">Bookmark<\/span>\r\n<\/li>                                                        <\/ul>\r\n            <\/div>\r\n        <\/div>\r\n    <\/div>\r\n<\/div><div class=\"\"><div\r\n    class=\"lf-item-container listing-preview type-place-2 lf-type-2 has-logo has-tagline has-info-fields level-normal priority-0\"\r\n    data-id=\"listing-id-4036\"\r\n        data-category-icon=\"\t\t\t&lt;i class=&quot;fa fa-city&quot; style=&quot;color: #fff; background: #6c1cff; &quot;&gt;&lt;\/i&gt;\r\n\t\t\"\r\n    data-category-color=\"#6c1cff\"\r\n    data-category-text-color=\"#fff\"\r\n        data-thumbnail=\"https:\/\/stadtm.de\/Bad_Belzig\/wp-content\/uploads\/2025\/08\/Segelflugplatz-Luesse-150x150.jpg\"\r\n    data-marker=\"https:\/\/stadtm.de\/Bad_Belzig\/wp-content\/uploads\/2025\/08\/Segelflugplatz-Luesse-150x150.jpg\"\r\n    data-template=\"alternate\"\r\n    data-locations=\"[{&quot;address&quot;:&quot;L\\u00fcsse 14a, 14806 Bad Belzig&quot;,&quot;lat&quot;:&quot;52.14264&quot;,&quot;lng&quot;:&quot;12.67037&quot;}]\"\r\n>\r\n<div class=\"lf-item lf-item-alternate\" data-template=\"alternate\">\r\n    <a href=\"https:\/\/stadtm.de\/Bad_Belzig\/listing\/segelflugplatz-luesse\/\">\r\n\r\n        <div class=\"overlay\" style=\"\r\n    background-color: #242429;\r\n    opacity: 0.4;\r\n\"><\/div>\r\n        \r\n                    <div class=\"lf-background\" style=\"background-image: url('https:\/\/stadtm.de\/Bad_Belzig\/wp-content\/uploads\/2025\/08\/Segelflugplatz-Luesse-768x576.jpg');\"><\/div>\r\n        \r\n        <div class=\"lf-item-info-2\">\r\n                            <div class=\"lf-avatar\" style=\"background-image: url('https:\/\/stadtm.de\/Bad_Belzig\/wp-content\/uploads\/2025\/08\/Segelflugplatz-Luesse-150x150.jpg')\"><\/div>\r\n            \r\n            <h4 class=\"case27-primary-text listing-preview-title\">\r\n                Segelflugplatz L\u00fcsse                            <\/h4>\r\n\r\n                            <h6>Segelflugplatz L\u00fcsse in Bad Belzig \u2013 Das Zentrum des Segelflugs im Fl\u00e4ming\r\nEin Mekka f\u00fcr&hellip;<\/h6>\r\n            \r\n            \r\n<ul class=\"lf-contact no-list-style\">\r\n\t            <li >\r\n            \t                \t<i class=\"icon-location-pin-add-2 sm-icon\"><\/i>\r\n            \t                L\u00fcsse 14a            <\/li>\r\n        <\/ul>\r\n        <\/div>\r\n\r\n    <\/a>\r\n        <div class=\"lf-head level-normal\">\r\n    \r\n    <\/div><\/div>\r\n\r\n        <div class=\"listing-details c27-footer-section\">\r\n            <ul class=\"c27-listing-preview-category-list no-list-style\">\r\n                <li>\r\n                    <a href=\"https:\/\/stadtm.de\/Bad_Belzig\/category\/stadt\/\">\r\n                        <span class=\"cat-icon\" style=\"background-color: #6c1cff;\">\r\n                            \t\t\t<i class=\"fa fa-city\" style=\"color: #fff; \"><\/i>\r\n\t\t                        <\/span>\r\n                        <span class=\"category-name\">Stadt<\/span>\r\n                    <\/a>\r\n                <\/li>\r\n\r\n                                    <li>\r\n                        <div class=\"categories-dropdown dropdown c27-more-categories\">\r\n                            <span class=\"tooltip-element\">\r\n                                <a href=\"#other-categories\">\r\n                                    <span class=\"cat-icon cat-more\">+1<\/span>\r\n                                <\/a>\r\n                                <span class=\"tooltip-container\">Sportst\u00e4tte<\/span>\r\n                            <\/span>\r\n                        <\/div>\r\n                    <\/li>\r\n                            <\/ul>\r\n\r\n            <div class=\"ld-info\">\r\n                <ul class=\"no-list-style\">\r\n                                            <li class=\"item-preview tooltip-element\">\r\n    <a aria-label=\"Quick view button\" href=\"#\" type=\"button\" class=\"c27-toggle-quick-view-modal\" data-id=\"4036\">\r\n    \t<i class=\"mi zoom_in\"><\/i>\r\n    <\/a>\r\n    <span class=\"tooltip-container\">Quick view<\/span>\r\n<\/li>                                                                <li class=\"tooltip-element\">\r\n    <a aria-label=\"Bookmark button\" href=\"#\" class=\"c27-bookmark-button \"\r\n       data-listing-id=\"4036\" onclick=\"MyListing.Handlers.Bookmark_Button(event, this)\">\r\n       <i class=\"mi favorite_border\"><\/i>\r\n    <\/a>\r\n    <span class=\"tooltip-container\">Bookmark<\/span>\r\n<\/li>                                                        <\/ul>\r\n            <\/div>\r\n        <\/div>\r\n    <\/div>\r\n<\/div><div class=\"\"><div\r\n    class=\"lf-item-container listing-preview type-place-2 lf-type-2 has-logo has-tagline has-info-fields level-normal priority-0\"\r\n    data-id=\"listing-id-4045\"\r\n        data-category-icon=\"\t\t\t&lt;i class=&quot;fa fa-city&quot; style=&quot;color: #fff; background: #6c1cff; &quot;&gt;&lt;\/i&gt;\r\n\t\t\"\r\n    data-category-color=\"#6c1cff\"\r\n    data-category-text-color=\"#fff\"\r\n        data-thumbnail=\"https:\/\/stadtm.de\/Bad_Belzig\/wp-content\/uploads\/2025\/08\/Evang-Kirchengemeinde-St-Marien-Hoher-Flaeming-Bad-Belzig-150x150.jpg\"\r\n    data-marker=\"https:\/\/stadtm.de\/Bad_Belzig\/wp-content\/uploads\/2025\/08\/Evang-Kirchengemeinde-St-Marien-Hoher-Flaeming-Bad-Belzig-150x150.jpg\"\r\n    data-template=\"alternate\"\r\n    data-locations=\"[{&quot;address&quot;:&quot;Kirchplatz 1, 14806 Bad Belzig&quot;,&quot;lat&quot;:&quot;52.14164&quot;,&quot;lng&quot;:&quot;12.58758&quot;}]\"\r\n>\r\n<div class=\"lf-item lf-item-alternate\" data-template=\"alternate\">\r\n    <a href=\"https:\/\/stadtm.de\/Bad_Belzig\/listing\/evang-kirchengemeinde-st-marien-hoher-flaeming-bad-belzig\/\">\r\n\r\n        <div class=\"overlay\" style=\"\r\n    background-color: #242429;\r\n    opacity: 0.4;\r\n\"><\/div>\r\n        \r\n                    <div class=\"lf-background\" style=\"background-image: url('https:\/\/stadtm.de\/Bad_Belzig\/wp-content\/uploads\/2025\/08\/Evang-Kirchengemeinde-St-Marien-Hoher-Flaeming-Bad-Belzig-768x509.jpg');\"><\/div>\r\n        \r\n        <div class=\"lf-item-info-2\">\r\n                            <div class=\"lf-avatar\" style=\"background-image: url('https:\/\/stadtm.de\/Bad_Belzig\/wp-content\/uploads\/2025\/08\/Evang-Kirchengemeinde-St-Marien-Hoher-Flaeming-Bad-Belzig-150x150.jpg')\"><\/div>\r\n            \r\n            <h4 class=\"case27-primary-text listing-preview-title\">\r\n                Evang. Kirchengemeinde St. Marien Hoher Fl\u00e4ming Bad Belzig                            <\/h4>\r\n\r\n                            <h6>Evangelische Kirchengemeinde St. Marien Hoher Fl\u00e4ming Bad Belzig \u2013 Glaube, Gemeinschaft und Engagement vor&hellip;<\/h6>\r\n            \r\n            \r\n<ul class=\"lf-contact no-list-style\">\r\n\t            <li >\r\n            \t                \t<i class=\"icon-phone-outgoing sm-icon\"><\/i>\r\n            \t                +49 (33841) 31896            <\/li>\r\n                    <li >\r\n            \t                \t<i class=\"icon-location-pin-add-2 sm-icon\"><\/i>\r\n            \t                Kirchplatz 1            <\/li>\r\n        <\/ul>\r\n        <\/div>\r\n\r\n    <\/a>\r\n        <div class=\"lf-head level-normal\">\r\n    \r\n                    <div class=\"lf-head-btn  open-status listing-status-open\" >\r\n                    OPEN                <\/div>\r\n            <\/div><\/div>\r\n\r\n        <div class=\"listing-details c27-footer-section\">\r\n            <ul class=\"c27-listing-preview-category-list no-list-style\">\r\n                <li>\r\n                    <a href=\"https:\/\/stadtm.de\/Bad_Belzig\/category\/stadt\/\">\r\n                        <span class=\"cat-icon\" style=\"background-color: #6c1cff;\">\r\n                            \t\t\t<i class=\"fa fa-city\" style=\"color: #fff; \"><\/i>\r\n\t\t                        <\/span>\r\n                        <span class=\"category-name\">Stadt<\/span>\r\n                    <\/a>\r\n                <\/li>\r\n\r\n                                    <li>\r\n                        <div class=\"categories-dropdown dropdown c27-more-categories\">\r\n                            <span class=\"tooltip-element\">\r\n                                <a href=\"#other-categories\">\r\n                                    <span class=\"cat-icon cat-more\">+1<\/span>\r\n                                <\/a>\r\n                                <span class=\"tooltip-container\">Kirche<\/span>\r\n                            <\/span>\r\n                        <\/div>\r\n                    <\/li>\r\n                            <\/ul>\r\n\r\n            <div class=\"ld-info\">\r\n                <ul class=\"no-list-style\">\r\n                                            <li class=\"item-preview tooltip-element\">\r\n    <a aria-label=\"Quick view button\" href=\"#\" type=\"button\" class=\"c27-toggle-quick-view-modal\" data-id=\"4045\">\r\n    \t<i class=\"mi zoom_in\"><\/i>\r\n    <\/a>\r\n    <span class=\"tooltip-container\">Quick view<\/span>\r\n<\/li>                                                                <li class=\"tooltip-element\">\r\n    <a aria-label=\"Bookmark button\" href=\"#\" class=\"c27-bookmark-button \"\r\n       data-listing-id=\"4045\" onclick=\"MyListing.Handlers.Bookmark_Button(event, this)\">\r\n       <i class=\"mi favorite_border\"><\/i>\r\n    <\/a>\r\n    <span class=\"tooltip-container\">Bookmark<\/span>\r\n<\/li>                                                        <\/ul>\r\n            <\/div>\r\n        <\/div>\r\n    <\/div>\r\n<\/div><div class=\"\"><div\r\n    class=\"lf-item-container listing-preview type-place-2 lf-type-2 has-logo has-tagline has-info-fields level-normal priority-0\"\r\n    data-id=\"listing-id-4147\"\r\n        data-category-icon=\"\t\t\t&lt;i class=&quot;fa fa-city&quot; style=&quot;color: #fff; background: #6c1cff; &quot;&gt;&lt;\/i&gt;\r\n\t\t\"\r\n    data-category-color=\"#6c1cff\"\r\n    data-category-text-color=\"#fff\"\r\n        data-thumbnail=\"https:\/\/stadtm.de\/Bad_Belzig\/wp-content\/uploads\/2025\/08\/Spielplatz-Luebnitz1-150x150.jpg\"\r\n    data-marker=\"https:\/\/stadtm.de\/Bad_Belzig\/wp-content\/uploads\/2025\/08\/Spielplatz-Luebnitz1-150x150.jpg\"\r\n    data-template=\"alternate\"\r\n    data-locations=\"[{&quot;address&quot;:&quot;Dorfstra\\u00dfe, 14806 Bad Belzig \\\/ L\\u00fcbnitz&quot;,&quot;lat&quot;:&quot;52.15682&quot;,&quot;lng&quot;:&quot;12.52772&quot;}]\"\r\n>\r\n<div class=\"lf-item lf-item-alternate\" data-template=\"alternate\">\r\n    <a href=\"https:\/\/stadtm.de\/Bad_Belzig\/listing\/spielplatz-luebnitz\/\">\r\n\r\n        <div class=\"overlay\" style=\"\r\n    background-color: #242429;\r\n    opacity: 0.4;\r\n\"><\/div>\r\n        \r\n                    <div class=\"lf-background\" style=\"background-image: url('https:\/\/stadtm.de\/Bad_Belzig\/wp-content\/uploads\/2025\/08\/Spielplatz-Luebnitz-768x512.jpg');\"><\/div>\r\n        \r\n        <div class=\"lf-item-info-2\">\r\n                            <div class=\"lf-avatar\" style=\"background-image: url('https:\/\/stadtm.de\/Bad_Belzig\/wp-content\/uploads\/2025\/08\/Spielplatz-Luebnitz1-150x150.jpg')\"><\/div>\r\n            \r\n            <h4 class=\"case27-primary-text listing-preview-title\">\r\n                Spielplatz L\u00fcbnitz                            <\/h4>\r\n\r\n                            <h6>Spielplatz in L\u00fcbnitz \u2013 Treffpunkt f\u00fcr Kinder in Bad Belzig\r\nSpielen, Lachen und Entdecken in L\u00fcbnitz\r\nDer&hellip;<\/h6>\r\n            \r\n            \r\n<ul class=\"lf-contact no-list-style\">\r\n\t            <li >\r\n            \t                \t<i class=\"icon-location-pin-add-2 sm-icon\"><\/i>\r\n            \t                Dorfstra\u00dfe            <\/li>\r\n        <\/ul>\r\n        <\/div>\r\n\r\n    <\/a>\r\n        <div class=\"lf-head level-normal\">\r\n    \r\n    <\/div><\/div>\r\n\r\n        <div class=\"listing-details c27-footer-section\">\r\n            <ul class=\"c27-listing-preview-category-list no-list-style\">\r\n                <li>\r\n                    <a href=\"https:\/\/stadtm.de\/Bad_Belzig\/category\/stadt\/\">\r\n                        <span class=\"cat-icon\" style=\"background-color: #6c1cff;\">\r\n                            \t\t\t<i class=\"fa fa-city\" style=\"color: #fff; \"><\/i>\r\n\t\t                        <\/span>\r\n                        <span class=\"category-name\">Stadt<\/span>\r\n                    <\/a>\r\n                <\/li>\r\n\r\n                                    <li>\r\n                        <div class=\"categories-dropdown dropdown c27-more-categories\">\r\n                            <span class=\"tooltip-element\">\r\n                                <a href=\"#other-categories\">\r\n                                    <span class=\"cat-icon cat-more\">+1<\/span>\r\n                                <\/a>\r\n                                <span class=\"tooltip-container\">Spielplatz<\/span>\r\n                            <\/span>\r\n                        <\/div>\r\n                    <\/li>\r\n                            <\/ul>\r\n\r\n            <div class=\"ld-info\">\r\n                <ul class=\"no-list-style\">\r\n                                            <li class=\"item-preview tooltip-element\">\r\n    <a aria-label=\"Quick view button\" href=\"#\" type=\"button\" class=\"c27-toggle-quick-view-modal\" data-id=\"4147\">\r\n    \t<i class=\"mi zoom_in\"><\/i>\r\n    <\/a>\r\n    <span class=\"tooltip-container\">Quick view<\/span>\r\n<\/li>                                                                <li class=\"tooltip-element\">\r\n    <a aria-label=\"Bookmark button\" href=\"#\" class=\"c27-bookmark-button \"\r\n       data-listing-id=\"4147\" onclick=\"MyListing.Handlers.Bookmark_Button(event, this)\">\r\n       <i class=\"mi favorite_border\"><\/i>\r\n    <\/a>\r\n    <span class=\"tooltip-container\">Bookmark<\/span>\r\n<\/li>                                                        <\/ul>\r\n            <\/div>\r\n        <\/div>\r\n    <\/div>\r\n<\/div><div class=\"\"><div\r\n    class=\"lf-item-container listing-preview type-place-2 lf-type-2 has-logo has-tagline has-info-fields level-normal priority-0\"\r\n    data-id=\"listing-id-3953\"\r\n        data-category-icon=\"\t\t\t&lt;i class=&quot;fa fa-city&quot; style=&quot;color: #fff; background: #6c1cff; &quot;&gt;&lt;\/i&gt;\r\n\t\t\"\r\n    data-category-color=\"#6c1cff\"\r\n    data-category-text-color=\"#fff\"\r\n        data-thumbnail=\"https:\/\/stadtm.de\/Bad_Belzig\/wp-content\/uploads\/2025\/08\/Friedhof-Hagelberg-150x150.jpg\"\r\n    data-marker=\"https:\/\/stadtm.de\/Bad_Belzig\/wp-content\/uploads\/2025\/08\/Friedhof-Hagelberg-150x150.jpg\"\r\n    data-template=\"alternate\"\r\n    data-locations=\"[{&quot;address&quot;:&quot;Hagelberg, 14806 Bad Belzig \\\/ Hagelberg&quot;,&quot;lat&quot;:&quot;52.13797&quot;,&quot;lng&quot;:&quot;12.51859&quot;}]\"\r\n>\r\n<div class=\"lf-item lf-item-alternate\" data-template=\"alternate\">\r\n    <a href=\"https:\/\/stadtm.de\/Bad_Belzig\/listing\/friedhof-hagelberg\/\">\r\n\r\n        <div class=\"overlay\" style=\"\r\n    background-color: #242429;\r\n    opacity: 0.4;\r\n\"><\/div>\r\n        \r\n                    <div class=\"lf-background\" style=\"background-image: url('https:\/\/stadtm.de\/Bad_Belzig\/wp-content\/uploads\/2025\/08\/Friedhof-Hagelberg-768x550.jpg');\"><\/div>\r\n        \r\n        <div class=\"lf-item-info-2\">\r\n                            <div class=\"lf-avatar\" style=\"background-image: url('https:\/\/stadtm.de\/Bad_Belzig\/wp-content\/uploads\/2025\/08\/Friedhof-Hagelberg-150x150.jpg')\"><\/div>\r\n            \r\n            <h4 class=\"case27-primary-text listing-preview-title\">\r\n                Friedhof Hagelberg                            <\/h4>\r\n\r\n                            <h6>Friedhof Hagelberg in Bad Belzig \u2013 Ein stiller Ort f\u00fcr Abschied und Erinnerung\r\nDer Friedhof Hagelberg \u2013&hellip;<\/h6>\r\n            \r\n            \r\n<ul class=\"lf-contact no-list-style\">\r\n\t            <li >\r\n            \t                \t<i class=\"icon-location-pin-add-2 sm-icon\"><\/i>\r\n            \t                Hagelberg            <\/li>\r\n        <\/ul>\r\n        <\/div>\r\n\r\n    <\/a>\r\n        <div class=\"lf-head level-normal\">\r\n    \r\n    <\/div><\/div>\r\n\r\n        <div class=\"listing-details c27-footer-section\">\r\n            <ul class=\"c27-listing-preview-category-list no-list-style\">\r\n                <li>\r\n                    <a href=\"https:\/\/stadtm.de\/Bad_Belzig\/category\/stadt\/\">\r\n                        <span class=\"cat-icon\" style=\"background-color: #6c1cff;\">\r\n                            \t\t\t<i class=\"fa fa-city\" style=\"color: #fff; \"><\/i>\r\n\t\t                        <\/span>\r\n                        <span class=\"category-name\">Stadt<\/span>\r\n                    <\/a>\r\n                <\/li>\r\n\r\n                                    <li>\r\n                        <div class=\"categories-dropdown dropdown c27-more-categories\">\r\n                            <span class=\"tooltip-element\">\r\n                                <a href=\"#other-categories\">\r\n                                    <span class=\"cat-icon cat-more\">+1<\/span>\r\n                                <\/a>\r\n                                <span class=\"tooltip-container\">Friedhof<\/span>\r\n                            <\/span>\r\n                        <\/div>\r\n                    <\/li>\r\n                            <\/ul>\r\n\r\n            <div class=\"ld-info\">\r\n                <ul class=\"no-list-style\">\r\n                                            <li class=\"item-preview tooltip-element\">\r\n    <a aria-label=\"Quick view button\" href=\"#\" type=\"button\" class=\"c27-toggle-quick-view-modal\" data-id=\"3953\">\r\n    \t<i class=\"mi zoom_in\"><\/i>\r\n    <\/a>\r\n    <span class=\"tooltip-container\">Quick view<\/span>\r\n<\/li>                                                                <li class=\"tooltip-element\">\r\n    <a aria-label=\"Bookmark button\" href=\"#\" class=\"c27-bookmark-button \"\r\n       data-listing-id=\"3953\" onclick=\"MyListing.Handlers.Bookmark_Button(event, this)\">\r\n       <i class=\"mi favorite_border\"><\/i>\r\n    <\/a>\r\n    <span class=\"tooltip-container\">Bookmark<\/span>\r\n<\/li>                                                        <\/ul>\r\n            <\/div>\r\n        <\/div>\r\n    <\/div>\r\n<\/div><div class=\"\"><div\r\n    class=\"lf-item-container listing-preview type-place-2 lf-type-2 has-logo has-tagline has-info-fields level-normal priority-0\"\r\n    data-id=\"listing-id-4261\"\r\n        data-category-icon=\"\t\t\t&lt;i class=&quot;fa fa-city&quot; style=&quot;color: #fff; background: #6c1cff; &quot;&gt;&lt;\/i&gt;\r\n\t\t\"\r\n    data-category-color=\"#6c1cff\"\r\n    data-category-text-color=\"#fff\"\r\n        data-thumbnail=\"https:\/\/stadtm.de\/Bad_Belzig\/wp-content\/uploads\/2025\/08\/Beachvolleyballplatz-Bad-Belzig-150x150.jpg\"\r\n    data-marker=\"https:\/\/stadtm.de\/Bad_Belzig\/wp-content\/uploads\/2025\/08\/Beachvolleyballplatz-Bad-Belzig-150x150.jpg\"\r\n    data-template=\"alternate\"\r\n    data-locations=\"[{&quot;address&quot;:&quot;Hans-Marchwitza-Str. 25, 14806 Bad Belzig&quot;,&quot;lat&quot;:&quot;52.13904&quot;,&quot;lng&quot;:&quot;12.61112&quot;}]\"\r\n>\r\n<div class=\"lf-item lf-item-alternate\" data-template=\"alternate\">\r\n    <a href=\"https:\/\/stadtm.de\/Bad_Belzig\/listing\/beachvolleyballplatz-bad-belzig\/\">\r\n\r\n        <div class=\"overlay\" style=\"\r\n    background-color: #242429;\r\n    opacity: 0.4;\r\n\"><\/div>\r\n        \r\n                    <div class=\"lf-background\" style=\"background-image: url('https:\/\/stadtm.de\/Bad_Belzig\/wp-content\/uploads\/2025\/08\/Beachvolleyballplatz-Bad-Belzig-768x512.jpg');\"><\/div>\r\n        \r\n        <div class=\"lf-item-info-2\">\r\n                            <div class=\"lf-avatar\" style=\"background-image: url('https:\/\/stadtm.de\/Bad_Belzig\/wp-content\/uploads\/2025\/08\/Beachvolleyballplatz-Bad-Belzig-150x150.jpg')\"><\/div>\r\n            \r\n            <h4 class=\"case27-primary-text listing-preview-title\">\r\n                Beachvolleyballplatz Bad Belzig                            <\/h4>\r\n\r\n                            <h6>Beachvolleyballplatz in Bad Belzig \u2013 Sommer, Sand und Sport direkt vor der T\u00fcr\r\nDer Beachvolleyballplatz Bad&hellip;<\/h6>\r\n            \r\n            \r\n<ul class=\"lf-contact no-list-style\">\r\n\t            <li >\r\n            \t                \t<i class=\"icon-location-pin-add-2 sm-icon\"><\/i>\r\n            \t                Hans-Marchwitza-Str. 25            <\/li>\r\n        <\/ul>\r\n        <\/div>\r\n\r\n    <\/a>\r\n        <div class=\"lf-head level-normal\">\r\n    \r\n    <\/div><\/div>\r\n\r\n        <div class=\"listing-details c27-footer-section\">\r\n            <ul class=\"c27-listing-preview-category-list no-list-style\">\r\n                <li>\r\n                    <a href=\"https:\/\/stadtm.de\/Bad_Belzig\/category\/stadt\/\">\r\n                        <span class=\"cat-icon\" style=\"background-color: #6c1cff;\">\r\n                            \t\t\t<i class=\"fa fa-city\" style=\"color: #fff; \"><\/i>\r\n\t\t                        <\/span>\r\n                        <span class=\"category-name\">Stadt<\/span>\r\n                    <\/a>\r\n                <\/li>\r\n\r\n                                    <li>\r\n                        <div class=\"categories-dropdown dropdown c27-more-categories\">\r\n                            <span class=\"tooltip-element\">\r\n                                <a href=\"#other-categories\">\r\n                                    <span class=\"cat-icon cat-more\">+1<\/span>\r\n                                <\/a>\r\n                                <span class=\"tooltip-container\">Sportst\u00e4tte<\/span>\r\n                            <\/span>\r\n                        <\/div>\r\n                    <\/li>\r\n                            <\/ul>\r\n\r\n            <div class=\"ld-info\">\r\n                <ul class=\"no-list-style\">\r\n                                            <li class=\"item-preview tooltip-element\">\r\n    <a aria-label=\"Quick view button\" href=\"#\" type=\"button\" class=\"c27-toggle-quick-view-modal\" data-id=\"4261\">\r\n    \t<i class=\"mi zoom_in\"><\/i>\r\n    <\/a>\r\n    <span class=\"tooltip-container\">Quick view<\/span>\r\n<\/li>                                                                <li class=\"tooltip-element\">\r\n    <a aria-label=\"Bookmark button\" href=\"#\" class=\"c27-bookmark-button \"\r\n       data-listing-id=\"4261\" onclick=\"MyListing.Handlers.Bookmark_Button(event, this)\">\r\n       <i class=\"mi favorite_border\"><\/i>\r\n    <\/a>\r\n    <span class=\"tooltip-container\">Bookmark<\/span>\r\n<\/li>                                                        <\/ul>\r\n            <\/div>\r\n        <\/div>\r\n    <\/div>\r\n<\/div><div class=\"\"><div\r\n    class=\"lf-item-container listing-preview type-place-2 lf-type-2 has-logo has-tagline has-info-fields level-normal priority-0\"\r\n    data-id=\"listing-id-4080\"\r\n        data-category-icon=\"\t\t\t&lt;i class=&quot;fa fa-city&quot; style=&quot;color: #fff; background: #6c1cff; &quot;&gt;&lt;\/i&gt;\r\n\t\t\"\r\n    data-category-color=\"#6c1cff\"\r\n    data-category-text-color=\"#fff\"\r\n        data-thumbnail=\"https:\/\/stadtm.de\/Bad_Belzig\/wp-content\/uploads\/2025\/08\/Feldsteinkirche-Schwanebeck1-150x150.jpg\"\r\n    data-marker=\"https:\/\/stadtm.de\/Bad_Belzig\/wp-content\/uploads\/2025\/08\/Feldsteinkirche-Schwanebeck1-150x150.jpg\"\r\n    data-template=\"alternate\"\r\n    data-locations=\"[{&quot;address&quot;:&quot;Am Bach 31, 14806 Bad Belzig \\\/ Schwanebeck&quot;,&quot;lat&quot;:&quot;52.17588&quot;,&quot;lng&quot;:&quot;12.62708&quot;}]\"\r\n>\r\n<div class=\"lf-item lf-item-alternate\" data-template=\"alternate\">\r\n    <a href=\"https:\/\/stadtm.de\/Bad_Belzig\/listing\/feldsteinkirche-schwanebeck\/\">\r\n\r\n        <div class=\"overlay\" style=\"\r\n    background-color: #242429;\r\n    opacity: 0.4;\r\n\"><\/div>\r\n        \r\n                    <div class=\"lf-background\" style=\"background-image: url('https:\/\/stadtm.de\/Bad_Belzig\/wp-content\/uploads\/2025\/08\/Feldsteinkirche-Schwanebeck-768x512.jpg');\"><\/div>\r\n        \r\n        <div class=\"lf-item-info-2\">\r\n                            <div class=\"lf-avatar\" style=\"background-image: url('https:\/\/stadtm.de\/Bad_Belzig\/wp-content\/uploads\/2025\/08\/Feldsteinkirche-Schwanebeck1-150x150.jpg')\"><\/div>\r\n            \r\n            <h4 class=\"case27-primary-text listing-preview-title\">\r\n                Feldsteinkirche Schwanebeck                            <\/h4>\r\n\r\n                            <h6>Feldsteinkirche Schwanebeck in Bad Belzig \u2013 Eine stille Sehensw\u00fcrdigkeit mit bewegter Geschichte\r\nEine&hellip;<\/h6>\r\n            \r\n            \r\n<ul class=\"lf-contact no-list-style\">\r\n\t            <li >\r\n            \t                \t<i class=\"icon-location-pin-add-2 sm-icon\"><\/i>\r\n            \t                Am Bach 31            <\/li>\r\n        <\/ul>\r\n        <\/div>\r\n\r\n    <\/a>\r\n        <div class=\"lf-head level-normal\">\r\n    \r\n    <\/div><\/div>\r\n\r\n        <div class=\"listing-details c27-footer-section\">\r\n            <ul class=\"c27-listing-preview-category-list no-list-style\">\r\n                <li>\r\n                    <a href=\"https:\/\/stadtm.de\/Bad_Belzig\/category\/stadt\/\">\r\n                        <span class=\"cat-icon\" style=\"background-color: #6c1cff;\">\r\n                            \t\t\t<i class=\"fa fa-city\" style=\"color: #fff; \"><\/i>\r\n\t\t                        <\/span>\r\n                        <span class=\"category-name\">Stadt<\/span>\r\n                    <\/a>\r\n                <\/li>\r\n\r\n                                    <li>\r\n                        <div class=\"categories-dropdown dropdown c27-more-categories\">\r\n                            <span class=\"tooltip-element\">\r\n                                <a href=\"#other-categories\">\r\n                                    <span class=\"cat-icon cat-more\">+2<\/span>\r\n                                <\/a>\r\n                                <span class=\"tooltip-container\">Sehensw\u00fcrdigkeiten, Kirche<\/span>\r\n                            <\/span>\r\n                        <\/div>\r\n                    <\/li>\r\n                            <\/ul>\r\n\r\n            <div class=\"ld-info\">\r\n                <ul class=\"no-list-style\">\r\n                                            <li class=\"item-preview tooltip-element\">\r\n    <a aria-label=\"Quick view button\" href=\"#\" type=\"button\" class=\"c27-toggle-quick-view-modal\" data-id=\"4080\">\r\n    \t<i class=\"mi zoom_in\"><\/i>\r\n    <\/a>\r\n    <span class=\"tooltip-container\">Quick view<\/span>\r\n<\/li>                                                                <li class=\"tooltip-element\">\r\n    <a aria-label=\"Bookmark button\" href=\"#\" class=\"c27-bookmark-button \"\r\n       data-listing-id=\"4080\" onclick=\"MyListing.Handlers.Bookmark_Button(event, this)\">\r\n       <i class=\"mi favorite_border\"><\/i>\r\n    <\/a>\r\n    <span class=\"tooltip-container\">Bookmark<\/span>\r\n<\/li>                                                        <\/ul>\r\n            <\/div>\r\n        <\/div>\r\n    <\/div>\r\n<\/div><div class=\"\"><div\r\n    class=\"lf-item-container listing-preview type-place-2 lf-type-2 has-logo has-tagline has-info-fields level-normal priority-0\"\r\n    data-id=\"listing-id-3791\"\r\n        data-category-icon=\"\t\t\t&lt;i class=&quot;fa fa-city&quot; style=&quot;color: #fff; background: #6c1cff; &quot;&gt;&lt;\/i&gt;\r\n\t\t\"\r\n    data-category-color=\"#6c1cff\"\r\n    data-category-text-color=\"#fff\"\r\n        data-thumbnail=\"https:\/\/stadtm.de\/Bad_Belzig\/wp-content\/uploads\/2025\/08\/Paradieshort-Dippmannsdorf-150x150.jpg\"\r\n    data-marker=\"https:\/\/stadtm.de\/Bad_Belzig\/wp-content\/uploads\/2025\/08\/Paradieshort-Dippmannsdorf-150x150.jpg\"\r\n    data-template=\"alternate\"\r\n    data-locations=\"[{&quot;address&quot;:&quot;Freibadstr. 54a, 14806 Bad Belzig \\\/ Dippmannsdorf&quot;,&quot;lat&quot;:&quot;52.22687&quot;,&quot;lng&quot;:&quot;12.58883&quot;}]\"\r\n>\r\n<div class=\"lf-item lf-item-alternate\" data-template=\"alternate\">\r\n    <a href=\"https:\/\/stadtm.de\/Bad_Belzig\/listing\/paradieshort-dippmannsdorf\/\">\r\n\r\n        <div class=\"overlay\" style=\"\r\n    background-color: #242429;\r\n    opacity: 0.4;\r\n\"><\/div>\r\n        \r\n                    <div class=\"lf-background\" style=\"background-image: url('https:\/\/stadtm.de\/Bad_Belzig\/wp-content\/uploads\/2025\/08\/Paradieshort-Dippmannsdorf-1-768x501.jpg');\"><\/div>\r\n        \r\n        <div class=\"lf-item-info-2\">\r\n                            <div class=\"lf-avatar\" style=\"background-image: url('https:\/\/stadtm.de\/Bad_Belzig\/wp-content\/uploads\/2025\/08\/Paradieshort-Dippmannsdorf-150x150.jpg')\"><\/div>\r\n            \r\n            <h4 class=\"case27-primary-text listing-preview-title\">\r\n                Paradieshort Dippmannsdorf                            <\/h4>\r\n\r\n                            <h6>Paradieshort Dippmannsdorf \u2013 Ihr Hort in Bad Belzig mit Herz, Natur und Vielfalt\r\nSie suchen einen&hellip;<\/h6>\r\n            \r\n            \r\n<ul class=\"lf-contact no-list-style\">\r\n\t            <li >\r\n            \t                \t<i class=\"icon-phone-outgoing sm-icon\"><\/i>\r\n            \t                +49 (33846) 90033            <\/li>\r\n                    <li >\r\n            \t                \t<i class=\"icon-location-pin-add-2 sm-icon\"><\/i>\r\n            \t                Freibadstr. 54a            <\/li>\r\n        <\/ul>\r\n        <\/div>\r\n\r\n    <\/a>\r\n        <div class=\"lf-head level-normal\">\r\n    \r\n                    <div class=\"lf-head-btn  open-status listing-status-closing\" >\r\n                    OPEN                <\/div>\r\n            <\/div><\/div>\r\n\r\n        <div class=\"listing-details c27-footer-section\">\r\n            <ul class=\"c27-listing-preview-category-list no-list-style\">\r\n                <li>\r\n                    <a href=\"https:\/\/stadtm.de\/Bad_Belzig\/category\/stadt\/\">\r\n                        <span class=\"cat-icon\" style=\"background-color: #6c1cff;\">\r\n                            \t\t\t<i class=\"fa fa-city\" style=\"color: #fff; \"><\/i>\r\n\t\t                        <\/span>\r\n                        <span class=\"category-name\">Stadt<\/span>\r\n                    <\/a>\r\n                <\/li>\r\n\r\n                                    <li>\r\n                        <div class=\"categories-dropdown dropdown c27-more-categories\">\r\n                            <span class=\"tooltip-element\">\r\n                                <a href=\"#other-categories\">\r\n                                    <span class=\"cat-icon cat-more\">+1<\/span>\r\n                                <\/a>\r\n                                <span class=\"tooltip-container\">Kinderbetreuung<\/span>\r\n                            <\/span>\r\n                        <\/div>\r\n                    <\/li>\r\n                            <\/ul>\r\n\r\n            <div class=\"ld-info\">\r\n                <ul class=\"no-list-style\">\r\n                                            <li class=\"item-preview tooltip-element\">\r\n    <a aria-label=\"Quick view button\" href=\"#\" type=\"button\" class=\"c27-toggle-quick-view-modal\" data-id=\"3791\">\r\n    \t<i class=\"mi zoom_in\"><\/i>\r\n    <\/a>\r\n    <span class=\"tooltip-container\">Quick view<\/span>\r\n<\/li>                                                                <li class=\"tooltip-element\">\r\n    <a aria-label=\"Bookmark button\" href=\"#\" class=\"c27-bookmark-button \"\r\n       data-listing-id=\"3791\" onclick=\"MyListing.Handlers.Bookmark_Button(event, this)\">\r\n       <i class=\"mi favorite_border\"><\/i>\r\n    <\/a>\r\n    <span class=\"tooltip-container\">Bookmark<\/span>\r\n<\/li>                                                        <\/ul>\r\n            <\/div>\r\n        <\/div>\r\n    <\/div>\r\n<\/div><div class=\"\"><div\r\n    class=\"lf-item-container listing-preview type-place-2 lf-type-2 has-logo has-tagline has-info-fields level-normal priority-0\"\r\n    data-id=\"listing-id-3830\"\r\n        data-category-icon=\"\t\t\t&lt;i class=&quot;fa fa-city&quot; style=&quot;color: #fff; background: #6c1cff; &quot;&gt;&lt;\/i&gt;\r\n\t\t\"\r\n    data-category-color=\"#6c1cff\"\r\n    data-category-text-color=\"#fff\"\r\n        data-thumbnail=\"https:\/\/stadtm.de\/Bad_Belzig\/wp-content\/uploads\/2025\/08\/Kreisvolkshochschule-Bad-Belzig1-150x150.jpg\"\r\n    data-marker=\"https:\/\/stadtm.de\/Bad_Belzig\/wp-content\/uploads\/2025\/08\/Kreisvolkshochschule-Bad-Belzig1-150x150.jpg\"\r\n    data-template=\"alternate\"\r\n    data-locations=\"[{&quot;address&quot;:&quot;Puschkinstr. 13, 14806 Bad Belzig&quot;,&quot;lat&quot;:&quot;52.14429&quot;,&quot;lng&quot;:&quot;12.58345&quot;}]\"\r\n>\r\n<div class=\"lf-item lf-item-alternate\" data-template=\"alternate\">\r\n    <a href=\"https:\/\/stadtm.de\/Bad_Belzig\/listing\/kreisvolkshochschule-bad-belzig\/\">\r\n\r\n        <div class=\"overlay\" style=\"\r\n    background-color: #242429;\r\n    opacity: 0.4;\r\n\"><\/div>\r\n        \r\n                    <div class=\"lf-background\" style=\"background-image: url('https:\/\/stadtm.de\/Bad_Belzig\/wp-content\/uploads\/2025\/08\/Kreisvolkshochschule-Bad-Belzig-768x512.jpg');\"><\/div>\r\n        \r\n        <div class=\"lf-item-info-2\">\r\n                            <div class=\"lf-avatar\" style=\"background-image: url('https:\/\/stadtm.de\/Bad_Belzig\/wp-content\/uploads\/2025\/08\/Kreisvolkshochschule-Bad-Belzig1-150x150.jpg')\"><\/div>\r\n            \r\n            <h4 class=\"case27-primary-text listing-preview-title\">\r\n                Kreisvolkshochschule Bad Belzig                            <\/h4>\r\n\r\n                            <h6>Kreisvolkshochschule in Bad Belzig \u2013 Ihre Volkshochschule f\u00fcr lebenslanges Lernen\r\nDie Volkshochschule in Bad&hellip;<\/h6>\r\n            \r\n            \r\n<ul class=\"lf-contact no-list-style\">\r\n\t            <li >\r\n            \t                \t<i class=\"icon-phone-outgoing sm-icon\"><\/i>\r\n            \t                +49 (33841) 45430            <\/li>\r\n                    <li >\r\n            \t                \t<i class=\"icon-location-pin-add-2 sm-icon\"><\/i>\r\n            \t                Puschkinstr. 13            <\/li>\r\n        <\/ul>\r\n        <\/div>\r\n\r\n    <\/a>\r\n        <div class=\"lf-head level-normal\">\r\n    \r\n    <\/div><\/div>\r\n\r\n        <div class=\"listing-details c27-footer-section\">\r\n            <ul class=\"c27-listing-preview-category-list no-list-style\">\r\n                <li>\r\n                    <a href=\"https:\/\/stadtm.de\/Bad_Belzig\/category\/stadt\/\">\r\n                        <span class=\"cat-icon\" style=\"background-color: #6c1cff;\">\r\n                            \t\t\t<i class=\"fa fa-city\" style=\"color: #fff; \"><\/i>\r\n\t\t                        <\/span>\r\n                        <span class=\"category-name\">Stadt<\/span>\r\n                    <\/a>\r\n                <\/li>\r\n\r\n                                    <li>\r\n                        <div class=\"categories-dropdown dropdown c27-more-categories\">\r\n                            <span class=\"tooltip-element\">\r\n                                <a href=\"#other-categories\">\r\n                                    <span class=\"cat-icon cat-more\">+3<\/span>\r\n                                <\/a>\r\n                                <span class=\"tooltip-container\">Schule, Freizeiteinrichtungen, \u00d6ffentliche Einrichtungen<\/span>\r\n                            <\/span>\r\n                        <\/div>\r\n                    <\/li>\r\n                            <\/ul>\r\n\r\n            <div class=\"ld-info\">\r\n                <ul class=\"no-list-style\">\r\n                                            <li class=\"item-preview tooltip-element\">\r\n    <a aria-label=\"Quick view button\" href=\"#\" type=\"button\" class=\"c27-toggle-quick-view-modal\" data-id=\"3830\">\r\n    \t<i class=\"mi zoom_in\"><\/i>\r\n    <\/a>\r\n    <span class=\"tooltip-container\">Quick view<\/span>\r\n<\/li>                                                                <li class=\"tooltip-element\">\r\n    <a aria-label=\"Bookmark button\" href=\"#\" class=\"c27-bookmark-button \"\r\n       data-listing-id=\"3830\" onclick=\"MyListing.Handlers.Bookmark_Button(event, this)\">\r\n       <i class=\"mi favorite_border\"><\/i>\r\n    <\/a>\r\n    <span class=\"tooltip-container\">Bookmark<\/span>\r\n<\/li>                                                        <\/ul>\r\n            <\/div>\r\n        <\/div>\r\n    <\/div>\r\n<\/div><div class=\"\"><div\r\n    class=\"lf-item-container listing-preview type-place-2 lf-type-2 has-logo has-tagline has-info-fields level-normal priority-0\"\r\n    data-id=\"listing-id-4175\"\r\n        data-category-icon=\"\t\t\t&lt;i class=&quot;fa fa-city&quot; style=&quot;color: #fff; background: #6c1cff; &quot;&gt;&lt;\/i&gt;\r\n\t\t\"\r\n    data-category-color=\"#6c1cff\"\r\n    data-category-text-color=\"#fff\"\r\n        data-thumbnail=\"https:\/\/stadtm.de\/Bad_Belzig\/wp-content\/uploads\/2025\/08\/Spielplatz-Werbig-Am-Kastanienkiez1-150x150.jpg\"\r\n    data-marker=\"https:\/\/stadtm.de\/Bad_Belzig\/wp-content\/uploads\/2025\/08\/Spielplatz-Werbig-Am-Kastanienkiez1-150x150.jpg\"\r\n    data-template=\"alternate\"\r\n    data-locations=\"[{&quot;address&quot;:&quot;Werbiger Dorfstr. 21, 14806 Bad Belzig \\\/ Werbig&quot;,&quot;lat&quot;:&quot;52.18419&quot;,&quot;lng&quot;:&quot;12.46570&quot;}]\"\r\n>\r\n<div class=\"lf-item lf-item-alternate\" data-template=\"alternate\">\r\n    <a href=\"https:\/\/stadtm.de\/Bad_Belzig\/listing\/spielplatz-werbig-am-kastanienkiez\/\">\r\n\r\n        <div class=\"overlay\" style=\"\r\n    background-color: #242429;\r\n    opacity: 0.4;\r\n\"><\/div>\r\n        \r\n                    <div class=\"lf-background\" style=\"background-image: url('https:\/\/stadtm.de\/Bad_Belzig\/wp-content\/uploads\/2025\/08\/Spielplatz-Werbig-Am-Kastanienkiez-768x512.jpg');\"><\/div>\r\n        \r\n        <div class=\"lf-item-info-2\">\r\n                            <div class=\"lf-avatar\" style=\"background-image: url('https:\/\/stadtm.de\/Bad_Belzig\/wp-content\/uploads\/2025\/08\/Spielplatz-Werbig-Am-Kastanienkiez1-150x150.jpg')\"><\/div>\r\n            \r\n            <h4 class=\"case27-primary-text listing-preview-title\">\r\n                Spielplatz Werbig - Am Kastanienkiez                            <\/h4>\r\n\r\n                            <h6>Spielplatz in Werbig \u2013 Am Kastanienkiez in Bad Belzig\r\nEin lebendiger Treffpunkt f\u00fcr Kinder und Familien\r\nDer&hellip;<\/h6>\r\n            \r\n            \r\n<ul class=\"lf-contact no-list-style\">\r\n\t            <li >\r\n            \t                \t<i class=\"icon-location-pin-add-2 sm-icon\"><\/i>\r\n            \t                Werbiger Dorfstr. 21            <\/li>\r\n        <\/ul>\r\n        <\/div>\r\n\r\n    <\/a>\r\n        <div class=\"lf-head level-normal\">\r\n    \r\n    <\/div><\/div>\r\n\r\n        <div class=\"listing-details c27-footer-section\">\r\n            <ul class=\"c27-listing-preview-category-list no-list-style\">\r\n                <li>\r\n                    <a href=\"https:\/\/stadtm.de\/Bad_Belzig\/category\/stadt\/\">\r\n                        <span class=\"cat-icon\" style=\"background-color: #6c1cff;\">\r\n                            \t\t\t<i class=\"fa fa-city\" style=\"color: #fff; \"><\/i>\r\n\t\t                        <\/span>\r\n                        <span class=\"category-name\">Stadt<\/span>\r\n                    <\/a>\r\n                <\/li>\r\n\r\n                                    <li>\r\n                        <div class=\"categories-dropdown dropdown c27-more-categories\">\r\n                            <span class=\"tooltip-element\">\r\n                                <a href=\"#other-categories\">\r\n                                    <span class=\"cat-icon cat-more\">+1<\/span>\r\n                                <\/a>\r\n                                <span class=\"tooltip-container\">Spielplatz<\/span>\r\n                            <\/span>\r\n                        <\/div>\r\n                    <\/li>\r\n                            <\/ul>\r\n\r\n            <div class=\"ld-info\">\r\n                <ul class=\"no-list-style\">\r\n                                            <li class=\"item-preview tooltip-element\">\r\n    <a aria-label=\"Quick view button\" href=\"#\" type=\"button\" class=\"c27-toggle-quick-view-modal\" data-id=\"4175\">\r\n    \t<i class=\"mi zoom_in\"><\/i>\r\n    <\/a>\r\n    <span class=\"tooltip-container\">Quick view<\/span>\r\n<\/li>                                                                <li class=\"tooltip-element\">\r\n    <a aria-label=\"Bookmark button\" href=\"#\" class=\"c27-bookmark-button \"\r\n       data-listing-id=\"4175\" onclick=\"MyListing.Handlers.Bookmark_Button(event, this)\">\r\n       <i class=\"mi favorite_border\"><\/i>\r\n    <\/a>\r\n    <span class=\"tooltip-container\">Bookmark<\/span>\r\n<\/li>                                                        <\/ul>\r\n            <\/div>\r\n        <\/div>\r\n    <\/div>\r\n<\/div><div class=\"\"><div\r\n    class=\"lf-item-container listing-preview type-place-2 lf-type-2 has-logo has-tagline has-info-fields level-normal priority-0\"\r\n    data-id=\"listing-id-4106\"\r\n        data-category-icon=\"\t\t\t&lt;i class=&quot;fa fa-city&quot; style=&quot;color: #fff; background: #6c1cff; &quot;&gt;&lt;\/i&gt;\r\n\t\t\"\r\n    data-category-color=\"#6c1cff\"\r\n    data-category-text-color=\"#fff\"\r\n        data-thumbnail=\"https:\/\/stadtm.de\/Bad_Belzig\/wp-content\/uploads\/2025\/08\/Dorfkirche-Werbig1-150x150.jpg\"\r\n    data-marker=\"https:\/\/stadtm.de\/Bad_Belzig\/wp-content\/uploads\/2025\/08\/Dorfkirche-Werbig1-150x150.jpg\"\r\n    data-template=\"alternate\"\r\n    data-locations=\"[{&quot;address&quot;:&quot;Werbiger Dorfstra\\u00dfe, 14806 Bad Belzig \\\/ Werbig&quot;,&quot;lat&quot;:&quot;52.18503&quot;,&quot;lng&quot;:&quot;12.46459&quot;}]\"\r\n>\r\n<div class=\"lf-item lf-item-alternate\" data-template=\"alternate\">\r\n    <a href=\"https:\/\/stadtm.de\/Bad_Belzig\/listing\/dorfkirche-werbig\/\">\r\n\r\n        <div class=\"overlay\" style=\"\r\n    background-color: #242429;\r\n    opacity: 0.4;\r\n\"><\/div>\r\n        \r\n                    <div class=\"lf-background\" style=\"background-image: url('https:\/\/stadtm.de\/Bad_Belzig\/wp-content\/uploads\/2025\/08\/Dorfkirche-Werbig-768x512.jpg');\"><\/div>\r\n        \r\n        <div class=\"lf-item-info-2\">\r\n                            <div class=\"lf-avatar\" style=\"background-image: url('https:\/\/stadtm.de\/Bad_Belzig\/wp-content\/uploads\/2025\/08\/Dorfkirche-Werbig1-150x150.jpg')\"><\/div>\r\n            \r\n            <h4 class=\"case27-primary-text listing-preview-title\">\r\n                Dorfkirche Werbig                            <\/h4>\r\n\r\n                            <h6>Dorfkirche Werbig in Bad Belzig \u2013 Eine historische Sehensw\u00fcrdigkeit aus Feldstein und Fachwerk\r\nEine&hellip;<\/h6>\r\n            \r\n            \r\n<ul class=\"lf-contact no-list-style\">\r\n\t            <li >\r\n            \t                \t<i class=\"icon-location-pin-add-2 sm-icon\"><\/i>\r\n            \t                Werbiger Dorfstra\u00dfe            <\/li>\r\n        <\/ul>\r\n        <\/div>\r\n\r\n    <\/a>\r\n        <div class=\"lf-head level-normal\">\r\n    \r\n    <\/div><\/div>\r\n\r\n        <div class=\"listing-details c27-footer-section\">\r\n            <ul class=\"c27-listing-preview-category-list no-list-style\">\r\n                <li>\r\n                    <a href=\"https:\/\/stadtm.de\/Bad_Belzig\/category\/stadt\/\">\r\n                        <span class=\"cat-icon\" style=\"background-color: #6c1cff;\">\r\n                            \t\t\t<i class=\"fa fa-city\" style=\"color: #fff; \"><\/i>\r\n\t\t                        <\/span>\r\n                        <span class=\"category-name\">Stadt<\/span>\r\n                    <\/a>\r\n                <\/li>\r\n\r\n                                    <li>\r\n                        <div class=\"categories-dropdown dropdown c27-more-categories\">\r\n                            <span class=\"tooltip-element\">\r\n                                <a href=\"#other-categories\">\r\n                                    <span class=\"cat-icon cat-more\">+2<\/span>\r\n                                <\/a>\r\n                                <span class=\"tooltip-container\">Sehensw\u00fcrdigkeiten, Kirche<\/span>\r\n                            <\/span>\r\n                        <\/div>\r\n                    <\/li>\r\n                            <\/ul>\r\n\r\n            <div class=\"ld-info\">\r\n                <ul class=\"no-list-style\">\r\n                                            <li class=\"item-preview tooltip-element\">\r\n    <a aria-label=\"Quick view button\" href=\"#\" type=\"button\" class=\"c27-toggle-quick-view-modal\" data-id=\"4106\">\r\n    \t<i class=\"mi zoom_in\"><\/i>\r\n    <\/a>\r\n    <span class=\"tooltip-container\">Quick view<\/span>\r\n<\/li>                                                                <li class=\"tooltip-element\">\r\n    <a aria-label=\"Bookmark button\" href=\"#\" class=\"c27-bookmark-button \"\r\n       data-listing-id=\"4106\" onclick=\"MyListing.Handlers.Bookmark_Button(event, this)\">\r\n       <i class=\"mi favorite_border\"><\/i>\r\n    <\/a>\r\n    <span class=\"tooltip-container\">Bookmark<\/span>\r\n<\/li>                                                        <\/ul>\r\n            <\/div>\r\n        <\/div>\r\n    <\/div>\r\n<\/div><div class=\"\"><div\r\n    class=\"lf-item-container listing-preview type-place-2 lf-type-2 has-logo has-tagline has-info-fields level-normal priority-0\"\r\n    data-id=\"listing-id-3877\"\r\n        data-category-icon=\"\t\t\t&lt;i class=&quot;fa fa-city&quot; style=&quot;color: #fff; background: #6c1cff; &quot;&gt;&lt;\/i&gt;\r\n\t\t\"\r\n    data-category-color=\"#6c1cff\"\r\n    data-category-text-color=\"#fff\"\r\n        data-thumbnail=\"https:\/\/stadtm.de\/Bad_Belzig\/wp-content\/uploads\/2025\/08\/Turnhalle-Puschkinstrasse-150x150.jpg\"\r\n    data-marker=\"https:\/\/stadtm.de\/Bad_Belzig\/wp-content\/uploads\/2025\/08\/Turnhalle-Puschkinstrasse-150x150.jpg\"\r\n    data-template=\"alternate\"\r\n    data-locations=\"[{&quot;address&quot;:&quot;Puschkinstr. 8, 14806 Bad Belzig&quot;,&quot;lat&quot;:&quot;52.14541&quot;,&quot;lng&quot;:&quot;12.58799&quot;}]\"\r\n>\r\n<div class=\"lf-item lf-item-alternate\" data-template=\"alternate\">\r\n    <a href=\"https:\/\/stadtm.de\/Bad_Belzig\/listing\/turnhalle-puschkinstrasse\/\">\r\n\r\n        <div class=\"overlay\" style=\"\r\n    background-color: #242429;\r\n    opacity: 0.4;\r\n\"><\/div>\r\n        \r\n                    <div class=\"lf-background\" style=\"background-image: url('https:\/\/stadtm.de\/Bad_Belzig\/wp-content\/uploads\/2025\/08\/Turnhalle-Puschkinstrasse-768x511.jpg');\"><\/div>\r\n        \r\n        <div class=\"lf-item-info-2\">\r\n                            <div class=\"lf-avatar\" style=\"background-image: url('https:\/\/stadtm.de\/Bad_Belzig\/wp-content\/uploads\/2025\/08\/Turnhalle-Puschkinstrasse-150x150.jpg')\"><\/div>\r\n            \r\n            <h4 class=\"case27-primary-text listing-preview-title\">\r\n                Turnhalle Puschkinstra\u00dfe                            <\/h4>\r\n\r\n                            <h6>Turnhalle Puschkinstra\u00dfe\r\nDie Nutzung erfolgt momentan durch die Grundschule \u201eGeschwister Scholl\u201c und der&hellip;<\/h6>\r\n            \r\n            \r\n<ul class=\"lf-contact no-list-style\">\r\n\t            <li >\r\n            \t                \t<i class=\"icon-location-pin-add-2 sm-icon\"><\/i>\r\n            \t                Puschkinstr. 8            <\/li>\r\n        <\/ul>\r\n        <\/div>\r\n\r\n    <\/a>\r\n        <div class=\"lf-head level-normal\">\r\n    \r\n    <\/div><\/div>\r\n\r\n        <div class=\"listing-details c27-footer-section\">\r\n            <ul class=\"c27-listing-preview-category-list no-list-style\">\r\n                <li>\r\n                    <a href=\"https:\/\/stadtm.de\/Bad_Belzig\/category\/stadt\/\">\r\n                        <span class=\"cat-icon\" style=\"background-color: #6c1cff;\">\r\n                            \t\t\t<i class=\"fa fa-city\" style=\"color: #fff; \"><\/i>\r\n\t\t                        <\/span>\r\n                        <span class=\"category-name\">Stadt<\/span>\r\n                    <\/a>\r\n                <\/li>\r\n\r\n                                    <li>\r\n                        <div class=\"categories-dropdown dropdown c27-more-categories\">\r\n                            <span class=\"tooltip-element\">\r\n                                <a href=\"#other-categories\">\r\n                                    <span class=\"cat-icon cat-more\">+1<\/span>\r\n                                <\/a>\r\n                                <span class=\"tooltip-container\">Sportst\u00e4tte<\/span>\r\n                            <\/span>\r\n                        <\/div>\r\n                    <\/li>\r\n                            <\/ul>\r\n\r\n            <div class=\"ld-info\">\r\n                <ul class=\"no-list-style\">\r\n                                            <li class=\"item-preview tooltip-element\">\r\n    <a aria-label=\"Quick view button\" href=\"#\" type=\"button\" class=\"c27-toggle-quick-view-modal\" data-id=\"3877\">\r\n    \t<i class=\"mi zoom_in\"><\/i>\r\n    <\/a>\r\n    <span class=\"tooltip-container\">Quick view<\/span>\r\n<\/li>                                                                <li class=\"tooltip-element\">\r\n    <a aria-label=\"Bookmark button\" href=\"#\" class=\"c27-bookmark-button \"\r\n       data-listing-id=\"3877\" onclick=\"MyListing.Handlers.Bookmark_Button(event, this)\">\r\n       <i class=\"mi favorite_border\"><\/i>\r\n    <\/a>\r\n    <span class=\"tooltip-container\">Bookmark<\/span>\r\n<\/li>                                                        <\/ul>\r\n            <\/div>\r\n        <\/div>\r\n    <\/div>\r\n<\/div><div class=\"\"><div\r\n    class=\"lf-item-container listing-preview type-place-2 lf-type-2 has-logo has-tagline has-info-fields level-normal priority-0\"\r\n    data-id=\"listing-id-3852\"\r\n        data-category-icon=\"\t\t\t&lt;i class=&quot;fa fa-city&quot; style=&quot;color: #fff; background: #6c1cff; &quot;&gt;&lt;\/i&gt;\r\n\t\t\"\r\n    data-category-color=\"#6c1cff\"\r\n    data-category-text-color=\"#fff\"\r\n        data-thumbnail=\"https:\/\/stadtm.de\/Bad_Belzig\/wp-content\/uploads\/2025\/08\/Feuerwehr-Luette1-150x150.jpg\"\r\n    data-marker=\"https:\/\/stadtm.de\/Bad_Belzig\/wp-content\/uploads\/2025\/08\/Feuerwehr-Luette1-150x150.jpg\"\r\n    data-template=\"alternate\"\r\n    data-locations=\"[{&quot;address&quot;:&quot;Am L\\u00fctter Bach 41, 14806 Bad Belzig \\\/ L\\u00fctte&quot;,&quot;lat&quot;:&quot;52.19970&quot;,&quot;lng&quot;:&quot;12.60738&quot;}]\"\r\n>\r\n<div class=\"lf-item lf-item-alternate\" data-template=\"alternate\">\r\n    <a href=\"https:\/\/stadtm.de\/Bad_Belzig\/listing\/feuerwehr-luette\/\">\r\n\r\n        <div class=\"overlay\" style=\"\r\n    background-color: #242429;\r\n    opacity: 0.4;\r\n\"><\/div>\r\n        \r\n                    <div class=\"lf-background\" style=\"background-image: url('https:\/\/stadtm.de\/Bad_Belzig\/wp-content\/uploads\/2025\/08\/Feuerwehr-Luette-768x384.jpg');\"><\/div>\r\n        \r\n        <div class=\"lf-item-info-2\">\r\n                            <div class=\"lf-avatar\" style=\"background-image: url('https:\/\/stadtm.de\/Bad_Belzig\/wp-content\/uploads\/2025\/08\/Feuerwehr-Luette1-150x150.jpg')\"><\/div>\r\n            \r\n            <h4 class=\"case27-primary-text listing-preview-title\">\r\n                Feuerwehr L\u00fctte                            <\/h4>\r\n\r\n                            <h6>Feuerwehr L\u00fctte in Bad Belzig \u2013 Sicherheit, Engagement und Gemeinschaft vor Ort\r\nDie Feuerwehr L\u00fctte \u2013 eine&hellip;<\/h6>\r\n            \r\n            \r\n<ul class=\"lf-contact no-list-style\">\r\n\t            <li >\r\n            \t                \t<i class=\"icon-phone-outgoing sm-icon\"><\/i>\r\n            \t                +49 (33846) 68992            <\/li>\r\n                    <li >\r\n            \t                \t<i class=\"icon-location-pin-add-2 sm-icon\"><\/i>\r\n            \t                Am L\u00fctter Bach 41            <\/li>\r\n        <\/ul>\r\n        <\/div>\r\n\r\n    <\/a>\r\n        <div class=\"lf-head level-normal\">\r\n    \r\n    <\/div><\/div>\r\n\r\n        <div class=\"listing-details c27-footer-section\">\r\n            <ul class=\"c27-listing-preview-category-list no-list-style\">\r\n                <li>\r\n                    <a href=\"https:\/\/stadtm.de\/Bad_Belzig\/category\/stadt\/\">\r\n                        <span class=\"cat-icon\" style=\"background-color: #6c1cff;\">\r\n                            \t\t\t<i class=\"fa fa-city\" style=\"color: #fff; \"><\/i>\r\n\t\t                        <\/span>\r\n                        <span class=\"category-name\">Stadt<\/span>\r\n                    <\/a>\r\n                <\/li>\r\n\r\n                                    <li>\r\n                        <div class=\"categories-dropdown dropdown c27-more-categories\">\r\n                            <span class=\"tooltip-element\">\r\n                                <a href=\"#other-categories\">\r\n                                    <span class=\"cat-icon cat-more\">+2<\/span>\r\n                                <\/a>\r\n                                <span class=\"tooltip-container\">Feuerwehr, \u00d6ffentliche Einrichtungen<\/span>\r\n                            <\/span>\r\n                        <\/div>\r\n                    <\/li>\r\n                            <\/ul>\r\n\r\n            <div class=\"ld-info\">\r\n                <ul class=\"no-list-style\">\r\n                                            <li class=\"item-preview tooltip-element\">\r\n    <a aria-label=\"Quick view button\" href=\"#\" type=\"button\" class=\"c27-toggle-quick-view-modal\" data-id=\"3852\">\r\n    \t<i class=\"mi zoom_in\"><\/i>\r\n    <\/a>\r\n    <span class=\"tooltip-container\">Quick view<\/span>\r\n<\/li>                                                                <li class=\"tooltip-element\">\r\n    <a aria-label=\"Bookmark button\" href=\"#\" class=\"c27-bookmark-button \"\r\n       data-listing-id=\"3852\" onclick=\"MyListing.Handlers.Bookmark_Button(event, this)\">\r\n       <i class=\"mi favorite_border\"><\/i>\r\n    <\/a>\r\n    <span class=\"tooltip-container\">Bookmark<\/span>\r\n<\/li>                                                        <\/ul>\r\n            <\/div>\r\n        <\/div>\r\n    <\/div>\r\n<\/div><div class=\"\"><div\r\n    class=\"lf-item-container listing-preview type-place-2 lf-type-2 has-logo has-tagline has-info-fields level-normal priority-0\"\r\n    data-id=\"listing-id-3783\"\r\n        data-category-icon=\"\t\t\t&lt;i class=&quot;fa fa-city&quot; style=&quot;color: #fff; background: #6c1cff; &quot;&gt;&lt;\/i&gt;\r\n\t\t\"\r\n    data-category-color=\"#6c1cff\"\r\n    data-category-text-color=\"#fff\"\r\n        data-thumbnail=\"https:\/\/stadtm.de\/Bad_Belzig\/wp-content\/uploads\/2025\/08\/Kinderhaus-Luette-Bad-Belzig-150x150.jpg\"\r\n    data-marker=\"https:\/\/stadtm.de\/Bad_Belzig\/wp-content\/uploads\/2025\/08\/Kinderhaus-Luette-Bad-Belzig-150x150.jpg\"\r\n    data-template=\"alternate\"\r\n    data-locations=\"[{&quot;address&quot;:&quot;Am Martinsberg 7, 14806 Bad Belzig&quot;,&quot;lat&quot;:&quot;52.20080&quot;,&quot;lng&quot;:&quot;12.60327&quot;}]\"\r\n>\r\n<div class=\"lf-item lf-item-alternate\" data-template=\"alternate\">\r\n    <a href=\"https:\/\/stadtm.de\/Bad_Belzig\/listing\/kinderhaus-luette-bad-belzig\/\">\r\n\r\n        <div class=\"overlay\" style=\"\r\n    background-color: #242429;\r\n    opacity: 0.4;\r\n\"><\/div>\r\n        \r\n                    <div class=\"lf-background\" style=\"background-image: url('https:\/\/stadtm.de\/Bad_Belzig\/wp-content\/uploads\/2025\/08\/Kinderhaus-Luette-Bad-Belzig-1-768x501.jpg');\"><\/div>\r\n        \r\n        <div class=\"lf-item-info-2\">\r\n                            <div class=\"lf-avatar\" style=\"background-image: url('https:\/\/stadtm.de\/Bad_Belzig\/wp-content\/uploads\/2025\/08\/Kinderhaus-Luette-Bad-Belzig-150x150.jpg')\"><\/div>\r\n            \r\n            <h4 class=\"case27-primary-text listing-preview-title\">\r\n                Kinderhaus L\u00fctte Bad Belzig                            <\/h4>\r\n\r\n                            <h6>Kinderhaus L\u00fctte in Bad Belzig \u2013 Ihr Kindergarten mit Herz, Natur und Konzept\r\nWenn Sie auf der Suche nach&hellip;<\/h6>\r\n            \r\n            \r\n<ul class=\"lf-contact no-list-style\">\r\n\t            <li >\r\n            \t                \t<i class=\"icon-phone-outgoing sm-icon\"><\/i>\r\n            \t                +49 (33846) 40300            <\/li>\r\n                    <li >\r\n            \t                \t<i class=\"icon-location-pin-add-2 sm-icon\"><\/i>\r\n            \t                Am Martinsberg 7            <\/li>\r\n        <\/ul>\r\n        <\/div>\r\n\r\n    <\/a>\r\n        <div class=\"lf-head level-normal\">\r\n    \r\n                    <div class=\"lf-head-btn  open-status listing-status-open\" >\r\n                    OPEN                <\/div>\r\n            <\/div><\/div>\r\n\r\n        <div class=\"listing-details c27-footer-section\">\r\n            <ul class=\"c27-listing-preview-category-list no-list-style\">\r\n                <li>\r\n                    <a href=\"https:\/\/stadtm.de\/Bad_Belzig\/category\/stadt\/\">\r\n                        <span class=\"cat-icon\" style=\"background-color: #6c1cff;\">\r\n                            \t\t\t<i class=\"fa fa-city\" style=\"color: #fff; \"><\/i>\r\n\t\t                        <\/span>\r\n                        <span class=\"category-name\">Stadt<\/span>\r\n                    <\/a>\r\n                <\/li>\r\n\r\n                                    <li>\r\n                        <div class=\"categories-dropdown dropdown c27-more-categories\">\r\n                            <span class=\"tooltip-element\">\r\n                                <a href=\"#other-categories\">\r\n                                    <span class=\"cat-icon cat-more\">+1<\/span>\r\n                                <\/a>\r\n                                <span class=\"tooltip-container\">Kinderbetreuung<\/span>\r\n                            <\/span>\r\n                        <\/div>\r\n                    <\/li>\r\n                            <\/ul>\r\n\r\n            <div class=\"ld-info\">\r\n                <ul class=\"no-list-style\">\r\n                                            <li class=\"item-preview tooltip-element\">\r\n    <a aria-label=\"Quick view button\" href=\"#\" type=\"button\" class=\"c27-toggle-quick-view-modal\" data-id=\"3783\">\r\n    \t<i class=\"mi zoom_in\"><\/i>\r\n    <\/a>\r\n    <span class=\"tooltip-container\">Quick view<\/span>\r\n<\/li>                                                                <li class=\"tooltip-element\">\r\n    <a aria-label=\"Bookmark button\" href=\"#\" class=\"c27-bookmark-button \"\r\n       data-listing-id=\"3783\" onclick=\"MyListing.Handlers.Bookmark_Button(event, this)\">\r\n       <i class=\"mi favorite_border\"><\/i>\r\n    <\/a>\r\n    <span class=\"tooltip-container\">Bookmark<\/span>\r\n<\/li>                                                        <\/ul>\r\n            <\/div>\r\n        <\/div>\r\n    <\/div>\r\n<\/div><div class=\"\"><div\r\n    class=\"lf-item-container listing-preview type-place-2 lf-type-2 has-logo has-tagline has-info-fields level-normal priority-0\"\r\n    data-id=\"listing-id-3934\"\r\n        data-category-icon=\"\t\t\t&lt;i class=&quot;fa fa-city&quot; style=&quot;color: #fff; background: #6c1cff; &quot;&gt;&lt;\/i&gt;\r\n\t\t\"\r\n    data-category-color=\"#6c1cff\"\r\n    data-category-text-color=\"#fff\"\r\n        data-thumbnail=\"https:\/\/stadtm.de\/Bad_Belzig\/wp-content\/uploads\/2025\/08\/Bauhof-150x150.jpg\"\r\n    data-marker=\"https:\/\/stadtm.de\/Bad_Belzig\/wp-content\/uploads\/2025\/08\/Bauhof-150x150.jpg\"\r\n    data-template=\"alternate\"\r\n    data-locations=\"[{&quot;address&quot;:&quot;Karl-Liebknecht-Str. 8a, 14806 Bad Belzig&quot;,&quot;lat&quot;:&quot;52.13945&quot;,&quot;lng&quot;:&quot;12.59445&quot;}]\"\r\n>\r\n<div class=\"lf-item lf-item-alternate\" data-template=\"alternate\">\r\n    <a href=\"https:\/\/stadtm.de\/Bad_Belzig\/listing\/bauhof\/\">\r\n\r\n        <div class=\"overlay\" style=\"\r\n    background-color: #242429;\r\n    opacity: 0.4;\r\n\"><\/div>\r\n        \r\n                    <div class=\"lf-background\" style=\"background-image: url('https:\/\/stadtm.de\/Bad_Belzig\/wp-content\/uploads\/2025\/08\/Bauhof-768x512.jpg');\"><\/div>\r\n        \r\n        <div class=\"lf-item-info-2\">\r\n                            <div class=\"lf-avatar\" style=\"background-image: url('https:\/\/stadtm.de\/Bad_Belzig\/wp-content\/uploads\/2025\/08\/Bauhof-150x150.jpg')\"><\/div>\r\n            \r\n            <h4 class=\"case27-primary-text listing-preview-title\">\r\n                Bauhof                            <\/h4>\r\n\r\n                            <h6>Der Bauhof in Bad Belzig \u2013 Verl\u00e4sslich im Einsatz f\u00fcr eine saubere Stadt\r\nBauhof Bad Belzig \u2013 Ihre&hellip;<\/h6>\r\n            \r\n            \r\n<ul class=\"lf-contact no-list-style\">\r\n\t            <li >\r\n            \t                \t<i class=\"icon-phone-outgoing sm-icon\"><\/i>\r\n            \t                +49 (33841) 30249            <\/li>\r\n                    <li >\r\n            \t                \t<i class=\"icon-location-pin-add-2 sm-icon\"><\/i>\r\n            \t                Karl-Liebknecht-Str. 8a            <\/li>\r\n        <\/ul>\r\n        <\/div>\r\n\r\n    <\/a>\r\n        <div class=\"lf-head level-normal\">\r\n    \r\n    <\/div><\/div>\r\n\r\n        <div class=\"listing-details c27-footer-section\">\r\n            <ul class=\"c27-listing-preview-category-list no-list-style\">\r\n                <li>\r\n                    <a href=\"https:\/\/stadtm.de\/Bad_Belzig\/category\/stadt\/\">\r\n                        <span class=\"cat-icon\" style=\"background-color: #6c1cff;\">\r\n                            \t\t\t<i class=\"fa fa-city\" style=\"color: #fff; \"><\/i>\r\n\t\t                        <\/span>\r\n                        <span class=\"category-name\">Stadt<\/span>\r\n                    <\/a>\r\n                <\/li>\r\n\r\n                                    <li>\r\n                        <div class=\"categories-dropdown dropdown c27-more-categories\">\r\n                            <span class=\"tooltip-element\">\r\n                                <a href=\"#other-categories\">\r\n                                    <span class=\"cat-icon cat-more\">+1<\/span>\r\n                                <\/a>\r\n                                <span class=\"tooltip-container\">\u00d6ffentliche Einrichtungen<\/span>\r\n                            <\/span>\r\n                        <\/div>\r\n                    <\/li>\r\n                            <\/ul>\r\n\r\n            <div class=\"ld-info\">\r\n                <ul class=\"no-list-style\">\r\n                                            <li class=\"item-preview tooltip-element\">\r\n    <a aria-label=\"Quick view button\" href=\"#\" type=\"button\" class=\"c27-toggle-quick-view-modal\" data-id=\"3934\">\r\n    \t<i class=\"mi zoom_in\"><\/i>\r\n    <\/a>\r\n    <span class=\"tooltip-container\">Quick view<\/span>\r\n<\/li>                                                                <li class=\"tooltip-element\">\r\n    <a aria-label=\"Bookmark button\" href=\"#\" class=\"c27-bookmark-button \"\r\n       data-listing-id=\"3934\" onclick=\"MyListing.Handlers.Bookmark_Button(event, this)\">\r\n       <i class=\"mi favorite_border\"><\/i>\r\n    <\/a>\r\n    <span class=\"tooltip-container\">Bookmark<\/span>\r\n<\/li>                                                        <\/ul>\r\n            <\/div>\r\n        <\/div>\r\n    <\/div>\r\n<\/div><div class=\"\"><div\r\n    class=\"lf-item-container listing-preview type-place-2 lf-type-2 has-logo has-tagline has-info-fields level-normal priority-0\"\r\n    data-id=\"listing-id-4258\"\r\n        data-category-icon=\"\t\t\t&lt;i class=&quot;fa fa-city&quot; style=&quot;color: #fff; background: #6c1cff; &quot;&gt;&lt;\/i&gt;\r\n\t\t\"\r\n    data-category-color=\"#6c1cff\"\r\n    data-category-text-color=\"#fff\"\r\n        data-thumbnail=\"https:\/\/stadtm.de\/Bad_Belzig\/wp-content\/uploads\/2025\/08\/Halfpipe-150x150.jpg\"\r\n    data-marker=\"https:\/\/stadtm.de\/Bad_Belzig\/wp-content\/uploads\/2025\/08\/Halfpipe-150x150.jpg\"\r\n    data-template=\"alternate\"\r\n    data-locations=\"[{&quot;address&quot;:&quot;Hans-Marchwitza-Str. 25, 14806 Bad Belzig&quot;,&quot;lat&quot;:&quot;52.13905&quot;,&quot;lng&quot;:&quot;12.61086&quot;}]\"\r\n>\r\n<div class=\"lf-item lf-item-alternate\" data-template=\"alternate\">\r\n    <a href=\"https:\/\/stadtm.de\/Bad_Belzig\/listing\/halfpipe\/\">\r\n\r\n        <div class=\"overlay\" style=\"\r\n    background-color: #242429;\r\n    opacity: 0.4;\r\n\"><\/div>\r\n        \r\n                    <div class=\"lf-background\" style=\"background-image: url('https:\/\/stadtm.de\/Bad_Belzig\/wp-content\/uploads\/2025\/08\/Halfpipe-768x511.jpg');\"><\/div>\r\n        \r\n        <div class=\"lf-item-info-2\">\r\n                            <div class=\"lf-avatar\" style=\"background-image: url('https:\/\/stadtm.de\/Bad_Belzig\/wp-content\/uploads\/2025\/08\/Halfpipe-150x150.jpg')\"><\/div>\r\n            \r\n            <h4 class=\"case27-primary-text listing-preview-title\">\r\n                Halfpipe                            <\/h4>\r\n\r\n                            <h6>Halfpipe in Bad Belzig \u2013 Der Treffpunkt f\u00fcr Skater, BMX-Fans und Adrenalinjunkies\r\nDie Halfpipe in Bad Belzig&hellip;<\/h6>\r\n            \r\n            \r\n<ul class=\"lf-contact no-list-style\">\r\n\t            <li >\r\n            \t                \t<i class=\"icon-location-pin-add-2 sm-icon\"><\/i>\r\n            \t                Hans-Marchwitza-Str. 25            <\/li>\r\n        <\/ul>\r\n        <\/div>\r\n\r\n    <\/a>\r\n        <div class=\"lf-head level-normal\">\r\n    \r\n    <\/div><\/div>\r\n\r\n        <div class=\"listing-details c27-footer-section\">\r\n            <ul class=\"c27-listing-preview-category-list no-list-style\">\r\n                <li>\r\n                    <a href=\"https:\/\/stadtm.de\/Bad_Belzig\/category\/stadt\/\">\r\n                        <span class=\"cat-icon\" style=\"background-color: #6c1cff;\">\r\n                            \t\t\t<i class=\"fa fa-city\" style=\"color: #fff; \"><\/i>\r\n\t\t                        <\/span>\r\n                        <span class=\"category-name\">Stadt<\/span>\r\n                    <\/a>\r\n                <\/li>\r\n\r\n                                    <li>\r\n                        <div class=\"categories-dropdown dropdown c27-more-categories\">\r\n                            <span class=\"tooltip-element\">\r\n                                <a href=\"#other-categories\">\r\n                                    <span class=\"cat-icon cat-more\">+1<\/span>\r\n                                <\/a>\r\n                                <span class=\"tooltip-container\">Sportst\u00e4tte<\/span>\r\n                            <\/span>\r\n                        <\/div>\r\n                    <\/li>\r\n                            <\/ul>\r\n\r\n            <div class=\"ld-info\">\r\n                <ul class=\"no-list-style\">\r\n                                            <li class=\"item-preview tooltip-element\">\r\n    <a aria-label=\"Quick view button\" href=\"#\" type=\"button\" class=\"c27-toggle-quick-view-modal\" data-id=\"4258\">\r\n    \t<i class=\"mi zoom_in\"><\/i>\r\n    <\/a>\r\n    <span class=\"tooltip-container\">Quick view<\/span>\r\n<\/li>                                                                <li class=\"tooltip-element\">\r\n    <a aria-label=\"Bookmark button\" href=\"#\" class=\"c27-bookmark-button \"\r\n       data-listing-id=\"4258\" onclick=\"MyListing.Handlers.Bookmark_Button(event, this)\">\r\n       <i class=\"mi favorite_border\"><\/i>\r\n    <\/a>\r\n    <span class=\"tooltip-container\">Bookmark<\/span>\r\n<\/li>                                                        <\/ul>\r\n            <\/div>\r\n        <\/div>\r\n    <\/div>\r\n<\/div><div class=\"\"><div\r\n    class=\"lf-item-container listing-preview type-place-2 lf-type-2 has-logo has-tagline has-info-fields level-normal priority-0\"\r\n    data-id=\"listing-id-4117\"\r\n        data-category-icon=\"\t\t\t&lt;i class=&quot;fa fa-city&quot; style=&quot;color: #fff; background: #6c1cff; &quot;&gt;&lt;\/i&gt;\r\n\t\t\"\r\n    data-category-color=\"#6c1cff\"\r\n    data-category-text-color=\"#fff\"\r\n        data-thumbnail=\"https:\/\/stadtm.de\/Bad_Belzig\/wp-content\/uploads\/2025\/08\/Jobcenter-MAIA-Jobcenter-Mittelmark-150x150.jpg\"\r\n    data-marker=\"https:\/\/stadtm.de\/Bad_Belzig\/wp-content\/uploads\/2025\/08\/Jobcenter-MAIA-Jobcenter-Mittelmark-150x150.jpg\"\r\n    data-template=\"alternate\"\r\n    data-locations=\"[{&quot;address&quot;:&quot;Br\\u00fccker Landstr. 22b, 14806 Bad Belzig&quot;,&quot;lat&quot;:&quot;52.14508&quot;,&quot;lng&quot;:&quot;12.61421&quot;}]\"\r\n>\r\n<div class=\"lf-item lf-item-alternate\" data-template=\"alternate\">\r\n    <a href=\"https:\/\/stadtm.de\/Bad_Belzig\/listing\/jobcenter-maia-jobcenter-mittelmark\/\">\r\n\r\n        <div class=\"overlay\" style=\"\r\n    background-color: #242429;\r\n    opacity: 0.4;\r\n\"><\/div>\r\n        \r\n                    <div class=\"lf-background\" style=\"background-image: url('https:\/\/stadtm.de\/Bad_Belzig\/wp-content\/uploads\/2025\/08\/Jobcenter-MAIA-Jobcenter-Mittelmark-768x432.jpg');\"><\/div>\r\n        \r\n        <div class=\"lf-item-info-2\">\r\n                            <div class=\"lf-avatar\" style=\"background-image: url('https:\/\/stadtm.de\/Bad_Belzig\/wp-content\/uploads\/2025\/08\/Jobcenter-MAIA-Jobcenter-Mittelmark-150x150.jpg')\"><\/div>\r\n            \r\n            <h4 class=\"case27-primary-text listing-preview-title\">\r\n                Jobcenter MAIA - Jobcenter Mittelmark                            <\/h4>\r\n\r\n                            <h6>Jobcenter MAIA \u2013 Ihr Jobcenter Mittelmark in Bad Belzig\r\nDas Jobcenter in Bad Belzig \u2013 Ihre Anlaufstelle f\u00fcr&hellip;<\/h6>\r\n            \r\n            \r\n<ul class=\"lf-contact no-list-style\">\r\n\t            <li >\r\n            \t                \t<i class=\"icon-phone-outgoing sm-icon\"><\/i>\r\n            \t                +49 (33841) 9183            <\/li>\r\n                    <li >\r\n            \t                \t<i class=\"icon-location-pin-add-2 sm-icon\"><\/i>\r\n            \t                Br\u00fccker Landstr. 22b            <\/li>\r\n        <\/ul>\r\n        <\/div>\r\n\r\n    <\/a>\r\n        <div class=\"lf-head level-normal\">\r\n    \r\n    <\/div><\/div>\r\n\r\n        <div class=\"listing-details c27-footer-section\">\r\n            <ul class=\"c27-listing-preview-category-list no-list-style\">\r\n                <li>\r\n                    <a href=\"https:\/\/stadtm.de\/Bad_Belzig\/category\/stadt\/\">\r\n                        <span class=\"cat-icon\" style=\"background-color: #6c1cff;\">\r\n                            \t\t\t<i class=\"fa fa-city\" style=\"color: #fff; \"><\/i>\r\n\t\t                        <\/span>\r\n                        <span class=\"category-name\">Stadt<\/span>\r\n                    <\/a>\r\n                <\/li>\r\n\r\n                                    <li>\r\n                        <div class=\"categories-dropdown dropdown c27-more-categories\">\r\n                            <span class=\"tooltip-element\">\r\n                                <a href=\"#other-categories\">\r\n                                    <span class=\"cat-icon cat-more\">+1<\/span>\r\n                                <\/a>\r\n                                <span class=\"tooltip-container\">\u00d6ffentliche Einrichtungen<\/span>\r\n                            <\/span>\r\n                        <\/div>\r\n                    <\/li>\r\n                            <\/ul>\r\n\r\n            <div class=\"ld-info\">\r\n                <ul class=\"no-list-style\">\r\n                                            <li class=\"item-preview tooltip-element\">\r\n    <a aria-label=\"Quick view button\" href=\"#\" type=\"button\" class=\"c27-toggle-quick-view-modal\" data-id=\"4117\">\r\n    \t<i class=\"mi zoom_in\"><\/i>\r\n    <\/a>\r\n    <span class=\"tooltip-container\">Quick view<\/span>\r\n<\/li>                                                                <li class=\"tooltip-element\">\r\n    <a aria-label=\"Bookmark button\" href=\"#\" class=\"c27-bookmark-button \"\r\n       data-listing-id=\"4117\" onclick=\"MyListing.Handlers.Bookmark_Button(event, this)\">\r\n       <i class=\"mi favorite_border\"><\/i>\r\n    <\/a>\r\n    <span class=\"tooltip-container\">Bookmark<\/span>\r\n<\/li>                                                        <\/ul>\r\n            <\/div>\r\n        <\/div>\r\n    <\/div>\r\n<\/div><div class=\"\"><div\r\n    class=\"lf-item-container listing-preview type-place-2 lf-type-2 has-logo has-tagline has-info-fields level-normal priority-0\"\r\n    data-id=\"listing-id-4210\"\r\n        data-category-icon=\"\t\t\t&lt;i class=&quot;fa fa-city&quot; style=&quot;color: #fff; background: #6c1cff; &quot;&gt;&lt;\/i&gt;\r\n\t\t\"\r\n    data-category-color=\"#6c1cff\"\r\n    data-category-text-color=\"#fff\"\r\n        data-thumbnail=\"https:\/\/stadtm.de\/Bad_Belzig\/wp-content\/uploads\/2025\/08\/Spielplatz-Bad-Belzig-Karl-Liebknecht-Halle1-150x150.jpg\"\r\n    data-marker=\"https:\/\/stadtm.de\/Bad_Belzig\/wp-content\/uploads\/2025\/08\/Spielplatz-Bad-Belzig-Karl-Liebknecht-Halle1-150x150.jpg\"\r\n    data-template=\"alternate\"\r\n    data-locations=\"[{&quot;address&quot;:&quot;Karl-Liebknecht-Str. 19, 14806 Bad Belzig&quot;,&quot;lat&quot;:&quot;52.13829&quot;,&quot;lng&quot;:&quot;12.59336&quot;}]\"\r\n>\r\n<div class=\"lf-item lf-item-alternate\" data-template=\"alternate\">\r\n    <a href=\"https:\/\/stadtm.de\/Bad_Belzig\/listing\/spielplatz-bad-belzig-karl-liebknecht-halle\/\">\r\n\r\n        <div class=\"overlay\" style=\"\r\n    background-color: #242429;\r\n    opacity: 0.4;\r\n\"><\/div>\r\n        \r\n                    <div class=\"lf-background\" style=\"background-image: url('https:\/\/stadtm.de\/Bad_Belzig\/wp-content\/uploads\/2025\/08\/Spielplatz-Bad-Belzig-Karl-Liebknecht-Halle-768x512.jpg');\"><\/div>\r\n        \r\n        <div class=\"lf-item-info-2\">\r\n                            <div class=\"lf-avatar\" style=\"background-image: url('https:\/\/stadtm.de\/Bad_Belzig\/wp-content\/uploads\/2025\/08\/Spielplatz-Bad-Belzig-Karl-Liebknecht-Halle1-150x150.jpg')\"><\/div>\r\n            \r\n            <h4 class=\"case27-primary-text listing-preview-title\">\r\n                Spielplatz Bad Belzig - Karl-Liebknecht-Halle                            <\/h4>\r\n\r\n                            <h6>Spielplatz an der Karl-Liebknecht-Halle in Bad Belzig\r\nEin lebendiger Spielplatz f\u00fcr Kinder aus Bad&hellip;<\/h6>\r\n            \r\n            \r\n<ul class=\"lf-contact no-list-style\">\r\n\t            <li >\r\n            \t                \t<i class=\"icon-location-pin-add-2 sm-icon\"><\/i>\r\n            \t                Karl-Liebknecht-Str. 19            <\/li>\r\n        <\/ul>\r\n        <\/div>\r\n\r\n    <\/a>\r\n        <div class=\"lf-head level-normal\">\r\n    \r\n    <\/div><\/div>\r\n\r\n        <div class=\"listing-details c27-footer-section\">\r\n            <ul class=\"c27-listing-preview-category-list no-list-style\">\r\n                <li>\r\n                    <a href=\"https:\/\/stadtm.de\/Bad_Belzig\/category\/stadt\/\">\r\n                        <span class=\"cat-icon\" style=\"background-color: #6c1cff;\">\r\n                            \t\t\t<i class=\"fa fa-city\" style=\"color: #fff; \"><\/i>\r\n\t\t                        <\/span>\r\n                        <span class=\"category-name\">Stadt<\/span>\r\n                    <\/a>\r\n                <\/li>\r\n\r\n                                    <li>\r\n                        <div class=\"categories-dropdown dropdown c27-more-categories\">\r\n                            <span class=\"tooltip-element\">\r\n                                <a href=\"#other-categories\">\r\n                                    <span class=\"cat-icon cat-more\">+1<\/span>\r\n                                <\/a>\r\n                                <span class=\"tooltip-container\">Spielplatz<\/span>\r\n                            <\/span>\r\n                        <\/div>\r\n                    <\/li>\r\n                            <\/ul>\r\n\r\n            <div class=\"ld-info\">\r\n                <ul class=\"no-list-style\">\r\n                                            <li class=\"item-preview tooltip-element\">\r\n    <a aria-label=\"Quick view button\" href=\"#\" type=\"button\" class=\"c27-toggle-quick-view-modal\" data-id=\"4210\">\r\n    \t<i class=\"mi zoom_in\"><\/i>\r\n    <\/a>\r\n    <span class=\"tooltip-container\">Quick view<\/span>\r\n<\/li>                                                                <li class=\"tooltip-element\">\r\n    <a aria-label=\"Bookmark button\" href=\"#\" class=\"c27-bookmark-button \"\r\n       data-listing-id=\"4210\" onclick=\"MyListing.Handlers.Bookmark_Button(event, this)\">\r\n       <i class=\"mi favorite_border\"><\/i>\r\n    <\/a>\r\n    <span class=\"tooltip-container\">Bookmark<\/span>\r\n<\/li>                                                        <\/ul>\r\n            <\/div>\r\n        <\/div>\r\n    <\/div>\r\n<\/div><div class=\"\"><div\r\n    class=\"lf-item-container listing-preview type-place-2 lf-type-2 has-logo has-tagline has-info-fields level-normal priority-0\"\r\n    data-id=\"listing-id-3968\"\r\n        data-category-icon=\"\t\t\t&lt;i class=&quot;fa fa-city&quot; style=&quot;color: #fff; background: #6c1cff; &quot;&gt;&lt;\/i&gt;\r\n\t\t\"\r\n    data-category-color=\"#6c1cff\"\r\n    data-category-text-color=\"#fff\"\r\n        data-thumbnail=\"https:\/\/stadtm.de\/Bad_Belzig\/wp-content\/uploads\/2025\/08\/Friedhof-Neschholz-150x150.jpg\"\r\n    data-marker=\"https:\/\/stadtm.de\/Bad_Belzig\/wp-content\/uploads\/2025\/08\/Friedhof-Neschholz-150x150.jpg\"\r\n    data-template=\"alternate\"\r\n    data-locations=\"[{&quot;address&quot;:&quot;Neschholz, 14806 Bad Belzig \\\/ Neschholz&quot;,&quot;lat&quot;:&quot;52.15138&quot;,&quot;lng&quot;:&quot;12.69526&quot;}]\"\r\n>\r\n<div class=\"lf-item lf-item-alternate\" data-template=\"alternate\">\r\n    <a href=\"https:\/\/stadtm.de\/Bad_Belzig\/listing\/friedhof-neschholz\/\">\r\n\r\n        <div class=\"overlay\" style=\"\r\n    background-color: #242429;\r\n    opacity: 0.4;\r\n\"><\/div>\r\n        \r\n                    <div class=\"lf-background\" style=\"background-image: url('https:\/\/stadtm.de\/Bad_Belzig\/wp-content\/uploads\/2025\/08\/Friedhof-Neschholz-768x550.jpg');\"><\/div>\r\n        \r\n        <div class=\"lf-item-info-2\">\r\n                            <div class=\"lf-avatar\" style=\"background-image: url('https:\/\/stadtm.de\/Bad_Belzig\/wp-content\/uploads\/2025\/08\/Friedhof-Neschholz-150x150.jpg')\"><\/div>\r\n            \r\n            <h4 class=\"case27-primary-text listing-preview-title\">\r\n                Friedhof Neschholz                            <\/h4>\r\n\r\n                            <h6>Friedhof Neschholz in Bad Belzig \u2013 Ein Ort der Erinnerung und des Friedens\r\nFriedhof Neschholz \u2013 Kirchlicher&hellip;<\/h6>\r\n            \r\n            \r\n<ul class=\"lf-contact no-list-style\">\r\n\t            <li >\r\n            \t                \t<i class=\"icon-location-pin-add-2 sm-icon\"><\/i>\r\n            \t                Neschholz            <\/li>\r\n        <\/ul>\r\n        <\/div>\r\n\r\n    <\/a>\r\n        <div class=\"lf-head level-normal\">\r\n    \r\n    <\/div><\/div>\r\n\r\n        <div class=\"listing-details c27-footer-section\">\r\n            <ul class=\"c27-listing-preview-category-list no-list-style\">\r\n                <li>\r\n                    <a href=\"https:\/\/stadtm.de\/Bad_Belzig\/category\/stadt\/\">\r\n                        <span class=\"cat-icon\" style=\"background-color: #6c1cff;\">\r\n                            \t\t\t<i class=\"fa fa-city\" style=\"color: #fff; \"><\/i>\r\n\t\t                        <\/span>\r\n                        <span class=\"category-name\">Stadt<\/span>\r\n                    <\/a>\r\n                <\/li>\r\n\r\n                                    <li>\r\n                        <div class=\"categories-dropdown dropdown c27-more-categories\">\r\n                            <span class=\"tooltip-element\">\r\n                                <a href=\"#other-categories\">\r\n                                    <span class=\"cat-icon cat-more\">+1<\/span>\r\n                                <\/a>\r\n                                <span class=\"tooltip-container\">Friedhof<\/span>\r\n                            <\/span>\r\n                        <\/div>\r\n                    <\/li>\r\n                            <\/ul>\r\n\r\n            <div class=\"ld-info\">\r\n                <ul class=\"no-list-style\">\r\n                                            <li class=\"item-preview tooltip-element\">\r\n    <a aria-label=\"Quick view button\" href=\"#\" type=\"button\" class=\"c27-toggle-quick-view-modal\" data-id=\"3968\">\r\n    \t<i class=\"mi zoom_in\"><\/i>\r\n    <\/a>\r\n    <span class=\"tooltip-container\">Quick view<\/span>\r\n<\/li>                                                                <li class=\"tooltip-element\">\r\n    <a aria-label=\"Bookmark button\" href=\"#\" class=\"c27-bookmark-button \"\r\n       data-listing-id=\"3968\" onclick=\"MyListing.Handlers.Bookmark_Button(event, this)\">\r\n       <i class=\"mi favorite_border\"><\/i>\r\n    <\/a>\r\n    <span class=\"tooltip-container\">Bookmark<\/span>\r\n<\/li>                                                        <\/ul>\r\n            <\/div>\r\n        <\/div>\r\n    <\/div>\r\n<\/div><div class=\"\"><div\r\n    class=\"lf-item-container listing-preview type-place-2 lf-type-2 has-logo has-tagline has-info-fields level-normal priority-0\"\r\n    data-id=\"listing-id-4091\"\r\n        data-category-icon=\"\t\t\t&lt;i class=&quot;fa fa-city&quot; style=&quot;color: #fff; background: #6c1cff; &quot;&gt;&lt;\/i&gt;\r\n\t\t\"\r\n    data-category-color=\"#6c1cff\"\r\n    data-category-text-color=\"#fff\"\r\n        data-thumbnail=\"https:\/\/stadtm.de\/Bad_Belzig\/wp-content\/uploads\/2025\/08\/Katholische-Pfarrei-St-Bonifatius-150x150.jpg\"\r\n    data-marker=\"https:\/\/stadtm.de\/Bad_Belzig\/wp-content\/uploads\/2025\/08\/Katholische-Pfarrei-St-Bonifatius-150x150.jpg\"\r\n    data-template=\"alternate\"\r\n    data-locations=\"[{&quot;address&quot;:&quot;Br\\u00fccker Landstr. 1, 14806 Bad Belzig&quot;,&quot;lat&quot;:&quot;52.14161&quot;,&quot;lng&quot;:&quot;12.59421&quot;}]\"\r\n>\r\n<div class=\"lf-item lf-item-alternate\" data-template=\"alternate\">\r\n    <a href=\"https:\/\/stadtm.de\/Bad_Belzig\/listing\/katholische-pfarrei-st-bonifatius\/\">\r\n\r\n        <div class=\"overlay\" style=\"\r\n    background-color: #242429;\r\n    opacity: 0.4;\r\n\"><\/div>\r\n        \r\n                    <div class=\"lf-background\" style=\"background-image: url('https:\/\/stadtm.de\/Bad_Belzig\/wp-content\/uploads\/2025\/08\/Katholische-Pfarrei-St-Bonifatius-768x509.jpg');\"><\/div>\r\n        \r\n        <div class=\"lf-item-info-2\">\r\n                            <div class=\"lf-avatar\" style=\"background-image: url('https:\/\/stadtm.de\/Bad_Belzig\/wp-content\/uploads\/2025\/08\/Katholische-Pfarrei-St-Bonifatius-150x150.jpg')\"><\/div>\r\n            \r\n            <h4 class=\"case27-primary-text listing-preview-title\">\r\n                Katholische Pfarrei St. Bonifatius                            <\/h4>\r\n\r\n                            <h6>Katholische Pfarrei St. Bonifatius in Bad Belzig \u2013 Ihre Kirchengemeinde mit Herz und Tradition\r\nEine&hellip;<\/h6>\r\n            \r\n            \r\n<ul class=\"lf-contact no-list-style\">\r\n\t            <li >\r\n            \t                \t<i class=\"icon-phone-outgoing sm-icon\"><\/i>\r\n            \t                +49 (33841) 8434            <\/li>\r\n                    <li >\r\n            \t                \t<i class=\"icon-location-pin-add-2 sm-icon\"><\/i>\r\n            \t                Br\u00fccker Landstr. 1            <\/li>\r\n        <\/ul>\r\n        <\/div>\r\n\r\n    <\/a>\r\n        <div class=\"lf-head level-normal\">\r\n    \r\n    <\/div><\/div>\r\n\r\n        <div class=\"listing-details c27-footer-section\">\r\n            <ul class=\"c27-listing-preview-category-list no-list-style\">\r\n                <li>\r\n                    <a href=\"https:\/\/stadtm.de\/Bad_Belzig\/category\/stadt\/\">\r\n                        <span class=\"cat-icon\" style=\"background-color: #6c1cff;\">\r\n                            \t\t\t<i class=\"fa fa-city\" style=\"color: #fff; \"><\/i>\r\n\t\t                        <\/span>\r\n                        <span class=\"category-name\">Stadt<\/span>\r\n                    <\/a>\r\n                <\/li>\r\n\r\n                                    <li>\r\n                        <div class=\"categories-dropdown dropdown c27-more-categories\">\r\n                            <span class=\"tooltip-element\">\r\n                                <a href=\"#other-categories\">\r\n                                    <span class=\"cat-icon cat-more\">+1<\/span>\r\n                                <\/a>\r\n                                <span class=\"tooltip-container\">Kirche<\/span>\r\n                            <\/span>\r\n                        <\/div>\r\n                    <\/li>\r\n                            <\/ul>\r\n\r\n            <div class=\"ld-info\">\r\n                <ul class=\"no-list-style\">\r\n                                            <li class=\"item-preview tooltip-element\">\r\n    <a aria-label=\"Quick view button\" href=\"#\" type=\"button\" class=\"c27-toggle-quick-view-modal\" data-id=\"4091\">\r\n    \t<i class=\"mi zoom_in\"><\/i>\r\n    <\/a>\r\n    <span class=\"tooltip-container\">Quick view<\/span>\r\n<\/li>                                                                <li class=\"tooltip-element\">\r\n    <a aria-label=\"Bookmark button\" href=\"#\" class=\"c27-bookmark-button \"\r\n       data-listing-id=\"4091\" onclick=\"MyListing.Handlers.Bookmark_Button(event, this)\">\r\n       <i class=\"mi favorite_border\"><\/i>\r\n    <\/a>\r\n    <span class=\"tooltip-container\">Bookmark<\/span>\r\n<\/li>                                                        <\/ul>\r\n            <\/div>\r\n        <\/div>\r\n    <\/div>\r\n<\/div><div class=\"\"><div\r\n    class=\"lf-item-container listing-preview type-place-2 lf-type-2 has-logo has-tagline has-info-fields level-normal priority-0\"\r\n    data-id=\"listing-id-3940\"\r\n        data-category-icon=\"\t\t\t&lt;i class=&quot;fa fa-city&quot; style=&quot;color: #fff; background: #6c1cff; &quot;&gt;&lt;\/i&gt;\r\n\t\t\"\r\n    data-category-color=\"#6c1cff\"\r\n    data-category-text-color=\"#fff\"\r\n        data-thumbnail=\"https:\/\/stadtm.de\/Bad_Belzig\/wp-content\/uploads\/2025\/08\/Friedhof-Borne-150x150.jpg\"\r\n    data-marker=\"https:\/\/stadtm.de\/Bad_Belzig\/wp-content\/uploads\/2025\/08\/Friedhof-Borne-150x150.jpg\"\r\n    data-template=\"alternate\"\r\n    data-locations=\"[{&quot;address&quot;:&quot;Alte Belziger Stra\\u00dfe, 14806 Bad Belzig \\\/ Borne&quot;,&quot;lat&quot;:&quot;52.11234&quot;,&quot;lng&quot;:&quot;12.53785&quot;}]\"\r\n>\r\n<div class=\"lf-item lf-item-alternate\" data-template=\"alternate\">\r\n    <a href=\"https:\/\/stadtm.de\/Bad_Belzig\/listing\/friedhof-borne\/\">\r\n\r\n        <div class=\"overlay\" style=\"\r\n    background-color: #242429;\r\n    opacity: 0.4;\r\n\"><\/div>\r\n        \r\n                    <div class=\"lf-background\" style=\"background-image: url('https:\/\/stadtm.de\/Bad_Belzig\/wp-content\/uploads\/2025\/08\/Friedhof-Borne-768x550.jpg');\"><\/div>\r\n        \r\n        <div class=\"lf-item-info-2\">\r\n                            <div class=\"lf-avatar\" style=\"background-image: url('https:\/\/stadtm.de\/Bad_Belzig\/wp-content\/uploads\/2025\/08\/Friedhof-Borne-150x150.jpg')\"><\/div>\r\n            \r\n            <h4 class=\"case27-primary-text listing-preview-title\">\r\n                Friedhof Borne                            <\/h4>\r\n\r\n                            <h6>Friedhof Borne in Bad Belzig \u2013 Ein Ort des stillen Gedenkens\r\nDer Friedhof Borne \u2013 Ruhige Lage in Bad Belzigs&hellip;<\/h6>\r\n            \r\n            \r\n<ul class=\"lf-contact no-list-style\">\r\n\t            <li >\r\n            \t                \t<i class=\"icon-location-pin-add-2 sm-icon\"><\/i>\r\n            \t                Alte Belziger Stra\u00dfe            <\/li>\r\n        <\/ul>\r\n        <\/div>\r\n\r\n    <\/a>\r\n        <div class=\"lf-head level-normal\">\r\n    \r\n    <\/div><\/div>\r\n\r\n        <div class=\"listing-details c27-footer-section\">\r\n            <ul class=\"c27-listing-preview-category-list no-list-style\">\r\n                <li>\r\n                    <a href=\"https:\/\/stadtm.de\/Bad_Belzig\/category\/stadt\/\">\r\n                        <span class=\"cat-icon\" style=\"background-color: #6c1cff;\">\r\n                            \t\t\t<i class=\"fa fa-city\" style=\"color: #fff; \"><\/i>\r\n\t\t                        <\/span>\r\n                        <span class=\"category-name\">Stadt<\/span>\r\n                    <\/a>\r\n                <\/li>\r\n\r\n                                    <li>\r\n                        <div class=\"categories-dropdown dropdown c27-more-categories\">\r\n                            <span class=\"tooltip-element\">\r\n                                <a href=\"#other-categories\">\r\n                                    <span class=\"cat-icon cat-more\">+1<\/span>\r\n                                <\/a>\r\n                                <span class=\"tooltip-container\">Friedhof<\/span>\r\n                            <\/span>\r\n                        <\/div>\r\n                    <\/li>\r\n                            <\/ul>\r\n\r\n            <div class=\"ld-info\">\r\n                <ul class=\"no-list-style\">\r\n                                            <li class=\"item-preview tooltip-element\">\r\n    <a aria-label=\"Quick view button\" href=\"#\" type=\"button\" class=\"c27-toggle-quick-view-modal\" data-id=\"3940\">\r\n    \t<i class=\"mi zoom_in\"><\/i>\r\n    <\/a>\r\n    <span class=\"tooltip-container\">Quick view<\/span>\r\n<\/li>                                                                <li class=\"tooltip-element\">\r\n    <a aria-label=\"Bookmark button\" href=\"#\" class=\"c27-bookmark-button \"\r\n       data-listing-id=\"3940\" onclick=\"MyListing.Handlers.Bookmark_Button(event, this)\">\r\n       <i class=\"mi favorite_border\"><\/i>\r\n    <\/a>\r\n    <span class=\"tooltip-container\">Bookmark<\/span>\r\n<\/li>                                                        <\/ul>\r\n            <\/div>\r\n        <\/div>\r\n    <\/div>\r\n<\/div><div class=\"\"><div\r\n    class=\"lf-item-container listing-preview type-place-2 lf-type-2 has-logo has-tagline has-info-fields level-normal priority-0\"\r\n    data-id=\"listing-id-4088\"\r\n        data-category-icon=\"\t\t\t&lt;i class=&quot;fa fa-city&quot; style=&quot;color: #fff; background: #6c1cff; &quot;&gt;&lt;\/i&gt;\r\n\t\t\"\r\n    data-category-color=\"#6c1cff\"\r\n    data-category-text-color=\"#fff\"\r\n        data-thumbnail=\"https:\/\/stadtm.de\/Bad_Belzig\/wp-content\/uploads\/2025\/08\/St-Briccius-Kirche-Bad-Belzig-150x150.jpg\"\r\n    data-marker=\"https:\/\/stadtm.de\/Bad_Belzig\/wp-content\/uploads\/2025\/08\/St-Briccius-Kirche-Bad-Belzig-150x150.jpg\"\r\n    data-template=\"alternate\"\r\n    data-locations=\"[{&quot;address&quot;:&quot;Wittenberger Str. 16, 14806 Bad Belzig&quot;,&quot;lat&quot;:&quot;52.13662&quot;,&quot;lng&quot;:&quot;12.58373&quot;}]\"\r\n>\r\n<div class=\"lf-item lf-item-alternate\" data-template=\"alternate\">\r\n    <a href=\"https:\/\/stadtm.de\/Bad_Belzig\/listing\/st-briccius-kirche-bad-belzig\/\">\r\n\r\n        <div class=\"overlay\" style=\"\r\n    background-color: #242429;\r\n    opacity: 0.4;\r\n\"><\/div>\r\n        \r\n                    <div class=\"lf-background\" style=\"background-image: url('https:\/\/stadtm.de\/Bad_Belzig\/wp-content\/uploads\/2025\/08\/St-Briccius-Kirche-Bad-Belzig-768x512.jpg');\"><\/div>\r\n        \r\n        <div class=\"lf-item-info-2\">\r\n                            <div class=\"lf-avatar\" style=\"background-image: url('https:\/\/stadtm.de\/Bad_Belzig\/wp-content\/uploads\/2025\/08\/St-Briccius-Kirche-Bad-Belzig-150x150.jpg')\"><\/div>\r\n            \r\n            <h4 class=\"case27-primary-text listing-preview-title\">\r\n                St. Briccius Kirche Bad Belzig                            <\/h4>\r\n\r\n                            <h6>St. Briccius Kirche in Bad Belzig \u2013 Eine historische Sehensw\u00fcrdigkeit mit fl\u00e4mischem Ursprung\r\nEine der&hellip;<\/h6>\r\n            \r\n            \r\n<ul class=\"lf-contact no-list-style\">\r\n\t            <li >\r\n            \t                \t<i class=\"icon-location-pin-add-2 sm-icon\"><\/i>\r\n            \t                Wittenberger Str. 16            <\/li>\r\n        <\/ul>\r\n        <\/div>\r\n\r\n    <\/a>\r\n        <div class=\"lf-head level-normal\">\r\n    \r\n    <\/div><\/div>\r\n\r\n        <div class=\"listing-details c27-footer-section\">\r\n            <ul class=\"c27-listing-preview-category-list no-list-style\">\r\n                <li>\r\n                    <a href=\"https:\/\/stadtm.de\/Bad_Belzig\/category\/stadt\/\">\r\n                        <span class=\"cat-icon\" style=\"background-color: #6c1cff;\">\r\n                            \t\t\t<i class=\"fa fa-city\" style=\"color: #fff; \"><\/i>\r\n\t\t                        <\/span>\r\n                        <span class=\"category-name\">Stadt<\/span>\r\n                    <\/a>\r\n                <\/li>\r\n\r\n                                    <li>\r\n                        <div class=\"categories-dropdown dropdown c27-more-categories\">\r\n                            <span class=\"tooltip-element\">\r\n                                <a href=\"#other-categories\">\r\n                                    <span class=\"cat-icon cat-more\">+2<\/span>\r\n                                <\/a>\r\n                                <span class=\"tooltip-container\">Sehensw\u00fcrdigkeiten, Kirche<\/span>\r\n                            <\/span>\r\n                        <\/div>\r\n                    <\/li>\r\n                            <\/ul>\r\n\r\n            <div class=\"ld-info\">\r\n                <ul class=\"no-list-style\">\r\n                                            <li class=\"item-preview tooltip-element\">\r\n    <a aria-label=\"Quick view button\" href=\"#\" type=\"button\" class=\"c27-toggle-quick-view-modal\" data-id=\"4088\">\r\n    \t<i class=\"mi zoom_in\"><\/i>\r\n    <\/a>\r\n    <span class=\"tooltip-container\">Quick view<\/span>\r\n<\/li>                                                                <li class=\"tooltip-element\">\r\n    <a aria-label=\"Bookmark button\" href=\"#\" class=\"c27-bookmark-button \"\r\n       data-listing-id=\"4088\" onclick=\"MyListing.Handlers.Bookmark_Button(event, this)\">\r\n       <i class=\"mi favorite_border\"><\/i>\r\n    <\/a>\r\n    <span class=\"tooltip-container\">Bookmark<\/span>\r\n<\/li>                                                        <\/ul>\r\n            <\/div>\r\n        <\/div>\r\n    <\/div>\r\n<\/div><div class=\"\"><div\r\n    class=\"lf-item-container listing-preview type-place-2 lf-type-2 has-logo has-tagline has-info-fields level-normal priority-0\"\r\n    data-id=\"listing-id-3996\"\r\n        data-category-icon=\"\t\t\t&lt;i class=&quot;fa fa-city&quot; style=&quot;color: #fff; background: #6c1cff; &quot;&gt;&lt;\/i&gt;\r\n\t\t\"\r\n    data-category-color=\"#6c1cff\"\r\n    data-category-text-color=\"#fff\"\r\n        data-thumbnail=\"https:\/\/stadtm.de\/Bad_Belzig\/wp-content\/uploads\/2025\/08\/Naturspielplatz-Dippmannsdorf-150x150.jpg\"\r\n    data-marker=\"https:\/\/stadtm.de\/Bad_Belzig\/wp-content\/uploads\/2025\/08\/Naturspielplatz-Dippmannsdorf-150x150.jpg\"\r\n    data-template=\"alternate\"\r\n    data-locations=\"[{&quot;address&quot;:&quot;Am Sportpatz. 10, 14806 Bad Belzig \\\/ Dippmannsdorf&quot;,&quot;lat&quot;:&quot;52.22095&quot;,&quot;lng&quot;:&quot;12.58997&quot;}]\"\r\n>\r\n<div class=\"lf-item lf-item-alternate\" data-template=\"alternate\">\r\n    <a href=\"https:\/\/stadtm.de\/Bad_Belzig\/listing\/naturspielplatz-dippmannsdorf\/\">\r\n\r\n        <div class=\"overlay\" style=\"\r\n    background-color: #242429;\r\n    opacity: 0.4;\r\n\"><\/div>\r\n        \r\n                    <div class=\"lf-background\" style=\"background-image: url('https:\/\/stadtm.de\/Bad_Belzig\/wp-content\/uploads\/2025\/08\/Naturspielplatz-Dippmannsdorf-768x512.jpg');\"><\/div>\r\n        \r\n        <div class=\"lf-item-info-2\">\r\n                            <div class=\"lf-avatar\" style=\"background-image: url('https:\/\/stadtm.de\/Bad_Belzig\/wp-content\/uploads\/2025\/08\/Naturspielplatz-Dippmannsdorf-150x150.jpg')\"><\/div>\r\n            \r\n            <h4 class=\"case27-primary-text listing-preview-title\">\r\n                Naturspielplatz Dippmannsdorf                            <\/h4>\r\n\r\n                            <h6>Naturspielplatz Dippmannsdorf \u2013 Der besondere Spielplatz in Bad Belzig\r\nEin einzigartiger Spielplatz f\u00fcr&hellip;<\/h6>\r\n            \r\n            \r\n<ul class=\"lf-contact no-list-style\">\r\n\t            <li >\r\n            \t                \t<i class=\"icon-location-pin-add-2 sm-icon\"><\/i>\r\n            \t                Am Sportpatz. 10            <\/li>\r\n        <\/ul>\r\n        <\/div>\r\n\r\n    <\/a>\r\n        <div class=\"lf-head level-normal\">\r\n    \r\n    <\/div><\/div>\r\n\r\n        <div class=\"listing-details c27-footer-section\">\r\n            <ul class=\"c27-listing-preview-category-list no-list-style\">\r\n                <li>\r\n                    <a href=\"https:\/\/stadtm.de\/Bad_Belzig\/category\/stadt\/\">\r\n                        <span class=\"cat-icon\" style=\"background-color: #6c1cff;\">\r\n                            \t\t\t<i class=\"fa fa-city\" style=\"color: #fff; \"><\/i>\r\n\t\t                        <\/span>\r\n                        <span class=\"category-name\">Stadt<\/span>\r\n                    <\/a>\r\n                <\/li>\r\n\r\n                                    <li>\r\n                        <div class=\"categories-dropdown dropdown c27-more-categories\">\r\n                            <span class=\"tooltip-element\">\r\n                                <a href=\"#other-categories\">\r\n                                    <span class=\"cat-icon cat-more\">+1<\/span>\r\n                                <\/a>\r\n                                <span class=\"tooltip-container\">Spielplatz<\/span>\r\n                            <\/span>\r\n                        <\/div>\r\n                    <\/li>\r\n                            <\/ul>\r\n\r\n            <div class=\"ld-info\">\r\n                <ul class=\"no-list-style\">\r\n                                            <li class=\"item-preview tooltip-element\">\r\n    <a aria-label=\"Quick view button\" href=\"#\" type=\"button\" class=\"c27-toggle-quick-view-modal\" data-id=\"3996\">\r\n    \t<i class=\"mi zoom_in\"><\/i>\r\n    <\/a>\r\n    <span class=\"tooltip-container\">Quick view<\/span>\r\n<\/li>                                                                <li class=\"tooltip-element\">\r\n    <a aria-label=\"Bookmark button\" href=\"#\" class=\"c27-bookmark-button \"\r\n       data-listing-id=\"3996\" onclick=\"MyListing.Handlers.Bookmark_Button(event, this)\">\r\n       <i class=\"mi favorite_border\"><\/i>\r\n    <\/a>\r\n    <span class=\"tooltip-container\">Bookmark<\/span>\r\n<\/li>                                                        <\/ul>\r\n            <\/div>\r\n        <\/div>\r\n    <\/div>\r\n<\/div><div class=\"\"><div\r\n    class=\"lf-item-container listing-preview type-place-2 lf-type-2 has-logo has-tagline has-info-fields level-normal priority-0\"\r\n    data-id=\"listing-id-3624\"\r\n        data-category-icon=\"\t\t\t&lt;i class=&quot;fa fa-city&quot; style=&quot;color: #fff; background: #6c1cff; &quot;&gt;&lt;\/i&gt;\r\n\t\t\"\r\n    data-category-color=\"#6c1cff\"\r\n    data-category-text-color=\"#fff\"\r\n        data-thumbnail=\"https:\/\/stadtm.de\/Bad_Belzig\/wp-content\/uploads\/2025\/07\/Stadtverwaltung-Bad-Belzig1-150x150.jpg\"\r\n    data-marker=\"https:\/\/stadtm.de\/Bad_Belzig\/wp-content\/uploads\/2025\/07\/Stadtverwaltung-Bad-Belzig1-150x150.jpg\"\r\n    data-template=\"alternate\"\r\n    data-locations=\"[{&quot;address&quot;:&quot;Wiesenburger Str. 6, 14806 Bad Belzig&quot;,&quot;lat&quot;:&quot;52.14039&quot;,&quot;lng&quot;:&quot;12.58653&quot;}]\"\r\n>\r\n<div class=\"lf-item lf-item-alternate\" data-template=\"alternate\">\r\n    <a href=\"https:\/\/stadtm.de\/Bad_Belzig\/listing\/stadtverwaltung-bad-belzig\/\">\r\n\r\n        <div class=\"overlay\" style=\"\r\n    background-color: #242429;\r\n    opacity: 0.4;\r\n\"><\/div>\r\n        \r\n                    <div class=\"lf-background\" style=\"background-image: url('https:\/\/stadtm.de\/Bad_Belzig\/wp-content\/uploads\/2025\/07\/Stadtverwaltung-Bad-Belzig-768x511.jpg');\"><\/div>\r\n        \r\n        <div class=\"lf-item-info-2\">\r\n                            <div class=\"lf-avatar\" style=\"background-image: url('https:\/\/stadtm.de\/Bad_Belzig\/wp-content\/uploads\/2025\/07\/Stadtverwaltung-Bad-Belzig1-150x150.jpg')\"><\/div>\r\n            \r\n            <h4 class=\"case27-primary-text listing-preview-title\">\r\n                Stadtverwaltung Bad Belzig                            <\/h4>\r\n\r\n                            <h6>Stadtverwaltung Bad Belzig - Ihr Ansprechpartner vor Ort\r\nDie Stadtverwaltung Bad Belzig ist das Herzst\u00fcck&hellip;<\/h6>\r\n            \r\n            \r\n<ul class=\"lf-contact no-list-style\">\r\n\t            <li >\r\n            \t                \t<i class=\"icon-phone-outgoing sm-icon\"><\/i>\r\n            \t                +49 (33841) 94-0            <\/li>\r\n                    <li >\r\n            \t                \t<i class=\"icon-location-pin-add-2 sm-icon\"><\/i>\r\n            \t                Wiesenburger Str. 6            <\/li>\r\n        <\/ul>\r\n        <\/div>\r\n\r\n    <\/a>\r\n        <div class=\"lf-head level-normal\">\r\n    \r\n    <\/div><\/div>\r\n\r\n        <div class=\"listing-details c27-footer-section\">\r\n            <ul class=\"c27-listing-preview-category-list no-list-style\">\r\n                <li>\r\n                    <a href=\"https:\/\/stadtm.de\/Bad_Belzig\/category\/stadt\/\">\r\n                        <span class=\"cat-icon\" style=\"background-color: #6c1cff;\">\r\n                            \t\t\t<i class=\"fa fa-city\" style=\"color: #fff; \"><\/i>\r\n\t\t                        <\/span>\r\n                        <span class=\"category-name\">Stadt<\/span>\r\n                    <\/a>\r\n                <\/li>\r\n\r\n                                    <li>\r\n                        <div class=\"categories-dropdown dropdown c27-more-categories\">\r\n                            <span class=\"tooltip-element\">\r\n                                <a href=\"#other-categories\">\r\n                                    <span class=\"cat-icon cat-more\">+1<\/span>\r\n                                <\/a>\r\n                                <span class=\"tooltip-container\">\u00d6ffentliche Einrichtungen<\/span>\r\n                            <\/span>\r\n                        <\/div>\r\n                    <\/li>\r\n                            <\/ul>\r\n\r\n            <div class=\"ld-info\">\r\n                <ul class=\"no-list-style\">\r\n                                            <li class=\"item-preview tooltip-element\">\r\n    <a aria-label=\"Quick view button\" href=\"#\" type=\"button\" class=\"c27-toggle-quick-view-modal\" data-id=\"3624\">\r\n    \t<i class=\"mi zoom_in\"><\/i>\r\n    <\/a>\r\n    <span class=\"tooltip-container\">Quick view<\/span>\r\n<\/li>                                                                <li class=\"tooltip-element\">\r\n    <a aria-label=\"Bookmark button\" href=\"#\" class=\"c27-bookmark-button \"\r\n       data-listing-id=\"3624\" onclick=\"MyListing.Handlers.Bookmark_Button(event, this)\">\r\n       <i class=\"mi favorite_border\"><\/i>\r\n    <\/a>\r\n    <span class=\"tooltip-container\">Bookmark<\/span>\r\n<\/li>                                                        <\/ul>\r\n            <\/div>\r\n        <\/div>\r\n    <\/div>\r\n<\/div><div class=\"\"><div\r\n    class=\"lf-item-container listing-preview type-place-2 lf-type-2 has-logo has-tagline has-info-fields level-normal priority-0\"\r\n    data-id=\"listing-id-3943\"\r\n        data-category-icon=\"\t\t\t&lt;i class=&quot;fa fa-city&quot; style=&quot;color: #fff; background: #6c1cff; &quot;&gt;&lt;\/i&gt;\r\n\t\t\"\r\n    data-category-color=\"#6c1cff\"\r\n    data-category-text-color=\"#fff\"\r\n        data-thumbnail=\"https:\/\/stadtm.de\/Bad_Belzig\/wp-content\/uploads\/2025\/08\/Friedhof-Dippmannsdorf-150x150.jpg\"\r\n    data-marker=\"https:\/\/stadtm.de\/Bad_Belzig\/wp-content\/uploads\/2025\/08\/Friedhof-Dippmannsdorf-150x150.jpg\"\r\n    data-template=\"alternate\"\r\n    data-locations=\"[{&quot;address&quot;:&quot;Freibadstr. 9, 14806 Bad Belzig \\\/ Dippmannsdorf&quot;,&quot;lat&quot;:&quot;52.21953&quot;,&quot;lng&quot;:&quot;12.59653&quot;}]\"\r\n>\r\n<div class=\"lf-item lf-item-alternate\" data-template=\"alternate\">\r\n    <a href=\"https:\/\/stadtm.de\/Bad_Belzig\/listing\/friedhof-dippmannsdorf\/\">\r\n\r\n        <div class=\"overlay\" style=\"\r\n    background-color: #242429;\r\n    opacity: 0.4;\r\n\"><\/div>\r\n        \r\n                    <div class=\"lf-background\" style=\"background-image: url('https:\/\/stadtm.de\/Bad_Belzig\/wp-content\/uploads\/2025\/08\/Friedhof-Dippmannsdorf-1-768x511.jpg');\"><\/div>\r\n        \r\n        <div class=\"lf-item-info-2\">\r\n                            <div class=\"lf-avatar\" style=\"background-image: url('https:\/\/stadtm.de\/Bad_Belzig\/wp-content\/uploads\/2025\/08\/Friedhof-Dippmannsdorf-150x150.jpg')\"><\/div>\r\n            \r\n            <h4 class=\"case27-primary-text listing-preview-title\">\r\n                Friedhof Dippmannsdorf                            <\/h4>\r\n\r\n                            <h6>Friedhof Dippmannsdorf in Bad Belzig \u2013 Ein Ort des w\u00fcrdevollen Gedenkens\r\nRuhige Atmosph\u00e4re im Ortsteil&hellip;<\/h6>\r\n            \r\n            \r\n<ul class=\"lf-contact no-list-style\">\r\n\t            <li >\r\n            \t                \t<i class=\"icon-location-pin-add-2 sm-icon\"><\/i>\r\n            \t                Freibadstr. 9            <\/li>\r\n        <\/ul>\r\n        <\/div>\r\n\r\n    <\/a>\r\n        <div class=\"lf-head level-normal\">\r\n    \r\n    <\/div><\/div>\r\n\r\n        <div class=\"listing-details c27-footer-section\">\r\n            <ul class=\"c27-listing-preview-category-list no-list-style\">\r\n                <li>\r\n                    <a href=\"https:\/\/stadtm.de\/Bad_Belzig\/category\/stadt\/\">\r\n                        <span class=\"cat-icon\" style=\"background-color: #6c1cff;\">\r\n                            \t\t\t<i class=\"fa fa-city\" style=\"color: #fff; \"><\/i>\r\n\t\t                        <\/span>\r\n                        <span class=\"category-name\">Stadt<\/span>\r\n                    <\/a>\r\n                <\/li>\r\n\r\n                                    <li>\r\n                        <div class=\"categories-dropdown dropdown c27-more-categories\">\r\n                            <span class=\"tooltip-element\">\r\n                                <a href=\"#other-categories\">\r\n                                    <span class=\"cat-icon cat-more\">+1<\/span>\r\n                                <\/a>\r\n                                <span class=\"tooltip-container\">Friedhof<\/span>\r\n                            <\/span>\r\n                        <\/div>\r\n                    <\/li>\r\n                            <\/ul>\r\n\r\n            <div class=\"ld-info\">\r\n                <ul class=\"no-list-style\">\r\n                                            <li class=\"item-preview tooltip-element\">\r\n    <a aria-label=\"Quick view button\" href=\"#\" type=\"button\" class=\"c27-toggle-quick-view-modal\" data-id=\"3943\">\r\n    \t<i class=\"mi zoom_in\"><\/i>\r\n    <\/a>\r\n    <span class=\"tooltip-container\">Quick view<\/span>\r\n<\/li>                                                                <li class=\"tooltip-element\">\r\n    <a aria-label=\"Bookmark button\" href=\"#\" class=\"c27-bookmark-button \"\r\n       data-listing-id=\"3943\" onclick=\"MyListing.Handlers.Bookmark_Button(event, this)\">\r\n       <i class=\"mi favorite_border\"><\/i>\r\n    <\/a>\r\n    <span class=\"tooltip-container\">Bookmark<\/span>\r\n<\/li>                                                        <\/ul>\r\n            <\/div>\r\n        <\/div>\r\n    <\/div>\r\n<\/div><div class=\"\"><div\r\n    class=\"lf-item-container listing-preview type-place-2 lf-type-2 has-logo has-tagline has-info-fields level-normal priority-0\"\r\n    data-id=\"listing-id-4051\"\r\n        data-category-icon=\"\t\t\t&lt;i class=&quot;fa fa-city&quot; style=&quot;color: #fff; background: #6c1cff; &quot;&gt;&lt;\/i&gt;\r\n\t\t\"\r\n    data-category-color=\"#6c1cff\"\r\n    data-category-text-color=\"#fff\"\r\n        data-thumbnail=\"https:\/\/stadtm.de\/Bad_Belzig\/wp-content\/uploads\/2025\/08\/Neuapostolische-Kirche-Berlin1-150x150.jpg\"\r\n    data-marker=\"https:\/\/stadtm.de\/Bad_Belzig\/wp-content\/uploads\/2025\/08\/Neuapostolische-Kirche-Berlin1-150x150.jpg\"\r\n    data-template=\"alternate\"\r\n    data-locations=\"[{&quot;address&quot;:&quot;Br\\u00fccker Landstr. 3f, 14806 Bad Belzig&quot;,&quot;lat&quot;:&quot;52.14383&quot;,&quot;lng&quot;:&quot;12.60489&quot;}]\"\r\n>\r\n<div class=\"lf-item lf-item-alternate\" data-template=\"alternate\">\r\n    <a href=\"https:\/\/stadtm.de\/Bad_Belzig\/listing\/neuapostolische-kirche-berlin-brandenburg\/\">\r\n\r\n        <div class=\"overlay\" style=\"\r\n    background-color: #242429;\r\n    opacity: 0.4;\r\n\"><\/div>\r\n        \r\n                    <div class=\"lf-background\" style=\"background-image: url('https:\/\/stadtm.de\/Bad_Belzig\/wp-content\/uploads\/2025\/08\/Neuapostolische-Kirche-Berlin-768x503.jpg');\"><\/div>\r\n        \r\n        <div class=\"lf-item-info-2\">\r\n                            <div class=\"lf-avatar\" style=\"background-image: url('https:\/\/stadtm.de\/Bad_Belzig\/wp-content\/uploads\/2025\/08\/Neuapostolische-Kirche-Berlin1-150x150.jpg')\"><\/div>\r\n            \r\n            <h4 class=\"case27-primary-text listing-preview-title\">\r\n                Neuapostolische Kirche Berlin - Brandenburg                            <\/h4>\r\n\r\n                            <h6>Neuapostolische Kirche in Bad Belzig \u2013 Eine offene Kirchengemeinde f\u00fcr alle Generationen\r\nDie Kirchengemeinde&hellip;<\/h6>\r\n            \r\n            \r\n<ul class=\"lf-contact no-list-style\">\r\n\t            <li >\r\n            \t                \t<i class=\"icon-phone-outgoing sm-icon\"><\/i>\r\n            \t                +49 (30) 4468770            <\/li>\r\n                    <li >\r\n            \t                \t<i class=\"icon-location-pin-add-2 sm-icon\"><\/i>\r\n            \t                Br\u00fccker Landstr. 3f            <\/li>\r\n        <\/ul>\r\n        <\/div>\r\n\r\n    <\/a>\r\n        <div class=\"lf-head level-normal\">\r\n    \r\n                    <div class=\"lf-head-btn  open-status listing-status-closed\" >\r\n                    CLOSED                <\/div>\r\n            <\/div><\/div>\r\n\r\n        <div class=\"listing-details c27-footer-section\">\r\n            <ul class=\"c27-listing-preview-category-list no-list-style\">\r\n                <li>\r\n                    <a href=\"https:\/\/stadtm.de\/Bad_Belzig\/category\/stadt\/\">\r\n                        <span class=\"cat-icon\" style=\"background-color: #6c1cff;\">\r\n                            \t\t\t<i class=\"fa fa-city\" style=\"color: #fff; \"><\/i>\r\n\t\t                        <\/span>\r\n                        <span class=\"category-name\">Stadt<\/span>\r\n                    <\/a>\r\n                <\/li>\r\n\r\n                                    <li>\r\n                        <div class=\"categories-dropdown dropdown c27-more-categories\">\r\n                            <span class=\"tooltip-element\">\r\n                                <a href=\"#other-categories\">\r\n                                    <span class=\"cat-icon cat-more\">+1<\/span>\r\n                                <\/a>\r\n                                <span class=\"tooltip-container\">Kirche<\/span>\r\n                            <\/span>\r\n                        <\/div>\r\n                    <\/li>\r\n                            <\/ul>\r\n\r\n            <div class=\"ld-info\">\r\n                <ul class=\"no-list-style\">\r\n                                            <li class=\"item-preview tooltip-element\">\r\n    <a aria-label=\"Quick view button\" href=\"#\" type=\"button\" class=\"c27-toggle-quick-view-modal\" data-id=\"4051\">\r\n    \t<i class=\"mi zoom_in\"><\/i>\r\n    <\/a>\r\n    <span class=\"tooltip-container\">Quick view<\/span>\r\n<\/li>                                                                <li class=\"tooltip-element\">\r\n    <a aria-label=\"Bookmark button\" href=\"#\" class=\"c27-bookmark-button \"\r\n       data-listing-id=\"4051\" onclick=\"MyListing.Handlers.Bookmark_Button(event, this)\">\r\n       <i class=\"mi favorite_border\"><\/i>\r\n    <\/a>\r\n    <span class=\"tooltip-container\">Bookmark<\/span>\r\n<\/li>                                                        <\/ul>\r\n            <\/div>\r\n        <\/div>\r\n    <\/div>\r\n<\/div><div class=\"\"><div\r\n    class=\"lf-item-container listing-preview type-place-2 lf-type-2 has-logo has-tagline has-info-fields level-normal priority-0\"\r\n    data-id=\"listing-id-3979\"\r\n        data-category-icon=\"\t\t\t&lt;i class=&quot;fa fa-city&quot; style=&quot;color: #fff; background: #6c1cff; &quot;&gt;&lt;\/i&gt;\r\n\t\t\"\r\n    data-category-color=\"#6c1cff\"\r\n    data-category-text-color=\"#fff\"\r\n        data-thumbnail=\"https:\/\/stadtm.de\/Bad_Belzig\/wp-content\/uploads\/2025\/08\/Friedhof-Werbig-150x150.jpg\"\r\n    data-marker=\"https:\/\/stadtm.de\/Bad_Belzig\/wp-content\/uploads\/2025\/08\/Friedhof-Werbig-150x150.jpg\"\r\n    data-template=\"alternate\"\r\n    data-locations=\"[{&quot;address&quot;:&quot;Werbiger Dorfstra\\u00dfe, 14806 Bad Belzig \\\/ Werbig&quot;,&quot;lat&quot;:&quot;52.18850&quot;,&quot;lng&quot;:&quot;12.46438&quot;}]\"\r\n>\r\n<div class=\"lf-item lf-item-alternate\" data-template=\"alternate\">\r\n    <a href=\"https:\/\/stadtm.de\/Bad_Belzig\/listing\/friedhof-werbig\/\">\r\n\r\n        <div class=\"overlay\" style=\"\r\n    background-color: #242429;\r\n    opacity: 0.4;\r\n\"><\/div>\r\n        \r\n                    <div class=\"lf-background\" style=\"background-image: url('https:\/\/stadtm.de\/Bad_Belzig\/wp-content\/uploads\/2025\/08\/Friedhof-Werbig-768x550.jpg');\"><\/div>\r\n        \r\n        <div class=\"lf-item-info-2\">\r\n                            <div class=\"lf-avatar\" style=\"background-image: url('https:\/\/stadtm.de\/Bad_Belzig\/wp-content\/uploads\/2025\/08\/Friedhof-Werbig-150x150.jpg')\"><\/div>\r\n            \r\n            <h4 class=\"case27-primary-text listing-preview-title\">\r\n                Friedhof Werbig                            <\/h4>\r\n\r\n                            <h6>Friedhof Werbig in Bad Belzig \u2013 Ein Ort der Ruhe und Besinnung\r\nFriedhof Werbig \u2013 Kirchlicher Friedhof mit&hellip;<\/h6>\r\n            \r\n            \r\n<ul class=\"lf-contact no-list-style\">\r\n\t            <li >\r\n            \t                \t<i class=\"icon-location-pin-add-2 sm-icon\"><\/i>\r\n            \t                Werbiger Dorfstra\u00dfe            <\/li>\r\n        <\/ul>\r\n        <\/div>\r\n\r\n    <\/a>\r\n        <div class=\"lf-head level-normal\">\r\n    \r\n    <\/div><\/div>\r\n\r\n        <div class=\"listing-details c27-footer-section\">\r\n            <ul class=\"c27-listing-preview-category-list no-list-style\">\r\n                <li>\r\n                    <a href=\"https:\/\/stadtm.de\/Bad_Belzig\/category\/stadt\/\">\r\n                        <span class=\"cat-icon\" style=\"background-color: #6c1cff;\">\r\n                            \t\t\t<i class=\"fa fa-city\" style=\"color: #fff; \"><\/i>\r\n\t\t                        <\/span>\r\n                        <span class=\"category-name\">Stadt<\/span>\r\n                    <\/a>\r\n                <\/li>\r\n\r\n                                    <li>\r\n                        <div class=\"categories-dropdown dropdown c27-more-categories\">\r\n                            <span class=\"tooltip-element\">\r\n                                <a href=\"#other-categories\">\r\n                                    <span class=\"cat-icon cat-more\">+1<\/span>\r\n                                <\/a>\r\n                                <span class=\"tooltip-container\">Friedhof<\/span>\r\n                            <\/span>\r\n                        <\/div>\r\n                    <\/li>\r\n                            <\/ul>\r\n\r\n            <div class=\"ld-info\">\r\n                <ul class=\"no-list-style\">\r\n                                            <li class=\"item-preview tooltip-element\">\r\n    <a aria-label=\"Quick view button\" href=\"#\" type=\"button\" class=\"c27-toggle-quick-view-modal\" data-id=\"3979\">\r\n    \t<i class=\"mi zoom_in\"><\/i>\r\n    <\/a>\r\n    <span class=\"tooltip-container\">Quick view<\/span>\r\n<\/li>                                                                <li class=\"tooltip-element\">\r\n    <a aria-label=\"Bookmark button\" href=\"#\" class=\"c27-bookmark-button \"\r\n       data-listing-id=\"3979\" onclick=\"MyListing.Handlers.Bookmark_Button(event, this)\">\r\n       <i class=\"mi favorite_border\"><\/i>\r\n    <\/a>\r\n    <span class=\"tooltip-container\">Bookmark<\/span>\r\n<\/li>                                                        <\/ul>\r\n            <\/div>\r\n        <\/div>\r\n    <\/div>\r\n<\/div><div class=\"\"><div\r\n    class=\"lf-item-container listing-preview type-place-2 lf-type-2 has-logo has-tagline has-info-fields level-normal priority-0\"\r\n    data-id=\"listing-id-3702\"\r\n        data-category-icon=\"\t\t\t&lt;i class=&quot;fa fa-city&quot; style=&quot;color: #fff; background: #6c1cff; &quot;&gt;&lt;\/i&gt;\r\n\t\t\"\r\n    data-category-color=\"#6c1cff\"\r\n    data-category-text-color=\"#fff\"\r\n        data-thumbnail=\"https:\/\/stadtm.de\/Bad_Belzig\/wp-content\/uploads\/2025\/08\/Schiedsstelle-Bad-Belzig-150x150.jpg\"\r\n    data-marker=\"https:\/\/stadtm.de\/Bad_Belzig\/wp-content\/uploads\/2025\/08\/Schiedsstelle-Bad-Belzig-150x150.jpg\"\r\n    data-template=\"alternate\"\r\n    data-locations=\"[{&quot;address&quot;:&quot;Wiesenburger Str. 6, 14806 Bad Belzig&quot;,&quot;lat&quot;:&quot;52.14042&quot;,&quot;lng&quot;:&quot;12.58655&quot;}]\"\r\n>\r\n<div class=\"lf-item lf-item-alternate\" data-template=\"alternate\">\r\n    <a href=\"https:\/\/stadtm.de\/Bad_Belzig\/listing\/schiedsstelle\/\">\r\n\r\n        <div class=\"overlay\" style=\"\r\n    background-color: #242429;\r\n    opacity: 0.4;\r\n\"><\/div>\r\n        \r\n                    <div class=\"lf-background\" style=\"background-image: url('https:\/\/stadtm.de\/Bad_Belzig\/wp-content\/uploads\/2025\/08\/Schiedsstelle-Bad-Belzig-768x511.jpg');\"><\/div>\r\n        \r\n        <div class=\"lf-item-info-2\">\r\n                            <div class=\"lf-avatar\" style=\"background-image: url('https:\/\/stadtm.de\/Bad_Belzig\/wp-content\/uploads\/2025\/08\/Schiedsstelle-Bad-Belzig-150x150.jpg')\"><\/div>\r\n            \r\n            <h4 class=\"case27-primary-text listing-preview-title\">\r\n                Schiedsstelle                            <\/h4>\r\n\r\n                            <h6>Schiedsstelle Bad Belzig \u2013 Ihr Ansprechpartner f\u00fcr au\u00dfergerichtliche Streitbeilegung\r\nDie Schiedsstelle Bad&hellip;<\/h6>\r\n            \r\n            \r\n<ul class=\"lf-contact no-list-style\">\r\n\t            <li >\r\n            \t                \t<i class=\"icon-phone-outgoing sm-icon\"><\/i>\r\n            \t                +49 (33841) 35036            <\/li>\r\n                    <li >\r\n            \t                \t<i class=\"icon-location-pin-add-2 sm-icon\"><\/i>\r\n            \t                Wiesenburger Str. 6            <\/li>\r\n        <\/ul>\r\n        <\/div>\r\n\r\n    <\/a>\r\n        <div class=\"lf-head level-normal\">\r\n    \r\n    <\/div><\/div>\r\n\r\n        <div class=\"listing-details c27-footer-section\">\r\n            <ul class=\"c27-listing-preview-category-list no-list-style\">\r\n                <li>\r\n                    <a href=\"https:\/\/stadtm.de\/Bad_Belzig\/category\/stadt\/\">\r\n                        <span class=\"cat-icon\" style=\"background-color: #6c1cff;\">\r\n                            \t\t\t<i class=\"fa fa-city\" style=\"color: #fff; \"><\/i>\r\n\t\t                        <\/span>\r\n                        <span class=\"category-name\">Stadt<\/span>\r\n                    <\/a>\r\n                <\/li>\r\n\r\n                                    <li>\r\n                        <div class=\"categories-dropdown dropdown c27-more-categories\">\r\n                            <span class=\"tooltip-element\">\r\n                                <a href=\"#other-categories\">\r\n                                    <span class=\"cat-icon cat-more\">+1<\/span>\r\n                                <\/a>\r\n                                <span class=\"tooltip-container\">\u00d6ffentliche Einrichtungen<\/span>\r\n                            <\/span>\r\n                        <\/div>\r\n                    <\/li>\r\n                            <\/ul>\r\n\r\n            <div class=\"ld-info\">\r\n                <ul class=\"no-list-style\">\r\n                                            <li class=\"item-preview tooltip-element\">\r\n    <a aria-label=\"Quick view button\" href=\"#\" type=\"button\" class=\"c27-toggle-quick-view-modal\" data-id=\"3702\">\r\n    \t<i class=\"mi zoom_in\"><\/i>\r\n    <\/a>\r\n    <span class=\"tooltip-container\">Quick view<\/span>\r\n<\/li>                                                                <li class=\"tooltip-element\">\r\n    <a aria-label=\"Bookmark button\" href=\"#\" class=\"c27-bookmark-button \"\r\n       data-listing-id=\"3702\" onclick=\"MyListing.Handlers.Bookmark_Button(event, this)\">\r\n       <i class=\"mi favorite_border\"><\/i>\r\n    <\/a>\r\n    <span class=\"tooltip-container\">Bookmark<\/span>\r\n<\/li>                                                        <\/ul>\r\n            <\/div>\r\n        <\/div>\r\n    <\/div>\r\n<\/div><div class=\"\"><div\r\n    class=\"lf-item-container listing-preview type-place-2 lf-type-2 has-logo has-tagline has-info-fields level-normal priority-0\"\r\n    data-id=\"listing-id-3982\"\r\n        data-category-icon=\"\t\t\t&lt;i class=&quot;fa fa-city&quot; style=&quot;color: #fff; background: #6c1cff; &quot;&gt;&lt;\/i&gt;\r\n\t\t\"\r\n    data-category-color=\"#6c1cff\"\r\n    data-category-text-color=\"#fff\"\r\n        data-thumbnail=\"https:\/\/stadtm.de\/Bad_Belzig\/wp-content\/uploads\/2025\/08\/Gertraudten-Friedhof-Bad-Belzig-150x150.jpg\"\r\n    data-marker=\"https:\/\/stadtm.de\/Bad_Belzig\/wp-content\/uploads\/2025\/08\/Gertraudten-Friedhof-Bad-Belzig-150x150.jpg\"\r\n    data-template=\"alternate\"\r\n    data-locations=\"[{&quot;address&quot;:&quot;Brandenburger Stra\\u00dfe, 14806 Bad Belzig&quot;,&quot;lat&quot;:&quot;52.14355&quot;,&quot;lng&quot;:&quot;12.59127&quot;}]\"\r\n>\r\n<div class=\"lf-item lf-item-alternate\" data-template=\"alternate\">\r\n    <a href=\"https:\/\/stadtm.de\/Bad_Belzig\/listing\/gertraudten-friedhof-bad-belzig\/\">\r\n\r\n        <div class=\"overlay\" style=\"\r\n    background-color: #242429;\r\n    opacity: 0.4;\r\n\"><\/div>\r\n        \r\n                    <div class=\"lf-background\" style=\"background-image: url('https:\/\/stadtm.de\/Bad_Belzig\/wp-content\/uploads\/2025\/08\/Gertraudten-Friedhof-Bad-Belzig-768x550.jpg');\"><\/div>\r\n        \r\n        <div class=\"lf-item-info-2\">\r\n                            <div class=\"lf-avatar\" style=\"background-image: url('https:\/\/stadtm.de\/Bad_Belzig\/wp-content\/uploads\/2025\/08\/Gertraudten-Friedhof-Bad-Belzig-150x150.jpg')\"><\/div>\r\n            \r\n            <h4 class=\"case27-primary-text listing-preview-title\">\r\n                Gertraudten Friedhof Bad Belzig                            <\/h4>\r\n\r\n                            <h6>Gertraudter Friedhof in Bad Belzig \u2013 Ein Ort der stillen Einkehr\r\nGertraudter Friedhof \u2013 Ruhiger R\u00fcckzugsort&hellip;<\/h6>\r\n            \r\n            \r\n<ul class=\"lf-contact no-list-style\">\r\n\t            <li >\r\n            \t                \t<i class=\"icon-location-pin-add-2 sm-icon\"><\/i>\r\n            \t                Brandenburger Stra\u00dfe            <\/li>\r\n        <\/ul>\r\n        <\/div>\r\n\r\n    <\/a>\r\n        <div class=\"lf-head level-normal\">\r\n    \r\n    <\/div><\/div>\r\n\r\n        <div class=\"listing-details c27-footer-section\">\r\n            <ul class=\"c27-listing-preview-category-list no-list-style\">\r\n                <li>\r\n                    <a href=\"https:\/\/stadtm.de\/Bad_Belzig\/category\/stadt\/\">\r\n                        <span class=\"cat-icon\" style=\"background-color: #6c1cff;\">\r\n                            \t\t\t<i class=\"fa fa-city\" style=\"color: #fff; \"><\/i>\r\n\t\t                        <\/span>\r\n                        <span class=\"category-name\">Stadt<\/span>\r\n                    <\/a>\r\n                <\/li>\r\n\r\n                                    <li>\r\n                        <div class=\"categories-dropdown dropdown c27-more-categories\">\r\n                            <span class=\"tooltip-element\">\r\n                                <a href=\"#other-categories\">\r\n                                    <span class=\"cat-icon cat-more\">+1<\/span>\r\n                                <\/a>\r\n                                <span class=\"tooltip-container\">Friedhof<\/span>\r\n                            <\/span>\r\n                        <\/div>\r\n                    <\/li>\r\n                            <\/ul>\r\n\r\n            <div class=\"ld-info\">\r\n                <ul class=\"no-list-style\">\r\n                                            <li class=\"item-preview tooltip-element\">\r\n    <a aria-label=\"Quick view button\" href=\"#\" type=\"button\" class=\"c27-toggle-quick-view-modal\" data-id=\"3982\">\r\n    \t<i class=\"mi zoom_in\"><\/i>\r\n    <\/a>\r\n    <span class=\"tooltip-container\">Quick view<\/span>\r\n<\/li>                                                                <li class=\"tooltip-element\">\r\n    <a aria-label=\"Bookmark button\" href=\"#\" class=\"c27-bookmark-button \"\r\n       data-listing-id=\"3982\" onclick=\"MyListing.Handlers.Bookmark_Button(event, this)\">\r\n       <i class=\"mi favorite_border\"><\/i>\r\n    <\/a>\r\n    <span class=\"tooltip-container\">Bookmark<\/span>\r\n<\/li>                                                        <\/ul>\r\n            <\/div>\r\n        <\/div>\r\n    <\/div>\r\n<\/div><div class=\"\"><div\r\n    class=\"lf-item-container listing-preview type-place-2 lf-type-2 has-logo has-tagline has-info-fields level-normal priority-0\"\r\n    data-id=\"listing-id-4221\"\r\n        data-category-icon=\"\t\t\t&lt;i class=&quot;fa fa-city&quot; style=&quot;color: #fff; background: #6c1cff; &quot;&gt;&lt;\/i&gt;\r\n\t\t\"\r\n    data-category-color=\"#6c1cff\"\r\n    data-category-text-color=\"#fff\"\r\n        data-thumbnail=\"https:\/\/stadtm.de\/Bad_Belzig\/wp-content\/uploads\/2025\/08\/Spielplatz-Bad-Belzig-Hans-Marchwitza-Strasse1-150x150.jpg\"\r\n    data-marker=\"https:\/\/stadtm.de\/Bad_Belzig\/wp-content\/uploads\/2025\/08\/Spielplatz-Bad-Belzig-Hans-Marchwitza-Strasse1-150x150.jpg\"\r\n    data-template=\"alternate\"\r\n    data-locations=\"[{&quot;address&quot;:&quot;Hans-Marchwitza-Stra\\u00dfe, 14806 Bad Belzig&quot;,&quot;lat&quot;:&quot;52.13997&quot;,&quot;lng&quot;:&quot;12.60564&quot;}]\"\r\n>\r\n<div class=\"lf-item lf-item-alternate\" data-template=\"alternate\">\r\n    <a href=\"https:\/\/stadtm.de\/Bad_Belzig\/listing\/spielplatz-bad-belzig-hans-marchwitza-strasse\/\">\r\n\r\n        <div class=\"overlay\" style=\"\r\n    background-color: #242429;\r\n    opacity: 0.4;\r\n\"><\/div>\r\n        \r\n                    <div class=\"lf-background\" style=\"background-image: url('https:\/\/stadtm.de\/Bad_Belzig\/wp-content\/uploads\/2025\/08\/Spielplatz-Bad-Belzig-Hans-Marchwitza-Strasse-768x512.jpg');\"><\/div>\r\n        \r\n        <div class=\"lf-item-info-2\">\r\n                            <div class=\"lf-avatar\" style=\"background-image: url('https:\/\/stadtm.de\/Bad_Belzig\/wp-content\/uploads\/2025\/08\/Spielplatz-Bad-Belzig-Hans-Marchwitza-Strasse1-150x150.jpg')\"><\/div>\r\n            \r\n            <h4 class=\"case27-primary-text listing-preview-title\">\r\n                Spielplatz Bad Belzig - Hans-Marchwitza-Stra\u00dfe                            <\/h4>\r\n\r\n                            <h6>Spielplatz in der Hans-Marchwitza-Stra\u00dfe in Bad Belzig\r\nEin beliebter Treffpunkt f\u00fcr Kinder und Familien\r\nDer&hellip;<\/h6>\r\n            \r\n            \r\n<ul class=\"lf-contact no-list-style\">\r\n\t            <li >\r\n            \t                \t<i class=\"icon-location-pin-add-2 sm-icon\"><\/i>\r\n            \t                Hans-Marchwitza-Stra\u00dfe            <\/li>\r\n        <\/ul>\r\n        <\/div>\r\n\r\n    <\/a>\r\n        <div class=\"lf-head level-normal\">\r\n    \r\n    <\/div><\/div>\r\n\r\n        <div class=\"listing-details c27-footer-section\">\r\n            <ul class=\"c27-listing-preview-category-list no-list-style\">\r\n                <li>\r\n                    <a href=\"https:\/\/stadtm.de\/Bad_Belzig\/category\/stadt\/\">\r\n                        <span class=\"cat-icon\" style=\"background-color: #6c1cff;\">\r\n                            \t\t\t<i class=\"fa fa-city\" style=\"color: #fff; \"><\/i>\r\n\t\t                        <\/span>\r\n                        <span class=\"category-name\">Stadt<\/span>\r\n                    <\/a>\r\n                <\/li>\r\n\r\n                                    <li>\r\n                        <div class=\"categories-dropdown dropdown c27-more-categories\">\r\n                            <span class=\"tooltip-element\">\r\n                                <a href=\"#other-categories\">\r\n                                    <span class=\"cat-icon cat-more\">+1<\/span>\r\n                                <\/a>\r\n                                <span class=\"tooltip-container\">Spielplatz<\/span>\r\n                            <\/span>\r\n                        <\/div>\r\n                    <\/li>\r\n                            <\/ul>\r\n\r\n            <div class=\"ld-info\">\r\n                <ul class=\"no-list-style\">\r\n                                            <li class=\"item-preview tooltip-element\">\r\n    <a aria-label=\"Quick view button\" href=\"#\" type=\"button\" class=\"c27-toggle-quick-view-modal\" data-id=\"4221\">\r\n    \t<i class=\"mi zoom_in\"><\/i>\r\n    <\/a>\r\n    <span class=\"tooltip-container\">Quick view<\/span>\r\n<\/li>                                                                <li class=\"tooltip-element\">\r\n    <a aria-label=\"Bookmark button\" href=\"#\" class=\"c27-bookmark-button \"\r\n       data-listing-id=\"4221\" onclick=\"MyListing.Handlers.Bookmark_Button(event, this)\">\r\n       <i class=\"mi favorite_border\"><\/i>\r\n    <\/a>\r\n    <span class=\"tooltip-container\">Bookmark<\/span>\r\n<\/li>                                                        <\/ul>\r\n            <\/div>\r\n        <\/div>\r\n    <\/div>\r\n<\/div><div class=\"\"><div\r\n    class=\"lf-item-container listing-preview type-place-2 lf-type-2 has-logo has-tagline has-info-fields level-normal priority-0\"\r\n    data-id=\"listing-id-4251\"\r\n        data-category-icon=\"\t\t\t&lt;i class=&quot;fa fa-city&quot; style=&quot;color: #fff; background: #6c1cff; &quot;&gt;&lt;\/i&gt;\r\n\t\t\"\r\n    data-category-color=\"#6c1cff\"\r\n    data-category-text-color=\"#fff\"\r\n        data-thumbnail=\"https:\/\/stadtm.de\/Bad_Belzig\/wp-content\/uploads\/2025\/08\/Tennisplatz-Schwanebeck-150x150.jpg\"\r\n    data-marker=\"https:\/\/stadtm.de\/Bad_Belzig\/wp-content\/uploads\/2025\/08\/Tennisplatz-Schwanebeck-150x150.jpg\"\r\n    data-template=\"alternate\"\r\n    data-locations=\"[{&quot;address&quot;:&quot;Am Bach, 14806 Bad Belzig \\\/ Schwanebeck&quot;,&quot;lat&quot;:&quot;52.17525&quot;,&quot;lng&quot;:&quot;12.63131&quot;}]\"\r\n>\r\n<div class=\"lf-item lf-item-alternate\" data-template=\"alternate\">\r\n    <a href=\"https:\/\/stadtm.de\/Bad_Belzig\/listing\/tennisplatz-schwanebeck\/\">\r\n\r\n        <div class=\"overlay\" style=\"\r\n    background-color: #242429;\r\n    opacity: 0.4;\r\n\"><\/div>\r\n        \r\n                    <div class=\"lf-background\" style=\"background-image: url('https:\/\/stadtm.de\/Bad_Belzig\/wp-content\/uploads\/2025\/08\/Tennisplatz-Schwanebeck-768x513.jpg');\"><\/div>\r\n        \r\n        <div class=\"lf-item-info-2\">\r\n                            <div class=\"lf-avatar\" style=\"background-image: url('https:\/\/stadtm.de\/Bad_Belzig\/wp-content\/uploads\/2025\/08\/Tennisplatz-Schwanebeck-150x150.jpg')\"><\/div>\r\n            \r\n            <h4 class=\"case27-primary-text listing-preview-title\">\r\n                Tennisplatz Schwanebeck                            <\/h4>\r\n\r\n                            <h6>Tennisplatz Schwanebeck in Bad Belzig \u2013 Tennisspa\u00df in naturnaher Lage\r\nDer Tennisplatz Schwanebeck \u2013 Ihr Ort&hellip;<\/h6>\r\n            \r\n            \r\n<ul class=\"lf-contact no-list-style\">\r\n\t            <li >\r\n            \t                \t<i class=\"icon-location-pin-add-2 sm-icon\"><\/i>\r\n            \t                Am Bach            <\/li>\r\n        <\/ul>\r\n        <\/div>\r\n\r\n    <\/a>\r\n        <div class=\"lf-head level-normal\">\r\n    \r\n    <\/div><\/div>\r\n\r\n        <div class=\"listing-details c27-footer-section\">\r\n            <ul class=\"c27-listing-preview-category-list no-list-style\">\r\n                <li>\r\n                    <a href=\"https:\/\/stadtm.de\/Bad_Belzig\/category\/stadt\/\">\r\n                        <span class=\"cat-icon\" style=\"background-color: #6c1cff;\">\r\n                            \t\t\t<i class=\"fa fa-city\" style=\"color: #fff; \"><\/i>\r\n\t\t                        <\/span>\r\n                        <span class=\"category-name\">Stadt<\/span>\r\n                    <\/a>\r\n                <\/li>\r\n\r\n                                    <li>\r\n                        <div class=\"categories-dropdown dropdown c27-more-categories\">\r\n                            <span class=\"tooltip-element\">\r\n                                <a href=\"#other-categories\">\r\n                                    <span class=\"cat-icon cat-more\">+1<\/span>\r\n                                <\/a>\r\n                                <span class=\"tooltip-container\">Sportst\u00e4tte<\/span>\r\n                            <\/span>\r\n                        <\/div>\r\n                    <\/li>\r\n                            <\/ul>\r\n\r\n            <div class=\"ld-info\">\r\n                <ul class=\"no-list-style\">\r\n                                            <li class=\"item-preview tooltip-element\">\r\n    <a aria-label=\"Quick view button\" href=\"#\" type=\"button\" class=\"c27-toggle-quick-view-modal\" data-id=\"4251\">\r\n    \t<i class=\"mi zoom_in\"><\/i>\r\n    <\/a>\r\n    <span class=\"tooltip-container\">Quick view<\/span>\r\n<\/li>                                                                <li class=\"tooltip-element\">\r\n    <a aria-label=\"Bookmark button\" href=\"#\" class=\"c27-bookmark-button \"\r\n       data-listing-id=\"4251\" onclick=\"MyListing.Handlers.Bookmark_Button(event, this)\">\r\n       <i class=\"mi favorite_border\"><\/i>\r\n    <\/a>\r\n    <span class=\"tooltip-container\">Bookmark<\/span>\r\n<\/li>                                                        <\/ul>\r\n            <\/div>\r\n        <\/div>\r\n    <\/div>\r\n<\/div>\r\n\t\t\t\t\r\n\t\t\t<\/div>\r\n\t\t<\/div>\r\n\t<\/div>\r\n<\/section>\r\n\t\t\t\t<\/div>\n\t\t\t\t<\/div>\n\t\t\t\t\t<\/div>\n\t\t<\/div>\n\t\t\t\t\t<\/div>\n\t\t<\/section>\n\t\t\t\t<section class=\"elementor-section elementor-top-section elementor-element elementor-element-135aa42 elementor-section-boxed elementor-section-height-default elementor-section-height-default\" data-id=\"135aa42\" data-element_type=\"section\" data-e-type=\"section\" data-settings=\"{&quot;background_background&quot;:&quot;classic&quot;}\">\n\t\t\t\t\t\t<div class=\"elementor-container elementor-column-gap-default\">\n\t\t\t\t\t<div class=\"elementor-column elementor-col-100 elementor-top-column elementor-element elementor-element-2408401\" data-id=\"2408401\" data-element_type=\"column\" data-e-type=\"column\">\n\t\t\t<div class=\"elementor-widget-wrap elementor-element-populated\">\n\t\t\t\t\t\t<div class=\"elementor-element elementor-element-210821d elementor-widget elementor-widget-heading\" data-id=\"210821d\" data-element_type=\"widget\" data-e-type=\"widget\" data-widget_type=\"heading.default\">\n\t\t\t\t<div class=\"elementor-widget-container\">\n\t\t\t\t\t<h2 class=\"elementor-heading-title elementor-size-default\">Immer aktuell!<\/h2>\t\t\t\t<\/div>\n\t\t\t\t<\/div>\n\t\t\t\t<div class=\"elementor-element elementor-element-7a665cf elementor-widget elementor-widget-heading\" data-id=\"7a665cf\" data-element_type=\"widget\" data-e-type=\"widget\" data-widget_type=\"heading.default\">\n\t\t\t\t<div class=\"elementor-widget-container\">\n\t\t\t\t\t<h2 class=\"elementor-heading-title elementor-size-default\">Entdecken Sie die neusten Angebote in der ganzen Stadt\n<\/h2>\t\t\t\t<\/div>\n\t\t\t\t<\/div>\n\t\t\t\t<div class=\"elementor-element elementor-element-e2337af elementor-widget elementor-widget-case27-listing-feed-widget\" data-id=\"e2337af\" data-element_type=\"widget\" data-e-type=\"widget\" data-widget_type=\"case27-listing-feed-widget.default\">\n\t\t\t\t<div class=\"elementor-widget-container\">\n\t\t\t\t\t\r\n<section class=\"i-section listing-feed-2 \">\r\n\t<div class=\"container\">\r\n\t\t<div class=\"row section-body\">\r\n\t\t\t<div class=\"owl-carousel listing-feed-carousel c27-owl-nav\" owl-mobile=\"1\" owl-tablet=\"2\" owl-desktop=\"3\" owl-speed=\"5\" owl-loop=\"1\" owl-autoplay=\"\" nav-style=\"\" nav-mode=\"nav\">\r\n\t\t\t\t<div class=\"\"><div\r\n    class=\"lf-item-container listing-preview type-event  c27-verified no-logo has-tagline has-info-fields level-promoted priority-2\"\r\n    data-id=\"listing-id-4584\"\r\n        data-category-icon=\"\"\r\n    data-category-color=\"\"\r\n    data-category-text-color=\"\"\r\n        data-thumbnail=\"https:\/\/stadtm.de\/Bad_Belzig\/wp-content\/themes\/my-listing\/assets\/images\/marker.jpg\"\r\n    data-marker=\"https:\/\/stadtm.de\/Bad_Belzig\/wp-content\/themes\/my-listing\/assets\/images\/marker.jpg\"\r\n    data-template=\"default\"\r\n    data-locations=\"[{&quot;address&quot;:&quot;Forstweg 8a, 14806 Bad Belzig&quot;,&quot;lat&quot;:&quot;52.14726&quot;,&quot;lng&quot;:&quot;12.57353&quot;}]\"\r\n>\r\n<div class=\"lf-item lf-item-default\" data-template=\"default\">\r\n    <a href=\"https:\/\/stadtm.de\/Bad_Belzig\/listing\/gebrauchtfahrzeuge-befa-belziger-fahrzeugbau\/\">\r\n\r\n        <div class=\"overlay\" style=\"\r\n    background-color: #242429;\r\n    opacity: 0.4;\r\n\"><\/div>\r\n        \r\n                    <div class=\"lf-background\" style=\"background-image: url('https:\/\/stadtm.de\/Bad_Belzig\/wp-content\/uploads\/2025\/11\/Fahrzeugbau-Bad-Belzig3-768x346.jpg');\"><\/div>\r\n        \r\n        <div class=\"lf-item-info\">\r\n            \r\n            <h4 class=\"case27-primary-text listing-preview-title\">\r\n                Gebrauchtfahrzeuge - BEFA Belziger Fahrzeugbau                                    <img decoding=\"async\" height=\"18\" width=\"18\" alt=\"Verified listing\" class=\"verified-listing\" src=\"https:\/\/stadtm.de\/Bad_Belzig\/wp-content\/themes\/my-listing\/assets\/images\/tick.svg\">\r\n                            <\/h4>\r\n\r\n            \r\n<ul class=\"lf-contact no-list-style\">\r\n\t            <li >\r\n            \t                \t<i class=\"icon-location-pin-add-2 sm-icon\"><\/i>\r\n            \t                Forstweg 8a            <\/li>\r\n        <\/ul>\r\n        <\/div>\r\n\r\n    <\/a>\r\n        <div class=\"lf-head level-promoted\">\r\n            <span class=\"tooltip-element tooltip-bottom\">\r\n            <div class=\"lf-head-btn ad-badge\">\r\n                <span><i class=\"icon-flash\"><\/i><\/span>\r\n            <\/div>\r\n            <span class=\"tooltip-container\">Promoted<\/span>\r\n        <\/span>\r\n    \r\n    <\/div><\/div>\r\n\r\n\r\n                    <div class=\"event-host c27-footer-section\">\r\n                                    <a href=\"https:\/\/stadtm.de\/Bad_Belzig\/listing\/fahrzeugbau-befa-belziger-fahrzeugbau\/\">\r\n                                                    <div class=\"avatar\">\r\n                                <img decoding=\"async\" height=\"30\" width=\"30\" src=\"https:\/\/stadtm.de\/Bad_Belzig\/wp-content\/uploads\/2025\/11\/Fahrzeugbau-Bad-Belzig-1-150x150.jpg\" alt=\"Fahrzeugbau - BEFA Belziger Fahrzeugbau\">\r\n                            <\/div>\r\n                                                <span class=\"host-name\">Fahrzeugbau - BEFA Belziger Fahrzeugbau<\/span>\r\n                    <\/a>\r\n                \r\n                                    <div class=\"ld-info\">\r\n                        <ul class=\"no-list-style\">\r\n                                                            <li class=\"item-preview tooltip-element\">\r\n    <a aria-label=\"Quick view button\" href=\"#\" type=\"button\" class=\"c27-toggle-quick-view-modal\" data-id=\"4584\">\r\n    \t<i class=\"mi zoom_in\"><\/i>\r\n    <\/a>\r\n    <span class=\"tooltip-container\">Quick view<\/span>\r\n<\/li>                                                                                        <li class=\"tooltip-element\">\r\n    <a aria-label=\"Bookmark button\" href=\"#\" class=\"c27-bookmark-button \"\r\n       data-listing-id=\"4584\" onclick=\"MyListing.Handlers.Bookmark_Button(event, this)\">\r\n       <i class=\"mi favorite_border\"><\/i>\r\n    <\/a>\r\n    <span class=\"tooltip-container\">Bookmark<\/span>\r\n<\/li>                                                                                <\/ul>\r\n                    <\/div>\r\n                            <\/div>\r\n            <\/div>\r\n<\/div><div class=\"\"><div\r\n    class=\"lf-item-container listing-preview type-event  c27-verified no-logo has-tagline has-info-fields level-promoted priority-2\"\r\n    data-id=\"listing-id-3729\"\r\n        data-category-icon=\"\"\r\n    data-category-color=\"\"\r\n    data-category-text-color=\"\"\r\n        data-thumbnail=\"https:\/\/stadtm.de\/Bad_Belzig\/wp-content\/themes\/my-listing\/assets\/images\/marker.jpg\"\r\n    data-marker=\"https:\/\/stadtm.de\/Bad_Belzig\/wp-content\/themes\/my-listing\/assets\/images\/marker.jpg\"\r\n    data-template=\"default\"\r\n    data-locations=\"[{&quot;address&quot;:&quot;Weitzgrunder Str. 2, 14806 Bad Belzig&quot;,&quot;lat&quot;:&quot;52.14466&quot;,&quot;lng&quot;:&quot;12.59103&quot;}]\"\r\n>\r\n<div class=\"lf-item lf-item-default\" data-template=\"default\">\r\n    <a href=\"https:\/\/stadtm.de\/Bad_Belzig\/listing\/angebote-edeka-wipfli\/\">\r\n\r\n        <div class=\"overlay\" style=\"\r\n    background-color: #242429;\r\n    opacity: 0.4;\r\n\"><\/div>\r\n        \r\n                    <div class=\"lf-background\" style=\"background-image: url('https:\/\/stadtm.de\/Bad_Belzig\/wp-content\/uploads\/2025\/08\/Supermarkt-Bad-Belzig1-768x240.jpg');\"><\/div>\r\n        \r\n        <div class=\"lf-item-info\">\r\n            \r\n            <h4 class=\"case27-primary-text listing-preview-title\">\r\n                ANGEBOTE - Edeka Wipfli                                    <img decoding=\"async\" height=\"18\" width=\"18\" alt=\"Verified listing\" class=\"verified-listing\" src=\"https:\/\/stadtm.de\/Bad_Belzig\/wp-content\/themes\/my-listing\/assets\/images\/tick.svg\">\r\n                            <\/h4>\r\n\r\n            \r\n<ul class=\"lf-contact no-list-style\">\r\n\t            <li >\r\n            \t                \t<i class=\"icon-location-pin-add-2 sm-icon\"><\/i>\r\n            \t                Weitzgrunder Str. 2            <\/li>\r\n        <\/ul>\r\n        <\/div>\r\n\r\n    <\/a>\r\n        <div class=\"lf-head level-promoted\">\r\n            <span class=\"tooltip-element tooltip-bottom\">\r\n            <div class=\"lf-head-btn ad-badge\">\r\n                <span><i class=\"icon-flash\"><\/i><\/span>\r\n            <\/div>\r\n            <span class=\"tooltip-container\">Promoted<\/span>\r\n        <\/span>\r\n    \r\n    <\/div><\/div>\r\n\r\n\r\n                    <div class=\"event-host c27-footer-section\">\r\n                                    <a href=\"https:\/\/stadtm.de\/Bad_Belzig\/listing\/supermarkt-edeka-wipfli\/\">\r\n                                                    <div class=\"avatar\">\r\n                                <img decoding=\"async\" height=\"30\" width=\"30\" src=\"https:\/\/stadtm.de\/Bad_Belzig\/wp-content\/uploads\/2025\/08\/Supermarkt-Bad-Belzig-150x150.jpg\" alt=\"Supermarkt - Edeka Wipfli\">\r\n                            <\/div>\r\n                                                <span class=\"host-name\">Supermarkt - Edeka Wipfli<\/span>\r\n                    <\/a>\r\n                \r\n                                    <div class=\"ld-info\">\r\n                        <ul class=\"no-list-style\">\r\n                                                            <li class=\"item-preview tooltip-element\">\r\n    <a aria-label=\"Quick view button\" href=\"#\" type=\"button\" class=\"c27-toggle-quick-view-modal\" data-id=\"3729\">\r\n    \t<i class=\"mi zoom_in\"><\/i>\r\n    <\/a>\r\n    <span class=\"tooltip-container\">Quick view<\/span>\r\n<\/li>                                                                                        <li class=\"tooltip-element\">\r\n    <a aria-label=\"Bookmark button\" href=\"#\" class=\"c27-bookmark-button \"\r\n       data-listing-id=\"3729\" onclick=\"MyListing.Handlers.Bookmark_Button(event, this)\">\r\n       <i class=\"mi favorite_border\"><\/i>\r\n    <\/a>\r\n    <span class=\"tooltip-container\">Bookmark<\/span>\r\n<\/li>                                                                                <\/ul>\r\n                    <\/div>\r\n                            <\/div>\r\n            <\/div>\r\n<\/div><div class=\"\"><div\r\n    class=\"lf-item-container listing-preview type-event  c27-verified no-logo has-tagline has-info-fields level-promoted priority-2\"\r\n    data-id=\"listing-id-3628\"\r\n        data-category-icon=\"\"\r\n    data-category-color=\"\"\r\n    data-category-text-color=\"\"\r\n        data-thumbnail=\"https:\/\/stadtm.de\/Bad_Belzig\/wp-content\/themes\/my-listing\/assets\/images\/marker.jpg\"\r\n    data-marker=\"https:\/\/stadtm.de\/Bad_Belzig\/wp-content\/themes\/my-listing\/assets\/images\/marker.jpg\"\r\n    data-template=\"default\"\r\n    data-locations=\"false\"\r\n>\r\n<div class=\"lf-item lf-item-default\" data-template=\"default\">\r\n    <a href=\"https:\/\/stadtm.de\/Bad_Belzig\/listing\/aenderung-der-oeffnungszeiten-der-kita-waldwichtel\/\">\r\n\r\n        <div class=\"overlay\" style=\"\r\n    background-color: #242429;\r\n    opacity: 0.4;\r\n\"><\/div>\r\n        \r\n                    <div class=\"lf-background\" style=\"background-image: url('https:\/\/stadtm.de\/Bad_Belzig\/wp-content\/uploads\/2025\/07\/Aenderung-der-Oeffnungszeiten-768x515.jpg');\"><\/div>\r\n        \r\n        <div class=\"lf-item-info\">\r\n            \r\n            <h4 class=\"case27-primary-text listing-preview-title\">\r\n                \u00c4nderung der \u00d6ffnungszeiten der Kita \"Waldwichtel\"                                    <img decoding=\"async\" height=\"18\" width=\"18\" alt=\"Verified listing\" class=\"verified-listing\" src=\"https:\/\/stadtm.de\/Bad_Belzig\/wp-content\/themes\/my-listing\/assets\/images\/tick.svg\">\r\n                            <\/h4>\r\n\r\n            \r\n<ul class=\"lf-contact no-list-style\">\r\n\t<\/ul>\r\n        <\/div>\r\n\r\n    <\/a>\r\n        <div class=\"lf-head level-promoted\">\r\n            <span class=\"tooltip-element tooltip-bottom\">\r\n            <div class=\"lf-head-btn ad-badge\">\r\n                <span><i class=\"icon-flash\"><\/i><\/span>\r\n            <\/div>\r\n            <span class=\"tooltip-container\">Promoted<\/span>\r\n        <\/span>\r\n    \r\n    <\/div><\/div>\r\n\r\n\r\n                    <div class=\"event-host c27-footer-section\">\r\n                                    <a href=\"https:\/\/stadtm.de\/Bad_Belzig\/listing\/stadtverwaltung-bad-belzig\/\">\r\n                                                    <div class=\"avatar\">\r\n                                <img loading=\"lazy\" decoding=\"async\" height=\"30\" width=\"30\" src=\"https:\/\/stadtm.de\/Bad_Belzig\/wp-content\/uploads\/2025\/07\/Stadtverwaltung-Bad-Belzig1-150x150.jpg\" alt=\"Stadtverwaltung Bad Belzig\">\r\n                            <\/div>\r\n                                                <span class=\"host-name\">Stadtverwaltung Bad Belzig<\/span>\r\n                    <\/a>\r\n                \r\n                                    <div class=\"ld-info\">\r\n                        <ul class=\"no-list-style\">\r\n                                                            <li class=\"item-preview tooltip-element\">\r\n    <a aria-label=\"Quick view button\" href=\"#\" type=\"button\" class=\"c27-toggle-quick-view-modal\" data-id=\"3628\">\r\n    \t<i class=\"mi zoom_in\"><\/i>\r\n    <\/a>\r\n    <span class=\"tooltip-container\">Quick view<\/span>\r\n<\/li>                                                                                        <li class=\"tooltip-element\">\r\n    <a aria-label=\"Bookmark button\" href=\"#\" class=\"c27-bookmark-button \"\r\n       data-listing-id=\"3628\" onclick=\"MyListing.Handlers.Bookmark_Button(event, this)\">\r\n       <i class=\"mi favorite_border\"><\/i>\r\n    <\/a>\r\n    <span class=\"tooltip-container\">Bookmark<\/span>\r\n<\/li>                                                                                <\/ul>\r\n                    <\/div>\r\n                            <\/div>\r\n            <\/div>\r\n<\/div>\r\n\t\t\t\t<div class=\"item c27-blank-slide\"><\/div><div class=\"item c27-blank-slide\"><\/div>\r\n\t\t\t<\/div>\r\n\t\t<\/div>\r\n\t<\/div>\r\n<\/section>\r\n\t\t\t\t<\/div>\n\t\t\t\t<\/div>\n\t\t\t\t\t<\/div>\n\t\t<\/div>\n\t\t\t\t\t<\/div>\n\t\t<\/section>\n\t\t\t\t<section class=\"elementor-section elementor-top-section elementor-element elementor-element-0730b8c elementor-section-full_width elementor-section-height-default elementor-section-height-default\" data-id=\"0730b8c\" data-element_type=\"section\" data-e-type=\"section\" data-settings=\"{&quot;background_background&quot;:&quot;classic&quot;}\">\n\t\t\t\t\t\t<div class=\"elementor-container elementor-column-gap-default\">\n\t\t\t\t\t<div class=\"elementor-column elementor-col-100 elementor-top-column elementor-element elementor-element-96a0367\" data-id=\"96a0367\" data-element_type=\"column\" data-e-type=\"column\">\n\t\t\t<div class=\"elementor-widget-wrap elementor-element-populated\">\n\t\t\t\t\t\t<div class=\"elementor-element elementor-element-9bc8b9a elementor-widget-divider--view-line elementor-widget elementor-widget-divider\" data-id=\"9bc8b9a\" data-element_type=\"widget\" data-e-type=\"widget\" data-widget_type=\"divider.default\">\n\t\t\t\t<div class=\"elementor-widget-container\">\n\t\t\t\t\t\t\t<div class=\"elementor-divider\">\n\t\t\t<span class=\"elementor-divider-separator\">\n\t\t\t\t\t\t<\/span>\n\t\t<\/div>\n\t\t\t\t\t\t<\/div>\n\t\t\t\t<\/div>\n\t\t\t\t\t<\/div>\n\t\t<\/div>\n\t\t\t\t\t<\/div>\n\t\t<\/section>\n\t\t\t\t<section class=\"elementor-section elementor-top-section elementor-element elementor-element-ad26e3f elementor-section-full_width elementor-section-height-default elementor-section-height-default\" data-id=\"ad26e3f\" data-element_type=\"section\" data-e-type=\"section\" data-settings=\"{&quot;background_background&quot;:&quot;classic&quot;}\">\n\t\t\t\t\t\t<div class=\"elementor-container elementor-column-gap-default\">\n\t\t\t\t\t<div class=\"elementor-column elementor-col-100 elementor-top-column elementor-element elementor-element-a26b29e\" data-id=\"a26b29e\" data-element_type=\"column\" data-e-type=\"column\">\n\t\t\t<div class=\"elementor-widget-wrap elementor-element-populated\">\n\t\t\t\t\t\t<div class=\"elementor-element elementor-element-d8cbafb elementor-widget-divider--view-line elementor-widget elementor-widget-divider\" data-id=\"d8cbafb\" data-element_type=\"widget\" data-e-type=\"widget\" data-widget_type=\"divider.default\">\n\t\t\t\t<div class=\"elementor-widget-container\">\n\t\t\t\t\t\t\t<div class=\"elementor-divider\">\n\t\t\t<span class=\"elementor-divider-separator\">\n\t\t\t\t\t\t<\/span>\n\t\t<\/div>\n\t\t\t\t\t\t<\/div>\n\t\t\t\t<\/div>\n\t\t\t\t\t<\/div>\n\t\t<\/div>\n\t\t\t\t\t<\/div>\n\t\t<\/section>\n\t\t\t\t<section class=\"elementor-section elementor-top-section elementor-element elementor-element-5d86993 elementor-section-boxed elementor-section-height-default elementor-section-height-default\" data-id=\"5d86993\" data-element_type=\"section\" data-e-type=\"section\" data-settings=\"{&quot;background_background&quot;:&quot;classic&quot;}\">\n\t\t\t\t\t\t<div class=\"elementor-container elementor-column-gap-default\">\n\t\t\t\t\t<div class=\"elementor-column elementor-col-100 elementor-top-column elementor-element elementor-element-cfbae1e\" data-id=\"cfbae1e\" data-element_type=\"column\" data-e-type=\"column\">\n\t\t\t<div class=\"elementor-widget-wrap elementor-element-populated\">\n\t\t\t\t\t\t<div class=\"elementor-element elementor-element-a52f7e5 elementor-widget elementor-widget-heading\" data-id=\"a52f7e5\" data-element_type=\"widget\" data-e-type=\"widget\" data-widget_type=\"heading.default\">\n\t\t\t\t<div class=\"elementor-widget-container\">\n\t\t\t\t\t<h2 class=\"elementor-heading-title elementor-size-default\">Stellenangebote aus<span> Bad Belzig<\/span><\/h2>\t\t\t\t<\/div>\n\t\t\t\t<\/div>\n\t\t\t\t<div class=\"elementor-element elementor-element-f9f9a03 elementor-widget elementor-widget-heading\" data-id=\"f9f9a03\" data-element_type=\"widget\" data-e-type=\"widget\" data-widget_type=\"heading.default\">\n\t\t\t\t<div class=\"elementor-widget-container\">\n\t\t\t\t\t<h2 class=\"elementor-heading-title elementor-size-default\">Finde deinen neuen Traumjob<\/h2>\t\t\t\t<\/div>\n\t\t\t\t<\/div>\n\t\t\t\t<div class=\"elementor-element elementor-element-9d8b348 elementor-widget elementor-widget-case27-listing-feed-widget\" data-id=\"9d8b348\" data-element_type=\"widget\" data-e-type=\"widget\" data-widget_type=\"case27-listing-feed-widget.default\">\n\t\t\t\t<div class=\"elementor-widget-container\">\n\t\t\t\t\t\r\n<section class=\"i-section listing-feed-2 \">\r\n\t<div class=\"container\">\r\n\t\t<div class=\"row section-body\">\r\n\t\t\t<div class=\"owl-carousel listing-feed-carousel c27-owl-nav\" owl-mobile=\"1\" owl-tablet=\"2\" owl-desktop=\"3\" owl-speed=\"5\" owl-loop=\"1\" owl-autoplay=\"1\" nav-style=\"\" nav-mode=\"nav\">\r\n\t\t\t\t<div class=\"\"><div\r\n    class=\"lf-item-container listing-preview type-jobs  c27-verified has-logo has-tagline has-info-fields level-promoted priority-2\"\r\n    data-id=\"listing-id-3733\"\r\n        data-category-icon=\"\"\r\n    data-category-color=\"\"\r\n    data-category-text-color=\"\"\r\n        data-thumbnail=\"https:\/\/stadtm.de\/Bad_Belzig\/wp-content\/uploads\/2025\/08\/Supermarkt-Bad-Belzig-150x150.jpg\"\r\n    data-marker=\"https:\/\/stadtm.de\/Bad_Belzig\/wp-content\/uploads\/2025\/08\/Supermarkt-Bad-Belzig-150x150.jpg\"\r\n    data-template=\"default\"\r\n    data-locations=\"[{&quot;address&quot;:&quot;Weitzgrunder Str. 2, 14806 Bad Belzig&quot;,&quot;lat&quot;:&quot;52.14466&quot;,&quot;lng&quot;:&quot;12.59103&quot;}]\"\r\n>\r\n<div class=\"lf-item lf-item-default\" data-template=\"default\">\r\n    <a href=\"https:\/\/stadtm.de\/Bad_Belzig\/listing\/kassierer-edeka-wipfli\/\">\r\n\r\n        <div class=\"overlay\" style=\"\r\n    background-color: #242429;\r\n    opacity: 0.4;\r\n\"><\/div>\r\n        \r\n                    <div class=\"lf-background\" style=\"background-image: url('https:\/\/stadtm.de\/Bad_Belzig\/wp-content\/uploads\/2025\/08\/Supermarkt-Bad-Belzig1-768x240.jpg');\"><\/div>\r\n        \r\n        <div class=\"lf-item-info\">\r\n                            <div class=\"lf-avatar\" style=\"background-image: url('https:\/\/stadtm.de\/Bad_Belzig\/wp-content\/uploads\/2025\/08\/Supermarkt-Bad-Belzig-150x150.jpg')\"><\/div>\r\n            \r\n            <h4 class=\"case27-primary-text listing-preview-title\">\r\n                KASSIERER - Edeka Wipfli                                    <img decoding=\"async\" height=\"18\" width=\"18\" alt=\"Verified listing\" class=\"verified-listing\" src=\"https:\/\/stadtm.de\/Bad_Belzig\/wp-content\/themes\/my-listing\/assets\/images\/tick.svg\">\r\n                            <\/h4>\r\n\r\n            \r\n<ul class=\"lf-contact no-list-style\">\r\n\t            <li >\r\n            \t                \t<i class=\"icon-location-pin-check-2 sm-icon\"><\/i>\r\n            \t                Weitzgrunder Str. 2            <\/li>\r\n                    <li >\r\n            \t                \t<i class=\"icon-phone-outgoing sm-icon\"><\/i>\r\n            \t                +49 (33841) 3878810            <\/li>\r\n        <\/ul>\r\n        <\/div>\r\n\r\n    <\/a>\r\n        <div class=\"lf-head level-promoted\">\r\n            <span class=\"tooltip-element tooltip-bottom\">\r\n            <div class=\"lf-head-btn ad-badge\">\r\n                <span><i class=\"icon-flash\"><\/i><\/span>\r\n            <\/div>\r\n            <span class=\"tooltip-container\">Promoted<\/span>\r\n        <\/span>\r\n    \r\n    <\/div><\/div>\r\n\r\n<\/div>\r\n<\/div><div class=\"\"><div\r\n    class=\"lf-item-container listing-preview type-jobs  c27-verified has-logo has-tagline has-info-fields level-promoted priority-2\"\r\n    data-id=\"listing-id-3749\"\r\n        data-category-icon=\"\"\r\n    data-category-color=\"\"\r\n    data-category-text-color=\"\"\r\n        data-thumbnail=\"https:\/\/stadtm.de\/Bad_Belzig\/wp-content\/uploads\/2025\/07\/Autohaendler-Bad-Belzig-150x150.jpg\"\r\n    data-marker=\"https:\/\/stadtm.de\/Bad_Belzig\/wp-content\/uploads\/2025\/07\/Autohaendler-Bad-Belzig-150x150.jpg\"\r\n    data-template=\"default\"\r\n    data-locations=\"[{&quot;address&quot;:&quot;Im Gewerbepark Seedoche 2, 14806 Bad Belzig&quot;,&quot;lat&quot;:&quot;52.14634&quot;,&quot;lng&quot;:&quot;12.61284&quot;}]\"\r\n>\r\n<div class=\"lf-item lf-item-default\" data-template=\"default\">\r\n    <a href=\"https:\/\/stadtm.de\/Bad_Belzig\/listing\/kfz-mechatroniker-autohaus-schumann-2\/\">\r\n\r\n        <div class=\"overlay\" style=\"\r\n    background-color: #242429;\r\n    opacity: 0.4;\r\n\"><\/div>\r\n        \r\n                    <div class=\"lf-background\" style=\"background-image: url('https:\/\/stadtm.de\/Bad_Belzig\/wp-content\/uploads\/2025\/07\/Autohaendler-Bad-Belzig1-768x512.jpg');\"><\/div>\r\n        \r\n        <div class=\"lf-item-info\">\r\n                            <div class=\"lf-avatar\" style=\"background-image: url('https:\/\/stadtm.de\/Bad_Belzig\/wp-content\/uploads\/2025\/07\/Autohaendler-Bad-Belzig-150x150.jpg')\"><\/div>\r\n            \r\n            <h4 class=\"case27-primary-text listing-preview-title\">\r\n                KFZ-MECHATRONIKER - Autohaus Schumann                                    <img decoding=\"async\" height=\"18\" width=\"18\" alt=\"Verified listing\" class=\"verified-listing\" src=\"https:\/\/stadtm.de\/Bad_Belzig\/wp-content\/themes\/my-listing\/assets\/images\/tick.svg\">\r\n                            <\/h4>\r\n\r\n            \r\n<ul class=\"lf-contact no-list-style\">\r\n\t            <li >\r\n            \t                \t<i class=\"icon-location-pin-check-2 sm-icon\"><\/i>\r\n            \t                Im Gewerbepark Seedoche 2            <\/li>\r\n                    <li >\r\n            \t                \t<i class=\"icon-phone-outgoing sm-icon\"><\/i>\r\n            \t                +49 (33841) 588-0            <\/li>\r\n        <\/ul>\r\n        <\/div>\r\n\r\n    <\/a>\r\n        <div class=\"lf-head level-promoted\">\r\n            <span class=\"tooltip-element tooltip-bottom\">\r\n            <div class=\"lf-head-btn ad-badge\">\r\n                <span><i class=\"icon-flash\"><\/i><\/span>\r\n            <\/div>\r\n            <span class=\"tooltip-container\">Promoted<\/span>\r\n        <\/span>\r\n    \r\n    <\/div><\/div>\r\n\r\n<\/div>\r\n<\/div><div class=\"\"><div\r\n    class=\"lf-item-container listing-preview type-jobs  c27-verified has-logo has-tagline has-info-fields level-promoted priority-2\"\r\n    data-id=\"listing-id-4590\"\r\n        data-category-icon=\"\"\r\n    data-category-color=\"\"\r\n    data-category-text-color=\"\"\r\n        data-thumbnail=\"https:\/\/stadtm.de\/Bad_Belzig\/wp-content\/uploads\/2025\/11\/Fahrzeugbau-Bad-Belzig-1-150x150.jpg\"\r\n    data-marker=\"https:\/\/stadtm.de\/Bad_Belzig\/wp-content\/uploads\/2025\/11\/Fahrzeugbau-Bad-Belzig-1-150x150.jpg\"\r\n    data-template=\"default\"\r\n    data-locations=\"[{&quot;address&quot;:&quot;Forstweg 8a, 14806 Bad Belzig&quot;,&quot;lat&quot;:&quot;52.14726&quot;,&quot;lng&quot;:&quot;12.57353&quot;}]\"\r\n>\r\n<div class=\"lf-item lf-item-default\" data-template=\"default\">\r\n    <a href=\"https:\/\/stadtm.de\/Bad_Belzig\/listing\/ausbildung-kfz-mechatroniker-fuer-nutzfahrzeugtechnik-befa-belziger-fahrzeugbau\/\">\r\n\r\n        <div class=\"overlay\" style=\"\r\n    background-color: #242429;\r\n    opacity: 0.4;\r\n\"><\/div>\r\n        \r\n                    <div class=\"lf-background\" style=\"background-image: url('https:\/\/stadtm.de\/Bad_Belzig\/wp-content\/uploads\/2025\/11\/Fahrzeugbau-Bad-Belzig3-768x346.jpg');\"><\/div>\r\n        \r\n        <div class=\"lf-item-info\">\r\n                            <div class=\"lf-avatar\" style=\"background-image: url('https:\/\/stadtm.de\/Bad_Belzig\/wp-content\/uploads\/2025\/11\/Fahrzeugbau-Bad-Belzig-1-150x150.jpg')\"><\/div>\r\n            \r\n            <h4 class=\"case27-primary-text listing-preview-title\">\r\n                Ausbildung Kfz-Mechatroniker f\u00fcr Nutzfahrzeugtechnik - BEFA Belziger Fahrzeugbau                                    <img decoding=\"async\" height=\"18\" width=\"18\" alt=\"Verified listing\" class=\"verified-listing\" src=\"https:\/\/stadtm.de\/Bad_Belzig\/wp-content\/themes\/my-listing\/assets\/images\/tick.svg\">\r\n                            <\/h4>\r\n\r\n            \r\n<ul class=\"lf-contact no-list-style\">\r\n\t            <li >\r\n            \t                \t<i class=\"icon-location-pin-check-2 sm-icon\"><\/i>\r\n            \t                Forstweg 8a            <\/li>\r\n                    <li >\r\n            \t                \t<i class=\"icon-phone-outgoing sm-icon\"><\/i>\r\n            \t                +49 (33841) 606-0            <\/li>\r\n        <\/ul>\r\n        <\/div>\r\n\r\n    <\/a>\r\n        <div class=\"lf-head level-promoted\">\r\n            <span class=\"tooltip-element tooltip-bottom\">\r\n            <div class=\"lf-head-btn ad-badge\">\r\n                <span><i class=\"icon-flash\"><\/i><\/span>\r\n            <\/div>\r\n            <span class=\"tooltip-container\">Promoted<\/span>\r\n        <\/span>\r\n    \r\n    <\/div><\/div>\r\n\r\n<\/div>\r\n<\/div>\r\n\t\t\t\t<div class=\"item c27-blank-slide\"><\/div><div class=\"item c27-blank-slide\"><\/div>\r\n\t\t\t<\/div>\r\n\t\t<\/div>\r\n\t<\/div>\r\n<\/section>\r\n\t\t\t\t<\/div>\n\t\t\t\t<\/div>\n\t\t\t\t\t<\/div>\n\t\t<\/div>\n\t\t\t\t\t<\/div>\n\t\t<\/section>\n\t\t<div class=\"elementor-element elementor-element-77a2804 e-flex e-con-boxed e-con e-parent\" data-id=\"77a2804\" data-element_type=\"container\" data-e-type=\"container\">\n\t\t\t\t\t<div class=\"e-con-inner\">\n\t\t<div class=\"elementor-element elementor-element-802fd6c e-con-full e-flex e-con e-child\" data-id=\"802fd6c\" data-element_type=\"container\" data-e-type=\"container\">\n\t\t\t\t<\/div>\n\t\t\t\t<div class=\"elementor-element elementor-element-859d1c5 elementor-widget elementor-widget-heading\" data-id=\"859d1c5\" data-element_type=\"widget\" data-e-type=\"widget\" data-widget_type=\"heading.default\">\n\t\t\t\t<div class=\"elementor-widget-container\">\n\t\t\t\t\t<h2 class=\"elementor-heading-title elementor-size-default\">Stadtmagazin: Interessantes aus Bad Belzig<\/h2>\t\t\t\t<\/div>\n\t\t\t\t<\/div>\n\t\t\t\t<div class=\"elementor-element elementor-element-292bc02 elementor-widget-mobile__width-inherit elementor-widget elementor-widget-case27-blog-feed-widget\" data-id=\"292bc02\" data-element_type=\"widget\" data-e-type=\"widget\" data-widget_type=\"case27-blog-feed-widget.default\">\n\t\t\t\t<div class=\"elementor-widget-container\">\n\t\t\t\t\t\r\n<section class=\"i-section\">\r\n\t<div class=\"container-fluid\">\r\n\r\n\t\t\r\n\t\t\t<div class=\"row section-body grid\">\r\n\r\n\t\t\t\t\r\n<div class=\"col-md-6 col-sm-6 col-xs-12\">\r\n        <div class=\"single-blog-feed\">\r\n        <div class=\"sbf-container\">\r\n            <div class=\"lf-head\">\r\n                                                    <div class=\"lf-head-btn event-date\">\r\n                        <span class=\"e-month\">Juli<\/span>\r\n                        <span class=\"e-day\">31<\/span>\r\n                    <\/div>\r\n                                            <\/div>\r\n            <div class=\"sbf-thumb\">\r\n                <a aria-label=\"Link to blog article\" href=\"https:\/\/stadtm.de\/Bad_Belzig\/sehenswuerdigkeiten-bad-belzig\/\">\r\n                    <div class=\"overlay\"><\/div>\r\n                                            <div class=\"sbf-background\" style=\"background-image: url('https:\/\/stadtm.de\/Bad_Belzig\/wp-content\/uploads\/2025\/07\/Sehenswuerdigkeiten-Bad-Belzig-1-1024x682.jpg')\"><\/div>\r\n                                    <\/a>\r\n            <\/div>\r\n            <div class=\"sbf-title\">\r\n                <a href=\"https:\/\/stadtm.de\/Bad_Belzig\/sehenswuerdigkeiten-bad-belzig\/\" class=\"case27-primary-text\">Sehensw\u00fcrdigkeiten Bad Belzig<\/a>\r\n                <p>Sehensw\u00fcrdigkeiten Bad Belzig \u2013 Entdecke die Perle im Fl\u00e4ming Bad Belzig, idyllisch eingebettet im Herzen des Fl\u00e4ming, ist ein wahres Juwel f\u00fcr Tagesausfl\u00fcgler, Urlauber und Einheimische, die auf Entdeckungstour gehen m\u00f6chten. Wusstest du, dass Bad Belzig nicht nur f\u00fcr seine heilenden Thermalquellen bekannt ist, sondern auch eine reiche Geschichte und vielf\u00e4ltige Ausflugsziele zu bieten hat? [&hellip;]<\/p>\r\n            <\/div>\r\n\r\n            <div class=\"listing-details\">\r\n                <ul class=\"c27-listing-preview-category-list no-list-style\">\r\n                    \r\n                        <li>\r\n                            <a href=\"https:\/\/stadtm.de\/Bad_Belzig\/post-category\/magazin\/\">\r\n                                <span class=\"cat-icon\" style=\"background-color: #6c1cff;\">\r\n                                    \t\t\t<i class=\"mi bookmark_border\" style=\"color: #fff; \"><\/i>\r\n\t\t                                <\/span>\r\n                                <span class=\"category-name\">Magazin<\/span>\r\n                            <\/a>\r\n                        <\/li>\r\n\r\n                                                                    <\/ul>\r\n                <\/div>\r\n            <\/div>\r\n    <\/div>\r\n<\/div>\t\t\t\t\r\n<div class=\"col-md-6 col-sm-6 col-xs-12\">\r\n        <div class=\"single-blog-feed\">\r\n        <div class=\"sbf-container\">\r\n            <div class=\"lf-head\">\r\n                                                    <div class=\"lf-head-btn event-date\">\r\n                        <span class=\"e-month\">Juli<\/span>\r\n                        <span class=\"e-day\">31<\/span>\r\n                    <\/div>\r\n                                            <\/div>\r\n            <div class=\"sbf-thumb\">\r\n                <a aria-label=\"Link to blog article\" href=\"https:\/\/stadtm.de\/Bad_Belzig\/geschichte-bad-belzig\/\">\r\n                    <div class=\"overlay\"><\/div>\r\n                                            <div class=\"sbf-background\" style=\"background-image: url('https:\/\/stadtm.de\/Bad_Belzig\/wp-content\/uploads\/2025\/07\/Geschichte-Bad-Belzig-1024x683.jpg')\"><\/div>\r\n                                    <\/a>\r\n            <\/div>\r\n            <div class=\"sbf-title\">\r\n                <a href=\"https:\/\/stadtm.de\/Bad_Belzig\/geschichte-bad-belzig\/\" class=\"case27-primary-text\">Geschichte Bad Belzig<\/a>\r\n                <p>Geschichte Bad Belzig &#8211; Ein Blick auf die Historie der Stadt Bad Belzig, eine Stadt im Herzen Brandenburgs, blickt auf eine bewegte und facettenreiche Vergangenheit zur\u00fcck. Die Historie Bad Belzigs spiegelt die wechselvollen Zeiten wider, die von mittelalterlichen Anf\u00e4ngen \u00fcber industrielle Entwicklungen bis hin zur heutigen modernen Stadtentwicklung gepr\u00e4gt sind. F\u00fcr Einheimische, Touristen und historisch [&hellip;]<\/p>\r\n            <\/div>\r\n\r\n            <div class=\"listing-details\">\r\n                <ul class=\"c27-listing-preview-category-list no-list-style\">\r\n                    \r\n                        <li>\r\n                            <a href=\"https:\/\/stadtm.de\/Bad_Belzig\/post-category\/magazin\/\">\r\n                                <span class=\"cat-icon\" style=\"background-color: #6c1cff;\">\r\n                                    \t\t\t<i class=\"mi bookmark_border\" style=\"color: #fff; \"><\/i>\r\n\t\t                                <\/span>\r\n                                <span class=\"category-name\">Magazin<\/span>\r\n                            <\/a>\r\n                        <\/li>\r\n\r\n                                                                    <\/ul>\r\n                <\/div>\r\n            <\/div>\r\n    <\/div>\r\n<\/div>\t\t\t\t\r\n\t\t\t<\/div>\r\n\r\n\t\t\t<div class=\"blog-footer\">\r\n\r\n\t\t\t\t\r\n\t\t\t\t\t<div class=\"row project-changer\">\r\n\t\t\t\t\t\t<div class=\"text-center\">\r\n\t\t\t\t\t\t\t\t\t\t\t\t\t\t<\/div>\r\n\t\t\t\t\t\t<\/div>\r\n\r\n\t\t\t\t\r\n\t\t\t<\/div>\r\n\r\n\t\t\t\t\t\t\t\t\r\n\t<\/div>\r\n<\/section>\t\t\t\t<\/div>\n\t\t\t\t<\/div>\n\t\t\t\t<div class=\"elementor-element elementor-element-91ba94e elementor-widget__width-inherit elementor-align-justify elementor-widget elementor-widget-button\" data-id=\"91ba94e\" data-element_type=\"widget\" data-e-type=\"widget\" data-widget_type=\"button.default\">\n\t\t\t\t<div class=\"elementor-widget-container\">\n\t\t\t\t\t\t\t\t\t<div class=\"elementor-button-wrapper\">\n\t\t\t\t\t<a class=\"elementor-button elementor-button-link elementor-size-sm\" href=\"https:\/\/stadtm.de\/Bad_Belzig\/blog\/\">\n\t\t\t\t\t\t<span class=\"elementor-button-content-wrapper\">\n\t\t\t\t\t\t<span class=\"elementor-button-icon\">\n\t\t\t\t<svg aria-hidden=\"true\" class=\"e-font-icon-svg e-fas-book-open\" viewBox=\"0 0 576 512\" xmlns=\"http:\/\/www.w3.org\/2000\/svg\"><path d=\"M542.22 32.05c-54.8 3.11-163.72 14.43-230.96 55.59-4.64 2.84-7.27 7.89-7.27 13.17v363.87c0 11.55 12.63 18.85 23.28 13.49 69.18-34.82 169.23-44.32 218.7-46.92 16.89-.89 30.02-14.43 30.02-30.66V62.75c.01-17.71-15.35-31.74-33.77-30.7zM264.73 87.64C197.5 46.48 88.58 35.17 33.78 32.05 15.36 31.01 0 45.04 0 62.75V400.6c0 16.24 13.13 29.78 30.02 30.66 49.49 2.6 149.59 12.11 218.77 46.95 10.62 5.35 23.21-1.94 23.21-13.46V100.63c0-5.29-2.62-10.14-7.27-12.99z\"><\/path><\/svg>\t\t\t<\/span>\n\t\t\t\t\t\t\t\t\t<span class=\"elementor-button-text\">Weitere spannende Artikel<\/span>\n\t\t\t\t\t<\/span>\n\t\t\t\t\t<\/a>\n\t\t\t\t<\/div>\n\t\t\t\t\t\t\t\t<\/div>\n\t\t\t\t<\/div>\n\t\t\t\t\t<\/div>\n\t\t\t\t<\/div>\n\t\t<div class=\"elementor-element elementor-element-4dde77f e-flex e-con-boxed e-con e-parent\" data-id=\"4dde77f\" data-element_type=\"container\" data-e-type=\"container\">\n\t\t\t\t\t<div class=\"e-con-inner\">\n\t\t\t\t<div class=\"elementor-element elementor-element-8c61a63 elementor-widget-divider--view-line elementor-widget elementor-widget-divider\" data-id=\"8c61a63\" data-element_type=\"widget\" data-e-type=\"widget\" data-widget_type=\"divider.default\">\n\t\t\t\t<div class=\"elementor-widget-container\">\n\t\t\t\t\t\t\t<div class=\"elementor-divider\">\n\t\t\t<span class=\"elementor-divider-separator\">\n\t\t\t\t\t\t<\/span>\n\t\t<\/div>\n\t\t\t\t\t\t<\/div>\n\t\t\t\t<\/div>\n\t\t\t\t\t<\/div>\n\t\t\t\t<\/div>\n\t\t<div class=\"elementor-element elementor-element-aaa4550 e-flex e-con-boxed e-con e-parent\" data-id=\"aaa4550\" data-element_type=\"container\" data-e-type=\"container\">\n\t\t\t\t\t<div class=\"e-con-inner\">\n\t\t\t\t<div class=\"elementor-element elementor-element-001159c elementor-widget elementor-widget-text-editor\" data-id=\"001159c\" data-element_type=\"widget\" data-e-type=\"widget\" data-widget_type=\"text-editor.default\">\n\t\t\t\t<div class=\"elementor-widget-container\">\n\t\t\t\t\t\t\t\t\t<h2><strong data-start=\"85\" data-end=\"219\">Willkommen bei StadtM Bad Belzig \u2013 Ihrem interaktiven Stadtplan und digitalen Stadtmagazin f\u00fcr die Kur- und Kreisstadt Bad Belzig!<\/strong><\/h2><p><strong data-start=\"221\" data-end=\"286\">Erleben Sie Bad Belzig neu \u2013 nat\u00fcrlich, historisch, lebendig!<\/strong><br data-start=\"286\" data-end=\"289\" \/>StadtM ist Ihre zentrale Plattform f\u00fcr alles, was das Leben in Bad Belzig und dem sch\u00f6nen Fl\u00e4ming besonders macht. Ob Sie hier wohnen, zu Besuch sind oder einfach neugierig auf Brandenburgs charmante Kurstadt sind \u2013 mit StadtM entdecken Sie Bad Belzig auf moderne, interaktive Weise.<\/p><p>\ud83d\udccd <strong data-start=\"577\" data-end=\"603\">Interaktiver Stadtplan<\/strong><br data-start=\"603\" data-end=\"606\" \/>Mit unserem intuitiven Stadtplan finden Sie sich m\u00fchelos in Bad Belzig zurecht \u2013 vom historischen Stadtkern mit der imposanten Burg Eisenhardt bis zu den idyllischen Wanderwegen rund um die Stadt. Entdecken Sie Caf\u00e9s, Restaurants, L\u00e4den, Kulturorte, Sehensw\u00fcrdigkeiten und Freizeitangebote auf einen Blick. Einfach filtern, gezielt suchen und Ihre pers\u00f6nlichen Lieblingsorte finden \u2013 ganz nach Ihrem Geschmack.<\/p><p>\ud83d\udcf0 <strong data-start=\"1021\" data-end=\"1047\">Digitales Stadtmagazin<\/strong><br data-start=\"1047\" data-end=\"1050\" \/>Bleiben Sie immer gut informiert! Unser StadtMagazin bringt die aktuellen Themen aus Bad Belzig direkt auf Ihren Bildschirm: Geschichten \u00fcber engagierte Menschen, Einblicke in das Stadtleben, Tipps zu Veranstaltungen, kulturellen Highlights und besondere Empfehlungen aus der Region. Echt, nah und mit Herz f\u00fcr den Fl\u00e4ming.<\/p><p>\ud83c\udf89 <strong data-start=\"1378\" data-end=\"1410\">Veranstaltungen &amp; Highlights<\/strong><br data-start=\"1410\" data-end=\"1413\" \/>Vom Bad Belziger Altstadtfest \u00fcber Open-Air-Kino bis zu Konzerten auf der Burg \u2013 mit StadtM verpassen Sie kein Highlight. Entdecken Sie, was in der Stadt los ist, und erleben Sie Bad Belzig als lebendigen Ort voller Kultur, Geschichte und Naturerlebnisse.<\/p><p>\ud83c\udf3f <strong data-start=\"1673\" data-end=\"1710\">Tipps f\u00fcr Ausfl\u00fcge &amp; Entdeckungen<\/strong><br data-start=\"1710\" data-end=\"1713\" \/>Lust auf einen Spaziergang durch die Natur, einen Besuch in der SteinTherme oder eine Radtour durch den Naturpark Hoher Fl\u00e4ming? StadtM liefert Ideen f\u00fcr Ihre Freizeit \u2013 ob geplant oder spontan, ob als Gast oder Einheimischer.<\/p><p>\ud83e\udd1d <strong data-start=\"1944\" data-end=\"1978\">Gemeinsam Bad Belzig gestalten<\/strong><br data-start=\"1978\" data-end=\"1981\" \/>StadtM ist mehr als ein Stadtplan \u2013 es ist ein digitales Zuhause f\u00fcr alle, die sich mit Bad Belzig verbunden f\u00fchlen. Teilen Sie Ihre Lieblingsorte, Erlebnisse und Tipps, unterst\u00fctzen Sie lokale Anbieter und st\u00e4rken Sie das Miteinander in unserer Stadt.<\/p><p>Starten Sie Ihre Entdeckungsreise durch Bad Belzig \u2013 mit dem interaktiven Stadtplan und dem digitalen Stadtmagazin, das informiert, verbindet und inspiriert.<\/p><p><strong data-start=\"2394\" data-end=\"2438\">Erleben Sie Bad Belzig neu \u2013 mit StadtM!<\/strong><\/p>\t\t\t\t\t\t\t\t<\/div>\n\t\t\t\t<\/div>\n\t\t\t\t\t<\/div>\n\t\t\t\t<\/div>\n\t\t\t\t<\/div>\n\t\t","protected":false},"excerpt":{"rendered":"<p>Bad Belzig StadtM \u2013 Stadtplan und Stadtmagazin HANDWERK &#8211; MENSCHEN &#8211; REGION &#8211; KULTUR Zur \u00dcbersicht Entdecken Sie die Stadt Bad Belzig Nach Kategorien filtern Stadt Sehensw\u00fcrdigkeiten \u00d6ffentliche Einrichtungen Kinderbetreuung Schule Spielpl\u00e4tze Sportst\u00e4tte Freizeiteinrichtungen Branchen\/Firmen, die wir Ihnen besonders empfehlen Handverlesene Orte von unserem Team Friedhof Preu\u00dfnitz Friedhof Preu\u00dfnitz in Bad Belzig \u2013 Ein Ort [&hellip;]<\/p>\n","protected":false},"author":3,"featured_media":3548,"parent":0,"menu_order":0,"comment_status":"closed","ping_status":"closed","template":"","meta":{"footnotes":""},"class_list":["post-4740","page","type-page","status-publish","has-post-thumbnail","hentry"],"acf":[],"_links":{"self":[{"href":"https:\/\/stadtm.de\/Bad_Belzig\/wp-json\/wp\/v2\/pages\/4740","targetHints":{"allow":["GET"]}}],"collection":[{"href":"https:\/\/stadtm.de\/Bad_Belzig\/wp-json\/wp\/v2\/pages"}],"about":[{"href":"https:\/\/stadtm.de\/Bad_Belzig\/wp-json\/wp\/v2\/types\/page"}],"author":[{"embeddable":true,"href":"https:\/\/stadtm.de\/Bad_Belzig\/wp-json\/wp\/v2\/users\/3"}],"replies":[{"embeddable":true,"href":"https:\/\/stadtm.de\/Bad_Belzig\/wp-json\/wp\/v2\/comments?post=4740"}],"version-history":[{"count":46,"href":"https:\/\/stadtm.de\/Bad_Belzig\/wp-json\/wp\/v2\/pages\/4740\/revisions"}],"predecessor-version":[{"id":4793,"href":"https:\/\/stadtm.de\/Bad_Belzig\/wp-json\/wp\/v2\/pages\/4740\/revisions\/4793"}],"wp:featuredmedia":[{"embeddable":true,"href":"https:\/\/stadtm.de\/Bad_Belzig\/wp-json\/wp\/v2\/media\/3548"}],"wp:attachment":[{"href":"https:\/\/stadtm.de\/Bad_Belzig\/wp-json\/wp\/v2\/media?parent=4740"}],"curies":[{"name":"wp","href":"https:\/\/api.w.org\/{rel}","templated":true}]}}