{"id":127,"date":"2024-10-24T10:00:26","date_gmt":"2024-10-24T10:00:26","guid":{"rendered":"https:\/\/stadtm.de\/SG_Flotwedel\/home-2\/"},"modified":"2026-04-22T14:16:39","modified_gmt":"2026-04-22T12:16:39","slug":"sg-flotwedel-stadtplan-und-stadtmagazin","status":"publish","type":"page","link":"https:\/\/stadtm.de\/Bad_Belzig\/","title":{"rendered":"Stadtplan und Stadtmagazin"},"content":{"rendered":"\t\t<div data-elementor-type=\"wp-page\" data-elementor-id=\"127\" class=\"elementor elementor-127\">\n\t\t\t\t\t\t<section class=\"elementor-section elementor-top-section elementor-element elementor-element-2woam06 elementor-section-content-middle elementor-section-boxed elementor-section-height-default elementor-section-height-default\" data-id=\"2woam06\" data-element_type=\"section\" data-e-type=\"section\" data-settings=\"{&quot;background_background&quot;:&quot;classic&quot;}\">\n\t\t\t\t\t\t\t<div class=\"elementor-background-overlay\"><\/div>\n\t\t\t\t\t\t\t<div class=\"elementor-container elementor-column-gap-no\">\n\t\t\t\t\t<div class=\"elementor-column elementor-col-100 elementor-top-column elementor-element elementor-element-9b1306f\" data-id=\"9b1306f\" data-element_type=\"column\" data-e-type=\"column\">\n\t\t\t<div class=\"elementor-widget-wrap elementor-element-populated\">\n\t\t\t\t\t\t<div class=\"elementor-element elementor-element-cc73ae3 elementor-widget elementor-widget-heading\" data-id=\"cc73ae3\" data-element_type=\"widget\" data-e-type=\"widget\" data-widget_type=\"heading.default\">\n\t\t\t\t<div class=\"elementor-widget-container\">\n\t\t\t\t\t<h2 class=\"elementor-heading-title elementor-size-default\">Bad Belzig<\/h2>\t\t\t\t<\/div>\n\t\t\t\t<\/div>\n\t\t\t\t<div class=\"elementor-element elementor-element-83b0b8f elementor-widget elementor-widget-text-editor\" data-id=\"83b0b8f\" data-element_type=\"widget\" data-e-type=\"widget\" data-widget_type=\"text-editor.default\">\n\t\t\t\t<div class=\"elementor-widget-container\">\n\t\t\t\t\t\t\t\t\t<p style=\"text-align: center;\"><span style=\"color: #ffffff; font-size: 24pt;\"><strong>Stadt<em>M<\/em> \u2013 Stadtplan und Stadtmagazin<\/strong><\/span><\/p>\t\t\t\t\t\t\t\t<\/div>\n\t\t\t\t<\/div>\n\t\t\t\t<div class=\"elementor-element elementor-element-b39a53b elementor-widget elementor-widget-text-editor\" data-id=\"b39a53b\" data-element_type=\"widget\" data-e-type=\"widget\" data-widget_type=\"text-editor.default\">\n\t\t\t\t<div class=\"elementor-widget-container\">\n\t\t\t\t\t\t\t\t\t<p style=\"text-align: center;\"><span style=\"font-size: 18pt;\"><strong><span style=\"color: #ffffff;\">HANDWERK &#8211; MENSCHEN &#8211; REGION &#8211; KULTUR<\/span><\/strong><\/span><\/p>\t\t\t\t\t\t\t\t<\/div>\n\t\t\t\t<\/div>\n\t\t\t\t<div class=\"elementor-element elementor-element-2f541b0 elementor-align-center elementor-widget elementor-widget-button\" data-id=\"2f541b0\" data-element_type=\"widget\" data-e-type=\"widget\" data-widget_type=\"button.default\">\n\t\t\t\t<div class=\"elementor-widget-container\">\n\t\t\t\t\t\t\t\t\t<div class=\"elementor-button-wrapper\">\n\t\t\t\t\t<a class=\"elementor-button elementor-button-link elementor-size-sm\" href=\"https:\/\/stadtm.de\/Bad_Belzig\/kommunal\">\n\t\t\t\t\t\t<span class=\"elementor-button-content-wrapper\">\n\t\t\t\t\t\t\t\t\t<span class=\"elementor-button-text\">Kommunal<\/span>\n\t\t\t\t\t<\/span>\n\t\t\t\t\t<\/a>\n\t\t\t\t<\/div>\n\t\t\t\t\t\t\t\t<\/div>\n\t\t\t\t<\/div>\n\t\t\t\t<div class=\"elementor-element elementor-element-1ad38d2 elementor-widget elementor-widget-shortcode\" data-id=\"1ad38d2\" data-element_type=\"widget\" data-e-type=\"widget\" data-widget_type=\"shortcode.default\">\n\t\t\t\t<div class=\"elementor-widget-container\">\n\t\t\t\t\t\t\t<div class=\"elementor-shortcode\">\r\n<div class=\"mylisting-basic-form text-center\" :class=\"tabMode==='dark'?'featured-light':tabMode\"\r\n\tdata-listing-types=\"{&quot;place&quot;:{&quot;id&quot;:140,&quot;name&quot;:&quot;Orte&quot;,&quot;icon&quot;:&quot;\\t\\t\\t&lt;i class=\\&quot;icon-location-pin-check-2\\&quot;&gt;&lt;\\\/i&gt;\\r\\n\\t\\t&quot;,&quot;slug&quot;:&quot;place&quot;,&quot;filters&quot;:{&quot;search_keywords&quot;:&quot;&quot;,&quot;category&quot;:&quot;&quot;},&quot;submit_to&quot;:&quot;&quot;},&quot;jobs&quot;:{&quot;id&quot;:138,&quot;name&quot;:&quot;Jobs&quot;,&quot;icon&quot;:&quot;\\t\\t\\t&lt;i class=\\&quot;icon-user-magnify\\&quot;&gt;&lt;\\\/i&gt;\\r\\n\\t\\t&quot;,&quot;slug&quot;:&quot;jobs&quot;,&quot;filters&quot;:{&quot;category&quot;:&quot;&quot;,&quot;search_keywords&quot;:&quot;&quot;},&quot;submit_to&quot;:&quot;&quot;},&quot;place-2&quot;:{&quot;id&quot;:3385,&quot;name&quot;:&quot;Kommunales&quot;,&quot;icon&quot;:&quot;\\t\\t\\t&lt;i class=\\&quot;mi location_city\\&quot;&gt;&lt;\\\/i&gt;\\r\\n\\t\\t&quot;,&quot;slug&quot;:&quot;place-2&quot;,&quot;filters&quot;:{&quot;search_keywords&quot;:&quot;&quot;,&quot;category&quot;:&quot;&quot;},&quot;submit_to&quot;:&quot;&quot;}}\"\r\n\tdata-config=\"{&quot;form_id&quot;:&quot;sform-LVg1d&quot;,&quot;tabs_mode&quot;:&quot;light&quot;,&quot;types_display&quot;:&quot;tabs&quot;,&quot;box_shadow&quot;:true,&quot;target_url&quot;:&quot;https:\\\/\\\/stadtm.de\\\/Bad_Belzig\\\/explore\\\/&quot;}\"\r\n\tv-cloak>\r\n\t<div class=\"featured-search wide\">\r\n\t\t<div class=\"fs-tabs\">\r\n\t\t\t\t\t\t\t<ul class=\"nav nav-tabs cts-carousel no-list-style\" role=\"tablist\">\r\n\t\t\t\t\t<li v-for=\"listingType, key in types\" role=\"presentation\" :class=\"activeType.id===listingType.id?'active':''\">\r\n\t\t\t\t\t\t<a role=\"tab\" @click=\"activeType=listingType\">\r\n\t\t\t\t\t\t\t<div class=\"lt-icon\" v-html=\"listingType.icon\"><\/div>\r\n\t\t\t\t\t\t\t{{ listingType.name }}\r\n\t\t\t\t\t\t<\/a>\r\n\t\t\t\t\t<\/li>\r\n\t\t\t\t\t<li role=\"presentation\" class=\"cts-prev\">prev<\/li>\r\n\t\t\t\t\t<li role=\"presentation\" class=\"cts-next\">next<\/li>\r\n\t\t\t\t<\/ul>\r\n\t\t\t\r\n\t\t\t<div class=\"tab-content\" :class=\"boxShadow?'add-box-shadow':''\">\r\n\t\t\t\t\t\t\t\t\t<div role=\"tabpanel\" class=\"tab-pane fade in filter-count-3\"\r\n\t\t\t\t\t\t:class=\"activeType.id===140?'active':''\">\r\n\r\n\t\t\t\t\t\t<form method=\"GET\">\r\n\t\t\t\t\t\t\t\r\n\t\t\t\t\t\t\t\t\t\t\t\t\t\t\t\t\t\t\t\t\t\t\t\r\n<wp-search-filter\r\n    listing-type=\"place\"\r\n    filter-key=\"search_keywords\"\r\n    location=\"basic-form\"\r\n    label=\"Suchen\"\r\n    @input=\"filterChanged\"\r\n    inline-template\r\n>\r\n    <div v-if=\"location === 'primary-filter'\" class=\"explore-head-search\">\r\n        <i class=\"mi search\"><\/i>\r\n        <input required ref=\"input\" type=\"text\" :placeholder=\"label\"\r\n            :value=\"filters[filterKey]\" @input=\"updateInput\">\r\n    <\/div>\r\n    <div v-else class=\"form-group explore-filter wp-search-filter md-group\">\r\n        <input :aria-label=\"label\" required ref=\"input\" type=\"text\"\r\n            :value=\"filters[filterKey]\" @input=\"updateInput\">\r\n        <label>{{label}}<\/label>\r\n    <\/div>\r\n<\/wp-search-filter>\r\n\t\t\t\t\t\t\t\t\t\t\t\t\t\t\t\t\t\t\t\t\t\t\t\r\n<dropdown-hierarchy-filter\r\n    listing-type=\"place\"\r\n    filter-key=\"category\"\r\n    location=\"basic-form\"\r\n    label=\"Kategorie\"\r\n    pre-selected=\"[]\"\r\n    ajax-params=\"{&quot;taxonomy&quot;:&quot;job_listing_category&quot;,&quot;listing-type-id&quot;:140,&quot;orderby&quot;:&quot;count&quot;,&quot;order&quot;:&quot;DESC&quot;,&quot;hide_empty&quot;:&quot;yes&quot;,&quot;term-value&quot;:&quot;slug&quot;,&quot;parent&quot;:0}\"\r\n    @input=\"filterChanged\"\r\n    inline-template\r\n>\r\n    <div class=\"cts-term-hierarchy form-group md-group\">\r\n        <input type=\"text\" required ref=\"input\" data-placeholder=\" \"\r\n            class=\"hide\"\r\n            :data-template=\"location==='advanced-form'?'default':'alternate'\"\r\n            :data-selected=\"preSelected\"\r\n            :data-mylisting-ajax-params=\"ajaxParams\"\r\n            @termhierarchy:change=\"handleChange\"\r\n        >\r\n        <label>{{label}}<\/label>\r\n    <\/div>\r\n<\/dropdown-hierarchy-filter>\t\t\t\t\t\t\t\r\n\t\t\t\t\t\t\t<div class=\"form-group\">\r\n\t\t\t\t\t\t\t\t<button class=\"buttons button-2 search\" @click.prevent=\"submit\">\r\n\t\t\t\t\t\t\t\t\t<i class=\"mi search\"><\/i>\r\n\t\t\t\t\t\t\t\t\tSuchen\t\t\t\t\t\t\t\t<\/button>\r\n\t\t\t\t\t\t\t<\/div>\r\n\t\t\t\t\t\t<\/form>\r\n\t\t\t\t\t<\/div>\r\n\t\t\t\t\t\t\t\t\t<div role=\"tabpanel\" class=\"tab-pane fade in filter-count-3\"\r\n\t\t\t\t\t\t:class=\"activeType.id===138?'active':''\">\r\n\r\n\t\t\t\t\t\t<form method=\"GET\">\r\n\t\t\t\t\t\t\t\r\n\t\t\t\t\t\t\t\t\t\t\t\t\t\t\t\t\t\t\t\t\t\t\t\r\n<dropdown-hierarchy-filter\r\n    listing-type=\"jobs\"\r\n    filter-key=\"category\"\r\n    location=\"basic-form\"\r\n    label=\"Kategorie\"\r\n    pre-selected=\"[]\"\r\n    ajax-params=\"{&quot;taxonomy&quot;:&quot;job_listing_category&quot;,&quot;listing-type-id&quot;:138,&quot;orderby&quot;:&quot;count&quot;,&quot;order&quot;:&quot;DESC&quot;,&quot;hide_empty&quot;:&quot;&quot;,&quot;term-value&quot;:&quot;slug&quot;,&quot;parent&quot;:0}\"\r\n    @input=\"filterChanged\"\r\n    inline-template\r\n>\r\n    <div class=\"cts-term-hierarchy form-group md-group\">\r\n        <input type=\"text\" required ref=\"input\" data-placeholder=\" \"\r\n            class=\"hide\"\r\n            :data-template=\"location==='advanced-form'?'default':'alternate'\"\r\n            :data-selected=\"preSelected\"\r\n            :data-mylisting-ajax-params=\"ajaxParams\"\r\n            @termhierarchy:change=\"handleChange\"\r\n        >\r\n        <label>{{label}}<\/label>\r\n    <\/div>\r\n<\/dropdown-hierarchy-filter>\t\t\t\t\t\t\t\t\t\t\t\t\t\t\t\t\t\t\t\t\t\t\t\r\n<wp-search-filter\r\n    listing-type=\"jobs\"\r\n    filter-key=\"search_keywords\"\r\n    location=\"basic-form\"\r\n    label=\"Suchen...\"\r\n    @input=\"filterChanged\"\r\n    inline-template\r\n>\r\n    <div v-if=\"location === 'primary-filter'\" class=\"explore-head-search\">\r\n        <i class=\"mi search\"><\/i>\r\n        <input required ref=\"input\" type=\"text\" :placeholder=\"label\"\r\n            :value=\"filters[filterKey]\" @input=\"updateInput\">\r\n    <\/div>\r\n    <div v-else class=\"form-group explore-filter wp-search-filter md-group\">\r\n        <input :aria-label=\"label\" required ref=\"input\" type=\"text\"\r\n            :value=\"filters[filterKey]\" @input=\"updateInput\">\r\n        <label>{{label}}<\/label>\r\n    <\/div>\r\n<\/wp-search-filter>\r\n\t\t\t\t\t\t\t\r\n\t\t\t\t\t\t\t<div class=\"form-group\">\r\n\t\t\t\t\t\t\t\t<button class=\"buttons button-2 search\" @click.prevent=\"submit\">\r\n\t\t\t\t\t\t\t\t\t<i class=\"mi search\"><\/i>\r\n\t\t\t\t\t\t\t\t\tSuchen\t\t\t\t\t\t\t\t<\/button>\r\n\t\t\t\t\t\t\t<\/div>\r\n\t\t\t\t\t\t<\/form>\r\n\t\t\t\t\t<\/div>\r\n\t\t\t\t\t\t\t\t\t<div role=\"tabpanel\" class=\"tab-pane fade in filter-count-3\"\r\n\t\t\t\t\t\t:class=\"activeType.id===3385?'active':''\">\r\n\r\n\t\t\t\t\t\t<form method=\"GET\">\r\n\t\t\t\t\t\t\t\r\n\t\t\t\t\t\t\t\t\t\t\t\t\t\t\t\t\t\t\t\t\t\t\t\r\n<wp-search-filter\r\n    listing-type=\"place-2\"\r\n    filter-key=\"search_keywords\"\r\n    location=\"basic-form\"\r\n    label=\"Suchen\"\r\n    @input=\"filterChanged\"\r\n    inline-template\r\n>\r\n    <div v-if=\"location === 'primary-filter'\" class=\"explore-head-search\">\r\n        <i class=\"mi search\"><\/i>\r\n        <input required ref=\"input\" type=\"text\" :placeholder=\"label\"\r\n            :value=\"filters[filterKey]\" @input=\"updateInput\">\r\n    <\/div>\r\n    <div v-else class=\"form-group explore-filter wp-search-filter md-group\">\r\n        <input :aria-label=\"label\" required ref=\"input\" type=\"text\"\r\n            :value=\"filters[filterKey]\" @input=\"updateInput\">\r\n        <label>{{label}}<\/label>\r\n    <\/div>\r\n<\/wp-search-filter>\r\n\t\t\t\t\t\t\t\t\t\t\t\t\t\t\t\t\t\t\t\t\t\t\t\r\n<dropdown-hierarchy-filter\r\n    listing-type=\"place-2\"\r\n    filter-key=\"category\"\r\n    location=\"basic-form\"\r\n    label=\"Kategorie\"\r\n    pre-selected=\"[]\"\r\n    ajax-params=\"{&quot;taxonomy&quot;:&quot;job_listing_category&quot;,&quot;listing-type-id&quot;:3385,&quot;orderby&quot;:&quot;count&quot;,&quot;order&quot;:&quot;DESC&quot;,&quot;hide_empty&quot;:&quot;yes&quot;,&quot;term-value&quot;:&quot;slug&quot;,&quot;parent&quot;:0}\"\r\n    @input=\"filterChanged\"\r\n    inline-template\r\n>\r\n    <div class=\"cts-term-hierarchy form-group md-group\">\r\n        <input type=\"text\" required ref=\"input\" data-placeholder=\" \"\r\n            class=\"hide\"\r\n            :data-template=\"location==='advanced-form'?'default':'alternate'\"\r\n            :data-selected=\"preSelected\"\r\n            :data-mylisting-ajax-params=\"ajaxParams\"\r\n            @termhierarchy:change=\"handleChange\"\r\n        >\r\n        <label>{{label}}<\/label>\r\n    <\/div>\r\n<\/dropdown-hierarchy-filter>\t\t\t\t\t\t\t\r\n\t\t\t\t\t\t\t<div class=\"form-group\">\r\n\t\t\t\t\t\t\t\t<button class=\"buttons button-2 search\" @click.prevent=\"submit\">\r\n\t\t\t\t\t\t\t\t\t<i class=\"mi search\"><\/i>\r\n\t\t\t\t\t\t\t\t\tSuchen\t\t\t\t\t\t\t\t<\/button>\r\n\t\t\t\t\t\t\t<\/div>\r\n\t\t\t\t\t\t<\/form>\r\n\t\t\t\t\t<\/div>\r\n\t\t\t\t\t\t\t<\/div>\r\n\t\t<\/div>\r\n\t<\/div>\r\n<\/div>\r\n\r\n<\/div>\n\t\t\t\t\t\t<\/div>\n\t\t\t\t<\/div>\n\t\t\t\t\t<\/div>\n\t\t<\/div>\n\t\t\t\t\t<\/div>\n\t\t<\/section>\n\t\t<div class=\"elementor-element elementor-element-73a7a28 e-con-full e-flex e-con e-parent\" data-id=\"73a7a28\" data-element_type=\"container\" data-e-type=\"container\">\n\t\t\t\t<div class=\"elementor-element elementor-element-b285c4e elementor-widget__width-inherit elementor-widget elementor-widget-case27-map-widget\" data-id=\"b285c4e\" data-element_type=\"widget\" data-e-type=\"widget\" data-widget_type=\"case27-map-widget.default\">\n\t\t\t\t<div class=\"elementor-widget-container\">\n\t\t\t\t\t\r\n\t<section class=\"contact-map\" id=\"section__69f206bd7415b\">\r\n\t\t<div class=\"c27-map map\" data-options=\"{&quot;items_type&quot;:&quot;listings&quot;,&quot;zoom&quot;:8,&quot;skin&quot;:&quot;skin&quot;,&quot;marker_type&quot;:&quot;basic&quot;,&quot;locations&quot;:[{&quot;_id&quot;:&quot;bf9e5d5&quot;,&quot;marker_lat&quot;:52.5492554,&quot;marker_lng&quot;:10.1880121,&quot;marker_image&quot;:{&quot;url&quot;:&quot;&quot;,&quot;id&quot;:&quot;&quot;,&quot;size&quot;:&quot;&quot;,&quot;alt&quot;:&quot;&quot;,&quot;source&quot;:&quot;library&quot;}}],&quot;listings_query&quot;:{&quot;lat&quot;:52.14481,&quot;lng&quot;:12.59388,&quot;radius&quot;:100,&quot;listing_type&quot;:&quot;place&quot;,&quot;count&quot;:50},&quot;cluster_markers&quot;:&quot;&quot;,&quot;draggable&quot;:true,&quot;_section_id&quot;:&quot;section__69f206bd7415b&quot;,&quot;maxZoom&quot;:20}\"><\/div>\r\n\t\t<div class=\"c27-map-listings hide\"><\/div>\r\n\t<\/section>\r\n\r\n\r\n\r\n\t\t\t\t<\/div>\n\t\t\t\t<\/div>\n\t\t\t\t<\/div>\n\t\t\t\t<section class=\"elementor-section elementor-top-section elementor-element elementor-element-jgthffa elementor-section-boxed elementor-section-height-default elementor-section-height-default\" data-id=\"jgthffa\" data-element_type=\"section\" data-e-type=\"section\" data-settings=\"{&quot;background_background&quot;:&quot;classic&quot;}\">\n\t\t\t\t\t\t\t<div class=\"elementor-background-overlay\"><\/div>\n\t\t\t\t\t\t\t<div class=\"elementor-container elementor-column-gap-default\">\n\t\t\t\t\t<div class=\"elementor-column elementor-col-100 elementor-top-column elementor-element elementor-element-9o19ub4\" data-id=\"9o19ub4\" data-element_type=\"column\" data-e-type=\"column\">\n\t\t\t<div class=\"elementor-widget-wrap elementor-element-populated\">\n\t\t\t\t\t\t<div class=\"elementor-element elementor-element-cc9d226 elementor-widget elementor-widget-heading\" data-id=\"cc9d226\" data-element_type=\"widget\" data-e-type=\"widget\" data-widget_type=\"heading.default\">\n\t\t\t\t<div class=\"elementor-widget-container\">\n\t\t\t\t\t<h2 class=\"elementor-heading-title elementor-size-default\">Entdecken Sie die Stadt Bad Belzig<\/h2>\t\t\t\t<\/div>\n\t\t\t\t<\/div>\n\t\t\t\t<div class=\"elementor-element elementor-element-7a267c9 elementor-widget elementor-widget-heading\" data-id=\"7a267c9\" data-element_type=\"widget\" data-e-type=\"widget\" data-widget_type=\"heading.default\">\n\t\t\t\t<div class=\"elementor-widget-container\">\n\t\t\t\t\t<h2 class=\"elementor-heading-title elementor-size-default\">Nach Kategorien filtern<\/h2>\t\t\t\t<\/div>\n\t\t\t\t<\/div>\n\t\t\t\t<section class=\"elementor-section elementor-inner-section elementor-element elementor-element-4eb841a elementor-section-height-min-height elementor-section-boxed elementor-section-height-default\" data-id=\"4eb841a\" data-element_type=\"section\" data-e-type=\"section\">\n\t\t\t\t\t\t<div class=\"elementor-container elementor-column-gap-no\">\n\t\t\t\t\t<div class=\"elementor-column elementor-col-50 elementor-inner-column elementor-element elementor-element-2a2b376\" data-id=\"2a2b376\" data-element_type=\"column\" data-e-type=\"column\" data-settings=\"{&quot;background_background&quot;:&quot;classic&quot;}\" data-mylisting-link-to=\"{&quot;url&quot;:&quot;https:\\\/\\\/stadtm.de\\\/Bad_Belzig\\\/category\\\/stadt\\\/&quot;,&quot;is_external&quot;:&quot;&quot;,&quot;nofollow&quot;:&quot;&quot;,&quot;custom_attributes&quot;:&quot;&quot;}\">\n\t\t\t<div class=\"elementor-widget-wrap elementor-element-populated\">\n\t\t\t\t\t<div class=\"elementor-background-overlay\"><\/div>\n\t\t\t\t\t\t<div class=\"elementor-element elementor-element-c6ffc39 elementor-view-default elementor-widget elementor-widget-icon\" data-id=\"c6ffc39\" data-element_type=\"widget\" data-e-type=\"widget\" data-widget_type=\"icon.default\">\n\t\t\t\t<div class=\"elementor-widget-container\">\n\t\t\t\t\t\t\t<div class=\"elementor-icon-wrapper\">\n\t\t\t<div class=\"elementor-icon\">\n\t\t\t<svg aria-hidden=\"true\" class=\"e-font-icon-svg e-fas-city\" viewBox=\"0 0 640 512\" xmlns=\"http:\/\/www.w3.org\/2000\/svg\"><path d=\"M616 192H480V24c0-13.26-10.74-24-24-24H312c-13.26 0-24 10.74-24 24v72h-64V16c0-8.84-7.16-16-16-16h-16c-8.84 0-16 7.16-16 16v80h-64V16c0-8.84-7.16-16-16-16H80c-8.84 0-16 7.16-16 16v80H24c-13.26 0-24 10.74-24 24v360c0 17.67 14.33 32 32 32h576c17.67 0 32-14.33 32-32V216c0-13.26-10.75-24-24-24zM128 404c0 6.63-5.37 12-12 12H76c-6.63 0-12-5.37-12-12v-40c0-6.63 5.37-12 12-12h40c6.63 0 12 5.37 12 12v40zm0-96c0 6.63-5.37 12-12 12H76c-6.63 0-12-5.37-12-12v-40c0-6.63 5.37-12 12-12h40c6.63 0 12 5.37 12 12v40zm0-96c0 6.63-5.37 12-12 12H76c-6.63 0-12-5.37-12-12v-40c0-6.63 5.37-12 12-12h40c6.63 0 12 5.37 12 12v40zm128 192c0 6.63-5.37 12-12 12h-40c-6.63 0-12-5.37-12-12v-40c0-6.63 5.37-12 12-12h40c6.63 0 12 5.37 12 12v40zm0-96c0 6.63-5.37 12-12 12h-40c-6.63 0-12-5.37-12-12v-40c0-6.63 5.37-12 12-12h40c6.63 0 12 5.37 12 12v40zm0-96c0 6.63-5.37 12-12 12h-40c-6.63 0-12-5.37-12-12v-40c0-6.63 5.37-12 12-12h40c6.63 0 12 5.37 12 12v40zm160 96c0 6.63-5.37 12-12 12h-40c-6.63 0-12-5.37-12-12v-40c0-6.63 5.37-12 12-12h40c6.63 0 12 5.37 12 12v40zm0-96c0 6.63-5.37 12-12 12h-40c-6.63 0-12-5.37-12-12v-40c0-6.63 5.37-12 12-12h40c6.63 0 12 5.37 12 12v40zm0-96c0 6.63-5.37 12-12 12h-40c-6.63 0-12-5.37-12-12V76c0-6.63 5.37-12 12-12h40c6.63 0 12 5.37 12 12v40zm160 288c0 6.63-5.37 12-12 12h-40c-6.63 0-12-5.37-12-12v-40c0-6.63 5.37-12 12-12h40c6.63 0 12 5.37 12 12v40zm0-96c0 6.63-5.37 12-12 12h-40c-6.63 0-12-5.37-12-12v-40c0-6.63 5.37-12 12-12h40c6.63 0 12 5.37 12 12v40z\"><\/path><\/svg>\t\t\t<\/div>\n\t\t<\/div>\n\t\t\t\t\t\t<\/div>\n\t\t\t\t<\/div>\n\t\t\t\t<div class=\"elementor-element elementor-element-149a305 elementor-widget elementor-widget-heading\" data-id=\"149a305\" data-element_type=\"widget\" data-e-type=\"widget\" data-widget_type=\"heading.default\">\n\t\t\t\t<div class=\"elementor-widget-container\">\n\t\t\t\t\t<h2 class=\"elementor-heading-title elementor-size-default\">Stadt<\/h2>\t\t\t\t<\/div>\n\t\t\t\t<\/div>\n\t\t\t\t\t<\/div>\n\t\t<\/div>\n\t\t\t\t<div class=\"elementor-column elementor-col-50 elementor-inner-column elementor-element elementor-element-0a28a0e\" data-id=\"0a28a0e\" data-element_type=\"column\" data-e-type=\"column\" data-settings=\"{&quot;background_background&quot;:&quot;classic&quot;}\" data-mylisting-link-to=\"{&quot;url&quot;:&quot;https:\\\/\\\/stadtm.de\\\/Bad_Belzig\\\/category\\\/sehenswuerdigkeiten\\\/&quot;,&quot;is_external&quot;:&quot;&quot;,&quot;nofollow&quot;:&quot;&quot;,&quot;custom_attributes&quot;:&quot;&quot;}\">\n\t\t\t<div class=\"elementor-widget-wrap elementor-element-populated\">\n\t\t\t\t\t<div class=\"elementor-background-overlay\"><\/div>\n\t\t\t\t\t\t<div class=\"elementor-element elementor-element-d952cfb elementor-view-default elementor-widget elementor-widget-icon\" data-id=\"d952cfb\" data-element_type=\"widget\" data-e-type=\"widget\" data-widget_type=\"icon.default\">\n\t\t\t\t<div class=\"elementor-widget-container\">\n\t\t\t\t\t\t\t<div class=\"elementor-icon-wrapper\">\n\t\t\t<div class=\"elementor-icon\">\n\t\t\t<svg aria-hidden=\"true\" class=\"e-font-icon-svg e-fas-binoculars\" viewBox=\"0 0 512 512\" xmlns=\"http:\/\/www.w3.org\/2000\/svg\"><path d=\"M416 48c0-8.84-7.16-16-16-16h-64c-8.84 0-16 7.16-16 16v48h96V48zM63.91 159.99C61.4 253.84 3.46 274.22 0 404v44c0 17.67 14.33 32 32 32h96c17.67 0 32-14.33 32-32V288h32V128H95.84c-17.63 0-31.45 14.37-31.93 31.99zm384.18 0c-.48-17.62-14.3-31.99-31.93-31.99H320v160h32v160c0 17.67 14.33 32 32 32h96c17.67 0 32-14.33 32-32v-44c-3.46-129.78-61.4-150.16-63.91-244.01zM176 32h-64c-8.84 0-16 7.16-16 16v48h96V48c0-8.84-7.16-16-16-16zm48 256h64V128h-64v160z\"><\/path><\/svg>\t\t\t<\/div>\n\t\t<\/div>\n\t\t\t\t\t\t<\/div>\n\t\t\t\t<\/div>\n\t\t\t\t<div class=\"elementor-element elementor-element-90ee118 elementor-widget elementor-widget-heading\" data-id=\"90ee118\" data-element_type=\"widget\" data-e-type=\"widget\" data-widget_type=\"heading.default\">\n\t\t\t\t<div class=\"elementor-widget-container\">\n\t\t\t\t\t<h2 class=\"elementor-heading-title elementor-size-default\">Sehensw\u00fcrdigkeiten<\/h2>\t\t\t\t<\/div>\n\t\t\t\t<\/div>\n\t\t\t\t\t<\/div>\n\t\t<\/div>\n\t\t\t\t\t<\/div>\n\t\t<\/section>\n\t\t\t\t<section class=\"elementor-section elementor-inner-section elementor-element elementor-element-c4f0c75 elementor-section-height-min-height elementor-section-boxed elementor-section-height-default\" data-id=\"c4f0c75\" data-element_type=\"section\" data-e-type=\"section\">\n\t\t\t\t\t\t<div class=\"elementor-container elementor-column-gap-no\">\n\t\t\t\t\t<div class=\"elementor-column elementor-col-25 elementor-inner-column elementor-element elementor-element-d2e2d3f\" data-id=\"d2e2d3f\" data-element_type=\"column\" data-e-type=\"column\" data-settings=\"{&quot;background_background&quot;:&quot;classic&quot;}\" data-mylisting-link-to=\"{&quot;url&quot;:&quot;https:\\\/\\\/stadtm.de\\\/Bad_Belzig\\\/category\\\/handwerk\\\/&quot;,&quot;is_external&quot;:&quot;&quot;,&quot;nofollow&quot;:&quot;&quot;,&quot;custom_attributes&quot;:&quot;&quot;}\">\n\t\t\t<div class=\"elementor-widget-wrap elementor-element-populated\">\n\t\t\t\t\t<div class=\"elementor-background-overlay\"><\/div>\n\t\t\t\t\t\t<div class=\"elementor-element elementor-element-ebe715d elementor-view-default elementor-widget elementor-widget-icon\" data-id=\"ebe715d\" data-element_type=\"widget\" data-e-type=\"widget\" data-widget_type=\"icon.default\">\n\t\t\t\t<div class=\"elementor-widget-container\">\n\t\t\t\t\t\t\t<div class=\"elementor-icon-wrapper\">\n\t\t\t<div class=\"elementor-icon\">\n\t\t\t<svg aria-hidden=\"true\" class=\"e-font-icon-svg e-fas-hammer\" viewBox=\"0 0 576 512\" xmlns=\"http:\/\/www.w3.org\/2000\/svg\"><path d=\"M571.31 193.94l-22.63-22.63c-6.25-6.25-16.38-6.25-22.63 0l-11.31 11.31-28.9-28.9c5.63-21.31.36-44.9-16.35-61.61l-45.25-45.25c-62.48-62.48-163.79-62.48-226.28 0l90.51 45.25v18.75c0 16.97 6.74 33.25 18.75 45.25l49.14 49.14c16.71 16.71 40.3 21.98 61.61 16.35l28.9 28.9-11.31 11.31c-6.25 6.25-6.25 16.38 0 22.63l22.63 22.63c6.25 6.25 16.38 6.25 22.63 0l90.51-90.51c6.23-6.24 6.23-16.37-.02-22.62zm-286.72-15.2c-3.7-3.7-6.84-7.79-9.85-11.95L19.64 404.96c-25.57 23.88-26.26 64.19-1.53 88.93s65.05 24.05 88.93-1.53l238.13-255.07c-3.96-2.91-7.9-5.87-11.44-9.41l-49.14-49.14z\"><\/path><\/svg>\t\t\t<\/div>\n\t\t<\/div>\n\t\t\t\t\t\t<\/div>\n\t\t\t\t<\/div>\n\t\t\t\t<div class=\"elementor-element elementor-element-16d43dd elementor-widget elementor-widget-heading\" data-id=\"16d43dd\" data-element_type=\"widget\" data-e-type=\"widget\" data-widget_type=\"heading.default\">\n\t\t\t\t<div class=\"elementor-widget-container\">\n\t\t\t\t\t<h2 class=\"elementor-heading-title elementor-size-default\">Handwerk<\/h2>\t\t\t\t<\/div>\n\t\t\t\t<\/div>\n\t\t\t\t\t<\/div>\n\t\t<\/div>\n\t\t\t\t<div class=\"elementor-column elementor-col-25 elementor-inner-column elementor-element elementor-element-23b5392\" data-id=\"23b5392\" data-element_type=\"column\" data-e-type=\"column\" data-settings=\"{&quot;background_background&quot;:&quot;classic&quot;}\" data-mylisting-link-to=\"{&quot;url&quot;:&quot;https:\\\/\\\/stadtm.de\\\/Bad_Belzig\\\/category\\\/restaurant\\\/&quot;,&quot;is_external&quot;:&quot;&quot;,&quot;nofollow&quot;:&quot;&quot;,&quot;custom_attributes&quot;:&quot;&quot;}\">\n\t\t\t<div class=\"elementor-widget-wrap elementor-element-populated\">\n\t\t\t\t\t<div class=\"elementor-background-overlay\"><\/div>\n\t\t\t\t\t\t<div class=\"elementor-element elementor-element-c62eba6 elementor-view-default elementor-widget elementor-widget-icon\" data-id=\"c62eba6\" data-element_type=\"widget\" data-e-type=\"widget\" data-widget_type=\"icon.default\">\n\t\t\t\t<div class=\"elementor-widget-container\">\n\t\t\t\t\t\t\t<div class=\"elementor-icon-wrapper\">\n\t\t\t<div class=\"elementor-icon\">\n\t\t\t<svg aria-hidden=\"true\" class=\"e-font-icon-svg e-fas-utensils\" viewBox=\"0 0 416 512\" xmlns=\"http:\/\/www.w3.org\/2000\/svg\"><path d=\"M207.9 15.2c.8 4.7 16.1 94.5 16.1 128.8 0 52.3-27.8 89.6-68.9 104.6L168 486.7c.7 13.7-10.2 25.3-24 25.3H80c-13.7 0-24.7-11.5-24-25.3l12.9-238.1C27.7 233.6 0 196.2 0 144 0 109.6 15.3 19.9 16.1 15.2 19.3-5.1 61.4-5.4 64 16.3v141.2c1.3 3.4 15.1 3.2 16 0 1.4-25.3 7.9-139.2 8-141.8 3.3-20.8 44.7-20.8 47.9 0 .2 2.7 6.6 116.5 8 141.8.9 3.2 14.8 3.4 16 0V16.3c2.6-21.6 44.8-21.4 48-1.1zm119.2 285.7l-15 185.1c-1.2 14 9.9 26 23.9 26h56c13.3 0 24-10.7 24-24V24c0-13.2-10.7-24-24-24-82.5 0-221.4 178.5-64.9 300.9z\"><\/path><\/svg>\t\t\t<\/div>\n\t\t<\/div>\n\t\t\t\t\t\t<\/div>\n\t\t\t\t<\/div>\n\t\t\t\t<div class=\"elementor-element elementor-element-d18061a elementor-widget elementor-widget-heading\" data-id=\"d18061a\" data-element_type=\"widget\" data-e-type=\"widget\" data-widget_type=\"heading.default\">\n\t\t\t\t<div class=\"elementor-widget-container\">\n\t\t\t\t\t<h2 class=\"elementor-heading-title elementor-size-default\">Restaurants<\/h2>\t\t\t\t<\/div>\n\t\t\t\t<\/div>\n\t\t\t\t\t<\/div>\n\t\t<\/div>\n\t\t\t\t<div class=\"elementor-column elementor-col-25 elementor-inner-column elementor-element elementor-element-c604ab0\" data-id=\"c604ab0\" data-element_type=\"column\" data-e-type=\"column\" data-settings=\"{&quot;background_background&quot;:&quot;classic&quot;}\" data-mylisting-link-to=\"{&quot;url&quot;:&quot;https:\\\/\\\/stadtm.de\\\/Bad_Belzig\\\/category\\\/dienstleistung\\\/&quot;,&quot;is_external&quot;:&quot;&quot;,&quot;nofollow&quot;:&quot;&quot;,&quot;custom_attributes&quot;:&quot;&quot;}\">\n\t\t\t<div class=\"elementor-widget-wrap elementor-element-populated\">\n\t\t\t\t\t<div class=\"elementor-background-overlay\"><\/div>\n\t\t\t\t\t\t<div class=\"elementor-element elementor-element-6550b7b elementor-view-default elementor-widget elementor-widget-icon\" data-id=\"6550b7b\" data-element_type=\"widget\" data-e-type=\"widget\" data-widget_type=\"icon.default\">\n\t\t\t\t<div class=\"elementor-widget-container\">\n\t\t\t\t\t\t\t<div class=\"elementor-icon-wrapper\">\n\t\t\t<div class=\"elementor-icon\">\n\t\t\t<svg aria-hidden=\"true\" class=\"e-font-icon-svg e-fas-hands-helping\" viewBox=\"0 0 640 512\" xmlns=\"http:\/\/www.w3.org\/2000\/svg\"><path d=\"M488 192H336v56c0 39.7-32.3 72-72 72s-72-32.3-72-72V126.4l-64.9 39C107.8 176.9 96 197.8 96 220.2v47.3l-80 46.2C.7 322.5-4.6 342.1 4.3 357.4l80 138.6c8.8 15.3 28.4 20.5 43.7 11.7L231.4 448H368c35.3 0 64-28.7 64-64h16c17.7 0 32-14.3 32-32v-64h8c13.3 0 24-10.7 24-24v-48c0-13.3-10.7-24-24-24zm147.7-37.4L555.7 16C546.9.7 527.3-4.5 512 4.3L408.6 64H306.4c-12 0-23.7 3.4-33.9 9.7L239 94.6c-9.4 5.8-15 16.1-15 27.1V248c0 22.1 17.9 40 40 40s40-17.9 40-40v-88h184c30.9 0 56 25.1 56 56v28.5l80-46.2c15.3-8.9 20.5-28.4 11.7-43.7z\"><\/path><\/svg>\t\t\t<\/div>\n\t\t<\/div>\n\t\t\t\t\t\t<\/div>\n\t\t\t\t<\/div>\n\t\t\t\t<div class=\"elementor-element elementor-element-3dae295 elementor-widget elementor-widget-heading\" data-id=\"3dae295\" data-element_type=\"widget\" data-e-type=\"widget\" data-widget_type=\"heading.default\">\n\t\t\t\t<div class=\"elementor-widget-container\">\n\t\t\t\t\t<h2 class=\"elementor-heading-title elementor-size-default\">Dienstleistungen<\/h2>\t\t\t\t<\/div>\n\t\t\t\t<\/div>\n\t\t\t\t\t<\/div>\n\t\t<\/div>\n\t\t\t\t<div class=\"elementor-column elementor-col-25 elementor-inner-column elementor-element elementor-element-2da4103\" data-id=\"2da4103\" data-element_type=\"column\" data-e-type=\"column\" data-settings=\"{&quot;background_background&quot;:&quot;classic&quot;}\" data-mylisting-link-to=\"{&quot;url&quot;:&quot;https:\\\/\\\/stadtm.de\\\/Bad_Belzig\\\/category\\\/handel\\\/&quot;,&quot;is_external&quot;:&quot;&quot;,&quot;nofollow&quot;:&quot;&quot;,&quot;custom_attributes&quot;:&quot;&quot;}\">\n\t\t\t<div class=\"elementor-widget-wrap elementor-element-populated\">\n\t\t\t\t\t<div class=\"elementor-background-overlay\"><\/div>\n\t\t\t\t\t\t<div class=\"elementor-element elementor-element-0ef5829 elementor-view-default elementor-widget elementor-widget-icon\" data-id=\"0ef5829\" data-element_type=\"widget\" data-e-type=\"widget\" data-widget_type=\"icon.default\">\n\t\t\t\t<div class=\"elementor-widget-container\">\n\t\t\t\t\t\t\t<div class=\"elementor-icon-wrapper\">\n\t\t\t<div class=\"elementor-icon\">\n\t\t\t<svg aria-hidden=\"true\" class=\"e-font-icon-svg e-fas-shopping-basket\" viewBox=\"0 0 576 512\" xmlns=\"http:\/\/www.w3.org\/2000\/svg\"><path d=\"M576 216v16c0 13.255-10.745 24-24 24h-8l-26.113 182.788C514.509 462.435 494.257 480 470.37 480H105.63c-23.887 0-44.139-17.565-47.518-41.212L32 256h-8c-13.255 0-24-10.745-24-24v-16c0-13.255 10.745-24 24-24h67.341l106.78-146.821c10.395-14.292 30.407-17.453 44.701-7.058 14.293 10.395 17.453 30.408 7.058 44.701L170.477 192h235.046L326.12 82.821c-10.395-14.292-7.234-34.306 7.059-44.701 14.291-10.395 34.306-7.235 44.701 7.058L484.659 192H552c13.255 0 24 10.745 24 24zM312 392V280c0-13.255-10.745-24-24-24s-24 10.745-24 24v112c0 13.255 10.745 24 24 24s24-10.745 24-24zm112 0V280c0-13.255-10.745-24-24-24s-24 10.745-24 24v112c0 13.255 10.745 24 24 24s24-10.745 24-24zm-224 0V280c0-13.255-10.745-24-24-24s-24 10.745-24 24v112c0 13.255 10.745 24 24 24s24-10.745 24-24z\"><\/path><\/svg>\t\t\t<\/div>\n\t\t<\/div>\n\t\t\t\t\t\t<\/div>\n\t\t\t\t<\/div>\n\t\t\t\t<div class=\"elementor-element elementor-element-98f1ab8 elementor-widget elementor-widget-heading\" data-id=\"98f1ab8\" data-element_type=\"widget\" data-e-type=\"widget\" data-widget_type=\"heading.default\">\n\t\t\t\t<div class=\"elementor-widget-container\">\n\t\t\t\t\t<h2 class=\"elementor-heading-title elementor-size-default\">Handel<\/h2>\t\t\t\t<\/div>\n\t\t\t\t<\/div>\n\t\t\t\t\t<\/div>\n\t\t<\/div>\n\t\t\t\t\t<\/div>\n\t\t<\/section>\n\t\t\t\t<section class=\"elementor-section elementor-inner-section elementor-element elementor-element-ac8cc57 elementor-section-height-min-height elementor-section-boxed elementor-section-height-default\" data-id=\"ac8cc57\" data-element_type=\"section\" data-e-type=\"section\">\n\t\t\t\t\t\t<div class=\"elementor-container elementor-column-gap-no\">\n\t\t\t\t\t<div class=\"elementor-column elementor-col-50 elementor-inner-column elementor-element elementor-element-02bb552\" data-id=\"02bb552\" data-element_type=\"column\" data-e-type=\"column\" data-settings=\"{&quot;background_background&quot;:&quot;classic&quot;}\" data-mylisting-link-to=\"{&quot;url&quot;:&quot;https:\\\/\\\/stadtm.de\\\/Bad_Belzig\\\/category\\\/gesundheitswesen\\\/&quot;,&quot;is_external&quot;:&quot;&quot;,&quot;nofollow&quot;:&quot;&quot;,&quot;custom_attributes&quot;:&quot;&quot;}\">\n\t\t\t<div class=\"elementor-widget-wrap elementor-element-populated\">\n\t\t\t\t\t<div class=\"elementor-background-overlay\"><\/div>\n\t\t\t\t\t\t<div class=\"elementor-element elementor-element-3a12302 elementor-view-default elementor-widget elementor-widget-icon\" data-id=\"3a12302\" data-element_type=\"widget\" data-e-type=\"widget\" data-widget_type=\"icon.default\">\n\t\t\t\t<div class=\"elementor-widget-container\">\n\t\t\t\t\t\t\t<div class=\"elementor-icon-wrapper\">\n\t\t\t<div class=\"elementor-icon\">\n\t\t\t<svg aria-hidden=\"true\" class=\"e-font-icon-svg e-fas-heartbeat\" viewBox=\"0 0 512 512\" xmlns=\"http:\/\/www.w3.org\/2000\/svg\"><path d=\"M320.2 243.8l-49.7 99.4c-6 12.1-23.4 11.7-28.9-.6l-56.9-126.3-30 71.7H60.6l182.5 186.5c7.1 7.3 18.6 7.3 25.7 0L451.4 288H342.3l-22.1-44.2zM473.7 73.9l-2.4-2.5c-51.5-52.6-135.8-52.6-187.4 0L256 100l-27.9-28.5c-51.5-52.7-135.9-52.7-187.4 0l-2.4 2.4C-10.4 123.7-12.5 203 31 256h102.4l35.9-86.2c5.4-12.9 23.6-13.2 29.4-.4l58.2 129.3 49-97.9c5.9-11.8 22.7-11.8 28.6 0l27.6 55.2H481c43.5-53 41.4-132.3-7.3-182.1z\"><\/path><\/svg>\t\t\t<\/div>\n\t\t<\/div>\n\t\t\t\t\t\t<\/div>\n\t\t\t\t<\/div>\n\t\t\t\t<div class=\"elementor-element elementor-element-2b86c4f elementor-widget elementor-widget-heading\" data-id=\"2b86c4f\" data-element_type=\"widget\" data-e-type=\"widget\" data-widget_type=\"heading.default\">\n\t\t\t\t<div class=\"elementor-widget-container\">\n\t\t\t\t\t<h2 class=\"elementor-heading-title elementor-size-default\">Alles rund ums Gesundheitswesen<\/h2>\t\t\t\t<\/div>\n\t\t\t\t<\/div>\n\t\t\t\t\t<\/div>\n\t\t<\/div>\n\t\t\t\t<div class=\"elementor-column elementor-col-50 elementor-inner-column elementor-element elementor-element-7a9a234\" data-id=\"7a9a234\" data-element_type=\"column\" data-e-type=\"column\" data-settings=\"{&quot;background_background&quot;:&quot;classic&quot;}\" data-mylisting-link-to=\"{&quot;url&quot;:&quot;https:\\\/\\\/stadtm.de\\\/Bad_Belzig\\\/category\\\/hotel\\\/&quot;,&quot;is_external&quot;:&quot;&quot;,&quot;nofollow&quot;:&quot;&quot;,&quot;custom_attributes&quot;:&quot;&quot;}\">\n\t\t\t<div class=\"elementor-widget-wrap elementor-element-populated\">\n\t\t\t\t\t<div class=\"elementor-background-overlay\"><\/div>\n\t\t\t\t\t\t<div class=\"elementor-element elementor-element-2979ec0 elementor-view-default elementor-widget elementor-widget-icon\" data-id=\"2979ec0\" data-element_type=\"widget\" data-e-type=\"widget\" data-widget_type=\"icon.default\">\n\t\t\t\t<div class=\"elementor-widget-container\">\n\t\t\t\t\t\t\t<div class=\"elementor-icon-wrapper\">\n\t\t\t<div class=\"elementor-icon\">\n\t\t\t<svg aria-hidden=\"true\" class=\"e-font-icon-svg e-fas-bed\" viewBox=\"0 0 640 512\" xmlns=\"http:\/\/www.w3.org\/2000\/svg\"><path d=\"M176 256c44.11 0 80-35.89 80-80s-35.89-80-80-80-80 35.89-80 80 35.89 80 80 80zm352-128H304c-8.84 0-16 7.16-16 16v144H64V80c0-8.84-7.16-16-16-16H16C7.16 64 0 71.16 0 80v352c0 8.84 7.16 16 16 16h32c8.84 0 16-7.16 16-16v-48h512v48c0 8.84 7.16 16 16 16h32c8.84 0 16-7.16 16-16V240c0-61.86-50.14-112-112-112z\"><\/path><\/svg>\t\t\t<\/div>\n\t\t<\/div>\n\t\t\t\t\t\t<\/div>\n\t\t\t\t<\/div>\n\t\t\t\t<div class=\"elementor-element elementor-element-ad4be9f elementor-widget elementor-widget-heading\" data-id=\"ad4be9f\" data-element_type=\"widget\" data-e-type=\"widget\" data-widget_type=\"heading.default\">\n\t\t\t\t<div class=\"elementor-widget-container\">\n\t\t\t\t\t<h2 class=\"elementor-heading-title elementor-size-default\">Hotel\/\u00dcbernachtung<\/h2>\t\t\t\t<\/div>\n\t\t\t\t<\/div>\n\t\t\t\t\t<\/div>\n\t\t<\/div>\n\t\t\t\t\t<\/div>\n\t\t<\/section>\n\t\t\t\t\t<\/div>\n\t\t<\/div>\n\t\t\t\t\t<\/div>\n\t\t<\/section>\n\t\t\t\t<section class=\"elementor-section elementor-top-section elementor-element elementor-element-21b6486 elementor-section-full_width elementor-section-height-default elementor-section-height-default\" data-id=\"21b6486\" data-element_type=\"section\" data-e-type=\"section\" data-settings=\"{&quot;background_background&quot;:&quot;classic&quot;}\">\n\t\t\t\t\t\t<div class=\"elementor-container elementor-column-gap-default\">\n\t\t\t\t\t<div class=\"elementor-column elementor-col-100 elementor-top-column elementor-element elementor-element-9f168f9\" data-id=\"9f168f9\" data-element_type=\"column\" data-e-type=\"column\">\n\t\t\t<div class=\"elementor-widget-wrap elementor-element-populated\">\n\t\t\t\t\t\t<div class=\"elementor-element elementor-element-1abbf35 elementor-widget-divider--view-line elementor-widget elementor-widget-divider\" data-id=\"1abbf35\" data-element_type=\"widget\" data-e-type=\"widget\" data-widget_type=\"divider.default\">\n\t\t\t\t<div class=\"elementor-widget-container\">\n\t\t\t\t\t\t\t<div class=\"elementor-divider\">\n\t\t\t<span class=\"elementor-divider-separator\">\n\t\t\t\t\t\t<\/span>\n\t\t<\/div>\n\t\t\t\t\t\t<\/div>\n\t\t\t\t<\/div>\n\t\t\t\t\t<\/div>\n\t\t<\/div>\n\t\t\t\t\t<\/div>\n\t\t<\/section>\n\t\t\t\t<section class=\"elementor-section elementor-top-section elementor-element elementor-element-d1b35fa elementor-section-boxed elementor-section-height-default elementor-section-height-default\" data-id=\"d1b35fa\" data-element_type=\"section\" data-e-type=\"section\" data-settings=\"{&quot;background_background&quot;:&quot;classic&quot;}\">\n\t\t\t\t\t\t<div class=\"elementor-container elementor-column-gap-default\">\n\t\t\t\t\t<div class=\"elementor-column elementor-col-100 elementor-top-column elementor-element elementor-element-1870c31\" data-id=\"1870c31\" data-element_type=\"column\" data-e-type=\"column\">\n\t\t\t<div class=\"elementor-widget-wrap elementor-element-populated\">\n\t\t\t\t\t\t<div class=\"elementor-element elementor-element-2a8dc9b elementor-widget elementor-widget-heading\" data-id=\"2a8dc9b\" data-element_type=\"widget\" data-e-type=\"widget\" data-widget_type=\"heading.default\">\n\t\t\t\t<div class=\"elementor-widget-container\">\n\t\t\t\t\t<h2 class=\"elementor-heading-title elementor-size-default\">Branchen\/Firmen, die wir Ihnen besonders empfehlen\n<\/h2>\t\t\t\t<\/div>\n\t\t\t\t<\/div>\n\t\t\t\t<div class=\"elementor-element elementor-element-58d2f89 elementor-widget elementor-widget-heading\" data-id=\"58d2f89\" data-element_type=\"widget\" data-e-type=\"widget\" data-widget_type=\"heading.default\">\n\t\t\t\t<div class=\"elementor-widget-container\">\n\t\t\t\t\t<h2 class=\"elementor-heading-title elementor-size-default\">Handverlesene Orte von unserem Team<\/h2>\t\t\t\t<\/div>\n\t\t\t\t<\/div>\n\t\t\t\t\t<\/div>\n\t\t<\/div>\n\t\t\t\t\t<\/div>\n\t\t<\/section>\n\t\t\t\t<section class=\"elementor-section elementor-top-section elementor-element elementor-element-96dabee elementor-section-full_width elementor-section-height-default elementor-section-height-default\" data-id=\"96dabee\" data-element_type=\"section\" data-e-type=\"section\" data-settings=\"{&quot;background_background&quot;:&quot;classic&quot;}\">\n\t\t\t\t\t\t<div class=\"elementor-container elementor-column-gap-default\">\n\t\t\t\t\t<div class=\"elementor-column elementor-col-100 elementor-top-column elementor-element elementor-element-5017527\" data-id=\"5017527\" data-element_type=\"column\" data-e-type=\"column\">\n\t\t\t<div class=\"elementor-widget-wrap elementor-element-populated\">\n\t\t\t\t\t\t<div class=\"elementor-element elementor-element-f30d547 elementor-widget-divider--view-line elementor-widget elementor-widget-divider\" data-id=\"f30d547\" data-element_type=\"widget\" data-e-type=\"widget\" data-widget_type=\"divider.default\">\n\t\t\t\t<div class=\"elementor-widget-container\">\n\t\t\t\t\t\t\t<div class=\"elementor-divider\">\n\t\t\t<span class=\"elementor-divider-separator\">\n\t\t\t\t\t\t<\/span>\n\t\t<\/div>\n\t\t\t\t\t\t<\/div>\n\t\t\t\t<\/div>\n\t\t\t\t<div class=\"elementor-element elementor-element-h9lbeab elementor-widget elementor-widget-case27-listing-feed-widget\" data-id=\"h9lbeab\" data-element_type=\"widget\" data-e-type=\"widget\" data-widget_type=\"case27-listing-feed-widget.default\">\n\t\t\t\t<div class=\"elementor-widget-container\">\n\t\t\t\t\t\r\n<section class=\"i-section listing-feed-2 \">\r\n\t<div class=\"container\">\r\n\t\t<div class=\"row section-body\">\r\n\t\t\t<div class=\"owl-carousel listing-feed-carousel c27-owl-nav\" owl-mobile=\"1\" owl-tablet=\"2\" owl-desktop=\"3\" owl-speed=\"4\" owl-loop=\"1\" owl-autoplay=\"1\" nav-style=\"\" nav-mode=\"nav\">\r\n\t\t\t\t<div class=\"\"><div\r\n    class=\"lf-item-container listing-preview type-place lf-type-2 c27-verified has-logo has-tagline has-info-fields level-promoted priority-2\"\r\n    data-id=\"listing-id-4559\"\r\n        data-category-icon=\"\t\t\t&lt;i class=&quot;fa fa-hands-helping&quot; style=&quot;color: #fff; background: #6c1cff; &quot;&gt;&lt;\/i&gt;\r\n\t\t\"\r\n    data-category-color=\"#6c1cff\"\r\n    data-category-text-color=\"#fff\"\r\n        data-thumbnail=\"https:\/\/stadtm.de\/Bad_Belzig\/wp-content\/uploads\/2025\/11\/Maler-Bad-Belzig-150x150.jpg\"\r\n    data-marker=\"https:\/\/stadtm.de\/Bad_Belzig\/wp-content\/uploads\/2025\/11\/Maler-Bad-Belzig-150x150.jpg\"\r\n    data-template=\"alternate\"\r\n    data-locations=\"[{&quot;address&quot;:&quot;Dorfanger 6, 14806 Bad Belzig \\\/ Bergholz&quot;,&quot;lat&quot;:&quot;52.10106&quot;,&quot;lng&quot;:&quot;12.55386&quot;}]\"\r\n>\r\n<div class=\"lf-item lf-item-alternate\" data-template=\"alternate\">\r\n    <a href=\"https:\/\/stadtm.de\/Bad_Belzig\/listing\/maler-mende\/\">\r\n\r\n        <div class=\"overlay\" style=\"\r\n    background-color: #242429;\r\n    opacity: 0.4;\r\n\"><\/div>\r\n        \r\n                    <div class=\"lf-background\" style=\"background-image: url('https:\/\/stadtm.de\/Bad_Belzig\/wp-content\/uploads\/2025\/11\/Maler-Bad-Belzig-1-768x512.jpg');\"><\/div>\r\n        \r\n        <div class=\"lf-item-info-2\">\r\n                            <div class=\"lf-avatar\" style=\"background-image: url('https:\/\/stadtm.de\/Bad_Belzig\/wp-content\/uploads\/2025\/11\/Maler-Bad-Belzig-150x150.jpg')\"><\/div>\r\n            \r\n            <h4 class=\"case27-primary-text listing-preview-title\">\r\n                Maler - Mende                                    <img decoding=\"async\" height=\"18\" width=\"18\" alt=\"Verified listing\" class=\"verified-listing\" src=\"https:\/\/stadtm.de\/Bad_Belzig\/wp-content\/themes\/my-listing\/assets\/images\/tick.svg\">\r\n                            <\/h4>\r\n\r\n                            <h6>Mende GmbH \u2013 Maler, Sanierung &amp; Bodenverlegung in Bad Belzig<\/h6>\r\n            \r\n            \r\n<ul class=\"lf-contact no-list-style\">\r\n\t            <li >\r\n            \t                \t<i class=\"icon-phone-outgoing sm-icon\"><\/i>\r\n            \t                +49 (33841) 469755            <\/li>\r\n                    <li >\r\n            \t                \t<i class=\"icon-location-pin-add-2 sm-icon\"><\/i>\r\n            \t                Dorfanger 6            <\/li>\r\n        <\/ul>\r\n        <\/div>\r\n\r\n    <\/a>\r\n        <div class=\"lf-head level-promoted\">\r\n            <span class=\"tooltip-element tooltip-bottom\">\r\n            <div class=\"lf-head-btn ad-badge\">\r\n                <span><i class=\"icon-flash\"><\/i><\/span>\r\n            <\/div>\r\n            <span class=\"tooltip-container\">Promoted<\/span>\r\n        <\/span>\r\n    \r\n    <\/div><\/div>\r\n\r\n        <div class=\"listing-details c27-footer-section\">\r\n            <ul class=\"c27-listing-preview-category-list no-list-style\">\r\n                <li>\r\n                    <a href=\"https:\/\/stadtm.de\/Bad_Belzig\/category\/dienstleistung\/\">\r\n                        <span class=\"cat-icon\" style=\"background-color: #6c1cff;\">\r\n                            \t\t\t<i class=\"fa fa-hands-helping\" style=\"color: #fff; \"><\/i>\r\n\t\t                        <\/span>\r\n                        <span class=\"category-name\">Dienstleistung<\/span>\r\n                    <\/a>\r\n                <\/li>\r\n\r\n                                    <li>\r\n                        <div class=\"categories-dropdown dropdown c27-more-categories\">\r\n                            <span class=\"tooltip-element\">\r\n                                <a href=\"#other-categories\">\r\n                                    <span class=\"cat-icon cat-more\">+2<\/span>\r\n                                <\/a>\r\n                                <span class=\"tooltip-container\">Handwerk, Maler<\/span>\r\n                            <\/span>\r\n                        <\/div>\r\n                    <\/li>\r\n                            <\/ul>\r\n\r\n            <div class=\"ld-info\">\r\n                <ul class=\"no-list-style\">\r\n                                            <li class=\"item-preview tooltip-element\">\r\n    <a aria-label=\"Quick view button\" href=\"#\" type=\"button\" class=\"c27-toggle-quick-view-modal\" data-id=\"4559\">\r\n    \t<i class=\"mi zoom_in\"><\/i>\r\n    <\/a>\r\n    <span class=\"tooltip-container\">Quick view<\/span>\r\n<\/li>                                                                <li class=\"tooltip-element\">\r\n    <a aria-label=\"Bookmark button\" href=\"#\" class=\"c27-bookmark-button \"\r\n       data-listing-id=\"4559\" onclick=\"MyListing.Handlers.Bookmark_Button(event, this)\">\r\n       <i class=\"mi favorite_border\"><\/i>\r\n    <\/a>\r\n    <span class=\"tooltip-container\">Bookmark<\/span>\r\n<\/li>                                                        <\/ul>\r\n            <\/div>\r\n        <\/div>\r\n    <\/div>\r\n<\/div><div class=\"\"><div\r\n    class=\"lf-item-container listing-preview type-place lf-type-2 c27-verified has-logo has-tagline has-info-fields level-promoted priority-2\"\r\n    data-id=\"listing-id-3655\"\r\n        data-category-icon=\"\t\t\t&lt;i class=&quot;fa fa-bed&quot; style=&quot;color: #fff; background: #6c1cff; &quot;&gt;&lt;\/i&gt;\r\n\t\t\"\r\n    data-category-color=\"#6c1cff\"\r\n    data-category-text-color=\"#fff\"\r\n        data-thumbnail=\"https:\/\/stadtm.de\/Bad_Belzig\/wp-content\/uploads\/2025\/07\/Beherbergung-Bad-Belzig-150x150.jpg\"\r\n    data-marker=\"https:\/\/stadtm.de\/Bad_Belzig\/wp-content\/uploads\/2025\/07\/Beherbergung-Bad-Belzig-150x150.jpg\"\r\n    data-template=\"alternate\"\r\n    data-locations=\"[{&quot;address&quot;:&quot;Neschholz 37, 14806 Bad Belzig&quot;,&quot;lat&quot;:&quot;52.15317&quot;,&quot;lng&quot;:&quot;12.69793&quot;}]\"\r\n>\r\n<div class=\"lf-item lf-item-alternate\" data-template=\"alternate\">\r\n    <a href=\"https:\/\/stadtm.de\/Bad_Belzig\/listing\/beherbergung-ferienwohnungen-huebner\/\">\r\n\r\n        <div class=\"overlay\" style=\"\r\n    background-color: #242429;\r\n    opacity: 0.4;\r\n\"><\/div>\r\n        \r\n                    <div class=\"lf-background\" style=\"background-image: url('https:\/\/stadtm.de\/Bad_Belzig\/wp-content\/uploads\/2025\/07\/Beherbergung-Bad-Belzig1-768x200.jpg');\"><\/div>\r\n        \r\n        <div class=\"lf-item-info-2\">\r\n                            <div class=\"lf-avatar\" style=\"background-image: url('https:\/\/stadtm.de\/Bad_Belzig\/wp-content\/uploads\/2025\/07\/Beherbergung-Bad-Belzig-150x150.jpg')\"><\/div>\r\n            \r\n            <h4 class=\"case27-primary-text listing-preview-title\">\r\n                Beherbergung - Ferienwohnungen H\u00fcbner                                    <img decoding=\"async\" height=\"18\" width=\"18\" alt=\"Verified listing\" class=\"verified-listing\" src=\"https:\/\/stadtm.de\/Bad_Belzig\/wp-content\/themes\/my-listing\/assets\/images\/tick.svg\">\r\n                            <\/h4>\r\n\r\n                            <h6>Ferienwohnungen H\u00fcbner in Neschholz \u2013 Komfort &amp; Natur erleben<\/h6>\r\n            \r\n            \r\n<ul class=\"lf-contact no-list-style\">\r\n\t            <li >\r\n            \t                \t<i class=\"icon-phone-outgoing sm-icon\"><\/i>\r\n            \t                +49 (33841) 8274            <\/li>\r\n                    <li >\r\n            \t                \t<i class=\"icon-location-pin-add-2 sm-icon\"><\/i>\r\n            \t                Neschholz 37            <\/li>\r\n        <\/ul>\r\n        <\/div>\r\n\r\n    <\/a>\r\n        <div class=\"lf-head level-promoted\">\r\n            <span class=\"tooltip-element tooltip-bottom\">\r\n            <div class=\"lf-head-btn ad-badge\">\r\n                <span><i class=\"icon-flash\"><\/i><\/span>\r\n            <\/div>\r\n            <span class=\"tooltip-container\">Promoted<\/span>\r\n        <\/span>\r\n    \r\n    <\/div><\/div>\r\n\r\n        <div class=\"listing-details c27-footer-section\">\r\n            <ul class=\"c27-listing-preview-category-list no-list-style\">\r\n                <li>\r\n                    <a href=\"https:\/\/stadtm.de\/Bad_Belzig\/category\/hotel\/\">\r\n                        <span class=\"cat-icon\" style=\"background-color: #6c1cff;\">\r\n                            \t\t\t<i class=\"fa fa-bed\" style=\"color: #fff; \"><\/i>\r\n\t\t                        <\/span>\r\n                        <span class=\"category-name\">Hotel<\/span>\r\n                    <\/a>\r\n                <\/li>\r\n\r\n                            <\/ul>\r\n\r\n            <div class=\"ld-info\">\r\n                <ul class=\"no-list-style\">\r\n                                            <li class=\"item-preview tooltip-element\">\r\n    <a aria-label=\"Quick view button\" href=\"#\" type=\"button\" class=\"c27-toggle-quick-view-modal\" data-id=\"3655\">\r\n    \t<i class=\"mi zoom_in\"><\/i>\r\n    <\/a>\r\n    <span class=\"tooltip-container\">Quick view<\/span>\r\n<\/li>                                                                <li class=\"tooltip-element\">\r\n    <a aria-label=\"Bookmark button\" href=\"#\" class=\"c27-bookmark-button \"\r\n       data-listing-id=\"3655\" onclick=\"MyListing.Handlers.Bookmark_Button(event, this)\">\r\n       <i class=\"mi favorite_border\"><\/i>\r\n    <\/a>\r\n    <span class=\"tooltip-container\">Bookmark<\/span>\r\n<\/li>                                                        <\/ul>\r\n            <\/div>\r\n        <\/div>\r\n    <\/div>\r\n<\/div><div class=\"\"><div\r\n    class=\"lf-item-container listing-preview type-place lf-type-2 c27-verified has-logo has-tagline has-info-fields level-promoted priority-2\"\r\n    data-id=\"listing-id-4623\"\r\n        data-category-icon=\"\t\t\t&lt;i class=&quot;fa fa-hands-helping&quot; style=&quot;color: #fff; background: #6c1cff; &quot;&gt;&lt;\/i&gt;\r\n\t\t\"\r\n    data-category-color=\"#6c1cff\"\r\n    data-category-text-color=\"#fff\"\r\n        data-thumbnail=\"https:\/\/stadtm.de\/Bad_Belzig\/wp-content\/uploads\/2025\/11\/Kammerjaeger-Bad-Belzig-150x150.jpg\"\r\n    data-marker=\"https:\/\/stadtm.de\/Bad_Belzig\/wp-content\/uploads\/2025\/11\/Kammerjaeger-Bad-Belzig-150x150.jpg\"\r\n    data-template=\"alternate\"\r\n    data-locations=\"[{&quot;address&quot;:&quot;Friedrich Engels Str. 12, 14806 Bad Belzig&quot;,&quot;lat&quot;:&quot;52.13784&quot;,&quot;lng&quot;:&quot;12.59555&quot;}]\"\r\n>\r\n<div class=\"lf-item lf-item-alternate\" data-template=\"alternate\">\r\n    <a href=\"https:\/\/stadtm.de\/Bad_Belzig\/listing\/kammerjaeger-barduhn-schaedlingsbekaempfung\/\">\r\n\r\n        <div class=\"overlay\" style=\"\r\n    background-color: #242429;\r\n    opacity: 0.4;\r\n\"><\/div>\r\n        \r\n                    <div class=\"lf-background\" style=\"background-image: url('https:\/\/stadtm.de\/Bad_Belzig\/wp-content\/uploads\/2025\/11\/Kammerjaeger-Bad-Belzig-1-768x576.jpg');\"><\/div>\r\n        \r\n        <div class=\"lf-item-info-2\">\r\n                            <div class=\"lf-avatar\" style=\"background-image: url('https:\/\/stadtm.de\/Bad_Belzig\/wp-content\/uploads\/2025\/11\/Kammerjaeger-Bad-Belzig-150x150.jpg')\"><\/div>\r\n            \r\n            <h4 class=\"case27-primary-text listing-preview-title\">\r\n                Kammerj\u00e4ger - Barduhn Sch\u00e4dlingsbek\u00e4mpfung                                    <img decoding=\"async\" height=\"18\" width=\"18\" alt=\"Verified listing\" class=\"verified-listing\" src=\"https:\/\/stadtm.de\/Bad_Belzig\/wp-content\/themes\/my-listing\/assets\/images\/tick.svg\">\r\n                            <\/h4>\r\n\r\n                            <h6>Barduhn Sch\u00e4dlingsbek\u00e4mpfung - Ihr Kammerj\u00e4ger seit 1955<\/h6>\r\n            \r\n            \r\n<ul class=\"lf-contact no-list-style\">\r\n\t            <li >\r\n            \t                \t<i class=\"icon-phone-outgoing sm-icon\"><\/i>\r\n            \t                +49 (33841) 33325            <\/li>\r\n                    <li >\r\n            \t                \t<i class=\"icon-location-pin-add-2 sm-icon\"><\/i>\r\n            \t                Friedrich Engels Str. 12            <\/li>\r\n        <\/ul>\r\n        <\/div>\r\n\r\n    <\/a>\r\n        <div class=\"lf-head level-promoted\">\r\n            <span class=\"tooltip-element tooltip-bottom\">\r\n            <div class=\"lf-head-btn ad-badge\">\r\n                <span><i class=\"icon-flash\"><\/i><\/span>\r\n            <\/div>\r\n            <span class=\"tooltip-container\">Promoted<\/span>\r\n        <\/span>\r\n    \r\n                    <div class=\"lf-head-btn  open-status listing-status-open\" >\r\n                    OPEN                <\/div>\r\n            <\/div><\/div>\r\n\r\n        <div class=\"listing-details c27-footer-section\">\r\n            <ul class=\"c27-listing-preview-category-list no-list-style\">\r\n                <li>\r\n                    <a href=\"https:\/\/stadtm.de\/Bad_Belzig\/category\/dienstleistung\/\">\r\n                        <span class=\"cat-icon\" style=\"background-color: #6c1cff;\">\r\n                            \t\t\t<i class=\"fa fa-hands-helping\" style=\"color: #fff; \"><\/i>\r\n\t\t                        <\/span>\r\n                        <span class=\"category-name\">Dienstleistung<\/span>\r\n                    <\/a>\r\n                <\/li>\r\n\r\n                                    <li>\r\n                        <div class=\"categories-dropdown dropdown c27-more-categories\">\r\n                            <span class=\"tooltip-element\">\r\n                                <a href=\"#other-categories\">\r\n                                    <span class=\"cat-icon cat-more\">+2<\/span>\r\n                                <\/a>\r\n                                <span class=\"tooltip-container\">Handwerk, Kammerj\u00e4ger<\/span>\r\n                            <\/span>\r\n                        <\/div>\r\n                    <\/li>\r\n                            <\/ul>\r\n\r\n            <div class=\"ld-info\">\r\n                <ul class=\"no-list-style\">\r\n                                            <li class=\"item-preview tooltip-element\">\r\n    <a aria-label=\"Quick view button\" href=\"#\" type=\"button\" class=\"c27-toggle-quick-view-modal\" data-id=\"4623\">\r\n    \t<i class=\"mi zoom_in\"><\/i>\r\n    <\/a>\r\n    <span class=\"tooltip-container\">Quick view<\/span>\r\n<\/li>                                                                <li class=\"tooltip-element\">\r\n    <a aria-label=\"Bookmark button\" href=\"#\" class=\"c27-bookmark-button \"\r\n       data-listing-id=\"4623\" onclick=\"MyListing.Handlers.Bookmark_Button(event, this)\">\r\n       <i class=\"mi favorite_border\"><\/i>\r\n    <\/a>\r\n    <span class=\"tooltip-container\">Bookmark<\/span>\r\n<\/li>                                                        <\/ul>\r\n            <\/div>\r\n        <\/div>\r\n    <\/div>\r\n<\/div><div class=\"\"><div\r\n    class=\"lf-item-container listing-preview type-place lf-type-2 c27-verified has-logo has-tagline has-info-fields level-promoted priority-2\"\r\n    data-id=\"listing-id-4438\"\r\n        data-category-icon=\"\t\t\t&lt;i class=&quot;fa fa-shopping-basket&quot; style=&quot;color: #fff; background: #6c1cff; &quot;&gt;&lt;\/i&gt;\r\n\t\t\"\r\n    data-category-color=\"#6c1cff\"\r\n    data-category-text-color=\"#fff\"\r\n        data-thumbnail=\"https:\/\/stadtm.de\/Bad_Belzig\/wp-content\/uploads\/2025\/10\/Buechergeschaeft-Bad-Belzig-150x150.jpg\"\r\n    data-marker=\"https:\/\/stadtm.de\/Bad_Belzig\/wp-content\/uploads\/2025\/10\/Buechergeschaeft-Bad-Belzig-150x150.jpg\"\r\n    data-template=\"alternate\"\r\n    data-locations=\"[{&quot;address&quot;:&quot;Sandberger Str. 12, 14806 Bad Belzig&quot;,&quot;lat&quot;:&quot;52.13931&quot;,&quot;lng&quot;:&quot;12.58775&quot;}]\"\r\n>\r\n<div class=\"lf-item lf-item-alternate\" data-template=\"alternate\">\r\n    <a href=\"https:\/\/stadtm.de\/Bad_Belzig\/listing\/buechergeschaeft-buchhandlung-ritter\/\">\r\n\r\n        <div class=\"overlay\" style=\"\r\n    background-color: #242429;\r\n    opacity: 0.4;\r\n\"><\/div>\r\n        \r\n                    <div class=\"lf-background\" style=\"background-image: url('https:\/\/stadtm.de\/Bad_Belzig\/wp-content\/uploads\/2025\/10\/Buechergeschaeft-Bad-Belzig1-768x576.jpg');\"><\/div>\r\n        \r\n        <div class=\"lf-item-info-2\">\r\n                            <div class=\"lf-avatar\" style=\"background-image: url('https:\/\/stadtm.de\/Bad_Belzig\/wp-content\/uploads\/2025\/10\/Buechergeschaeft-Bad-Belzig-150x150.jpg')\"><\/div>\r\n            \r\n            <h4 class=\"case27-primary-text listing-preview-title\">\r\n                B\u00fcchergesch\u00e4ft - Buchhandlung Ritter                                    <img decoding=\"async\" height=\"18\" width=\"18\" alt=\"Verified listing\" class=\"verified-listing\" src=\"https:\/\/stadtm.de\/Bad_Belzig\/wp-content\/themes\/my-listing\/assets\/images\/tick.svg\">\r\n                            <\/h4>\r\n\r\n                            <h6>Buchhandlung Ritter - Pers\u00f6nlich beraten, regional verbunden &amp; voller Lesefreude.<\/h6>\r\n            \r\n            \r\n<ul class=\"lf-contact no-list-style\">\r\n\t            <li >\r\n            \t                \t<i class=\"icon-phone-outgoing sm-icon\"><\/i>\r\n            \t                +49 (33841) 42462            <\/li>\r\n                    <li >\r\n            \t                \t<i class=\"icon-location-pin-add-2 sm-icon\"><\/i>\r\n            \t                Sandberger Str. 12            <\/li>\r\n        <\/ul>\r\n        <\/div>\r\n\r\n    <\/a>\r\n        <div class=\"lf-head level-promoted\">\r\n            <span class=\"tooltip-element tooltip-bottom\">\r\n            <div class=\"lf-head-btn ad-badge\">\r\n                <span><i class=\"icon-flash\"><\/i><\/span>\r\n            <\/div>\r\n            <span class=\"tooltip-container\">Promoted<\/span>\r\n        <\/span>\r\n    \r\n                    <div class=\"lf-head-btn  open-status listing-status-open\" >\r\n                    OPEN                <\/div>\r\n            <\/div><\/div>\r\n\r\n        <div class=\"listing-details c27-footer-section\">\r\n            <ul class=\"c27-listing-preview-category-list no-list-style\">\r\n                <li>\r\n                    <a href=\"https:\/\/stadtm.de\/Bad_Belzig\/category\/handel\/\">\r\n                        <span class=\"cat-icon\" style=\"background-color: #6c1cff;\">\r\n                            \t\t\t<i class=\"fa fa-shopping-basket\" style=\"color: #fff; \"><\/i>\r\n\t\t                        <\/span>\r\n                        <span class=\"category-name\">Handel<\/span>\r\n                    <\/a>\r\n                <\/li>\r\n\r\n                            <\/ul>\r\n\r\n            <div class=\"ld-info\">\r\n                <ul class=\"no-list-style\">\r\n                                            <li class=\"item-preview tooltip-element\">\r\n    <a aria-label=\"Quick view button\" href=\"#\" type=\"button\" class=\"c27-toggle-quick-view-modal\" data-id=\"4438\">\r\n    \t<i class=\"mi zoom_in\"><\/i>\r\n    <\/a>\r\n    <span class=\"tooltip-container\">Quick view<\/span>\r\n<\/li>                                                                <li class=\"tooltip-element\">\r\n    <a aria-label=\"Bookmark button\" href=\"#\" class=\"c27-bookmark-button \"\r\n       data-listing-id=\"4438\" onclick=\"MyListing.Handlers.Bookmark_Button(event, this)\">\r\n       <i class=\"mi favorite_border\"><\/i>\r\n    <\/a>\r\n    <span class=\"tooltip-container\">Bookmark<\/span>\r\n<\/li>                                                        <\/ul>\r\n            <\/div>\r\n        <\/div>\r\n    <\/div>\r\n<\/div><div class=\"\"><div\r\n    class=\"lf-item-container listing-preview type-jobs  c27-verified has-logo has-tagline has-info-fields level-promoted priority-2\"\r\n    data-id=\"listing-id-3735\"\r\n        data-category-icon=\"\"\r\n    data-category-color=\"\"\r\n    data-category-text-color=\"\"\r\n        data-thumbnail=\"https:\/\/stadtm.de\/Bad_Belzig\/wp-content\/uploads\/2025\/08\/Supermarkt-Bad-Belzig-150x150.jpg\"\r\n    data-marker=\"https:\/\/stadtm.de\/Bad_Belzig\/wp-content\/uploads\/2025\/08\/Supermarkt-Bad-Belzig-150x150.jpg\"\r\n    data-template=\"default\"\r\n    data-locations=\"[{&quot;address&quot;:&quot;Weitzgrunder Str. 2, 14806 Bad Belzig&quot;,&quot;lat&quot;:&quot;52.14466&quot;,&quot;lng&quot;:&quot;12.59103&quot;}]\"\r\n>\r\n<div class=\"lf-item lf-item-default\" data-template=\"default\">\r\n    <a href=\"https:\/\/stadtm.de\/Bad_Belzig\/listing\/verkaeufer-frischetheke-edeka-wipfli\/\">\r\n\r\n        <div class=\"overlay\" style=\"\r\n    background-color: #242429;\r\n    opacity: 0.4;\r\n\"><\/div>\r\n        \r\n                    <div class=\"lf-background\" style=\"background-image: url('https:\/\/stadtm.de\/Bad_Belzig\/wp-content\/uploads\/2025\/08\/Supermarkt-Bad-Belzig1-768x240.jpg');\"><\/div>\r\n        \r\n        <div class=\"lf-item-info\">\r\n                            <div class=\"lf-avatar\" style=\"background-image: url('https:\/\/stadtm.de\/Bad_Belzig\/wp-content\/uploads\/2025\/08\/Supermarkt-Bad-Belzig-150x150.jpg')\"><\/div>\r\n            \r\n            <h4 class=\"case27-primary-text listing-preview-title\">\r\n                VERK\u00c4UFER FRISCHETHEKE - Edeka Wipfli                                    <img decoding=\"async\" height=\"18\" width=\"18\" alt=\"Verified listing\" class=\"verified-listing\" src=\"https:\/\/stadtm.de\/Bad_Belzig\/wp-content\/themes\/my-listing\/assets\/images\/tick.svg\">\r\n                            <\/h4>\r\n\r\n            \r\n<ul class=\"lf-contact no-list-style\">\r\n\t            <li >\r\n            \t                \t<i class=\"icon-location-pin-check-2 sm-icon\"><\/i>\r\n            \t                Weitzgrunder Str. 2            <\/li>\r\n                    <li >\r\n            \t                \t<i class=\"icon-phone-outgoing sm-icon\"><\/i>\r\n            \t                +49 (33841) 3878810            <\/li>\r\n        <\/ul>\r\n        <\/div>\r\n\r\n    <\/a>\r\n        <div class=\"lf-head level-promoted\">\r\n            <span class=\"tooltip-element tooltip-bottom\">\r\n            <div class=\"lf-head-btn ad-badge\">\r\n                <span><i class=\"icon-flash\"><\/i><\/span>\r\n            <\/div>\r\n            <span class=\"tooltip-container\">Promoted<\/span>\r\n        <\/span>\r\n    \r\n    <\/div><\/div>\r\n\r\n<\/div>\r\n<\/div><div class=\"\"><div\r\n    class=\"lf-item-container listing-preview type-place lf-type-2 c27-verified has-logo has-tagline has-info-fields level-promoted priority-2\"\r\n    data-id=\"listing-id-4494\"\r\n        data-category-icon=\"\t\t\t&lt;i class=&quot;fa fa-hands-helping&quot; style=&quot;color: #fff; background: #6c1cff; &quot;&gt;&lt;\/i&gt;\r\n\t\t\"\r\n    data-category-color=\"#6c1cff\"\r\n    data-category-text-color=\"#fff\"\r\n        data-thumbnail=\"https:\/\/stadtm.de\/Bad_Belzig\/wp-content\/uploads\/2025\/10\/Spielhalle-Bad-Belzig-150x150.jpg\"\r\n    data-marker=\"https:\/\/stadtm.de\/Bad_Belzig\/wp-content\/uploads\/2025\/10\/Spielhalle-Bad-Belzig-150x150.jpg\"\r\n    data-template=\"alternate\"\r\n    data-locations=\"[{&quot;address&quot;:&quot;Erich-Weinert-Str. 34, 14806 Bad Belzig&quot;,&quot;lat&quot;:&quot;52.13840&quot;,&quot;lng&quot;:&quot;12.60454&quot;}]\"\r\n>\r\n<div class=\"lf-item lf-item-alternate\" data-template=\"alternate\">\r\n    <a href=\"https:\/\/stadtm.de\/Bad_Belzig\/listing\/spielhalle-sabinchenautomaten\/\">\r\n\r\n        <div class=\"overlay\" style=\"\r\n    background-color: #242429;\r\n    opacity: 0.4;\r\n\"><\/div>\r\n        \r\n                    <div class=\"lf-background\" style=\"background-image: url('https:\/\/stadtm.de\/Bad_Belzig\/wp-content\/uploads\/2025\/10\/Spielhalle-Bad-Belzig1-768x429.jpg');\"><\/div>\r\n        \r\n        <div class=\"lf-item-info-2\">\r\n                            <div class=\"lf-avatar\" style=\"background-image: url('https:\/\/stadtm.de\/Bad_Belzig\/wp-content\/uploads\/2025\/10\/Spielhalle-Bad-Belzig-150x150.jpg')\"><\/div>\r\n            \r\n            <h4 class=\"case27-primary-text listing-preview-title\">\r\n                Spielhalle - Sabinchenautomaten                                    <img decoding=\"async\" height=\"18\" width=\"18\" alt=\"Verified listing\" class=\"verified-listing\" src=\"https:\/\/stadtm.de\/Bad_Belzig\/wp-content\/themes\/my-listing\/assets\/images\/tick.svg\">\r\n                            <\/h4>\r\n\r\n                            <h6>Sabinchenautomaten - Moderne Geldspielautomaten, Billard &amp; Unterhaltung<\/h6>\r\n            \r\n            \r\n<ul class=\"lf-contact no-list-style\">\r\n\t            <li >\r\n            \t                \t<i class=\"icon-phone-outgoing sm-icon\"><\/i>\r\n            \t                +49 (33841) 45800            <\/li>\r\n                    <li >\r\n            \t                \t<i class=\"icon-location-pin-add-2 sm-icon\"><\/i>\r\n            \t                Erich-Weinert-Str. 34            <\/li>\r\n        <\/ul>\r\n        <\/div>\r\n\r\n    <\/a>\r\n        <div class=\"lf-head level-promoted\">\r\n            <span class=\"tooltip-element tooltip-bottom\">\r\n            <div class=\"lf-head-btn ad-badge\">\r\n                <span><i class=\"icon-flash\"><\/i><\/span>\r\n            <\/div>\r\n            <span class=\"tooltip-container\">Promoted<\/span>\r\n        <\/span>\r\n    \r\n                    <div class=\"lf-head-btn  open-status listing-status-open\" >\r\n                    OPEN                <\/div>\r\n            <\/div><\/div>\r\n\r\n        <div class=\"listing-details c27-footer-section\">\r\n            <ul class=\"c27-listing-preview-category-list no-list-style\">\r\n                <li>\r\n                    <a href=\"https:\/\/stadtm.de\/Bad_Belzig\/category\/dienstleistung\/\">\r\n                        <span class=\"cat-icon\" style=\"background-color: #6c1cff;\">\r\n                            \t\t\t<i class=\"fa fa-hands-helping\" style=\"color: #fff; \"><\/i>\r\n\t\t                        <\/span>\r\n                        <span class=\"category-name\">Dienstleistung<\/span>\r\n                    <\/a>\r\n                <\/li>\r\n\r\n                                    <li>\r\n                        <div class=\"categories-dropdown dropdown c27-more-categories\">\r\n                            <span class=\"tooltip-element\">\r\n                                <a href=\"#other-categories\">\r\n                                    <span class=\"cat-icon cat-more\">+2<\/span>\r\n                                <\/a>\r\n                                <span class=\"tooltip-container\">Restaurant, Freizeiteinrichtungen<\/span>\r\n                            <\/span>\r\n                        <\/div>\r\n                    <\/li>\r\n                            <\/ul>\r\n\r\n            <div class=\"ld-info\">\r\n                <ul class=\"no-list-style\">\r\n                                            <li class=\"item-preview tooltip-element\">\r\n    <a aria-label=\"Quick view button\" href=\"#\" type=\"button\" class=\"c27-toggle-quick-view-modal\" data-id=\"4494\">\r\n    \t<i class=\"mi zoom_in\"><\/i>\r\n    <\/a>\r\n    <span class=\"tooltip-container\">Quick view<\/span>\r\n<\/li>                                                                <li class=\"tooltip-element\">\r\n    <a aria-label=\"Bookmark button\" href=\"#\" class=\"c27-bookmark-button \"\r\n       data-listing-id=\"4494\" onclick=\"MyListing.Handlers.Bookmark_Button(event, this)\">\r\n       <i class=\"mi favorite_border\"><\/i>\r\n    <\/a>\r\n    <span class=\"tooltip-container\">Bookmark<\/span>\r\n<\/li>                                                        <\/ul>\r\n            <\/div>\r\n        <\/div>\r\n    <\/div>\r\n<\/div><div class=\"\"><div\r\n    class=\"lf-item-container listing-preview type-place lf-type-2 c27-verified has-logo has-tagline has-info-fields level-promoted priority-2\"\r\n    data-id=\"listing-id-4527\"\r\n        data-category-icon=\"\t\t\t&lt;i class=&quot;fa fa-hands-helping&quot; style=&quot;color: #fff; background: #6c1cff; &quot;&gt;&lt;\/i&gt;\r\n\t\t\"\r\n    data-category-color=\"#6c1cff\"\r\n    data-category-text-color=\"#fff\"\r\n        data-thumbnail=\"https:\/\/stadtm.de\/Bad_Belzig\/wp-content\/uploads\/2025\/07\/Ergotherapeut-Bad-Belzig-150x150.jpg\"\r\n    data-marker=\"https:\/\/stadtm.de\/Bad_Belzig\/wp-content\/uploads\/2025\/07\/Ergotherapeut-Bad-Belzig-150x150.jpg\"\r\n    data-template=\"alternate\"\r\n    data-locations=\"[{&quot;address&quot;:&quot;Bahnhofstr. 2, 14806 Bad Belzig&quot;,&quot;lat&quot;:&quot;52.13870&quot;,&quot;lng&quot;:&quot;12.58802&quot;}]\"\r\n>\r\n<div class=\"lf-item lf-item-alternate\" data-template=\"alternate\">\r\n    <a href=\"https:\/\/stadtm.de\/Bad_Belzig\/listing\/ergotherapeut-katharina-mahler-zweigstelle\/\">\r\n\r\n        <div class=\"overlay\" style=\"\r\n    background-color: #242429;\r\n    opacity: 0.4;\r\n\"><\/div>\r\n        \r\n                    <div class=\"lf-background\" style=\"background-image: url('https:\/\/stadtm.de\/Bad_Belzig\/wp-content\/uploads\/2025\/07\/Ergotherapeut-Bad-Belzig3-768x432.jpg');\"><\/div>\r\n        \r\n        <div class=\"lf-item-info-2\">\r\n                            <div class=\"lf-avatar\" style=\"background-image: url('https:\/\/stadtm.de\/Bad_Belzig\/wp-content\/uploads\/2025\/07\/Ergotherapeut-Bad-Belzig-150x150.jpg')\"><\/div>\r\n            \r\n            <h4 class=\"case27-primary-text listing-preview-title\">\r\n                Ergotherapeut - Katharina Mahler | Zweigstelle                                    <img decoding=\"async\" height=\"18\" width=\"18\" alt=\"Verified listing\" class=\"verified-listing\" src=\"https:\/\/stadtm.de\/Bad_Belzig\/wp-content\/themes\/my-listing\/assets\/images\/tick.svg\">\r\n                            <\/h4>\r\n\r\n                            <h6>Ergotherapie Katharina Mahler - Individuell, ganzheitlich &amp; patientennah. Jetzt Termin sichern!<\/h6>\r\n            \r\n            \r\n<ul class=\"lf-contact no-list-style\">\r\n\t            <li >\r\n            \t                \t<i class=\"icon-phone-outgoing sm-icon\"><\/i>\r\n            \t                +49 (33841) 459033            <\/li>\r\n                    <li >\r\n            \t                \t<i class=\"icon-location-pin-add-2 sm-icon\"><\/i>\r\n            \t                Bahnhofstr. 2            <\/li>\r\n        <\/ul>\r\n        <\/div>\r\n\r\n    <\/a>\r\n        <div class=\"lf-head level-promoted\">\r\n            <span class=\"tooltip-element tooltip-bottom\">\r\n            <div class=\"lf-head-btn ad-badge\">\r\n                <span><i class=\"icon-flash\"><\/i><\/span>\r\n            <\/div>\r\n            <span class=\"tooltip-container\">Promoted<\/span>\r\n        <\/span>\r\n    \r\n                    <div class=\"lf-head-btn  open-status listing-status-open\" >\r\n                    OPEN                <\/div>\r\n            <\/div><\/div>\r\n\r\n        <div class=\"listing-details c27-footer-section\">\r\n            <ul class=\"c27-listing-preview-category-list no-list-style\">\r\n                <li>\r\n                    <a href=\"https:\/\/stadtm.de\/Bad_Belzig\/category\/dienstleistung\/\">\r\n                        <span class=\"cat-icon\" style=\"background-color: #6c1cff;\">\r\n                            \t\t\t<i class=\"fa fa-hands-helping\" style=\"color: #fff; \"><\/i>\r\n\t\t                        <\/span>\r\n                        <span class=\"category-name\">Dienstleistung<\/span>\r\n                    <\/a>\r\n                <\/li>\r\n\r\n                                    <li>\r\n                        <div class=\"categories-dropdown dropdown c27-more-categories\">\r\n                            <span class=\"tooltip-element\">\r\n                                <a href=\"#other-categories\">\r\n                                    <span class=\"cat-icon cat-more\">+2<\/span>\r\n                                <\/a>\r\n                                <span class=\"tooltip-container\">Gesundheitswesen, Ergotherapeut<\/span>\r\n                            <\/span>\r\n                        <\/div>\r\n                    <\/li>\r\n                            <\/ul>\r\n\r\n            <div class=\"ld-info\">\r\n                <ul class=\"no-list-style\">\r\n                                            <li class=\"item-preview tooltip-element\">\r\n    <a aria-label=\"Quick view button\" href=\"#\" type=\"button\" class=\"c27-toggle-quick-view-modal\" data-id=\"4527\">\r\n    \t<i class=\"mi zoom_in\"><\/i>\r\n    <\/a>\r\n    <span class=\"tooltip-container\">Quick view<\/span>\r\n<\/li>                                                                <li class=\"tooltip-element\">\r\n    <a aria-label=\"Bookmark button\" href=\"#\" class=\"c27-bookmark-button \"\r\n       data-listing-id=\"4527\" onclick=\"MyListing.Handlers.Bookmark_Button(event, this)\">\r\n       <i class=\"mi favorite_border\"><\/i>\r\n    <\/a>\r\n    <span class=\"tooltip-container\">Bookmark<\/span>\r\n<\/li>                                                        <\/ul>\r\n            <\/div>\r\n        <\/div>\r\n    <\/div>\r\n<\/div><div class=\"\"><div\r\n    class=\"lf-item-container listing-preview type-jobs  c27-verified has-logo has-tagline has-info-fields level-promoted priority-2\"\r\n    data-id=\"listing-id-4590\"\r\n        data-category-icon=\"\"\r\n    data-category-color=\"\"\r\n    data-category-text-color=\"\"\r\n        data-thumbnail=\"https:\/\/stadtm.de\/Bad_Belzig\/wp-content\/uploads\/2025\/11\/Fahrzeugbau-Bad-Belzig-1-150x150.jpg\"\r\n    data-marker=\"https:\/\/stadtm.de\/Bad_Belzig\/wp-content\/uploads\/2025\/11\/Fahrzeugbau-Bad-Belzig-1-150x150.jpg\"\r\n    data-template=\"default\"\r\n    data-locations=\"[{&quot;address&quot;:&quot;Forstweg 8a, 14806 Bad Belzig&quot;,&quot;lat&quot;:&quot;52.14726&quot;,&quot;lng&quot;:&quot;12.57353&quot;}]\"\r\n>\r\n<div class=\"lf-item lf-item-default\" data-template=\"default\">\r\n    <a href=\"https:\/\/stadtm.de\/Bad_Belzig\/listing\/ausbildung-kfz-mechatroniker-fuer-nutzfahrzeugtechnik-befa-belziger-fahrzeugbau\/\">\r\n\r\n        <div class=\"overlay\" style=\"\r\n    background-color: #242429;\r\n    opacity: 0.4;\r\n\"><\/div>\r\n        \r\n                    <div class=\"lf-background\" style=\"background-image: url('https:\/\/stadtm.de\/Bad_Belzig\/wp-content\/uploads\/2025\/11\/Fahrzeugbau-Bad-Belzig3-768x346.jpg');\"><\/div>\r\n        \r\n        <div class=\"lf-item-info\">\r\n                            <div class=\"lf-avatar\" style=\"background-image: url('https:\/\/stadtm.de\/Bad_Belzig\/wp-content\/uploads\/2025\/11\/Fahrzeugbau-Bad-Belzig-1-150x150.jpg')\"><\/div>\r\n            \r\n            <h4 class=\"case27-primary-text listing-preview-title\">\r\n                Ausbildung Kfz-Mechatroniker f\u00fcr Nutzfahrzeugtechnik - BEFA Belziger Fahrzeugbau                                    <img decoding=\"async\" height=\"18\" width=\"18\" alt=\"Verified listing\" class=\"verified-listing\" src=\"https:\/\/stadtm.de\/Bad_Belzig\/wp-content\/themes\/my-listing\/assets\/images\/tick.svg\">\r\n                            <\/h4>\r\n\r\n            \r\n<ul class=\"lf-contact no-list-style\">\r\n\t            <li >\r\n            \t                \t<i class=\"icon-location-pin-check-2 sm-icon\"><\/i>\r\n            \t                Forstweg 8a            <\/li>\r\n                    <li >\r\n            \t                \t<i class=\"icon-phone-outgoing sm-icon\"><\/i>\r\n            \t                +49 (33841) 606-0            <\/li>\r\n        <\/ul>\r\n        <\/div>\r\n\r\n    <\/a>\r\n        <div class=\"lf-head level-promoted\">\r\n            <span class=\"tooltip-element tooltip-bottom\">\r\n            <div class=\"lf-head-btn ad-badge\">\r\n                <span><i class=\"icon-flash\"><\/i><\/span>\r\n            <\/div>\r\n            <span class=\"tooltip-container\">Promoted<\/span>\r\n        <\/span>\r\n    \r\n    <\/div><\/div>\r\n\r\n<\/div>\r\n<\/div><div class=\"\"><div\r\n    class=\"lf-item-container listing-preview type-place lf-type-2 c27-verified has-logo has-tagline has-info-fields level-promoted priority-2\"\r\n    data-id=\"listing-id-4542\"\r\n        data-category-icon=\"\"\r\n    data-category-color=\"\"\r\n    data-category-text-color=\"\"\r\n        data-thumbnail=\"https:\/\/stadtm.de\/Bad_Belzig\/wp-content\/uploads\/2025\/11\/Fahrzeugbau-Bad-Belzig-1-150x150.jpg\"\r\n    data-marker=\"https:\/\/stadtm.de\/Bad_Belzig\/wp-content\/uploads\/2025\/11\/Fahrzeugbau-Bad-Belzig-1-150x150.jpg\"\r\n    data-template=\"alternate\"\r\n    data-locations=\"[{&quot;address&quot;:&quot;Forstweg 8a, 14806 Bad Belzig&quot;,&quot;lat&quot;:&quot;52.14726&quot;,&quot;lng&quot;:&quot;12.57350&quot;}]\"\r\n>\r\n<div class=\"lf-item lf-item-alternate\" data-template=\"alternate\">\r\n    <a href=\"https:\/\/stadtm.de\/Bad_Belzig\/listing\/fahrzeugbau-befa-belziger-fahrzeugbau\/\">\r\n\r\n        <div class=\"overlay\" style=\"\r\n    background-color: #242429;\r\n    opacity: 0.4;\r\n\"><\/div>\r\n        \r\n                    <div class=\"lf-background\" style=\"background-image: url('https:\/\/stadtm.de\/Bad_Belzig\/wp-content\/uploads\/2025\/11\/Fahrzeugbau-Bad-Belzig3-768x346.jpg');\"><\/div>\r\n        \r\n        <div class=\"lf-item-info-2\">\r\n                            <div class=\"lf-avatar\" style=\"background-image: url('https:\/\/stadtm.de\/Bad_Belzig\/wp-content\/uploads\/2025\/11\/Fahrzeugbau-Bad-Belzig-1-150x150.jpg')\"><\/div>\r\n            \r\n            <h4 class=\"case27-primary-text listing-preview-title\">\r\n                Fahrzeugbau - BEFA Belziger Fahrzeugbau                                    <img decoding=\"async\" height=\"18\" width=\"18\" alt=\"Verified listing\" class=\"verified-listing\" src=\"https:\/\/stadtm.de\/Bad_Belzig\/wp-content\/themes\/my-listing\/assets\/images\/tick.svg\">\r\n                            <\/h4>\r\n\r\n                            <h6>Fahrzeugbau mit Pr\u00e4zision \u2013 Made in Bad Belzig<\/h6>\r\n            \r\n            \r\n<ul class=\"lf-contact no-list-style\">\r\n\t            <li >\r\n            \t                \t<i class=\"icon-phone-outgoing sm-icon\"><\/i>\r\n            \t                +49 (33841) 606-0            <\/li>\r\n                    <li >\r\n            \t                \t<i class=\"icon-location-pin-add-2 sm-icon\"><\/i>\r\n            \t                Forstweg 8a            <\/li>\r\n        <\/ul>\r\n        <\/div>\r\n\r\n    <\/a>\r\n        <div class=\"lf-head level-promoted\">\r\n            <span class=\"tooltip-element tooltip-bottom\">\r\n            <div class=\"lf-head-btn ad-badge\">\r\n                <span><i class=\"icon-flash\"><\/i><\/span>\r\n            <\/div>\r\n            <span class=\"tooltip-container\">Promoted<\/span>\r\n        <\/span>\r\n    \r\n                    <div class=\"lf-head-btn  open-status listing-status-open\" >\r\n                    OPEN                <\/div>\r\n            <\/div><\/div>\r\n\r\n<\/div>\r\n<\/div><div class=\"\"><div\r\n    class=\"lf-item-container listing-preview type-place lf-type-2 c27-verified has-logo has-tagline has-info-fields level-promoted priority-2\"\r\n    data-id=\"listing-id-4327\"\r\n        data-category-icon=\"\t\t\t&lt;i class=&quot;fa fa-hands-helping&quot; style=&quot;color: #fff; background: #6c1cff; &quot;&gt;&lt;\/i&gt;\r\n\t\t\"\r\n    data-category-color=\"#6c1cff\"\r\n    data-category-text-color=\"#fff\"\r\n        data-thumbnail=\"https:\/\/stadtm.de\/Bad_Belzig\/wp-content\/uploads\/2025\/09\/Augenoptikergeschaeft-Bad-Belzig-150x150.jpg\"\r\n    data-marker=\"https:\/\/stadtm.de\/Bad_Belzig\/wp-content\/uploads\/2025\/09\/Augenoptikergeschaeft-Bad-Belzig-150x150.jpg\"\r\n    data-template=\"alternate\"\r\n    data-locations=\"[{&quot;address&quot;:&quot;Marktplatz 4, 14806 Bad Belzig&quot;,&quot;lat&quot;:&quot;52.14020&quot;,&quot;lng&quot;:&quot;12.58711&quot;}]\"\r\n>\r\n<div class=\"lf-item lf-item-alternate\" data-template=\"alternate\">\r\n    <a href=\"https:\/\/stadtm.de\/Bad_Belzig\/listing\/augenoptikergeschaeft-die-brille-am-markt\/\">\r\n\r\n        <div class=\"overlay\" style=\"\r\n    background-color: #242429;\r\n    opacity: 0.4;\r\n\"><\/div>\r\n        \r\n                    <div class=\"lf-background\" style=\"background-image: url('https:\/\/stadtm.de\/Bad_Belzig\/wp-content\/uploads\/2025\/09\/Augenoptikergeschaeft-Bad-Belzig9-768x768.jpg');\"><\/div>\r\n        \r\n        <div class=\"lf-item-info-2\">\r\n                            <div class=\"lf-avatar\" style=\"background-image: url('https:\/\/stadtm.de\/Bad_Belzig\/wp-content\/uploads\/2025\/09\/Augenoptikergeschaeft-Bad-Belzig-150x150.jpg')\"><\/div>\r\n            \r\n            <h4 class=\"case27-primary-text listing-preview-title\">\r\n                Augenoptikergesch\u00e4ft - Die Brille am Markt                                    <img decoding=\"async\" height=\"18\" width=\"18\" alt=\"Verified listing\" class=\"verified-listing\" src=\"https:\/\/stadtm.de\/Bad_Belzig\/wp-content\/themes\/my-listing\/assets\/images\/tick.svg\">\r\n                            <\/h4>\r\n\r\n                            <h6>Die Brille am Markt - Brille &amp; Sehtest vom Profi<\/h6>\r\n            \r\n            \r\n<ul class=\"lf-contact no-list-style\">\r\n\t            <li >\r\n            \t                \t<i class=\"icon-phone-outgoing sm-icon\"><\/i>\r\n            \t                +49 (33841) 440965            <\/li>\r\n                    <li >\r\n            \t                \t<i class=\"icon-location-pin-add-2 sm-icon\"><\/i>\r\n            \t                Marktplatz 4            <\/li>\r\n        <\/ul>\r\n        <\/div>\r\n\r\n    <\/a>\r\n        <div class=\"lf-head level-promoted\">\r\n            <span class=\"tooltip-element tooltip-bottom\">\r\n            <div class=\"lf-head-btn ad-badge\">\r\n                <span><i class=\"icon-flash\"><\/i><\/span>\r\n            <\/div>\r\n            <span class=\"tooltip-container\">Promoted<\/span>\r\n        <\/span>\r\n    \r\n    <\/div><\/div>\r\n\r\n        <div class=\"listing-details c27-footer-section\">\r\n            <ul class=\"c27-listing-preview-category-list no-list-style\">\r\n                <li>\r\n                    <a href=\"https:\/\/stadtm.de\/Bad_Belzig\/category\/dienstleistung\/\">\r\n                        <span class=\"cat-icon\" style=\"background-color: #6c1cff;\">\r\n                            \t\t\t<i class=\"fa fa-hands-helping\" style=\"color: #fff; \"><\/i>\r\n\t\t                        <\/span>\r\n                        <span class=\"category-name\">Dienstleistung<\/span>\r\n                    <\/a>\r\n                <\/li>\r\n\r\n                                    <li>\r\n                        <div class=\"categories-dropdown dropdown c27-more-categories\">\r\n                            <span class=\"tooltip-element\">\r\n                                <a href=\"#other-categories\">\r\n                                    <span class=\"cat-icon cat-more\">+3<\/span>\r\n                                <\/a>\r\n                                <span class=\"tooltip-container\">Handel, Gesundheitswesen, Handwerk<\/span>\r\n                            <\/span>\r\n                        <\/div>\r\n                    <\/li>\r\n                            <\/ul>\r\n\r\n            <div class=\"ld-info\">\r\n                <ul class=\"no-list-style\">\r\n                                            <li class=\"item-preview tooltip-element\">\r\n    <a aria-label=\"Quick view button\" href=\"#\" type=\"button\" class=\"c27-toggle-quick-view-modal\" data-id=\"4327\">\r\n    \t<i class=\"mi zoom_in\"><\/i>\r\n    <\/a>\r\n    <span class=\"tooltip-container\">Quick view<\/span>\r\n<\/li>                                                                <li class=\"tooltip-element\">\r\n    <a aria-label=\"Bookmark button\" href=\"#\" class=\"c27-bookmark-button \"\r\n       data-listing-id=\"4327\" onclick=\"MyListing.Handlers.Bookmark_Button(event, this)\">\r\n       <i class=\"mi favorite_border\"><\/i>\r\n    <\/a>\r\n    <span class=\"tooltip-container\">Bookmark<\/span>\r\n<\/li>                                                        <\/ul>\r\n            <\/div>\r\n        <\/div>\r\n    <\/div>\r\n<\/div><div class=\"\"><div\r\n    class=\"lf-item-container listing-preview type-jobs  c27-verified has-logo has-tagline has-info-fields level-promoted priority-2\"\r\n    data-id=\"listing-id-4525\"\r\n        data-category-icon=\"\"\r\n    data-category-color=\"\"\r\n    data-category-text-color=\"\"\r\n        data-thumbnail=\"https:\/\/stadtm.de\/Bad_Belzig\/wp-content\/uploads\/2025\/07\/Ergotherapeut-Bad-Belzig-150x150.jpg\"\r\n    data-marker=\"https:\/\/stadtm.de\/Bad_Belzig\/wp-content\/uploads\/2025\/07\/Ergotherapeut-Bad-Belzig-150x150.jpg\"\r\n    data-template=\"default\"\r\n    data-locations=\"[{&quot;address&quot;:&quot;Erich-Weinert-Str. 17, 14806 Bad Belzig&quot;,&quot;lat&quot;:&quot;52.14049&quot;,&quot;lng&quot;:&quot;12.60656&quot;}]\"\r\n>\r\n<div class=\"lf-item lf-item-default\" data-template=\"default\">\r\n    <a href=\"https:\/\/stadtm.de\/Bad_Belzig\/listing\/ergotherapeut-ergotherapie-katharina-mahler\/\">\r\n\r\n        <div class=\"overlay\" style=\"\r\n    background-color: #242429;\r\n    opacity: 0.4;\r\n\"><\/div>\r\n        \r\n                    <div class=\"lf-background\" style=\"background-image: url('https:\/\/stadtm.de\/Bad_Belzig\/wp-content\/uploads\/2025\/07\/Ergotherapeut-Bad-Belzig3-768x432.jpg');\"><\/div>\r\n        \r\n        <div class=\"lf-item-info\">\r\n                            <div class=\"lf-avatar\" style=\"background-image: url('https:\/\/stadtm.de\/Bad_Belzig\/wp-content\/uploads\/2025\/07\/Ergotherapeut-Bad-Belzig-150x150.jpg')\"><\/div>\r\n            \r\n            <h4 class=\"case27-primary-text listing-preview-title\">\r\n                Ergotherapeut - Ergotherapie Katharina Mahler                                    <img decoding=\"async\" height=\"18\" width=\"18\" alt=\"Verified listing\" class=\"verified-listing\" src=\"https:\/\/stadtm.de\/Bad_Belzig\/wp-content\/themes\/my-listing\/assets\/images\/tick.svg\">\r\n                            <\/h4>\r\n\r\n            \r\n<ul class=\"lf-contact no-list-style\">\r\n\t            <li >\r\n            \t                \t<i class=\"icon-location-pin-check-2 sm-icon\"><\/i>\r\n            \t                Erich-Weinert-Str. 17            <\/li>\r\n                    <li >\r\n            \t                \t<i class=\"icon-phone-outgoing sm-icon\"><\/i>\r\n            \t                +49 (33841) 459410            <\/li>\r\n        <\/ul>\r\n        <\/div>\r\n\r\n    <\/a>\r\n        <div class=\"lf-head level-promoted\">\r\n            <span class=\"tooltip-element tooltip-bottom\">\r\n            <div class=\"lf-head-btn ad-badge\">\r\n                <span><i class=\"icon-flash\"><\/i><\/span>\r\n            <\/div>\r\n            <span class=\"tooltip-container\">Promoted<\/span>\r\n        <\/span>\r\n    \r\n    <\/div><\/div>\r\n\r\n<\/div>\r\n<\/div><div class=\"\"><div\r\n    class=\"lf-item-container listing-preview type-jobs  c27-verified has-logo has-tagline has-info-fields level-promoted priority-2\"\r\n    data-id=\"listing-id-3752\"\r\n        data-category-icon=\"\"\r\n    data-category-color=\"\"\r\n    data-category-text-color=\"\"\r\n        data-thumbnail=\"https:\/\/stadtm.de\/Bad_Belzig\/wp-content\/uploads\/2025\/07\/Autohaendler-Bad-Belzig-150x150.jpg\"\r\n    data-marker=\"https:\/\/stadtm.de\/Bad_Belzig\/wp-content\/uploads\/2025\/07\/Autohaendler-Bad-Belzig-150x150.jpg\"\r\n    data-template=\"default\"\r\n    data-locations=\"[{&quot;address&quot;:&quot;Im Gewerbepark Seedoche 2, 14806 Bad Belzig&quot;,&quot;lat&quot;:&quot;52.14634&quot;,&quot;lng&quot;:&quot;12.61284&quot;}]\"\r\n>\r\n<div class=\"lf-item lf-item-default\" data-template=\"default\">\r\n    <a href=\"https:\/\/stadtm.de\/Bad_Belzig\/listing\/hilfskraft-autohaus-schumann\/\">\r\n\r\n        <div class=\"overlay\" style=\"\r\n    background-color: #242429;\r\n    opacity: 0.4;\r\n\"><\/div>\r\n        \r\n                    <div class=\"lf-background\" style=\"background-image: url('https:\/\/stadtm.de\/Bad_Belzig\/wp-content\/uploads\/2025\/07\/Autohaendler-Bad-Belzig1-768x512.jpg');\"><\/div>\r\n        \r\n        <div class=\"lf-item-info\">\r\n                            <div class=\"lf-avatar\" style=\"background-image: url('https:\/\/stadtm.de\/Bad_Belzig\/wp-content\/uploads\/2025\/07\/Autohaendler-Bad-Belzig-150x150.jpg')\"><\/div>\r\n            \r\n            <h4 class=\"case27-primary-text listing-preview-title\">\r\n                HILFSKRAFT - Autohaus Schumann                                    <img decoding=\"async\" height=\"18\" width=\"18\" alt=\"Verified listing\" class=\"verified-listing\" src=\"https:\/\/stadtm.de\/Bad_Belzig\/wp-content\/themes\/my-listing\/assets\/images\/tick.svg\">\r\n                            <\/h4>\r\n\r\n            \r\n<ul class=\"lf-contact no-list-style\">\r\n\t            <li >\r\n            \t                \t<i class=\"icon-location-pin-check-2 sm-icon\"><\/i>\r\n            \t                Im Gewerbepark Seedoche 2            <\/li>\r\n                    <li >\r\n            \t                \t<i class=\"icon-phone-outgoing sm-icon\"><\/i>\r\n            \t                +49 (33841) 588-0            <\/li>\r\n        <\/ul>\r\n        <\/div>\r\n\r\n    <\/a>\r\n        <div class=\"lf-head level-promoted\">\r\n            <span class=\"tooltip-element tooltip-bottom\">\r\n            <div class=\"lf-head-btn ad-badge\">\r\n                <span><i class=\"icon-flash\"><\/i><\/span>\r\n            <\/div>\r\n            <span class=\"tooltip-container\">Promoted<\/span>\r\n        <\/span>\r\n    \r\n    <\/div><\/div>\r\n\r\n<\/div>\r\n<\/div><div class=\"\"><div\r\n    class=\"lf-item-container listing-preview type-jobs  c27-verified has-logo has-tagline has-info-fields level-promoted priority-2\"\r\n    data-id=\"listing-id-3749\"\r\n        data-category-icon=\"\"\r\n    data-category-color=\"\"\r\n    data-category-text-color=\"\"\r\n        data-thumbnail=\"https:\/\/stadtm.de\/Bad_Belzig\/wp-content\/uploads\/2025\/07\/Autohaendler-Bad-Belzig-150x150.jpg\"\r\n    data-marker=\"https:\/\/stadtm.de\/Bad_Belzig\/wp-content\/uploads\/2025\/07\/Autohaendler-Bad-Belzig-150x150.jpg\"\r\n    data-template=\"default\"\r\n    data-locations=\"[{&quot;address&quot;:&quot;Im Gewerbepark Seedoche 2, 14806 Bad Belzig&quot;,&quot;lat&quot;:&quot;52.14634&quot;,&quot;lng&quot;:&quot;12.61284&quot;}]\"\r\n>\r\n<div class=\"lf-item lf-item-default\" data-template=\"default\">\r\n    <a href=\"https:\/\/stadtm.de\/Bad_Belzig\/listing\/kfz-mechatroniker-autohaus-schumann-2\/\">\r\n\r\n        <div class=\"overlay\" style=\"\r\n    background-color: #242429;\r\n    opacity: 0.4;\r\n\"><\/div>\r\n        \r\n                    <div class=\"lf-background\" style=\"background-image: url('https:\/\/stadtm.de\/Bad_Belzig\/wp-content\/uploads\/2025\/07\/Autohaendler-Bad-Belzig1-768x512.jpg');\"><\/div>\r\n        \r\n        <div class=\"lf-item-info\">\r\n                            <div class=\"lf-avatar\" style=\"background-image: url('https:\/\/stadtm.de\/Bad_Belzig\/wp-content\/uploads\/2025\/07\/Autohaendler-Bad-Belzig-150x150.jpg')\"><\/div>\r\n            \r\n            <h4 class=\"case27-primary-text listing-preview-title\">\r\n                KFZ-MECHATRONIKER - Autohaus Schumann                                    <img decoding=\"async\" height=\"18\" width=\"18\" alt=\"Verified listing\" class=\"verified-listing\" src=\"https:\/\/stadtm.de\/Bad_Belzig\/wp-content\/themes\/my-listing\/assets\/images\/tick.svg\">\r\n                            <\/h4>\r\n\r\n            \r\n<ul class=\"lf-contact no-list-style\">\r\n\t            <li >\r\n            \t                \t<i class=\"icon-location-pin-check-2 sm-icon\"><\/i>\r\n            \t                Im Gewerbepark Seedoche 2            <\/li>\r\n                    <li >\r\n            \t                \t<i class=\"icon-phone-outgoing sm-icon\"><\/i>\r\n            \t                +49 (33841) 588-0            <\/li>\r\n        <\/ul>\r\n        <\/div>\r\n\r\n    <\/a>\r\n        <div class=\"lf-head level-promoted\">\r\n            <span class=\"tooltip-element tooltip-bottom\">\r\n            <div class=\"lf-head-btn ad-badge\">\r\n                <span><i class=\"icon-flash\"><\/i><\/span>\r\n            <\/div>\r\n            <span class=\"tooltip-container\">Promoted<\/span>\r\n        <\/span>\r\n    \r\n    <\/div><\/div>\r\n\r\n<\/div>\r\n<\/div><div class=\"\"><div\r\n    class=\"lf-item-container listing-preview type-place lf-type-2 c27-verified has-logo has-tagline has-info-fields level-promoted priority-2\"\r\n    data-id=\"listing-id-4458\"\r\n        data-category-icon=\"\t\t\t&lt;i class=&quot;fa fa-hands-helping&quot; style=&quot;color: #fff; background: #6c1cff; &quot;&gt;&lt;\/i&gt;\r\n\t\t\"\r\n    data-category-color=\"#6c1cff\"\r\n    data-category-text-color=\"#fff\"\r\n        data-thumbnail=\"https:\/\/stadtm.de\/Bad_Belzig\/wp-content\/uploads\/2025\/10\/Immobilienagentur-Bad-Belzig2-150x150.jpg\"\r\n    data-marker=\"https:\/\/stadtm.de\/Bad_Belzig\/wp-content\/uploads\/2025\/10\/Immobilienagentur-Bad-Belzig2-150x150.jpg\"\r\n    data-template=\"alternate\"\r\n    data-locations=\"[{&quot;address&quot;:&quot;Stra\\u00dfe der Einheit 33, 14806 Bad Belzig&quot;,&quot;lat&quot;:&quot;52.14211&quot;,&quot;lng&quot;:&quot;12.58831&quot;}]\"\r\n>\r\n<div class=\"lf-item lf-item-alternate\" data-template=\"alternate\">\r\n    <a href=\"https:\/\/stadtm.de\/Bad_Belzig\/listing\/immobilienagentur-steinhardt-immobilien\/\">\r\n\r\n        <div class=\"overlay\" style=\"\r\n    background-color: #242429;\r\n    opacity: 0.4;\r\n\"><\/div>\r\n        \r\n                    <div class=\"lf-background\" style=\"background-image: url('https:\/\/stadtm.de\/Bad_Belzig\/wp-content\/uploads\/2025\/10\/Immobilienagentur-Bad-Belzig3-768x390.jpg');\"><\/div>\r\n        \r\n        <div class=\"lf-item-info-2\">\r\n                            <div class=\"lf-avatar\" style=\"background-image: url('https:\/\/stadtm.de\/Bad_Belzig\/wp-content\/uploads\/2025\/10\/Immobilienagentur-Bad-Belzig2-150x150.jpg')\"><\/div>\r\n            \r\n            <h4 class=\"case27-primary-text listing-preview-title\">\r\n                Immobilienagentur - Steinhardt Immobilien                                    <img decoding=\"async\" height=\"18\" width=\"18\" alt=\"Verified listing\" class=\"verified-listing\" src=\"https:\/\/stadtm.de\/Bad_Belzig\/wp-content\/themes\/my-listing\/assets\/images\/tick.svg\">\r\n                            <\/h4>\r\n\r\n                            <h6>Steinhardt Immobilien \u2013 Ihr Immobilienexperte mit Vertrauen, Kompetenz und Erfahrung<\/h6>\r\n            \r\n            \r\n<ul class=\"lf-contact no-list-style\">\r\n\t            <li >\r\n            \t                \t<i class=\"icon-phone-outgoing sm-icon\"><\/i>\r\n            \t                +49 (33841) 44190            <\/li>\r\n                    <li >\r\n            \t                \t<i class=\"icon-location-pin-add-2 sm-icon\"><\/i>\r\n            \t                Stra\u00dfe der Einheit 33            <\/li>\r\n        <\/ul>\r\n        <\/div>\r\n\r\n    <\/a>\r\n        <div class=\"lf-head level-promoted\">\r\n            <span class=\"tooltip-element tooltip-bottom\">\r\n            <div class=\"lf-head-btn ad-badge\">\r\n                <span><i class=\"icon-flash\"><\/i><\/span>\r\n            <\/div>\r\n            <span class=\"tooltip-container\">Promoted<\/span>\r\n        <\/span>\r\n    \r\n    <\/div><\/div>\r\n\r\n        <div class=\"listing-details c27-footer-section\">\r\n            <ul class=\"c27-listing-preview-category-list no-list-style\">\r\n                <li>\r\n                    <a href=\"https:\/\/stadtm.de\/Bad_Belzig\/category\/dienstleistung\/\">\r\n                        <span class=\"cat-icon\" style=\"background-color: #6c1cff;\">\r\n                            \t\t\t<i class=\"fa fa-hands-helping\" style=\"color: #fff; \"><\/i>\r\n\t\t                        <\/span>\r\n                        <span class=\"category-name\">Dienstleistung<\/span>\r\n                    <\/a>\r\n                <\/li>\r\n\r\n                                    <li>\r\n                        <div class=\"categories-dropdown dropdown c27-more-categories\">\r\n                            <span class=\"tooltip-element\">\r\n                                <a href=\"#other-categories\">\r\n                                    <span class=\"cat-icon cat-more\">+1<\/span>\r\n                                <\/a>\r\n                                <span class=\"tooltip-container\">Immobilienmakler<\/span>\r\n                            <\/span>\r\n                        <\/div>\r\n                    <\/li>\r\n                            <\/ul>\r\n\r\n            <div class=\"ld-info\">\r\n                <ul class=\"no-list-style\">\r\n                                            <li class=\"item-preview tooltip-element\">\r\n    <a aria-label=\"Quick view button\" href=\"#\" type=\"button\" class=\"c27-toggle-quick-view-modal\" data-id=\"4458\">\r\n    \t<i class=\"mi zoom_in\"><\/i>\r\n    <\/a>\r\n    <span class=\"tooltip-container\">Quick view<\/span>\r\n<\/li>                                                                <li class=\"tooltip-element\">\r\n    <a aria-label=\"Bookmark button\" href=\"#\" class=\"c27-bookmark-button \"\r\n       data-listing-id=\"4458\" onclick=\"MyListing.Handlers.Bookmark_Button(event, this)\">\r\n       <i class=\"mi favorite_border\"><\/i>\r\n    <\/a>\r\n    <span class=\"tooltip-container\">Bookmark<\/span>\r\n<\/li>                                                        <\/ul>\r\n            <\/div>\r\n        <\/div>\r\n    <\/div>\r\n<\/div><div class=\"\"><div\r\n    class=\"lf-item-container listing-preview type-place lf-type-2 c27-verified has-logo has-tagline has-info-fields level-promoted priority-2\"\r\n    data-id=\"listing-id-4387\"\r\n        data-category-icon=\"\t\t\t&lt;i class=&quot;mi restaurant_menu&quot; style=&quot;color: #fff; background: #6c1cff; &quot;&gt;&lt;\/i&gt;\r\n\t\t\"\r\n    data-category-color=\"#6c1cff\"\r\n    data-category-text-color=\"#fff\"\r\n        data-thumbnail=\"https:\/\/stadtm.de\/Bad_Belzig\/wp-content\/uploads\/2025\/10\/Restaurant-Bad-Belzig14-150x150.jpg\"\r\n    data-marker=\"https:\/\/stadtm.de\/Bad_Belzig\/wp-content\/uploads\/2025\/10\/Restaurant-Bad-Belzig14-150x150.jpg\"\r\n    data-template=\"alternate\"\r\n    data-locations=\"[{&quot;address&quot;:&quot;Am Sportplatz 10, 14806 Bad Belzig \\\/ Dippmannsdorf&quot;,&quot;lat&quot;:&quot;52.22066&quot;,&quot;lng&quot;:&quot;12.58893&quot;}]\"\r\n>\r\n<div class=\"lf-item lf-item-alternate\" data-template=\"alternate\">\r\n    <a href=\"https:\/\/stadtm.de\/Bad_Belzig\/listing\/restaurant-dippmannsdorfer-paradies\/\">\r\n\r\n        <div class=\"overlay\" style=\"\r\n    background-color: #242429;\r\n    opacity: 0.4;\r\n\"><\/div>\r\n        \r\n                    <div class=\"lf-background\" style=\"background-image: url('https:\/\/stadtm.de\/Bad_Belzig\/wp-content\/uploads\/2025\/10\/Restaurant-Bad-Belzig15-768x479.jpg');\"><\/div>\r\n        \r\n        <div class=\"lf-item-info-2\">\r\n                            <div class=\"lf-avatar\" style=\"background-image: url('https:\/\/stadtm.de\/Bad_Belzig\/wp-content\/uploads\/2025\/10\/Restaurant-Bad-Belzig14-150x150.jpg')\"><\/div>\r\n            \r\n            <h4 class=\"case27-primary-text listing-preview-title\">\r\n                Restaurant - Dippmannsdorfer Paradies                                    <img decoding=\"async\" height=\"18\" width=\"18\" alt=\"Verified listing\" class=\"verified-listing\" src=\"https:\/\/stadtm.de\/Bad_Belzig\/wp-content\/themes\/my-listing\/assets\/images\/tick.svg\">\r\n                            <\/h4>\r\n\r\n                            <h6>Dippmannsdorfer Paradies - Regionale K\u00fcche, Naturidylle und herzliche Gastfreundschaft<\/h6>\r\n            \r\n            \r\n<ul class=\"lf-contact no-list-style\">\r\n\t            <li >\r\n            \t                \t<i class=\"icon-phone-outgoing sm-icon\"><\/i>\r\n            \t                +49 (33846) 40002            <\/li>\r\n                    <li >\r\n            \t                \t<i class=\"icon-location-pin-add-2 sm-icon\"><\/i>\r\n            \t                Am Sportplatz 10            <\/li>\r\n        <\/ul>\r\n        <\/div>\r\n\r\n    <\/a>\r\n        <div class=\"lf-head level-promoted\">\r\n            <span class=\"tooltip-element tooltip-bottom\">\r\n            <div class=\"lf-head-btn ad-badge\">\r\n                <span><i class=\"icon-flash\"><\/i><\/span>\r\n            <\/div>\r\n            <span class=\"tooltip-container\">Promoted<\/span>\r\n        <\/span>\r\n    \r\n                    <div class=\"lf-head-btn  open-status listing-status-closed\" >\r\n                    CLOSED                <\/div>\r\n            <\/div><\/div>\r\n\r\n        <div class=\"listing-details c27-footer-section\">\r\n            <ul class=\"c27-listing-preview-category-list no-list-style\">\r\n                <li>\r\n                    <a href=\"https:\/\/stadtm.de\/Bad_Belzig\/category\/restaurant\/\">\r\n                        <span class=\"cat-icon\" style=\"background-color: #6c1cff;\">\r\n                            \t\t\t<i class=\"mi restaurant_menu\" style=\"color: #fff; \"><\/i>\r\n\t\t                        <\/span>\r\n                        <span class=\"category-name\">Restaurant<\/span>\r\n                    <\/a>\r\n                <\/li>\r\n\r\n                            <\/ul>\r\n\r\n            <div class=\"ld-info\">\r\n                <ul class=\"no-list-style\">\r\n                                            <li class=\"item-preview tooltip-element\">\r\n    <a aria-label=\"Quick view button\" href=\"#\" type=\"button\" class=\"c27-toggle-quick-view-modal\" data-id=\"4387\">\r\n    \t<i class=\"mi zoom_in\"><\/i>\r\n    <\/a>\r\n    <span class=\"tooltip-container\">Quick view<\/span>\r\n<\/li>                                                                <li class=\"tooltip-element\">\r\n    <a aria-label=\"Bookmark button\" href=\"#\" class=\"c27-bookmark-button \"\r\n       data-listing-id=\"4387\" onclick=\"MyListing.Handlers.Bookmark_Button(event, this)\">\r\n       <i class=\"mi favorite_border\"><\/i>\r\n    <\/a>\r\n    <span class=\"tooltip-container\">Bookmark<\/span>\r\n<\/li>                                                        <\/ul>\r\n            <\/div>\r\n        <\/div>\r\n    <\/div>\r\n<\/div><div class=\"\"><div\r\n    class=\"lf-item-container listing-preview type-jobs  c27-verified has-logo has-tagline has-info-fields level-promoted priority-2\"\r\n    data-id=\"listing-id-4523\"\r\n        data-category-icon=\"\"\r\n    data-category-color=\"\"\r\n    data-category-text-color=\"\"\r\n        data-thumbnail=\"https:\/\/stadtm.de\/Bad_Belzig\/wp-content\/uploads\/2025\/07\/Ergotherapeut-Bad-Belzig-150x150.jpg\"\r\n    data-marker=\"https:\/\/stadtm.de\/Bad_Belzig\/wp-content\/uploads\/2025\/07\/Ergotherapeut-Bad-Belzig-150x150.jpg\"\r\n    data-template=\"default\"\r\n    data-locations=\"[{&quot;address&quot;:&quot;Erich-Weinert-Str. 17, 14806 Bad Belzig&quot;,&quot;lat&quot;:&quot;52.14049&quot;,&quot;lng&quot;:&quot;12.60656&quot;}]\"\r\n>\r\n<div class=\"lf-item lf-item-default\" data-template=\"default\">\r\n    <a href=\"https:\/\/stadtm.de\/Bad_Belzig\/listing\/logopaede-ergotherapie-katharina-mahler\/\">\r\n\r\n        <div class=\"overlay\" style=\"\r\n    background-color: #242429;\r\n    opacity: 0.4;\r\n\"><\/div>\r\n        \r\n                    <div class=\"lf-background\" style=\"background-image: url('https:\/\/stadtm.de\/Bad_Belzig\/wp-content\/uploads\/2025\/07\/Ergotherapeut-Bad-Belzig3-768x432.jpg');\"><\/div>\r\n        \r\n        <div class=\"lf-item-info\">\r\n                            <div class=\"lf-avatar\" style=\"background-image: url('https:\/\/stadtm.de\/Bad_Belzig\/wp-content\/uploads\/2025\/07\/Ergotherapeut-Bad-Belzig-150x150.jpg')\"><\/div>\r\n            \r\n            <h4 class=\"case27-primary-text listing-preview-title\">\r\n                Logop\u00e4de - Ergotherapie Katharina Mahler                                    <img decoding=\"async\" height=\"18\" width=\"18\" alt=\"Verified listing\" class=\"verified-listing\" src=\"https:\/\/stadtm.de\/Bad_Belzig\/wp-content\/themes\/my-listing\/assets\/images\/tick.svg\">\r\n                            <\/h4>\r\n\r\n            \r\n<ul class=\"lf-contact no-list-style\">\r\n\t            <li >\r\n            \t                \t<i class=\"icon-location-pin-check-2 sm-icon\"><\/i>\r\n            \t                Erich-Weinert-Str. 17            <\/li>\r\n                    <li >\r\n            \t                \t<i class=\"icon-phone-outgoing sm-icon\"><\/i>\r\n            \t                +49 (33841) 459410            <\/li>\r\n        <\/ul>\r\n        <\/div>\r\n\r\n    <\/a>\r\n        <div class=\"lf-head level-promoted\">\r\n            <span class=\"tooltip-element tooltip-bottom\">\r\n            <div class=\"lf-head-btn ad-badge\">\r\n                <span><i class=\"icon-flash\"><\/i><\/span>\r\n            <\/div>\r\n            <span class=\"tooltip-container\">Promoted<\/span>\r\n        <\/span>\r\n    \r\n    <\/div><\/div>\r\n\r\n<\/div>\r\n<\/div><div class=\"\"><div\r\n    class=\"lf-item-container listing-preview type-jobs  c27-verified has-logo has-tagline has-info-fields level-promoted priority-2\"\r\n    data-id=\"listing-id-3733\"\r\n        data-category-icon=\"\"\r\n    data-category-color=\"\"\r\n    data-category-text-color=\"\"\r\n        data-thumbnail=\"https:\/\/stadtm.de\/Bad_Belzig\/wp-content\/uploads\/2025\/08\/Supermarkt-Bad-Belzig-150x150.jpg\"\r\n    data-marker=\"https:\/\/stadtm.de\/Bad_Belzig\/wp-content\/uploads\/2025\/08\/Supermarkt-Bad-Belzig-150x150.jpg\"\r\n    data-template=\"default\"\r\n    data-locations=\"[{&quot;address&quot;:&quot;Weitzgrunder Str. 2, 14806 Bad Belzig&quot;,&quot;lat&quot;:&quot;52.14466&quot;,&quot;lng&quot;:&quot;12.59103&quot;}]\"\r\n>\r\n<div class=\"lf-item lf-item-default\" data-template=\"default\">\r\n    <a href=\"https:\/\/stadtm.de\/Bad_Belzig\/listing\/kassierer-edeka-wipfli\/\">\r\n\r\n        <div class=\"overlay\" style=\"\r\n    background-color: #242429;\r\n    opacity: 0.4;\r\n\"><\/div>\r\n        \r\n                    <div class=\"lf-background\" style=\"background-image: url('https:\/\/stadtm.de\/Bad_Belzig\/wp-content\/uploads\/2025\/08\/Supermarkt-Bad-Belzig1-768x240.jpg');\"><\/div>\r\n        \r\n        <div class=\"lf-item-info\">\r\n                            <div class=\"lf-avatar\" style=\"background-image: url('https:\/\/stadtm.de\/Bad_Belzig\/wp-content\/uploads\/2025\/08\/Supermarkt-Bad-Belzig-150x150.jpg')\"><\/div>\r\n            \r\n            <h4 class=\"case27-primary-text listing-preview-title\">\r\n                KASSIERER - Edeka Wipfli                                    <img decoding=\"async\" height=\"18\" width=\"18\" alt=\"Verified listing\" class=\"verified-listing\" src=\"https:\/\/stadtm.de\/Bad_Belzig\/wp-content\/themes\/my-listing\/assets\/images\/tick.svg\">\r\n                            <\/h4>\r\n\r\n            \r\n<ul class=\"lf-contact no-list-style\">\r\n\t            <li >\r\n            \t                \t<i class=\"icon-location-pin-check-2 sm-icon\"><\/i>\r\n            \t                Weitzgrunder Str. 2            <\/li>\r\n                    <li >\r\n            \t                \t<i class=\"icon-phone-outgoing sm-icon\"><\/i>\r\n            \t                +49 (33841) 3878810            <\/li>\r\n        <\/ul>\r\n        <\/div>\r\n\r\n    <\/a>\r\n        <div class=\"lf-head level-promoted\">\r\n            <span class=\"tooltip-element tooltip-bottom\">\r\n            <div class=\"lf-head-btn ad-badge\">\r\n                <span><i class=\"icon-flash\"><\/i><\/span>\r\n            <\/div>\r\n            <span class=\"tooltip-container\">Promoted<\/span>\r\n        <\/span>\r\n    \r\n    <\/div><\/div>\r\n\r\n<\/div>\r\n<\/div><div class=\"\"><div\r\n    class=\"lf-item-container listing-preview type-jobs  c27-verified has-logo has-tagline has-info-fields level-promoted priority-2\"\r\n    data-id=\"listing-id-4587\"\r\n        data-category-icon=\"\"\r\n    data-category-color=\"\"\r\n    data-category-text-color=\"\"\r\n        data-thumbnail=\"https:\/\/stadtm.de\/Bad_Belzig\/wp-content\/uploads\/2025\/11\/Fahrzeugbau-Bad-Belzig-1-150x150.jpg\"\r\n    data-marker=\"https:\/\/stadtm.de\/Bad_Belzig\/wp-content\/uploads\/2025\/11\/Fahrzeugbau-Bad-Belzig-1-150x150.jpg\"\r\n    data-template=\"default\"\r\n    data-locations=\"[{&quot;address&quot;:&quot;Forstweg 8a, 14806 Bad Belzig&quot;,&quot;lat&quot;:&quot;52.14726&quot;,&quot;lng&quot;:&quot;12.57353&quot;}]\"\r\n>\r\n<div class=\"lf-item lf-item-default\" data-template=\"default\">\r\n    <a href=\"https:\/\/stadtm.de\/Bad_Belzig\/listing\/kfz-mechatroniker-fuer-nutzfahrzeugtechnik-befa-belziger-fahrzeugbau\/\">\r\n\r\n        <div class=\"overlay\" style=\"\r\n    background-color: #242429;\r\n    opacity: 0.4;\r\n\"><\/div>\r\n        \r\n                    <div class=\"lf-background\" style=\"background-image: url('https:\/\/stadtm.de\/Bad_Belzig\/wp-content\/uploads\/2025\/11\/Fahrzeugbau-Bad-Belzig3-768x346.jpg');\"><\/div>\r\n        \r\n        <div class=\"lf-item-info\">\r\n                            <div class=\"lf-avatar\" style=\"background-image: url('https:\/\/stadtm.de\/Bad_Belzig\/wp-content\/uploads\/2025\/11\/Fahrzeugbau-Bad-Belzig-1-150x150.jpg')\"><\/div>\r\n            \r\n            <h4 class=\"case27-primary-text listing-preview-title\">\r\n                Kfz-Mechatroniker f\u00fcr Nutzfahrzeugtechnik - BEFA Belziger Fahrzeugbau                                    <img decoding=\"async\" height=\"18\" width=\"18\" alt=\"Verified listing\" class=\"verified-listing\" src=\"https:\/\/stadtm.de\/Bad_Belzig\/wp-content\/themes\/my-listing\/assets\/images\/tick.svg\">\r\n                            <\/h4>\r\n\r\n            \r\n<ul class=\"lf-contact no-list-style\">\r\n\t            <li >\r\n            \t                \t<i class=\"icon-location-pin-check-2 sm-icon\"><\/i>\r\n            \t                Forstweg 8a            <\/li>\r\n                    <li >\r\n            \t                \t<i class=\"icon-phone-outgoing sm-icon\"><\/i>\r\n            \t                +49 (33841) 606-0            <\/li>\r\n        <\/ul>\r\n        <\/div>\r\n\r\n    <\/a>\r\n        <div class=\"lf-head level-promoted\">\r\n            <span class=\"tooltip-element tooltip-bottom\">\r\n            <div class=\"lf-head-btn ad-badge\">\r\n                <span><i class=\"icon-flash\"><\/i><\/span>\r\n            <\/div>\r\n            <span class=\"tooltip-container\">Promoted<\/span>\r\n        <\/span>\r\n    \r\n    <\/div><\/div>\r\n\r\n<\/div>\r\n<\/div><div class=\"\"><div\r\n    class=\"lf-item-container listing-preview type-place lf-type-2 c27-verified no-logo has-tagline has-info-fields level-promoted priority-2\"\r\n    data-id=\"listing-id-4320\"\r\n        data-category-icon=\"\t\t\t&lt;i class=&quot;fa fa-hands-helping&quot; style=&quot;color: #fff; background: #6c1cff; &quot;&gt;&lt;\/i&gt;\r\n\t\t\"\r\n    data-category-color=\"#6c1cff\"\r\n    data-category-text-color=\"#fff\"\r\n        data-thumbnail=\"https:\/\/stadtm.de\/Bad_Belzig\/wp-content\/themes\/my-listing\/assets\/images\/marker.jpg\"\r\n    data-marker=\"https:\/\/stadtm.de\/Bad_Belzig\/wp-content\/themes\/my-listing\/assets\/images\/marker.jpg\"\r\n    data-template=\"alternate\"\r\n    data-locations=\"[{&quot;address&quot;:&quot;Stra\\u00dfe der Einheit 14, 14806 Bad Belzig&quot;,&quot;lat&quot;:&quot;52.14045&quot;,&quot;lng&quot;:&quot;12.58794&quot;}]\"\r\n>\r\n<div class=\"lf-item lf-item-alternate\" data-template=\"alternate\">\r\n    <a href=\"https:\/\/stadtm.de\/Bad_Belzig\/listing\/schluesseldienst-sicherheitsfachgeschaeft\/\">\r\n\r\n        <div class=\"overlay\" style=\"\r\n    background-color: #242429;\r\n    opacity: 0.4;\r\n\"><\/div>\r\n        \r\n                    <div class=\"lf-background\" style=\"background-image: url('https:\/\/stadtm.de\/Bad_Belzig\/wp-content\/uploads\/2025\/09\/Schluesseldienst-Bad-Belzig-768x320.jpg');\"><\/div>\r\n        \r\n        <div class=\"lf-item-info-2\">\r\n            \r\n            <h4 class=\"case27-primary-text listing-preview-title\">\r\n                Schl\u00fcsseldienst - Sicherheitsfachgesch\u00e4ft                                    <img decoding=\"async\" height=\"18\" width=\"18\" alt=\"Verified listing\" class=\"verified-listing\" src=\"https:\/\/stadtm.de\/Bad_Belzig\/wp-content\/themes\/my-listing\/assets\/images\/tick.svg\">\r\n                            <\/h4>\r\n\r\n                            <h6>Sicherheitsfachgesch\u00e4ft Bad Belzig - Schl\u00fcsseldienst, Haushaltswaren &amp; Geschenkideen<\/h6>\r\n            \r\n            \r\n<ul class=\"lf-contact no-list-style\">\r\n\t            <li >\r\n            \t                \t<i class=\"icon-phone-outgoing sm-icon\"><\/i>\r\n            \t                +49 (33841) 35898            <\/li>\r\n                    <li >\r\n            \t                \t<i class=\"icon-location-pin-add-2 sm-icon\"><\/i>\r\n            \t                Stra\u00dfe der Einheit 14            <\/li>\r\n        <\/ul>\r\n        <\/div>\r\n\r\n    <\/a>\r\n        <div class=\"lf-head level-promoted\">\r\n            <span class=\"tooltip-element tooltip-bottom\">\r\n            <div class=\"lf-head-btn ad-badge\">\r\n                <span><i class=\"icon-flash\"><\/i><\/span>\r\n            <\/div>\r\n            <span class=\"tooltip-container\">Promoted<\/span>\r\n        <\/span>\r\n    \r\n                    <div class=\"lf-head-btn  open-status listing-status-open\" >\r\n                    OPEN                <\/div>\r\n            <\/div><\/div>\r\n\r\n        <div class=\"listing-details c27-footer-section\">\r\n            <ul class=\"c27-listing-preview-category-list no-list-style\">\r\n                <li>\r\n                    <a href=\"https:\/\/stadtm.de\/Bad_Belzig\/category\/dienstleistung\/\">\r\n                        <span class=\"cat-icon\" style=\"background-color: #6c1cff;\">\r\n                            \t\t\t<i class=\"fa fa-hands-helping\" style=\"color: #fff; \"><\/i>\r\n\t\t                        <\/span>\r\n                        <span class=\"category-name\">Dienstleistung<\/span>\r\n                    <\/a>\r\n                <\/li>\r\n\r\n                                    <li>\r\n                        <div class=\"categories-dropdown dropdown c27-more-categories\">\r\n                            <span class=\"tooltip-element\">\r\n                                <a href=\"#other-categories\">\r\n                                    <span class=\"cat-icon cat-more\">+3<\/span>\r\n                                <\/a>\r\n                                <span class=\"tooltip-container\">Handel, Geschenkladen, Post \/ DHL<\/span>\r\n                            <\/span>\r\n                        <\/div>\r\n                    <\/li>\r\n                            <\/ul>\r\n\r\n            <div class=\"ld-info\">\r\n                <ul class=\"no-list-style\">\r\n                                            <li class=\"item-preview tooltip-element\">\r\n    <a aria-label=\"Quick view button\" href=\"#\" type=\"button\" class=\"c27-toggle-quick-view-modal\" data-id=\"4320\">\r\n    \t<i class=\"mi zoom_in\"><\/i>\r\n    <\/a>\r\n    <span class=\"tooltip-container\">Quick view<\/span>\r\n<\/li>                                                                <li class=\"tooltip-element\">\r\n    <a aria-label=\"Bookmark button\" href=\"#\" class=\"c27-bookmark-button \"\r\n       data-listing-id=\"4320\" onclick=\"MyListing.Handlers.Bookmark_Button(event, this)\">\r\n       <i class=\"mi favorite_border\"><\/i>\r\n    <\/a>\r\n    <span class=\"tooltip-container\">Bookmark<\/span>\r\n<\/li>                                                        <\/ul>\r\n            <\/div>\r\n        <\/div>\r\n    <\/div>\r\n<\/div><div class=\"\"><div\r\n    class=\"lf-item-container listing-preview type-place lf-type-2 c27-verified has-logo has-tagline has-info-fields level-promoted priority-2\"\r\n    data-id=\"listing-id-4427\"\r\n        data-category-icon=\"\t\t\t&lt;i class=&quot;fa fa-shopping-basket&quot; style=&quot;color: #fff; background: #6c1cff; &quot;&gt;&lt;\/i&gt;\r\n\t\t\"\r\n    data-category-color=\"#6c1cff\"\r\n    data-category-text-color=\"#fff\"\r\n        data-thumbnail=\"https:\/\/stadtm.de\/Bad_Belzig\/wp-content\/uploads\/2025\/10\/Unterwaeschegeschaeft-Bad-Belzig-150x150.jpg\"\r\n    data-marker=\"https:\/\/stadtm.de\/Bad_Belzig\/wp-content\/uploads\/2025\/10\/Unterwaeschegeschaeft-Bad-Belzig-150x150.jpg\"\r\n    data-template=\"alternate\"\r\n    data-locations=\"[{&quot;address&quot;:&quot;Stra\\u00dfe der Einheit 38, 14806 Bad Belzig&quot;,&quot;lat&quot;:&quot;52.14186&quot;,&quot;lng&quot;:&quot;12.58849&quot;}]\"\r\n>\r\n<div class=\"lf-item lf-item-alternate\" data-template=\"alternate\">\r\n    <a href=\"https:\/\/stadtm.de\/Bad_Belzig\/listing\/unterwaeschegeschaeft-miederwaren-luedicke\/\">\r\n\r\n        <div class=\"overlay\" style=\"\r\n    background-color: #242429;\r\n    opacity: 0.4;\r\n\"><\/div>\r\n        \r\n                    <div class=\"lf-background\" style=\"background-image: url('https:\/\/stadtm.de\/Bad_Belzig\/wp-content\/uploads\/2025\/10\/Unterwaeschegeschaeft-Bad-Belzig1-768x510.jpg');\"><\/div>\r\n        \r\n        <div class=\"lf-item-info-2\">\r\n                            <div class=\"lf-avatar\" style=\"background-image: url('https:\/\/stadtm.de\/Bad_Belzig\/wp-content\/uploads\/2025\/10\/Unterwaeschegeschaeft-Bad-Belzig-150x150.jpg')\"><\/div>\r\n            \r\n            <h4 class=\"case27-primary-text listing-preview-title\">\r\n                Unterw\u00e4schegesch\u00e4ft - Miederwaren L\u00fcdicke                                    <img decoding=\"async\" height=\"18\" width=\"18\" alt=\"Verified listing\" class=\"verified-listing\" src=\"https:\/\/stadtm.de\/Bad_Belzig\/wp-content\/themes\/my-listing\/assets\/images\/tick.svg\">\r\n                            <\/h4>\r\n\r\n                            <h6>Miederwaren Sylvia L\u00fcdicke - Lingerie, Bademode &amp; Kurzwaren - Pers\u00f6nlich, stilvoll und kompetent<\/h6>\r\n            \r\n            \r\n<ul class=\"lf-contact no-list-style\">\r\n\t            <li >\r\n            \t                \t<i class=\"icon-phone-outgoing sm-icon\"><\/i>\r\n            \t                +49 (33841) 34310            <\/li>\r\n                    <li >\r\n            \t                \t<i class=\"icon-location-pin-add-2 sm-icon\"><\/i>\r\n            \t                Stra\u00dfe der Einheit 38            <\/li>\r\n        <\/ul>\r\n        <\/div>\r\n\r\n    <\/a>\r\n        <div class=\"lf-head level-promoted\">\r\n            <span class=\"tooltip-element tooltip-bottom\">\r\n            <div class=\"lf-head-btn ad-badge\">\r\n                <span><i class=\"icon-flash\"><\/i><\/span>\r\n            <\/div>\r\n            <span class=\"tooltip-container\">Promoted<\/span>\r\n        <\/span>\r\n    \r\n                    <div class=\"lf-head-btn  open-status listing-status-open\" >\r\n                    OPEN                <\/div>\r\n            <\/div><\/div>\r\n\r\n        <div class=\"listing-details c27-footer-section\">\r\n            <ul class=\"c27-listing-preview-category-list no-list-style\">\r\n                <li>\r\n                    <a href=\"https:\/\/stadtm.de\/Bad_Belzig\/category\/handel\/\">\r\n                        <span class=\"cat-icon\" style=\"background-color: #6c1cff;\">\r\n                            \t\t\t<i class=\"fa fa-shopping-basket\" style=\"color: #fff; \"><\/i>\r\n\t\t                        <\/span>\r\n                        <span class=\"category-name\">Handel<\/span>\r\n                    <\/a>\r\n                <\/li>\r\n\r\n                            <\/ul>\r\n\r\n            <div class=\"ld-info\">\r\n                <ul class=\"no-list-style\">\r\n                                            <li class=\"item-preview tooltip-element\">\r\n    <a aria-label=\"Quick view button\" href=\"#\" type=\"button\" class=\"c27-toggle-quick-view-modal\" data-id=\"4427\">\r\n    \t<i class=\"mi zoom_in\"><\/i>\r\n    <\/a>\r\n    <span class=\"tooltip-container\">Quick view<\/span>\r\n<\/li>                                                                <li class=\"tooltip-element\">\r\n    <a aria-label=\"Bookmark button\" href=\"#\" class=\"c27-bookmark-button \"\r\n       data-listing-id=\"4427\" onclick=\"MyListing.Handlers.Bookmark_Button(event, this)\">\r\n       <i class=\"mi favorite_border\"><\/i>\r\n    <\/a>\r\n    <span class=\"tooltip-container\">Bookmark<\/span>\r\n<\/li>                                                        <\/ul>\r\n            <\/div>\r\n        <\/div>\r\n    <\/div>\r\n<\/div><div class=\"\"><div\r\n    class=\"lf-item-container listing-preview type-place lf-type-2 c27-verified has-logo has-tagline has-info-fields level-promoted priority-2\"\r\n    data-id=\"listing-id-4545\"\r\n        data-category-icon=\"\t\t\t&lt;i class=&quot;fa fa-hands-helping&quot; style=&quot;color: #fff; background: #6c1cff; &quot;&gt;&lt;\/i&gt;\r\n\t\t\"\r\n    data-category-color=\"#6c1cff\"\r\n    data-category-text-color=\"#fff\"\r\n        data-thumbnail=\"https:\/\/stadtm.de\/Bad_Belzig\/wp-content\/uploads\/2025\/11\/Anhaengervermietung-Bad-Belzig-1-150x150.jpg\"\r\n    data-marker=\"https:\/\/stadtm.de\/Bad_Belzig\/wp-content\/uploads\/2025\/11\/Anhaengervermietung-Bad-Belzig-1-150x150.jpg\"\r\n    data-template=\"alternate\"\r\n    data-locations=\"[{&quot;address&quot;:&quot;Forstweg 8a, 14806 Bad Belzig&quot;,&quot;lat&quot;:&quot;52.14727&quot;,&quot;lng&quot;:&quot;12.57342&quot;}]\"\r\n>\r\n<div class=\"lf-item lf-item-alternate\" data-template=\"alternate\">\r\n    <a href=\"https:\/\/stadtm.de\/Bad_Belzig\/listing\/anhaengervermietung-befa-belziger-fahrzeugbau\/\">\r\n\r\n        <div class=\"overlay\" style=\"\r\n    background-color: #242429;\r\n    opacity: 0.4;\r\n\"><\/div>\r\n        \r\n                    <div class=\"lf-background\" style=\"background-image: url('https:\/\/stadtm.de\/Bad_Belzig\/wp-content\/uploads\/2025\/11\/Anhaengervermietung-Bad-Belzig3-768x346.jpg');\"><\/div>\r\n        \r\n        <div class=\"lf-item-info-2\">\r\n                            <div class=\"lf-avatar\" style=\"background-image: url('https:\/\/stadtm.de\/Bad_Belzig\/wp-content\/uploads\/2025\/11\/Anhaengervermietung-Bad-Belzig-1-150x150.jpg')\"><\/div>\r\n            \r\n            <h4 class=\"case27-primary-text listing-preview-title\">\r\n                Anh\u00e4ngervermietung \u2013 BEFA Belziger Fahrzeugbau                                    <img decoding=\"async\" height=\"18\" width=\"18\" alt=\"Verified listing\" class=\"verified-listing\" src=\"https:\/\/stadtm.de\/Bad_Belzig\/wp-content\/themes\/my-listing\/assets\/images\/tick.svg\">\r\n                            <\/h4>\r\n\r\n                            <h6>BEFA Bad Belzig \u2013 Ihr Partner f\u00fcr Mietanh\u00e4nger mit System.<\/h6>\r\n            \r\n            \r\n<ul class=\"lf-contact no-list-style\">\r\n\t            <li >\r\n            \t                \t<i class=\"icon-phone-outgoing sm-icon\"><\/i>\r\n            \t                +49 (33841) 6060            <\/li>\r\n                    <li >\r\n            \t                \t<i class=\"icon-location-pin-add-2 sm-icon\"><\/i>\r\n            \t                Forstweg 8a            <\/li>\r\n        <\/ul>\r\n        <\/div>\r\n\r\n    <\/a>\r\n        <div class=\"lf-head level-promoted\">\r\n            <span class=\"tooltip-element tooltip-bottom\">\r\n            <div class=\"lf-head-btn ad-badge\">\r\n                <span><i class=\"icon-flash\"><\/i><\/span>\r\n            <\/div>\r\n            <span class=\"tooltip-container\">Promoted<\/span>\r\n        <\/span>\r\n    \r\n    <\/div><\/div>\r\n\r\n        <div class=\"listing-details c27-footer-section\">\r\n            <ul class=\"c27-listing-preview-category-list no-list-style\">\r\n                <li>\r\n                    <a href=\"https:\/\/stadtm.de\/Bad_Belzig\/category\/dienstleistung\/\">\r\n                        <span class=\"cat-icon\" style=\"background-color: #6c1cff;\">\r\n                            \t\t\t<i class=\"fa fa-hands-helping\" style=\"color: #fff; \"><\/i>\r\n\t\t                        <\/span>\r\n                        <span class=\"category-name\">Dienstleistung<\/span>\r\n                    <\/a>\r\n                <\/li>\r\n\r\n                            <\/ul>\r\n\r\n            <div class=\"ld-info\">\r\n                <ul class=\"no-list-style\">\r\n                                            <li class=\"item-preview tooltip-element\">\r\n    <a aria-label=\"Quick view button\" href=\"#\" type=\"button\" class=\"c27-toggle-quick-view-modal\" data-id=\"4545\">\r\n    \t<i class=\"mi zoom_in\"><\/i>\r\n    <\/a>\r\n    <span class=\"tooltip-container\">Quick view<\/span>\r\n<\/li>                                                                <li class=\"tooltip-element\">\r\n    <a aria-label=\"Bookmark button\" href=\"#\" class=\"c27-bookmark-button \"\r\n       data-listing-id=\"4545\" onclick=\"MyListing.Handlers.Bookmark_Button(event, this)\">\r\n       <i class=\"mi favorite_border\"><\/i>\r\n    <\/a>\r\n    <span class=\"tooltip-container\">Bookmark<\/span>\r\n<\/li>                                                        <\/ul>\r\n            <\/div>\r\n        <\/div>\r\n    <\/div>\r\n<\/div><div class=\"\"><div\r\n    class=\"lf-item-container listing-preview type-place lf-type-2 c27-verified has-logo has-tagline has-info-fields level-promoted priority-2\"\r\n    data-id=\"listing-id-3754\"\r\n        data-category-icon=\"\t\t\t&lt;i class=&quot;fa fa-hands-helping&quot; style=&quot;color: #fff; background: #6c1cff; &quot;&gt;&lt;\/i&gt;\r\n\t\t\"\r\n    data-category-color=\"#6c1cff\"\r\n    data-category-text-color=\"#fff\"\r\n        data-thumbnail=\"https:\/\/stadtm.de\/Bad_Belzig\/wp-content\/uploads\/2025\/08\/Transportunternehmen-Bad-Belzig-150x150.jpg\"\r\n    data-marker=\"https:\/\/stadtm.de\/Bad_Belzig\/wp-content\/uploads\/2025\/08\/Transportunternehmen-Bad-Belzig-150x150.jpg\"\r\n    data-template=\"alternate\"\r\n    data-locations=\"[{&quot;address&quot;:&quot;Freibadstr. 29, 14806 Bad Belzig&quot;,&quot;lat&quot;:&quot;52.22275&quot;,&quot;lng&quot;:&quot;12.59470&quot;}]\"\r\n>\r\n<div class=\"lf-item lf-item-alternate\" data-template=\"alternate\">\r\n    <a href=\"https:\/\/stadtm.de\/Bad_Belzig\/listing\/transportunternehmen-krueger-horey\/\">\r\n\r\n        <div class=\"overlay\" style=\"\r\n    background-color: #242429;\r\n    opacity: 0.4;\r\n\"><\/div>\r\n        \r\n                    <div class=\"lf-background\" style=\"background-image: url('https:\/\/stadtm.de\/Bad_Belzig\/wp-content\/uploads\/2025\/08\/Transportunternehmen-Bad-Belzig1-768x397.jpg');\"><\/div>\r\n        \r\n        <div class=\"lf-item-info-2\">\r\n                            <div class=\"lf-avatar\" style=\"background-image: url('https:\/\/stadtm.de\/Bad_Belzig\/wp-content\/uploads\/2025\/08\/Transportunternehmen-Bad-Belzig-150x150.jpg')\"><\/div>\r\n            \r\n            <h4 class=\"case27-primary-text listing-preview-title\">\r\n                Transportunternehmen - Kr\u00fcger & Horey                                    <img decoding=\"async\" height=\"18\" width=\"18\" alt=\"Verified listing\" class=\"verified-listing\" src=\"https:\/\/stadtm.de\/Bad_Belzig\/wp-content\/themes\/my-listing\/assets\/images\/tick.svg\">\r\n                            <\/h4>\r\n\r\n                            <h6>Transportunternehmen Bad Belzig \u2013 Kr\u00fcger &amp; Horey GbR in Dippmannsdorf\r\nWenn es um zuverl\u00e4ssige Transporte&hellip;<\/h6>\r\n            \r\n            \r\n<ul class=\"lf-contact no-list-style\">\r\n\t            <li >\r\n            \t                \t<i class=\"icon-phone-outgoing sm-icon\"><\/i>\r\n            \t                +49 (33846) 90553            <\/li>\r\n                    <li >\r\n            \t                \t<i class=\"icon-location-pin-add-2 sm-icon\"><\/i>\r\n            \t                Freibadstr. 29            <\/li>\r\n        <\/ul>\r\n        <\/div>\r\n\r\n    <\/a>\r\n        <div class=\"lf-head level-promoted\">\r\n            <span class=\"tooltip-element tooltip-bottom\">\r\n            <div class=\"lf-head-btn ad-badge\">\r\n                <span><i class=\"icon-flash\"><\/i><\/span>\r\n            <\/div>\r\n            <span class=\"tooltip-container\">Promoted<\/span>\r\n        <\/span>\r\n    \r\n    <\/div><\/div>\r\n\r\n        <div class=\"listing-details c27-footer-section\">\r\n            <ul class=\"c27-listing-preview-category-list no-list-style\">\r\n                <li>\r\n                    <a href=\"https:\/\/stadtm.de\/Bad_Belzig\/category\/dienstleistung\/\">\r\n                        <span class=\"cat-icon\" style=\"background-color: #6c1cff;\">\r\n                            \t\t\t<i class=\"fa fa-hands-helping\" style=\"color: #fff; \"><\/i>\r\n\t\t                        <\/span>\r\n                        <span class=\"category-name\">Dienstleistung<\/span>\r\n                    <\/a>\r\n                <\/li>\r\n\r\n                                    <li>\r\n                        <div class=\"categories-dropdown dropdown c27-more-categories\">\r\n                            <span class=\"tooltip-element\">\r\n                                <a href=\"#other-categories\">\r\n                                    <span class=\"cat-icon cat-more\">+1<\/span>\r\n                                <\/a>\r\n                                <span class=\"tooltip-container\">Transportunternehmen<\/span>\r\n                            <\/span>\r\n                        <\/div>\r\n                    <\/li>\r\n                            <\/ul>\r\n\r\n            <div class=\"ld-info\">\r\n                <ul class=\"no-list-style\">\r\n                                            <li class=\"item-preview tooltip-element\">\r\n    <a aria-label=\"Quick view button\" href=\"#\" type=\"button\" class=\"c27-toggle-quick-view-modal\" data-id=\"3754\">\r\n    \t<i class=\"mi zoom_in\"><\/i>\r\n    <\/a>\r\n    <span class=\"tooltip-container\">Quick view<\/span>\r\n<\/li>                                                                <li class=\"tooltip-element\">\r\n    <a aria-label=\"Bookmark button\" href=\"#\" class=\"c27-bookmark-button \"\r\n       data-listing-id=\"3754\" onclick=\"MyListing.Handlers.Bookmark_Button(event, this)\">\r\n       <i class=\"mi favorite_border\"><\/i>\r\n    <\/a>\r\n    <span class=\"tooltip-container\">Bookmark<\/span>\r\n<\/li>                                                        <\/ul>\r\n            <\/div>\r\n        <\/div>\r\n    <\/div>\r\n<\/div><div class=\"\"><div\r\n    class=\"lf-item-container listing-preview type-place lf-type-2 c27-verified has-logo has-tagline has-info-fields level-promoted priority-2\"\r\n    data-id=\"listing-id-4506\"\r\n        data-category-icon=\"\t\t\t&lt;i class=&quot;fa fa-hands-helping&quot; style=&quot;color: #fff; background: #6c1cff; &quot;&gt;&lt;\/i&gt;\r\n\t\t\"\r\n    data-category-color=\"#6c1cff\"\r\n    data-category-text-color=\"#fff\"\r\n        data-thumbnail=\"https:\/\/stadtm.de\/Bad_Belzig\/wp-content\/uploads\/2025\/10\/Immobilien-Bad-Belzig-150x150.jpg\"\r\n    data-marker=\"https:\/\/stadtm.de\/Bad_Belzig\/wp-content\/uploads\/2025\/10\/Immobilien-Bad-Belzig-150x150.jpg\"\r\n    data-template=\"alternate\"\r\n    data-locations=\"[{&quot;address&quot;:&quot;L\\u00fcbnitzer Str. 28L, 14806 Bad Belzig&quot;,&quot;lat&quot;:&quot;52.14645&quot;,&quot;lng&quot;:&quot;12.57479&quot;}]\"\r\n>\r\n<div class=\"lf-item lf-item-alternate\" data-template=\"alternate\">\r\n    <a href=\"https:\/\/stadtm.de\/Bad_Belzig\/listing\/immobilien-town-country\/\">\r\n\r\n        <div class=\"overlay\" style=\"\r\n    background-color: #242429;\r\n    opacity: 0.4;\r\n\"><\/div>\r\n        \r\n                    <div class=\"lf-background\" style=\"background-image: url('https:\/\/stadtm.de\/Bad_Belzig\/wp-content\/uploads\/2025\/10\/Immobilien-Bad-Belzig1-768x538.jpg');\"><\/div>\r\n        \r\n        <div class=\"lf-item-info-2\">\r\n                            <div class=\"lf-avatar\" style=\"background-image: url('https:\/\/stadtm.de\/Bad_Belzig\/wp-content\/uploads\/2025\/10\/Immobilien-Bad-Belzig-150x150.jpg')\"><\/div>\r\n            \r\n            <h4 class=\"case27-primary-text listing-preview-title\">\r\n                Immobilien - Town & Country                                    <img decoding=\"async\" height=\"18\" width=\"18\" alt=\"Verified listing\" class=\"verified-listing\" src=\"https:\/\/stadtm.de\/Bad_Belzig\/wp-content\/themes\/my-listing\/assets\/images\/tick.svg\">\r\n                            <\/h4>\r\n\r\n                            <h6>Christel Kohl | Town &amp; Country - Ihr Weg zum Eigenheim<\/h6>\r\n            \r\n            \r\n<ul class=\"lf-contact no-list-style\">\r\n\t            <li >\r\n            \t                \t<i class=\"icon-phone-outgoing sm-icon\"><\/i>\r\n            \t                +49 (1522) 6302230            <\/li>\r\n                    <li >\r\n            \t                \t<i class=\"icon-location-pin-add-2 sm-icon\"><\/i>\r\n            \t                L\u00fcbnitzer Str. 28L            <\/li>\r\n        <\/ul>\r\n        <\/div>\r\n\r\n    <\/a>\r\n        <div class=\"lf-head level-promoted\">\r\n            <span class=\"tooltip-element tooltip-bottom\">\r\n            <div class=\"lf-head-btn ad-badge\">\r\n                <span><i class=\"icon-flash\"><\/i><\/span>\r\n            <\/div>\r\n            <span class=\"tooltip-container\">Promoted<\/span>\r\n        <\/span>\r\n    \r\n    <\/div><\/div>\r\n\r\n        <div class=\"listing-details c27-footer-section\">\r\n            <ul class=\"c27-listing-preview-category-list no-list-style\">\r\n                <li>\r\n                    <a href=\"https:\/\/stadtm.de\/Bad_Belzig\/category\/dienstleistung\/\">\r\n                        <span class=\"cat-icon\" style=\"background-color: #6c1cff;\">\r\n                            \t\t\t<i class=\"fa fa-hands-helping\" style=\"color: #fff; \"><\/i>\r\n\t\t                        <\/span>\r\n                        <span class=\"category-name\">Dienstleistung<\/span>\r\n                    <\/a>\r\n                <\/li>\r\n\r\n                                    <li>\r\n                        <div class=\"categories-dropdown dropdown c27-more-categories\">\r\n                            <span class=\"tooltip-element\">\r\n                                <a href=\"#other-categories\">\r\n                                    <span class=\"cat-icon cat-more\">+2<\/span>\r\n                                <\/a>\r\n                                <span class=\"tooltip-container\">Handel, Immobilienmakler<\/span>\r\n                            <\/span>\r\n                        <\/div>\r\n                    <\/li>\r\n                            <\/ul>\r\n\r\n            <div class=\"ld-info\">\r\n                <ul class=\"no-list-style\">\r\n                                            <li class=\"item-preview tooltip-element\">\r\n    <a aria-label=\"Quick view button\" href=\"#\" type=\"button\" class=\"c27-toggle-quick-view-modal\" data-id=\"4506\">\r\n    \t<i class=\"mi zoom_in\"><\/i>\r\n    <\/a>\r\n    <span class=\"tooltip-container\">Quick view<\/span>\r\n<\/li>                                                                <li class=\"tooltip-element\">\r\n    <a aria-label=\"Bookmark button\" href=\"#\" class=\"c27-bookmark-button \"\r\n       data-listing-id=\"4506\" onclick=\"MyListing.Handlers.Bookmark_Button(event, this)\">\r\n       <i class=\"mi favorite_border\"><\/i>\r\n    <\/a>\r\n    <span class=\"tooltip-container\">Bookmark<\/span>\r\n<\/li>                                                        <\/ul>\r\n            <\/div>\r\n        <\/div>\r\n    <\/div>\r\n<\/div><div class=\"\"><div\r\n    class=\"lf-item-container listing-preview type-place lf-type-2 c27-verified has-logo has-tagline has-info-fields level-promoted priority-2\"\r\n    data-id=\"listing-id-4304\"\r\n        data-category-icon=\"\t\t\t&lt;i class=&quot;fa fa-hands-helping&quot; style=&quot;color: #fff; background: #6c1cff; &quot;&gt;&lt;\/i&gt;\r\n\t\t\"\r\n    data-category-color=\"#6c1cff\"\r\n    data-category-text-color=\"#fff\"\r\n        data-thumbnail=\"https:\/\/stadtm.de\/Bad_Belzig\/wp-content\/uploads\/2025\/09\/Versicherungen-Bad-Belzig-150x150.jpg\"\r\n    data-marker=\"https:\/\/stadtm.de\/Bad_Belzig\/wp-content\/uploads\/2025\/09\/Versicherungen-Bad-Belzig-150x150.jpg\"\r\n    data-template=\"alternate\"\r\n    data-locations=\"[{&quot;address&quot;:&quot;Stra\\u00dfe der Einheit 5, 14806 Bad Belzig&quot;,&quot;lat&quot;:&quot;52.14020&quot;,&quot;lng&quot;:&quot;12.58753&quot;}]\"\r\n>\r\n<div class=\"lf-item lf-item-alternate\" data-template=\"alternate\">\r\n    <a href=\"https:\/\/stadtm.de\/Bad_Belzig\/listing\/versicherungen-grit-polster\/\">\r\n\r\n        <div class=\"overlay\" style=\"\r\n    background-color: #242429;\r\n    opacity: 0.4;\r\n\"><\/div>\r\n        \r\n                    <div class=\"lf-background\" style=\"background-image: url('https:\/\/stadtm.de\/Bad_Belzig\/wp-content\/uploads\/2025\/09\/Versicherungen-Bad-Belzig1-768x266.jpg');\"><\/div>\r\n        \r\n        <div class=\"lf-item-info-2\">\r\n                            <div class=\"lf-avatar\" style=\"background-image: url('https:\/\/stadtm.de\/Bad_Belzig\/wp-content\/uploads\/2025\/09\/Versicherungen-Bad-Belzig-150x150.jpg')\"><\/div>\r\n            \r\n            <h4 class=\"case27-primary-text listing-preview-title\">\r\n                Versicherungen - Grit Polster                                    <img decoding=\"async\" height=\"18\" width=\"18\" alt=\"Verified listing\" class=\"verified-listing\" src=\"https:\/\/stadtm.de\/Bad_Belzig\/wp-content\/themes\/my-listing\/assets\/images\/tick.svg\">\r\n                            <\/h4>\r\n\r\n                            <h6>Feuersoziet\u00e4t Versicherungen Grit Polster - Nah. Verl\u00e4sslich. Leidenschaftlich.<\/h6>\r\n            \r\n            \r\n<ul class=\"lf-contact no-list-style\">\r\n\t            <li >\r\n            \t                \t<i class=\"icon-phone-outgoing sm-icon\"><\/i>\r\n            \t                +49 (33841) 32210            <\/li>\r\n                    <li >\r\n            \t                \t<i class=\"icon-location-pin-add-2 sm-icon\"><\/i>\r\n            \t                Stra\u00dfe der Einheit 5            <\/li>\r\n        <\/ul>\r\n        <\/div>\r\n\r\n    <\/a>\r\n        <div class=\"lf-head level-promoted\">\r\n            <span class=\"tooltip-element tooltip-bottom\">\r\n            <div class=\"lf-head-btn ad-badge\">\r\n                <span><i class=\"icon-flash\"><\/i><\/span>\r\n            <\/div>\r\n            <span class=\"tooltip-container\">Promoted<\/span>\r\n        <\/span>\r\n    \r\n    <\/div><\/div>\r\n\r\n        <div class=\"listing-details c27-footer-section\">\r\n            <ul class=\"c27-listing-preview-category-list no-list-style\">\r\n                <li>\r\n                    <a href=\"https:\/\/stadtm.de\/Bad_Belzig\/category\/dienstleistung\/\">\r\n                        <span class=\"cat-icon\" style=\"background-color: #6c1cff;\">\r\n                            \t\t\t<i class=\"fa fa-hands-helping\" style=\"color: #fff; \"><\/i>\r\n\t\t                        <\/span>\r\n                        <span class=\"category-name\">Dienstleistung<\/span>\r\n                    <\/a>\r\n                <\/li>\r\n\r\n                                    <li>\r\n                        <div class=\"categories-dropdown dropdown c27-more-categories\">\r\n                            <span class=\"tooltip-element\">\r\n                                <a href=\"#other-categories\">\r\n                                    <span class=\"cat-icon cat-more\">+1<\/span>\r\n                                <\/a>\r\n                                <span class=\"tooltip-container\">Versicherungsagentur<\/span>\r\n                            <\/span>\r\n                        <\/div>\r\n                    <\/li>\r\n                            <\/ul>\r\n\r\n            <div class=\"ld-info\">\r\n                <ul class=\"no-list-style\">\r\n                                            <li class=\"item-preview tooltip-element\">\r\n    <a aria-label=\"Quick view button\" href=\"#\" type=\"button\" class=\"c27-toggle-quick-view-modal\" data-id=\"4304\">\r\n    \t<i class=\"mi zoom_in\"><\/i>\r\n    <\/a>\r\n    <span class=\"tooltip-container\">Quick view<\/span>\r\n<\/li>                                                                <li class=\"tooltip-element\">\r\n    <a aria-label=\"Bookmark button\" href=\"#\" class=\"c27-bookmark-button \"\r\n       data-listing-id=\"4304\" onclick=\"MyListing.Handlers.Bookmark_Button(event, this)\">\r\n       <i class=\"mi favorite_border\"><\/i>\r\n    <\/a>\r\n    <span class=\"tooltip-container\">Bookmark<\/span>\r\n<\/li>                                                        <\/ul>\r\n            <\/div>\r\n        <\/div>\r\n    <\/div>\r\n<\/div><div class=\"\"><div\r\n    class=\"lf-item-container listing-preview type-jobs  c27-verified has-logo has-tagline has-info-fields level-promoted priority-2\"\r\n    data-id=\"listing-id-3731\"\r\n        data-category-icon=\"\"\r\n    data-category-color=\"\"\r\n    data-category-text-color=\"\"\r\n        data-thumbnail=\"https:\/\/stadtm.de\/Bad_Belzig\/wp-content\/uploads\/2025\/08\/Supermarkt-Bad-Belzig-150x150.jpg\"\r\n    data-marker=\"https:\/\/stadtm.de\/Bad_Belzig\/wp-content\/uploads\/2025\/08\/Supermarkt-Bad-Belzig-150x150.jpg\"\r\n    data-template=\"default\"\r\n    data-locations=\"[{&quot;address&quot;:&quot;Weitzgrunder Str. 2, 14806 Bad Belzig&quot;,&quot;lat&quot;:&quot;52.14466&quot;,&quot;lng&quot;:&quot;12.59103&quot;}]\"\r\n>\r\n<div class=\"lf-item lf-item-default\" data-template=\"default\">\r\n    <a href=\"https:\/\/stadtm.de\/Bad_Belzig\/listing\/verkaeufer-edeka-wipfli\/\">\r\n\r\n        <div class=\"overlay\" style=\"\r\n    background-color: #242429;\r\n    opacity: 0.4;\r\n\"><\/div>\r\n        \r\n                    <div class=\"lf-background\" style=\"background-image: url('https:\/\/stadtm.de\/Bad_Belzig\/wp-content\/uploads\/2025\/08\/Supermarkt-Bad-Belzig1-768x240.jpg');\"><\/div>\r\n        \r\n        <div class=\"lf-item-info\">\r\n                            <div class=\"lf-avatar\" style=\"background-image: url('https:\/\/stadtm.de\/Bad_Belzig\/wp-content\/uploads\/2025\/08\/Supermarkt-Bad-Belzig-150x150.jpg')\"><\/div>\r\n            \r\n            <h4 class=\"case27-primary-text listing-preview-title\">\r\n                VERK\u00c4UFER - Edeka Wipfli                                    <img decoding=\"async\" height=\"18\" width=\"18\" alt=\"Verified listing\" class=\"verified-listing\" src=\"https:\/\/stadtm.de\/Bad_Belzig\/wp-content\/themes\/my-listing\/assets\/images\/tick.svg\">\r\n                            <\/h4>\r\n\r\n            \r\n<ul class=\"lf-contact no-list-style\">\r\n\t            <li >\r\n            \t                \t<i class=\"icon-location-pin-check-2 sm-icon\"><\/i>\r\n            \t                Weitzgrunder Str. 2            <\/li>\r\n                    <li >\r\n            \t                \t<i class=\"icon-phone-outgoing sm-icon\"><\/i>\r\n            \t                +49 (33841) 3878810            <\/li>\r\n        <\/ul>\r\n        <\/div>\r\n\r\n    <\/a>\r\n        <div class=\"lf-head level-promoted\">\r\n            <span class=\"tooltip-element tooltip-bottom\">\r\n            <div class=\"lf-head-btn ad-badge\">\r\n                <span><i class=\"icon-flash\"><\/i><\/span>\r\n            <\/div>\r\n            <span class=\"tooltip-container\">Promoted<\/span>\r\n        <\/span>\r\n    \r\n    <\/div><\/div>\r\n\r\n<\/div>\r\n<\/div><div class=\"\"><div\r\n    class=\"lf-item-container listing-preview type-place lf-type-2 c27-verified has-logo has-tagline has-info-fields level-promoted priority-2\"\r\n    data-id=\"listing-id-4482\"\r\n        data-category-icon=\"\t\t\t&lt;i class=&quot;fa fa-hands-helping&quot; style=&quot;color: #fff; background: #6c1cff; &quot;&gt;&lt;\/i&gt;\r\n\t\t\"\r\n    data-category-color=\"#6c1cff\"\r\n    data-category-text-color=\"#fff\"\r\n        data-thumbnail=\"https:\/\/stadtm.de\/Bad_Belzig\/wp-content\/uploads\/2025\/10\/Bodenleger-Bad-Belzig-150x150.jpg\"\r\n    data-marker=\"https:\/\/stadtm.de\/Bad_Belzig\/wp-content\/uploads\/2025\/10\/Bodenleger-Bad-Belzig-150x150.jpg\"\r\n    data-template=\"alternate\"\r\n    data-locations=\"[{&quot;address&quot;:&quot;Niemegker Str. 64, 14806 Bad Belzig&quot;,&quot;lat&quot;:&quot;52.13884&quot;,&quot;lng&quot;:&quot;12.60112&quot;}]\"\r\n>\r\n<div class=\"lf-item lf-item-alternate\" data-template=\"alternate\">\r\n    <a href=\"https:\/\/stadtm.de\/Bad_Belzig\/listing\/bodenleger-meyer-parkett-fussbodentechnik\/\">\r\n\r\n        <div class=\"overlay\" style=\"\r\n    background-color: #242429;\r\n    opacity: 0.4;\r\n\"><\/div>\r\n        \r\n                    <div class=\"lf-background\" style=\"background-image: url('https:\/\/stadtm.de\/Bad_Belzig\/wp-content\/uploads\/2025\/10\/Bodenleger-Bad-Belzig1-768x304.jpg');\"><\/div>\r\n        \r\n        <div class=\"lf-item-info-2\">\r\n                            <div class=\"lf-avatar\" style=\"background-image: url('https:\/\/stadtm.de\/Bad_Belzig\/wp-content\/uploads\/2025\/10\/Bodenleger-Bad-Belzig-150x150.jpg')\"><\/div>\r\n            \r\n            <h4 class=\"case27-primary-text listing-preview-title\">\r\n                Bodenleger - Meyer Parkett & Fu\u00dfbodentechnik                                    <img decoding=\"async\" height=\"18\" width=\"18\" alt=\"Verified listing\" class=\"verified-listing\" src=\"https:\/\/stadtm.de\/Bad_Belzig\/wp-content\/themes\/my-listing\/assets\/images\/tick.svg\">\r\n                            <\/h4>\r\n\r\n                            <h6>Meyer Parkett &amp; Fu\u00dfbodentechnik - Pr\u00e4zision und Erfahrung seit 20 Jahren<\/h6>\r\n            \r\n            \r\n<ul class=\"lf-contact no-list-style\">\r\n\t            <li >\r\n            \t                \t<i class=\"icon-phone-outgoing sm-icon\"><\/i>\r\n            \t                +49 (33841) 382603            <\/li>\r\n                    <li >\r\n            \t                \t<i class=\"icon-location-pin-add-2 sm-icon\"><\/i>\r\n            \t                Niemegker Str. 64            <\/li>\r\n        <\/ul>\r\n        <\/div>\r\n\r\n    <\/a>\r\n        <div class=\"lf-head level-promoted\">\r\n            <span class=\"tooltip-element tooltip-bottom\">\r\n            <div class=\"lf-head-btn ad-badge\">\r\n                <span><i class=\"icon-flash\"><\/i><\/span>\r\n            <\/div>\r\n            <span class=\"tooltip-container\">Promoted<\/span>\r\n        <\/span>\r\n    \r\n                    <div class=\"lf-head-btn  open-status listing-status-open\" >\r\n                    OPEN                <\/div>\r\n            <\/div><\/div>\r\n\r\n        <div class=\"listing-details c27-footer-section\">\r\n            <ul class=\"c27-listing-preview-category-list no-list-style\">\r\n                <li>\r\n                    <a href=\"https:\/\/stadtm.de\/Bad_Belzig\/category\/dienstleistung\/\">\r\n                        <span class=\"cat-icon\" style=\"background-color: #6c1cff;\">\r\n                            \t\t\t<i class=\"fa fa-hands-helping\" style=\"color: #fff; \"><\/i>\r\n\t\t                        <\/span>\r\n                        <span class=\"category-name\">Dienstleistung<\/span>\r\n                    <\/a>\r\n                <\/li>\r\n\r\n                                    <li>\r\n                        <div class=\"categories-dropdown dropdown c27-more-categories\">\r\n                            <span class=\"tooltip-element\">\r\n                                <a href=\"#other-categories\">\r\n                                    <span class=\"cat-icon cat-more\">+2<\/span>\r\n                                <\/a>\r\n                                <span class=\"tooltip-container\">Handwerk, Bodenbel\u00e4ge<\/span>\r\n                            <\/span>\r\n                        <\/div>\r\n                    <\/li>\r\n                            <\/ul>\r\n\r\n            <div class=\"ld-info\">\r\n                <ul class=\"no-list-style\">\r\n                                            <li class=\"item-preview tooltip-element\">\r\n    <a aria-label=\"Quick view button\" href=\"#\" type=\"button\" class=\"c27-toggle-quick-view-modal\" data-id=\"4482\">\r\n    \t<i class=\"mi zoom_in\"><\/i>\r\n    <\/a>\r\n    <span class=\"tooltip-container\">Quick view<\/span>\r\n<\/li>                                                                <li class=\"tooltip-element\">\r\n    <a aria-label=\"Bookmark button\" href=\"#\" class=\"c27-bookmark-button \"\r\n       data-listing-id=\"4482\" onclick=\"MyListing.Handlers.Bookmark_Button(event, this)\">\r\n       <i class=\"mi favorite_border\"><\/i>\r\n    <\/a>\r\n    <span class=\"tooltip-container\">Bookmark<\/span>\r\n<\/li>                                                        <\/ul>\r\n            <\/div>\r\n        <\/div>\r\n    <\/div>\r\n<\/div><div class=\"\"><div\r\n    class=\"lf-item-container listing-preview type-place lf-type-2 c27-verified has-logo has-tagline has-info-fields level-promoted priority-2\"\r\n    data-id=\"listing-id-4368\"\r\n        data-category-icon=\"\t\t\t&lt;i class=&quot;fa fa-hands-helping&quot; style=&quot;color: #fff; background: #6c1cff; &quot;&gt;&lt;\/i&gt;\r\n\t\t\"\r\n    data-category-color=\"#6c1cff\"\r\n    data-category-text-color=\"#fff\"\r\n        data-thumbnail=\"https:\/\/stadtm.de\/Bad_Belzig\/wp-content\/uploads\/2025\/10\/Hoergeraete-Jueterbog-150x150.jpg\"\r\n    data-marker=\"https:\/\/stadtm.de\/Bad_Belzig\/wp-content\/uploads\/2025\/10\/Hoergeraete-Jueterbog-150x150.jpg\"\r\n    data-template=\"alternate\"\r\n    data-locations=\"[{&quot;address&quot;:&quot;Markt 33, 14913 J\\u00fcterbog&quot;,&quot;lat&quot;:&quot;51.99120&quot;,&quot;lng&quot;:&quot;13.07979&quot;}]\"\r\n>\r\n<div class=\"lf-item lf-item-alternate\" data-template=\"alternate\">\r\n    <a href=\"https:\/\/stadtm.de\/Bad_Belzig\/listing\/hoergeraete-jueterbog-hoerstudio-haase\/\">\r\n\r\n        <div class=\"overlay\" style=\"\r\n    background-color: #242429;\r\n    opacity: 0.4;\r\n\"><\/div>\r\n        \r\n                    <div class=\"lf-background\" style=\"background-image: url('https:\/\/stadtm.de\/Bad_Belzig\/wp-content\/uploads\/2025\/10\/Hoergeraete-Jueterbog-1-768x340.jpg');\"><\/div>\r\n        \r\n        <div class=\"lf-item-info-2\">\r\n                            <div class=\"lf-avatar\" style=\"background-image: url('https:\/\/stadtm.de\/Bad_Belzig\/wp-content\/uploads\/2025\/10\/Hoergeraete-Jueterbog-150x150.jpg')\"><\/div>\r\n            \r\n            <h4 class=\"case27-primary-text listing-preview-title\">\r\n                H\u00f6rger\u00e4te J\u00fcterbog - H\u00f6rstudio Haase                                    <img decoding=\"async\" height=\"18\" width=\"18\" alt=\"Verified listing\" class=\"verified-listing\" src=\"https:\/\/stadtm.de\/Bad_Belzig\/wp-content\/themes\/my-listing\/assets\/images\/tick.svg\">\r\n                            <\/h4>\r\n\r\n                            <h6>H\u00f6rstudio Haase J\u00fcterbog \u2013 Ihr Experte f\u00fcr H\u00f6rger\u00e4te &amp; H\u00f6rtest<\/h6>\r\n            \r\n            \r\n<ul class=\"lf-contact no-list-style\">\r\n\t            <li >\r\n            \t                \t<i class=\"icon-phone-outgoing sm-icon\"><\/i>\r\n            \t                +49 (3372) 439289            <\/li>\r\n                    <li >\r\n            \t                \t<i class=\"icon-location-pin-add-2 sm-icon\"><\/i>\r\n            \t                Markt 33            <\/li>\r\n        <\/ul>\r\n        <\/div>\r\n\r\n    <\/a>\r\n        <div class=\"lf-head level-promoted\">\r\n            <span class=\"tooltip-element tooltip-bottom\">\r\n            <div class=\"lf-head-btn ad-badge\">\r\n                <span><i class=\"icon-flash\"><\/i><\/span>\r\n            <\/div>\r\n            <span class=\"tooltip-container\">Promoted<\/span>\r\n        <\/span>\r\n    \r\n                    <div class=\"lf-head-btn  open-status listing-status-closed\" >\r\n                    CLOSED                <\/div>\r\n            <\/div><\/div>\r\n\r\n        <div class=\"listing-details c27-footer-section\">\r\n            <ul class=\"c27-listing-preview-category-list no-list-style\">\r\n                <li>\r\n                    <a href=\"https:\/\/stadtm.de\/Bad_Belzig\/category\/dienstleistung\/\">\r\n                        <span class=\"cat-icon\" style=\"background-color: #6c1cff;\">\r\n                            \t\t\t<i class=\"fa fa-hands-helping\" style=\"color: #fff; \"><\/i>\r\n\t\t                        <\/span>\r\n                        <span class=\"category-name\">Dienstleistung<\/span>\r\n                    <\/a>\r\n                <\/li>\r\n\r\n                                    <li>\r\n                        <div class=\"categories-dropdown dropdown c27-more-categories\">\r\n                            <span class=\"tooltip-element\">\r\n                                <a href=\"#other-categories\">\r\n                                    <span class=\"cat-icon cat-more\">+2<\/span>\r\n                                <\/a>\r\n                                <span class=\"tooltip-container\">Handel, Gesundheitswesen<\/span>\r\n                            <\/span>\r\n                        <\/div>\r\n                    <\/li>\r\n                            <\/ul>\r\n\r\n            <div class=\"ld-info\">\r\n                <ul class=\"no-list-style\">\r\n                                            <li class=\"item-preview tooltip-element\">\r\n    <a aria-label=\"Quick view button\" href=\"#\" type=\"button\" class=\"c27-toggle-quick-view-modal\" data-id=\"4368\">\r\n    \t<i class=\"mi zoom_in\"><\/i>\r\n    <\/a>\r\n    <span class=\"tooltip-container\">Quick view<\/span>\r\n<\/li>                                                                <li class=\"tooltip-element\">\r\n    <a aria-label=\"Bookmark button\" href=\"#\" class=\"c27-bookmark-button \"\r\n       data-listing-id=\"4368\" onclick=\"MyListing.Handlers.Bookmark_Button(event, this)\">\r\n       <i class=\"mi favorite_border\"><\/i>\r\n    <\/a>\r\n    <span class=\"tooltip-container\">Bookmark<\/span>\r\n<\/li>                                                        <\/ul>\r\n            <\/div>\r\n        <\/div>\r\n    <\/div>\r\n<\/div><div class=\"\"><div\r\n    class=\"lf-item-container listing-preview type-place lf-type-2 c27-verified has-logo has-tagline has-info-fields level-promoted priority-2\"\r\n    data-id=\"listing-id-4415\"\r\n        data-category-icon=\"\t\t\t&lt;i class=&quot;fa fa-hands-helping&quot; style=&quot;color: #fff; background: #6c1cff; &quot;&gt;&lt;\/i&gt;\r\n\t\t\"\r\n    data-category-color=\"#6c1cff\"\r\n    data-category-text-color=\"#fff\"\r\n        data-thumbnail=\"https:\/\/stadtm.de\/Bad_Belzig\/wp-content\/uploads\/2025\/10\/Elekriker-Bad-Belzig-150x150.jpg\"\r\n    data-marker=\"https:\/\/stadtm.de\/Bad_Belzig\/wp-content\/uploads\/2025\/10\/Elekriker-Bad-Belzig-150x150.jpg\"\r\n    data-template=\"alternate\"\r\n    data-locations=\"[{&quot;address&quot;:&quot;Puschkinstr. 44, 14806 Bad Belzig&quot;,&quot;lat&quot;:&quot;52.14601&quot;,&quot;lng&quot;:&quot;12.58299&quot;}]\"\r\n>\r\n<div class=\"lf-item lf-item-alternate\" data-template=\"alternate\">\r\n    <a href=\"https:\/\/stadtm.de\/Bad_Belzig\/listing\/elektriker-elektro-belitz\/\">\r\n\r\n        <div class=\"overlay\" style=\"\r\n    background-color: #242429;\r\n    opacity: 0.4;\r\n\"><\/div>\r\n        \r\n                    <div class=\"lf-background\" style=\"background-image: url('https:\/\/stadtm.de\/Bad_Belzig\/wp-content\/uploads\/2025\/10\/Elekriker-Bad-Belzig1-768x307.jpg');\"><\/div>\r\n        \r\n        <div class=\"lf-item-info-2\">\r\n                            <div class=\"lf-avatar\" style=\"background-image: url('https:\/\/stadtm.de\/Bad_Belzig\/wp-content\/uploads\/2025\/10\/Elekriker-Bad-Belzig-150x150.jpg')\"><\/div>\r\n            \r\n            <h4 class=\"case27-primary-text listing-preview-title\">\r\n                Elektriker - Elektro-Belitz                                    <img decoding=\"async\" height=\"18\" width=\"18\" alt=\"Verified listing\" class=\"verified-listing\" src=\"https:\/\/stadtm.de\/Bad_Belzig\/wp-content\/themes\/my-listing\/assets\/images\/tick.svg\">\r\n                            <\/h4>\r\n\r\n                            <h6>Elektro-Belitz GmbH - Mit Energie in die Zukunft!<\/h6>\r\n            \r\n            \r\n<ul class=\"lf-contact no-list-style\">\r\n\t            <li >\r\n            \t                \t<i class=\"icon-phone-outgoing sm-icon\"><\/i>\r\n            \t                +49 (33841) 5660            <\/li>\r\n                    <li >\r\n            \t                \t<i class=\"icon-location-pin-add-2 sm-icon\"><\/i>\r\n            \t                Puschkinstr. 44            <\/li>\r\n        <\/ul>\r\n        <\/div>\r\n\r\n    <\/a>\r\n        <div class=\"lf-head level-promoted\">\r\n            <span class=\"tooltip-element tooltip-bottom\">\r\n            <div class=\"lf-head-btn ad-badge\">\r\n                <span><i class=\"icon-flash\"><\/i><\/span>\r\n            <\/div>\r\n            <span class=\"tooltip-container\">Promoted<\/span>\r\n        <\/span>\r\n    \r\n                    <div class=\"lf-head-btn  open-status listing-status-open\" >\r\n                    OPEN                <\/div>\r\n            <\/div><\/div>\r\n\r\n        <div class=\"listing-details c27-footer-section\">\r\n            <ul class=\"c27-listing-preview-category-list no-list-style\">\r\n                <li>\r\n                    <a href=\"https:\/\/stadtm.de\/Bad_Belzig\/category\/dienstleistung\/\">\r\n                        <span class=\"cat-icon\" style=\"background-color: #6c1cff;\">\r\n                            \t\t\t<i class=\"fa fa-hands-helping\" style=\"color: #fff; \"><\/i>\r\n\t\t                        <\/span>\r\n                        <span class=\"category-name\">Dienstleistung<\/span>\r\n                    <\/a>\r\n                <\/li>\r\n\r\n                                    <li>\r\n                        <div class=\"categories-dropdown dropdown c27-more-categories\">\r\n                            <span class=\"tooltip-element\">\r\n                                <a href=\"#other-categories\">\r\n                                    <span class=\"cat-icon cat-more\">+2<\/span>\r\n                                <\/a>\r\n                                <span class=\"tooltip-container\">Handwerk, Elektriker<\/span>\r\n                            <\/span>\r\n                        <\/div>\r\n                    <\/li>\r\n                            <\/ul>\r\n\r\n            <div class=\"ld-info\">\r\n                <ul class=\"no-list-style\">\r\n                                            <li class=\"item-preview tooltip-element\">\r\n    <a aria-label=\"Quick view button\" href=\"#\" type=\"button\" class=\"c27-toggle-quick-view-modal\" data-id=\"4415\">\r\n    \t<i class=\"mi zoom_in\"><\/i>\r\n    <\/a>\r\n    <span class=\"tooltip-container\">Quick view<\/span>\r\n<\/li>                                                                <li class=\"tooltip-element\">\r\n    <a aria-label=\"Bookmark button\" href=\"#\" class=\"c27-bookmark-button \"\r\n       data-listing-id=\"4415\" onclick=\"MyListing.Handlers.Bookmark_Button(event, this)\">\r\n       <i class=\"mi favorite_border\"><\/i>\r\n    <\/a>\r\n    <span class=\"tooltip-container\">Bookmark<\/span>\r\n<\/li>                                                        <\/ul>\r\n            <\/div>\r\n        <\/div>\r\n    <\/div>\r\n<\/div><div class=\"\"><div\r\n    class=\"lf-item-container listing-preview type-place lf-type-2 c27-verified has-logo has-tagline has-info-fields level-promoted priority-2\"\r\n    data-id=\"listing-id-4379\"\r\n        data-category-icon=\"\t\t\t&lt;i class=&quot;mi restaurant_menu&quot; style=&quot;color: #fff; background: #6c1cff; &quot;&gt;&lt;\/i&gt;\r\n\t\t\"\r\n    data-category-color=\"#6c1cff\"\r\n    data-category-text-color=\"#fff\"\r\n        data-thumbnail=\"https:\/\/stadtm.de\/Bad_Belzig\/wp-content\/uploads\/2025\/10\/Restaurant-Bad-Belzig8-150x150.jpg\"\r\n    data-marker=\"https:\/\/stadtm.de\/Bad_Belzig\/wp-content\/uploads\/2025\/10\/Restaurant-Bad-Belzig8-150x150.jpg\"\r\n    data-template=\"alternate\"\r\n    data-locations=\"[{&quot;address&quot;:&quot;Stra\\u00dfe der Einheit 30, 14806 Bad Belzig&quot;,&quot;lat&quot;:&quot;52.14142&quot;,&quot;lng&quot;:&quot;12.58834&quot;}]\"\r\n>\r\n<div class=\"lf-item lf-item-alternate\" data-template=\"alternate\">\r\n    <a href=\"https:\/\/stadtm.de\/Bad_Belzig\/listing\/restaurant-steakhaus-cascada\/\">\r\n\r\n        <div class=\"overlay\" style=\"\r\n    background-color: #242429;\r\n    opacity: 0.4;\r\n\"><\/div>\r\n        \r\n                    <div class=\"lf-background\" style=\"background-image: url('https:\/\/stadtm.de\/Bad_Belzig\/wp-content\/uploads\/2025\/10\/Restaurant-Bad-Belzig9-768x512.jpg');\"><\/div>\r\n        \r\n        <div class=\"lf-item-info-2\">\r\n                            <div class=\"lf-avatar\" style=\"background-image: url('https:\/\/stadtm.de\/Bad_Belzig\/wp-content\/uploads\/2025\/10\/Restaurant-Bad-Belzig8-150x150.jpg')\"><\/div>\r\n            \r\n            <h4 class=\"case27-primary-text listing-preview-title\">\r\n                Restaurant - Steakhaus CASCADA                                    <img decoding=\"async\" height=\"18\" width=\"18\" alt=\"Verified listing\" class=\"verified-listing\" src=\"https:\/\/stadtm.de\/Bad_Belzig\/wp-content\/themes\/my-listing\/assets\/images\/tick.svg\">\r\n                            <\/h4>\r\n\r\n                            <h6>Steakhaus CASCADA \u2013 saftige Steaks, knusprige Pizza und Cocktails in stilvoller Bar-Atmosph\u00e4re<\/h6>\r\n            \r\n            \r\n<ul class=\"lf-contact no-list-style\">\r\n\t            <li >\r\n            \t                \t<i class=\"icon-phone-outgoing sm-icon\"><\/i>\r\n            \t                +49 (33841) 38255            <\/li>\r\n                    <li >\r\n            \t                \t<i class=\"icon-location-pin-add-2 sm-icon\"><\/i>\r\n            \t                Stra\u00dfe der Einheit 30            <\/li>\r\n        <\/ul>\r\n        <\/div>\r\n\r\n    <\/a>\r\n        <div class=\"lf-head level-promoted\">\r\n            <span class=\"tooltip-element tooltip-bottom\">\r\n            <div class=\"lf-head-btn ad-badge\">\r\n                <span><i class=\"icon-flash\"><\/i><\/span>\r\n            <\/div>\r\n            <span class=\"tooltip-container\">Promoted<\/span>\r\n        <\/span>\r\n    \r\n                    <div class=\"lf-head-btn  open-status listing-status-open\" >\r\n                    OPEN                <\/div>\r\n            <\/div><\/div>\r\n\r\n        <div class=\"listing-details c27-footer-section\">\r\n            <ul class=\"c27-listing-preview-category-list no-list-style\">\r\n                <li>\r\n                    <a href=\"https:\/\/stadtm.de\/Bad_Belzig\/category\/restaurant\/\">\r\n                        <span class=\"cat-icon\" style=\"background-color: #6c1cff;\">\r\n                            \t\t\t<i class=\"mi restaurant_menu\" style=\"color: #fff; \"><\/i>\r\n\t\t                        <\/span>\r\n                        <span class=\"category-name\">Restaurant<\/span>\r\n                    <\/a>\r\n                <\/li>\r\n\r\n                            <\/ul>\r\n\r\n            <div class=\"ld-info\">\r\n                <ul class=\"no-list-style\">\r\n                                            <li class=\"item-preview tooltip-element\">\r\n    <a aria-label=\"Quick view button\" href=\"#\" type=\"button\" class=\"c27-toggle-quick-view-modal\" data-id=\"4379\">\r\n    \t<i class=\"mi zoom_in\"><\/i>\r\n    <\/a>\r\n    <span class=\"tooltip-container\">Quick view<\/span>\r\n<\/li>                                                                <li class=\"tooltip-element\">\r\n    <a aria-label=\"Bookmark button\" href=\"#\" class=\"c27-bookmark-button \"\r\n       data-listing-id=\"4379\" onclick=\"MyListing.Handlers.Bookmark_Button(event, this)\">\r\n       <i class=\"mi favorite_border\"><\/i>\r\n    <\/a>\r\n    <span class=\"tooltip-container\">Bookmark<\/span>\r\n<\/li>                                                        <\/ul>\r\n            <\/div>\r\n        <\/div>\r\n    <\/div>\r\n<\/div><div class=\"\"><div\r\n    class=\"lf-item-container listing-preview type-place lf-type-2 c27-verified has-logo has-tagline has-info-fields level-promoted priority-2\"\r\n    data-id=\"listing-id-4446\"\r\n        data-category-icon=\"\t\t\t&lt;i class=&quot;fa fa-shopping-basket&quot; style=&quot;color: #fff; background: #6c1cff; &quot;&gt;&lt;\/i&gt;\r\n\t\t\"\r\n    data-category-color=\"#6c1cff\"\r\n    data-category-text-color=\"#fff\"\r\n        data-thumbnail=\"https:\/\/stadtm.de\/Bad_Belzig\/wp-content\/uploads\/2025\/10\/Brennerei-Bad-Belzig-150x150.jpg\"\r\n    data-marker=\"https:\/\/stadtm.de\/Bad_Belzig\/wp-content\/uploads\/2025\/10\/Brennerei-Bad-Belzig-150x150.jpg\"\r\n    data-template=\"alternate\"\r\n    data-locations=\"[{&quot;address&quot;:&quot;Wittenberger Str. 1, 14806 Bad Belzig&quot;,&quot;lat&quot;:&quot;52.13687&quot;,&quot;lng&quot;:&quot;12.58677&quot;}]\"\r\n>\r\n<div class=\"lf-item lf-item-alternate\" data-template=\"alternate\">\r\n    <a href=\"https:\/\/stadtm.de\/Bad_Belzig\/listing\/brennerei-old-sandhill-whisky\/\">\r\n\r\n        <div class=\"overlay\" style=\"\r\n    background-color: #242429;\r\n    opacity: 0.4;\r\n\"><\/div>\r\n        \r\n                    <div class=\"lf-background\" style=\"background-image: url('https:\/\/stadtm.de\/Bad_Belzig\/wp-content\/uploads\/2025\/10\/Brennerei-Bad-Belzig1-768x768.jpg');\"><\/div>\r\n        \r\n        <div class=\"lf-item-info-2\">\r\n                            <div class=\"lf-avatar\" style=\"background-image: url('https:\/\/stadtm.de\/Bad_Belzig\/wp-content\/uploads\/2025\/10\/Brennerei-Bad-Belzig-150x150.jpg')\"><\/div>\r\n            \r\n            <h4 class=\"case27-primary-text listing-preview-title\">\r\n                Brennerei - Old Sandhill Whisky                                    <img decoding=\"async\" height=\"18\" width=\"18\" alt=\"Verified listing\" class=\"verified-listing\" src=\"https:\/\/stadtm.de\/Bad_Belzig\/wp-content\/themes\/my-listing\/assets\/images\/tick.svg\">\r\n                            <\/h4>\r\n\r\n                            <h6>Old Sandhill Whisky Destillerie - Handgemacht, regional &amp; mit Leidenschaft gereift<\/h6>\r\n            \r\n            \r\n<ul class=\"lf-contact no-list-style\">\r\n\t            <li >\r\n            \t                \t<i class=\"icon-phone-outgoing sm-icon\"><\/i>\r\n            \t                +49 (33841) 893189            <\/li>\r\n                    <li >\r\n            \t                \t<i class=\"icon-location-pin-add-2 sm-icon\"><\/i>\r\n            \t                Wittenberger Str. 1            <\/li>\r\n        <\/ul>\r\n        <\/div>\r\n\r\n    <\/a>\r\n        <div class=\"lf-head level-promoted\">\r\n            <span class=\"tooltip-element tooltip-bottom\">\r\n            <div class=\"lf-head-btn ad-badge\">\r\n                <span><i class=\"icon-flash\"><\/i><\/span>\r\n            <\/div>\r\n            <span class=\"tooltip-container\">Promoted<\/span>\r\n        <\/span>\r\n    \r\n    <\/div><\/div>\r\n\r\n        <div class=\"listing-details c27-footer-section\">\r\n            <ul class=\"c27-listing-preview-category-list no-list-style\">\r\n                <li>\r\n                    <a href=\"https:\/\/stadtm.de\/Bad_Belzig\/category\/handel\/\">\r\n                        <span class=\"cat-icon\" style=\"background-color: #6c1cff;\">\r\n                            \t\t\t<i class=\"fa fa-shopping-basket\" style=\"color: #fff; \"><\/i>\r\n\t\t                        <\/span>\r\n                        <span class=\"category-name\">Handel<\/span>\r\n                    <\/a>\r\n                <\/li>\r\n\r\n                                    <li>\r\n                        <div class=\"categories-dropdown dropdown c27-more-categories\">\r\n                            <span class=\"tooltip-element\">\r\n                                <a href=\"#other-categories\">\r\n                                    <span class=\"cat-icon cat-more\">+1<\/span>\r\n                                <\/a>\r\n                                <span class=\"tooltip-container\">Spirituosengesch\u00e4ft<\/span>\r\n                            <\/span>\r\n                        <\/div>\r\n                    <\/li>\r\n                            <\/ul>\r\n\r\n            <div class=\"ld-info\">\r\n                <ul class=\"no-list-style\">\r\n                                            <li class=\"item-preview tooltip-element\">\r\n    <a aria-label=\"Quick view button\" href=\"#\" type=\"button\" class=\"c27-toggle-quick-view-modal\" data-id=\"4446\">\r\n    \t<i class=\"mi zoom_in\"><\/i>\r\n    <\/a>\r\n    <span class=\"tooltip-container\">Quick view<\/span>\r\n<\/li>                                                                <li class=\"tooltip-element\">\r\n    <a aria-label=\"Bookmark button\" href=\"#\" class=\"c27-bookmark-button \"\r\n       data-listing-id=\"4446\" onclick=\"MyListing.Handlers.Bookmark_Button(event, this)\">\r\n       <i class=\"mi favorite_border\"><\/i>\r\n    <\/a>\r\n    <span class=\"tooltip-container\">Bookmark<\/span>\r\n<\/li>                                                        <\/ul>\r\n            <\/div>\r\n        <\/div>\r\n    <\/div>\r\n<\/div><div class=\"\"><div\r\n    class=\"lf-item-container listing-preview type-place lf-type-2 c27-verified has-logo has-tagline has-info-fields level-promoted priority-2\"\r\n    data-id=\"listing-id-3714\"\r\n        data-category-icon=\"\t\t\t&lt;i class=&quot;fa fa-hands-helping&quot; style=&quot;color: #fff; background: #6c1cff; &quot;&gt;&lt;\/i&gt;\r\n\t\t\"\r\n    data-category-color=\"#6c1cff\"\r\n    data-category-text-color=\"#fff\"\r\n        data-thumbnail=\"https:\/\/stadtm.de\/Bad_Belzig\/wp-content\/uploads\/2025\/08\/Supermarkt-Bad-Belzig-150x150.jpg\"\r\n    data-marker=\"https:\/\/stadtm.de\/Bad_Belzig\/wp-content\/uploads\/2025\/08\/Supermarkt-Bad-Belzig-150x150.jpg\"\r\n    data-template=\"alternate\"\r\n    data-locations=\"[{&quot;address&quot;:&quot;Weitzgrunder Str. 2, 14806 Bad Belzig&quot;,&quot;lat&quot;:&quot;52.14470&quot;,&quot;lng&quot;:&quot;12.59105&quot;}]\"\r\n>\r\n<div class=\"lf-item lf-item-alternate\" data-template=\"alternate\">\r\n    <a href=\"https:\/\/stadtm.de\/Bad_Belzig\/listing\/supermarkt-edeka-wipfli\/\">\r\n\r\n        <div class=\"overlay\" style=\"\r\n    background-color: #242429;\r\n    opacity: 0.4;\r\n\"><\/div>\r\n        \r\n                    <div class=\"lf-background\" style=\"background-image: url('https:\/\/stadtm.de\/Bad_Belzig\/wp-content\/uploads\/2025\/08\/Supermarkt-Bad-Belzig1-768x240.jpg');\"><\/div>\r\n        \r\n        <div class=\"lf-item-info-2\">\r\n                            <div class=\"lf-avatar\" style=\"background-image: url('https:\/\/stadtm.de\/Bad_Belzig\/wp-content\/uploads\/2025\/08\/Supermarkt-Bad-Belzig-150x150.jpg')\"><\/div>\r\n            \r\n            <h4 class=\"case27-primary-text listing-preview-title\">\r\n                Supermarkt - Edeka Wipfli                                    <img decoding=\"async\" height=\"18\" width=\"18\" alt=\"Verified listing\" class=\"verified-listing\" src=\"https:\/\/stadtm.de\/Bad_Belzig\/wp-content\/themes\/my-listing\/assets\/images\/tick.svg\">\r\n                            <\/h4>\r\n\r\n                            <h6>Supermarkt Bad Belzig - Edeka Wipfli \u2013 Regional, Frisch, Nah\r\nDer Edeka Wipfli in Bad\u202fBelzig ist Ihre erste&hellip;<\/h6>\r\n            \r\n            \r\n<ul class=\"lf-contact no-list-style\">\r\n\t            <li >\r\n            \t                \t<i class=\"icon-phone-outgoing sm-icon\"><\/i>\r\n            \t                +49 (33841) 3878810            <\/li>\r\n                    <li >\r\n            \t                \t<i class=\"icon-location-pin-add-2 sm-icon\"><\/i>\r\n            \t                Weitzgrunder Str. 2            <\/li>\r\n        <\/ul>\r\n        <\/div>\r\n\r\n    <\/a>\r\n        <div class=\"lf-head level-promoted\">\r\n            <span class=\"tooltip-element tooltip-bottom\">\r\n            <div class=\"lf-head-btn ad-badge\">\r\n                <span><i class=\"icon-flash\"><\/i><\/span>\r\n            <\/div>\r\n            <span class=\"tooltip-container\">Promoted<\/span>\r\n        <\/span>\r\n    \r\n                    <div class=\"lf-head-btn  open-status listing-status-open\" >\r\n                    OPEN                <\/div>\r\n            <\/div><\/div>\r\n\r\n        <div class=\"listing-details c27-footer-section\">\r\n            <ul class=\"c27-listing-preview-category-list no-list-style\">\r\n                <li>\r\n                    <a href=\"https:\/\/stadtm.de\/Bad_Belzig\/category\/dienstleistung\/\">\r\n                        <span class=\"cat-icon\" style=\"background-color: #6c1cff;\">\r\n                            \t\t\t<i class=\"fa fa-hands-helping\" style=\"color: #fff; \"><\/i>\r\n\t\t                        <\/span>\r\n                        <span class=\"category-name\">Dienstleistung<\/span>\r\n                    <\/a>\r\n                <\/li>\r\n\r\n                                    <li>\r\n                        <div class=\"categories-dropdown dropdown c27-more-categories\">\r\n                            <span class=\"tooltip-element\">\r\n                                <a href=\"#other-categories\">\r\n                                    <span class=\"cat-icon cat-more\">+3<\/span>\r\n                                <\/a>\r\n                                <span class=\"tooltip-container\">Handel, Lebensmittelh\u00e4ndler, Supermarkt<\/span>\r\n                            <\/span>\r\n                        <\/div>\r\n                    <\/li>\r\n                            <\/ul>\r\n\r\n            <div class=\"ld-info\">\r\n                <ul class=\"no-list-style\">\r\n                                            <li class=\"item-preview tooltip-element\">\r\n    <a aria-label=\"Quick view button\" href=\"#\" type=\"button\" class=\"c27-toggle-quick-view-modal\" data-id=\"3714\">\r\n    \t<i class=\"mi zoom_in\"><\/i>\r\n    <\/a>\r\n    <span class=\"tooltip-container\">Quick view<\/span>\r\n<\/li>                                                                <li class=\"tooltip-element\">\r\n    <a aria-label=\"Bookmark button\" href=\"#\" class=\"c27-bookmark-button \"\r\n       data-listing-id=\"3714\" onclick=\"MyListing.Handlers.Bookmark_Button(event, this)\">\r\n       <i class=\"mi favorite_border\"><\/i>\r\n    <\/a>\r\n    <span class=\"tooltip-container\">Bookmark<\/span>\r\n<\/li>                                                        <\/ul>\r\n            <\/div>\r\n        <\/div>\r\n    <\/div>\r\n<\/div><div class=\"\"><div\r\n    class=\"lf-item-container listing-preview type-place lf-type-2 c27-verified has-logo has-tagline has-info-fields level-promoted priority-2\"\r\n    data-id=\"listing-id-4699\"\r\n        data-category-icon=\"\t\t\t&lt;i class=&quot;fa fa-hands-helping&quot; style=&quot;color: #fff; background: #6c1cff; &quot;&gt;&lt;\/i&gt;\r\n\t\t\"\r\n    data-category-color=\"#6c1cff\"\r\n    data-category-text-color=\"#fff\"\r\n        data-thumbnail=\"https:\/\/stadtm.de\/Bad_Belzig\/wp-content\/uploads\/2025\/12\/Versicherungen-Bad-Belzig1-150x150.jpg\"\r\n    data-marker=\"https:\/\/stadtm.de\/Bad_Belzig\/wp-content\/uploads\/2025\/12\/Versicherungen-Bad-Belzig1-150x150.jpg\"\r\n    data-template=\"alternate\"\r\n    data-locations=\"[{&quot;address&quot;:&quot;Magdeburger Str. 10, 14806 Bad Belzig&quot;,&quot;lat&quot;:&quot;52.14081&quot;,&quot;lng&quot;:&quot;12.58679&quot;}]\"\r\n>\r\n<div class=\"lf-item lf-item-alternate\" data-template=\"alternate\">\r\n    <a href=\"https:\/\/stadtm.de\/Bad_Belzig\/listing\/versicherungen-anja-pohl\/\">\r\n\r\n        <div class=\"overlay\" style=\"\r\n    background-color: #242429;\r\n    opacity: 0.4;\r\n\"><\/div>\r\n        \r\n                    <div class=\"lf-background\" style=\"background-image: url('https:\/\/stadtm.de\/Bad_Belzig\/wp-content\/uploads\/2025\/12\/Versicherungen-Bad-Belzig-768x309.jpg');\"><\/div>\r\n        \r\n        <div class=\"lf-item-info-2\">\r\n                            <div class=\"lf-avatar\" style=\"background-image: url('https:\/\/stadtm.de\/Bad_Belzig\/wp-content\/uploads\/2025\/12\/Versicherungen-Bad-Belzig1-150x150.jpg')\"><\/div>\r\n            \r\n            <h4 class=\"case27-primary-text listing-preview-title\">\r\n                Versicherungen - Anja Pohl                                    <img decoding=\"async\" height=\"18\" width=\"18\" alt=\"Verified listing\" class=\"verified-listing\" src=\"https:\/\/stadtm.de\/Bad_Belzig\/wp-content\/themes\/my-listing\/assets\/images\/tick.svg\">\r\n                            <\/h4>\r\n\r\n                            <h6>Anja Pohl Versicherungsmaklerin | Kfz-Versicherung &amp; Beratung<\/h6>\r\n            \r\n            \r\n<ul class=\"lf-contact no-list-style\">\r\n\t            <li >\r\n            \t                \t<i class=\"icon-phone-outgoing sm-icon\"><\/i>\r\n            \t                +49 (33841) 42526            <\/li>\r\n                    <li >\r\n            \t                \t<i class=\"icon-location-pin-add-2 sm-icon\"><\/i>\r\n            \t                Magdeburger Str. 10            <\/li>\r\n        <\/ul>\r\n        <\/div>\r\n\r\n    <\/a>\r\n        <div class=\"lf-head level-promoted\">\r\n            <span class=\"tooltip-element tooltip-bottom\">\r\n            <div class=\"lf-head-btn ad-badge\">\r\n                <span><i class=\"icon-flash\"><\/i><\/span>\r\n            <\/div>\r\n            <span class=\"tooltip-container\">Promoted<\/span>\r\n        <\/span>\r\n    \r\n    <\/div><\/div>\r\n\r\n        <div class=\"listing-details c27-footer-section\">\r\n            <ul class=\"c27-listing-preview-category-list no-list-style\">\r\n                <li>\r\n                    <a href=\"https:\/\/stadtm.de\/Bad_Belzig\/category\/dienstleistung\/\">\r\n                        <span class=\"cat-icon\" style=\"background-color: #6c1cff;\">\r\n                            \t\t\t<i class=\"fa fa-hands-helping\" style=\"color: #fff; \"><\/i>\r\n\t\t                        <\/span>\r\n                        <span class=\"category-name\">Dienstleistung<\/span>\r\n                    <\/a>\r\n                <\/li>\r\n\r\n                                    <li>\r\n                        <div class=\"categories-dropdown dropdown c27-more-categories\">\r\n                            <span class=\"tooltip-element\">\r\n                                <a href=\"#other-categories\">\r\n                                    <span class=\"cat-icon cat-more\">+1<\/span>\r\n                                <\/a>\r\n                                <span class=\"tooltip-container\">Versicherungsagentur<\/span>\r\n                            <\/span>\r\n                        <\/div>\r\n                    <\/li>\r\n                            <\/ul>\r\n\r\n            <div class=\"ld-info\">\r\n                <ul class=\"no-list-style\">\r\n                                            <li class=\"item-preview tooltip-element\">\r\n    <a aria-label=\"Quick view button\" href=\"#\" type=\"button\" class=\"c27-toggle-quick-view-modal\" data-id=\"4699\">\r\n    \t<i class=\"mi zoom_in\"><\/i>\r\n    <\/a>\r\n    <span class=\"tooltip-container\">Quick view<\/span>\r\n<\/li>                                                                <li class=\"tooltip-element\">\r\n    <a aria-label=\"Bookmark button\" href=\"#\" class=\"c27-bookmark-button \"\r\n       data-listing-id=\"4699\" onclick=\"MyListing.Handlers.Bookmark_Button(event, this)\">\r\n       <i class=\"mi favorite_border\"><\/i>\r\n    <\/a>\r\n    <span class=\"tooltip-container\">Bookmark<\/span>\r\n<\/li>                                                        <\/ul>\r\n            <\/div>\r\n        <\/div>\r\n    <\/div>\r\n<\/div><div class=\"\"><div\r\n    class=\"lf-item-container listing-preview type-jobs  c27-verified has-logo has-tagline has-info-fields level-promoted priority-2\"\r\n    data-id=\"listing-id-3747\"\r\n        data-category-icon=\"\"\r\n    data-category-color=\"\"\r\n    data-category-text-color=\"\"\r\n        data-thumbnail=\"https:\/\/stadtm.de\/Bad_Belzig\/wp-content\/uploads\/2025\/07\/Autohaendler-Bad-Belzig-150x150.jpg\"\r\n    data-marker=\"https:\/\/stadtm.de\/Bad_Belzig\/wp-content\/uploads\/2025\/07\/Autohaendler-Bad-Belzig-150x150.jpg\"\r\n    data-template=\"default\"\r\n    data-locations=\"[{&quot;address&quot;:&quot;Im Gewerbepark Seedoche 2, 14806 Bad Belzig&quot;,&quot;lat&quot;:&quot;52.14634&quot;,&quot;lng&quot;:&quot;12.61284&quot;}]\"\r\n>\r\n<div class=\"lf-item lf-item-default\" data-template=\"default\">\r\n    <a href=\"https:\/\/stadtm.de\/Bad_Belzig\/listing\/kfz-mechatroniker-autohaus-schumann\/\">\r\n\r\n        <div class=\"overlay\" style=\"\r\n    background-color: #242429;\r\n    opacity: 0.4;\r\n\"><\/div>\r\n        \r\n                    <div class=\"lf-background\" style=\"background-image: url('https:\/\/stadtm.de\/Bad_Belzig\/wp-content\/uploads\/2025\/07\/Autohaendler-Bad-Belzig1-768x512.jpg');\"><\/div>\r\n        \r\n        <div class=\"lf-item-info\">\r\n                            <div class=\"lf-avatar\" style=\"background-image: url('https:\/\/stadtm.de\/Bad_Belzig\/wp-content\/uploads\/2025\/07\/Autohaendler-Bad-Belzig-150x150.jpg')\"><\/div>\r\n            \r\n            <h4 class=\"case27-primary-text listing-preview-title\">\r\n                KFZ-MECHATRONIKER - Autohaus Schumann                                    <img decoding=\"async\" height=\"18\" width=\"18\" alt=\"Verified listing\" class=\"verified-listing\" src=\"https:\/\/stadtm.de\/Bad_Belzig\/wp-content\/themes\/my-listing\/assets\/images\/tick.svg\">\r\n                            <\/h4>\r\n\r\n            \r\n<ul class=\"lf-contact no-list-style\">\r\n\t            <li >\r\n            \t                \t<i class=\"icon-location-pin-check-2 sm-icon\"><\/i>\r\n            \t                Im Gewerbepark Seedoche 2            <\/li>\r\n                    <li >\r\n            \t                \t<i class=\"icon-phone-outgoing sm-icon\"><\/i>\r\n            \t                +49 (33841) 588-0            <\/li>\r\n        <\/ul>\r\n        <\/div>\r\n\r\n    <\/a>\r\n        <div class=\"lf-head level-promoted\">\r\n            <span class=\"tooltip-element tooltip-bottom\">\r\n            <div class=\"lf-head-btn ad-badge\">\r\n                <span><i class=\"icon-flash\"><\/i><\/span>\r\n            <\/div>\r\n            <span class=\"tooltip-container\">Promoted<\/span>\r\n        <\/span>\r\n    \r\n    <\/div><\/div>\r\n\r\n<\/div>\r\n<\/div><div class=\"\"><div\r\n    class=\"lf-item-container listing-preview type-place lf-type-2 c27-verified has-logo has-tagline has-info-fields level-promoted priority-2\"\r\n    data-id=\"listing-id-4351\"\r\n        data-category-icon=\"\t\t\t&lt;i class=&quot;fa fa-hands-helping&quot; style=&quot;color: #fff; background: #6c1cff; &quot;&gt;&lt;\/i&gt;\r\n\t\t\"\r\n    data-category-color=\"#6c1cff\"\r\n    data-category-text-color=\"#fff\"\r\n        data-thumbnail=\"https:\/\/stadtm.de\/Bad_Belzig\/wp-content\/uploads\/2025\/10\/Immobilienagentur-Bad-Belzig-150x150.jpg\"\r\n    data-marker=\"https:\/\/stadtm.de\/Bad_Belzig\/wp-content\/uploads\/2025\/10\/Immobilienagentur-Bad-Belzig-150x150.jpg\"\r\n    data-template=\"alternate\"\r\n    data-locations=\"[{&quot;address&quot;:&quot;Erich-Weinert-Str. 21, 14806 Bad Belzig&quot;,&quot;lat&quot;:&quot;52.14036&quot;,&quot;lng&quot;:&quot;12.60645&quot;}]\"\r\n>\r\n<div class=\"lf-item lf-item-alternate\" data-template=\"alternate\">\r\n    <a href=\"https:\/\/stadtm.de\/Bad_Belzig\/listing\/wohnungsgesellschaft-bewog\/\">\r\n\r\n        <div class=\"overlay\" style=\"\r\n    background-color: #242429;\r\n    opacity: 0.4;\r\n\"><\/div>\r\n        \r\n                    <div class=\"lf-background\" style=\"background-image: url('https:\/\/stadtm.de\/Bad_Belzig\/wp-content\/uploads\/2025\/10\/Immobilienagentur-Bad-Belzig1-768x356.jpg');\"><\/div>\r\n        \r\n        <div class=\"lf-item-info-2\">\r\n                            <div class=\"lf-avatar\" style=\"background-image: url('https:\/\/stadtm.de\/Bad_Belzig\/wp-content\/uploads\/2025\/10\/Immobilienagentur-Bad-Belzig-150x150.jpg')\"><\/div>\r\n            \r\n            <h4 class=\"case27-primary-text listing-preview-title\">\r\n                Wohnungsgesellschaft - BEWOG                                    <img decoding=\"async\" height=\"18\" width=\"18\" alt=\"Verified listing\" class=\"verified-listing\" src=\"https:\/\/stadtm.de\/Bad_Belzig\/wp-content\/themes\/my-listing\/assets\/images\/tick.svg\">\r\n                            <\/h4>\r\n\r\n                            <h6>BEWOG Bad Belzig \u2013 Wohnungen, Eigentum &amp; Service \u2013 Wohnen. F\u00fchlen. Leben.<\/h6>\r\n            \r\n            \r\n<ul class=\"lf-contact no-list-style\">\r\n\t            <li >\r\n            \t                \t<i class=\"icon-phone-outgoing sm-icon\"><\/i>\r\n            \t                +49 (33841) 5970            <\/li>\r\n                    <li >\r\n            \t                \t<i class=\"icon-location-pin-add-2 sm-icon\"><\/i>\r\n            \t                Erich-Weinert-Str. 21            <\/li>\r\n        <\/ul>\r\n        <\/div>\r\n\r\n    <\/a>\r\n        <div class=\"lf-head level-promoted\">\r\n            <span class=\"tooltip-element tooltip-bottom\">\r\n            <div class=\"lf-head-btn ad-badge\">\r\n                <span><i class=\"icon-flash\"><\/i><\/span>\r\n            <\/div>\r\n            <span class=\"tooltip-container\">Promoted<\/span>\r\n        <\/span>\r\n    \r\n    <\/div><\/div>\r\n\r\n        <div class=\"listing-details c27-footer-section\">\r\n            <ul class=\"c27-listing-preview-category-list no-list-style\">\r\n                <li>\r\n                    <a href=\"https:\/\/stadtm.de\/Bad_Belzig\/category\/dienstleistung\/\">\r\n                        <span class=\"cat-icon\" style=\"background-color: #6c1cff;\">\r\n                            \t\t\t<i class=\"fa fa-hands-helping\" style=\"color: #fff; \"><\/i>\r\n\t\t                        <\/span>\r\n                        <span class=\"category-name\">Dienstleistung<\/span>\r\n                    <\/a>\r\n                <\/li>\r\n\r\n                            <\/ul>\r\n\r\n            <div class=\"ld-info\">\r\n                <ul class=\"no-list-style\">\r\n                                            <li class=\"item-preview tooltip-element\">\r\n    <a aria-label=\"Quick view button\" href=\"#\" type=\"button\" class=\"c27-toggle-quick-view-modal\" data-id=\"4351\">\r\n    \t<i class=\"mi zoom_in\"><\/i>\r\n    <\/a>\r\n    <span class=\"tooltip-container\">Quick view<\/span>\r\n<\/li>                                                                <li class=\"tooltip-element\">\r\n    <a aria-label=\"Bookmark button\" href=\"#\" class=\"c27-bookmark-button \"\r\n       data-listing-id=\"4351\" onclick=\"MyListing.Handlers.Bookmark_Button(event, this)\">\r\n       <i class=\"mi favorite_border\"><\/i>\r\n    <\/a>\r\n    <span class=\"tooltip-container\">Bookmark<\/span>\r\n<\/li>                                                        <\/ul>\r\n            <\/div>\r\n        <\/div>\r\n    <\/div>\r\n<\/div><div class=\"\"><div\r\n    class=\"lf-item-container listing-preview type-place lf-type-2 c27-verified has-logo has-tagline has-info-fields level-promoted priority-2\"\r\n    data-id=\"listing-id-4470\"\r\n        data-category-icon=\"\t\t\t&lt;i class=&quot;fa fa-hands-helping&quot; style=&quot;color: #fff; background: #6c1cff; &quot;&gt;&lt;\/i&gt;\r\n\t\t\"\r\n    data-category-color=\"#6c1cff\"\r\n    data-category-text-color=\"#fff\"\r\n        data-thumbnail=\"https:\/\/stadtm.de\/Bad_Belzig\/wp-content\/uploads\/2025\/10\/Tischlerei-Bad-Belzig-150x150.jpg\"\r\n    data-marker=\"https:\/\/stadtm.de\/Bad_Belzig\/wp-content\/uploads\/2025\/10\/Tischlerei-Bad-Belzig-150x150.jpg\"\r\n    data-template=\"alternate\"\r\n    data-locations=\"[{&quot;address&quot;:&quot;Am Bach 30, 14806 Bad Belzig&quot;,&quot;lat&quot;:&quot;52.17601&quot;,&quot;lng&quot;:&quot;12.62875&quot;}]\"\r\n>\r\n<div class=\"lf-item lf-item-alternate\" data-template=\"alternate\">\r\n    <a href=\"https:\/\/stadtm.de\/Bad_Belzig\/listing\/tischlerei-wuestenhagen\/\">\r\n\r\n        <div class=\"overlay\" style=\"\r\n    background-color: #242429;\r\n    opacity: 0.4;\r\n\"><\/div>\r\n        \r\n                    <div class=\"lf-background\" style=\"background-image: url('https:\/\/stadtm.de\/Bad_Belzig\/wp-content\/uploads\/2025\/10\/Tischlerei-Bad-Belzig1-768x383.jpg');\"><\/div>\r\n        \r\n        <div class=\"lf-item-info-2\">\r\n                            <div class=\"lf-avatar\" style=\"background-image: url('https:\/\/stadtm.de\/Bad_Belzig\/wp-content\/uploads\/2025\/10\/Tischlerei-Bad-Belzig-150x150.jpg')\"><\/div>\r\n            \r\n            <h4 class=\"case27-primary-text listing-preview-title\">\r\n                Tischlerei - W\u00fcstenhagen                                    <img decoding=\"async\" height=\"18\" width=\"18\" alt=\"Verified listing\" class=\"verified-listing\" src=\"https:\/\/stadtm.de\/Bad_Belzig\/wp-content\/themes\/my-listing\/assets\/images\/tick.svg\">\r\n                            <\/h4>\r\n\r\n                            <h6>Tischlerei W\u00fcstenhagen - Handwerk mit Liebe zum Detail<\/h6>\r\n            \r\n            \r\n<ul class=\"lf-contact no-list-style\">\r\n\t            <li >\r\n            \t                \t<i class=\"icon-phone-outgoing sm-icon\"><\/i>\r\n            \t                +49 (173) 7056426            <\/li>\r\n                    <li >\r\n            \t                \t<i class=\"icon-location-pin-add-2 sm-icon\"><\/i>\r\n            \t                Am Bach 30            <\/li>\r\n        <\/ul>\r\n        <\/div>\r\n\r\n    <\/a>\r\n        <div class=\"lf-head level-promoted\">\r\n            <span class=\"tooltip-element tooltip-bottom\">\r\n            <div class=\"lf-head-btn ad-badge\">\r\n                <span><i class=\"icon-flash\"><\/i><\/span>\r\n            <\/div>\r\n            <span class=\"tooltip-container\">Promoted<\/span>\r\n        <\/span>\r\n    \r\n    <\/div><\/div>\r\n\r\n        <div class=\"listing-details c27-footer-section\">\r\n            <ul class=\"c27-listing-preview-category-list no-list-style\">\r\n                <li>\r\n                    <a href=\"https:\/\/stadtm.de\/Bad_Belzig\/category\/dienstleistung\/\">\r\n                        <span class=\"cat-icon\" style=\"background-color: #6c1cff;\">\r\n                            \t\t\t<i class=\"fa fa-hands-helping\" style=\"color: #fff; \"><\/i>\r\n\t\t                        <\/span>\r\n                        <span class=\"category-name\">Dienstleistung<\/span>\r\n                    <\/a>\r\n                <\/li>\r\n\r\n                                    <li>\r\n                        <div class=\"categories-dropdown dropdown c27-more-categories\">\r\n                            <span class=\"tooltip-element\">\r\n                                <a href=\"#other-categories\">\r\n                                    <span class=\"cat-icon cat-more\">+2<\/span>\r\n                                <\/a>\r\n                                <span class=\"tooltip-container\">Handwerk, M\u00f6beltischler<\/span>\r\n                            <\/span>\r\n                        <\/div>\r\n                    <\/li>\r\n                            <\/ul>\r\n\r\n            <div class=\"ld-info\">\r\n                <ul class=\"no-list-style\">\r\n                                            <li class=\"item-preview tooltip-element\">\r\n    <a aria-label=\"Quick view button\" href=\"#\" type=\"button\" class=\"c27-toggle-quick-view-modal\" data-id=\"4470\">\r\n    \t<i class=\"mi zoom_in\"><\/i>\r\n    <\/a>\r\n    <span class=\"tooltip-container\">Quick view<\/span>\r\n<\/li>                                                                <li class=\"tooltip-element\">\r\n    <a aria-label=\"Bookmark button\" href=\"#\" class=\"c27-bookmark-button \"\r\n       data-listing-id=\"4470\" onclick=\"MyListing.Handlers.Bookmark_Button(event, this)\">\r\n       <i class=\"mi favorite_border\"><\/i>\r\n    <\/a>\r\n    <span class=\"tooltip-container\">Bookmark<\/span>\r\n<\/li>                                                        <\/ul>\r\n            <\/div>\r\n        <\/div>\r\n    <\/div>\r\n<\/div><div class=\"\"><div\r\n    class=\"lf-item-container listing-preview type-place lf-type-2 c27-verified has-logo has-tagline has-info-fields level-promoted priority-2\"\r\n    data-id=\"listing-id-4402\"\r\n        data-category-icon=\"\t\t\t&lt;i class=&quot;fa fa-hands-helping&quot; style=&quot;color: #fff; background: #6c1cff; &quot;&gt;&lt;\/i&gt;\r\n\t\t\"\r\n    data-category-color=\"#6c1cff\"\r\n    data-category-text-color=\"#fff\"\r\n        data-thumbnail=\"https:\/\/stadtm.de\/Bad_Belzig\/wp-content\/uploads\/2025\/10\/Physiotherapeut-Bad-Belzig-150x150.jpg\"\r\n    data-marker=\"https:\/\/stadtm.de\/Bad_Belzig\/wp-content\/uploads\/2025\/10\/Physiotherapeut-Bad-Belzig-150x150.jpg\"\r\n    data-template=\"alternate\"\r\n    data-locations=\"[{&quot;address&quot;:&quot;Erich-Weinert-Str. 25, 14806 Bad Belzig&quot;,&quot;lat&quot;:&quot;52.14015&quot;,&quot;lng&quot;:&quot;12.60639&quot;}]\"\r\n>\r\n<div class=\"lf-item lf-item-alternate\" data-template=\"alternate\">\r\n    <a href=\"https:\/\/stadtm.de\/Bad_Belzig\/listing\/physiotherapeut-thomas-kursawe\/\">\r\n\r\n        <div class=\"overlay\" style=\"\r\n    background-color: #242429;\r\n    opacity: 0.4;\r\n\"><\/div>\r\n        \r\n                    <div class=\"lf-background\" style=\"background-image: url('https:\/\/stadtm.de\/Bad_Belzig\/wp-content\/uploads\/2025\/10\/Physiotherapeut-Bad-Belzig2-768x480.jpg');\"><\/div>\r\n        \r\n        <div class=\"lf-item-info-2\">\r\n                            <div class=\"lf-avatar\" style=\"background-image: url('https:\/\/stadtm.de\/Bad_Belzig\/wp-content\/uploads\/2025\/10\/Physiotherapeut-Bad-Belzig-150x150.jpg')\"><\/div>\r\n            \r\n            <h4 class=\"case27-primary-text listing-preview-title\">\r\n                Physiotherapeut - Thomas Kursawe                                    <img decoding=\"async\" height=\"18\" width=\"18\" alt=\"Verified listing\" class=\"verified-listing\" src=\"https:\/\/stadtm.de\/Bad_Belzig\/wp-content\/themes\/my-listing\/assets\/images\/tick.svg\">\r\n                            <\/h4>\r\n\r\n                            <h6>Physiotherapie Thomas Kursawe - F\u00fcr mehr Gesundheit und Wohlbefinden<\/h6>\r\n            \r\n            \r\n<ul class=\"lf-contact no-list-style\">\r\n\t            <li >\r\n            \t                \t<i class=\"icon-phone-outgoing sm-icon\"><\/i>\r\n            \t                +49 (33841) 531073            <\/li>\r\n                    <li >\r\n            \t                \t<i class=\"icon-location-pin-add-2 sm-icon\"><\/i>\r\n            \t                Erich-Weinert-Str. 25            <\/li>\r\n        <\/ul>\r\n        <\/div>\r\n\r\n    <\/a>\r\n        <div class=\"lf-head level-promoted\">\r\n            <span class=\"tooltip-element tooltip-bottom\">\r\n            <div class=\"lf-head-btn ad-badge\">\r\n                <span><i class=\"icon-flash\"><\/i><\/span>\r\n            <\/div>\r\n            <span class=\"tooltip-container\">Promoted<\/span>\r\n        <\/span>\r\n    \r\n                    <div class=\"lf-head-btn  open-status listing-status-open\" >\r\n                    OPEN                <\/div>\r\n            <\/div><\/div>\r\n\r\n        <div class=\"listing-details c27-footer-section\">\r\n            <ul class=\"c27-listing-preview-category-list no-list-style\">\r\n                <li>\r\n                    <a href=\"https:\/\/stadtm.de\/Bad_Belzig\/category\/dienstleistung\/\">\r\n                        <span class=\"cat-icon\" style=\"background-color: #6c1cff;\">\r\n                            \t\t\t<i class=\"fa fa-hands-helping\" style=\"color: #fff; \"><\/i>\r\n\t\t                        <\/span>\r\n                        <span class=\"category-name\">Dienstleistung<\/span>\r\n                    <\/a>\r\n                <\/li>\r\n\r\n                                    <li>\r\n                        <div class=\"categories-dropdown dropdown c27-more-categories\">\r\n                            <span class=\"tooltip-element\">\r\n                                <a href=\"#other-categories\">\r\n                                    <span class=\"cat-icon cat-more\">+2<\/span>\r\n                                <\/a>\r\n                                <span class=\"tooltip-container\">Gesundheitswesen, Physiotherapeut<\/span>\r\n                            <\/span>\r\n                        <\/div>\r\n                    <\/li>\r\n                            <\/ul>\r\n\r\n            <div class=\"ld-info\">\r\n                <ul class=\"no-list-style\">\r\n                                            <li class=\"item-preview tooltip-element\">\r\n    <a aria-label=\"Quick view button\" href=\"#\" type=\"button\" class=\"c27-toggle-quick-view-modal\" data-id=\"4402\">\r\n    \t<i class=\"mi zoom_in\"><\/i>\r\n    <\/a>\r\n    <span class=\"tooltip-container\">Quick view<\/span>\r\n<\/li>                                                                <li class=\"tooltip-element\">\r\n    <a aria-label=\"Bookmark button\" href=\"#\" class=\"c27-bookmark-button \"\r\n       data-listing-id=\"4402\" onclick=\"MyListing.Handlers.Bookmark_Button(event, this)\">\r\n       <i class=\"mi favorite_border\"><\/i>\r\n    <\/a>\r\n    <span class=\"tooltip-container\">Bookmark<\/span>\r\n<\/li>                                                        <\/ul>\r\n            <\/div>\r\n        <\/div>\r\n    <\/div>\r\n<\/div><div class=\"\"><div\r\n    class=\"lf-item-container listing-preview type-jobs  c27-verified has-logo has-tagline has-info-fields level-promoted priority-2\"\r\n    data-id=\"listing-id-3737\"\r\n        data-category-icon=\"\"\r\n    data-category-color=\"\"\r\n    data-category-text-color=\"\"\r\n        data-thumbnail=\"https:\/\/stadtm.de\/Bad_Belzig\/wp-content\/uploads\/2025\/08\/Supermarkt-Bad-Belzig-150x150.jpg\"\r\n    data-marker=\"https:\/\/stadtm.de\/Bad_Belzig\/wp-content\/uploads\/2025\/08\/Supermarkt-Bad-Belzig-150x150.jpg\"\r\n    data-template=\"default\"\r\n    data-locations=\"[{&quot;address&quot;:&quot;Weitzgrunder Str. 2, 14806 Bad Belzig&quot;,&quot;lat&quot;:&quot;52.14466&quot;,&quot;lng&quot;:&quot;12.59103&quot;}]\"\r\n>\r\n<div class=\"lf-item lf-item-default\" data-template=\"default\">\r\n    <a href=\"https:\/\/stadtm.de\/Bad_Belzig\/listing\/ausbildung-verkaeufer-edeka-wipfli\/\">\r\n\r\n        <div class=\"overlay\" style=\"\r\n    background-color: #242429;\r\n    opacity: 0.4;\r\n\"><\/div>\r\n        \r\n                    <div class=\"lf-background\" style=\"background-image: url('https:\/\/stadtm.de\/Bad_Belzig\/wp-content\/uploads\/2025\/08\/Supermarkt-Bad-Belzig1-768x240.jpg');\"><\/div>\r\n        \r\n        <div class=\"lf-item-info\">\r\n                            <div class=\"lf-avatar\" style=\"background-image: url('https:\/\/stadtm.de\/Bad_Belzig\/wp-content\/uploads\/2025\/08\/Supermarkt-Bad-Belzig-150x150.jpg')\"><\/div>\r\n            \r\n            <h4 class=\"case27-primary-text listing-preview-title\">\r\n                AUSBILDUNG VERK\u00c4UFER - Edeka Wipfli                                    <img decoding=\"async\" height=\"18\" width=\"18\" alt=\"Verified listing\" class=\"verified-listing\" src=\"https:\/\/stadtm.de\/Bad_Belzig\/wp-content\/themes\/my-listing\/assets\/images\/tick.svg\">\r\n                            <\/h4>\r\n\r\n            \r\n<ul class=\"lf-contact no-list-style\">\r\n\t            <li >\r\n            \t                \t<i class=\"icon-location-pin-check-2 sm-icon\"><\/i>\r\n            \t                Weitzgrunder Str. 2            <\/li>\r\n                    <li >\r\n            \t                \t<i class=\"icon-phone-outgoing sm-icon\"><\/i>\r\n            \t                +49 (33841) 3878810            <\/li>\r\n        <\/ul>\r\n        <\/div>\r\n\r\n    <\/a>\r\n        <div class=\"lf-head level-promoted\">\r\n            <span class=\"tooltip-element tooltip-bottom\">\r\n            <div class=\"lf-head-btn ad-badge\">\r\n                <span><i class=\"icon-flash\"><\/i><\/span>\r\n            <\/div>\r\n            <span class=\"tooltip-container\">Promoted<\/span>\r\n        <\/span>\r\n    \r\n    <\/div><\/div>\r\n\r\n<\/div>\r\n<\/div><div class=\"\"><div\r\n    class=\"lf-item-container listing-preview type-place lf-type-2 c27-verified has-logo has-tagline has-info-fields level-promoted priority-2\"\r\n    data-id=\"listing-id-4633\"\r\n        data-category-icon=\"\t\t\t&lt;i class=&quot;fa fa-hands-helping&quot; style=&quot;color: #fff; background: #6c1cff; &quot;&gt;&lt;\/i&gt;\r\n\t\t\"\r\n    data-category-color=\"#6c1cff\"\r\n    data-category-text-color=\"#fff\"\r\n        data-thumbnail=\"https:\/\/stadtm.de\/Bad_Belzig\/wp-content\/uploads\/2025\/11\/Heizungsmonteur-Bad-Belzig-150x150.jpg\"\r\n    data-marker=\"https:\/\/stadtm.de\/Bad_Belzig\/wp-content\/uploads\/2025\/11\/Heizungsmonteur-Bad-Belzig-150x150.jpg\"\r\n    data-template=\"alternate\"\r\n    data-locations=\"[{&quot;address&quot;:&quot;Brandenburger Str. 3a, 14806 Bad Belzig&quot;,&quot;lat&quot;:&quot;52.14534&quot;,&quot;lng&quot;:&quot;12.59311&quot;}]\"\r\n>\r\n<div class=\"lf-item lf-item-alternate\" data-template=\"alternate\">\r\n    <a href=\"https:\/\/stadtm.de\/Bad_Belzig\/listing\/heizungsmonteur-hsk-flaeming\/\">\r\n\r\n        <div class=\"overlay\" style=\"\r\n    background-color: #242429;\r\n    opacity: 0.4;\r\n\"><\/div>\r\n        \r\n                    <div class=\"lf-background\" style=\"background-image: url('https:\/\/stadtm.de\/Bad_Belzig\/wp-content\/uploads\/2025\/11\/Heizungsmonteur-Bad-Belzig1-768x260.jpg');\"><\/div>\r\n        \r\n        <div class=\"lf-item-info-2\">\r\n                            <div class=\"lf-avatar\" style=\"background-image: url('https:\/\/stadtm.de\/Bad_Belzig\/wp-content\/uploads\/2025\/11\/Heizungsmonteur-Bad-Belzig-150x150.jpg')\"><\/div>\r\n            \r\n            <h4 class=\"case27-primary-text listing-preview-title\">\r\n                Heizungsmonteur - HSK Fl\u00e4ming                                    <img decoding=\"async\" height=\"18\" width=\"18\" alt=\"Verified listing\" class=\"verified-listing\" src=\"https:\/\/stadtm.de\/Bad_Belzig\/wp-content\/themes\/my-listing\/assets\/images\/tick.svg\">\r\n                            <\/h4>\r\n\r\n                            <h6>HSK Fl\u00e4ming \u2013 Heizung &amp; Sanit\u00e4r vom Profi - Seit \u00fcber 25 Jahren!<\/h6>\r\n            \r\n            \r\n<ul class=\"lf-contact no-list-style\">\r\n\t            <li >\r\n            \t                \t<i class=\"icon-phone-outgoing sm-icon\"><\/i>\r\n            \t                +49 (33841) 30666            <\/li>\r\n                    <li >\r\n            \t                \t<i class=\"icon-location-pin-add-2 sm-icon\"><\/i>\r\n            \t                Brandenburger Str. 3a            <\/li>\r\n        <\/ul>\r\n        <\/div>\r\n\r\n    <\/a>\r\n        <div class=\"lf-head level-promoted\">\r\n            <span class=\"tooltip-element tooltip-bottom\">\r\n            <div class=\"lf-head-btn ad-badge\">\r\n                <span><i class=\"icon-flash\"><\/i><\/span>\r\n            <\/div>\r\n            <span class=\"tooltip-container\">Promoted<\/span>\r\n        <\/span>\r\n    \r\n                    <div class=\"lf-head-btn  open-status listing-status-open\" >\r\n                    OPEN                <\/div>\r\n            <\/div><\/div>\r\n\r\n        <div class=\"listing-details c27-footer-section\">\r\n            <ul class=\"c27-listing-preview-category-list no-list-style\">\r\n                <li>\r\n                    <a href=\"https:\/\/stadtm.de\/Bad_Belzig\/category\/dienstleistung\/\">\r\n                        <span class=\"cat-icon\" style=\"background-color: #6c1cff;\">\r\n                            \t\t\t<i class=\"fa fa-hands-helping\" style=\"color: #fff; \"><\/i>\r\n\t\t                        <\/span>\r\n                        <span class=\"category-name\">Dienstleistung<\/span>\r\n                    <\/a>\r\n                <\/li>\r\n\r\n                                    <li>\r\n                        <div class=\"categories-dropdown dropdown c27-more-categories\">\r\n                            <span class=\"tooltip-element\">\r\n                                <a href=\"#other-categories\">\r\n                                    <span class=\"cat-icon cat-more\">+3<\/span>\r\n                                <\/a>\r\n                                <span class=\"tooltip-container\">Handwerk, Heizungsmonteur, Sanit\u00e4rinstallateur<\/span>\r\n                            <\/span>\r\n                        <\/div>\r\n                    <\/li>\r\n                            <\/ul>\r\n\r\n            <div class=\"ld-info\">\r\n                <ul class=\"no-list-style\">\r\n                                            <li class=\"item-preview tooltip-element\">\r\n    <a aria-label=\"Quick view button\" href=\"#\" type=\"button\" class=\"c27-toggle-quick-view-modal\" data-id=\"4633\">\r\n    \t<i class=\"mi zoom_in\"><\/i>\r\n    <\/a>\r\n    <span class=\"tooltip-container\">Quick view<\/span>\r\n<\/li>                                                                <li class=\"tooltip-element\">\r\n    <a aria-label=\"Bookmark button\" href=\"#\" class=\"c27-bookmark-button \"\r\n       data-listing-id=\"4633\" onclick=\"MyListing.Handlers.Bookmark_Button(event, this)\">\r\n       <i class=\"mi favorite_border\"><\/i>\r\n    <\/a>\r\n    <span class=\"tooltip-container\">Bookmark<\/span>\r\n<\/li>                                                        <\/ul>\r\n            <\/div>\r\n        <\/div>\r\n    <\/div>\r\n<\/div><div class=\"\"><div\r\n    class=\"lf-item-container listing-preview type-place lf-type-2 c27-verified has-logo has-tagline has-info-fields level-promoted priority-2\"\r\n    data-id=\"listing-id-4660\"\r\n        data-category-icon=\"\t\t\t&lt;i class=&quot;fa fa-hands-helping&quot; style=&quot;color: #fff; background: #6c1cff; &quot;&gt;&lt;\/i&gt;\r\n\t\t\"\r\n    data-category-color=\"#6c1cff\"\r\n    data-category-text-color=\"#fff\"\r\n        data-thumbnail=\"https:\/\/stadtm.de\/Bad_Belzig\/wp-content\/uploads\/2025\/12\/Innenarchitektur-Bad-Belzig-150x150.jpg\"\r\n    data-marker=\"https:\/\/stadtm.de\/Bad_Belzig\/wp-content\/uploads\/2025\/12\/Innenarchitektur-Bad-Belzig-150x150.jpg\"\r\n    data-template=\"alternate\"\r\n    data-locations=\"[{&quot;address&quot;:&quot;Gartenstr. 8, 14778 Golzow&quot;,&quot;lat&quot;:&quot;52.27768&quot;,&quot;lng&quot;:&quot;12.60751&quot;}]\"\r\n>\r\n<div class=\"lf-item lf-item-alternate\" data-template=\"alternate\">\r\n    <a href=\"https:\/\/stadtm.de\/Bad_Belzig\/listing\/innenarchitektur-innenraum\/\">\r\n\r\n        <div class=\"overlay\" style=\"\r\n    background-color: #242429;\r\n    opacity: 0.4;\r\n\"><\/div>\r\n        \r\n                    <div class=\"lf-background\" style=\"background-image: url('https:\/\/stadtm.de\/Bad_Belzig\/wp-content\/uploads\/2025\/12\/Innenarchitektur-Bad-Belzig1-768x512.jpg');\"><\/div>\r\n        \r\n        <div class=\"lf-item-info-2\">\r\n                            <div class=\"lf-avatar\" style=\"background-image: url('https:\/\/stadtm.de\/Bad_Belzig\/wp-content\/uploads\/2025\/12\/Innenarchitektur-Bad-Belzig-150x150.jpg')\"><\/div>\r\n            \r\n            <h4 class=\"case27-primary-text listing-preview-title\">\r\n                Innenarchitektur - INNENRAUM                                    <img decoding=\"async\" height=\"18\" width=\"18\" alt=\"Verified listing\" class=\"verified-listing\" src=\"https:\/\/stadtm.de\/Bad_Belzig\/wp-content\/themes\/my-listing\/assets\/images\/tick.svg\">\r\n                            <\/h4>\r\n\r\n                            <h6>INNENRAUM Anne Sell \u2013 Innenarchitekt Brandenburg &amp; Bauen im Bestand<\/h6>\r\n            \r\n            \r\n<ul class=\"lf-contact no-list-style\">\r\n\t            <li >\r\n            \t                \t<i class=\"icon-phone-outgoing sm-icon\"><\/i>\r\n            \t                +49 (176) 20476937            <\/li>\r\n                    <li >\r\n            \t                \t<i class=\"icon-location-pin-add-2 sm-icon\"><\/i>\r\n            \t                Gartenstr. 8            <\/li>\r\n        <\/ul>\r\n        <\/div>\r\n\r\n    <\/a>\r\n        <div class=\"lf-head level-promoted\">\r\n            <span class=\"tooltip-element tooltip-bottom\">\r\n            <div class=\"lf-head-btn ad-badge\">\r\n                <span><i class=\"icon-flash\"><\/i><\/span>\r\n            <\/div>\r\n            <span class=\"tooltip-container\">Promoted<\/span>\r\n        <\/span>\r\n    \r\n    <\/div><\/div>\r\n\r\n        <div class=\"listing-details c27-footer-section\">\r\n            <ul class=\"c27-listing-preview-category-list no-list-style\">\r\n                <li>\r\n                    <a href=\"https:\/\/stadtm.de\/Bad_Belzig\/category\/dienstleistung\/\">\r\n                        <span class=\"cat-icon\" style=\"background-color: #6c1cff;\">\r\n                            \t\t\t<i class=\"fa fa-hands-helping\" style=\"color: #fff; \"><\/i>\r\n\t\t                        <\/span>\r\n                        <span class=\"category-name\">Dienstleistung<\/span>\r\n                    <\/a>\r\n                <\/li>\r\n\r\n                                    <li>\r\n                        <div class=\"categories-dropdown dropdown c27-more-categories\">\r\n                            <span class=\"tooltip-element\">\r\n                                <a href=\"#other-categories\">\r\n                                    <span class=\"cat-icon cat-more\">+1<\/span>\r\n                                <\/a>\r\n                                <span class=\"tooltip-container\">Innenarchitekt<\/span>\r\n                            <\/span>\r\n                        <\/div>\r\n                    <\/li>\r\n                            <\/ul>\r\n\r\n            <div class=\"ld-info\">\r\n                <ul class=\"no-list-style\">\r\n                                            <li class=\"item-preview tooltip-element\">\r\n    <a aria-label=\"Quick view button\" href=\"#\" type=\"button\" class=\"c27-toggle-quick-view-modal\" data-id=\"4660\">\r\n    \t<i class=\"mi zoom_in\"><\/i>\r\n    <\/a>\r\n    <span class=\"tooltip-container\">Quick view<\/span>\r\n<\/li>                                                                <li class=\"tooltip-element\">\r\n    <a aria-label=\"Bookmark button\" href=\"#\" class=\"c27-bookmark-button \"\r\n       data-listing-id=\"4660\" onclick=\"MyListing.Handlers.Bookmark_Button(event, this)\">\r\n       <i class=\"mi favorite_border\"><\/i>\r\n    <\/a>\r\n    <span class=\"tooltip-container\">Bookmark<\/span>\r\n<\/li>                                                        <\/ul>\r\n            <\/div>\r\n        <\/div>\r\n    <\/div>\r\n<\/div><div class=\"\"><div\r\n    class=\"lf-item-container listing-preview type-jobs  c27-verified has-logo has-tagline has-info-fields level-promoted priority-2\"\r\n    data-id=\"listing-id-3631\"\r\n        data-category-icon=\"\"\r\n    data-category-color=\"\"\r\n    data-category-text-color=\"\"\r\n        data-thumbnail=\"https:\/\/stadtm.de\/Bad_Belzig\/wp-content\/uploads\/2025\/07\/Freiwilliges-Soziales-Jahr-150x150.jpg\"\r\n    data-marker=\"https:\/\/stadtm.de\/Bad_Belzig\/wp-content\/uploads\/2025\/07\/Freiwilliges-Soziales-Jahr-150x150.jpg\"\r\n    data-template=\"default\"\r\n    data-locations=\"[{&quot;address&quot;:&quot;Wiesenburger Str. 6, 14806 Bad Belzig&quot;,&quot;lat&quot;:&quot;52.14041&quot;,&quot;lng&quot;:&quot;12.58656&quot;}]\"\r\n>\r\n<div class=\"lf-item lf-item-default\" data-template=\"default\">\r\n    <a href=\"https:\/\/stadtm.de\/Bad_Belzig\/listing\/freiwilliges-soziales-jahr-kita-tausendfuessler\/\">\r\n\r\n        <div class=\"overlay\" style=\"\r\n    background-color: #242429;\r\n    opacity: 0.4;\r\n\"><\/div>\r\n        \r\n                    <div class=\"lf-background\" style=\"background-image: url('https:\/\/stadtm.de\/Bad_Belzig\/wp-content\/uploads\/2025\/07\/Freiwilliges-Soziales-Jahr1-768x513.jpg');\"><\/div>\r\n        \r\n        <div class=\"lf-item-info\">\r\n                            <div class=\"lf-avatar\" style=\"background-image: url('https:\/\/stadtm.de\/Bad_Belzig\/wp-content\/uploads\/2025\/07\/Freiwilliges-Soziales-Jahr-150x150.jpg')\"><\/div>\r\n            \r\n            <h4 class=\"case27-primary-text listing-preview-title\">\r\n                Freiwilliges Soziales Jahr - Kita \"Tausendf\u00fc\u00dfler\"                                    <img decoding=\"async\" height=\"18\" width=\"18\" alt=\"Verified listing\" class=\"verified-listing\" src=\"https:\/\/stadtm.de\/Bad_Belzig\/wp-content\/themes\/my-listing\/assets\/images\/tick.svg\">\r\n                            <\/h4>\r\n\r\n            \r\n<ul class=\"lf-contact no-list-style\">\r\n\t            <li >\r\n            \t                \t<i class=\"icon-location-pin-check-2 sm-icon\"><\/i>\r\n            \t                Wiesenburger Str. 6            <\/li>\r\n        <\/ul>\r\n        <\/div>\r\n\r\n    <\/a>\r\n        <div class=\"lf-head level-promoted\">\r\n            <span class=\"tooltip-element tooltip-bottom\">\r\n            <div class=\"lf-head-btn ad-badge\">\r\n                <span><i class=\"icon-flash\"><\/i><\/span>\r\n            <\/div>\r\n            <span class=\"tooltip-container\">Promoted<\/span>\r\n        <\/span>\r\n    \r\n    <\/div><\/div>\r\n\r\n<\/div>\r\n<\/div><div class=\"\"><div\r\n    class=\"lf-item-container listing-preview type-place lf-type-2 c27-verified has-logo has-tagline has-info-fields level-promoted priority-2\"\r\n    data-id=\"listing-id-4691\"\r\n        data-category-icon=\"\t\t\t&lt;i class=&quot;fa fa-hands-helping&quot; style=&quot;color: #fff; background: #6c1cff; &quot;&gt;&lt;\/i&gt;\r\n\t\t\"\r\n    data-category-color=\"#6c1cff\"\r\n    data-category-text-color=\"#fff\"\r\n        data-thumbnail=\"https:\/\/stadtm.de\/Bad_Belzig\/wp-content\/uploads\/2025\/12\/Zulassungsdienst-Bad-Belzig-150x150.jpeg\"\r\n    data-marker=\"https:\/\/stadtm.de\/Bad_Belzig\/wp-content\/uploads\/2025\/12\/Zulassungsdienst-Bad-Belzig-150x150.jpeg\"\r\n    data-template=\"alternate\"\r\n    data-locations=\"[{&quot;address&quot;:&quot;Wiesenburger Str. 1, 14806 Bad Belzig&quot;,&quot;lat&quot;:&quot;52.13989&quot;,&quot;lng&quot;:&quot;12.58686&quot;}]\"\r\n>\r\n<div class=\"lf-item lf-item-alternate\" data-template=\"alternate\">\r\n    <a href=\"https:\/\/stadtm.de\/Bad_Belzig\/listing\/zulassungsdienst\/\">\r\n\r\n        <div class=\"overlay\" style=\"\r\n    background-color: #242429;\r\n    opacity: 0.4;\r\n\"><\/div>\r\n        \r\n                    <div class=\"lf-background\" style=\"background-image: url('https:\/\/stadtm.de\/Bad_Belzig\/wp-content\/uploads\/2025\/12\/Zulassungsdienst-Bad-Belzig-768x350.jpg');\"><\/div>\r\n        \r\n        <div class=\"lf-item-info-2\">\r\n                            <div class=\"lf-avatar\" style=\"background-image: url('https:\/\/stadtm.de\/Bad_Belzig\/wp-content\/uploads\/2025\/12\/Zulassungsdienst-Bad-Belzig-150x150.jpeg')\"><\/div>\r\n            \r\n            <h4 class=\"case27-primary-text listing-preview-title\">\r\n                Zulassungsdienst \u2013 H. Wendt                                    <img decoding=\"async\" height=\"18\" width=\"18\" alt=\"Verified listing\" class=\"verified-listing\" src=\"https:\/\/stadtm.de\/Bad_Belzig\/wp-content\/themes\/my-listing\/assets\/images\/tick.svg\">\r\n                            <\/h4>\r\n\r\n                            <h6>Zulassungsdienst H. Wendt - Seit \u00fcber 20 Jahren zuverl\u00e4ssig &amp; pers\u00f6nlich vor Ort.<\/h6>\r\n            \r\n            \r\n<ul class=\"lf-contact no-list-style\">\r\n\t            <li >\r\n            \t                \t<i class=\"icon-phone-outgoing sm-icon\"><\/i>\r\n            \t                +49 (160) 201530519            <\/li>\r\n                    <li >\r\n            \t                \t<i class=\"icon-location-pin-add-2 sm-icon\"><\/i>\r\n            \t                Wiesenburger Str. 1            <\/li>\r\n        <\/ul>\r\n        <\/div>\r\n\r\n    <\/a>\r\n        <div class=\"lf-head level-promoted\">\r\n            <span class=\"tooltip-element tooltip-bottom\">\r\n            <div class=\"lf-head-btn ad-badge\">\r\n                <span><i class=\"icon-flash\"><\/i><\/span>\r\n            <\/div>\r\n            <span class=\"tooltip-container\">Promoted<\/span>\r\n        <\/span>\r\n    \r\n                    <div class=\"lf-head-btn  open-status listing-status-open\" >\r\n                    OPEN                <\/div>\r\n            <\/div><\/div>\r\n\r\n        <div class=\"listing-details c27-footer-section\">\r\n            <ul class=\"c27-listing-preview-category-list no-list-style\">\r\n                <li>\r\n                    <a href=\"https:\/\/stadtm.de\/Bad_Belzig\/category\/dienstleistung\/\">\r\n                        <span class=\"cat-icon\" style=\"background-color: #6c1cff;\">\r\n                            \t\t\t<i class=\"fa fa-hands-helping\" style=\"color: #fff; \"><\/i>\r\n\t\t                        <\/span>\r\n                        <span class=\"category-name\">Dienstleistung<\/span>\r\n                    <\/a>\r\n                <\/li>\r\n\r\n                                    <li>\r\n                        <div class=\"categories-dropdown dropdown c27-more-categories\">\r\n                            <span class=\"tooltip-element\">\r\n                                <a href=\"#other-categories\">\r\n                                    <span class=\"cat-icon cat-more\">+1<\/span>\r\n                                <\/a>\r\n                                <span class=\"tooltip-container\">Handel<\/span>\r\n                            <\/span>\r\n                        <\/div>\r\n                    <\/li>\r\n                            <\/ul>\r\n\r\n            <div class=\"ld-info\">\r\n                <ul class=\"no-list-style\">\r\n                                            <li class=\"item-preview tooltip-element\">\r\n    <a aria-label=\"Quick view button\" href=\"#\" type=\"button\" class=\"c27-toggle-quick-view-modal\" data-id=\"4691\">\r\n    \t<i class=\"mi zoom_in\"><\/i>\r\n    <\/a>\r\n    <span class=\"tooltip-container\">Quick view<\/span>\r\n<\/li>                                                                <li class=\"tooltip-element\">\r\n    <a aria-label=\"Bookmark button\" href=\"#\" class=\"c27-bookmark-button \"\r\n       data-listing-id=\"4691\" onclick=\"MyListing.Handlers.Bookmark_Button(event, this)\">\r\n       <i class=\"mi favorite_border\"><\/i>\r\n    <\/a>\r\n    <span class=\"tooltip-container\">Bookmark<\/span>\r\n<\/li>                                                        <\/ul>\r\n            <\/div>\r\n        <\/div>\r\n    <\/div>\r\n<\/div><div class=\"\"><div\r\n    class=\"lf-item-container listing-preview type-place lf-type-2 c27-verified has-logo has-tagline has-info-fields level-promoted priority-2\"\r\n    data-id=\"listing-id-3660\"\r\n        data-category-icon=\"\t\t\t&lt;i class=&quot;fa fa-hands-helping&quot; style=&quot;color: #fff; background: #6c1cff; &quot;&gt;&lt;\/i&gt;\r\n\t\t\"\r\n    data-category-color=\"#6c1cff\"\r\n    data-category-text-color=\"#fff\"\r\n        data-thumbnail=\"https:\/\/stadtm.de\/Bad_Belzig\/wp-content\/uploads\/2025\/07\/Autohaendler-Bad-Belzig-150x150.jpg\"\r\n    data-marker=\"https:\/\/stadtm.de\/Bad_Belzig\/wp-content\/uploads\/2025\/07\/Autohaendler-Bad-Belzig-150x150.jpg\"\r\n    data-template=\"alternate\"\r\n    data-locations=\"[{&quot;address&quot;:&quot;Im Gewerbepark Seedoche 2, 14806 Bad Belzig&quot;,&quot;lat&quot;:&quot;52.14635&quot;,&quot;lng&quot;:&quot;12.61285&quot;}]\"\r\n>\r\n<div class=\"lf-item lf-item-alternate\" data-template=\"alternate\">\r\n    <a href=\"https:\/\/stadtm.de\/Bad_Belzig\/listing\/autohaendler-autohaus-schumann\/\">\r\n\r\n        <div class=\"overlay\" style=\"\r\n    background-color: #242429;\r\n    opacity: 0.4;\r\n\"><\/div>\r\n        \r\n                    <div class=\"lf-background\" style=\"background-image: url('https:\/\/stadtm.de\/Bad_Belzig\/wp-content\/uploads\/2025\/07\/Autohaendler-Bad-Belzig1-768x512.jpg');\"><\/div>\r\n        \r\n        <div class=\"lf-item-info-2\">\r\n                            <div class=\"lf-avatar\" style=\"background-image: url('https:\/\/stadtm.de\/Bad_Belzig\/wp-content\/uploads\/2025\/07\/Autohaendler-Bad-Belzig-150x150.jpg')\"><\/div>\r\n            \r\n            <h4 class=\"case27-primary-text listing-preview-title\">\r\n                Autoh\u00e4ndler - Autohaus Schumann                                    <img decoding=\"async\" height=\"18\" width=\"18\" alt=\"Verified listing\" class=\"verified-listing\" src=\"https:\/\/stadtm.de\/Bad_Belzig\/wp-content\/themes\/my-listing\/assets\/images\/tick.svg\">\r\n                            <\/h4>\r\n\r\n                            <h6>Autohaus Schumann GmbH \u2013 Ihr Autoh\u00e4ndler &amp; Autowerkstatt vor Ort<\/h6>\r\n            \r\n            \r\n<ul class=\"lf-contact no-list-style\">\r\n\t            <li >\r\n            \t                \t<i class=\"icon-phone-outgoing sm-icon\"><\/i>\r\n            \t                +49 (33841) 588-0            <\/li>\r\n                    <li >\r\n            \t                \t<i class=\"icon-location-pin-add-2 sm-icon\"><\/i>\r\n            \t                Im Gewerbepark Seedoche 2            <\/li>\r\n        <\/ul>\r\n        <\/div>\r\n\r\n    <\/a>\r\n        <div class=\"lf-head level-promoted\">\r\n            <span class=\"tooltip-element tooltip-bottom\">\r\n            <div class=\"lf-head-btn ad-badge\">\r\n                <span><i class=\"icon-flash\"><\/i><\/span>\r\n            <\/div>\r\n            <span class=\"tooltip-container\">Promoted<\/span>\r\n        <\/span>\r\n    \r\n                    <div class=\"lf-head-btn  open-status listing-status-open\" >\r\n                    OPEN                <\/div>\r\n            <\/div><\/div>\r\n\r\n        <div class=\"listing-details c27-footer-section\">\r\n            <ul class=\"c27-listing-preview-category-list no-list-style\">\r\n                <li>\r\n                    <a href=\"https:\/\/stadtm.de\/Bad_Belzig\/category\/dienstleistung\/\">\r\n                        <span class=\"cat-icon\" style=\"background-color: #6c1cff;\">\r\n                            \t\t\t<i class=\"fa fa-hands-helping\" style=\"color: #fff; \"><\/i>\r\n\t\t                        <\/span>\r\n                        <span class=\"category-name\">Dienstleistung<\/span>\r\n                    <\/a>\r\n                <\/li>\r\n\r\n                                    <li>\r\n                        <div class=\"categories-dropdown dropdown c27-more-categories\">\r\n                            <span class=\"tooltip-element\">\r\n                                <a href=\"#other-categories\">\r\n                                    <span class=\"cat-icon cat-more\">+4<\/span>\r\n                                <\/a>\r\n                                <span class=\"tooltip-container\">Handel, Autoh\u00e4ndler, Autowerkstatt, Handwerk<\/span>\r\n                            <\/span>\r\n                        <\/div>\r\n                    <\/li>\r\n                            <\/ul>\r\n\r\n            <div class=\"ld-info\">\r\n                <ul class=\"no-list-style\">\r\n                                            <li class=\"item-preview tooltip-element\">\r\n    <a aria-label=\"Quick view button\" href=\"#\" type=\"button\" class=\"c27-toggle-quick-view-modal\" data-id=\"3660\">\r\n    \t<i class=\"mi zoom_in\"><\/i>\r\n    <\/a>\r\n    <span class=\"tooltip-container\">Quick view<\/span>\r\n<\/li>                                                                <li class=\"tooltip-element\">\r\n    <a aria-label=\"Bookmark button\" href=\"#\" class=\"c27-bookmark-button \"\r\n       data-listing-id=\"3660\" onclick=\"MyListing.Handlers.Bookmark_Button(event, this)\">\r\n       <i class=\"mi favorite_border\"><\/i>\r\n    <\/a>\r\n    <span class=\"tooltip-container\">Bookmark<\/span>\r\n<\/li>                                                        <\/ul>\r\n            <\/div>\r\n        <\/div>\r\n    <\/div>\r\n<\/div><div class=\"\"><div\r\n    class=\"lf-item-container listing-preview type-place lf-type-2 c27-verified has-logo has-tagline has-info-fields level-promoted priority-2\"\r\n    data-id=\"listing-id-4355\"\r\n        data-category-icon=\"\t\t\t&lt;i class=&quot;fa fa-hands-helping&quot; style=&quot;color: #fff; background: #6c1cff; &quot;&gt;&lt;\/i&gt;\r\n\t\t\"\r\n    data-category-color=\"#6c1cff\"\r\n    data-category-text-color=\"#fff\"\r\n        data-thumbnail=\"https:\/\/stadtm.de\/Bad_Belzig\/wp-content\/uploads\/2025\/10\/Bestattung-Bad-Belzig-150x150.jpg\"\r\n    data-marker=\"https:\/\/stadtm.de\/Bad_Belzig\/wp-content\/uploads\/2025\/10\/Bestattung-Bad-Belzig-150x150.jpg\"\r\n    data-template=\"alternate\"\r\n    data-locations=\"[{&quot;address&quot;:&quot;Rei\\u00dfigerstr. 21, 14806 Bad Belzig&quot;,&quot;lat&quot;:&quot;52.14135&quot;,&quot;lng&quot;:&quot;12.58518&quot;}]\"\r\n>\r\n<div class=\"lf-item lf-item-alternate\" data-template=\"alternate\">\r\n    <a href=\"https:\/\/stadtm.de\/Bad_Belzig\/listing\/bestattung-bestattungshaus-herrfurth\/\">\r\n\r\n        <div class=\"overlay\" style=\"\r\n    background-color: #242429;\r\n    opacity: 0.4;\r\n\"><\/div>\r\n        \r\n                    <div class=\"lf-background\" style=\"background-image: url('https:\/\/stadtm.de\/Bad_Belzig\/wp-content\/uploads\/2025\/10\/Bestattung-Bad-Belzig1-768x512.jpg');\"><\/div>\r\n        \r\n        <div class=\"lf-item-info-2\">\r\n                            <div class=\"lf-avatar\" style=\"background-image: url('https:\/\/stadtm.de\/Bad_Belzig\/wp-content\/uploads\/2025\/10\/Bestattung-Bad-Belzig-150x150.jpg')\"><\/div>\r\n            \r\n            <h4 class=\"case27-primary-text listing-preview-title\">\r\n                Bestattung - Bestattungshaus Herrfurth                                    <img decoding=\"async\" height=\"18\" width=\"18\" alt=\"Verified listing\" class=\"verified-listing\" src=\"https:\/\/stadtm.de\/Bad_Belzig\/wp-content\/themes\/my-listing\/assets\/images\/tick.svg\">\r\n                            <\/h4>\r\n\r\n                            <h6>Bestattungshaus Herrfurth - Ein w\u00fcrdevoller Abschied in guten H\u00e4nden<\/h6>\r\n            \r\n            \r\n<ul class=\"lf-contact no-list-style\">\r\n\t            <li >\r\n            \t                \t<i class=\"icon-phone-outgoing sm-icon\"><\/i>\r\n            \t                +49 (33841) 32490            <\/li>\r\n                    <li >\r\n            \t                \t<i class=\"icon-location-pin-add-2 sm-icon\"><\/i>\r\n            \t                Rei\u00dfigerstr. 21            <\/li>\r\n        <\/ul>\r\n        <\/div>\r\n\r\n    <\/a>\r\n        <div class=\"lf-head level-promoted\">\r\n            <span class=\"tooltip-element tooltip-bottom\">\r\n            <div class=\"lf-head-btn ad-badge\">\r\n                <span><i class=\"icon-flash\"><\/i><\/span>\r\n            <\/div>\r\n            <span class=\"tooltip-container\">Promoted<\/span>\r\n        <\/span>\r\n    \r\n    <\/div><\/div>\r\n\r\n        <div class=\"listing-details c27-footer-section\">\r\n            <ul class=\"c27-listing-preview-category-list no-list-style\">\r\n                <li>\r\n                    <a href=\"https:\/\/stadtm.de\/Bad_Belzig\/category\/dienstleistung\/\">\r\n                        <span class=\"cat-icon\" style=\"background-color: #6c1cff;\">\r\n                            \t\t\t<i class=\"fa fa-hands-helping\" style=\"color: #fff; \"><\/i>\r\n\t\t                        <\/span>\r\n                        <span class=\"category-name\">Dienstleistung<\/span>\r\n                    <\/a>\r\n                <\/li>\r\n\r\n                                    <li>\r\n                        <div class=\"categories-dropdown dropdown c27-more-categories\">\r\n                            <span class=\"tooltip-element\">\r\n                                <a href=\"#other-categories\">\r\n                                    <span class=\"cat-icon cat-more\">+1<\/span>\r\n                                <\/a>\r\n                                <span class=\"tooltip-container\">Bestattungsinstitut<\/span>\r\n                            <\/span>\r\n                        <\/div>\r\n                    <\/li>\r\n                            <\/ul>\r\n\r\n            <div class=\"ld-info\">\r\n                <ul class=\"no-list-style\">\r\n                                            <li class=\"item-preview tooltip-element\">\r\n    <a aria-label=\"Quick view button\" href=\"#\" type=\"button\" class=\"c27-toggle-quick-view-modal\" data-id=\"4355\">\r\n    \t<i class=\"mi zoom_in\"><\/i>\r\n    <\/a>\r\n    <span class=\"tooltip-container\">Quick view<\/span>\r\n<\/li>                                                                <li class=\"tooltip-element\">\r\n    <a aria-label=\"Bookmark button\" href=\"#\" class=\"c27-bookmark-button \"\r\n       data-listing-id=\"4355\" onclick=\"MyListing.Handlers.Bookmark_Button(event, this)\">\r\n       <i class=\"mi favorite_border\"><\/i>\r\n    <\/a>\r\n    <span class=\"tooltip-container\">Bookmark<\/span>\r\n<\/li>                                                        <\/ul>\r\n            <\/div>\r\n        <\/div>\r\n    <\/div>\r\n<\/div><div class=\"\"><div\r\n    class=\"lf-item-container listing-preview type-place lf-type-2 c27-verified has-logo has-tagline has-info-fields level-promoted priority-2\"\r\n    data-id=\"listing-id-4284\"\r\n        data-category-icon=\"\t\t\t&lt;i class=&quot;fa fa-hands-helping&quot; style=&quot;color: #fff; background: #6c1cff; &quot;&gt;&lt;\/i&gt;\r\n\t\t\"\r\n    data-category-color=\"#6c1cff\"\r\n    data-category-text-color=\"#fff\"\r\n        data-thumbnail=\"https:\/\/stadtm.de\/Bad_Belzig\/wp-content\/uploads\/2025\/08\/Vermietungen-Bad-Belzig-150x150.jpg\"\r\n    data-marker=\"https:\/\/stadtm.de\/Bad_Belzig\/wp-content\/uploads\/2025\/08\/Vermietungen-Bad-Belzig-150x150.jpg\"\r\n    data-template=\"alternate\"\r\n    data-locations=\"[{&quot;address&quot;:&quot;L\\u00e4rchenweg 56, 14806 Bad Belzig&quot;,&quot;lat&quot;:&quot;52.15392&quot;,&quot;lng&quot;:&quot;12.58748&quot;}]\"\r\n>\r\n<div class=\"lf-item lf-item-alternate\" data-template=\"alternate\">\r\n    <a href=\"https:\/\/stadtm.de\/Bad_Belzig\/listing\/vermietungen-lehmann\/\">\r\n\r\n        <div class=\"overlay\" style=\"\r\n    background-color: #242429;\r\n    opacity: 0.4;\r\n\"><\/div>\r\n        \r\n                    <div class=\"lf-background\" style=\"background-image: url('https:\/\/stadtm.de\/Bad_Belzig\/wp-content\/uploads\/2025\/08\/Vermietungen-Bad-Belzig2-768x512.jpg');\"><\/div>\r\n        \r\n        <div class=\"lf-item-info-2\">\r\n                            <div class=\"lf-avatar\" style=\"background-image: url('https:\/\/stadtm.de\/Bad_Belzig\/wp-content\/uploads\/2025\/08\/Vermietungen-Bad-Belzig-150x150.jpg')\"><\/div>\r\n            \r\n            <h4 class=\"case27-primary-text listing-preview-title\">\r\n                Vermietungen - Lehmann                                    <img decoding=\"async\" height=\"18\" width=\"18\" alt=\"Verified listing\" class=\"verified-listing\" src=\"https:\/\/stadtm.de\/Bad_Belzig\/wp-content\/themes\/my-listing\/assets\/images\/tick.svg\">\r\n                            <\/h4>\r\n\r\n                            <h6>Wohnungsvermietungen Bad Belzig \u2013 Jetzt Wohnungsvermietungen bei Hausservice Lehmann entdecken!<\/h6>\r\n            \r\n            \r\n<ul class=\"lf-contact no-list-style\">\r\n\t            <li >\r\n            \t                \t<i class=\"icon-phone-outgoing sm-icon\"><\/i>\r\n            \t                +49 (33841) 441125            <\/li>\r\n                    <li >\r\n            \t                \t<i class=\"icon-location-pin-add-2 sm-icon\"><\/i>\r\n            \t                L\u00e4rchenweg 56            <\/li>\r\n        <\/ul>\r\n        <\/div>\r\n\r\n    <\/a>\r\n        <div class=\"lf-head level-promoted\">\r\n            <span class=\"tooltip-element tooltip-bottom\">\r\n            <div class=\"lf-head-btn ad-badge\">\r\n                <span><i class=\"icon-flash\"><\/i><\/span>\r\n            <\/div>\r\n            <span class=\"tooltip-container\">Promoted<\/span>\r\n        <\/span>\r\n    \r\n    <\/div><\/div>\r\n\r\n        <div class=\"listing-details c27-footer-section\">\r\n            <ul class=\"c27-listing-preview-category-list no-list-style\">\r\n                <li>\r\n                    <a href=\"https:\/\/stadtm.de\/Bad_Belzig\/category\/dienstleistung\/\">\r\n                        <span class=\"cat-icon\" style=\"background-color: #6c1cff;\">\r\n                            \t\t\t<i class=\"fa fa-hands-helping\" style=\"color: #fff; \"><\/i>\r\n\t\t                        <\/span>\r\n                        <span class=\"category-name\">Dienstleistung<\/span>\r\n                    <\/a>\r\n                <\/li>\r\n\r\n                            <\/ul>\r\n\r\n            <div class=\"ld-info\">\r\n                <ul class=\"no-list-style\">\r\n                                            <li class=\"item-preview tooltip-element\">\r\n    <a aria-label=\"Quick view button\" href=\"#\" type=\"button\" class=\"c27-toggle-quick-view-modal\" data-id=\"4284\">\r\n    \t<i class=\"mi zoom_in\"><\/i>\r\n    <\/a>\r\n    <span class=\"tooltip-container\">Quick view<\/span>\r\n<\/li>                                                                <li class=\"tooltip-element\">\r\n    <a aria-label=\"Bookmark button\" href=\"#\" class=\"c27-bookmark-button \"\r\n       data-listing-id=\"4284\" onclick=\"MyListing.Handlers.Bookmark_Button(event, this)\">\r\n       <i class=\"mi favorite_border\"><\/i>\r\n    <\/a>\r\n    <span class=\"tooltip-container\">Bookmark<\/span>\r\n<\/li>                                                        <\/ul>\r\n            <\/div>\r\n        <\/div>\r\n    <\/div>\r\n<\/div><div class=\"\"><div\r\n    class=\"lf-item-container listing-preview type-place lf-type-2 c27-verified has-logo has-tagline has-info-fields level-promoted priority-2\"\r\n    data-id=\"listing-id-3643\"\r\n        data-category-icon=\"\t\t\t&lt;i class=&quot;fa fa-heartbeat&quot; style=&quot;color: #fff; background: #6c1cff; &quot;&gt;&lt;\/i&gt;\r\n\t\t\"\r\n    data-category-color=\"#6c1cff\"\r\n    data-category-text-color=\"#fff\"\r\n        data-thumbnail=\"https:\/\/stadtm.de\/Bad_Belzig\/wp-content\/uploads\/2025\/07\/Ergotherapeut-Bad-Belzig-150x150.jpg\"\r\n    data-marker=\"https:\/\/stadtm.de\/Bad_Belzig\/wp-content\/uploads\/2025\/07\/Ergotherapeut-Bad-Belzig-150x150.jpg\"\r\n    data-template=\"alternate\"\r\n    data-locations=\"[{&quot;address&quot;:&quot;Erich-Weinert-Str. 17, 14806 Bad Belzig&quot;,&quot;lat&quot;:&quot;52.14053&quot;,&quot;lng&quot;:&quot;12.60653&quot;}]\"\r\n>\r\n<div class=\"lf-item lf-item-alternate\" data-template=\"alternate\">\r\n    <a href=\"https:\/\/stadtm.de\/Bad_Belzig\/listing\/ergotherapeut-katharina-mahler\/\">\r\n\r\n        <div class=\"overlay\" style=\"\r\n    background-color: #242429;\r\n    opacity: 0.4;\r\n\"><\/div>\r\n        \r\n                    <div class=\"lf-background\" style=\"background-image: url('https:\/\/stadtm.de\/Bad_Belzig\/wp-content\/uploads\/2025\/07\/Ergotherapeut-Bad-Belzig3-768x432.jpg');\"><\/div>\r\n        \r\n        <div class=\"lf-item-info-2\">\r\n                            <div class=\"lf-avatar\" style=\"background-image: url('https:\/\/stadtm.de\/Bad_Belzig\/wp-content\/uploads\/2025\/07\/Ergotherapeut-Bad-Belzig-150x150.jpg')\"><\/div>\r\n            \r\n            <h4 class=\"case27-primary-text listing-preview-title\">\r\n                Ergotherapeut - Katharina Mahler                                    <img decoding=\"async\" height=\"18\" width=\"18\" alt=\"Verified listing\" class=\"verified-listing\" src=\"https:\/\/stadtm.de\/Bad_Belzig\/wp-content\/themes\/my-listing\/assets\/images\/tick.svg\">\r\n                            <\/h4>\r\n\r\n                            <h6>Praxis f\u00fcr Ergotherapie Katharina Mahler \u2013 Individuelle Therapie f\u00fcr Kinder &amp; Erwachsene<\/h6>\r\n            \r\n            \r\n<ul class=\"lf-contact no-list-style\">\r\n\t            <li >\r\n            \t                \t<i class=\"icon-phone-outgoing sm-icon\"><\/i>\r\n            \t                +49 (33841) 459410            <\/li>\r\n                    <li >\r\n            \t                \t<i class=\"icon-location-pin-add-2 sm-icon\"><\/i>\r\n            \t                Erich-Weinert-Str. 17            <\/li>\r\n        <\/ul>\r\n        <\/div>\r\n\r\n    <\/a>\r\n        <div class=\"lf-head level-promoted\">\r\n            <span class=\"tooltip-element tooltip-bottom\">\r\n            <div class=\"lf-head-btn ad-badge\">\r\n                <span><i class=\"icon-flash\"><\/i><\/span>\r\n            <\/div>\r\n            <span class=\"tooltip-container\">Promoted<\/span>\r\n        <\/span>\r\n    \r\n                    <div class=\"lf-head-btn  open-status listing-status-open\" >\r\n                    OPEN                <\/div>\r\n            <\/div><\/div>\r\n\r\n        <div class=\"listing-details c27-footer-section\">\r\n            <ul class=\"c27-listing-preview-category-list no-list-style\">\r\n                <li>\r\n                    <a href=\"https:\/\/stadtm.de\/Bad_Belzig\/category\/gesundheitswesen\/\">\r\n                        <span class=\"cat-icon\" style=\"background-color: #6c1cff;\">\r\n                            \t\t\t<i class=\"fa fa-heartbeat\" style=\"color: #fff; \"><\/i>\r\n\t\t                        <\/span>\r\n                        <span class=\"category-name\">Gesundheitswesen<\/span>\r\n                    <\/a>\r\n                <\/li>\r\n\r\n                                    <li>\r\n                        <div class=\"categories-dropdown dropdown c27-more-categories\">\r\n                            <span class=\"tooltip-element\">\r\n                                <a href=\"#other-categories\">\r\n                                    <span class=\"cat-icon cat-more\">+2<\/span>\r\n                                <\/a>\r\n                                <span class=\"tooltip-container\">Ergotherapeut, Dienstleistung<\/span>\r\n                            <\/span>\r\n                        <\/div>\r\n                    <\/li>\r\n                            <\/ul>\r\n\r\n            <div class=\"ld-info\">\r\n                <ul class=\"no-list-style\">\r\n                                            <li class=\"item-preview tooltip-element\">\r\n    <a aria-label=\"Quick view button\" href=\"#\" type=\"button\" class=\"c27-toggle-quick-view-modal\" data-id=\"3643\">\r\n    \t<i class=\"mi zoom_in\"><\/i>\r\n    <\/a>\r\n    <span class=\"tooltip-container\">Quick view<\/span>\r\n<\/li>                                                                <li class=\"tooltip-element\">\r\n    <a aria-label=\"Bookmark button\" href=\"#\" class=\"c27-bookmark-button \"\r\n       data-listing-id=\"3643\" onclick=\"MyListing.Handlers.Bookmark_Button(event, this)\">\r\n       <i class=\"mi favorite_border\"><\/i>\r\n    <\/a>\r\n    <span class=\"tooltip-container\">Bookmark<\/span>\r\n<\/li>                                                        <\/ul>\r\n            <\/div>\r\n        <\/div>\r\n    <\/div>\r\n<\/div><div class=\"\"><div\r\n    class=\"lf-item-container listing-preview type-jobs  c27-verified has-logo has-tagline has-info-fields level-promoted priority-2\"\r\n    data-id=\"listing-id-3745\"\r\n        data-category-icon=\"\"\r\n    data-category-color=\"\"\r\n    data-category-text-color=\"\"\r\n        data-thumbnail=\"https:\/\/stadtm.de\/Bad_Belzig\/wp-content\/uploads\/2025\/07\/Autohaendler-Bad-Belzig-150x150.jpg\"\r\n    data-marker=\"https:\/\/stadtm.de\/Bad_Belzig\/wp-content\/uploads\/2025\/07\/Autohaendler-Bad-Belzig-150x150.jpg\"\r\n    data-template=\"default\"\r\n    data-locations=\"[{&quot;address&quot;:&quot;Im Gewerbepark Seedoche 2, 14806 Bad Belzig&quot;,&quot;lat&quot;:&quot;52.14634&quot;,&quot;lng&quot;:&quot;12.61284&quot;}]\"\r\n>\r\n<div class=\"lf-item lf-item-default\" data-template=\"default\">\r\n    <a href=\"https:\/\/stadtm.de\/Bad_Belzig\/listing\/kfz-diagnosetechniker-autohaus-schumann\/\">\r\n\r\n        <div class=\"overlay\" style=\"\r\n    background-color: #242429;\r\n    opacity: 0.4;\r\n\"><\/div>\r\n        \r\n                    <div class=\"lf-background\" style=\"background-image: url('https:\/\/stadtm.de\/Bad_Belzig\/wp-content\/uploads\/2025\/07\/Autohaendler-Bad-Belzig1-768x512.jpg');\"><\/div>\r\n        \r\n        <div class=\"lf-item-info\">\r\n                            <div class=\"lf-avatar\" style=\"background-image: url('https:\/\/stadtm.de\/Bad_Belzig\/wp-content\/uploads\/2025\/07\/Autohaendler-Bad-Belzig-150x150.jpg')\"><\/div>\r\n            \r\n            <h4 class=\"case27-primary-text listing-preview-title\">\r\n                KFZ-DIAGNOSETECHNIKER - Autohaus Schumann                                    <img decoding=\"async\" height=\"18\" width=\"18\" alt=\"Verified listing\" class=\"verified-listing\" src=\"https:\/\/stadtm.de\/Bad_Belzig\/wp-content\/themes\/my-listing\/assets\/images\/tick.svg\">\r\n                            <\/h4>\r\n\r\n            \r\n<ul class=\"lf-contact no-list-style\">\r\n\t            <li >\r\n            \t                \t<i class=\"icon-location-pin-check-2 sm-icon\"><\/i>\r\n            \t                Im Gewerbepark Seedoche 2            <\/li>\r\n                    <li >\r\n            \t                \t<i class=\"icon-phone-outgoing sm-icon\"><\/i>\r\n            \t                +49 (33841) 588-0            <\/li>\r\n        <\/ul>\r\n        <\/div>\r\n\r\n    <\/a>\r\n        <div class=\"lf-head level-promoted\">\r\n            <span class=\"tooltip-element tooltip-bottom\">\r\n            <div class=\"lf-head-btn ad-badge\">\r\n                <span><i class=\"icon-flash\"><\/i><\/span>\r\n            <\/div>\r\n            <span class=\"tooltip-container\">Promoted<\/span>\r\n        <\/span>\r\n    \r\n    <\/div><\/div>\r\n\r\n<\/div>\r\n<\/div><div class=\"\"><div\r\n    class=\"lf-item-container listing-preview type-jobs  c27-verified has-logo has-tagline has-info-fields level-promoted priority-2\"\r\n    data-id=\"listing-id-4592\"\r\n        data-category-icon=\"\"\r\n    data-category-color=\"\"\r\n    data-category-text-color=\"\"\r\n        data-thumbnail=\"https:\/\/stadtm.de\/Bad_Belzig\/wp-content\/uploads\/2025\/11\/Fahrzeugbau-Bad-Belzig-1-150x150.jpg\"\r\n    data-marker=\"https:\/\/stadtm.de\/Bad_Belzig\/wp-content\/uploads\/2025\/11\/Fahrzeugbau-Bad-Belzig-1-150x150.jpg\"\r\n    data-template=\"default\"\r\n    data-locations=\"[{&quot;address&quot;:&quot;Forstweg 8a, 14806 Bad Belzig&quot;,&quot;lat&quot;:&quot;52.14726&quot;,&quot;lng&quot;:&quot;12.57353&quot;}]\"\r\n>\r\n<div class=\"lf-item lf-item-default\" data-template=\"default\">\r\n    <a href=\"https:\/\/stadtm.de\/Bad_Belzig\/listing\/praktikumsplaetze-befa-belziger-fahrzeugbau\/\">\r\n\r\n        <div class=\"overlay\" style=\"\r\n    background-color: #242429;\r\n    opacity: 0.4;\r\n\"><\/div>\r\n        \r\n                    <div class=\"lf-background\" style=\"background-image: url('https:\/\/stadtm.de\/Bad_Belzig\/wp-content\/uploads\/2025\/11\/Fahrzeugbau-Bad-Belzig3-768x346.jpg');\"><\/div>\r\n        \r\n        <div class=\"lf-item-info\">\r\n                            <div class=\"lf-avatar\" style=\"background-image: url('https:\/\/stadtm.de\/Bad_Belzig\/wp-content\/uploads\/2025\/11\/Fahrzeugbau-Bad-Belzig-1-150x150.jpg')\"><\/div>\r\n            \r\n            <h4 class=\"case27-primary-text listing-preview-title\">\r\n                Praktikumspl\u00e4tze - BEFA Belziger Fahrzeugbau                                    <img decoding=\"async\" height=\"18\" width=\"18\" alt=\"Verified listing\" class=\"verified-listing\" src=\"https:\/\/stadtm.de\/Bad_Belzig\/wp-content\/themes\/my-listing\/assets\/images\/tick.svg\">\r\n                            <\/h4>\r\n\r\n            \r\n<ul class=\"lf-contact no-list-style\">\r\n\t            <li >\r\n            \t                \t<i class=\"icon-location-pin-check-2 sm-icon\"><\/i>\r\n            \t                Forstweg 8a            <\/li>\r\n                    <li >\r\n            \t                \t<i class=\"icon-phone-outgoing sm-icon\"><\/i>\r\n            \t                +49 (33841) 606-0            <\/li>\r\n        <\/ul>\r\n        <\/div>\r\n\r\n    <\/a>\r\n        <div class=\"lf-head level-promoted\">\r\n            <span class=\"tooltip-element tooltip-bottom\">\r\n            <div class=\"lf-head-btn ad-badge\">\r\n                <span><i class=\"icon-flash\"><\/i><\/span>\r\n            <\/div>\r\n            <span class=\"tooltip-container\">Promoted<\/span>\r\n        <\/span>\r\n    \r\n    <\/div><\/div>\r\n\r\n<\/div>\r\n<\/div><div class=\"\"><div\r\n    class=\"lf-item-container listing-preview type-place lf-type-2 c27-verified has-logo has-tagline has-info-fields level-promoted priority-2\"\r\n    data-id=\"listing-id-4645\"\r\n        data-category-icon=\"\t\t\t&lt;i class=&quot;fa fa-hands-helping&quot; style=&quot;color: #fff; background: #6c1cff; &quot;&gt;&lt;\/i&gt;\r\n\t\t\"\r\n    data-category-color=\"#6c1cff\"\r\n    data-category-text-color=\"#fff\"\r\n        data-thumbnail=\"https:\/\/stadtm.de\/Bad_Belzig\/wp-content\/uploads\/2025\/12\/Moebeltischler-Bad-Belzig11-150x150.jpg\"\r\n    data-marker=\"https:\/\/stadtm.de\/Bad_Belzig\/wp-content\/uploads\/2025\/12\/Moebeltischler-Bad-Belzig11-150x150.jpg\"\r\n    data-template=\"alternate\"\r\n    data-locations=\"[{&quot;address&quot;:&quot;Stra\\u00dfe der Einheit 14, 14806 Bad Belzig&quot;,&quot;lat&quot;:&quot;52.14045&quot;,&quot;lng&quot;:&quot;12.58794&quot;}]\"\r\n>\r\n<div class=\"lf-item lf-item-alternate\" data-template=\"alternate\">\r\n    <a href=\"https:\/\/stadtm.de\/Bad_Belzig\/listing\/moebeltischler-tischlerei-hollmann\/\">\r\n\r\n        <div class=\"overlay\" style=\"\r\n    background-color: #242429;\r\n    opacity: 0.4;\r\n\"><\/div>\r\n        \r\n                    <div class=\"lf-background\" style=\"background-image: url('https:\/\/stadtm.de\/Bad_Belzig\/wp-content\/uploads\/2025\/12\/Moebeltischler-Bad-Belzig10-768x432.jpg');\"><\/div>\r\n        \r\n        <div class=\"lf-item-info-2\">\r\n                            <div class=\"lf-avatar\" style=\"background-image: url('https:\/\/stadtm.de\/Bad_Belzig\/wp-content\/uploads\/2025\/12\/Moebeltischler-Bad-Belzig11-150x150.jpg')\"><\/div>\r\n            \r\n            <h4 class=\"case27-primary-text listing-preview-title\">\r\n                M\u00f6beltischler - Tischlerei Hollmann                                    <img decoding=\"async\" height=\"18\" width=\"18\" alt=\"Verified listing\" class=\"verified-listing\" src=\"https:\/\/stadtm.de\/Bad_Belzig\/wp-content\/themes\/my-listing\/assets\/images\/tick.svg\">\r\n                            <\/h4>\r\n\r\n                            <h6>Tischlerei Hollmann \u2013 M\u00f6belbau &amp; Einbaum\u00f6bel nach Ma\u00df<\/h6>\r\n            \r\n            \r\n<ul class=\"lf-contact no-list-style\">\r\n\t            <li >\r\n            \t                \t<i class=\"icon-phone-outgoing sm-icon\"><\/i>\r\n            \t                +49 (171) 7502946            <\/li>\r\n                    <li >\r\n            \t                \t<i class=\"icon-location-pin-add-2 sm-icon\"><\/i>\r\n            \t                Stra\u00dfe der Einheit 14            <\/li>\r\n        <\/ul>\r\n        <\/div>\r\n\r\n    <\/a>\r\n        <div class=\"lf-head level-promoted\">\r\n            <span class=\"tooltip-element tooltip-bottom\">\r\n            <div class=\"lf-head-btn ad-badge\">\r\n                <span><i class=\"icon-flash\"><\/i><\/span>\r\n            <\/div>\r\n            <span class=\"tooltip-container\">Promoted<\/span>\r\n        <\/span>\r\n    \r\n                    <div class=\"lf-head-btn  open-status listing-status-open\" >\r\n                    OPEN                <\/div>\r\n            <\/div><\/div>\r\n\r\n        <div class=\"listing-details c27-footer-section\">\r\n            <ul class=\"c27-listing-preview-category-list no-list-style\">\r\n                <li>\r\n                    <a href=\"https:\/\/stadtm.de\/Bad_Belzig\/category\/dienstleistung\/\">\r\n                        <span class=\"cat-icon\" style=\"background-color: #6c1cff;\">\r\n                            \t\t\t<i class=\"fa fa-hands-helping\" style=\"color: #fff; \"><\/i>\r\n\t\t                        <\/span>\r\n                        <span class=\"category-name\">Dienstleistung<\/span>\r\n                    <\/a>\r\n                <\/li>\r\n\r\n                                    <li>\r\n                        <div class=\"categories-dropdown dropdown c27-more-categories\">\r\n                            <span class=\"tooltip-element\">\r\n                                <a href=\"#other-categories\">\r\n                                    <span class=\"cat-icon cat-more\">+2<\/span>\r\n                                <\/a>\r\n                                <span class=\"tooltip-container\">Handwerk, M\u00f6beltischler<\/span>\r\n                            <\/span>\r\n                        <\/div>\r\n                    <\/li>\r\n                            <\/ul>\r\n\r\n            <div class=\"ld-info\">\r\n                <ul class=\"no-list-style\">\r\n                                            <li class=\"item-preview tooltip-element\">\r\n    <a aria-label=\"Quick view button\" href=\"#\" type=\"button\" class=\"c27-toggle-quick-view-modal\" data-id=\"4645\">\r\n    \t<i class=\"mi zoom_in\"><\/i>\r\n    <\/a>\r\n    <span class=\"tooltip-container\">Quick view<\/span>\r\n<\/li>                                                                <li class=\"tooltip-element\">\r\n    <a aria-label=\"Bookmark button\" href=\"#\" class=\"c27-bookmark-button \"\r\n       data-listing-id=\"4645\" onclick=\"MyListing.Handlers.Bookmark_Button(event, this)\">\r\n       <i class=\"mi favorite_border\"><\/i>\r\n    <\/a>\r\n    <span class=\"tooltip-container\">Bookmark<\/span>\r\n<\/li>                                                        <\/ul>\r\n            <\/div>\r\n        <\/div>\r\n    <\/div>\r\n<\/div><div class=\"\"><div\r\n    class=\"lf-item-container listing-preview type-place lf-type-2 c27-verified has-logo has-tagline has-info-fields level-promoted priority-2\"\r\n    data-id=\"listing-id-4273\"\r\n        data-category-icon=\"\t\t\t&lt;i class=&quot;fa fa-hands-helping&quot; style=&quot;color: #fff; background: #6c1cff; &quot;&gt;&lt;\/i&gt;\r\n\t\t\"\r\n    data-category-color=\"#6c1cff\"\r\n    data-category-text-color=\"#fff\"\r\n        data-thumbnail=\"https:\/\/stadtm.de\/Bad_Belzig\/wp-content\/uploads\/2025\/08\/Hausservice-Bad-Belzig-150x150.jpg\"\r\n    data-marker=\"https:\/\/stadtm.de\/Bad_Belzig\/wp-content\/uploads\/2025\/08\/Hausservice-Bad-Belzig-150x150.jpg\"\r\n    data-template=\"alternate\"\r\n    data-locations=\"[{&quot;address&quot;:&quot;L\\u00e4rchenweg 56, 14806 Bad Belzig&quot;,&quot;lat&quot;:&quot;52.15392&quot;,&quot;lng&quot;:&quot;12.58748&quot;}]\"\r\n>\r\n<div class=\"lf-item lf-item-alternate\" data-template=\"alternate\">\r\n    <a href=\"https:\/\/stadtm.de\/Bad_Belzig\/listing\/hausservice-lehmann\/\">\r\n\r\n        <div class=\"overlay\" style=\"\r\n    background-color: #242429;\r\n    opacity: 0.4;\r\n\"><\/div>\r\n        \r\n                    <div class=\"lf-background\" style=\"background-image: url('https:\/\/stadtm.de\/Bad_Belzig\/wp-content\/uploads\/2025\/08\/Hausservice-Bad-Belzig1-768x512.jpg');\"><\/div>\r\n        \r\n        <div class=\"lf-item-info-2\">\r\n                            <div class=\"lf-avatar\" style=\"background-image: url('https:\/\/stadtm.de\/Bad_Belzig\/wp-content\/uploads\/2025\/08\/Hausservice-Bad-Belzig-150x150.jpg')\"><\/div>\r\n            \r\n            <h4 class=\"case27-primary-text listing-preview-title\">\r\n                Hausservice - Lehmann                                    <img decoding=\"async\" height=\"18\" width=\"18\" alt=\"Verified listing\" class=\"verified-listing\" src=\"https:\/\/stadtm.de\/Bad_Belzig\/wp-content\/themes\/my-listing\/assets\/images\/tick.svg\">\r\n                            <\/h4>\r\n\r\n                            <h6>Hausservice Lehmann - Renovierung, Sanierung &amp; Grundst\u00fcckspflege aus einer Hand<\/h6>\r\n            \r\n            \r\n<ul class=\"lf-contact no-list-style\">\r\n\t            <li >\r\n            \t                \t<i class=\"icon-phone-outgoing sm-icon\"><\/i>\r\n            \t                +49 (33841) 441125            <\/li>\r\n                    <li >\r\n            \t                \t<i class=\"icon-location-pin-add-2 sm-icon\"><\/i>\r\n            \t                L\u00e4rchenweg 56            <\/li>\r\n        <\/ul>\r\n        <\/div>\r\n\r\n    <\/a>\r\n        <div class=\"lf-head level-promoted\">\r\n            <span class=\"tooltip-element tooltip-bottom\">\r\n            <div class=\"lf-head-btn ad-badge\">\r\n                <span><i class=\"icon-flash\"><\/i><\/span>\r\n            <\/div>\r\n            <span class=\"tooltip-container\">Promoted<\/span>\r\n        <\/span>\r\n    \r\n    <\/div><\/div>\r\n\r\n        <div class=\"listing-details c27-footer-section\">\r\n            <ul class=\"c27-listing-preview-category-list no-list-style\">\r\n                <li>\r\n                    <a href=\"https:\/\/stadtm.de\/Bad_Belzig\/category\/dienstleistung\/\">\r\n                        <span class=\"cat-icon\" style=\"background-color: #6c1cff;\">\r\n                            \t\t\t<i class=\"fa fa-hands-helping\" style=\"color: #fff; \"><\/i>\r\n\t\t                        <\/span>\r\n                        <span class=\"category-name\">Dienstleistung<\/span>\r\n                    <\/a>\r\n                <\/li>\r\n\r\n                                    <li>\r\n                        <div class=\"categories-dropdown dropdown c27-more-categories\">\r\n                            <span class=\"tooltip-element\">\r\n                                <a href=\"#other-categories\">\r\n                                    <span class=\"cat-icon cat-more\">+5<\/span>\r\n                                <\/a>\r\n                                <span class=\"tooltip-container\">Handwerk, Hausmeisterservice, Trockenbauunternehmen, Maler, Bodenbel\u00e4ge<\/span>\r\n                            <\/span>\r\n                        <\/div>\r\n                    <\/li>\r\n                            <\/ul>\r\n\r\n            <div class=\"ld-info\">\r\n                <ul class=\"no-list-style\">\r\n                                            <li class=\"item-preview tooltip-element\">\r\n    <a aria-label=\"Quick view button\" href=\"#\" type=\"button\" class=\"c27-toggle-quick-view-modal\" data-id=\"4273\">\r\n    \t<i class=\"mi zoom_in\"><\/i>\r\n    <\/a>\r\n    <span class=\"tooltip-container\">Quick view<\/span>\r\n<\/li>                                                                <li class=\"tooltip-element\">\r\n    <a aria-label=\"Bookmark button\" href=\"#\" class=\"c27-bookmark-button \"\r\n       data-listing-id=\"4273\" onclick=\"MyListing.Handlers.Bookmark_Button(event, this)\">\r\n       <i class=\"mi favorite_border\"><\/i>\r\n    <\/a>\r\n    <span class=\"tooltip-container\">Bookmark<\/span>\r\n<\/li>                                                        <\/ul>\r\n            <\/div>\r\n        <\/div>\r\n    <\/div>\r\n<\/div><div class=\"\"><div\r\n    class=\"lf-item-container listing-preview type-place lf-type-2 c27-verified has-logo has-tagline has-info-fields level-promoted priority-2\"\r\n    data-id=\"listing-id-4342\"\r\n        data-category-icon=\"\t\t\t&lt;i class=&quot;fa fa-hands-helping&quot; style=&quot;color: #fff; background: #6c1cff; &quot;&gt;&lt;\/i&gt;\r\n\t\t\"\r\n    data-category-color=\"#6c1cff\"\r\n    data-category-text-color=\"#fff\"\r\n        data-thumbnail=\"https:\/\/stadtm.de\/Bad_Belzig\/wp-content\/uploads\/2025\/10\/Hoergeraete-Bad-Belzig-150x150.jpg\"\r\n    data-marker=\"https:\/\/stadtm.de\/Bad_Belzig\/wp-content\/uploads\/2025\/10\/Hoergeraete-Bad-Belzig-150x150.jpg\"\r\n    data-template=\"alternate\"\r\n    data-locations=\"[{&quot;address&quot;:&quot;Magdeburger Str. 6, 14806 Bad Belzig&quot;,&quot;lat&quot;:&quot;52.14070&quot;,&quot;lng&quot;:&quot;12.58710&quot;}]\"\r\n>\r\n<div class=\"lf-item lf-item-alternate\" data-template=\"alternate\">\r\n    <a href=\"https:\/\/stadtm.de\/Bad_Belzig\/listing\/hoergeraete-hoerstudio-haase\/\">\r\n\r\n        <div class=\"overlay\" style=\"\r\n    background-color: #242429;\r\n    opacity: 0.4;\r\n\"><\/div>\r\n        \r\n                    <div class=\"lf-background\" style=\"background-image: url('https:\/\/stadtm.de\/Bad_Belzig\/wp-content\/uploads\/2025\/10\/Hoergeraete-Bad-Belzig-1-768x340.jpg');\"><\/div>\r\n        \r\n        <div class=\"lf-item-info-2\">\r\n                            <div class=\"lf-avatar\" style=\"background-image: url('https:\/\/stadtm.de\/Bad_Belzig\/wp-content\/uploads\/2025\/10\/Hoergeraete-Bad-Belzig-150x150.jpg')\"><\/div>\r\n            \r\n            <h4 class=\"case27-primary-text listing-preview-title\">\r\n                H\u00f6rger\u00e4te - H\u00f6rstudio Haase                                    <img decoding=\"async\" height=\"18\" width=\"18\" alt=\"Verified listing\" class=\"verified-listing\" src=\"https:\/\/stadtm.de\/Bad_Belzig\/wp-content\/themes\/my-listing\/assets\/images\/tick.svg\">\r\n                            <\/h4>\r\n\r\n                            <h6>H\u00f6rstudio Haase Bad Belzig \u2013 Moderne H\u00f6rger\u00e4te &amp; Beratung<\/h6>\r\n            \r\n            \r\n<ul class=\"lf-contact no-list-style\">\r\n\t            <li >\r\n            \t                \t<i class=\"icon-phone-outgoing sm-icon\"><\/i>\r\n            \t                +49 (33841) 35390            <\/li>\r\n                    <li >\r\n            \t                \t<i class=\"icon-location-pin-add-2 sm-icon\"><\/i>\r\n            \t                Magdeburger Str. 6            <\/li>\r\n        <\/ul>\r\n        <\/div>\r\n\r\n    <\/a>\r\n        <div class=\"lf-head level-promoted\">\r\n            <span class=\"tooltip-element tooltip-bottom\">\r\n            <div class=\"lf-head-btn ad-badge\">\r\n                <span><i class=\"icon-flash\"><\/i><\/span>\r\n            <\/div>\r\n            <span class=\"tooltip-container\">Promoted<\/span>\r\n        <\/span>\r\n    \r\n                    <div class=\"lf-head-btn  open-status listing-status-closed\" >\r\n                    CLOSED                <\/div>\r\n            <\/div><\/div>\r\n\r\n        <div class=\"listing-details c27-footer-section\">\r\n            <ul class=\"c27-listing-preview-category-list no-list-style\">\r\n                <li>\r\n                    <a href=\"https:\/\/stadtm.de\/Bad_Belzig\/category\/dienstleistung\/\">\r\n                        <span class=\"cat-icon\" style=\"background-color: #6c1cff;\">\r\n                            \t\t\t<i class=\"fa fa-hands-helping\" style=\"color: #fff; \"><\/i>\r\n\t\t                        <\/span>\r\n                        <span class=\"category-name\">Dienstleistung<\/span>\r\n                    <\/a>\r\n                <\/li>\r\n\r\n                                    <li>\r\n                        <div class=\"categories-dropdown dropdown c27-more-categories\">\r\n                            <span class=\"tooltip-element\">\r\n                                <a href=\"#other-categories\">\r\n                                    <span class=\"cat-icon cat-more\">+2<\/span>\r\n                                <\/a>\r\n                                <span class=\"tooltip-container\">Handel, Gesundheitswesen<\/span>\r\n                            <\/span>\r\n                        <\/div>\r\n                    <\/li>\r\n                            <\/ul>\r\n\r\n            <div class=\"ld-info\">\r\n                <ul class=\"no-list-style\">\r\n                                            <li class=\"item-preview tooltip-element\">\r\n    <a aria-label=\"Quick view button\" href=\"#\" type=\"button\" class=\"c27-toggle-quick-view-modal\" data-id=\"4342\">\r\n    \t<i class=\"mi zoom_in\"><\/i>\r\n    <\/a>\r\n    <span class=\"tooltip-container\">Quick view<\/span>\r\n<\/li>                                                                <li class=\"tooltip-element\">\r\n    <a aria-label=\"Bookmark button\" href=\"#\" class=\"c27-bookmark-button \"\r\n       data-listing-id=\"4342\" onclick=\"MyListing.Handlers.Bookmark_Button(event, this)\">\r\n       <i class=\"mi favorite_border\"><\/i>\r\n    <\/a>\r\n    <span class=\"tooltip-container\">Bookmark<\/span>\r\n<\/li>                                                        <\/ul>\r\n            <\/div>\r\n        <\/div>\r\n    <\/div>\r\n<\/div>\r\n\t\t\t\t\r\n\t\t\t<\/div>\r\n\t\t<\/div>\r\n\t<\/div>\r\n<\/section>\r\n\t\t\t\t<\/div>\n\t\t\t\t<\/div>\n\t\t\t\t\t<\/div>\n\t\t<\/div>\n\t\t\t\t\t<\/div>\n\t\t<\/section>\n\t\t\t\t<section class=\"elementor-section elementor-top-section elementor-element elementor-element-135aa42 elementor-section-boxed elementor-section-height-default elementor-section-height-default\" data-id=\"135aa42\" data-element_type=\"section\" data-e-type=\"section\" data-settings=\"{&quot;background_background&quot;:&quot;classic&quot;}\">\n\t\t\t\t\t\t<div class=\"elementor-container elementor-column-gap-default\">\n\t\t\t\t\t<div class=\"elementor-column elementor-col-100 elementor-top-column elementor-element elementor-element-2408401\" data-id=\"2408401\" data-element_type=\"column\" data-e-type=\"column\">\n\t\t\t<div class=\"elementor-widget-wrap elementor-element-populated\">\n\t\t\t\t\t\t<div class=\"elementor-element elementor-element-210821d elementor-widget elementor-widget-heading\" data-id=\"210821d\" data-element_type=\"widget\" data-e-type=\"widget\" data-widget_type=\"heading.default\">\n\t\t\t\t<div class=\"elementor-widget-container\">\n\t\t\t\t\t<h2 class=\"elementor-heading-title elementor-size-default\">Immer aktuell!<\/h2>\t\t\t\t<\/div>\n\t\t\t\t<\/div>\n\t\t\t\t<div class=\"elementor-element elementor-element-7a665cf elementor-widget elementor-widget-heading\" data-id=\"7a665cf\" data-element_type=\"widget\" data-e-type=\"widget\" data-widget_type=\"heading.default\">\n\t\t\t\t<div class=\"elementor-widget-container\">\n\t\t\t\t\t<h2 class=\"elementor-heading-title elementor-size-default\">Entdecken Sie die neusten Angebote in der ganzen Stadt\n<\/h2>\t\t\t\t<\/div>\n\t\t\t\t<\/div>\n\t\t\t\t<div class=\"elementor-element elementor-element-e2337af elementor-widget elementor-widget-case27-listing-feed-widget\" data-id=\"e2337af\" data-element_type=\"widget\" data-e-type=\"widget\" data-widget_type=\"case27-listing-feed-widget.default\">\n\t\t\t\t<div class=\"elementor-widget-container\">\n\t\t\t\t\t\r\n<section class=\"i-section listing-feed-2 \">\r\n\t<div class=\"container\">\r\n\t\t<div class=\"row section-body\">\r\n\t\t\t<div class=\"owl-carousel listing-feed-carousel c27-owl-nav\" owl-mobile=\"1\" owl-tablet=\"2\" owl-desktop=\"3\" owl-speed=\"5\" owl-loop=\"1\" owl-autoplay=\"\" nav-style=\"\" nav-mode=\"nav\">\r\n\t\t\t\t<div class=\"\"><div\r\n    class=\"lf-item-container listing-preview type-event  c27-verified no-logo has-tagline has-info-fields level-promoted priority-2\"\r\n    data-id=\"listing-id-4584\"\r\n        data-category-icon=\"\"\r\n    data-category-color=\"\"\r\n    data-category-text-color=\"\"\r\n        data-thumbnail=\"https:\/\/stadtm.de\/Bad_Belzig\/wp-content\/themes\/my-listing\/assets\/images\/marker.jpg\"\r\n    data-marker=\"https:\/\/stadtm.de\/Bad_Belzig\/wp-content\/themes\/my-listing\/assets\/images\/marker.jpg\"\r\n    data-template=\"default\"\r\n    data-locations=\"[{&quot;address&quot;:&quot;Forstweg 8a, 14806 Bad Belzig&quot;,&quot;lat&quot;:&quot;52.14726&quot;,&quot;lng&quot;:&quot;12.57353&quot;}]\"\r\n>\r\n<div class=\"lf-item lf-item-default\" data-template=\"default\">\r\n    <a href=\"https:\/\/stadtm.de\/Bad_Belzig\/listing\/gebrauchtfahrzeuge-befa-belziger-fahrzeugbau\/\">\r\n\r\n        <div class=\"overlay\" style=\"\r\n    background-color: #242429;\r\n    opacity: 0.4;\r\n\"><\/div>\r\n        \r\n                    <div class=\"lf-background\" style=\"background-image: url('https:\/\/stadtm.de\/Bad_Belzig\/wp-content\/uploads\/2025\/11\/Fahrzeugbau-Bad-Belzig3-768x346.jpg');\"><\/div>\r\n        \r\n        <div class=\"lf-item-info\">\r\n            \r\n            <h4 class=\"case27-primary-text listing-preview-title\">\r\n                Gebrauchtfahrzeuge - BEFA Belziger Fahrzeugbau                                    <img decoding=\"async\" height=\"18\" width=\"18\" alt=\"Verified listing\" class=\"verified-listing\" src=\"https:\/\/stadtm.de\/Bad_Belzig\/wp-content\/themes\/my-listing\/assets\/images\/tick.svg\">\r\n                            <\/h4>\r\n\r\n            \r\n<ul class=\"lf-contact no-list-style\">\r\n\t            <li >\r\n            \t                \t<i class=\"icon-location-pin-add-2 sm-icon\"><\/i>\r\n            \t                Forstweg 8a            <\/li>\r\n        <\/ul>\r\n        <\/div>\r\n\r\n    <\/a>\r\n        <div class=\"lf-head level-promoted\">\r\n            <span class=\"tooltip-element tooltip-bottom\">\r\n            <div class=\"lf-head-btn ad-badge\">\r\n                <span><i class=\"icon-flash\"><\/i><\/span>\r\n            <\/div>\r\n            <span class=\"tooltip-container\">Promoted<\/span>\r\n        <\/span>\r\n    \r\n    <\/div><\/div>\r\n\r\n\r\n                    <div class=\"event-host c27-footer-section\">\r\n                                    <a href=\"https:\/\/stadtm.de\/Bad_Belzig\/listing\/fahrzeugbau-befa-belziger-fahrzeugbau\/\">\r\n                                                    <div class=\"avatar\">\r\n                                <img decoding=\"async\" height=\"30\" width=\"30\" src=\"https:\/\/stadtm.de\/Bad_Belzig\/wp-content\/uploads\/2025\/11\/Fahrzeugbau-Bad-Belzig-1-150x150.jpg\" alt=\"Fahrzeugbau - BEFA Belziger Fahrzeugbau\">\r\n                            <\/div>\r\n                                                <span class=\"host-name\">Fahrzeugbau - BEFA Belziger Fahrzeugbau<\/span>\r\n                    <\/a>\r\n                \r\n                                    <div class=\"ld-info\">\r\n                        <ul class=\"no-list-style\">\r\n                                                            <li class=\"item-preview tooltip-element\">\r\n    <a aria-label=\"Quick view button\" href=\"#\" type=\"button\" class=\"c27-toggle-quick-view-modal\" data-id=\"4584\">\r\n    \t<i class=\"mi zoom_in\"><\/i>\r\n    <\/a>\r\n    <span class=\"tooltip-container\">Quick view<\/span>\r\n<\/li>                                                                                        <li class=\"tooltip-element\">\r\n    <a aria-label=\"Bookmark button\" href=\"#\" class=\"c27-bookmark-button \"\r\n       data-listing-id=\"4584\" onclick=\"MyListing.Handlers.Bookmark_Button(event, this)\">\r\n       <i class=\"mi favorite_border\"><\/i>\r\n    <\/a>\r\n    <span class=\"tooltip-container\">Bookmark<\/span>\r\n<\/li>                                                                                <\/ul>\r\n                    <\/div>\r\n                            <\/div>\r\n            <\/div>\r\n<\/div><div class=\"\"><div\r\n    class=\"lf-item-container listing-preview type-event  c27-verified no-logo has-tagline has-info-fields level-promoted priority-2\"\r\n    data-id=\"listing-id-3729\"\r\n        data-category-icon=\"\"\r\n    data-category-color=\"\"\r\n    data-category-text-color=\"\"\r\n        data-thumbnail=\"https:\/\/stadtm.de\/Bad_Belzig\/wp-content\/themes\/my-listing\/assets\/images\/marker.jpg\"\r\n    data-marker=\"https:\/\/stadtm.de\/Bad_Belzig\/wp-content\/themes\/my-listing\/assets\/images\/marker.jpg\"\r\n    data-template=\"default\"\r\n    data-locations=\"[{&quot;address&quot;:&quot;Weitzgrunder Str. 2, 14806 Bad Belzig&quot;,&quot;lat&quot;:&quot;52.14466&quot;,&quot;lng&quot;:&quot;12.59103&quot;}]\"\r\n>\r\n<div class=\"lf-item lf-item-default\" data-template=\"default\">\r\n    <a href=\"https:\/\/stadtm.de\/Bad_Belzig\/listing\/angebote-edeka-wipfli\/\">\r\n\r\n        <div class=\"overlay\" style=\"\r\n    background-color: #242429;\r\n    opacity: 0.4;\r\n\"><\/div>\r\n        \r\n                    <div class=\"lf-background\" style=\"background-image: url('https:\/\/stadtm.de\/Bad_Belzig\/wp-content\/uploads\/2025\/08\/Supermarkt-Bad-Belzig1-768x240.jpg');\"><\/div>\r\n        \r\n        <div class=\"lf-item-info\">\r\n            \r\n            <h4 class=\"case27-primary-text listing-preview-title\">\r\n                ANGEBOTE - Edeka Wipfli                                    <img decoding=\"async\" height=\"18\" width=\"18\" alt=\"Verified listing\" class=\"verified-listing\" src=\"https:\/\/stadtm.de\/Bad_Belzig\/wp-content\/themes\/my-listing\/assets\/images\/tick.svg\">\r\n                            <\/h4>\r\n\r\n            \r\n<ul class=\"lf-contact no-list-style\">\r\n\t            <li >\r\n            \t                \t<i class=\"icon-location-pin-add-2 sm-icon\"><\/i>\r\n            \t                Weitzgrunder Str. 2            <\/li>\r\n        <\/ul>\r\n        <\/div>\r\n\r\n    <\/a>\r\n        <div class=\"lf-head level-promoted\">\r\n            <span class=\"tooltip-element tooltip-bottom\">\r\n            <div class=\"lf-head-btn ad-badge\">\r\n                <span><i class=\"icon-flash\"><\/i><\/span>\r\n            <\/div>\r\n            <span class=\"tooltip-container\">Promoted<\/span>\r\n        <\/span>\r\n    \r\n    <\/div><\/div>\r\n\r\n\r\n                    <div class=\"event-host c27-footer-section\">\r\n                                    <a href=\"https:\/\/stadtm.de\/Bad_Belzig\/listing\/supermarkt-edeka-wipfli\/\">\r\n                                                    <div class=\"avatar\">\r\n                                <img decoding=\"async\" height=\"30\" width=\"30\" src=\"https:\/\/stadtm.de\/Bad_Belzig\/wp-content\/uploads\/2025\/08\/Supermarkt-Bad-Belzig-150x150.jpg\" alt=\"Supermarkt - Edeka Wipfli\">\r\n                            <\/div>\r\n                                                <span class=\"host-name\">Supermarkt - Edeka Wipfli<\/span>\r\n                    <\/a>\r\n                \r\n                                    <div class=\"ld-info\">\r\n                        <ul class=\"no-list-style\">\r\n                                                            <li class=\"item-preview tooltip-element\">\r\n    <a aria-label=\"Quick view button\" href=\"#\" type=\"button\" class=\"c27-toggle-quick-view-modal\" data-id=\"3729\">\r\n    \t<i class=\"mi zoom_in\"><\/i>\r\n    <\/a>\r\n    <span class=\"tooltip-container\">Quick view<\/span>\r\n<\/li>                                                                                        <li class=\"tooltip-element\">\r\n    <a aria-label=\"Bookmark button\" href=\"#\" class=\"c27-bookmark-button \"\r\n       data-listing-id=\"3729\" onclick=\"MyListing.Handlers.Bookmark_Button(event, this)\">\r\n       <i class=\"mi favorite_border\"><\/i>\r\n    <\/a>\r\n    <span class=\"tooltip-container\">Bookmark<\/span>\r\n<\/li>                                                                                <\/ul>\r\n                    <\/div>\r\n                            <\/div>\r\n            <\/div>\r\n<\/div><div class=\"\"><div\r\n    class=\"lf-item-container listing-preview type-event  c27-verified no-logo has-tagline has-info-fields level-promoted priority-2\"\r\n    data-id=\"listing-id-3628\"\r\n        data-category-icon=\"\"\r\n    data-category-color=\"\"\r\n    data-category-text-color=\"\"\r\n        data-thumbnail=\"https:\/\/stadtm.de\/Bad_Belzig\/wp-content\/themes\/my-listing\/assets\/images\/marker.jpg\"\r\n    data-marker=\"https:\/\/stadtm.de\/Bad_Belzig\/wp-content\/themes\/my-listing\/assets\/images\/marker.jpg\"\r\n    data-template=\"default\"\r\n    data-locations=\"false\"\r\n>\r\n<div class=\"lf-item lf-item-default\" data-template=\"default\">\r\n    <a href=\"https:\/\/stadtm.de\/Bad_Belzig\/listing\/aenderung-der-oeffnungszeiten-der-kita-waldwichtel\/\">\r\n\r\n        <div class=\"overlay\" style=\"\r\n    background-color: #242429;\r\n    opacity: 0.4;\r\n\"><\/div>\r\n        \r\n                    <div class=\"lf-background\" style=\"background-image: url('https:\/\/stadtm.de\/Bad_Belzig\/wp-content\/uploads\/2025\/07\/Aenderung-der-Oeffnungszeiten-768x515.jpg');\"><\/div>\r\n        \r\n        <div class=\"lf-item-info\">\r\n            \r\n            <h4 class=\"case27-primary-text listing-preview-title\">\r\n                \u00c4nderung der \u00d6ffnungszeiten der Kita \"Waldwichtel\"                                    <img decoding=\"async\" height=\"18\" width=\"18\" alt=\"Verified listing\" class=\"verified-listing\" src=\"https:\/\/stadtm.de\/Bad_Belzig\/wp-content\/themes\/my-listing\/assets\/images\/tick.svg\">\r\n                            <\/h4>\r\n\r\n            \r\n<ul class=\"lf-contact no-list-style\">\r\n\t<\/ul>\r\n        <\/div>\r\n\r\n    <\/a>\r\n        <div class=\"lf-head level-promoted\">\r\n            <span class=\"tooltip-element tooltip-bottom\">\r\n            <div class=\"lf-head-btn ad-badge\">\r\n                <span><i class=\"icon-flash\"><\/i><\/span>\r\n            <\/div>\r\n            <span class=\"tooltip-container\">Promoted<\/span>\r\n        <\/span>\r\n    \r\n    <\/div><\/div>\r\n\r\n\r\n                    <div class=\"event-host c27-footer-section\">\r\n                                    <a href=\"https:\/\/stadtm.de\/Bad_Belzig\/listing\/stadtverwaltung-bad-belzig\/\">\r\n                                                    <div class=\"avatar\">\r\n                                <img loading=\"lazy\" decoding=\"async\" height=\"30\" width=\"30\" src=\"https:\/\/stadtm.de\/Bad_Belzig\/wp-content\/uploads\/2025\/07\/Stadtverwaltung-Bad-Belzig1-150x150.jpg\" alt=\"Stadtverwaltung Bad Belzig\">\r\n                            <\/div>\r\n                                                <span class=\"host-name\">Stadtverwaltung Bad Belzig<\/span>\r\n                    <\/a>\r\n                \r\n                                    <div class=\"ld-info\">\r\n                        <ul class=\"no-list-style\">\r\n                                                            <li class=\"item-preview tooltip-element\">\r\n    <a aria-label=\"Quick view button\" href=\"#\" type=\"button\" class=\"c27-toggle-quick-view-modal\" data-id=\"3628\">\r\n    \t<i class=\"mi zoom_in\"><\/i>\r\n    <\/a>\r\n    <span class=\"tooltip-container\">Quick view<\/span>\r\n<\/li>                                                                                        <li class=\"tooltip-element\">\r\n    <a aria-label=\"Bookmark button\" href=\"#\" class=\"c27-bookmark-button \"\r\n       data-listing-id=\"3628\" onclick=\"MyListing.Handlers.Bookmark_Button(event, this)\">\r\n       <i class=\"mi favorite_border\"><\/i>\r\n    <\/a>\r\n    <span class=\"tooltip-container\">Bookmark<\/span>\r\n<\/li>                                                                                <\/ul>\r\n                    <\/div>\r\n                            <\/div>\r\n            <\/div>\r\n<\/div>\r\n\t\t\t\t<div class=\"item c27-blank-slide\"><\/div><div class=\"item c27-blank-slide\"><\/div>\r\n\t\t\t<\/div>\r\n\t\t<\/div>\r\n\t<\/div>\r\n<\/section>\r\n\t\t\t\t<\/div>\n\t\t\t\t<\/div>\n\t\t\t\t\t<\/div>\n\t\t<\/div>\n\t\t\t\t\t<\/div>\n\t\t<\/section>\n\t\t\t\t<section class=\"elementor-section elementor-top-section elementor-element elementor-element-0730b8c elementor-section-full_width elementor-section-height-default elementor-section-height-default\" data-id=\"0730b8c\" data-element_type=\"section\" data-e-type=\"section\" data-settings=\"{&quot;background_background&quot;:&quot;classic&quot;}\">\n\t\t\t\t\t\t<div class=\"elementor-container elementor-column-gap-default\">\n\t\t\t\t\t<div class=\"elementor-column elementor-col-100 elementor-top-column elementor-element elementor-element-96a0367\" data-id=\"96a0367\" data-element_type=\"column\" data-e-type=\"column\">\n\t\t\t<div class=\"elementor-widget-wrap elementor-element-populated\">\n\t\t\t\t\t\t<div class=\"elementor-element elementor-element-9bc8b9a elementor-widget-divider--view-line elementor-widget elementor-widget-divider\" data-id=\"9bc8b9a\" data-element_type=\"widget\" data-e-type=\"widget\" data-widget_type=\"divider.default\">\n\t\t\t\t<div class=\"elementor-widget-container\">\n\t\t\t\t\t\t\t<div class=\"elementor-divider\">\n\t\t\t<span class=\"elementor-divider-separator\">\n\t\t\t\t\t\t<\/span>\n\t\t<\/div>\n\t\t\t\t\t\t<\/div>\n\t\t\t\t<\/div>\n\t\t\t\t\t<\/div>\n\t\t<\/div>\n\t\t\t\t\t<\/div>\n\t\t<\/section>\n\t\t\t\t<section class=\"elementor-section elementor-top-section elementor-element elementor-element-ad26e3f elementor-section-full_width elementor-section-height-default elementor-section-height-default\" data-id=\"ad26e3f\" data-element_type=\"section\" data-e-type=\"section\" data-settings=\"{&quot;background_background&quot;:&quot;classic&quot;}\">\n\t\t\t\t\t\t<div class=\"elementor-container elementor-column-gap-default\">\n\t\t\t\t\t<div class=\"elementor-column elementor-col-100 elementor-top-column elementor-element elementor-element-a26b29e\" data-id=\"a26b29e\" data-element_type=\"column\" data-e-type=\"column\">\n\t\t\t<div class=\"elementor-widget-wrap elementor-element-populated\">\n\t\t\t\t\t\t<div class=\"elementor-element elementor-element-d8cbafb elementor-widget-divider--view-line elementor-widget elementor-widget-divider\" data-id=\"d8cbafb\" data-element_type=\"widget\" data-e-type=\"widget\" data-widget_type=\"divider.default\">\n\t\t\t\t<div class=\"elementor-widget-container\">\n\t\t\t\t\t\t\t<div class=\"elementor-divider\">\n\t\t\t<span class=\"elementor-divider-separator\">\n\t\t\t\t\t\t<\/span>\n\t\t<\/div>\n\t\t\t\t\t\t<\/div>\n\t\t\t\t<\/div>\n\t\t\t\t\t<\/div>\n\t\t<\/div>\n\t\t\t\t\t<\/div>\n\t\t<\/section>\n\t\t\t\t<section class=\"elementor-section elementor-top-section elementor-element elementor-element-5d86993 elementor-section-boxed elementor-section-height-default elementor-section-height-default\" data-id=\"5d86993\" data-element_type=\"section\" data-e-type=\"section\" data-settings=\"{&quot;background_background&quot;:&quot;classic&quot;}\">\n\t\t\t\t\t\t<div class=\"elementor-container elementor-column-gap-default\">\n\t\t\t\t\t<div class=\"elementor-column elementor-col-100 elementor-top-column elementor-element elementor-element-cfbae1e\" data-id=\"cfbae1e\" data-element_type=\"column\" data-e-type=\"column\">\n\t\t\t<div class=\"elementor-widget-wrap elementor-element-populated\">\n\t\t\t\t\t\t<div class=\"elementor-element elementor-element-a52f7e5 elementor-widget elementor-widget-heading\" data-id=\"a52f7e5\" data-element_type=\"widget\" data-e-type=\"widget\" data-widget_type=\"heading.default\">\n\t\t\t\t<div class=\"elementor-widget-container\">\n\t\t\t\t\t<h2 class=\"elementor-heading-title elementor-size-default\">Stellenangebote aus<span> Bad Belzig<\/span><\/h2>\t\t\t\t<\/div>\n\t\t\t\t<\/div>\n\t\t\t\t<div class=\"elementor-element elementor-element-f9f9a03 elementor-widget elementor-widget-heading\" data-id=\"f9f9a03\" data-element_type=\"widget\" data-e-type=\"widget\" data-widget_type=\"heading.default\">\n\t\t\t\t<div class=\"elementor-widget-container\">\n\t\t\t\t\t<h2 class=\"elementor-heading-title elementor-size-default\">Finde deinen neuen Traumjob<\/h2>\t\t\t\t<\/div>\n\t\t\t\t<\/div>\n\t\t\t\t<div class=\"elementor-element elementor-element-9d8b348 elementor-widget elementor-widget-case27-listing-feed-widget\" data-id=\"9d8b348\" data-element_type=\"widget\" data-e-type=\"widget\" data-widget_type=\"case27-listing-feed-widget.default\">\n\t\t\t\t<div class=\"elementor-widget-container\">\n\t\t\t\t\t\r\n<section class=\"i-section listing-feed-2 \">\r\n\t<div class=\"container\">\r\n\t\t<div class=\"row section-body\">\r\n\t\t\t<div class=\"owl-carousel listing-feed-carousel c27-owl-nav\" owl-mobile=\"1\" owl-tablet=\"2\" owl-desktop=\"3\" owl-speed=\"5\" owl-loop=\"1\" owl-autoplay=\"1\" nav-style=\"\" nav-mode=\"nav\">\r\n\t\t\t\t<div class=\"\"><div\r\n    class=\"lf-item-container listing-preview type-jobs  c27-verified has-logo has-tagline has-info-fields level-promoted priority-2\"\r\n    data-id=\"listing-id-3733\"\r\n        data-category-icon=\"\"\r\n    data-category-color=\"\"\r\n    data-category-text-color=\"\"\r\n        data-thumbnail=\"https:\/\/stadtm.de\/Bad_Belzig\/wp-content\/uploads\/2025\/08\/Supermarkt-Bad-Belzig-150x150.jpg\"\r\n    data-marker=\"https:\/\/stadtm.de\/Bad_Belzig\/wp-content\/uploads\/2025\/08\/Supermarkt-Bad-Belzig-150x150.jpg\"\r\n    data-template=\"default\"\r\n    data-locations=\"[{&quot;address&quot;:&quot;Weitzgrunder Str. 2, 14806 Bad Belzig&quot;,&quot;lat&quot;:&quot;52.14466&quot;,&quot;lng&quot;:&quot;12.59103&quot;}]\"\r\n>\r\n<div class=\"lf-item lf-item-default\" data-template=\"default\">\r\n    <a href=\"https:\/\/stadtm.de\/Bad_Belzig\/listing\/kassierer-edeka-wipfli\/\">\r\n\r\n        <div class=\"overlay\" style=\"\r\n    background-color: #242429;\r\n    opacity: 0.4;\r\n\"><\/div>\r\n        \r\n                    <div class=\"lf-background\" style=\"background-image: url('https:\/\/stadtm.de\/Bad_Belzig\/wp-content\/uploads\/2025\/08\/Supermarkt-Bad-Belzig1-768x240.jpg');\"><\/div>\r\n        \r\n        <div class=\"lf-item-info\">\r\n                            <div class=\"lf-avatar\" style=\"background-image: url('https:\/\/stadtm.de\/Bad_Belzig\/wp-content\/uploads\/2025\/08\/Supermarkt-Bad-Belzig-150x150.jpg')\"><\/div>\r\n            \r\n            <h4 class=\"case27-primary-text listing-preview-title\">\r\n                KASSIERER - Edeka Wipfli                                    <img decoding=\"async\" height=\"18\" width=\"18\" alt=\"Verified listing\" class=\"verified-listing\" src=\"https:\/\/stadtm.de\/Bad_Belzig\/wp-content\/themes\/my-listing\/assets\/images\/tick.svg\">\r\n                            <\/h4>\r\n\r\n            \r\n<ul class=\"lf-contact no-list-style\">\r\n\t            <li >\r\n            \t                \t<i class=\"icon-location-pin-check-2 sm-icon\"><\/i>\r\n            \t                Weitzgrunder Str. 2            <\/li>\r\n                    <li >\r\n            \t                \t<i class=\"icon-phone-outgoing sm-icon\"><\/i>\r\n            \t                +49 (33841) 3878810            <\/li>\r\n        <\/ul>\r\n        <\/div>\r\n\r\n    <\/a>\r\n        <div class=\"lf-head level-promoted\">\r\n            <span class=\"tooltip-element tooltip-bottom\">\r\n            <div class=\"lf-head-btn ad-badge\">\r\n                <span><i class=\"icon-flash\"><\/i><\/span>\r\n            <\/div>\r\n            <span class=\"tooltip-container\">Promoted<\/span>\r\n        <\/span>\r\n    \r\n    <\/div><\/div>\r\n\r\n<\/div>\r\n<\/div><div class=\"\"><div\r\n    class=\"lf-item-container listing-preview type-jobs  c27-verified has-logo has-tagline has-info-fields level-promoted priority-2\"\r\n    data-id=\"listing-id-3749\"\r\n        data-category-icon=\"\"\r\n    data-category-color=\"\"\r\n    data-category-text-color=\"\"\r\n        data-thumbnail=\"https:\/\/stadtm.de\/Bad_Belzig\/wp-content\/uploads\/2025\/07\/Autohaendler-Bad-Belzig-150x150.jpg\"\r\n    data-marker=\"https:\/\/stadtm.de\/Bad_Belzig\/wp-content\/uploads\/2025\/07\/Autohaendler-Bad-Belzig-150x150.jpg\"\r\n    data-template=\"default\"\r\n    data-locations=\"[{&quot;address&quot;:&quot;Im Gewerbepark Seedoche 2, 14806 Bad Belzig&quot;,&quot;lat&quot;:&quot;52.14634&quot;,&quot;lng&quot;:&quot;12.61284&quot;}]\"\r\n>\r\n<div class=\"lf-item lf-item-default\" data-template=\"default\">\r\n    <a href=\"https:\/\/stadtm.de\/Bad_Belzig\/listing\/kfz-mechatroniker-autohaus-schumann-2\/\">\r\n\r\n        <div class=\"overlay\" style=\"\r\n    background-color: #242429;\r\n    opacity: 0.4;\r\n\"><\/div>\r\n        \r\n                    <div class=\"lf-background\" style=\"background-image: url('https:\/\/stadtm.de\/Bad_Belzig\/wp-content\/uploads\/2025\/07\/Autohaendler-Bad-Belzig1-768x512.jpg');\"><\/div>\r\n        \r\n        <div class=\"lf-item-info\">\r\n                            <div class=\"lf-avatar\" style=\"background-image: url('https:\/\/stadtm.de\/Bad_Belzig\/wp-content\/uploads\/2025\/07\/Autohaendler-Bad-Belzig-150x150.jpg')\"><\/div>\r\n            \r\n            <h4 class=\"case27-primary-text listing-preview-title\">\r\n                KFZ-MECHATRONIKER - Autohaus Schumann                                    <img decoding=\"async\" height=\"18\" width=\"18\" alt=\"Verified listing\" class=\"verified-listing\" src=\"https:\/\/stadtm.de\/Bad_Belzig\/wp-content\/themes\/my-listing\/assets\/images\/tick.svg\">\r\n                            <\/h4>\r\n\r\n            \r\n<ul class=\"lf-contact no-list-style\">\r\n\t            <li >\r\n            \t                \t<i class=\"icon-location-pin-check-2 sm-icon\"><\/i>\r\n            \t                Im Gewerbepark Seedoche 2            <\/li>\r\n                    <li >\r\n            \t                \t<i class=\"icon-phone-outgoing sm-icon\"><\/i>\r\n            \t                +49 (33841) 588-0            <\/li>\r\n        <\/ul>\r\n        <\/div>\r\n\r\n    <\/a>\r\n        <div class=\"lf-head level-promoted\">\r\n            <span class=\"tooltip-element tooltip-bottom\">\r\n            <div class=\"lf-head-btn ad-badge\">\r\n                <span><i class=\"icon-flash\"><\/i><\/span>\r\n            <\/div>\r\n            <span class=\"tooltip-container\">Promoted<\/span>\r\n        <\/span>\r\n    \r\n    <\/div><\/div>\r\n\r\n<\/div>\r\n<\/div><div class=\"\"><div\r\n    class=\"lf-item-container listing-preview type-jobs  c27-verified has-logo has-tagline has-info-fields level-promoted priority-2\"\r\n    data-id=\"listing-id-4590\"\r\n        data-category-icon=\"\"\r\n    data-category-color=\"\"\r\n    data-category-text-color=\"\"\r\n        data-thumbnail=\"https:\/\/stadtm.de\/Bad_Belzig\/wp-content\/uploads\/2025\/11\/Fahrzeugbau-Bad-Belzig-1-150x150.jpg\"\r\n    data-marker=\"https:\/\/stadtm.de\/Bad_Belzig\/wp-content\/uploads\/2025\/11\/Fahrzeugbau-Bad-Belzig-1-150x150.jpg\"\r\n    data-template=\"default\"\r\n    data-locations=\"[{&quot;address&quot;:&quot;Forstweg 8a, 14806 Bad Belzig&quot;,&quot;lat&quot;:&quot;52.14726&quot;,&quot;lng&quot;:&quot;12.57353&quot;}]\"\r\n>\r\n<div class=\"lf-item lf-item-default\" data-template=\"default\">\r\n    <a href=\"https:\/\/stadtm.de\/Bad_Belzig\/listing\/ausbildung-kfz-mechatroniker-fuer-nutzfahrzeugtechnik-befa-belziger-fahrzeugbau\/\">\r\n\r\n        <div class=\"overlay\" style=\"\r\n    background-color: #242429;\r\n    opacity: 0.4;\r\n\"><\/div>\r\n        \r\n                    <div class=\"lf-background\" style=\"background-image: url('https:\/\/stadtm.de\/Bad_Belzig\/wp-content\/uploads\/2025\/11\/Fahrzeugbau-Bad-Belzig3-768x346.jpg');\"><\/div>\r\n        \r\n        <div class=\"lf-item-info\">\r\n                            <div class=\"lf-avatar\" style=\"background-image: url('https:\/\/stadtm.de\/Bad_Belzig\/wp-content\/uploads\/2025\/11\/Fahrzeugbau-Bad-Belzig-1-150x150.jpg')\"><\/div>\r\n            \r\n            <h4 class=\"case27-primary-text listing-preview-title\">\r\n                Ausbildung Kfz-Mechatroniker f\u00fcr Nutzfahrzeugtechnik - BEFA Belziger Fahrzeugbau                                    <img decoding=\"async\" height=\"18\" width=\"18\" alt=\"Verified listing\" class=\"verified-listing\" src=\"https:\/\/stadtm.de\/Bad_Belzig\/wp-content\/themes\/my-listing\/assets\/images\/tick.svg\">\r\n                            <\/h4>\r\n\r\n            \r\n<ul class=\"lf-contact no-list-style\">\r\n\t            <li >\r\n            \t                \t<i class=\"icon-location-pin-check-2 sm-icon\"><\/i>\r\n            \t                Forstweg 8a            <\/li>\r\n                    <li >\r\n            \t                \t<i class=\"icon-phone-outgoing sm-icon\"><\/i>\r\n            \t                +49 (33841) 606-0            <\/li>\r\n        <\/ul>\r\n        <\/div>\r\n\r\n    <\/a>\r\n        <div class=\"lf-head level-promoted\">\r\n            <span class=\"tooltip-element tooltip-bottom\">\r\n            <div class=\"lf-head-btn ad-badge\">\r\n                <span><i class=\"icon-flash\"><\/i><\/span>\r\n            <\/div>\r\n            <span class=\"tooltip-container\">Promoted<\/span>\r\n        <\/span>\r\n    \r\n    <\/div><\/div>\r\n\r\n<\/div>\r\n<\/div>\r\n\t\t\t\t<div class=\"item c27-blank-slide\"><\/div><div class=\"item c27-blank-slide\"><\/div>\r\n\t\t\t<\/div>\r\n\t\t<\/div>\r\n\t<\/div>\r\n<\/section>\r\n\t\t\t\t<\/div>\n\t\t\t\t<\/div>\n\t\t\t\t\t<\/div>\n\t\t<\/div>\n\t\t\t\t\t<\/div>\n\t\t<\/section>\n\t\t<div class=\"elementor-element elementor-element-77a2804 e-flex e-con-boxed e-con e-parent\" data-id=\"77a2804\" data-element_type=\"container\" data-e-type=\"container\">\n\t\t\t\t\t<div class=\"e-con-inner\">\n\t\t<div class=\"elementor-element elementor-element-802fd6c e-con-full e-flex e-con e-child\" data-id=\"802fd6c\" data-element_type=\"container\" data-e-type=\"container\">\n\t\t\t\t<\/div>\n\t\t\t\t<div class=\"elementor-element elementor-element-859d1c5 elementor-widget elementor-widget-heading\" data-id=\"859d1c5\" data-element_type=\"widget\" data-e-type=\"widget\" data-widget_type=\"heading.default\">\n\t\t\t\t<div class=\"elementor-widget-container\">\n\t\t\t\t\t<h2 class=\"elementor-heading-title elementor-size-default\">Stadtmagazin: Interessantes aus Bad Belzig<\/h2>\t\t\t\t<\/div>\n\t\t\t\t<\/div>\n\t\t\t\t<div class=\"elementor-element elementor-element-292bc02 elementor-widget-mobile__width-inherit elementor-widget elementor-widget-case27-blog-feed-widget\" data-id=\"292bc02\" data-element_type=\"widget\" data-e-type=\"widget\" data-widget_type=\"case27-blog-feed-widget.default\">\n\t\t\t\t<div class=\"elementor-widget-container\">\n\t\t\t\t\t\r\n<section class=\"i-section\">\r\n\t<div class=\"container-fluid\">\r\n\r\n\t\t\r\n\t\t\t<div class=\"row section-body grid\">\r\n\r\n\t\t\t\t\r\n<div class=\"col-md-6 col-sm-6 col-xs-12\">\r\n        <div class=\"single-blog-feed\">\r\n        <div class=\"sbf-container\">\r\n            <div class=\"lf-head\">\r\n                                                    <div class=\"lf-head-btn event-date\">\r\n                        <span class=\"e-month\">Juli<\/span>\r\n                        <span class=\"e-day\">31<\/span>\r\n                    <\/div>\r\n                                            <\/div>\r\n            <div class=\"sbf-thumb\">\r\n                <a aria-label=\"Link to blog article\" href=\"https:\/\/stadtm.de\/Bad_Belzig\/sehenswuerdigkeiten-bad-belzig\/\">\r\n                    <div class=\"overlay\"><\/div>\r\n                                            <div class=\"sbf-background\" style=\"background-image: url('https:\/\/stadtm.de\/Bad_Belzig\/wp-content\/uploads\/2025\/07\/Sehenswuerdigkeiten-Bad-Belzig-1-1024x682.jpg')\"><\/div>\r\n                                    <\/a>\r\n            <\/div>\r\n            <div class=\"sbf-title\">\r\n                <a href=\"https:\/\/stadtm.de\/Bad_Belzig\/sehenswuerdigkeiten-bad-belzig\/\" class=\"case27-primary-text\">Sehensw\u00fcrdigkeiten Bad Belzig<\/a>\r\n                <p>Sehensw\u00fcrdigkeiten Bad Belzig \u2013 Entdecke die Perle im Fl\u00e4ming Bad Belzig, idyllisch eingebettet im Herzen des Fl\u00e4ming, ist ein wahres Juwel f\u00fcr Tagesausfl\u00fcgler, Urlauber und Einheimische, die auf Entdeckungstour gehen m\u00f6chten. Wusstest du, dass Bad Belzig nicht nur f\u00fcr seine heilenden Thermalquellen bekannt ist, sondern auch eine reiche Geschichte und vielf\u00e4ltige Ausflugsziele zu bieten hat? [&hellip;]<\/p>\r\n            <\/div>\r\n\r\n            <div class=\"listing-details\">\r\n                <ul class=\"c27-listing-preview-category-list no-list-style\">\r\n                    \r\n                        <li>\r\n                            <a href=\"https:\/\/stadtm.de\/Bad_Belzig\/post-category\/magazin\/\">\r\n                                <span class=\"cat-icon\" style=\"background-color: #6c1cff;\">\r\n                                    \t\t\t<i class=\"mi bookmark_border\" style=\"color: #fff; \"><\/i>\r\n\t\t                                <\/span>\r\n                                <span class=\"category-name\">Magazin<\/span>\r\n                            <\/a>\r\n                        <\/li>\r\n\r\n                                                                    <\/ul>\r\n                <\/div>\r\n            <\/div>\r\n    <\/div>\r\n<\/div>\t\t\t\t\r\n<div class=\"col-md-6 col-sm-6 col-xs-12\">\r\n        <div class=\"single-blog-feed\">\r\n        <div class=\"sbf-container\">\r\n            <div class=\"lf-head\">\r\n                                                    <div class=\"lf-head-btn event-date\">\r\n                        <span class=\"e-month\">Juli<\/span>\r\n                        <span class=\"e-day\">31<\/span>\r\n                    <\/div>\r\n                                            <\/div>\r\n            <div class=\"sbf-thumb\">\r\n                <a aria-label=\"Link to blog article\" href=\"https:\/\/stadtm.de\/Bad_Belzig\/geschichte-bad-belzig\/\">\r\n                    <div class=\"overlay\"><\/div>\r\n                                            <div class=\"sbf-background\" style=\"background-image: url('https:\/\/stadtm.de\/Bad_Belzig\/wp-content\/uploads\/2025\/07\/Geschichte-Bad-Belzig-1024x683.jpg')\"><\/div>\r\n                                    <\/a>\r\n            <\/div>\r\n            <div class=\"sbf-title\">\r\n                <a href=\"https:\/\/stadtm.de\/Bad_Belzig\/geschichte-bad-belzig\/\" class=\"case27-primary-text\">Geschichte Bad Belzig<\/a>\r\n                <p>Geschichte Bad Belzig &#8211; Ein Blick auf die Historie der Stadt Bad Belzig, eine Stadt im Herzen Brandenburgs, blickt auf eine bewegte und facettenreiche Vergangenheit zur\u00fcck. Die Historie Bad Belzigs spiegelt die wechselvollen Zeiten wider, die von mittelalterlichen Anf\u00e4ngen \u00fcber industrielle Entwicklungen bis hin zur heutigen modernen Stadtentwicklung gepr\u00e4gt sind. F\u00fcr Einheimische, Touristen und historisch [&hellip;]<\/p>\r\n            <\/div>\r\n\r\n            <div class=\"listing-details\">\r\n                <ul class=\"c27-listing-preview-category-list no-list-style\">\r\n                    \r\n                        <li>\r\n                            <a href=\"https:\/\/stadtm.de\/Bad_Belzig\/post-category\/magazin\/\">\r\n                                <span class=\"cat-icon\" style=\"background-color: #6c1cff;\">\r\n                                    \t\t\t<i class=\"mi bookmark_border\" style=\"color: #fff; \"><\/i>\r\n\t\t                                <\/span>\r\n                                <span class=\"category-name\">Magazin<\/span>\r\n                            <\/a>\r\n                        <\/li>\r\n\r\n                                                                    <\/ul>\r\n                <\/div>\r\n            <\/div>\r\n    <\/div>\r\n<\/div>\t\t\t\t\r\n\t\t\t<\/div>\r\n\r\n\t\t\t<div class=\"blog-footer\">\r\n\r\n\t\t\t\t\r\n\t\t\t\t\t<div class=\"row project-changer\">\r\n\t\t\t\t\t\t<div class=\"text-center\">\r\n\t\t\t\t\t\t\t\t\t\t\t\t\t\t<\/div>\r\n\t\t\t\t\t\t<\/div>\r\n\r\n\t\t\t\t\r\n\t\t\t<\/div>\r\n\r\n\t\t\t\t\t\t\t\t\r\n\t<\/div>\r\n<\/section>\t\t\t\t<\/div>\n\t\t\t\t<\/div>\n\t\t\t\t<div class=\"elementor-element elementor-element-91ba94e elementor-widget__width-inherit elementor-align-justify elementor-widget elementor-widget-button\" data-id=\"91ba94e\" data-element_type=\"widget\" data-e-type=\"widget\" data-widget_type=\"button.default\">\n\t\t\t\t<div class=\"elementor-widget-container\">\n\t\t\t\t\t\t\t\t\t<div class=\"elementor-button-wrapper\">\n\t\t\t\t\t<a class=\"elementor-button elementor-button-link elementor-size-sm\" href=\"https:\/\/stadtm.de\/Bad_Belzig\/blog\/\">\n\t\t\t\t\t\t<span class=\"elementor-button-content-wrapper\">\n\t\t\t\t\t\t<span class=\"elementor-button-icon\">\n\t\t\t\t<svg aria-hidden=\"true\" class=\"e-font-icon-svg e-fas-book-open\" viewBox=\"0 0 576 512\" xmlns=\"http:\/\/www.w3.org\/2000\/svg\"><path d=\"M542.22 32.05c-54.8 3.11-163.72 14.43-230.96 55.59-4.64 2.84-7.27 7.89-7.27 13.17v363.87c0 11.55 12.63 18.85 23.28 13.49 69.18-34.82 169.23-44.32 218.7-46.92 16.89-.89 30.02-14.43 30.02-30.66V62.75c.01-17.71-15.35-31.74-33.77-30.7zM264.73 87.64C197.5 46.48 88.58 35.17 33.78 32.05 15.36 31.01 0 45.04 0 62.75V400.6c0 16.24 13.13 29.78 30.02 30.66 49.49 2.6 149.59 12.11 218.77 46.95 10.62 5.35 23.21-1.94 23.21-13.46V100.63c0-5.29-2.62-10.14-7.27-12.99z\"><\/path><\/svg>\t\t\t<\/span>\n\t\t\t\t\t\t\t\t\t<span class=\"elementor-button-text\">Weitere spannende Artikel<\/span>\n\t\t\t\t\t<\/span>\n\t\t\t\t\t<\/a>\n\t\t\t\t<\/div>\n\t\t\t\t\t\t\t\t<\/div>\n\t\t\t\t<\/div>\n\t\t\t\t\t<\/div>\n\t\t\t\t<\/div>\n\t\t<div class=\"elementor-element elementor-element-4dde77f e-flex e-con-boxed e-con e-parent\" data-id=\"4dde77f\" data-element_type=\"container\" data-e-type=\"container\">\n\t\t\t\t\t<div class=\"e-con-inner\">\n\t\t\t\t<div class=\"elementor-element elementor-element-8c61a63 elementor-widget-divider--view-line elementor-widget elementor-widget-divider\" data-id=\"8c61a63\" data-element_type=\"widget\" data-e-type=\"widget\" data-widget_type=\"divider.default\">\n\t\t\t\t<div class=\"elementor-widget-container\">\n\t\t\t\t\t\t\t<div class=\"elementor-divider\">\n\t\t\t<span class=\"elementor-divider-separator\">\n\t\t\t\t\t\t<\/span>\n\t\t<\/div>\n\t\t\t\t\t\t<\/div>\n\t\t\t\t<\/div>\n\t\t\t\t\t<\/div>\n\t\t\t\t<\/div>\n\t\t<div class=\"elementor-element elementor-element-aaa4550 e-flex e-con-boxed e-con e-parent\" data-id=\"aaa4550\" data-element_type=\"container\" data-e-type=\"container\">\n\t\t\t\t\t<div class=\"e-con-inner\">\n\t\t\t\t<div class=\"elementor-element elementor-element-001159c elementor-widget elementor-widget-text-editor\" data-id=\"001159c\" data-element_type=\"widget\" data-e-type=\"widget\" data-widget_type=\"text-editor.default\">\n\t\t\t\t<div class=\"elementor-widget-container\">\n\t\t\t\t\t\t\t\t\t<h2><strong data-start=\"85\" data-end=\"219\">Willkommen bei StadtM Bad Belzig \u2013 Ihrem interaktiven Stadtplan und digitalen Stadtmagazin f\u00fcr die Kur- und Kreisstadt Bad Belzig!<\/strong><\/h2><p><strong data-start=\"221\" data-end=\"286\">Erleben Sie Bad Belzig neu \u2013 nat\u00fcrlich, historisch, lebendig!<\/strong><br data-start=\"286\" data-end=\"289\" \/>StadtM ist Ihre zentrale Plattform f\u00fcr alles, was das Leben in Bad Belzig und dem sch\u00f6nen Fl\u00e4ming besonders macht. Ob Sie hier wohnen, zu Besuch sind oder einfach neugierig auf Brandenburgs charmante Kurstadt sind \u2013 mit StadtM entdecken Sie Bad Belzig auf moderne, interaktive Weise.<\/p><p>\ud83d\udccd <strong data-start=\"577\" data-end=\"603\">Interaktiver Stadtplan<\/strong><br data-start=\"603\" data-end=\"606\" \/>Mit unserem intuitiven Stadtplan finden Sie sich m\u00fchelos in Bad Belzig zurecht \u2013 vom historischen Stadtkern mit der imposanten Burg Eisenhardt bis zu den idyllischen Wanderwegen rund um die Stadt. Entdecken Sie Caf\u00e9s, Restaurants, L\u00e4den, Kulturorte, Sehensw\u00fcrdigkeiten und Freizeitangebote auf einen Blick. Einfach filtern, gezielt suchen und Ihre pers\u00f6nlichen Lieblingsorte finden \u2013 ganz nach Ihrem Geschmack.<\/p><p>\ud83d\udcf0 <strong data-start=\"1021\" data-end=\"1047\">Digitales Stadtmagazin<\/strong><br data-start=\"1047\" data-end=\"1050\" \/>Bleiben Sie immer gut informiert! Unser StadtMagazin bringt die aktuellen Themen aus Bad Belzig direkt auf Ihren Bildschirm: Geschichten \u00fcber engagierte Menschen, Einblicke in das Stadtleben, Tipps zu Veranstaltungen, kulturellen Highlights und besondere Empfehlungen aus der Region. Echt, nah und mit Herz f\u00fcr den Fl\u00e4ming.<\/p><p>\ud83c\udf89 <strong data-start=\"1378\" data-end=\"1410\">Veranstaltungen &amp; Highlights<\/strong><br data-start=\"1410\" data-end=\"1413\" \/>Vom Bad Belziger Altstadtfest \u00fcber Open-Air-Kino bis zu Konzerten auf der Burg \u2013 mit StadtM verpassen Sie kein Highlight. Entdecken Sie, was in der Stadt los ist, und erleben Sie Bad Belzig als lebendigen Ort voller Kultur, Geschichte und Naturerlebnisse.<\/p><p>\ud83c\udf3f <strong data-start=\"1673\" data-end=\"1710\">Tipps f\u00fcr Ausfl\u00fcge &amp; Entdeckungen<\/strong><br data-start=\"1710\" data-end=\"1713\" \/>Lust auf einen Spaziergang durch die Natur, einen Besuch in der SteinTherme oder eine Radtour durch den Naturpark Hoher Fl\u00e4ming? StadtM liefert Ideen f\u00fcr Ihre Freizeit \u2013 ob geplant oder spontan, ob als Gast oder Einheimischer.<\/p><p>\ud83e\udd1d <strong data-start=\"1944\" data-end=\"1978\">Gemeinsam Bad Belzig gestalten<\/strong><br data-start=\"1978\" data-end=\"1981\" \/>StadtM ist mehr als ein Stadtplan \u2013 es ist ein digitales Zuhause f\u00fcr alle, die sich mit Bad Belzig verbunden f\u00fchlen. Teilen Sie Ihre Lieblingsorte, Erlebnisse und Tipps, unterst\u00fctzen Sie lokale Anbieter und st\u00e4rken Sie das Miteinander in unserer Stadt.<\/p><p>Starten Sie Ihre Entdeckungsreise durch Bad Belzig \u2013 mit dem interaktiven Stadtplan und dem digitalen Stadtmagazin, das informiert, verbindet und inspiriert.<\/p><p><strong data-start=\"2394\" data-end=\"2438\">Erleben Sie Bad Belzig neu \u2013 mit StadtM!<\/strong><\/p>\t\t\t\t\t\t\t\t<\/div>\n\t\t\t\t<\/div>\n\t\t\t\t\t<\/div>\n\t\t\t\t<\/div>\n\t\t\t\t<\/div>\n\t\t","protected":false},"excerpt":{"rendered":"<p>Bad Belzig StadtM \u2013 Stadtplan und Stadtmagazin HANDWERK &#8211; MENSCHEN &#8211; REGION &#8211; KULTUR Kommunal Entdecken Sie die Stadt Bad Belzig Nach Kategorien filtern Stadt Sehensw\u00fcrdigkeiten Handwerk Restaurants Dienstleistungen Handel Alles rund ums Gesundheitswesen Hotel\/\u00dcbernachtung Branchen\/Firmen, die wir Ihnen besonders empfehlen Handverlesene Orte von unserem Team Autoh\u00e4ndler &#8211; Autohaus Schumann Autohaus Schumann GmbH \u2013 Ihr [&hellip;]<\/p>\n","protected":false},"author":1,"featured_media":3548,"parent":0,"menu_order":0,"comment_status":"closed","ping_status":"closed","template":"","meta":{"footnotes":""},"class_list":["post-127","page","type-page","status-publish","has-post-thumbnail","hentry"],"acf":[],"_links":{"self":[{"href":"https:\/\/stadtm.de\/Bad_Belzig\/wp-json\/wp\/v2\/pages\/127","targetHints":{"allow":["GET"]}}],"collection":[{"href":"https:\/\/stadtm.de\/Bad_Belzig\/wp-json\/wp\/v2\/pages"}],"about":[{"href":"https:\/\/stadtm.de\/Bad_Belzig\/wp-json\/wp\/v2\/types\/page"}],"author":[{"embeddable":true,"href":"https:\/\/stadtm.de\/Bad_Belzig\/wp-json\/wp\/v2\/users\/1"}],"replies":[{"embeddable":true,"href":"https:\/\/stadtm.de\/Bad_Belzig\/wp-json\/wp\/v2\/comments?post=127"}],"version-history":[{"count":183,"href":"https:\/\/stadtm.de\/Bad_Belzig\/wp-json\/wp\/v2\/pages\/127\/revisions"}],"predecessor-version":[{"id":4747,"href":"https:\/\/stadtm.de\/Bad_Belzig\/wp-json\/wp\/v2\/pages\/127\/revisions\/4747"}],"wp:featuredmedia":[{"embeddable":true,"href":"https:\/\/stadtm.de\/Bad_Belzig\/wp-json\/wp\/v2\/media\/3548"}],"wp:attachment":[{"href":"https:\/\/stadtm.de\/Bad_Belzig\/wp-json\/wp\/v2\/media?parent=127"}],"curies":[{"name":"wp","href":"https:\/\/api.w.org\/{rel}","templated":true}]}}